{"id":12185,"date":"2021-11-22T10:05:38","date_gmt":"2021-11-22T09:05:38","guid":{"rendered":"https:\/\/nowa.cdm-okna.pl\/windows\/"},"modified":"2025-10-22T16:09:00","modified_gmt":"2025-10-22T14:09:00","slug":"windows","status":"publish","type":"page","link":"https:\/\/cdm-okna.pl\/en\/windows\/","title":{"rendered":"Windows"},"content":{"rendered":"\t\t<div data-elementor-type=\"wp-page\" data-elementor-id=\"12185\" class=\"elementor elementor-12185 elementor-543\" data-elementor-post-type=\"page\">\n\t\t\t\t\t\t\t\t\t<section class=\"elementor-section elementor-top-section elementor-element elementor-element-d47fcf9 elementor-section-boxed elementor-section-height-default elementor-section-height-default\" data-id=\"d47fcf9\" data-element_type=\"section\">\n\t\t\t\t\t\t<div class=\"elementor-container elementor-column-gap-default\">\n\t\t\t\t\t<div class=\"elementor-column elementor-col-100 elementor-top-column elementor-element elementor-element-2b90bb6\" data-id=\"2b90bb6\" data-element_type=\"column\">\n\t\t\t<div class=\"elementor-widget-wrap elementor-element-populated\">\n\t\t\t\t\t\t\t\t<div class=\"elementor-element elementor-element-3cbb038 elementor-widget elementor-widget-template\" data-id=\"3cbb038\" data-element_type=\"widget\" data-widget_type=\"template.default\">\n\t\t\t\t<div class=\"elementor-widget-container\">\n\t\t\t\t\t<div class=\"elementor-template\">\n\t\t\t\t\t<div data-elementor-type=\"section\" data-elementor-id=\"12947\" class=\"elementor elementor-12947 elementor-4824\" data-elementor-post-type=\"elementor_library\">\n\t\t\t\t\t\t\t\t<section class=\"elementor-section elementor-top-section elementor-element elementor-element-13b90864 elementor-section-height-min-height elementor-section-items-top elementor-section-full_width elementor-section-stretched elementor-section-height-default\" data-id=\"13b90864\" data-element_type=\"section\" data-settings=\"{&quot;background_background&quot;:&quot;classic&quot;,&quot;background_motion_fx_motion_fx_scrolling&quot;:&quot;yes&quot;,&quot;stretch_section&quot;:&quot;section-stretched&quot;,&quot;background_motion_fx_devices&quot;:[&quot;desktop&quot;,&quot;tablet&quot;,&quot;mobile&quot;]}\">\n\t\t\t\t\t\t<div class=\"elementor-container elementor-column-gap-default\">\n\t\t\t\t\t<div class=\"elementor-column elementor-col-33 elementor-top-column elementor-element elementor-element-24eed89b\" data-id=\"24eed89b\" data-element_type=\"column\">\n\t\t\t<div class=\"elementor-widget-wrap elementor-element-populated\">\n\t\t\t\t\t\t\t\t<div class=\"elementor-element elementor-element-677a924 elementor-hidden-desktop elementor-widget-mobile__width-initial elementor-widget elementor-widget-image\" data-id=\"677a924\" data-element_type=\"widget\" data-widget_type=\"image.default\">\n\t\t\t\t<div class=\"elementor-widget-container\">\n\t\t\t<style>\/*! elementor - v3.18.0 - 20-12-2023 *\/\n.elementor-widget-image{text-align:center}.elementor-widget-image a{display:inline-block}.elementor-widget-image a img[src$=\".svg\"]{width:48px}.elementor-widget-image img{vertical-align:middle;display:inline-block}<\/style>\t\t\t\t\t\t\t\t\t\t\t\t\t<a href=\"https:\/\/cdm-okna.pl\/en\/subsidies-european-union\/\">\n\t\t\t\t\t\t\t<img fetchpriority=\"high\" decoding=\"async\" width=\"400\" height=\"332\" src=\"https:\/\/cdm-okna.pl\/wp-content\/uploads\/2022\/01\/Znak_UE_angielski_pion_kolor_RGB.jpg\" class=\"attachment-large size-large wp-image-16844\" alt=\"\" srcset=\"https:\/\/cdm-okna.pl\/wp-content\/uploads\/2022\/01\/Znak_UE_angielski_pion_kolor_RGB.jpg 400w, https:\/\/cdm-okna.pl\/wp-content\/uploads\/2022\/01\/Znak_UE_angielski_pion_kolor_RGB-300x249.jpg 300w\" sizes=\"(max-width: 400px) 100vw, 400px\" \/>\t\t\t\t\t\t\t\t<\/a>\n\t\t\t\t\t\t\t\t\t\t\t\t\t\t\t<\/div>\n\t\t\t\t<\/div>\n\t\t\t\t<div class=\"elementor-element elementor-element-538a4bf6 elementor-widget-mobile__width-initial elementor-widget elementor-widget-theme-site-logo elementor-widget-image\" data-id=\"538a4bf6\" data-element_type=\"widget\" data-widget_type=\"theme-site-logo.default\">\n\t\t\t\t<div class=\"elementor-widget-container\">\n\t\t\t\t\t\t\t\t\t\t\t<a href=\"https:\/\/cdm-okna.pl\/en\/\">\n\t\t\t<img decoding=\"async\" width=\"266\" height=\"97\" src=\"https:\/\/cdm-okna.pl\/wp-content\/uploads\/2021\/11\/logo_CDM_2021-1.svg\" class=\"attachment-full size-full wp-image-42\" alt=\"Logo firmy CDM\" \/>\t\t\t\t<\/a>\n\t\t\t\t\t\t\t\t\t\t\t<\/div>\n\t\t\t\t<\/div>\n\t\t\t\t\t<\/div>\n\t\t<\/div>\n\t\t\t\t<div class=\"elementor-column elementor-col-33 elementor-top-column elementor-element elementor-element-3b88ce7e\" data-id=\"3b88ce7e\" data-element_type=\"column\">\n\t\t\t<div class=\"elementor-widget-wrap elementor-element-populated\">\n\t\t\t\t\t\t\t\t<div class=\"elementor-element elementor-element-722a8952 elementor-nav-menu__align-right elementor-nav-menu--stretch elementor-nav-menu--dropdown-tablet elementor-nav-menu__text-align-aside elementor-nav-menu--toggle elementor-nav-menu--burger elementor-widget elementor-widget-nav-menu\" data-id=\"722a8952\" data-element_type=\"widget\" data-settings=\"{&quot;full_width&quot;:&quot;stretch&quot;,&quot;layout&quot;:&quot;horizontal&quot;,&quot;submenu_icon&quot;:{&quot;value&quot;:&quot;&lt;i class=\\&quot;fas fa-caret-down\\&quot;&gt;&lt;\\\/i&gt;&quot;,&quot;library&quot;:&quot;fa-solid&quot;},&quot;toggle&quot;:&quot;burger&quot;}\" data-widget_type=\"nav-menu.default\">\n\t\t\t\t<div class=\"elementor-widget-container\">\n\t\t\t<link rel=\"stylesheet\" href=\"https:\/\/cdm-okna.pl\/wp-content\/plugins\/elementor-pro\/assets\/css\/widget-nav-menu.min.css\">\t\t\t<nav class=\"elementor-nav-menu--main elementor-nav-menu__container elementor-nav-menu--layout-horizontal e--pointer-underline e--animation-fade\">\n\t\t\t\t<ul id=\"menu-1-722a8952\" class=\"elementor-nav-menu\"><li class=\"menu-item menu-item-type-custom menu-item-object-custom menu-item-has-children menu-item-12318\"><a href=\"#\" class=\"elementor-item elementor-item-anchor\">PRODUCTS<\/a>\n<ul class=\"sub-menu elementor-nav-menu--dropdown\">\n\t<li class=\"menu-item menu-item-type-post_type menu-item-object-page menu-item-12321\"><a href=\"https:\/\/cdm-okna.pl\/en\/windows\/\" class=\"elementor-sub-item\">Windows<\/a><\/li>\n\t<li class=\"menu-item menu-item-type-post_type menu-item-object-page menu-item-12319\"><a href=\"https:\/\/cdm-okna.pl\/en\/exterior-doors\/\" class=\"elementor-sub-item\">Exterior doors<\/a><\/li>\n\t<li class=\"menu-item menu-item-type-post_type menu-item-object-page menu-item-12320\"><a href=\"https:\/\/cdm-okna.pl\/en\/shutters\/\" class=\"elementor-sub-item\">Shutters<\/a><\/li>\n\t<li class=\"menu-item menu-item-type-post_type menu-item-object-page menu-item-12323\"><a href=\"https:\/\/cdm-okna.pl\/en\/facade-systems\/\" class=\"elementor-sub-item\">Fa\u00e7ades<\/a><\/li>\n\t<li class=\"menu-item menu-item-type-post_type menu-item-object-page menu-item-12322\"><a href=\"https:\/\/cdm-okna.pl\/en\/winter-gardens\/\" class=\"elementor-sub-item\">Winter gardens<\/a><\/li>\n<\/ul>\n<\/li>\n<li class=\"menu-item menu-item-type-custom menu-item-object-custom menu-item-has-children menu-item-12324\"><a href=\"#\" class=\"elementor-item elementor-item-anchor\">OUR PERFORMANCE<\/a>\n<ul class=\"sub-menu elementor-nav-menu--dropdown\">\n\t<li class=\"menu-item menu-item-type-post_type menu-item-object-page menu-item-16133\"><a href=\"https:\/\/cdm-okna.pl\/en\/monuments-and-religious-buildings\/\" class=\"elementor-sub-item\">Monuments and religious buildings<\/a><\/li>\n\t<li class=\"menu-item menu-item-type-post_type menu-item-object-page menu-item-15964\"><a href=\"https:\/\/cdm-okna.pl\/en\/public-utility-buildings\/\" class=\"elementor-sub-item\">Public utility buildings<\/a><\/li>\n<\/ul>\n<\/li>\n<li class=\"menu-item menu-item-type-custom menu-item-object-custom menu-item-has-children menu-item-12328\"><a href=\"#\" class=\"elementor-item elementor-item-anchor\">ABOUT US<\/a>\n<ul class=\"sub-menu elementor-nav-menu--dropdown\">\n\t<li class=\"menu-item menu-item-type-post_type menu-item-object-page menu-item-12327\"><a href=\"https:\/\/cdm-okna.pl\/en\/about-the-company\/\" class=\"elementor-sub-item\">About the company<\/a><\/li>\n\t<li class=\"menu-item menu-item-type-post_type menu-item-object-page menu-item-12329\"><a href=\"https:\/\/cdm-okna.pl\/en\/news\/\" class=\"elementor-sub-item\">News<\/a><\/li>\n\t<li class=\"menu-item menu-item-type-post_type menu-item-object-page menu-item-12330\"><a href=\"https:\/\/cdm-okna.pl\/en\/subsidies-european-union\/\" class=\"elementor-sub-item\">Subsidies European Union<\/a><\/li>\n<\/ul>\n<\/li>\n<li class=\"menu-item menu-item-type-custom menu-item-object-custom menu-item-has-children menu-item-12331\"><a href=\"#\" class=\"elementor-item elementor-item-anchor\">CUSTOMER ZONE<\/a>\n<ul class=\"sub-menu elementor-nav-menu--dropdown\">\n\t<li class=\"menu-item menu-item-type-post_type menu-item-object-page menu-item-17230\"><a href=\"https:\/\/cdm-okna.pl\/en\/blog\/\" class=\"elementor-sub-item\">Blog<\/a><\/li>\n\t<li class=\"menu-item menu-item-type-post_type menu-item-object-page menu-item-14167\"><a href=\"https:\/\/cdm-okna.pl\/en\/to-download\/\" class=\"elementor-sub-item\">Downloads<\/a><\/li>\n\t<li class=\"menu-item menu-item-type-post_type menu-item-object-page menu-item-12332\"><a href=\"https:\/\/cdm-okna.pl\/en\/product-service\/\" class=\"elementor-sub-item\">Product service<\/a><\/li>\n<\/ul>\n<\/li>\n<li class=\"menu-item menu-item-type-post_type menu-item-object-page menu-item-12334\"><a href=\"https:\/\/cdm-okna.pl\/en\/contact\/\" class=\"elementor-item\">CONTACT<\/a><\/li>\n<li class=\"menu-item wpml-ls-slot-2 wpml-ls-item wpml-ls-item-en wpml-ls-current-language wpml-ls-menu-item wpml-ls-first-item menu-item-type-wpml_ls_menu_item menu-item-object-wpml_ls_menu_item menu-item-wpml-ls-2-en\"><a href=\"https:\/\/cdm-okna.pl\/en\/\" class=\"elementor-item\"><img decoding=\"async\"\n            class=\"wpml-ls-flag\"\n            src=\"https:\/\/cdm-okna.pl\/wp-content\/plugins\/sitepress-multilingual-cms\/res\/flags\/en.png\"\n            alt=\"English\"\n            width=20\n            \n    \/><\/a><\/li>\n<li class=\"menu-item wpml-ls-slot-2 wpml-ls-item wpml-ls-item-de wpml-ls-menu-item menu-item-type-wpml_ls_menu_item menu-item-object-wpml_ls_menu_item menu-item-wpml-ls-2-de\"><a href=\"https:\/\/cdm-okna.pl\/de\/\" class=\"elementor-item\"><img decoding=\"async\"\n            class=\"wpml-ls-flag\"\n            src=\"https:\/\/cdm-okna.pl\/wp-content\/plugins\/sitepress-multilingual-cms\/res\/flags\/de.png\"\n            alt=\"German\"\n            width=20\n            \n    \/><\/a><\/li>\n<li class=\"menu-item wpml-ls-slot-2 wpml-ls-item wpml-ls-item-pl wpml-ls-menu-item wpml-ls-last-item menu-item-type-wpml_ls_menu_item menu-item-object-wpml_ls_menu_item menu-item-wpml-ls-2-pl\"><a href=\"https:\/\/cdm-okna.pl\" class=\"elementor-item\"><img decoding=\"async\"\n            class=\"wpml-ls-flag\"\n            src=\"https:\/\/cdm-okna.pl\/wp-content\/plugins\/sitepress-multilingual-cms\/res\/flags\/pl.png\"\n            alt=\"Polish\"\n            width=20\n            \n    \/><\/a><\/li>\n<\/ul>\t\t\t<\/nav>\n\t\t\t\t\t<div class=\"elementor-menu-toggle\" role=\"button\" tabindex=\"0\" aria-label=\"Menu Toggle\" aria-expanded=\"false\">\n\t\t\t<i aria-hidden=\"true\" role=\"presentation\" class=\"elementor-menu-toggle__icon--open eicon-menu-bar\"><\/i><i aria-hidden=\"true\" role=\"presentation\" class=\"elementor-menu-toggle__icon--close eicon-close\"><\/i>\t\t\t<span class=\"elementor-screen-only\">Menu<\/span>\n\t\t<\/div>\n\t\t\t\t\t<nav class=\"elementor-nav-menu--dropdown elementor-nav-menu__container\" aria-hidden=\"true\">\n\t\t\t\t<ul id=\"menu-2-722a8952\" class=\"elementor-nav-menu\"><li class=\"menu-item menu-item-type-custom menu-item-object-custom menu-item-has-children menu-item-12318\"><a href=\"#\" class=\"elementor-item elementor-item-anchor\" tabindex=\"-1\">PRODUCTS<\/a>\n<ul class=\"sub-menu elementor-nav-menu--dropdown\">\n\t<li class=\"menu-item menu-item-type-post_type menu-item-object-page menu-item-12321\"><a href=\"https:\/\/cdm-okna.pl\/en\/windows\/\" class=\"elementor-sub-item\" tabindex=\"-1\">Windows<\/a><\/li>\n\t<li class=\"menu-item menu-item-type-post_type menu-item-object-page menu-item-12319\"><a href=\"https:\/\/cdm-okna.pl\/en\/exterior-doors\/\" class=\"elementor-sub-item\" tabindex=\"-1\">Exterior doors<\/a><\/li>\n\t<li class=\"menu-item menu-item-type-post_type menu-item-object-page menu-item-12320\"><a href=\"https:\/\/cdm-okna.pl\/en\/shutters\/\" class=\"elementor-sub-item\" tabindex=\"-1\">Shutters<\/a><\/li>\n\t<li class=\"menu-item menu-item-type-post_type menu-item-object-page menu-item-12323\"><a href=\"https:\/\/cdm-okna.pl\/en\/facade-systems\/\" class=\"elementor-sub-item\" tabindex=\"-1\">Fa\u00e7ades<\/a><\/li>\n\t<li class=\"menu-item menu-item-type-post_type menu-item-object-page menu-item-12322\"><a href=\"https:\/\/cdm-okna.pl\/en\/winter-gardens\/\" class=\"elementor-sub-item\" tabindex=\"-1\">Winter gardens<\/a><\/li>\n<\/ul>\n<\/li>\n<li class=\"menu-item menu-item-type-custom menu-item-object-custom menu-item-has-children menu-item-12324\"><a href=\"#\" class=\"elementor-item elementor-item-anchor\" tabindex=\"-1\">OUR PERFORMANCE<\/a>\n<ul class=\"sub-menu elementor-nav-menu--dropdown\">\n\t<li class=\"menu-item menu-item-type-post_type menu-item-object-page menu-item-16133\"><a href=\"https:\/\/cdm-okna.pl\/en\/monuments-and-religious-buildings\/\" class=\"elementor-sub-item\" tabindex=\"-1\">Monuments and religious buildings<\/a><\/li>\n\t<li class=\"menu-item menu-item-type-post_type menu-item-object-page menu-item-15964\"><a href=\"https:\/\/cdm-okna.pl\/en\/public-utility-buildings\/\" class=\"elementor-sub-item\" tabindex=\"-1\">Public utility buildings<\/a><\/li>\n<\/ul>\n<\/li>\n<li class=\"menu-item menu-item-type-custom menu-item-object-custom menu-item-has-children menu-item-12328\"><a href=\"#\" class=\"elementor-item elementor-item-anchor\" tabindex=\"-1\">ABOUT US<\/a>\n<ul class=\"sub-menu elementor-nav-menu--dropdown\">\n\t<li class=\"menu-item menu-item-type-post_type menu-item-object-page menu-item-12327\"><a href=\"https:\/\/cdm-okna.pl\/en\/about-the-company\/\" class=\"elementor-sub-item\" tabindex=\"-1\">About the company<\/a><\/li>\n\t<li class=\"menu-item menu-item-type-post_type menu-item-object-page menu-item-12329\"><a href=\"https:\/\/cdm-okna.pl\/en\/news\/\" class=\"elementor-sub-item\" tabindex=\"-1\">News<\/a><\/li>\n\t<li class=\"menu-item menu-item-type-post_type menu-item-object-page menu-item-12330\"><a href=\"https:\/\/cdm-okna.pl\/en\/subsidies-european-union\/\" class=\"elementor-sub-item\" tabindex=\"-1\">Subsidies European Union<\/a><\/li>\n<\/ul>\n<\/li>\n<li class=\"menu-item menu-item-type-custom menu-item-object-custom menu-item-has-children menu-item-12331\"><a href=\"#\" class=\"elementor-item elementor-item-anchor\" tabindex=\"-1\">CUSTOMER ZONE<\/a>\n<ul class=\"sub-menu elementor-nav-menu--dropdown\">\n\t<li class=\"menu-item menu-item-type-post_type menu-item-object-page menu-item-17230\"><a href=\"https:\/\/cdm-okna.pl\/en\/blog\/\" class=\"elementor-sub-item\" tabindex=\"-1\">Blog<\/a><\/li>\n\t<li class=\"menu-item menu-item-type-post_type menu-item-object-page menu-item-14167\"><a href=\"https:\/\/cdm-okna.pl\/en\/to-download\/\" class=\"elementor-sub-item\" tabindex=\"-1\">Downloads<\/a><\/li>\n\t<li class=\"menu-item menu-item-type-post_type menu-item-object-page menu-item-12332\"><a href=\"https:\/\/cdm-okna.pl\/en\/product-service\/\" class=\"elementor-sub-item\" tabindex=\"-1\">Product service<\/a><\/li>\n<\/ul>\n<\/li>\n<li class=\"menu-item menu-item-type-post_type menu-item-object-page menu-item-12334\"><a href=\"https:\/\/cdm-okna.pl\/en\/contact\/\" class=\"elementor-item\" tabindex=\"-1\">CONTACT<\/a><\/li>\n<li class=\"menu-item wpml-ls-slot-2 wpml-ls-item wpml-ls-item-en wpml-ls-current-language wpml-ls-menu-item wpml-ls-first-item menu-item-type-wpml_ls_menu_item menu-item-object-wpml_ls_menu_item menu-item-wpml-ls-2-en\"><a href=\"https:\/\/cdm-okna.pl\/en\/\" class=\"elementor-item\" tabindex=\"-1\"><img decoding=\"async\"\n            class=\"wpml-ls-flag\"\n            src=\"https:\/\/cdm-okna.pl\/wp-content\/plugins\/sitepress-multilingual-cms\/res\/flags\/en.png\"\n            alt=\"English\"\n            width=20\n            \n    \/><\/a><\/li>\n<li class=\"menu-item wpml-ls-slot-2 wpml-ls-item wpml-ls-item-de wpml-ls-menu-item menu-item-type-wpml_ls_menu_item menu-item-object-wpml_ls_menu_item menu-item-wpml-ls-2-de\"><a href=\"https:\/\/cdm-okna.pl\/de\/\" class=\"elementor-item\" tabindex=\"-1\"><img decoding=\"async\"\n            class=\"wpml-ls-flag\"\n            src=\"https:\/\/cdm-okna.pl\/wp-content\/plugins\/sitepress-multilingual-cms\/res\/flags\/de.png\"\n            alt=\"German\"\n            width=20\n            \n    \/><\/a><\/li>\n<li class=\"menu-item wpml-ls-slot-2 wpml-ls-item wpml-ls-item-pl wpml-ls-menu-item wpml-ls-last-item menu-item-type-wpml_ls_menu_item menu-item-object-wpml_ls_menu_item menu-item-wpml-ls-2-pl\"><a href=\"https:\/\/cdm-okna.pl\" class=\"elementor-item\" tabindex=\"-1\"><img decoding=\"async\"\n            class=\"wpml-ls-flag\"\n            src=\"https:\/\/cdm-okna.pl\/wp-content\/plugins\/sitepress-multilingual-cms\/res\/flags\/pl.png\"\n            alt=\"Polish\"\n            width=20\n            \n    \/><\/a><\/li>\n<\/ul>\t\t\t<\/nav>\n\t\t\t\t<\/div>\n\t\t\t\t<\/div>\n\t\t\t\t\t<\/div>\n\t\t<\/div>\n\t\t\t\t<div class=\"elementor-column elementor-col-33 elementor-top-column elementor-element elementor-element-088808f elementor-hidden-tablet elementor-hidden-mobile\" data-id=\"088808f\" data-element_type=\"column\">\n\t\t\t<div class=\"elementor-widget-wrap elementor-element-populated\">\n\t\t\t\t\t\t\t\t<div class=\"elementor-element elementor-element-a4fa1e8 elementor-hidden-tablet elementor-hidden-mobile elementor-widget elementor-widget-image\" data-id=\"a4fa1e8\" data-element_type=\"widget\" data-widget_type=\"image.default\">\n\t\t\t\t<div class=\"elementor-widget-container\">\n\t\t\t\t\t\t\t\t\t\t\t\t\t\t\t\t<a href=\"https:\/\/cdm-okna.pl\/en\/subsidies-european-union\/\">\n\t\t\t\t\t\t\t<img fetchpriority=\"high\" decoding=\"async\" width=\"400\" height=\"332\" src=\"https:\/\/cdm-okna.pl\/wp-content\/uploads\/2022\/01\/Znak_UE_angielski_pion_kolor_RGB.jpg\" class=\"attachment-large size-large wp-image-16844\" alt=\"\" srcset=\"https:\/\/cdm-okna.pl\/wp-content\/uploads\/2022\/01\/Znak_UE_angielski_pion_kolor_RGB.jpg 400w, https:\/\/cdm-okna.pl\/wp-content\/uploads\/2022\/01\/Znak_UE_angielski_pion_kolor_RGB-300x249.jpg 300w\" sizes=\"(max-width: 400px) 100vw, 400px\" \/>\t\t\t\t\t\t\t\t<\/a>\n\t\t\t\t\t\t\t\t\t\t\t\t\t\t\t<\/div>\n\t\t\t\t<\/div>\n\t\t\t\t\t<\/div>\n\t\t<\/div>\n\t\t\t\t\t\t\t<\/div>\n\t\t<\/section>\n\t\t\t\t\t\t<\/div>\n\t\t\t\t<\/div>\n\t\t\t\t<\/div>\n\t\t\t\t<\/div>\n\t\t\t\t\t<\/div>\n\t\t<\/div>\n\t\t\t\t\t\t\t<\/div>\n\t\t<\/section>\n\t\t\t\t<section class=\"elementor-section elementor-top-section elementor-element elementor-element-f622387 elementor-section-height-min-height elementor-section-full_width elementor-section-height-default elementor-section-items-middle\" data-id=\"f622387\" data-element_type=\"section\" data-settings=\"{&quot;background_background&quot;:&quot;classic&quot;}\">\n\t\t\t\t\t\t<div class=\"elementor-container elementor-column-gap-no\">\n\t\t\t\t\t<div class=\"elementor-column elementor-col-100 elementor-top-column elementor-element elementor-element-1d13c7b\" data-id=\"1d13c7b\" data-element_type=\"column\" data-settings=\"{&quot;background_background&quot;:&quot;classic&quot;}\">\n\t\t\t<div class=\"elementor-widget-wrap elementor-element-populated\">\n\t\t\t\t\t\t\t\t<div class=\"elementor-element elementor-element-f3c1bc3 elementor-widget elementor-widget-heading\" data-id=\"f3c1bc3\" data-element_type=\"widget\" data-widget_type=\"heading.default\">\n\t\t\t\t<div class=\"elementor-widget-container\">\n\t\t\t<style>\/*! elementor - v3.18.0 - 20-12-2023 *\/\n.elementor-heading-title{padding:0;margin:0;line-height:1}.elementor-widget-heading .elementor-heading-title[class*=elementor-size-]>a{color:inherit;font-size:inherit;line-height:inherit}.elementor-widget-heading .elementor-heading-title.elementor-size-small{font-size:15px}.elementor-widget-heading .elementor-heading-title.elementor-size-medium{font-size:19px}.elementor-widget-heading .elementor-heading-title.elementor-size-large{font-size:29px}.elementor-widget-heading .elementor-heading-title.elementor-size-xl{font-size:39px}.elementor-widget-heading .elementor-heading-title.elementor-size-xxl{font-size:59px}<\/style><h2 class=\"elementor-heading-title elementor-size-default\">OUR WINDOWS<\/h2>\t\t<\/div>\n\t\t\t\t<\/div>\n\t\t\t\t\t<\/div>\n\t\t<\/div>\n\t\t\t\t\t\t\t<\/div>\n\t\t<\/section>\n\t\t\t\t<section class=\"elementor-section elementor-top-section elementor-element elementor-element-6cc1541 elementor-section-boxed elementor-section-height-default elementor-section-height-default\" data-id=\"6cc1541\" data-element_type=\"section\" data-settings=\"{&quot;background_background&quot;:&quot;classic&quot;}\">\n\t\t\t\t\t\t<div class=\"elementor-container elementor-column-gap-default\">\n\t\t\t\t\t<div class=\"elementor-column elementor-col-100 elementor-top-column elementor-element elementor-element-7aef2f7\" data-id=\"7aef2f7\" data-element_type=\"column\">\n\t\t\t<div class=\"elementor-widget-wrap elementor-element-populated\">\n\t\t\t\t\t\t\t\t<div class=\"elementor-element elementor-element-e11975a elementor-widget elementor-widget-text-editor\" data-id=\"e11975a\" data-element_type=\"widget\" data-widget_type=\"text-editor.default\">\n\t\t\t\t<div class=\"elementor-widget-container\">\n\t\t\t<style>\/*! elementor - v3.18.0 - 20-12-2023 *\/\n.elementor-widget-text-editor.elementor-drop-cap-view-stacked .elementor-drop-cap{background-color:#69727d;color:#fff}.elementor-widget-text-editor.elementor-drop-cap-view-framed .elementor-drop-cap{color:#69727d;border:3px solid;background-color:transparent}.elementor-widget-text-editor:not(.elementor-drop-cap-view-default) .elementor-drop-cap{margin-top:8px}.elementor-widget-text-editor:not(.elementor-drop-cap-view-default) .elementor-drop-cap-letter{width:1em;height:1em}.elementor-widget-text-editor .elementor-drop-cap{float:left;text-align:center;line-height:1;font-size:50px}.elementor-widget-text-editor .elementor-drop-cap-letter{display:inline-block}<\/style>\t\t\t\t<p><span style=\"letter-spacing: -0.27px; color: var( --e-global-color-text ); font-family: var( --e-global-typography-text-font-family ), Sans-serif; font-weight: var( --e-global-typography-text-font-weight ); font-size: 1.8rem;\">There are many reasons to reach for our windows. We have been perfecting them for years while learning from the opinions and suggestions received from our clients. All this, to be able to offer the best wooden windows on the market. We care not only about their appearance, but also about solid workmanship and as a result, our windows present very high level of aesthetics and are also tight-proof.<\/span>    <\/p>\n\t\t\t\t\t\t<\/div>\n\t\t\t\t<\/div>\n\t\t\t\t<section class=\"elementor-section elementor-inner-section elementor-element elementor-element-d65ecf3 elementor-section-boxed elementor-section-height-default elementor-section-height-default\" data-id=\"d65ecf3\" data-element_type=\"section\">\n\t\t\t\t\t\t<div class=\"elementor-container elementor-column-gap-default\">\n\t\t\t\t\t<div class=\"elementor-column elementor-col-50 elementor-inner-column elementor-element elementor-element-cf9b381\" data-id=\"cf9b381\" data-element_type=\"column\">\n\t\t\t<div class=\"elementor-widget-wrap elementor-element-populated\">\n\t\t\t\t\t\t\t\t<div class=\"elementor-element elementor-element-70c2e6d animated-slow elementor-invisible elementor-widget elementor-widget-image\" data-id=\"70c2e6d\" data-element_type=\"widget\" data-settings=\"{&quot;_animation&quot;:&quot;fadeIn&quot;}\" data-widget_type=\"image.default\">\n\t\t\t\t<div class=\"elementor-widget-container\">\n\t\t\t\t\t\t\t\t\t\t\t\t\t\t\t<img decoding=\"async\" width=\"580\" height=\"677\" src=\"https:\/\/cdm-okna.pl\/wp-content\/uploads\/2022\/08\/cechy-1.png\" class=\"attachment-large size-large wp-image-13303\" alt=\"Widok przez drewniane okno na kamienny budynek z wieloma oknami\" srcset=\"https:\/\/cdm-okna.pl\/wp-content\/uploads\/2022\/08\/cechy-1.png 700w, https:\/\/cdm-okna.pl\/wp-content\/uploads\/2022\/08\/cechy-1-257x300.png 257w\" sizes=\"(max-width: 580px) 100vw, 580px\" \/>\t\t\t\t\t\t\t\t\t\t\t\t\t\t\t<\/div>\n\t\t\t\t<\/div>\n\t\t\t\t\t<\/div>\n\t\t<\/div>\n\t\t\t\t<div class=\"elementor-column elementor-col-50 elementor-inner-column elementor-element elementor-element-992e1ae\" data-id=\"992e1ae\" data-element_type=\"column\">\n\t\t\t<div class=\"elementor-widget-wrap elementor-element-populated\">\n\t\t\t\t\t\t\t\t<div class=\"elementor-element elementor-element-53ce8a3 elementor-position-left elementor-vertical-align-middle profits_mobile elementor-widget elementor-widget-image-box\" data-id=\"53ce8a3\" data-element_type=\"widget\" data-widget_type=\"image-box.default\">\n\t\t\t\t<div class=\"elementor-widget-container\">\n\t\t\t<style>\/*! elementor - v3.18.0 - 20-12-2023 *\/\n.elementor-widget-image-box .elementor-image-box-content{width:100%}@media (min-width:768px){.elementor-widget-image-box.elementor-position-left .elementor-image-box-wrapper,.elementor-widget-image-box.elementor-position-right .elementor-image-box-wrapper{display:flex}.elementor-widget-image-box.elementor-position-right .elementor-image-box-wrapper{text-align:right;flex-direction:row-reverse}.elementor-widget-image-box.elementor-position-left .elementor-image-box-wrapper{text-align:left;flex-direction:row}.elementor-widget-image-box.elementor-position-top .elementor-image-box-img{margin:auto}.elementor-widget-image-box.elementor-vertical-align-top .elementor-image-box-wrapper{align-items:flex-start}.elementor-widget-image-box.elementor-vertical-align-middle .elementor-image-box-wrapper{align-items:center}.elementor-widget-image-box.elementor-vertical-align-bottom .elementor-image-box-wrapper{align-items:flex-end}}@media (max-width:767px){.elementor-widget-image-box .elementor-image-box-img{margin-left:auto!important;margin-right:auto!important;margin-bottom:15px}}.elementor-widget-image-box .elementor-image-box-img{display:inline-block}.elementor-widget-image-box .elementor-image-box-title a{color:inherit}.elementor-widget-image-box .elementor-image-box-wrapper{text-align:center}.elementor-widget-image-box .elementor-image-box-description{margin:0}<\/style><div class=\"elementor-image-box-wrapper\"><figure class=\"elementor-image-box-img\"><img loading=\"lazy\" decoding=\"async\" width=\"96\" height=\"96\" src=\"https:\/\/cdm-okna.pl\/wp-content\/uploads\/2021\/11\/arrow.svg\" class=\"attachment-full size-full wp-image-259\" alt=\"\" \/><\/figure><div class=\"elementor-image-box-content\"><h3 class=\"elementor-image-box-title\">WIDE SELECTION<\/h3><p class=\"elementor-image-box-description\">When proposing wooden windows, we take special care to make them available in many different forms (tilt, sliding and folding) and also in large formats, ideally suited to replace the standard terrace doors. Moreover, we are also able to make our products soundproof. Since we operate in a comprehensive manner, one can also order with us classic shutters that are perfect for houses designed in a traditional style.  <\/p><\/div><\/div>\t\t<\/div>\n\t\t\t\t<\/div>\n\t\t\t\t<div class=\"elementor-element elementor-element-20fa95d elementor-position-left elementor-vertical-align-middle profits_mobile elementor-widget elementor-widget-image-box\" data-id=\"20fa95d\" data-element_type=\"widget\" data-widget_type=\"image-box.default\">\n\t\t\t\t<div class=\"elementor-widget-container\">\n\t\t\t<div class=\"elementor-image-box-wrapper\"><figure class=\"elementor-image-box-img\"><img loading=\"lazy\" decoding=\"async\" width=\"96\" height=\"96\" src=\"https:\/\/cdm-okna.pl\/wp-content\/uploads\/2021\/11\/arrow.svg\" class=\"attachment-full size-full wp-image-259\" alt=\"\" \/><\/figure><div class=\"elementor-image-box-content\"><h3 class=\"elementor-image-box-title\">MODERN DESIGN<\/h3><p class=\"elementor-image-box-description\">Wooden windows make the house complete. Whether it is modern or classic, the style of wooden windows adds elegance and style to the house. Due to the wide range of products, clients can choose windows suited to their project. They perfectly fit both houses and apartments, and thanks to their design they emphasize the beauty of buildings and create a harmonious whole.   <\/p><\/div><\/div>\t\t<\/div>\n\t\t\t\t<\/div>\n\t\t\t\t<div class=\"elementor-element elementor-element-1428c8c elementor-position-left elementor-vertical-align-middle profits_mobile elementor-widget elementor-widget-image-box\" data-id=\"1428c8c\" data-element_type=\"widget\" data-widget_type=\"image-box.default\">\n\t\t\t\t<div class=\"elementor-widget-container\">\n\t\t\t<div class=\"elementor-image-box-wrapper\"><figure class=\"elementor-image-box-img\"><img loading=\"lazy\" decoding=\"async\" width=\"96\" height=\"96\" src=\"https:\/\/cdm-okna.pl\/wp-content\/uploads\/2021\/11\/arrow.svg\" class=\"attachment-full size-full wp-image-259\" alt=\"\" \/><\/figure><div class=\"elementor-image-box-content\"><h3 class=\"elementor-image-box-title\">individual approach<\/h3><p class=\"elementor-image-box-description\">We can adapt our wooden windows to the needs of each client. As a manufacturer, we have great opportunities to suit your needs and requirements. The processing takes place in many different ways, and we can also provide frame styling for a wide variety of building styles, from classic to very modern.  <\/p><\/div><\/div>\t\t<\/div>\n\t\t\t\t<\/div>\n\t\t\t\t\t<\/div>\n\t\t<\/div>\n\t\t\t\t\t\t\t<\/div>\n\t\t<\/section>\n\t\t\t\t<div class=\"elementor-element elementor-element-583bbd0 elementor-widget-divider--view-line_icon elementor-view-default elementor-widget-divider--element-align-center elementor-widget elementor-widget-divider\" data-id=\"583bbd0\" data-element_type=\"widget\" data-widget_type=\"divider.default\">\n\t\t\t\t<div class=\"elementor-widget-container\">\n\t\t\t<style>\/*! elementor - v3.18.0 - 20-12-2023 *\/\n.elementor-widget-divider{--divider-border-style:none;--divider-border-width:1px;--divider-color:#0c0d0e;--divider-icon-size:20px;--divider-element-spacing:10px;--divider-pattern-height:24px;--divider-pattern-size:20px;--divider-pattern-url:none;--divider-pattern-repeat:repeat-x}.elementor-widget-divider .elementor-divider{display:flex}.elementor-widget-divider .elementor-divider__text{font-size:15px;line-height:1;max-width:95%}.elementor-widget-divider .elementor-divider__element{margin:0 var(--divider-element-spacing);flex-shrink:0}.elementor-widget-divider .elementor-icon{font-size:var(--divider-icon-size)}.elementor-widget-divider .elementor-divider-separator{display:flex;margin:0;direction:ltr}.elementor-widget-divider--view-line_icon .elementor-divider-separator,.elementor-widget-divider--view-line_text .elementor-divider-separator{align-items:center}.elementor-widget-divider--view-line_icon .elementor-divider-separator:after,.elementor-widget-divider--view-line_icon .elementor-divider-separator:before,.elementor-widget-divider--view-line_text .elementor-divider-separator:after,.elementor-widget-divider--view-line_text .elementor-divider-separator:before{display:block;content:\"\";border-bottom:0;flex-grow:1;border-top:var(--divider-border-width) var(--divider-border-style) var(--divider-color)}.elementor-widget-divider--element-align-left .elementor-divider .elementor-divider-separator>.elementor-divider__svg:first-of-type{flex-grow:0;flex-shrink:100}.elementor-widget-divider--element-align-left .elementor-divider-separator:before{content:none}.elementor-widget-divider--element-align-left .elementor-divider__element{margin-left:0}.elementor-widget-divider--element-align-right .elementor-divider .elementor-divider-separator>.elementor-divider__svg:last-of-type{flex-grow:0;flex-shrink:100}.elementor-widget-divider--element-align-right .elementor-divider-separator:after{content:none}.elementor-widget-divider--element-align-right .elementor-divider__element{margin-right:0}.elementor-widget-divider:not(.elementor-widget-divider--view-line_text):not(.elementor-widget-divider--view-line_icon) .elementor-divider-separator{border-top:var(--divider-border-width) var(--divider-border-style) var(--divider-color)}.elementor-widget-divider--separator-type-pattern{--divider-border-style:none}.elementor-widget-divider--separator-type-pattern.elementor-widget-divider--view-line .elementor-divider-separator,.elementor-widget-divider--separator-type-pattern:not(.elementor-widget-divider--view-line) .elementor-divider-separator:after,.elementor-widget-divider--separator-type-pattern:not(.elementor-widget-divider--view-line) .elementor-divider-separator:before,.elementor-widget-divider--separator-type-pattern:not([class*=elementor-widget-divider--view]) .elementor-divider-separator{width:100%;min-height:var(--divider-pattern-height);-webkit-mask-size:var(--divider-pattern-size) 100%;mask-size:var(--divider-pattern-size) 100%;-webkit-mask-repeat:var(--divider-pattern-repeat);mask-repeat:var(--divider-pattern-repeat);background-color:var(--divider-color);-webkit-mask-image:var(--divider-pattern-url);mask-image:var(--divider-pattern-url)}.elementor-widget-divider--no-spacing{--divider-pattern-size:auto}.elementor-widget-divider--bg-round{--divider-pattern-repeat:round}.rtl .elementor-widget-divider .elementor-divider__text{direction:rtl}.e-con-inner>.elementor-widget-divider,.e-con>.elementor-widget-divider{width:var(--container-widget-width,100%);--flex-grow:var(--container-widget-flex-grow)}<\/style>\t\t<div class=\"elementor-divider\">\n\t\t\t<span class=\"elementor-divider-separator\">\n\t\t\t\t\t\t\t<div class=\"elementor-icon elementor-divider__element\">\n\t\t\t\t\t<svg xmlns=\"http:\/\/www.w3.org\/2000\/svg\" width=\"26.93\" height=\"26.93\" viewBox=\"0 0 26.93 26.93\"><g id=\"Kompozycja_26\" data-name=\"Kompozycja 26\" transform=\"translate(26.935 13.465) rotate(135)\"><g id=\"Group_42\" data-name=\"Group 42\"><path id=\"Path_643\" data-name=\"Path 643\" d=\"M0,0V8.46H2.116V2.116H8.456V0Z\" fill=\"#3faa35\"><\/path><path id=\"Path_644\" data-name=\"Path 644\" d=\"M2.118,2.116H8.468V0H0V8.457H2.118Z\" transform=\"translate(10.578 0)\" fill=\"#3faa35\"><\/path><path id=\"Path_645\" data-name=\"Path 645\" d=\"M0,0V8.468H2.116V2.118H8.456V0Z\" transform=\"translate(0 10.578)\" fill=\"#3faa35\"><\/path><path id=\"Path_646\" data-name=\"Path 646\" d=\"M2.118,2.118H8.468V0H0V8.468H2.118Z\" transform=\"translate(10.578 10.578)\" fill=\"#3faa35\"><\/path><\/g><\/g><\/svg><\/div>\n\t\t\t\t\t\t<\/span>\n\t\t<\/div>\n\t\t\t\t<\/div>\n\t\t\t\t<\/div>\n\t\t\t\t\t<\/div>\n\t\t<\/div>\n\t\t\t\t\t\t\t<\/div>\n\t\t<\/section>\n\t\t\t\t<section class=\"elementor-section elementor-top-section elementor-element elementor-element-1a725dd elementor-section-boxed elementor-section-height-default elementor-section-height-default\" data-id=\"1a725dd\" data-element_type=\"section\" data-settings=\"{&quot;background_background&quot;:&quot;classic&quot;}\">\n\t\t\t\t\t\t<div class=\"elementor-container elementor-column-gap-default\">\n\t\t\t\t\t<div class=\"elementor-column elementor-col-100 elementor-top-column elementor-element elementor-element-a324081\" data-id=\"a324081\" data-element_type=\"column\">\n\t\t\t<div class=\"elementor-widget-wrap elementor-element-populated\">\n\t\t\t\t\t\t\t\t<div class=\"elementor-element elementor-element-9d435a4 elementor-widget elementor-widget-heading\" data-id=\"9d435a4\" data-element_type=\"widget\" data-widget_type=\"heading.default\">\n\t\t\t\t<div class=\"elementor-widget-container\">\n\t\t\t<h2 class=\"elementor-heading-title elementor-size-default\">Types of windows<\/h2>\t\t<\/div>\n\t\t\t\t<\/div>\n\t\t\t\t<div class=\"elementor-element elementor-element-508638d elementor-widget elementor-widget-text-editor\" data-id=\"508638d\" data-element_type=\"widget\" data-widget_type=\"text-editor.default\">\n\t\t\t\t<div class=\"elementor-widget-container\">\n\t\t\t\t\t\t\t<p>Our offer includes a wide selection of windows and shutters. Thanks to the above, our customers are able to choose a product that will meet all their expectations.  <\/p>\n\t\t\t\t\t\t<\/div>\n\t\t\t\t<\/div>\n\t\t\t\t<div class=\"elementor-element elementor-element-1715fab elementor-position-right animated-slow elementor-vertical-align-top elementor-invisible elementor-widget elementor-widget-image-box\" data-id=\"1715fab\" data-element_type=\"widget\" data-settings=\"{&quot;_animation&quot;:&quot;fadeIn&quot;}\" data-widget_type=\"image-box.default\">\n\t\t\t\t<div class=\"elementor-widget-container\">\n\t\t\t<div class=\"elementor-image-box-wrapper\"><figure class=\"elementor-image-box-img\"><a href=\"https:\/\/cdm-okna.pl\/en\/smart-line\/\" tabindex=\"-1\"><img loading=\"lazy\" decoding=\"async\" width=\"1850\" height=\"2560\" src=\"https:\/\/cdm-okna.pl\/wp-content\/uploads\/2025\/06\/55_01_v02-scaled.jpg\" class=\"attachment-full size-full wp-image-17069\" alt=\"Przekr\u00f3j techniczny trzyszybowego okna drewnianego Smart Line. Zdj\u0119cie prezentuje konstrukcj\u0119 ramy z litego drewna, aluminiowy okapnik oraz pakiet trzech szyb z widocznymi ramkami dystansowymi wype\u0142nionymi absorbentem. Detale ukazuj\u0105 system uszczelek oraz precyzyjne \u0142\u0105czenia ramiaka.\" srcset=\"https:\/\/cdm-okna.pl\/wp-content\/uploads\/2025\/06\/55_01_v02-scaled.jpg 1850w, https:\/\/cdm-okna.pl\/wp-content\/uploads\/2025\/06\/55_01_v02-217x300.jpg 217w, https:\/\/cdm-okna.pl\/wp-content\/uploads\/2025\/06\/55_01_v02-740x1024.jpg 740w, https:\/\/cdm-okna.pl\/wp-content\/uploads\/2025\/06\/55_01_v02-768x1063.jpg 768w, https:\/\/cdm-okna.pl\/wp-content\/uploads\/2025\/06\/55_01_v02-1110x1536.jpg 1110w, https:\/\/cdm-okna.pl\/wp-content\/uploads\/2025\/06\/55_01_v02-1480x2048.jpg 1480w, https:\/\/cdm-okna.pl\/wp-content\/uploads\/2025\/06\/55_01_v02-1200x1660.jpg 1200w, https:\/\/cdm-okna.pl\/wp-content\/uploads\/2025\/06\/55_01_v02-1980x2739.jpg 1980w\" sizes=\"(max-width: 1850px) 100vw, 1850px\" \/><\/a><\/figure><div class=\"elementor-image-box-content\"><h3 class=\"elementor-image-box-title\"><a href=\"https:\/\/cdm-okna.pl\/en\/smart-line\/\"><span style=\"font-family: BankGothic, Sans-serif; font-size: 5rem;\"><span style=\"color:rgb(29,29,27);font-weight: 500;\">Smart<\/span><span style=\"color: rgb(77,77,77); font-weight: 200; \">-linE<\/span><\/span> <span style=\"font-family: Poppins; font-size: 4rem\">windows<\/span><\/a><\/h3><p class=\"elementor-image-box-description\">Smart -linE is an innovative line of CDM windows created with the needs of modern users in mind. This is a solution that adapts to you \u2013 with optional DRIVE CL automatic opening systems and integration with a smart home. When designing Smart\u2013Line, we combined aesthetics with technology, functionality with ergonomics, and an individual approach with accessibility. <\/p><\/div><\/div>\t\t<\/div>\n\t\t\t\t<\/div>\n\t\t\t\t<div class=\"elementor-element elementor-element-7f668e7 elementor-widget-divider--view-line_icon elementor-hidden-desktop elementor-hidden-tablet elementor-view-default elementor-widget-divider--element-align-center elementor-widget elementor-widget-divider\" data-id=\"7f668e7\" data-element_type=\"widget\" data-widget_type=\"divider.default\">\n\t\t\t\t<div class=\"elementor-widget-container\">\n\t\t\t\t\t<div class=\"elementor-divider\">\n\t\t\t<span class=\"elementor-divider-separator\">\n\t\t\t\t\t\t\t<div class=\"elementor-icon elementor-divider__element\">\n\t\t\t\t\t<svg xmlns=\"http:\/\/www.w3.org\/2000\/svg\" width=\"26.93\" height=\"26.93\" viewBox=\"0 0 26.93 26.93\"><g id=\"Kompozycja_26\" data-name=\"Kompozycja 26\" transform=\"translate(26.935 13.465) rotate(135)\"><g id=\"Group_42\" data-name=\"Group 42\"><path id=\"Path_643\" data-name=\"Path 643\" d=\"M0,0V8.46H2.116V2.116H8.456V0Z\" fill=\"#3faa35\"><\/path><path id=\"Path_644\" data-name=\"Path 644\" d=\"M2.118,2.116H8.468V0H0V8.457H2.118Z\" transform=\"translate(10.578 0)\" fill=\"#3faa35\"><\/path><path id=\"Path_645\" data-name=\"Path 645\" d=\"M0,0V8.468H2.116V2.118H8.456V0Z\" transform=\"translate(0 10.578)\" fill=\"#3faa35\"><\/path><path id=\"Path_646\" data-name=\"Path 646\" d=\"M2.118,2.118H8.468V0H0V8.468H2.118Z\" transform=\"translate(10.578 10.578)\" fill=\"#3faa35\"><\/path><\/g><\/g><\/svg><\/div>\n\t\t\t\t\t\t<\/span>\n\t\t<\/div>\n\t\t\t\t<\/div>\n\t\t\t\t<\/div>\n\t\t\t\t<div class=\"elementor-element elementor-element-842f3de elementor-position-left elementor-vertical-align-bottom animated-slow elementor-invisible elementor-widget elementor-widget-image-box\" data-id=\"842f3de\" data-element_type=\"widget\" data-settings=\"{&quot;_animation&quot;:&quot;fadeIn&quot;}\" data-widget_type=\"image-box.default\">\n\t\t\t\t<div class=\"elementor-widget-container\">\n\t\t\t<div class=\"elementor-image-box-wrapper\"><figure class=\"elementor-image-box-img\"><a href=\"https:\/\/cdm-okna.pl\/en\/thermlight-windows\/\" tabindex=\"-1\"><img loading=\"lazy\" decoding=\"async\" width=\"650\" height=\"900\" src=\"https:\/\/cdm-okna.pl\/wp-content\/uploads\/2021\/11\/ThermLight_1.jpeg\" class=\"attachment-full size-full wp-image-578\" alt=\"Przekr\u00f3j drewnianego okna ThermLight z potr\u00f3jn\u0105 szyb\u0105 zespolon\u0105, ukazuj\u0105cy konstrukcj\u0119 ramy i warstwy szklenia zapewniaj\u0105ce wysok\u0105 efektywno\u015b\u0107 energetyczn\u0105.\" srcset=\"https:\/\/cdm-okna.pl\/wp-content\/uploads\/2021\/11\/ThermLight_1.jpeg 650w, https:\/\/cdm-okna.pl\/wp-content\/uploads\/2021\/11\/ThermLight_1-217x300.jpeg 217w\" sizes=\"(max-width: 650px) 100vw, 650px\" \/><\/a><\/figure><div class=\"elementor-image-box-content\"><h3 class=\"elementor-image-box-title\"><a href=\"https:\/\/cdm-okna.pl\/en\/thermlight-windows\/\"><span style=\"font-family: BankGothic, Sans-serif; font-size: 5rem;\"><span style=\"color:rgb(29,29,27);font-weight: 500;\">Therm<\/span><span style=\"color: rgb(77,77,77); font-weight: 200; \">lighT<\/span><\/span> <span style=\"font-family: Poppins; font-size: 4rem\">Windows<\/span><\/a><\/h3><p class=\"elementor-image-box-description\"><span style=\"font-family: BankGothic, Sans-serif; font-size: 23px;line-height:50%\"><span style=\"color:rgb(29,29,27); font-weight: 500; \">Therm<\/span> <span style=\"color: rgb(77,77,77); font-weight: 200;\">lighT<\/span><\/span> windows are an original product developed by our company. Przy ich projektowaniu postawili\u015bmy na design i funkcjonalno\u015b\u0107. Okna <span style=\"font-family: BankGothic, Sans-serif; font-size: 23px;line-height:50%\"><span style=\"color:rgb(29,29,27); font-weight: 500;\">Therm<\/span><span style=\"color: rgb(77,77,77);font-weight: 200;\">lighT<\/span><\/span> s\u0105 ekologiczne, poniewa\u017c wyprodukowano je z drewna pochodz\u0105cego ze zr\u00f3wnowa\u017conej gospodarki le\u015bnej. Poza tym maj\u0105 du\u017c\u0105 trwa\u0142o\u015b\u0107 oraz maksymalizuj\u0105 ilo\u015b\u0107 \u015bwiat\u0142a zewn\u0119trznego poprzez wi\u0119ksz\u0105 powierzchni\u0119 oszklenia. To idealny wyb\u00f3r do nowoczesnych mieszka\u0144 i dom\u00f3w.    <\/p><\/div><\/div>\t\t<\/div>\n\t\t\t\t<\/div>\n\t\t\t\t<div class=\"elementor-element elementor-element-43e61fe animated-slow elementor-view-default elementor-invisible elementor-widget elementor-widget-icon\" data-id=\"43e61fe\" data-element_type=\"widget\" data-settings=\"{&quot;_animation&quot;:&quot;fadeIn&quot;}\" data-widget_type=\"icon.default\">\n\t\t\t\t<div class=\"elementor-widget-container\">\n\t\t\t\t\t<div class=\"elementor-icon-wrapper\">\n\t\t\t<a class=\"elementor-icon\" href=\"https:\/\/cdm-okna.pl\/en\/thermlight-windows\/\">\n\t\t\t<svg xmlns=\"http:\/\/www.w3.org\/2000\/svg\" xmlns:xlink=\"http:\/\/www.w3.org\/1999\/xlink\" width=\"357.421\" height=\"35.664\" viewBox=\"0 0 357.421 35.664\"><defs><clipPath id=\"clip-path\"><rect id=\"Rectangle_60\" data-name=\"Rectangle 60\" width=\"357.421\" height=\"35.664\" transform=\"translate(0 0)\" fill=\"none\"><\/rect><\/clipPath><\/defs><g id=\"Group_106\" data-name=\"Group 106\" transform=\"translate(0 0)\"><path id=\"Path_217\" data-name=\"Path 217\" d=\"M205.1,9.1V35.664h24.557V31.957H209.522V9.1Z\" fill=\"#5d5c5c\"><\/path><rect id=\"Rectangle_59\" data-name=\"Rectangle 59\" width=\"4.427\" height=\"26.566\" transform=\"translate(234.211 9.098)\" fill=\"#5d5c5c\"><\/rect><g id=\"Group_105\" data-name=\"Group 105\"><g id=\"Group_104\" data-name=\"Group 104\" clip-path=\"url(#clip-path)\"><path id=\"Path_218\" data-name=\"Path 218\" d=\"M252.668,12.7V31.957h20.8V24.183h-10.76v-3.4h15.187v8.6a12.66,12.66,0,0,1-.309,3.063,4.093,4.093,0,0,1-1.029,1.931,3.917,3.917,0,0,1-1.9,1,13.125,13.125,0,0,1-2.986.283h-17.2a13.144,13.144,0,0,1-2.988-.283,3.9,3.9,0,0,1-1.9-1,4.085,4.085,0,0,1-1.03-1.931,12.7,12.7,0,0,1-.31-3.063v-14a12.72,12.72,0,0,1,.31-3.064,4.091,4.091,0,0,1,1.03-1.93,3.9,3.9,0,0,1,1.9-1A13.2,13.2,0,0,1,254.47,9.1h17.2a12.967,12.967,0,0,1,2.908.284,4.189,4.189,0,0,1,1.931.953,3.911,3.911,0,0,1,1.055,1.828,10.663,10.663,0,0,1,.335,2.908v.67l-4.427.875V12.7Z\" fill=\"#5d5c5c\"><\/path><path id=\"Path_219\" data-name=\"Path 219\" d=\"M287.29,9.1h4.428V19.961h20.953V9.1H317.1V35.664h-4.428V23.618H291.718V35.664H287.29Z\" fill=\"#5d5c5c\"><\/path><path id=\"Path_220\" data-name=\"Path 220\" d=\"M341.039,35.664H335.1V4.838H318.783V0h38.638V4.838H341.039Z\" fill=\"#5d5c5c\"><\/path><path id=\"Path_221\" data-name=\"Path 221\" d=\"M23.878,5.9V35.664H16.934V5.9H0V0H41.094V5.9Z\" fill=\"#161615\"><\/path><path id=\"Path_222\" data-name=\"Path 222\" d=\"M41.821,35.664V9.1h6.534V19.191H68.57V9.1h6.471V35.664H68.57V24.469H48.355V35.664Z\" fill=\"#161615\"><\/path><path id=\"Path_223\" data-name=\"Path 223\" d=\"M83.67,35.664V9.1h28.494v4.693H90.2v5.8h12.792v4.571H90.2V30.7h22.3v4.969Z\" fill=\"#161615\"><\/path><path id=\"Path_224\" data-name=\"Path 224\" d=\"M120.846,35.664V9.1h23.923q3.283,0,4.756,1.212A4.821,4.821,0,0,1,151,14.254v6.258a4.733,4.733,0,0,1-1.472,3.894q-1.47,1.2-4.756,1.2h-3.65l12.64,10.061h-9.3L133.33,25.6h-6.1V35.664Zm21.163-21.993H127.226v7.362h14.783a3.926,3.926,0,0,0,2.315-.492,1.976,1.976,0,0,0,.63-1.656V15.818a1.976,1.976,0,0,0-.63-1.656,3.919,3.919,0,0,0-2.315-.491\" fill=\"#161615\"><\/path><path id=\"Path_225\" data-name=\"Path 225\" d=\"M160.094,35.664V9.1h5.183l13,15.767L191.227,9.1h5.214V35.664h-6.013V17.383L178.557,32.475H177.3L165.277,17.811V35.664Z\" fill=\"#161615\"><\/path><\/g><\/g><\/g><\/svg>\t\t\t<\/a>\n\t\t<\/div>\n\t\t\t\t<\/div>\n\t\t\t\t<\/div>\n\t\t\t\t<div class=\"elementor-element elementor-element-dc201ac elementor-widget-divider--view-line_icon elementor-hidden-desktop elementor-hidden-tablet elementor-view-default elementor-widget-divider--element-align-center elementor-widget elementor-widget-divider\" data-id=\"dc201ac\" data-element_type=\"widget\" data-widget_type=\"divider.default\">\n\t\t\t\t<div class=\"elementor-widget-container\">\n\t\t\t\t\t<div class=\"elementor-divider\">\n\t\t\t<span class=\"elementor-divider-separator\">\n\t\t\t\t\t\t\t<div class=\"elementor-icon elementor-divider__element\">\n\t\t\t\t\t<svg xmlns=\"http:\/\/www.w3.org\/2000\/svg\" width=\"26.93\" height=\"26.93\" viewBox=\"0 0 26.93 26.93\"><g id=\"Kompozycja_26\" data-name=\"Kompozycja 26\" transform=\"translate(26.935 13.465) rotate(135)\"><g id=\"Group_42\" data-name=\"Group 42\"><path id=\"Path_643\" data-name=\"Path 643\" d=\"M0,0V8.46H2.116V2.116H8.456V0Z\" fill=\"#3faa35\"><\/path><path id=\"Path_644\" data-name=\"Path 644\" d=\"M2.118,2.116H8.468V0H0V8.457H2.118Z\" transform=\"translate(10.578 0)\" fill=\"#3faa35\"><\/path><path id=\"Path_645\" data-name=\"Path 645\" d=\"M0,0V8.468H2.116V2.118H8.456V0Z\" transform=\"translate(0 10.578)\" fill=\"#3faa35\"><\/path><path id=\"Path_646\" data-name=\"Path 646\" d=\"M2.118,2.118H8.468V0H0V8.468H2.118Z\" transform=\"translate(10.578 10.578)\" fill=\"#3faa35\"><\/path><\/g><\/g><\/svg><\/div>\n\t\t\t\t\t\t<\/span>\n\t\t<\/div>\n\t\t\t\t<\/div>\n\t\t\t\t<\/div>\n\t\t\t\t<div class=\"elementor-element elementor-element-cd4313a elementor-position-right elementor-vertical-align-bottom animated-slow elementor-invisible elementor-widget elementor-widget-image-box\" data-id=\"cd4313a\" data-element_type=\"widget\" data-settings=\"{&quot;_animation&quot;:&quot;fadeIn&quot;}\" data-widget_type=\"image-box.default\">\n\t\t\t\t<div class=\"elementor-widget-container\">\n\t\t\t<div class=\"elementor-image-box-wrapper\"><figure class=\"elementor-image-box-img\"><a href=\"https:\/\/cdm-okna.pl\/en\/wooden-windows\/\" tabindex=\"-1\"><img loading=\"lazy\" decoding=\"async\" width=\"680\" height=\"941\" src=\"https:\/\/cdm-okna.pl\/wp-content\/uploads\/2021\/11\/Okna_drewniane.jpeg\" class=\"attachment-full size-full wp-image-588\" alt=\"Przekr\u00f3j drewnianego okna z potr\u00f3jnym szkleniem, ukazuj\u0105cy warstwow\u0105 konstrukcj\u0119 ramy z elementami metalowymi zapewniaj\u0105cymi wzmocnienie i uszczelnienie.\" srcset=\"https:\/\/cdm-okna.pl\/wp-content\/uploads\/2021\/11\/Okna_drewniane.jpeg 680w, https:\/\/cdm-okna.pl\/wp-content\/uploads\/2021\/11\/Okna_drewniane-217x300.jpeg 217w\" sizes=\"(max-width: 680px) 100vw, 680px\" \/><\/a><\/figure><div class=\"elementor-image-box-content\"><h3 class=\"elementor-image-box-title\"><a href=\"https:\/\/cdm-okna.pl\/en\/wooden-windows\/\">Wooden windows<\/a><\/h3><p class=\"elementor-image-box-description\">Wooden windows are our flagship product that we have been producing for over 20 years. Currently, to manufacture the windows, we are able to use oak, pine, meranti, larch or spruce wood. The colour of the wooden window can be individually adapted to the customer\u2019s design. Wooden windows will fit perfectly into a modern building as well as a historic palace or house. As the result of applying the natural material, the design is timeless, and the windows themselves are very durable.     <\/p><\/div><\/div>\t\t<\/div>\n\t\t\t\t<\/div>\n\t\t\t\t<div class=\"elementor-element elementor-element-9572ba4 elementor-widget-divider--view-line_icon elementor-hidden-desktop elementor-hidden-tablet elementor-view-default elementor-widget-divider--element-align-center elementor-widget elementor-widget-divider\" data-id=\"9572ba4\" data-element_type=\"widget\" data-widget_type=\"divider.default\">\n\t\t\t\t<div class=\"elementor-widget-container\">\n\t\t\t\t\t<div class=\"elementor-divider\">\n\t\t\t<span class=\"elementor-divider-separator\">\n\t\t\t\t\t\t\t<div class=\"elementor-icon elementor-divider__element\">\n\t\t\t\t\t<svg xmlns=\"http:\/\/www.w3.org\/2000\/svg\" width=\"26.93\" height=\"26.93\" viewBox=\"0 0 26.93 26.93\"><g id=\"Kompozycja_26\" data-name=\"Kompozycja 26\" transform=\"translate(26.935 13.465) rotate(135)\"><g id=\"Group_42\" data-name=\"Group 42\"><path id=\"Path_643\" data-name=\"Path 643\" d=\"M0,0V8.46H2.116V2.116H8.456V0Z\" fill=\"#3faa35\"><\/path><path id=\"Path_644\" data-name=\"Path 644\" d=\"M2.118,2.116H8.468V0H0V8.457H2.118Z\" transform=\"translate(10.578 0)\" fill=\"#3faa35\"><\/path><path id=\"Path_645\" data-name=\"Path 645\" d=\"M0,0V8.468H2.116V2.118H8.456V0Z\" transform=\"translate(0 10.578)\" fill=\"#3faa35\"><\/path><path id=\"Path_646\" data-name=\"Path 646\" d=\"M2.118,2.118H8.468V0H0V8.468H2.118Z\" transform=\"translate(10.578 10.578)\" fill=\"#3faa35\"><\/path><\/g><\/g><\/svg><\/div>\n\t\t\t\t\t\t<\/span>\n\t\t<\/div>\n\t\t\t\t<\/div>\n\t\t\t\t<\/div>\n\t\t\t\t<div class=\"elementor-element elementor-element-48d966c elementor-position-left elementor-vertical-align-bottom animated-slow elementor-invisible elementor-widget elementor-widget-image-box\" data-id=\"48d966c\" data-element_type=\"widget\" data-settings=\"{&quot;_animation&quot;:&quot;fadeIn&quot;}\" data-widget_type=\"image-box.default\">\n\t\t\t\t<div class=\"elementor-widget-container\">\n\t\t\t<div class=\"elementor-image-box-wrapper\"><figure class=\"elementor-image-box-img\"><a href=\"https:\/\/cdm-okna.pl\/en\/slim-line-wooden-aluminum-windows\/\" tabindex=\"-1\"><img loading=\"lazy\" decoding=\"async\" width=\"700\" height=\"969\" src=\"https:\/\/cdm-okna.pl\/wp-content\/uploads\/2025\/10\/59_v01.jpg\" class=\"attachment-full size-full wp-image-17535\" alt=\"Techniczny przekr\u00f3j profilu okna Smart Line w wersji drewniano-aluminiowej. Zewn\u0119trzna strona ramy i skrzyd\u0142a os\u0142oni\u0119ta jest antracytow\u0105 nak\u0142adk\u0105 aluminiow\u0105, natomiast wn\u0119trze wykonane jest z litego drewna. Widoczny pakiet trzech szyb z ciep\u0142\u0105 ramk\u0105 dystansow\u0105 oraz system uszczelnie\u0144.\" srcset=\"https:\/\/cdm-okna.pl\/wp-content\/uploads\/2025\/10\/59_v01.jpg 700w, https:\/\/cdm-okna.pl\/wp-content\/uploads\/2025\/10\/59_v01-217x300.jpg 217w\" sizes=\"(max-width: 700px) 100vw, 700px\" \/><\/a><\/figure><div class=\"elementor-image-box-content\"><h3 class=\"elementor-image-box-title\"><a href=\"https:\/\/cdm-okna.pl\/en\/slim-line-wooden-aluminum-windows\/\">SLIM-LINE wooden-aluminum windows<\/a><\/h3><p class=\"elementor-image-box-description\">SLIM-LINE QUADRAT and SLIM-LINE QUADRAT FB wood-aluminum windows combine the natural beauty of wood with modern aluminum technology, enclosed in an exceptionally slim and elegant form. The profile structure has been designed to maximize the glazing area and let as much natural light into the interior as possible. \n<\/p><\/div><\/div>\t\t<\/div>\n\t\t\t\t<\/div>\n\t\t\t\t<div class=\"elementor-element elementor-element-4d70f49 elementor-widget-divider--view-line_icon elementor-hidden-desktop elementor-hidden-tablet elementor-view-default elementor-widget-divider--element-align-center elementor-widget elementor-widget-divider\" data-id=\"4d70f49\" data-element_type=\"widget\" data-widget_type=\"divider.default\">\n\t\t\t\t<div class=\"elementor-widget-container\">\n\t\t\t\t\t<div class=\"elementor-divider\">\n\t\t\t<span class=\"elementor-divider-separator\">\n\t\t\t\t\t\t\t<div class=\"elementor-icon elementor-divider__element\">\n\t\t\t\t\t<svg xmlns=\"http:\/\/www.w3.org\/2000\/svg\" width=\"26.93\" height=\"26.93\" viewBox=\"0 0 26.93 26.93\"><g id=\"Kompozycja_26\" data-name=\"Kompozycja 26\" transform=\"translate(26.935 13.465) rotate(135)\"><g id=\"Group_42\" data-name=\"Group 42\"><path id=\"Path_643\" data-name=\"Path 643\" d=\"M0,0V8.46H2.116V2.116H8.456V0Z\" fill=\"#3faa35\"><\/path><path id=\"Path_644\" data-name=\"Path 644\" d=\"M2.118,2.116H8.468V0H0V8.457H2.118Z\" transform=\"translate(10.578 0)\" fill=\"#3faa35\"><\/path><path id=\"Path_645\" data-name=\"Path 645\" d=\"M0,0V8.468H2.116V2.118H8.456V0Z\" transform=\"translate(0 10.578)\" fill=\"#3faa35\"><\/path><path id=\"Path_646\" data-name=\"Path 646\" d=\"M2.118,2.118H8.468V0H0V8.468H2.118Z\" transform=\"translate(10.578 10.578)\" fill=\"#3faa35\"><\/path><\/g><\/g><\/svg><\/div>\n\t\t\t\t\t\t<\/span>\n\t\t<\/div>\n\t\t\t\t<\/div>\n\t\t\t\t<\/div>\n\t\t\t\t<div class=\"elementor-element elementor-element-b12223c elementor-position-right elementor-vertical-align-bottom animated-slow elementor-invisible elementor-widget elementor-widget-image-box\" data-id=\"b12223c\" data-element_type=\"widget\" data-settings=\"{&quot;_animation&quot;:&quot;fadeIn&quot;}\" data-widget_type=\"image-box.default\">\n\t\t\t\t<div class=\"elementor-widget-container\">\n\t\t\t<div class=\"elementor-image-box-wrapper\"><figure class=\"elementor-image-box-img\"><a href=\"https:\/\/cdm-okna.pl\/en\/wooden-aluminium-windows\/\" tabindex=\"-1\"><img loading=\"lazy\" decoding=\"async\" width=\"578\" height=\"800\" src=\"https:\/\/cdm-okna.pl\/wp-content\/uploads\/2021\/11\/Okna-aluminiowe.jpeg\" class=\"attachment-full size-full wp-image-595\" alt=\"Przekr\u00f3j aluminiowego okna z podw\u00f3jnym szkleniem, zbudowanego z zewn\u0119trznej warstwy aluminiowej, wewn\u0119trznej warstwy drewnianej i profilu wielokomorowego zapewniaj\u0105cego izolacj\u0119.\" srcset=\"https:\/\/cdm-okna.pl\/wp-content\/uploads\/2021\/11\/Okna-aluminiowe.jpeg 578w, https:\/\/cdm-okna.pl\/wp-content\/uploads\/2021\/11\/Okna-aluminiowe-217x300.jpeg 217w\" sizes=\"(max-width: 578px) 100vw, 578px\" \/><\/a><\/figure><div class=\"elementor-image-box-content\"><h3 class=\"elementor-image-box-title\"><a href=\"https:\/\/cdm-okna.pl\/en\/wooden-aluminium-windows\/\">Wooden-aluminium windows<\/a><\/h3><p class=\"elementor-image-box-description\">We used two concepts in the production of wooden-aluminium windows. The internal frames have been made of natural material characterized by very high aesthetics, while the external ones have been made of aluminium profiles. As a result, the windows are resistant to unfavourable weather conditions and to various types of mechanical damage.   <\/p><\/div><\/div>\t\t<\/div>\n\t\t\t\t<\/div>\n\t\t\t\t<div class=\"elementor-element elementor-element-1960790 elementor-widget-divider--view-line_icon elementor-hidden-desktop elementor-hidden-tablet elementor-view-default elementor-widget-divider--element-align-center elementor-widget elementor-widget-divider\" data-id=\"1960790\" data-element_type=\"widget\" data-widget_type=\"divider.default\">\n\t\t\t\t<div class=\"elementor-widget-container\">\n\t\t\t\t\t<div class=\"elementor-divider\">\n\t\t\t<span class=\"elementor-divider-separator\">\n\t\t\t\t\t\t\t<div class=\"elementor-icon elementor-divider__element\">\n\t\t\t\t\t<svg xmlns=\"http:\/\/www.w3.org\/2000\/svg\" width=\"26.93\" height=\"26.93\" viewBox=\"0 0 26.93 26.93\"><g id=\"Kompozycja_26\" data-name=\"Kompozycja 26\" transform=\"translate(26.935 13.465) rotate(135)\"><g id=\"Group_42\" data-name=\"Group 42\"><path id=\"Path_643\" data-name=\"Path 643\" d=\"M0,0V8.46H2.116V2.116H8.456V0Z\" fill=\"#3faa35\"><\/path><path id=\"Path_644\" data-name=\"Path 644\" d=\"M2.118,2.116H8.468V0H0V8.457H2.118Z\" transform=\"translate(10.578 0)\" fill=\"#3faa35\"><\/path><path id=\"Path_645\" data-name=\"Path 645\" d=\"M0,0V8.468H2.116V2.118H8.456V0Z\" transform=\"translate(0 10.578)\" fill=\"#3faa35\"><\/path><path id=\"Path_646\" data-name=\"Path 646\" d=\"M2.118,2.118H8.468V0H0V8.468H2.118Z\" transform=\"translate(10.578 10.578)\" fill=\"#3faa35\"><\/path><\/g><\/g><\/svg><\/div>\n\t\t\t\t\t\t<\/span>\n\t\t<\/div>\n\t\t\t\t<\/div>\n\t\t\t\t<\/div>\n\t\t\t\t<div class=\"elementor-element elementor-element-864923f elementor-position-left elementor-vertical-align-bottom animated-slow elementor-invisible elementor-widget elementor-widget-image-box\" data-id=\"864923f\" data-element_type=\"widget\" data-settings=\"{&quot;_animation&quot;:&quot;fadeIn&quot;}\" data-widget_type=\"image-box.default\">\n\t\t\t\t<div class=\"elementor-widget-container\">\n\t\t\t<div class=\"elementor-image-box-wrapper\"><figure class=\"elementor-image-box-img\"><a href=\"https:\/\/cdm-okna.pl\/en\/box-windows\/\" tabindex=\"-1\"><img loading=\"lazy\" decoding=\"async\" width=\"600\" height=\"830\" src=\"https:\/\/cdm-okna.pl\/wp-content\/uploads\/2025\/10\/73_v01a-1.png\" class=\"attachment-full size-full wp-image-17568\" alt=\"Techniczny przekr\u00f3j ramy i skrzyd\u0142a bia\u0142ego okna drewnianego Smart Line. Zdj\u0119cie prezentuje pakiet trzech szyb, system uszczelek oraz ozdobne frezowanie ramiaka i listwy przyszybowej, charakterystyczne dla stolarki klasycznej lub zabytkowej.\" srcset=\"https:\/\/cdm-okna.pl\/wp-content\/uploads\/2025\/10\/73_v01a-1.png 600w, https:\/\/cdm-okna.pl\/wp-content\/uploads\/2025\/10\/73_v01a-1-217x300.png 217w\" sizes=\"(max-width: 600px) 100vw, 600px\" \/><\/a><\/figure><div class=\"elementor-image-box-content\"><h3 class=\"elementor-image-box-title\"><a href=\"https:\/\/cdm-okna.pl\/en\/box-windows\/\">Box windows<\/a><\/h3><p class=\"elementor-image-box-description\">Box windows are the history of construction. They have been made by carpenters and joiners for hundreds of years. Our ancestors placed them in manors, as well as city tenements and grange houses.   Even today, conservation recommendations often require their use in the reconstruction of historic buildings. <\/p><\/div><\/div>\t\t<\/div>\n\t\t\t\t<\/div>\n\t\t\t\t<div class=\"elementor-element elementor-element-71b1cc1 elementor-widget-divider--view-line_icon elementor-hidden-desktop elementor-hidden-tablet elementor-view-default elementor-widget-divider--element-align-center elementor-widget elementor-widget-divider\" data-id=\"71b1cc1\" data-element_type=\"widget\" data-widget_type=\"divider.default\">\n\t\t\t\t<div class=\"elementor-widget-container\">\n\t\t\t\t\t<div class=\"elementor-divider\">\n\t\t\t<span class=\"elementor-divider-separator\">\n\t\t\t\t\t\t\t<div class=\"elementor-icon elementor-divider__element\">\n\t\t\t\t\t<svg xmlns=\"http:\/\/www.w3.org\/2000\/svg\" width=\"26.93\" height=\"26.93\" viewBox=\"0 0 26.93 26.93\"><g id=\"Kompozycja_26\" data-name=\"Kompozycja 26\" transform=\"translate(26.935 13.465) rotate(135)\"><g id=\"Group_42\" data-name=\"Group 42\"><path id=\"Path_643\" data-name=\"Path 643\" d=\"M0,0V8.46H2.116V2.116H8.456V0Z\" fill=\"#3faa35\"><\/path><path id=\"Path_644\" data-name=\"Path 644\" d=\"M2.118,2.116H8.468V0H0V8.457H2.118Z\" transform=\"translate(10.578 0)\" fill=\"#3faa35\"><\/path><path id=\"Path_645\" data-name=\"Path 645\" d=\"M0,0V8.468H2.116V2.118H8.456V0Z\" transform=\"translate(0 10.578)\" fill=\"#3faa35\"><\/path><path id=\"Path_646\" data-name=\"Path 646\" d=\"M2.118,2.118H8.468V0H0V8.468H2.118Z\" transform=\"translate(10.578 10.578)\" fill=\"#3faa35\"><\/path><\/g><\/g><\/svg><\/div>\n\t\t\t\t\t\t<\/span>\n\t\t<\/div>\n\t\t\t\t<\/div>\n\t\t\t\t<\/div>\n\t\t\t\t<div class=\"elementor-element elementor-element-e34d5a9 elementor-position-right elementor-vertical-align-bottom animated-slow elementor-invisible elementor-widget elementor-widget-image-box\" data-id=\"e34d5a9\" data-element_type=\"widget\" data-settings=\"{&quot;_animation&quot;:&quot;fadeIn&quot;}\" data-widget_type=\"image-box.default\">\n\t\t\t\t<div class=\"elementor-widget-container\">\n\t\t\t<div class=\"elementor-image-box-wrapper\"><figure class=\"elementor-image-box-img\"><a href=\"https:\/\/cdm-okna.pl\/en\/soundproof-windows\/\" tabindex=\"-1\"><img loading=\"lazy\" decoding=\"async\" width=\"690\" height=\"955\" src=\"https:\/\/cdm-okna.pl\/wp-content\/uploads\/2021\/11\/Okna_dzwiekoszczelne.jpeg\" class=\"attachment-full size-full wp-image-597\" alt=\"Przekr\u00f3j d\u017awi\u0119koszczelnego okna z wielowarstwow\u0105 konstrukcj\u0105, obejmuj\u0105c\u0105 kilka szyb oddzielonych komorami powietrznymi oraz ram\u0119 z drewna i metalu zapewniaj\u0105c\u0105 izolacj\u0119 akustyczn\u0105.\" srcset=\"https:\/\/cdm-okna.pl\/wp-content\/uploads\/2021\/11\/Okna_dzwiekoszczelne.jpeg 690w, https:\/\/cdm-okna.pl\/wp-content\/uploads\/2021\/11\/Okna_dzwiekoszczelne-217x300.jpeg 217w\" sizes=\"(max-width: 690px) 100vw, 690px\" \/><\/a><\/figure><div class=\"elementor-image-box-content\"><h3 class=\"elementor-image-box-title\"><a href=\"https:\/\/cdm-okna.pl\/en\/soundproof-windows\/\">Soundproof windows<\/a><\/h3><p class=\"elementor-image-box-description\">Quiet in our homes is particularly valuable. We offer a number of acoustic windows, both wooden and wooden-aluminium ones, with different acoustic insulation parameters, that help to muffle unwelcome sounds from the outside. All our soundproof windows have been tested in an accredited laboratory and their acoustic insulation parameters have been documented.  <\/p><\/div><\/div>\t\t<\/div>\n\t\t\t\t<\/div>\n\t\t\t\t<div class=\"elementor-element elementor-element-5e0545e elementor-widget-divider--view-line_icon elementor-hidden-desktop elementor-hidden-tablet elementor-view-default elementor-widget-divider--element-align-center elementor-widget elementor-widget-divider\" data-id=\"5e0545e\" data-element_type=\"widget\" data-widget_type=\"divider.default\">\n\t\t\t\t<div class=\"elementor-widget-container\">\n\t\t\t\t\t<div class=\"elementor-divider\">\n\t\t\t<span class=\"elementor-divider-separator\">\n\t\t\t\t\t\t\t<div class=\"elementor-icon elementor-divider__element\">\n\t\t\t\t\t<svg xmlns=\"http:\/\/www.w3.org\/2000\/svg\" width=\"26.93\" height=\"26.93\" viewBox=\"0 0 26.93 26.93\"><g id=\"Kompozycja_26\" data-name=\"Kompozycja 26\" transform=\"translate(26.935 13.465) rotate(135)\"><g id=\"Group_42\" data-name=\"Group 42\"><path id=\"Path_643\" data-name=\"Path 643\" d=\"M0,0V8.46H2.116V2.116H8.456V0Z\" fill=\"#3faa35\"><\/path><path id=\"Path_644\" data-name=\"Path 644\" d=\"M2.118,2.116H8.468V0H0V8.457H2.118Z\" transform=\"translate(10.578 0)\" fill=\"#3faa35\"><\/path><path id=\"Path_645\" data-name=\"Path 645\" d=\"M0,0V8.468H2.116V2.118H8.456V0Z\" transform=\"translate(0 10.578)\" fill=\"#3faa35\"><\/path><path id=\"Path_646\" data-name=\"Path 646\" d=\"M2.118,2.118H8.468V0H0V8.468H2.118Z\" transform=\"translate(10.578 10.578)\" fill=\"#3faa35\"><\/path><\/g><\/g><\/svg><\/div>\n\t\t\t\t\t\t<\/span>\n\t\t<\/div>\n\t\t\t\t<\/div>\n\t\t\t\t<\/div>\n\t\t\t\t<div class=\"elementor-element elementor-element-6094c47 elementor-position-left elementor-vertical-align-bottom animated-slow elementor-invisible elementor-widget elementor-widget-image-box\" data-id=\"6094c47\" data-element_type=\"widget\" data-settings=\"{&quot;_animation&quot;:&quot;fadeIn&quot;}\" data-widget_type=\"image-box.default\">\n\t\t\t\t<div class=\"elementor-widget-container\">\n\t\t\t<div class=\"elementor-image-box-wrapper\"><figure class=\"elementor-image-box-img\"><a href=\"https:\/\/cdm-okna.pl\/en\/sliding-and-folding-windows\/\" tabindex=\"-1\"><img loading=\"lazy\" decoding=\"async\" width=\"800\" height=\"590\" src=\"https:\/\/cdm-okna.pl\/wp-content\/uploads\/2021\/11\/Przesuwne.jpeg\" class=\"attachment-full size-full wp-image-598\" alt=\"Zestaw przesuwnych okien z jasnymi drewnianymi ramami i przezroczystymi szybami, cz\u0119\u015bciowo otwartych, ukazuj\u0105cych mechanizm przesuwno-sk\u0142adany.\" srcset=\"https:\/\/cdm-okna.pl\/wp-content\/uploads\/2021\/11\/Przesuwne.jpeg 800w, https:\/\/cdm-okna.pl\/wp-content\/uploads\/2021\/11\/Przesuwne-300x221.jpeg 300w, https:\/\/cdm-okna.pl\/wp-content\/uploads\/2021\/11\/Przesuwne-768x566.jpeg 768w\" sizes=\"(max-width: 800px) 100vw, 800px\" \/><\/a><\/figure><div class=\"elementor-image-box-content\"><h3 class=\"elementor-image-box-title\"><a href=\"https:\/\/cdm-okna.pl\/en\/sliding-and-folding-windows\/\">Sliding and folding windows<\/a><\/h3><p class=\"elementor-image-box-description\">Sliding or folding windows are energy-efficient and ideal as terrace windows. The features that make these windows more and more popular among customers include large glazing and wide exit way, while maintaining high energy-efficiency parameters.  <\/p><\/div><\/div>\t\t<\/div>\n\t\t\t\t<\/div>\n\t\t\t\t<div class=\"elementor-element elementor-element-3cb70ab elementor-widget-divider--view-line_icon elementor-hidden-desktop elementor-hidden-tablet elementor-view-default elementor-widget-divider--element-align-center elementor-widget elementor-widget-divider\" data-id=\"3cb70ab\" data-element_type=\"widget\" data-widget_type=\"divider.default\">\n\t\t\t\t<div class=\"elementor-widget-container\">\n\t\t\t\t\t<div class=\"elementor-divider\">\n\t\t\t<span class=\"elementor-divider-separator\">\n\t\t\t\t\t\t\t<div class=\"elementor-icon elementor-divider__element\">\n\t\t\t\t\t<svg xmlns=\"http:\/\/www.w3.org\/2000\/svg\" width=\"26.93\" height=\"26.93\" viewBox=\"0 0 26.93 26.93\"><g id=\"Kompozycja_26\" data-name=\"Kompozycja 26\" transform=\"translate(26.935 13.465) rotate(135)\"><g id=\"Group_42\" data-name=\"Group 42\"><path id=\"Path_643\" data-name=\"Path 643\" d=\"M0,0V8.46H2.116V2.116H8.456V0Z\" fill=\"#3faa35\"><\/path><path id=\"Path_644\" data-name=\"Path 644\" d=\"M2.118,2.116H8.468V0H0V8.457H2.118Z\" transform=\"translate(10.578 0)\" fill=\"#3faa35\"><\/path><path id=\"Path_645\" data-name=\"Path 645\" d=\"M0,0V8.468H2.116V2.118H8.456V0Z\" transform=\"translate(0 10.578)\" fill=\"#3faa35\"><\/path><path id=\"Path_646\" data-name=\"Path 646\" d=\"M2.118,2.118H8.468V0H0V8.468H2.118Z\" transform=\"translate(10.578 10.578)\" fill=\"#3faa35\"><\/path><\/g><\/g><\/svg><\/div>\n\t\t\t\t\t\t<\/span>\n\t\t<\/div>\n\t\t\t\t<\/div>\n\t\t\t\t<\/div>\n\t\t\t\t<div class=\"elementor-element elementor-element-e2a167c elementor-position-right elementor-vertical-align-bottom animated-slow elementor-invisible elementor-widget elementor-widget-image-box\" data-id=\"e2a167c\" data-element_type=\"widget\" data-settings=\"{&quot;_animation&quot;:&quot;fadeIn&quot;}\" data-widget_type=\"image-box.default\">\n\t\t\t\t<div class=\"elementor-widget-container\">\n\t\t\t<div class=\"elementor-image-box-wrapper\"><figure class=\"elementor-image-box-img\"><a href=\"https:\/\/cdm-okna.pl\/en\/english-windows\/\" tabindex=\"-1\"><img loading=\"lazy\" decoding=\"async\" width=\"386\" height=\"374\" src=\"https:\/\/cdm-okna.pl\/wp-content\/uploads\/2021\/11\/okno-ang-sash.jpeg\" class=\"attachment-full size-full wp-image-999\" alt=\"Bia\u0142e okno skrzynkowe z sze\u015bcioma szybkami w ka\u017cdej ramie, cz\u0119\u015bciowo otwarte \u2014 dolna rama uniesiona do po\u0142owy, g\u00f3rna nieruchoma.\" srcset=\"https:\/\/cdm-okna.pl\/wp-content\/uploads\/2021\/11\/okno-ang-sash.jpeg 386w, https:\/\/cdm-okna.pl\/wp-content\/uploads\/2021\/11\/okno-ang-sash-300x291.jpeg 300w\" sizes=\"(max-width: 386px) 100vw, 386px\" \/><\/a><\/figure><div class=\"elementor-image-box-content\"><h3 class=\"elementor-image-box-title\"><a href=\"https:\/\/cdm-okna.pl\/en\/english-windows\/\">English windows<\/a><\/h3><p class=\"elementor-image-box-description\">Windows of this style are most common in Great Britain, but also in Scandinavia and the Netherlands, and they are characterized by an original design, and the structure adapted to the weather conditions of the countries where they are most often used. Our offer includes wooden windows that can be customised to the needs of each client.   <\/p><\/div><\/div>\t\t<\/div>\n\t\t\t\t<\/div>\n\t\t\t\t\t<\/div>\n\t\t<\/div>\n\t\t\t\t\t\t\t<\/div>\n\t\t<\/section>\n\t\t\t\t<section class=\"elementor-section elementor-top-section elementor-element elementor-element-8fff399 elementor-section-height-min-height elementor-section-items-top elementor-section-boxed elementor-section-height-default\" data-id=\"8fff399\" data-element_type=\"section\">\n\t\t\t\t\t\t<div class=\"elementor-container elementor-column-gap-default\">\n\t\t\t\t\t<div class=\"elementor-column elementor-col-100 elementor-top-column elementor-element elementor-element-505ba06\" data-id=\"505ba06\" data-element_type=\"column\">\n\t\t\t<div class=\"elementor-widget-wrap elementor-element-populated\">\n\t\t\t\t\t\t\t\t<div class=\"elementor-element elementor-element-7185c96 elementor-widget elementor-widget-heading\" data-id=\"7185c96\" data-element_type=\"widget\" data-widget_type=\"heading.default\">\n\t\t\t\t<div class=\"elementor-widget-container\">\n\t\t\t<h2 class=\"elementor-heading-title elementor-size-default\">Equipment<\/h2>\t\t<\/div>\n\t\t\t\t<\/div>\n\t\t\t\t<div class=\"elementor-element elementor-element-16688c3 elementor-tabs-alignment-center elementor-tabs-view-horizontal elementor-widget elementor-widget-tabs\" data-id=\"16688c3\" data-element_type=\"widget\" data-widget_type=\"tabs.default\">\n\t\t\t\t<div class=\"elementor-widget-container\">\n\t\t\t\t\t<div class=\"elementor-tabs\">\n\t\t\t<div class=\"elementor-tabs-wrapper\" role=\"tablist\" >\n\t\t\t\t\t\t\t\t\t<div id=\"elementor-tab-title-2341\" class=\"elementor-tab-title elementor-tab-desktop-title\" aria-selected=\"true\" data-tab=\"1\" role=\"tab\" tabindex=\"0\" aria-controls=\"elementor-tab-content-2341\" aria-expanded=\"false\">Wood colours<\/div>\n\t\t\t\t\t\t\t\t\t<div id=\"elementor-tab-title-2342\" class=\"elementor-tab-title elementor-tab-desktop-title\" aria-selected=\"false\" data-tab=\"2\" role=\"tab\" tabindex=\"-1\" aria-controls=\"elementor-tab-content-2342\" aria-expanded=\"false\">Types of wood<\/div>\n\t\t\t\t\t\t\t\t\t<div id=\"elementor-tab-title-2343\" class=\"elementor-tab-title elementor-tab-desktop-title\" aria-selected=\"false\" data-tab=\"3\" role=\"tab\" tabindex=\"-1\" aria-controls=\"elementor-tab-content-2343\" aria-expanded=\"false\">Windowpanes<\/div>\n\t\t\t\t\t\t\t\t\t<div id=\"elementor-tab-title-2344\" class=\"elementor-tab-title elementor-tab-desktop-title\" aria-selected=\"false\" data-tab=\"4\" role=\"tab\" tabindex=\"-1\" aria-controls=\"elementor-tab-content-2344\" aria-expanded=\"false\">Muntins<\/div>\n\t\t\t\t\t\t\t\t\t<div id=\"elementor-tab-title-2345\" class=\"elementor-tab-title elementor-tab-desktop-title\" aria-selected=\"false\" data-tab=\"5\" role=\"tab\" tabindex=\"-1\" aria-controls=\"elementor-tab-content-2345\" aria-expanded=\"false\">Window handles<\/div>\n\t\t\t\t\t\t\t\t\t<div id=\"elementor-tab-title-2346\" class=\"elementor-tab-title elementor-tab-desktop-title\" aria-selected=\"false\" data-tab=\"6\" role=\"tab\" tabindex=\"-1\" aria-controls=\"elementor-tab-content-2346\" aria-expanded=\"false\">Window fittings<\/div>\n\t\t\t\t\t\t\t<\/div>\n\t\t\t<div class=\"elementor-tabs-content-wrapper\" role=\"tablist\" aria-orientation=\"vertical\">\n\t\t\t\t\t\t\t\t\t<div class=\"elementor-tab-title elementor-tab-mobile-title\" aria-selected=\"true\" data-tab=\"1\" role=\"tab\" tabindex=\"0\" aria-controls=\"elementor-tab-content-2341\" aria-expanded=\"false\">Wood colours<\/div>\n\t\t\t\t\t<div id=\"elementor-tab-content-2341\" class=\"elementor-tab-content elementor-clearfix\" data-tab=\"1\" role=\"tabpanel\" aria-labelledby=\"elementor-tab-title-2341\" tabindex=\"0\" hidden=\"false\"><div style=\"padding-left: 30px; padding-right: 30px;text-align: left;\">\t\t<div data-elementor-type=\"section\" data-elementor-id=\"12226\" class=\"elementor elementor-12226 elementor-3709\" data-elementor-post-type=\"elementor_library\">\n\t\t\t\t\t\t\t\t<section class=\"elementor-section elementor-inner-section elementor-element elementor-element-27c76f69 colors_mobile elementor-section-boxed elementor-section-height-default elementor-section-height-default\" data-id=\"27c76f69\" data-element_type=\"section\">\n\t\t\t\t\t\t<div class=\"elementor-container elementor-column-gap-default\">\n\t\t\t\t\t<div class=\"elementor-column elementor-col-100 elementor-inner-column elementor-element elementor-element-503a13e0\" data-id=\"503a13e0\" data-element_type=\"column\">\n\t\t\t<div class=\"elementor-widget-wrap elementor-element-populated\">\n\t\t\t\t\t\t\t\t<div class=\"elementor-element elementor-element-2b1151d7 elementor-tabs-alignment-center elementor-tabs-view-horizontal elementor-widget elementor-widget-tabs\" data-id=\"2b1151d7\" data-element_type=\"widget\" id=\"ral\" data-widget_type=\"tabs.default\">\n\t\t\t\t<div class=\"elementor-widget-container\">\n\t\t\t<style>\/*! elementor - v3.18.0 - 20-12-2023 *\/\n.elementor-widget-tabs.elementor-tabs-view-vertical .elementor-tabs-wrapper{width:25%;flex-shrink:0}.elementor-widget-tabs.elementor-tabs-view-vertical .elementor-tab-desktop-title.elementor-active{border-right-style:none}.elementor-widget-tabs.elementor-tabs-view-vertical .elementor-tab-desktop-title.elementor-active:after,.elementor-widget-tabs.elementor-tabs-view-vertical .elementor-tab-desktop-title.elementor-active:before{height:999em;width:0;right:0;border-right-style:solid}.elementor-widget-tabs.elementor-tabs-view-vertical .elementor-tab-desktop-title.elementor-active:before{top:0;transform:translateY(-100%)}.elementor-widget-tabs.elementor-tabs-view-vertical .elementor-tab-desktop-title.elementor-active:after{top:100%}.elementor-widget-tabs.elementor-tabs-view-horizontal .elementor-tab-desktop-title{display:table-cell}.elementor-widget-tabs.elementor-tabs-view-horizontal .elementor-tab-desktop-title.elementor-active{border-bottom-style:none}.elementor-widget-tabs.elementor-tabs-view-horizontal .elementor-tab-desktop-title.elementor-active:after,.elementor-widget-tabs.elementor-tabs-view-horizontal .elementor-tab-desktop-title.elementor-active:before{bottom:0;height:0;width:999em;border-bottom-style:solid}.elementor-widget-tabs.elementor-tabs-view-horizontal .elementor-tab-desktop-title.elementor-active:before{right:100%}.elementor-widget-tabs.elementor-tabs-view-horizontal .elementor-tab-desktop-title.elementor-active:after{left:100%}.elementor-widget-tabs .elementor-tab-content,.elementor-widget-tabs .elementor-tab-title,.elementor-widget-tabs .elementor-tab-title:after,.elementor-widget-tabs .elementor-tab-title:before,.elementor-widget-tabs .elementor-tabs-content-wrapper{border:1px #d5d8dc}.elementor-widget-tabs .elementor-tabs{text-align:left}.elementor-widget-tabs .elementor-tabs-wrapper{overflow:hidden}.elementor-widget-tabs .elementor-tab-title{cursor:pointer;outline:var(--focus-outline,none)}.elementor-widget-tabs .elementor-tab-desktop-title{position:relative;padding:20px 25px;font-weight:700;line-height:1;border:solid transparent}.elementor-widget-tabs .elementor-tab-desktop-title.elementor-active{border-color:#d5d8dc}.elementor-widget-tabs .elementor-tab-desktop-title.elementor-active:after,.elementor-widget-tabs .elementor-tab-desktop-title.elementor-active:before{display:block;content:\"\";position:absolute}.elementor-widget-tabs .elementor-tab-desktop-title:focus-visible{border:1px solid #000}.elementor-widget-tabs .elementor-tab-mobile-title{padding:10px;cursor:pointer}.elementor-widget-tabs .elementor-tab-content{padding:20px;display:none}@media (max-width:767px){.elementor-tabs .elementor-tab-content,.elementor-tabs .elementor-tab-title{border-style:solid solid none}.elementor-tabs .elementor-tabs-wrapper{display:none}.elementor-tabs .elementor-tabs-content-wrapper{border-bottom-style:solid}.elementor-tabs .elementor-tab-content{padding:10px}}@media (min-width:768px){.elementor-widget-tabs.elementor-tabs-view-vertical .elementor-tabs{display:flex}.elementor-widget-tabs.elementor-tabs-view-vertical .elementor-tabs-wrapper{flex-direction:column}.elementor-widget-tabs.elementor-tabs-view-vertical .elementor-tabs-content-wrapper{flex-grow:1;border-style:solid solid solid none}.elementor-widget-tabs.elementor-tabs-view-horizontal .elementor-tab-content{border-style:none solid solid}.elementor-widget-tabs.elementor-tabs-alignment-center .elementor-tabs-wrapper,.elementor-widget-tabs.elementor-tabs-alignment-end .elementor-tabs-wrapper,.elementor-widget-tabs.elementor-tabs-alignment-stretch .elementor-tabs-wrapper{display:flex}.elementor-widget-tabs.elementor-tabs-alignment-center .elementor-tabs-wrapper{justify-content:center}.elementor-widget-tabs.elementor-tabs-alignment-end .elementor-tabs-wrapper{justify-content:flex-end}.elementor-widget-tabs.elementor-tabs-alignment-stretch.elementor-tabs-view-horizontal .elementor-tab-title{width:100%}.elementor-widget-tabs.elementor-tabs-alignment-stretch.elementor-tabs-view-vertical .elementor-tab-title{height:100%}.elementor-tabs .elementor-tab-mobile-title{display:none}}<\/style>\t\t<div class=\"elementor-tabs\">\n\t\t\t<div class=\"elementor-tabs-wrapper\" role=\"tablist\" >\n\t\t\t\t\t\t\t\t\t<div id=\"elementor-tab-title-7221\" class=\"elementor-tab-title elementor-tab-desktop-title\" aria-selected=\"true\" data-tab=\"1\" role=\"tab\" tabindex=\"0\" aria-controls=\"elementor-tab-content-7221\" aria-expanded=\"false\">Aluminium colours<\/div>\n\t\t\t\t\t\t\t\t\t<div id=\"elementor-tab-title-7222\" class=\"elementor-tab-title elementor-tab-desktop-title\" aria-selected=\"false\" data-tab=\"2\" role=\"tab\" tabindex=\"-1\" aria-controls=\"elementor-tab-content-7222\" aria-expanded=\"false\">Ral <br>opaque varnishes<\/div>\n\t\t\t\t\t\t\t\t\t<div id=\"elementor-tab-title-7223\" class=\"elementor-tab-title elementor-tab-desktop-title\" aria-selected=\"false\" data-tab=\"3\" role=\"tab\" tabindex=\"-1\" aria-controls=\"elementor-tab-content-7223\" aria-expanded=\"false\">Transparent varnishes<\/div>\n\t\t\t\t\t\t\t\t\t<div id=\"elementor-tab-title-7224\" class=\"elementor-tab-title elementor-tab-desktop-title\" aria-selected=\"false\" data-tab=\"4\" role=\"tab\" tabindex=\"-1\" aria-controls=\"elementor-tab-content-7224\" aria-expanded=\"false\">Transparent colours <br>for wooden-aluminium windows<\/div>\n\t\t\t\t\t\t\t<\/div>\n\t\t\t<div class=\"elementor-tabs-content-wrapper\" role=\"tablist\" aria-orientation=\"vertical\">\n\t\t\t\t\t\t\t\t\t<div class=\"elementor-tab-title elementor-tab-mobile-title\" aria-selected=\"true\" data-tab=\"1\" role=\"tab\" tabindex=\"0\" aria-controls=\"elementor-tab-content-7221\" aria-expanded=\"false\">Aluminium colours<\/div>\n\t\t\t\t\t<div id=\"elementor-tab-content-7221\" class=\"elementor-tab-content elementor-clearfix\" data-tab=\"1\" role=\"tabpanel\" aria-labelledby=\"elementor-tab-title-7221\" tabindex=\"0\" hidden=\"false\"><p style=\"text-align: center;\">Since the method of taking a photo of a colour and its display on the monitor may vary, the presented colour hues should be considered as representative only.<\/p>\t\t<div data-elementor-type=\"section\" data-elementor-id=\"12298\" class=\"elementor elementor-12298 elementor-4269\" data-elementor-post-type=\"elementor_library\">\n\t\t\t\t\t\t\t\t<section class=\"elementor-section elementor-top-section elementor-element elementor-element-625cefeb elementor-section-boxed elementor-section-height-default elementor-section-height-default\" data-id=\"625cefeb\" data-element_type=\"section\">\n\t\t\t\t\t\t<div class=\"elementor-container elementor-column-gap-default\">\n\t\t\t\t\t<div class=\"elementor-column elementor-col-100 elementor-top-column elementor-element elementor-element-3c3e2730\" data-id=\"3c3e2730\" data-element_type=\"column\">\n\t\t\t<div class=\"elementor-widget-wrap elementor-element-populated\">\n\t\t\t\t\t\t\t\t<div class=\"elementor-element elementor-element-8c14c2f elementor-widget elementor-widget-heading\" data-id=\"8c14c2f\" data-element_type=\"widget\" data-widget_type=\"heading.default\">\n\t\t\t\t<div class=\"elementor-widget-container\">\n\t\t\t<h5 class=\"elementor-heading-title elementor-size-default\">RAL<\/h5>\t\t<\/div>\n\t\t\t\t<\/div>\n\t\t\t\t<div class=\"elementor-element elementor-element-a2f51d3 elementor-widget elementor-widget-image\" data-id=\"a2f51d3\" data-element_type=\"widget\" data-widget_type=\"image.default\">\n\t\t\t\t<div class=\"elementor-widget-container\">\n\t\t\t\t\t\t\t\t\t\t\t\t\t\t\t\t<a href=\"#elementor-action%3Aaction%3Dpopup%3Aopen%26settings%3DeyJpZCI6NDYzMCwidG9nZ2xlIjpmYWxzZX0%3D\">\n\t\t\t\t\t\t\t<img loading=\"lazy\" decoding=\"async\" width=\"300\" height=\"205\" src=\"https:\/\/cdm-okna.pl\/wp-content\/uploads\/2021\/12\/wg-palety-RAL-300x205.jpg\" class=\"attachment-medium size-medium wp-image-4603\" alt=\"Paleta kolor\u00f3w RAL w formie wachlarza z pr\u00f3bkami w r\u00f3\u017cnych odcieniach szaro\u015bci, zieleni, niebieskiego, czerwieni, pomara\u0144czu, \u017c\u00f3\u0142ci i br\u0105zu; ka\u017cda pr\u00f3bka oznaczona kodem RAL, ca\u0142o\u015b\u0107 spi\u0119ta metalowym nitem z pomara\u0144czow\u0105 ok\u0142adk\u0105 na wierzchu.\" srcset=\"https:\/\/cdm-okna.pl\/wp-content\/uploads\/2021\/12\/wg-palety-RAL-300x205.jpg 300w, https:\/\/cdm-okna.pl\/wp-content\/uploads\/2021\/12\/wg-palety-RAL.jpg 700w\" sizes=\"(max-width: 300px) 100vw, 300px\" \/>\t\t\t\t\t\t\t\t<\/a>\n\t\t\t\t\t\t\t\t\t\t\t\t\t\t\t<\/div>\n\t\t\t\t<\/div>\n\t\t\t\t<div class=\"elementor-element elementor-element-039eb62 elementor-widget elementor-widget-heading\" data-id=\"039eb62\" data-element_type=\"widget\" data-widget_type=\"heading.default\">\n\t\t\t\t<div class=\"elementor-widget-container\">\n\t\t\t<h5 class=\"elementor-heading-title elementor-size-default\">RAL structure<\/h5>\t\t<\/div>\n\t\t\t\t<\/div>\n\t\t\t\t<div class=\"elementor-element elementor-element-c926de0 gallery-spacing-custom elementor-widget elementor-widget-image-gallery\" data-id=\"c926de0\" data-element_type=\"widget\" data-widget_type=\"image-gallery.default\">\n\t\t\t\t<div class=\"elementor-widget-container\">\n\t\t\t<style>\/*! elementor - v3.18.0 - 20-12-2023 *\/\n.elementor-image-gallery .gallery-item{display:inline-block;text-align:center;vertical-align:top;width:100%;max-width:100%;margin:0 auto}.elementor-image-gallery .gallery-item img{margin:0 auto}.elementor-image-gallery .gallery-item .gallery-caption{margin:0}.elementor-image-gallery figure img{display:block}.elementor-image-gallery figure figcaption{width:100%}.gallery-spacing-custom .elementor-image-gallery .gallery-icon{padding:0}@media (min-width:768px){.elementor-image-gallery .gallery-columns-2 .gallery-item{max-width:50%}.elementor-image-gallery .gallery-columns-3 .gallery-item{max-width:33.33%}.elementor-image-gallery .gallery-columns-4 .gallery-item{max-width:25%}.elementor-image-gallery .gallery-columns-5 .gallery-item{max-width:20%}.elementor-image-gallery .gallery-columns-6 .gallery-item{max-width:16.666%}.elementor-image-gallery .gallery-columns-7 .gallery-item{max-width:14.28%}.elementor-image-gallery .gallery-columns-8 .gallery-item{max-width:12.5%}.elementor-image-gallery .gallery-columns-9 .gallery-item{max-width:11.11%}.elementor-image-gallery .gallery-columns-10 .gallery-item{max-width:10%}}@media (min-width:480px) and (max-width:767px){.elementor-image-gallery .gallery.gallery-columns-2 .gallery-item,.elementor-image-gallery .gallery.gallery-columns-3 .gallery-item,.elementor-image-gallery .gallery.gallery-columns-4 .gallery-item,.elementor-image-gallery .gallery.gallery-columns-5 .gallery-item,.elementor-image-gallery .gallery.gallery-columns-6 .gallery-item,.elementor-image-gallery .gallery.gallery-columns-7 .gallery-item,.elementor-image-gallery .gallery.gallery-columns-8 .gallery-item,.elementor-image-gallery .gallery.gallery-columns-9 .gallery-item,.elementor-image-gallery .gallery.gallery-columns-10 .gallery-item{max-width:50%}}@media (max-width:479px){.elementor-image-gallery .gallery.gallery-columns-2 .gallery-item,.elementor-image-gallery .gallery.gallery-columns-3 .gallery-item,.elementor-image-gallery .gallery.gallery-columns-4 .gallery-item,.elementor-image-gallery .gallery.gallery-columns-5 .gallery-item,.elementor-image-gallery .gallery.gallery-columns-6 .gallery-item,.elementor-image-gallery .gallery.gallery-columns-7 .gallery-item,.elementor-image-gallery .gallery.gallery-columns-8 .gallery-item,.elementor-image-gallery .gallery.gallery-columns-9 .gallery-item,.elementor-image-gallery .gallery.gallery-columns-10 .gallery-item{max-width:100%}}<\/style>\t\t<div class=\"elementor-image-gallery\">\n\t\t\t<div id='gallery-1' class='gallery galleryid-12185 gallery-columns-8 gallery-size-medium'><figure class='gallery-item'>\n\t\t\t<div class='gallery-icon landscape'>\n\t\t\t\t<a data-elementor-open-lightbox=\"yes\" data-elementor-lightbox-slideshow=\"c926de0\" data-elementor-lightbox-title=\"Struktura-RAL9016-FS\" data-e-action-hash=\"#elementor-action%3Aaction%3Dlightbox%26settings%3DeyJpZCI6MTA1OTAsInVybCI6Imh0dHBzOlwvXC9jZG0tb2tuYS5wbFwvd3AtY29udGVudFwvdXBsb2Fkc1wvMjAyMVwvMTJcL1N0cnVrdHVyYS1SQUw5MDE2LUZTLmpwZyIsInNsaWRlc2hvdyI6ImM5MjZkZTAifQ%3D%3D\" href='https:\/\/cdm-okna.pl\/wp-content\/uploads\/2021\/12\/Struktura-RAL9016-FS.jpg'><img loading=\"lazy\" decoding=\"async\" width=\"300\" height=\"144\" src=\"https:\/\/cdm-okna.pl\/wp-content\/uploads\/2021\/12\/Struktura-RAL9016-FS-300x144.jpg\" class=\"attachment-medium size-medium\" alt=\"Drobna strukturalna powierzchnia w kolorze RAL 9016 FS \u2013 czysta biel o matowym wyko\u0144czeniu i wyczuwalnej, nier\u00f3wnej fakturze.\" aria-describedby=\"gallery-1-10590\" srcset=\"https:\/\/cdm-okna.pl\/wp-content\/uploads\/2021\/12\/Struktura-RAL9016-FS-300x144.jpg 300w, https:\/\/cdm-okna.pl\/wp-content\/uploads\/2021\/12\/Struktura-RAL9016-FS-1024x490.jpg 1024w, https:\/\/cdm-okna.pl\/wp-content\/uploads\/2021\/12\/Struktura-RAL9016-FS-768x367.jpg 768w, https:\/\/cdm-okna.pl\/wp-content\/uploads\/2021\/12\/Struktura-RAL9016-FS.jpg 1110w\" sizes=\"(max-width: 300px) 100vw, 300px\" \/><\/a>\n\t\t\t<\/div>\n\t\t\t\t<figcaption class='wp-caption-text gallery-caption' id='gallery-1-10590'>\n\t\t\t\t9016-FS\n\t\t\t\t<\/figcaption><\/figure><figure class='gallery-item'>\n\t\t\t<div class='gallery-icon landscape'>\n\t\t\t\t<a data-elementor-open-lightbox=\"yes\" data-elementor-lightbox-slideshow=\"c926de0\" data-elementor-lightbox-title=\"Struktura-RAL9010-FS\" data-e-action-hash=\"#elementor-action%3Aaction%3Dlightbox%26settings%3DeyJpZCI6MTA1OTIsInVybCI6Imh0dHBzOlwvXC9jZG0tb2tuYS5wbFwvd3AtY29udGVudFwvdXBsb2Fkc1wvMjAyMVwvMTJcL1N0cnVrdHVyYS1SQUw5MDEwLUZTLmpwZyIsInNsaWRlc2hvdyI6ImM5MjZkZTAifQ%3D%3D\" href='https:\/\/cdm-okna.pl\/wp-content\/uploads\/2021\/12\/Struktura-RAL9010-FS.jpg'><img loading=\"lazy\" decoding=\"async\" width=\"300\" height=\"144\" src=\"https:\/\/cdm-okna.pl\/wp-content\/uploads\/2021\/12\/Struktura-RAL9010-FS-300x144.jpg\" class=\"attachment-medium size-medium\" alt=\"czysta biel sygna\u0142owa o matowym wyko\u0144czeniu z delikatnie ciep\u0142ym tonem i drobn\u0105, nieregularn\u0105 faktur\u0105.\" aria-describedby=\"gallery-1-10592\" srcset=\"https:\/\/cdm-okna.pl\/wp-content\/uploads\/2021\/12\/Struktura-RAL9010-FS-300x144.jpg 300w, https:\/\/cdm-okna.pl\/wp-content\/uploads\/2021\/12\/Struktura-RAL9010-FS-1024x490.jpg 1024w, https:\/\/cdm-okna.pl\/wp-content\/uploads\/2021\/12\/Struktura-RAL9010-FS-768x367.jpg 768w, https:\/\/cdm-okna.pl\/wp-content\/uploads\/2021\/12\/Struktura-RAL9010-FS.jpg 1110w\" sizes=\"(max-width: 300px) 100vw, 300px\" \/><\/a>\n\t\t\t<\/div>\n\t\t\t\t<figcaption class='wp-caption-text gallery-caption' id='gallery-1-10592'>\n\t\t\t\t9010-FS\n\t\t\t\t<\/figcaption><\/figure><figure class='gallery-item'>\n\t\t\t<div class='gallery-icon landscape'>\n\t\t\t\t<a data-elementor-open-lightbox=\"yes\" data-elementor-lightbox-slideshow=\"c926de0\" data-elementor-lightbox-title=\"Struktura-RAL9007-FS\" data-e-action-hash=\"#elementor-action%3Aaction%3Dlightbox%26settings%3DeyJpZCI6MTA2MTYsInVybCI6Imh0dHBzOlwvXC9jZG0tb2tuYS5wbFwvd3AtY29udGVudFwvdXBsb2Fkc1wvMjAyMVwvMTJcL1N0cnVrdHVyYS1SQUw5MDA3LUZTLmpwZyIsInNsaWRlc2hvdyI6ImM5MjZkZTAifQ%3D%3D\" href='https:\/\/cdm-okna.pl\/wp-content\/uploads\/2021\/12\/Struktura-RAL9007-FS.jpg'><img loading=\"lazy\" decoding=\"async\" width=\"300\" height=\"142\" src=\"https:\/\/cdm-okna.pl\/wp-content\/uploads\/2021\/12\/Struktura-RAL9007-FS-300x142.jpg\" class=\"attachment-medium size-medium\" alt=\"szaro-aluminiowy kolor o metalicznym po\u0142ysku prze\u0142amanym matowym wyko\u0144czeniem i wyrazist\u0105 struktur\u0105 powierzchni.\" aria-describedby=\"gallery-1-10616\" srcset=\"https:\/\/cdm-okna.pl\/wp-content\/uploads\/2021\/12\/Struktura-RAL9007-FS-300x142.jpg 300w, https:\/\/cdm-okna.pl\/wp-content\/uploads\/2021\/12\/Struktura-RAL9007-FS-1024x485.jpg 1024w, https:\/\/cdm-okna.pl\/wp-content\/uploads\/2021\/12\/Struktura-RAL9007-FS-768x364.jpg 768w, https:\/\/cdm-okna.pl\/wp-content\/uploads\/2021\/12\/Struktura-RAL9007-FS.jpg 1121w\" sizes=\"(max-width: 300px) 100vw, 300px\" \/><\/a>\n\t\t\t<\/div>\n\t\t\t\t<figcaption class='wp-caption-text gallery-caption' id='gallery-1-10616'>\n\t\t\t\t9007-FS\n\t\t\t\t<\/figcaption><\/figure><figure class='gallery-item'>\n\t\t\t<div class='gallery-icon landscape'>\n\t\t\t\t<a data-elementor-open-lightbox=\"yes\" data-elementor-lightbox-slideshow=\"c926de0\" data-elementor-lightbox-title=\"Struktura-RAL9006-FS\" data-e-action-hash=\"#elementor-action%3Aaction%3Dlightbox%26settings%3DeyJpZCI6MTA1OTQsInVybCI6Imh0dHBzOlwvXC9jZG0tb2tuYS5wbFwvd3AtY29udGVudFwvdXBsb2Fkc1wvMjAyMVwvMTJcL1N0cnVrdHVyYS1SQUw5MDA2LUZTLmpwZyIsInNsaWRlc2hvdyI6ImM5MjZkZTAifQ%3D%3D\" href='https:\/\/cdm-okna.pl\/wp-content\/uploads\/2021\/12\/Struktura-RAL9006-FS.jpg'><img loading=\"lazy\" decoding=\"async\" width=\"300\" height=\"142\" src=\"https:\/\/cdm-okna.pl\/wp-content\/uploads\/2021\/12\/Struktura-RAL9006-FS-300x142.jpg\" class=\"attachment-medium size-medium\" alt=\"jasne aluminium o ch\u0142odnym, srebrzystym odcieniu i wyra\u017anie ziarnistej, metalicznej strukturze.\" aria-describedby=\"gallery-1-10594\" srcset=\"https:\/\/cdm-okna.pl\/wp-content\/uploads\/2021\/12\/Struktura-RAL9006-FS-300x142.jpg 300w, https:\/\/cdm-okna.pl\/wp-content\/uploads\/2021\/12\/Struktura-RAL9006-FS-1024x485.jpg 1024w, https:\/\/cdm-okna.pl\/wp-content\/uploads\/2021\/12\/Struktura-RAL9006-FS-768x364.jpg 768w, https:\/\/cdm-okna.pl\/wp-content\/uploads\/2021\/12\/Struktura-RAL9006-FS.jpg 1120w\" sizes=\"(max-width: 300px) 100vw, 300px\" \/><\/a>\n\t\t\t<\/div>\n\t\t\t\t<figcaption class='wp-caption-text gallery-caption' id='gallery-1-10594'>\n\t\t\t\t9006-FS\n\t\t\t\t<\/figcaption><\/figure><figure class='gallery-item'>\n\t\t\t<div class='gallery-icon landscape'>\n\t\t\t\t<a data-elementor-open-lightbox=\"yes\" data-elementor-lightbox-slideshow=\"c926de0\" data-elementor-lightbox-title=\"Struktura-RAL9005-FS\" data-e-action-hash=\"#elementor-action%3Aaction%3Dlightbox%26settings%3DeyJpZCI6MTA1ODgsInVybCI6Imh0dHBzOlwvXC9jZG0tb2tuYS5wbFwvd3AtY29udGVudFwvdXBsb2Fkc1wvMjAyMVwvMTJcL1N0cnVrdHVyYS1SQUw5MDA1LUZTLmpwZyIsInNsaWRlc2hvdyI6ImM5MjZkZTAifQ%3D%3D\" href='https:\/\/cdm-okna.pl\/wp-content\/uploads\/2021\/12\/Struktura-RAL9005-FS.jpg'><img loading=\"lazy\" decoding=\"async\" width=\"300\" height=\"142\" src=\"https:\/\/cdm-okna.pl\/wp-content\/uploads\/2021\/12\/Struktura-RAL9005-FS-300x142.jpg\" class=\"attachment-medium size-medium\" alt=\"Drobna strukturalna powierzchnia w kolorze RAL 9005 FS \u2013 g\u0142\u0119boka, intensywna czer\u0144 o matowym wyko\u0144czeniu i wyczuwalnej, nier\u00f3wnej fakturze.\" aria-describedby=\"gallery-1-10588\" srcset=\"https:\/\/cdm-okna.pl\/wp-content\/uploads\/2021\/12\/Struktura-RAL9005-FS-300x142.jpg 300w, https:\/\/cdm-okna.pl\/wp-content\/uploads\/2021\/12\/Struktura-RAL9005-FS-1024x485.jpg 1024w, https:\/\/cdm-okna.pl\/wp-content\/uploads\/2021\/12\/Struktura-RAL9005-FS-768x364.jpg 768w, https:\/\/cdm-okna.pl\/wp-content\/uploads\/2021\/12\/Struktura-RAL9005-FS.jpg 1121w\" sizes=\"(max-width: 300px) 100vw, 300px\" \/><\/a>\n\t\t\t<\/div>\n\t\t\t\t<figcaption class='wp-caption-text gallery-caption' id='gallery-1-10588'>\n\t\t\t\t9005-FS\n\t\t\t\t<\/figcaption><\/figure><figure class='gallery-item'>\n\t\t\t<div class='gallery-icon landscape'>\n\t\t\t\t<a data-elementor-open-lightbox=\"yes\" data-elementor-lightbox-slideshow=\"c926de0\" data-elementor-lightbox-title=\"Struktura-RAL8019-FS\" data-e-action-hash=\"#elementor-action%3Aaction%3Dlightbox%26settings%3DeyJpZCI6MTA2MTAsInVybCI6Imh0dHBzOlwvXC9jZG0tb2tuYS5wbFwvd3AtY29udGVudFwvdXBsb2Fkc1wvMjAyMVwvMTJcL1N0cnVrdHVyYS1SQUw4MDE5LUZTLmpwZyIsInNsaWRlc2hvdyI6ImM5MjZkZTAifQ%3D%3D\" href='https:\/\/cdm-okna.pl\/wp-content\/uploads\/2021\/12\/Struktura-RAL8019-FS.jpg'><img loading=\"lazy\" decoding=\"async\" width=\"300\" height=\"142\" src=\"https:\/\/cdm-okna.pl\/wp-content\/uploads\/2021\/12\/Struktura-RAL8019-FS-300x142.jpg\" class=\"attachment-medium size-medium\" alt=\"bardzo ciemny br\u0105z, wpadaj\u0105cy niemal w czer\u0144, matowy i z wyra\u017an\u0105 chropowato\u015bci\u0105.\" aria-describedby=\"gallery-1-10610\" srcset=\"https:\/\/cdm-okna.pl\/wp-content\/uploads\/2021\/12\/Struktura-RAL8019-FS-300x142.jpg 300w, https:\/\/cdm-okna.pl\/wp-content\/uploads\/2021\/12\/Struktura-RAL8019-FS-1024x485.jpg 1024w, https:\/\/cdm-okna.pl\/wp-content\/uploads\/2021\/12\/Struktura-RAL8019-FS-768x364.jpg 768w, https:\/\/cdm-okna.pl\/wp-content\/uploads\/2021\/12\/Struktura-RAL8019-FS.jpg 1121w\" sizes=\"(max-width: 300px) 100vw, 300px\" \/><\/a>\n\t\t\t<\/div>\n\t\t\t\t<figcaption class='wp-caption-text gallery-caption' id='gallery-1-10610'>\n\t\t\t\t8019-FS\n\t\t\t\t<\/figcaption><\/figure><figure class='gallery-item'>\n\t\t\t<div class='gallery-icon landscape'>\n\t\t\t\t<a data-elementor-open-lightbox=\"yes\" data-elementor-lightbox-slideshow=\"c926de0\" data-elementor-lightbox-title=\"Struktura-RAL8017-FS\" data-e-action-hash=\"#elementor-action%3Aaction%3Dlightbox%26settings%3DeyJpZCI6MTA1OTYsInVybCI6Imh0dHBzOlwvXC9jZG0tb2tuYS5wbFwvd3AtY29udGVudFwvdXBsb2Fkc1wvMjAyMVwvMTJcL1N0cnVrdHVyYS1SQUw4MDE3LUZTLmpwZyIsInNsaWRlc2hvdyI6ImM5MjZkZTAifQ%3D%3D\" href='https:\/\/cdm-okna.pl\/wp-content\/uploads\/2021\/12\/Struktura-RAL8017-FS.jpg'><img loading=\"lazy\" decoding=\"async\" width=\"300\" height=\"142\" src=\"https:\/\/cdm-okna.pl\/wp-content\/uploads\/2021\/12\/Struktura-RAL8017-FS-300x142.jpg\" class=\"attachment-medium size-medium\" alt=\"ciemnobr\u0105zowy kolor czekolady o g\u0142\u0119bokim matowym wyko\u0144czeniu i chropowatej fakturze.\" aria-describedby=\"gallery-1-10596\" srcset=\"https:\/\/cdm-okna.pl\/wp-content\/uploads\/2021\/12\/Struktura-RAL8017-FS-300x142.jpg 300w, https:\/\/cdm-okna.pl\/wp-content\/uploads\/2021\/12\/Struktura-RAL8017-FS-1024x485.jpg 1024w, https:\/\/cdm-okna.pl\/wp-content\/uploads\/2021\/12\/Struktura-RAL8017-FS-768x364.jpg 768w, https:\/\/cdm-okna.pl\/wp-content\/uploads\/2021\/12\/Struktura-RAL8017-FS.jpg 1120w\" sizes=\"(max-width: 300px) 100vw, 300px\" \/><\/a>\n\t\t\t<\/div>\n\t\t\t\t<figcaption class='wp-caption-text gallery-caption' id='gallery-1-10596'>\n\t\t\t\t8017-FS\n\t\t\t\t<\/figcaption><\/figure><figure class='gallery-item'>\n\t\t\t<div class='gallery-icon landscape'>\n\t\t\t\t<a data-elementor-open-lightbox=\"yes\" data-elementor-lightbox-slideshow=\"c926de0\" data-elementor-lightbox-title=\"Struktura-RAL8007-FS\" data-e-action-hash=\"#elementor-action%3Aaction%3Dlightbox%26settings%3DeyJpZCI6MTA2MTIsInVybCI6Imh0dHBzOlwvXC9jZG0tb2tuYS5wbFwvd3AtY29udGVudFwvdXBsb2Fkc1wvMjAyMVwvMTJcL1N0cnVrdHVyYS1SQUw4MDA3LUZTLmpwZyIsInNsaWRlc2hvdyI6ImM5MjZkZTAifQ%3D%3D\" href='https:\/\/cdm-okna.pl\/wp-content\/uploads\/2021\/12\/Struktura-RAL8007-FS.jpg'><img loading=\"lazy\" decoding=\"async\" width=\"300\" height=\"142\" src=\"https:\/\/cdm-okna.pl\/wp-content\/uploads\/2021\/12\/Struktura-RAL8007-FS-300x142.jpg\" class=\"attachment-medium size-medium\" alt=\"ciep\u0142y, ceglastobr\u0105zowy odcie\u0144 z matowym wyko\u0144czeniem i nier\u00f3wn\u0105, wyrazist\u0105 struktur\u0105.\" aria-describedby=\"gallery-1-10612\" srcset=\"https:\/\/cdm-okna.pl\/wp-content\/uploads\/2021\/12\/Struktura-RAL8007-FS-300x142.jpg 300w, https:\/\/cdm-okna.pl\/wp-content\/uploads\/2021\/12\/Struktura-RAL8007-FS-1024x485.jpg 1024w, https:\/\/cdm-okna.pl\/wp-content\/uploads\/2021\/12\/Struktura-RAL8007-FS-768x364.jpg 768w, https:\/\/cdm-okna.pl\/wp-content\/uploads\/2021\/12\/Struktura-RAL8007-FS.jpg 1121w\" sizes=\"(max-width: 300px) 100vw, 300px\" \/><\/a>\n\t\t\t<\/div>\n\t\t\t\t<figcaption class='wp-caption-text gallery-caption' id='gallery-1-10612'>\n\t\t\t\t8007-FS\n\t\t\t\t<\/figcaption><\/figure><figure class='gallery-item'>\n\t\t\t<div class='gallery-icon landscape'>\n\t\t\t\t<a data-elementor-open-lightbox=\"yes\" data-elementor-lightbox-slideshow=\"c926de0\" data-elementor-lightbox-title=\"Struktura-RAL8001-FS\" data-e-action-hash=\"#elementor-action%3Aaction%3Dlightbox%26settings%3DeyJpZCI6MTA1OTgsInVybCI6Imh0dHBzOlwvXC9jZG0tb2tuYS5wbFwvd3AtY29udGVudFwvdXBsb2Fkc1wvMjAyMVwvMTJcL1N0cnVrdHVyYS1SQUw4MDAxLUZTLmpwZyIsInNsaWRlc2hvdyI6ImM5MjZkZTAifQ%3D%3D\" href='https:\/\/cdm-okna.pl\/wp-content\/uploads\/2021\/12\/Struktura-RAL8001-FS.jpg'><img loading=\"lazy\" decoding=\"async\" width=\"300\" height=\"142\" src=\"https:\/\/cdm-okna.pl\/wp-content\/uploads\/2021\/12\/Struktura-RAL8001-FS-300x142.jpg\" class=\"attachment-medium size-medium\" alt=\"intensywny, pomara\u0144czowo-br\u0105zowy odcie\u0144 gliny z surowym, strukturalnym wyko\u0144czeniem.\" aria-describedby=\"gallery-1-10598\" srcset=\"https:\/\/cdm-okna.pl\/wp-content\/uploads\/2021\/12\/Struktura-RAL8001-FS-300x142.jpg 300w, https:\/\/cdm-okna.pl\/wp-content\/uploads\/2021\/12\/Struktura-RAL8001-FS-1024x485.jpg 1024w, https:\/\/cdm-okna.pl\/wp-content\/uploads\/2021\/12\/Struktura-RAL8001-FS-768x364.jpg 768w, https:\/\/cdm-okna.pl\/wp-content\/uploads\/2021\/12\/Struktura-RAL8001-FS.jpg 1121w\" sizes=\"(max-width: 300px) 100vw, 300px\" \/><\/a>\n\t\t\t<\/div>\n\t\t\t\t<figcaption class='wp-caption-text gallery-caption' id='gallery-1-10598'>\n\t\t\t\t8001-FS\n\t\t\t\t<\/figcaption><\/figure><figure class='gallery-item'>\n\t\t\t<div class='gallery-icon landscape'>\n\t\t\t\t<a data-elementor-open-lightbox=\"yes\" data-elementor-lightbox-slideshow=\"c926de0\" data-elementor-lightbox-title=\"Struktura-RAL7042-FS\" data-e-action-hash=\"#elementor-action%3Aaction%3Dlightbox%26settings%3DeyJpZCI6MTA2MDAsInVybCI6Imh0dHBzOlwvXC9jZG0tb2tuYS5wbFwvd3AtY29udGVudFwvdXBsb2Fkc1wvMjAyMVwvMTJcL1N0cnVrdHVyYS1SQUw3MDQyLUZTLmpwZyIsInNsaWRlc2hvdyI6ImM5MjZkZTAifQ%3D%3D\" href='https:\/\/cdm-okna.pl\/wp-content\/uploads\/2021\/12\/Struktura-RAL7042-FS.jpg'><img loading=\"lazy\" decoding=\"async\" width=\"300\" height=\"142\" src=\"https:\/\/cdm-okna.pl\/wp-content\/uploads\/2021\/12\/Struktura-RAL7042-FS-300x142.jpg\" class=\"attachment-medium size-medium\" alt=\"jasnoszary, neutralny kolor o matowej powierzchni i lekko ziarnistej fakturze.\" aria-describedby=\"gallery-1-10600\" srcset=\"https:\/\/cdm-okna.pl\/wp-content\/uploads\/2021\/12\/Struktura-RAL7042-FS-300x142.jpg 300w, https:\/\/cdm-okna.pl\/wp-content\/uploads\/2021\/12\/Struktura-RAL7042-FS-1024x485.jpg 1024w, https:\/\/cdm-okna.pl\/wp-content\/uploads\/2021\/12\/Struktura-RAL7042-FS-768x364.jpg 768w, https:\/\/cdm-okna.pl\/wp-content\/uploads\/2021\/12\/Struktura-RAL7042-FS.jpg 1120w\" sizes=\"(max-width: 300px) 100vw, 300px\" \/><\/a>\n\t\t\t<\/div>\n\t\t\t\t<figcaption class='wp-caption-text gallery-caption' id='gallery-1-10600'>\n\t\t\t\t7042-FS\n\t\t\t\t<\/figcaption><\/figure><figure class='gallery-item'>\n\t\t\t<div class='gallery-icon landscape'>\n\t\t\t\t<a data-elementor-open-lightbox=\"yes\" data-elementor-lightbox-slideshow=\"c926de0\" data-elementor-lightbox-title=\"Struktura-RAL7035-FS\" data-e-action-hash=\"#elementor-action%3Aaction%3Dlightbox%26settings%3DeyJpZCI6MTA2MDIsInVybCI6Imh0dHBzOlwvXC9jZG0tb2tuYS5wbFwvd3AtY29udGVudFwvdXBsb2Fkc1wvMjAyMVwvMTJcL1N0cnVrdHVyYS1SQUw3MDM1LUZTLmpwZyIsInNsaWRlc2hvdyI6ImM5MjZkZTAifQ%3D%3D\" href='https:\/\/cdm-okna.pl\/wp-content\/uploads\/2021\/12\/Struktura-RAL7035-FS.jpg'><img loading=\"lazy\" decoding=\"async\" width=\"300\" height=\"142\" src=\"https:\/\/cdm-okna.pl\/wp-content\/uploads\/2021\/12\/Struktura-RAL7035-FS-300x142.jpg\" class=\"attachment-medium size-medium\" alt=\"jasna szaro\u015b\u0107 z domieszk\u0105 ch\u0142odnego tonu, matowa i lekko porowata w dotyku.\" aria-describedby=\"gallery-1-10602\" srcset=\"https:\/\/cdm-okna.pl\/wp-content\/uploads\/2021\/12\/Struktura-RAL7035-FS-300x142.jpg 300w, https:\/\/cdm-okna.pl\/wp-content\/uploads\/2021\/12\/Struktura-RAL7035-FS-1024x485.jpg 1024w, https:\/\/cdm-okna.pl\/wp-content\/uploads\/2021\/12\/Struktura-RAL7035-FS-768x364.jpg 768w, https:\/\/cdm-okna.pl\/wp-content\/uploads\/2021\/12\/Struktura-RAL7035-FS.jpg 1120w\" sizes=\"(max-width: 300px) 100vw, 300px\" \/><\/a>\n\t\t\t<\/div>\n\t\t\t\t<figcaption class='wp-caption-text gallery-caption' id='gallery-1-10602'>\n\t\t\t\t7035-FS\n\t\t\t\t<\/figcaption><\/figure><figure class='gallery-item'>\n\t\t\t<div class='gallery-icon landscape'>\n\t\t\t\t<a data-elementor-open-lightbox=\"yes\" data-elementor-lightbox-slideshow=\"c926de0\" data-elementor-lightbox-title=\"Struktura-RAL7016-FS\" data-e-action-hash=\"#elementor-action%3Aaction%3Dlightbox%26settings%3DeyJpZCI6MTA2MTgsInVybCI6Imh0dHBzOlwvXC9jZG0tb2tuYS5wbFwvd3AtY29udGVudFwvdXBsb2Fkc1wvMjAyMVwvMTJcL1N0cnVrdHVyYS1SQUw3MDE2LUZTLmpwZyIsInNsaWRlc2hvdyI6ImM5MjZkZTAifQ%3D%3D\" href='https:\/\/cdm-okna.pl\/wp-content\/uploads\/2021\/12\/Struktura-RAL7016-FS.jpg'><img loading=\"lazy\" decoding=\"async\" width=\"300\" height=\"142\" src=\"https:\/\/cdm-okna.pl\/wp-content\/uploads\/2021\/12\/Struktura-RAL7016-FS-300x142.jpg\" class=\"attachment-medium size-medium\" alt=\"antracytowa szaro\u015b\u0107 (grafitowy) o bardzo eleganckim, g\u0142\u0119bokim odcieniu z wyra\u017anie ziarnist\u0105 struktur\u0105 i matowym wyko\u0144czeniem.\" aria-describedby=\"gallery-1-10618\" srcset=\"https:\/\/cdm-okna.pl\/wp-content\/uploads\/2021\/12\/Struktura-RAL7016-FS-300x142.jpg 300w, https:\/\/cdm-okna.pl\/wp-content\/uploads\/2021\/12\/Struktura-RAL7016-FS-1024x485.jpg 1024w, https:\/\/cdm-okna.pl\/wp-content\/uploads\/2021\/12\/Struktura-RAL7016-FS-768x364.jpg 768w, https:\/\/cdm-okna.pl\/wp-content\/uploads\/2021\/12\/Struktura-RAL7016-FS.jpg 1121w\" sizes=\"(max-width: 300px) 100vw, 300px\" \/><\/a>\n\t\t\t<\/div>\n\t\t\t\t<figcaption class='wp-caption-text gallery-caption' id='gallery-1-10618'>\n\t\t\t\t7016-FS\n\t\t\t\t<\/figcaption><\/figure><figure class='gallery-item'>\n\t\t\t<div class='gallery-icon landscape'>\n\t\t\t\t<a data-elementor-open-lightbox=\"yes\" data-elementor-lightbox-slideshow=\"c926de0\" data-elementor-lightbox-title=\"Struktura-RAL6005-FS\" data-e-action-hash=\"#elementor-action%3Aaction%3Dlightbox%26settings%3DeyJpZCI6MTA2MDQsInVybCI6Imh0dHBzOlwvXC9jZG0tb2tuYS5wbFwvd3AtY29udGVudFwvdXBsb2Fkc1wvMjAyMVwvMTJcL1N0cnVrdHVyYS1SQUw2MDA1LUZTLmpwZyIsInNsaWRlc2hvdyI6ImM5MjZkZTAifQ%3D%3D\" href='https:\/\/cdm-okna.pl\/wp-content\/uploads\/2021\/12\/Struktura-RAL6005-FS.jpg'><img loading=\"lazy\" decoding=\"async\" width=\"300\" height=\"142\" src=\"https:\/\/cdm-okna.pl\/wp-content\/uploads\/2021\/12\/Struktura-RAL6005-FS-300x142.jpg\" class=\"attachment-medium size-medium\" alt=\"ciemna ziele\u0144 (ziele\u0144 mchowa) o matowym, naturalnym wyko\u0144czeniu z wyra\u017anie wyczuwaln\u0105 struktur\u0105.\" aria-describedby=\"gallery-1-10604\" srcset=\"https:\/\/cdm-okna.pl\/wp-content\/uploads\/2021\/12\/Struktura-RAL6005-FS-300x142.jpg 300w, https:\/\/cdm-okna.pl\/wp-content\/uploads\/2021\/12\/Struktura-RAL6005-FS-1024x485.jpg 1024w, https:\/\/cdm-okna.pl\/wp-content\/uploads\/2021\/12\/Struktura-RAL6005-FS-768x364.jpg 768w, https:\/\/cdm-okna.pl\/wp-content\/uploads\/2021\/12\/Struktura-RAL6005-FS.jpg 1120w\" sizes=\"(max-width: 300px) 100vw, 300px\" \/><\/a>\n\t\t\t<\/div>\n\t\t\t\t<figcaption class='wp-caption-text gallery-caption' id='gallery-1-10604'>\n\t\t\t\t6005-FS\n\t\t\t\t<\/figcaption><\/figure><figure class='gallery-item'>\n\t\t\t<div class='gallery-icon landscape'>\n\t\t\t\t<a data-elementor-open-lightbox=\"yes\" data-elementor-lightbox-slideshow=\"c926de0\" data-elementor-lightbox-title=\"Struktura-RAL5010-FS\" data-e-action-hash=\"#elementor-action%3Aaction%3Dlightbox%26settings%3DeyJpZCI6MTA2MDYsInVybCI6Imh0dHBzOlwvXC9jZG0tb2tuYS5wbFwvd3AtY29udGVudFwvdXBsb2Fkc1wvMjAyMVwvMTJcL1N0cnVrdHVyYS1SQUw1MDEwLUZTLmpwZyIsInNsaWRlc2hvdyI6ImM5MjZkZTAifQ%3D%3D\" href='https:\/\/cdm-okna.pl\/wp-content\/uploads\/2021\/12\/Struktura-RAL5010-FS.jpg'><img loading=\"lazy\" decoding=\"async\" width=\"300\" height=\"142\" src=\"https:\/\/cdm-okna.pl\/wp-content\/uploads\/2021\/12\/Struktura-RAL5010-FS-300x142.jpg\" class=\"attachment-medium size-medium\" alt=\"g\u0142\u0119boki niebieski (niebieski gencjanowy) o intensywnym kolorze, matowy i szorstki w dotyku.\" aria-describedby=\"gallery-1-10606\" srcset=\"https:\/\/cdm-okna.pl\/wp-content\/uploads\/2021\/12\/Struktura-RAL5010-FS-300x142.jpg 300w, https:\/\/cdm-okna.pl\/wp-content\/uploads\/2021\/12\/Struktura-RAL5010-FS-1024x485.jpg 1024w, https:\/\/cdm-okna.pl\/wp-content\/uploads\/2021\/12\/Struktura-RAL5010-FS-768x364.jpg 768w, https:\/\/cdm-okna.pl\/wp-content\/uploads\/2021\/12\/Struktura-RAL5010-FS.jpg 1120w\" sizes=\"(max-width: 300px) 100vw, 300px\" \/><\/a>\n\t\t\t<\/div>\n\t\t\t\t<figcaption class='wp-caption-text gallery-caption' id='gallery-1-10606'>\n\t\t\t\t5010-FS\n\t\t\t\t<\/figcaption><\/figure><figure class='gallery-item'>\n\t\t\t<div class='gallery-icon landscape'>\n\t\t\t\t<a data-elementor-open-lightbox=\"yes\" data-elementor-lightbox-slideshow=\"c926de0\" data-elementor-lightbox-title=\"Struktura-RAL3004-FS\" data-e-action-hash=\"#elementor-action%3Aaction%3Dlightbox%26settings%3DeyJpZCI6MTA2MTQsInVybCI6Imh0dHBzOlwvXC9jZG0tb2tuYS5wbFwvd3AtY29udGVudFwvdXBsb2Fkc1wvMjAyMVwvMTJcL1N0cnVrdHVyYS1SQUwzMDA0LUZTLmpwZyIsInNsaWRlc2hvdyI6ImM5MjZkZTAifQ%3D%3D\" href='https:\/\/cdm-okna.pl\/wp-content\/uploads\/2021\/12\/Struktura-RAL3004-FS.jpg'><img loading=\"lazy\" decoding=\"async\" width=\"300\" height=\"142\" src=\"https:\/\/cdm-okna.pl\/wp-content\/uploads\/2021\/12\/Struktura-RAL3004-FS-300x142.jpg\" class=\"attachment-medium size-medium\" alt=\"g\u0142\u0119boki burgund o winnej tonacji, matowy i lekko szorstki, z drobn\u0105 struktur\u0105.\" aria-describedby=\"gallery-1-10614\" srcset=\"https:\/\/cdm-okna.pl\/wp-content\/uploads\/2021\/12\/Struktura-RAL3004-FS-300x142.jpg 300w, https:\/\/cdm-okna.pl\/wp-content\/uploads\/2021\/12\/Struktura-RAL3004-FS-1024x485.jpg 1024w, https:\/\/cdm-okna.pl\/wp-content\/uploads\/2021\/12\/Struktura-RAL3004-FS-768x364.jpg 768w, https:\/\/cdm-okna.pl\/wp-content\/uploads\/2021\/12\/Struktura-RAL3004-FS.jpg 1121w\" sizes=\"(max-width: 300px) 100vw, 300px\" \/><\/a>\n\t\t\t<\/div>\n\t\t\t\t<figcaption class='wp-caption-text gallery-caption' id='gallery-1-10614'>\n\t\t\t\t3004-FS\n\t\t\t\t<\/figcaption><\/figure><figure class='gallery-item'>\n\t\t\t<div class='gallery-icon landscape'>\n\t\t\t\t<a data-elementor-open-lightbox=\"yes\" data-elementor-lightbox-slideshow=\"c926de0\" data-elementor-lightbox-title=\"Struktura-RAL1013-FS\" data-e-action-hash=\"#elementor-action%3Aaction%3Dlightbox%26settings%3DeyJpZCI6MTA2MDgsInVybCI6Imh0dHBzOlwvXC9jZG0tb2tuYS5wbFwvd3AtY29udGVudFwvdXBsb2Fkc1wvMjAyMVwvMTJcL1N0cnVrdHVyYS1SQUwxMDEzLUZTLmpwZyIsInNsaWRlc2hvdyI6ImM5MjZkZTAifQ%3D%3D\" href='https:\/\/cdm-okna.pl\/wp-content\/uploads\/2021\/12\/Struktura-RAL1013-FS.jpg'><img loading=\"lazy\" decoding=\"async\" width=\"300\" height=\"142\" src=\"https:\/\/cdm-okna.pl\/wp-content\/uploads\/2021\/12\/Struktura-RAL1013-FS-300x142.jpg\" class=\"attachment-medium size-medium\" alt=\"jasny kremowy kolor (bia\u0142y per\u0142owy) o subtelnym ciep\u0142ym odcieniu i drobnoziarnistej strukturze.\" aria-describedby=\"gallery-1-10608\" srcset=\"https:\/\/cdm-okna.pl\/wp-content\/uploads\/2021\/12\/Struktura-RAL1013-FS-300x142.jpg 300w, https:\/\/cdm-okna.pl\/wp-content\/uploads\/2021\/12\/Struktura-RAL1013-FS-1024x485.jpg 1024w, https:\/\/cdm-okna.pl\/wp-content\/uploads\/2021\/12\/Struktura-RAL1013-FS-768x364.jpg 768w, https:\/\/cdm-okna.pl\/wp-content\/uploads\/2021\/12\/Struktura-RAL1013-FS.jpg 1120w\" sizes=\"(max-width: 300px) 100vw, 300px\" \/><\/a>\n\t\t\t<\/div>\n\t\t\t\t<figcaption class='wp-caption-text gallery-caption' id='gallery-1-10608'>\n\t\t\t\t1013-FS\n\t\t\t\t<\/figcaption><\/figure>\n\t\t<\/div>\n\t\t<\/div>\n\t\t\t\t<\/div>\n\t\t\t\t<\/div>\n\t\t\t\t<div class=\"elementor-element elementor-element-d2d188e elementor-widget elementor-widget-heading\" data-id=\"d2d188e\" data-element_type=\"widget\" data-widget_type=\"heading.default\">\n\t\t\t\t<div class=\"elementor-widget-container\">\n\t\t\t<h5 class=\"elementor-heading-title elementor-size-default\">Metalic<\/h5>\t\t<\/div>\n\t\t\t\t<\/div>\n\t\t\t\t<div class=\"elementor-element elementor-element-4aac6f74 gallery-spacing-custom elementor-widget elementor-widget-image-gallery\" data-id=\"4aac6f74\" data-element_type=\"widget\" data-widget_type=\"image-gallery.default\">\n\t\t\t\t<div class=\"elementor-widget-container\">\n\t\t\t\t\t<div class=\"elementor-image-gallery\">\n\t\t\t<div id='gallery-2' class='gallery galleryid-12185 gallery-columns-8 gallery-size-medium'><figure class='gallery-item'>\n\t\t\t<div class='gallery-icon landscape'>\n\t\t\t\t<a data-elementor-open-lightbox=\"yes\" data-elementor-lightbox-slideshow=\"4aac6f74\" data-elementor-lightbox-title=\"Metaliczny-15-FS\" data-e-action-hash=\"#elementor-action%3Aaction%3Dlightbox%26settings%3DeyJpZCI6MTA2MjAsInVybCI6Imh0dHBzOlwvXC9jZG0tb2tuYS5wbFwvd3AtY29udGVudFwvdXBsb2Fkc1wvMjAyMVwvMTJcL01ldGFsaWN6bnktMTUtRlMuanBnIiwic2xpZGVzaG93IjoiNGFhYzZmNzQifQ%3D%3D\" href='https:\/\/cdm-okna.pl\/wp-content\/uploads\/2021\/12\/Metaliczny-15-FS.jpg'><img loading=\"lazy\" decoding=\"async\" width=\"300\" height=\"142\" src=\"https:\/\/cdm-okna.pl\/wp-content\/uploads\/2021\/12\/Metaliczny-15-FS-300x142.jpg\" class=\"attachment-medium size-medium\" alt=\"Drobna strukturalna powierzchnia w kolorze Metaliczny 15 FS \u2013 be\u017cowy odcie\u0144 z delikatnym metalicznym po\u0142yskiem i wyczuwaln\u0105 faktur\u0105.\" aria-describedby=\"gallery-2-10620\" srcset=\"https:\/\/cdm-okna.pl\/wp-content\/uploads\/2021\/12\/Metaliczny-15-FS-300x142.jpg 300w, https:\/\/cdm-okna.pl\/wp-content\/uploads\/2021\/12\/Metaliczny-15-FS-1024x485.jpg 1024w, https:\/\/cdm-okna.pl\/wp-content\/uploads\/2021\/12\/Metaliczny-15-FS-768x364.jpg 768w, https:\/\/cdm-okna.pl\/wp-content\/uploads\/2021\/12\/Metaliczny-15-FS.jpg 1121w\" sizes=\"(max-width: 300px) 100vw, 300px\" \/><\/a>\n\t\t\t<\/div>\n\t\t\t\t<figcaption class='wp-caption-text gallery-caption' id='gallery-2-10620'>\n\t\t\t\t15-FS\n\t\t\t\t<\/figcaption><\/figure><figure class='gallery-item'>\n\t\t\t<div class='gallery-icon landscape'>\n\t\t\t\t<a data-elementor-open-lightbox=\"yes\" data-elementor-lightbox-slideshow=\"4aac6f74\" data-elementor-lightbox-title=\"Metaliczny-14-FS\" data-e-action-hash=\"#elementor-action%3Aaction%3Dlightbox%26settings%3DeyJpZCI6MTA2MjIsInVybCI6Imh0dHBzOlwvXC9jZG0tb2tuYS5wbFwvd3AtY29udGVudFwvdXBsb2Fkc1wvMjAyMVwvMTJcL01ldGFsaWN6bnktMTQtRlMuanBnIiwic2xpZGVzaG93IjoiNGFhYzZmNzQifQ%3D%3D\" href='https:\/\/cdm-okna.pl\/wp-content\/uploads\/2021\/12\/Metaliczny-14-FS.jpg'><img loading=\"lazy\" decoding=\"async\" width=\"300\" height=\"142\" src=\"https:\/\/cdm-okna.pl\/wp-content\/uploads\/2021\/12\/Metaliczny-14-FS-300x142.jpg\" class=\"attachment-medium size-medium\" alt=\"Drobna strukturalna powierzchnia w kolorze Metaliczny 14 FS \u2013 jasnobe\u017cowy odcie\u0144 z subtelnym metalicznym po\u0142yskiem i wyra\u017an\u0105 faktur\u0105.\" aria-describedby=\"gallery-2-10622\" srcset=\"https:\/\/cdm-okna.pl\/wp-content\/uploads\/2021\/12\/Metaliczny-14-FS-300x142.jpg 300w, https:\/\/cdm-okna.pl\/wp-content\/uploads\/2021\/12\/Metaliczny-14-FS-1024x485.jpg 1024w, https:\/\/cdm-okna.pl\/wp-content\/uploads\/2021\/12\/Metaliczny-14-FS-768x364.jpg 768w, https:\/\/cdm-okna.pl\/wp-content\/uploads\/2021\/12\/Metaliczny-14-FS.jpg 1121w\" sizes=\"(max-width: 300px) 100vw, 300px\" \/><\/a>\n\t\t\t<\/div>\n\t\t\t\t<figcaption class='wp-caption-text gallery-caption' id='gallery-2-10622'>\n\t\t\t\t14-FS\n\t\t\t\t<\/figcaption><\/figure><figure class='gallery-item'>\n\t\t\t<div class='gallery-icon landscape'>\n\t\t\t\t<a data-elementor-open-lightbox=\"yes\" data-elementor-lightbox-slideshow=\"4aac6f74\" data-elementor-lightbox-title=\"Metaliczny-13-FS\" data-e-action-hash=\"#elementor-action%3Aaction%3Dlightbox%26settings%3DeyJpZCI6MTA2MjQsInVybCI6Imh0dHBzOlwvXC9jZG0tb2tuYS5wbFwvd3AtY29udGVudFwvdXBsb2Fkc1wvMjAyMVwvMTJcL01ldGFsaWN6bnktMTMtRlMuanBnIiwic2xpZGVzaG93IjoiNGFhYzZmNzQifQ%3D%3D\" href='https:\/\/cdm-okna.pl\/wp-content\/uploads\/2021\/12\/Metaliczny-13-FS.jpg'><img loading=\"lazy\" decoding=\"async\" width=\"300\" height=\"142\" src=\"https:\/\/cdm-okna.pl\/wp-content\/uploads\/2021\/12\/Metaliczny-13-FS-300x142.jpg\" class=\"attachment-medium size-medium\" alt=\"Drobna strukturalna powierzchnia w kolorze Metaliczny 13 FS \u2013 wielobarwny odcie\u0144 z przewag\u0105 br\u0105zu, czerwieni i zieleni, o metalicznym po\u0142ysku i wyra\u017anej fakturze.\" aria-describedby=\"gallery-2-10624\" srcset=\"https:\/\/cdm-okna.pl\/wp-content\/uploads\/2021\/12\/Metaliczny-13-FS-300x142.jpg 300w, https:\/\/cdm-okna.pl\/wp-content\/uploads\/2021\/12\/Metaliczny-13-FS-1024x485.jpg 1024w, https:\/\/cdm-okna.pl\/wp-content\/uploads\/2021\/12\/Metaliczny-13-FS-768x364.jpg 768w, https:\/\/cdm-okna.pl\/wp-content\/uploads\/2021\/12\/Metaliczny-13-FS.jpg 1121w\" sizes=\"(max-width: 300px) 100vw, 300px\" \/><\/a>\n\t\t\t<\/div>\n\t\t\t\t<figcaption class='wp-caption-text gallery-caption' id='gallery-2-10624'>\n\t\t\t\t13-FS\n\t\t\t\t<\/figcaption><\/figure><figure class='gallery-item'>\n\t\t\t<div class='gallery-icon landscape'>\n\t\t\t\t<a data-elementor-open-lightbox=\"yes\" data-elementor-lightbox-slideshow=\"4aac6f74\" data-elementor-lightbox-title=\"Metaliczny-12-FS\" data-e-action-hash=\"#elementor-action%3Aaction%3Dlightbox%26settings%3DeyJpZCI6MTA2MjYsInVybCI6Imh0dHBzOlwvXC9jZG0tb2tuYS5wbFwvd3AtY29udGVudFwvdXBsb2Fkc1wvMjAyMVwvMTJcL01ldGFsaWN6bnktMTItRlMuanBnIiwic2xpZGVzaG93IjoiNGFhYzZmNzQifQ%3D%3D\" href='https:\/\/cdm-okna.pl\/wp-content\/uploads\/2021\/12\/Metaliczny-12-FS.jpg'><img loading=\"lazy\" decoding=\"async\" width=\"300\" height=\"142\" src=\"https:\/\/cdm-okna.pl\/wp-content\/uploads\/2021\/12\/Metaliczny-12-FS-300x142.jpg\" class=\"attachment-medium size-medium\" alt=\"Drobna strukturalna powierzchnia w kolorze Metaliczny 12 FS \u2013 br\u0105zowy odcie\u0144 z delikatnymi przej\u015bciami tonalnymi i subtelnym metalicznym po\u0142yskiem.\" aria-describedby=\"gallery-2-10626\" srcset=\"https:\/\/cdm-okna.pl\/wp-content\/uploads\/2021\/12\/Metaliczny-12-FS-300x142.jpg 300w, https:\/\/cdm-okna.pl\/wp-content\/uploads\/2021\/12\/Metaliczny-12-FS-1024x485.jpg 1024w, https:\/\/cdm-okna.pl\/wp-content\/uploads\/2021\/12\/Metaliczny-12-FS-768x364.jpg 768w, https:\/\/cdm-okna.pl\/wp-content\/uploads\/2021\/12\/Metaliczny-12-FS.jpg 1121w\" sizes=\"(max-width: 300px) 100vw, 300px\" \/><\/a>\n\t\t\t<\/div>\n\t\t\t\t<figcaption class='wp-caption-text gallery-caption' id='gallery-2-10626'>\n\t\t\t\t12-FS\n\t\t\t\t<\/figcaption><\/figure><figure class='gallery-item'>\n\t\t\t<div class='gallery-icon landscape'>\n\t\t\t\t<a data-elementor-open-lightbox=\"yes\" data-elementor-lightbox-slideshow=\"4aac6f74\" data-elementor-lightbox-title=\"Metaliczny-11-FS\" data-e-action-hash=\"#elementor-action%3Aaction%3Dlightbox%26settings%3DeyJpZCI6MTA2MjgsInVybCI6Imh0dHBzOlwvXC9jZG0tb2tuYS5wbFwvd3AtY29udGVudFwvdXBsb2Fkc1wvMjAyMVwvMTJcL01ldGFsaWN6bnktMTEtRlMuanBnIiwic2xpZGVzaG93IjoiNGFhYzZmNzQifQ%3D%3D\" href='https:\/\/cdm-okna.pl\/wp-content\/uploads\/2021\/12\/Metaliczny-11-FS.jpg'><img loading=\"lazy\" decoding=\"async\" width=\"300\" height=\"142\" src=\"https:\/\/cdm-okna.pl\/wp-content\/uploads\/2021\/12\/Metaliczny-11-FS-300x142.jpg\" class=\"attachment-medium size-medium\" alt=\"Drobna strukturalna powierzchnia w kolorze Metaliczny 11 FS \u2013 rdzawobr\u0105zowy odcie\u0144 z drobnoziarnist\u0105 faktur\u0105 i metalicznym po\u0142yskiem.\" aria-describedby=\"gallery-2-10628\" srcset=\"https:\/\/cdm-okna.pl\/wp-content\/uploads\/2021\/12\/Metaliczny-11-FS-300x142.jpg 300w, https:\/\/cdm-okna.pl\/wp-content\/uploads\/2021\/12\/Metaliczny-11-FS-1024x485.jpg 1024w, https:\/\/cdm-okna.pl\/wp-content\/uploads\/2021\/12\/Metaliczny-11-FS-768x364.jpg 768w, https:\/\/cdm-okna.pl\/wp-content\/uploads\/2021\/12\/Metaliczny-11-FS.jpg 1121w\" sizes=\"(max-width: 300px) 100vw, 300px\" \/><\/a>\n\t\t\t<\/div>\n\t\t\t\t<figcaption class='wp-caption-text gallery-caption' id='gallery-2-10628'>\n\t\t\t\t11-FS\n\t\t\t\t<\/figcaption><\/figure><figure class='gallery-item'>\n\t\t\t<div class='gallery-icon landscape'>\n\t\t\t\t<a data-elementor-open-lightbox=\"yes\" data-elementor-lightbox-slideshow=\"4aac6f74\" data-elementor-lightbox-title=\"Metaliczny-10-FS\" data-e-action-hash=\"#elementor-action%3Aaction%3Dlightbox%26settings%3DeyJpZCI6MTA2MzAsInVybCI6Imh0dHBzOlwvXC9jZG0tb2tuYS5wbFwvd3AtY29udGVudFwvdXBsb2Fkc1wvMjAyMVwvMTJcL01ldGFsaWN6bnktMTAtRlMuanBnIiwic2xpZGVzaG93IjoiNGFhYzZmNzQifQ%3D%3D\" href='https:\/\/cdm-okna.pl\/wp-content\/uploads\/2021\/12\/Metaliczny-10-FS.jpg'><img loading=\"lazy\" decoding=\"async\" width=\"300\" height=\"142\" src=\"https:\/\/cdm-okna.pl\/wp-content\/uploads\/2021\/12\/Metaliczny-10-FS-300x142.jpg\" class=\"attachment-medium size-medium\" alt=\"Drobna strukturalna powierzchnia w kolorze Metaliczny 10 FS \u2013 pomara\u0144czowy odcie\u0144 z metalicznym po\u0142yskiem i subteln\u0105 faktur\u0105.\" aria-describedby=\"gallery-2-10630\" srcset=\"https:\/\/cdm-okna.pl\/wp-content\/uploads\/2021\/12\/Metaliczny-10-FS-300x142.jpg 300w, https:\/\/cdm-okna.pl\/wp-content\/uploads\/2021\/12\/Metaliczny-10-FS-1024x485.jpg 1024w, https:\/\/cdm-okna.pl\/wp-content\/uploads\/2021\/12\/Metaliczny-10-FS-768x364.jpg 768w, https:\/\/cdm-okna.pl\/wp-content\/uploads\/2021\/12\/Metaliczny-10-FS.jpg 1121w\" sizes=\"(max-width: 300px) 100vw, 300px\" \/><\/a>\n\t\t\t<\/div>\n\t\t\t\t<figcaption class='wp-caption-text gallery-caption' id='gallery-2-10630'>\n\t\t\t\t10-FS\n\t\t\t\t<\/figcaption><\/figure><figure class='gallery-item'>\n\t\t\t<div class='gallery-icon landscape'>\n\t\t\t\t<a data-elementor-open-lightbox=\"yes\" data-elementor-lightbox-slideshow=\"4aac6f74\" data-elementor-lightbox-title=\"Metaliczny-09-FS\" data-e-action-hash=\"#elementor-action%3Aaction%3Dlightbox%26settings%3DeyJpZCI6MTA2MzIsInVybCI6Imh0dHBzOlwvXC9jZG0tb2tuYS5wbFwvd3AtY29udGVudFwvdXBsb2Fkc1wvMjAyMVwvMTJcL01ldGFsaWN6bnktMDktRlMuanBnIiwic2xpZGVzaG93IjoiNGFhYzZmNzQifQ%3D%3D\" href='https:\/\/cdm-okna.pl\/wp-content\/uploads\/2021\/12\/Metaliczny-09-FS.jpg'><img loading=\"lazy\" decoding=\"async\" width=\"300\" height=\"142\" src=\"https:\/\/cdm-okna.pl\/wp-content\/uploads\/2021\/12\/Metaliczny-09-FS-300x142.jpg\" class=\"attachment-medium size-medium\" alt=\"Drobna strukturalna powierzchnia w kolorze Metaliczny 09 FS \u2013 rdzawoczerwony odcie\u0144 z metalicznym po\u0142yskiem i subteln\u0105 faktur\u0105.\" aria-describedby=\"gallery-2-10632\" srcset=\"https:\/\/cdm-okna.pl\/wp-content\/uploads\/2021\/12\/Metaliczny-09-FS-300x142.jpg 300w, https:\/\/cdm-okna.pl\/wp-content\/uploads\/2021\/12\/Metaliczny-09-FS-1024x485.jpg 1024w, https:\/\/cdm-okna.pl\/wp-content\/uploads\/2021\/12\/Metaliczny-09-FS-768x364.jpg 768w, https:\/\/cdm-okna.pl\/wp-content\/uploads\/2021\/12\/Metaliczny-09-FS.jpg 1121w\" sizes=\"(max-width: 300px) 100vw, 300px\" \/><\/a>\n\t\t\t<\/div>\n\t\t\t\t<figcaption class='wp-caption-text gallery-caption' id='gallery-2-10632'>\n\t\t\t\t09-FS\n\t\t\t\t<\/figcaption><\/figure><figure class='gallery-item'>\n\t\t\t<div class='gallery-icon landscape'>\n\t\t\t\t<a data-elementor-open-lightbox=\"yes\" data-elementor-lightbox-slideshow=\"4aac6f74\" data-elementor-lightbox-title=\"Metaliczny-08-FS\" data-e-action-hash=\"#elementor-action%3Aaction%3Dlightbox%26settings%3DeyJpZCI6MTA2MzQsInVybCI6Imh0dHBzOlwvXC9jZG0tb2tuYS5wbFwvd3AtY29udGVudFwvdXBsb2Fkc1wvMjAyMVwvMTJcL01ldGFsaWN6bnktMDgtRlMuanBnIiwic2xpZGVzaG93IjoiNGFhYzZmNzQifQ%3D%3D\" href='https:\/\/cdm-okna.pl\/wp-content\/uploads\/2021\/12\/Metaliczny-08-FS.jpg'><img loading=\"lazy\" decoding=\"async\" width=\"300\" height=\"142\" src=\"https:\/\/cdm-okna.pl\/wp-content\/uploads\/2021\/12\/Metaliczny-08-FS-300x142.jpg\" class=\"attachment-medium size-medium\" alt=\"Drobna strukturalna powierzchnia w kolorze Metaliczny 08 FS \u2013 czerwony odcie\u0144 z metalicznym po\u0142yskiem i subteln\u0105 faktur\u0105.\" aria-describedby=\"gallery-2-10634\" srcset=\"https:\/\/cdm-okna.pl\/wp-content\/uploads\/2021\/12\/Metaliczny-08-FS-300x142.jpg 300w, https:\/\/cdm-okna.pl\/wp-content\/uploads\/2021\/12\/Metaliczny-08-FS-1024x485.jpg 1024w, https:\/\/cdm-okna.pl\/wp-content\/uploads\/2021\/12\/Metaliczny-08-FS-768x364.jpg 768w, https:\/\/cdm-okna.pl\/wp-content\/uploads\/2021\/12\/Metaliczny-08-FS.jpg 1121w\" sizes=\"(max-width: 300px) 100vw, 300px\" \/><\/a>\n\t\t\t<\/div>\n\t\t\t\t<figcaption class='wp-caption-text gallery-caption' id='gallery-2-10634'>\n\t\t\t\t08-FS\n\t\t\t\t<\/figcaption><\/figure><figure class='gallery-item'>\n\t\t\t<div class='gallery-icon landscape'>\n\t\t\t\t<a data-elementor-open-lightbox=\"yes\" data-elementor-lightbox-slideshow=\"4aac6f74\" data-elementor-lightbox-title=\"Metaliczny-07-FS\" data-e-action-hash=\"#elementor-action%3Aaction%3Dlightbox%26settings%3DeyJpZCI6MTA2MzYsInVybCI6Imh0dHBzOlwvXC9jZG0tb2tuYS5wbFwvd3AtY29udGVudFwvdXBsb2Fkc1wvMjAyMVwvMTJcL01ldGFsaWN6bnktMDctRlMuanBnIiwic2xpZGVzaG93IjoiNGFhYzZmNzQifQ%3D%3D\" href='https:\/\/cdm-okna.pl\/wp-content\/uploads\/2021\/12\/Metaliczny-07-FS.jpg'><img loading=\"lazy\" decoding=\"async\" width=\"300\" height=\"142\" src=\"https:\/\/cdm-okna.pl\/wp-content\/uploads\/2021\/12\/Metaliczny-07-FS-300x142.jpg\" class=\"attachment-medium size-medium\" alt=\"Drobna strukturalna powierzchnia w kolorze Metaliczny 07 FS \u2013 ziarnisty odcie\u0144 z metalicznym po\u0142yskiem i wyra\u017an\u0105, chropowat\u0105 faktur\u0105.\" aria-describedby=\"gallery-2-10636\" srcset=\"https:\/\/cdm-okna.pl\/wp-content\/uploads\/2021\/12\/Metaliczny-07-FS-300x142.jpg 300w, https:\/\/cdm-okna.pl\/wp-content\/uploads\/2021\/12\/Metaliczny-07-FS-1024x485.jpg 1024w, https:\/\/cdm-okna.pl\/wp-content\/uploads\/2021\/12\/Metaliczny-07-FS-768x364.jpg 768w, https:\/\/cdm-okna.pl\/wp-content\/uploads\/2021\/12\/Metaliczny-07-FS.jpg 1121w\" sizes=\"(max-width: 300px) 100vw, 300px\" \/><\/a>\n\t\t\t<\/div>\n\t\t\t\t<figcaption class='wp-caption-text gallery-caption' id='gallery-2-10636'>\n\t\t\t\t07-FS\n\t\t\t\t<\/figcaption><\/figure><figure class='gallery-item'>\n\t\t\t<div class='gallery-icon landscape'>\n\t\t\t\t<a data-elementor-open-lightbox=\"yes\" data-elementor-lightbox-slideshow=\"4aac6f74\" data-elementor-lightbox-title=\"Metaliczny-06-FS\" data-e-action-hash=\"#elementor-action%3Aaction%3Dlightbox%26settings%3DeyJpZCI6MTA2MzgsInVybCI6Imh0dHBzOlwvXC9jZG0tb2tuYS5wbFwvd3AtY29udGVudFwvdXBsb2Fkc1wvMjAyMVwvMTJcL01ldGFsaWN6bnktMDYtRlMuanBnIiwic2xpZGVzaG93IjoiNGFhYzZmNzQifQ%3D%3D\" href='https:\/\/cdm-okna.pl\/wp-content\/uploads\/2021\/12\/Metaliczny-06-FS.jpg'><img loading=\"lazy\" decoding=\"async\" width=\"300\" height=\"142\" src=\"https:\/\/cdm-okna.pl\/wp-content\/uploads\/2021\/12\/Metaliczny-06-FS-300x142.jpg\" class=\"attachment-medium size-medium\" alt=\"Drobna strukturalna powierzchnia w kolorze Metaliczny 06 FS \u2013 jednolity odcie\u0144 z delikatnym metalicznym po\u0142yskiem i drobnoziarnist\u0105 faktur\u0105.\" aria-describedby=\"gallery-2-10638\" srcset=\"https:\/\/cdm-okna.pl\/wp-content\/uploads\/2021\/12\/Metaliczny-06-FS-300x142.jpg 300w, https:\/\/cdm-okna.pl\/wp-content\/uploads\/2021\/12\/Metaliczny-06-FS-1024x485.jpg 1024w, https:\/\/cdm-okna.pl\/wp-content\/uploads\/2021\/12\/Metaliczny-06-FS-768x364.jpg 768w, https:\/\/cdm-okna.pl\/wp-content\/uploads\/2021\/12\/Metaliczny-06-FS.jpg 1121w\" sizes=\"(max-width: 300px) 100vw, 300px\" \/><\/a>\n\t\t\t<\/div>\n\t\t\t\t<figcaption class='wp-caption-text gallery-caption' id='gallery-2-10638'>\n\t\t\t\t06-FS\n\t\t\t\t<\/figcaption><\/figure><figure class='gallery-item'>\n\t\t\t<div class='gallery-icon landscape'>\n\t\t\t\t<a data-elementor-open-lightbox=\"yes\" data-elementor-lightbox-slideshow=\"4aac6f74\" data-elementor-lightbox-title=\"Metaliczny-05-FS\" data-e-action-hash=\"#elementor-action%3Aaction%3Dlightbox%26settings%3DeyJpZCI6MTA2NDAsInVybCI6Imh0dHBzOlwvXC9jZG0tb2tuYS5wbFwvd3AtY29udGVudFwvdXBsb2Fkc1wvMjAyMVwvMTJcL01ldGFsaWN6bnktMDUtRlMuanBnIiwic2xpZGVzaG93IjoiNGFhYzZmNzQifQ%3D%3D\" href='https:\/\/cdm-okna.pl\/wp-content\/uploads\/2021\/12\/Metaliczny-05-FS.jpg'><img loading=\"lazy\" decoding=\"async\" width=\"300\" height=\"142\" src=\"https:\/\/cdm-okna.pl\/wp-content\/uploads\/2021\/12\/Metaliczny-05-FS-300x142.jpg\" class=\"attachment-medium size-medium\" alt=\"Drobna strukturalna powierzchnia w kolorze Metaliczny 05 FS \u2013 ciemny, wielobarwny odcie\u0144 z wyra\u017an\u0105 ziarnist\u0105 faktur\u0105 i metalicznym po\u0142yskiem.\" aria-describedby=\"gallery-2-10640\" srcset=\"https:\/\/cdm-okna.pl\/wp-content\/uploads\/2021\/12\/Metaliczny-05-FS-300x142.jpg 300w, https:\/\/cdm-okna.pl\/wp-content\/uploads\/2021\/12\/Metaliczny-05-FS-1024x485.jpg 1024w, https:\/\/cdm-okna.pl\/wp-content\/uploads\/2021\/12\/Metaliczny-05-FS-768x364.jpg 768w, https:\/\/cdm-okna.pl\/wp-content\/uploads\/2021\/12\/Metaliczny-05-FS.jpg 1121w\" sizes=\"(max-width: 300px) 100vw, 300px\" \/><\/a>\n\t\t\t<\/div>\n\t\t\t\t<figcaption class='wp-caption-text gallery-caption' id='gallery-2-10640'>\n\t\t\t\t05-FS\n\t\t\t\t<\/figcaption><\/figure><figure class='gallery-item'>\n\t\t\t<div class='gallery-icon landscape'>\n\t\t\t\t<a data-elementor-open-lightbox=\"yes\" data-elementor-lightbox-slideshow=\"4aac6f74\" data-elementor-lightbox-title=\"Metaliczny-04-FS\" data-e-action-hash=\"#elementor-action%3Aaction%3Dlightbox%26settings%3DeyJpZCI6MTA2NDIsInVybCI6Imh0dHBzOlwvXC9jZG0tb2tuYS5wbFwvd3AtY29udGVudFwvdXBsb2Fkc1wvMjAyMVwvMTJcL01ldGFsaWN6bnktMDQtRlMuanBnIiwic2xpZGVzaG93IjoiNGFhYzZmNzQifQ%3D%3D\" href='https:\/\/cdm-okna.pl\/wp-content\/uploads\/2021\/12\/Metaliczny-04-FS.jpg'><img loading=\"lazy\" decoding=\"async\" width=\"300\" height=\"142\" src=\"https:\/\/cdm-okna.pl\/wp-content\/uploads\/2021\/12\/Metaliczny-04-FS-300x142.jpg\" class=\"attachment-medium size-medium\" alt=\"Drobna strukturalna powierzchnia w kolorze Metaliczny 04 FS \u2013 ziarnisty wz\u00f3r przypominaj\u0105cy szum statyczny, z losowym uk\u0142adem pikseli i metalicznym po\u0142yskiem.\" aria-describedby=\"gallery-2-10642\" srcset=\"https:\/\/cdm-okna.pl\/wp-content\/uploads\/2021\/12\/Metaliczny-04-FS-300x142.jpg 300w, https:\/\/cdm-okna.pl\/wp-content\/uploads\/2021\/12\/Metaliczny-04-FS-1024x485.jpg 1024w, https:\/\/cdm-okna.pl\/wp-content\/uploads\/2021\/12\/Metaliczny-04-FS-768x363.jpg 768w, https:\/\/cdm-okna.pl\/wp-content\/uploads\/2021\/12\/Metaliczny-04-FS.jpg 1122w\" sizes=\"(max-width: 300px) 100vw, 300px\" \/><\/a>\n\t\t\t<\/div>\n\t\t\t\t<figcaption class='wp-caption-text gallery-caption' id='gallery-2-10642'>\n\t\t\t\t04-FS\n\t\t\t\t<\/figcaption><\/figure><figure class='gallery-item'>\n\t\t\t<div class='gallery-icon landscape'>\n\t\t\t\t<a data-elementor-open-lightbox=\"yes\" data-elementor-lightbox-slideshow=\"4aac6f74\" data-elementor-lightbox-title=\"Metaliczny-03-FS\" data-e-action-hash=\"#elementor-action%3Aaction%3Dlightbox%26settings%3DeyJpZCI6MTA2NDQsInVybCI6Imh0dHBzOlwvXC9jZG0tb2tuYS5wbFwvd3AtY29udGVudFwvdXBsb2Fkc1wvMjAyMVwvMTJcL01ldGFsaWN6bnktMDMtRlMuanBnIiwic2xpZGVzaG93IjoiNGFhYzZmNzQifQ%3D%3D\" href='https:\/\/cdm-okna.pl\/wp-content\/uploads\/2021\/12\/Metaliczny-03-FS.jpg'><img loading=\"lazy\" decoding=\"async\" width=\"300\" height=\"142\" src=\"https:\/\/cdm-okna.pl\/wp-content\/uploads\/2021\/12\/Metaliczny-03-FS-300x142.jpg\" class=\"attachment-medium size-medium\" alt=\"Drobna strukturalna powierzchnia w kolorze Metaliczny 03 FS \u2013 wielobarwny odcie\u0144 z ziarnistym wzorem i metalicznym po\u0142yskiem.\" aria-describedby=\"gallery-2-10644\" srcset=\"https:\/\/cdm-okna.pl\/wp-content\/uploads\/2021\/12\/Metaliczny-03-FS-300x142.jpg 300w, https:\/\/cdm-okna.pl\/wp-content\/uploads\/2021\/12\/Metaliczny-03-FS-1024x485.jpg 1024w, https:\/\/cdm-okna.pl\/wp-content\/uploads\/2021\/12\/Metaliczny-03-FS-768x363.jpg 768w, https:\/\/cdm-okna.pl\/wp-content\/uploads\/2021\/12\/Metaliczny-03-FS.jpg 1122w\" sizes=\"(max-width: 300px) 100vw, 300px\" \/><\/a>\n\t\t\t<\/div>\n\t\t\t\t<figcaption class='wp-caption-text gallery-caption' id='gallery-2-10644'>\n\t\t\t\t03-FS\n\t\t\t\t<\/figcaption><\/figure><figure class='gallery-item'>\n\t\t\t<div class='gallery-icon landscape'>\n\t\t\t\t<a data-elementor-open-lightbox=\"yes\" data-elementor-lightbox-slideshow=\"4aac6f74\" data-elementor-lightbox-title=\"Metaliczny-02-FS\" data-e-action-hash=\"#elementor-action%3Aaction%3Dlightbox%26settings%3DeyJpZCI6MTA2NDYsInVybCI6Imh0dHBzOlwvXC9jZG0tb2tuYS5wbFwvd3AtY29udGVudFwvdXBsb2Fkc1wvMjAyMVwvMTJcL01ldGFsaWN6bnktMDItRlMuanBnIiwic2xpZGVzaG93IjoiNGFhYzZmNzQifQ%3D%3D\" href='https:\/\/cdm-okna.pl\/wp-content\/uploads\/2021\/12\/Metaliczny-02-FS.jpg'><img loading=\"lazy\" decoding=\"async\" width=\"300\" height=\"142\" src=\"https:\/\/cdm-okna.pl\/wp-content\/uploads\/2021\/12\/Metaliczny-02-FS-300x142.jpg\" class=\"attachment-medium size-medium\" alt=\"Drobna strukturalna powierzchnia w kolorze Metaliczny 02 FS \u2013 ziarnisty odcie\u0144 z metalicznym po\u0142yskiem i wyra\u017an\u0105 faktur\u0105.\" aria-describedby=\"gallery-2-10646\" srcset=\"https:\/\/cdm-okna.pl\/wp-content\/uploads\/2021\/12\/Metaliczny-02-FS-300x142.jpg 300w, https:\/\/cdm-okna.pl\/wp-content\/uploads\/2021\/12\/Metaliczny-02-FS-1024x485.jpg 1024w, https:\/\/cdm-okna.pl\/wp-content\/uploads\/2021\/12\/Metaliczny-02-FS-768x363.jpg 768w, https:\/\/cdm-okna.pl\/wp-content\/uploads\/2021\/12\/Metaliczny-02-FS.jpg 1122w\" sizes=\"(max-width: 300px) 100vw, 300px\" \/><\/a>\n\t\t\t<\/div>\n\t\t\t\t<figcaption class='wp-caption-text gallery-caption' id='gallery-2-10646'>\n\t\t\t\t02-FS\n\t\t\t\t<\/figcaption><\/figure><figure class='gallery-item'>\n\t\t\t<div class='gallery-icon landscape'>\n\t\t\t\t<a data-elementor-open-lightbox=\"yes\" data-elementor-lightbox-slideshow=\"4aac6f74\" data-elementor-lightbox-title=\"Metaliczny-01-FS\" data-e-action-hash=\"#elementor-action%3Aaction%3Dlightbox%26settings%3DeyJpZCI6MTA2NDgsInVybCI6Imh0dHBzOlwvXC9jZG0tb2tuYS5wbFwvd3AtY29udGVudFwvdXBsb2Fkc1wvMjAyMVwvMTJcL01ldGFsaWN6bnktMDEtRlMuanBnIiwic2xpZGVzaG93IjoiNGFhYzZmNzQifQ%3D%3D\" href='https:\/\/cdm-okna.pl\/wp-content\/uploads\/2021\/12\/Metaliczny-01-FS.jpg'><img loading=\"lazy\" decoding=\"async\" width=\"300\" height=\"142\" src=\"https:\/\/cdm-okna.pl\/wp-content\/uploads\/2021\/12\/Metaliczny-01-FS-300x142.jpg\" class=\"attachment-medium size-medium\" alt=\"Drobna strukturalna powierzchnia w kolorze Metaliczny 01 FS \u2013 wielobarwny odcie\u0144 z drobnymi metalicznymi drobinkami i ziarnist\u0105 faktur\u0105.\" aria-describedby=\"gallery-2-10648\" srcset=\"https:\/\/cdm-okna.pl\/wp-content\/uploads\/2021\/12\/Metaliczny-01-FS-300x142.jpg 300w, https:\/\/cdm-okna.pl\/wp-content\/uploads\/2021\/12\/Metaliczny-01-FS-1024x485.jpg 1024w, https:\/\/cdm-okna.pl\/wp-content\/uploads\/2021\/12\/Metaliczny-01-FS-768x363.jpg 768w, https:\/\/cdm-okna.pl\/wp-content\/uploads\/2021\/12\/Metaliczny-01-FS.jpg 1122w\" sizes=\"(max-width: 300px) 100vw, 300px\" \/><\/a>\n\t\t\t<\/div>\n\t\t\t\t<figcaption class='wp-caption-text gallery-caption' id='gallery-2-10648'>\n\t\t\t\t01-FS\n\t\t\t\t<\/figcaption><\/figure>\n\t\t<\/div>\n\t\t<\/div>\n\t\t\t\t<\/div>\n\t\t\t\t<\/div>\n\t\t\t\t<div class=\"elementor-element elementor-element-482ad0e elementor-widget elementor-widget-heading\" data-id=\"482ad0e\" data-element_type=\"widget\" data-widget_type=\"heading.default\">\n\t\t\t\t<div class=\"elementor-widget-container\">\n\t\t\t<h5 class=\"elementor-heading-title elementor-size-default\">Anodised<\/h5>\t\t<\/div>\n\t\t\t\t<\/div>\n\t\t\t\t<div class=\"elementor-element elementor-element-00e5770 gallery-spacing-custom elementor-widget elementor-widget-image-gallery\" data-id=\"00e5770\" data-element_type=\"widget\" data-widget_type=\"image-gallery.default\">\n\t\t\t\t<div class=\"elementor-widget-container\">\n\t\t\t\t\t<div class=\"elementor-image-gallery\">\n\t\t\t<div id='gallery-3' class='gallery galleryid-12185 gallery-columns-8 gallery-size-medium'><figure class='gallery-item'>\n\t\t\t<div class='gallery-icon landscape'>\n\t\t\t\t<a data-elementor-open-lightbox=\"yes\" data-elementor-lightbox-slideshow=\"00e5770\" data-elementor-lightbox-title=\"Anodowany-C34\" data-e-action-hash=\"#elementor-action%3Aaction%3Dlightbox%26settings%3DeyJpZCI6MTA2NTAsInVybCI6Imh0dHBzOlwvXC9jZG0tb2tuYS5wbFwvd3AtY29udGVudFwvdXBsb2Fkc1wvMjAyMVwvMTJcL0Fub2Rvd2FueS1DMzQuanBnIiwic2xpZGVzaG93IjoiMDBlNTc3MCJ9\" href='https:\/\/cdm-okna.pl\/wp-content\/uploads\/2021\/12\/Anodowany-C34.jpg'><img loading=\"lazy\" decoding=\"async\" width=\"300\" height=\"142\" src=\"https:\/\/cdm-okna.pl\/wp-content\/uploads\/2021\/12\/Anodowany-C34-300x142.jpg\" class=\"attachment-medium size-medium\" alt=\"Powierzchnia w kolorze Anodowany C34 \u2013 ciemny, jednolity odcie\u0144 z subteln\u0105 faktur\u0105 i matowym wyko\u0144czeniem.\" aria-describedby=\"gallery-3-10650\" srcset=\"https:\/\/cdm-okna.pl\/wp-content\/uploads\/2021\/12\/Anodowany-C34-300x142.jpg 300w, https:\/\/cdm-okna.pl\/wp-content\/uploads\/2021\/12\/Anodowany-C34-1024x485.jpg 1024w, https:\/\/cdm-okna.pl\/wp-content\/uploads\/2021\/12\/Anodowany-C34-768x364.jpg 768w, https:\/\/cdm-okna.pl\/wp-content\/uploads\/2021\/12\/Anodowany-C34.jpg 1120w\" sizes=\"(max-width: 300px) 100vw, 300px\" \/><\/a>\n\t\t\t<\/div>\n\t\t\t\t<figcaption class='wp-caption-text gallery-caption' id='gallery-3-10650'>\n\t\t\t\tC34\n\t\t\t\t<\/figcaption><\/figure><figure class='gallery-item'>\n\t\t\t<div class='gallery-icon landscape'>\n\t\t\t\t<a data-elementor-open-lightbox=\"yes\" data-elementor-lightbox-slideshow=\"00e5770\" data-elementor-lightbox-title=\"Anodowany-C33\" data-e-action-hash=\"#elementor-action%3Aaction%3Dlightbox%26settings%3DeyJpZCI6MTA2NTIsInVybCI6Imh0dHBzOlwvXC9jZG0tb2tuYS5wbFwvd3AtY29udGVudFwvdXBsb2Fkc1wvMjAyMVwvMTJcL0Fub2Rvd2FueS1DMzMuanBnIiwic2xpZGVzaG93IjoiMDBlNTc3MCJ9\" href='https:\/\/cdm-okna.pl\/wp-content\/uploads\/2021\/12\/Anodowany-C33.jpg'><img loading=\"lazy\" decoding=\"async\" width=\"300\" height=\"142\" src=\"https:\/\/cdm-okna.pl\/wp-content\/uploads\/2021\/12\/Anodowany-C33-300x142.jpg\" class=\"attachment-medium size-medium\" alt=\"Powierzchnia w kolorze Anodowany C33 \u2013 br\u0105zowy odcie\u0144 z anodowan\u0105, metaliczn\u0105 faktur\u0105 i jednolitym wyko\u0144czeniem.\" aria-describedby=\"gallery-3-10652\" srcset=\"https:\/\/cdm-okna.pl\/wp-content\/uploads\/2021\/12\/Anodowany-C33-300x142.jpg 300w, https:\/\/cdm-okna.pl\/wp-content\/uploads\/2021\/12\/Anodowany-C33-1024x485.jpg 1024w, https:\/\/cdm-okna.pl\/wp-content\/uploads\/2021\/12\/Anodowany-C33-768x364.jpg 768w, https:\/\/cdm-okna.pl\/wp-content\/uploads\/2021\/12\/Anodowany-C33.jpg 1120w\" sizes=\"(max-width: 300px) 100vw, 300px\" \/><\/a>\n\t\t\t<\/div>\n\t\t\t\t<figcaption class='wp-caption-text gallery-caption' id='gallery-3-10652'>\n\t\t\t\tC33\n\t\t\t\t<\/figcaption><\/figure><figure class='gallery-item'>\n\t\t\t<div class='gallery-icon landscape'>\n\t\t\t\t<a data-elementor-open-lightbox=\"yes\" data-elementor-lightbox-slideshow=\"00e5770\" data-elementor-lightbox-title=\"Anodowany-CO\" data-e-action-hash=\"#elementor-action%3Aaction%3Dlightbox%26settings%3DeyJpZCI6MTA2NTQsInVybCI6Imh0dHBzOlwvXC9jZG0tb2tuYS5wbFwvd3AtY29udGVudFwvdXBsb2Fkc1wvMjAyMVwvMTJcL0Fub2Rvd2FueS1DTy5qcGciLCJzbGlkZXNob3ciOiIwMGU1NzcwIn0%3D\" href='https:\/\/cdm-okna.pl\/wp-content\/uploads\/2021\/12\/Anodowany-CO.jpg'><img loading=\"lazy\" decoding=\"async\" width=\"300\" height=\"142\" src=\"https:\/\/cdm-okna.pl\/wp-content\/uploads\/2021\/12\/Anodowany-CO-300x142.jpg\" class=\"attachment-medium size-medium\" alt=\"Powierzchnia w kolorze Anodowany CO \u2013 jednolity odcie\u0144 z ziarnist\u0105 faktur\u0105 i matowym wyko\u0144czeniem.\" aria-describedby=\"gallery-3-10654\" srcset=\"https:\/\/cdm-okna.pl\/wp-content\/uploads\/2021\/12\/Anodowany-CO-300x142.jpg 300w, https:\/\/cdm-okna.pl\/wp-content\/uploads\/2021\/12\/Anodowany-CO-1024x485.jpg 1024w, https:\/\/cdm-okna.pl\/wp-content\/uploads\/2021\/12\/Anodowany-CO-768x364.jpg 768w, https:\/\/cdm-okna.pl\/wp-content\/uploads\/2021\/12\/Anodowany-CO.jpg 1120w\" sizes=\"(max-width: 300px) 100vw, 300px\" \/><\/a>\n\t\t\t<\/div>\n\t\t\t\t<figcaption class='wp-caption-text gallery-caption' id='gallery-3-10654'>\n\t\t\t\tCO\n\t\t\t\t<\/figcaption><\/figure>\n\t\t<\/div>\n\t\t<\/div>\n\t\t\t\t<\/div>\n\t\t\t\t<\/div>\n\t\t\t\t<div class=\"elementor-element elementor-element-7930142 elementor-widget elementor-widget-heading\" data-id=\"7930142\" data-element_type=\"widget\" data-widget_type=\"heading.default\">\n\t\t\t\t<div class=\"elementor-widget-container\">\n\t\t\t<h5 class=\"elementor-heading-title elementor-size-default\">Anodised effect<\/h5>\t\t<\/div>\n\t\t\t\t<\/div>\n\t\t\t\t<div class=\"elementor-element elementor-element-5665aba gallery-spacing-custom elementor-widget elementor-widget-image-gallery\" data-id=\"5665aba\" data-element_type=\"widget\" data-widget_type=\"image-gallery.default\">\n\t\t\t\t<div class=\"elementor-widget-container\">\n\t\t\t\t\t<div class=\"elementor-image-gallery\">\n\t\t\t<div id='gallery-4' class='gallery galleryid-12185 gallery-columns-8 gallery-size-medium'><figure class='gallery-item'>\n\t\t\t<div class='gallery-icon landscape'>\n\t\t\t\t<a data-elementor-open-lightbox=\"yes\" data-elementor-lightbox-slideshow=\"5665aba\" data-elementor-lightbox-title=\"Anodowany Efekt-R34\" data-e-action-hash=\"#elementor-action%3Aaction%3Dlightbox%26settings%3DeyJpZCI6MTA2NjAsInVybCI6Imh0dHBzOlwvXC9jZG0tb2tuYS5wbFwvd3AtY29udGVudFwvdXBsb2Fkc1wvMjAyMVwvMTJcL0Fub2Rvd2FueS1FZmVrdC1SMzQuanBnIiwic2xpZGVzaG93IjoiNTY2NWFiYSJ9\" href='https:\/\/cdm-okna.pl\/wp-content\/uploads\/2021\/12\/Anodowany-Efekt-R34.jpg'><img loading=\"lazy\" decoding=\"async\" width=\"300\" height=\"142\" src=\"https:\/\/cdm-okna.pl\/wp-content\/uploads\/2021\/12\/Anodowany-Efekt-R34-300x142.jpg\" class=\"attachment-medium size-medium\" alt=\"Powierzchnia w kolorze Anodowany Efekt R34 \u2013 bardzo ciemny odcie\u0144 z jednolit\u0105, subteln\u0105 faktur\u0105 i anodowanym wyko\u0144czeniem.\" aria-describedby=\"gallery-4-10660\" srcset=\"https:\/\/cdm-okna.pl\/wp-content\/uploads\/2021\/12\/Anodowany-Efekt-R34-300x142.jpg 300w, https:\/\/cdm-okna.pl\/wp-content\/uploads\/2021\/12\/Anodowany-Efekt-R34-1024x485.jpg 1024w, https:\/\/cdm-okna.pl\/wp-content\/uploads\/2021\/12\/Anodowany-Efekt-R34-768x364.jpg 768w, https:\/\/cdm-okna.pl\/wp-content\/uploads\/2021\/12\/Anodowany-Efekt-R34.jpg 1121w\" sizes=\"(max-width: 300px) 100vw, 300px\" \/><\/a>\n\t\t\t<\/div>\n\t\t\t\t<figcaption class='wp-caption-text gallery-caption' id='gallery-4-10660'>\n\t\t\t\tR34\n\t\t\t\t<\/figcaption><\/figure><figure class='gallery-item'>\n\t\t\t<div class='gallery-icon landscape'>\n\t\t\t\t<a data-elementor-open-lightbox=\"yes\" data-elementor-lightbox-slideshow=\"5665aba\" data-elementor-lightbox-title=\"Anodowany Efekt-R33\" data-e-action-hash=\"#elementor-action%3Aaction%3Dlightbox%26settings%3DeyJpZCI6MTA2NTYsInVybCI6Imh0dHBzOlwvXC9jZG0tb2tuYS5wbFwvd3AtY29udGVudFwvdXBsb2Fkc1wvMjAyMVwvMTJcL0Fub2Rvd2FueS1FZmVrdC1SMzMuanBnIiwic2xpZGVzaG93IjoiNTY2NWFiYSJ9\" href='https:\/\/cdm-okna.pl\/wp-content\/uploads\/2021\/12\/Anodowany-Efekt-R33.jpg'><img loading=\"lazy\" decoding=\"async\" width=\"300\" height=\"142\" src=\"https:\/\/cdm-okna.pl\/wp-content\/uploads\/2021\/12\/Anodowany-Efekt-R33-300x142.jpg\" class=\"attachment-medium size-medium\" alt=\"Powierzchnia w kolorze Anodowany Efekt R33 \u2013 br\u0105zowo-czerwony odcie\u0144 z anodowanym efektem, metalicznym po\u0142yskiem i wyra\u017an\u0105 faktur\u0105.\" aria-describedby=\"gallery-4-10656\" srcset=\"https:\/\/cdm-okna.pl\/wp-content\/uploads\/2021\/12\/Anodowany-Efekt-R33-300x142.jpg 300w, https:\/\/cdm-okna.pl\/wp-content\/uploads\/2021\/12\/Anodowany-Efekt-R33-1024x485.jpg 1024w, https:\/\/cdm-okna.pl\/wp-content\/uploads\/2021\/12\/Anodowany-Efekt-R33-768x364.jpg 768w, https:\/\/cdm-okna.pl\/wp-content\/uploads\/2021\/12\/Anodowany-Efekt-R33.jpg 1120w\" sizes=\"(max-width: 300px) 100vw, 300px\" \/><\/a>\n\t\t\t<\/div>\n\t\t\t\t<figcaption class='wp-caption-text gallery-caption' id='gallery-4-10656'>\n\t\t\t\tR33\n\t\t\t\t<\/figcaption><\/figure><figure class='gallery-item'>\n\t\t\t<div class='gallery-icon landscape'>\n\t\t\t\t<a data-elementor-open-lightbox=\"yes\" data-elementor-lightbox-slideshow=\"5665aba\" data-elementor-lightbox-title=\"Anodowany Efekt-RO\" data-e-action-hash=\"#elementor-action%3Aaction%3Dlightbox%26settings%3DeyJpZCI6MTA2NTgsInVybCI6Imh0dHBzOlwvXC9jZG0tb2tuYS5wbFwvd3AtY29udGVudFwvdXBsb2Fkc1wvMjAyMVwvMTJcL0Fub2Rvd2FueS1FZmVrdC1STy5qcGciLCJzbGlkZXNob3ciOiI1NjY1YWJhIn0%3D\" href='https:\/\/cdm-okna.pl\/wp-content\/uploads\/2021\/12\/Anodowany-Efekt-RO.jpg'><img loading=\"lazy\" decoding=\"async\" width=\"300\" height=\"142\" src=\"https:\/\/cdm-okna.pl\/wp-content\/uploads\/2021\/12\/Anodowany-Efekt-RO-300x142.jpg\" class=\"attachment-medium size-medium\" alt=\"Powierzchnia w kolorze Anodowany Efekt RO \u2013 jasnoszary odcie\u0144 z delikatn\u0105 faktur\u0105 i matowym wyko\u0144czeniem.\" aria-describedby=\"gallery-4-10658\" srcset=\"https:\/\/cdm-okna.pl\/wp-content\/uploads\/2021\/12\/Anodowany-Efekt-RO-300x142.jpg 300w, https:\/\/cdm-okna.pl\/wp-content\/uploads\/2021\/12\/Anodowany-Efekt-RO-1024x485.jpg 1024w, https:\/\/cdm-okna.pl\/wp-content\/uploads\/2021\/12\/Anodowany-Efekt-RO-768x364.jpg 768w, https:\/\/cdm-okna.pl\/wp-content\/uploads\/2021\/12\/Anodowany-Efekt-RO.jpg 1120w\" sizes=\"(max-width: 300px) 100vw, 300px\" \/><\/a>\n\t\t\t<\/div>\n\t\t\t\t<figcaption class='wp-caption-text gallery-caption' id='gallery-4-10658'>\n\t\t\t\tRO\n\t\t\t\t<\/figcaption><\/figure>\n\t\t<\/div>\n\t\t<\/div>\n\t\t\t\t<\/div>\n\t\t\t\t<\/div>\n\t\t\t\t<div class=\"elementor-element elementor-element-3fb7fe2 elementor-widget elementor-widget-heading\" data-id=\"3fb7fe2\" data-element_type=\"widget\" data-widget_type=\"heading.default\">\n\t\t\t\t<div class=\"elementor-widget-container\">\n\t\t\t<h5 class=\"elementor-heading-title elementor-size-default\">Wood-like<\/h5>\t\t<\/div>\n\t\t\t\t<\/div>\n\t\t\t\t<div class=\"elementor-element elementor-element-8db285b gallery-spacing-custom elementor-widget elementor-widget-image-gallery\" data-id=\"8db285b\" data-element_type=\"widget\" data-widget_type=\"image-gallery.default\">\n\t\t\t\t<div class=\"elementor-widget-container\">\n\t\t\t\t\t<div class=\"elementor-image-gallery\">\n\t\t\t<div id='gallery-5' class='gallery galleryid-12185 gallery-columns-8 gallery-size-medium'><figure class='gallery-item'>\n\t\t\t<div class='gallery-icon landscape'>\n\t\t\t\t<a data-elementor-open-lightbox=\"yes\" data-elementor-lightbox-slideshow=\"8db285b\" data-elementor-lightbox-title=\"Drewnopodobny-11-MAT\" data-e-action-hash=\"#elementor-action%3Aaction%3Dlightbox%26settings%3DeyJpZCI6MTA2NjIsInVybCI6Imh0dHBzOlwvXC9jZG0tb2tuYS5wbFwvd3AtY29udGVudFwvdXBsb2Fkc1wvMjAyMVwvMTJcL0RyZXdub3BvZG9ibnktMTEtTUFULmpwZyIsInNsaWRlc2hvdyI6IjhkYjI4NWIifQ%3D%3D\" href='https:\/\/cdm-okna.pl\/wp-content\/uploads\/2021\/12\/Drewnopodobny-11-MAT.jpg'><img loading=\"lazy\" decoding=\"async\" width=\"300\" height=\"142\" src=\"https:\/\/cdm-okna.pl\/wp-content\/uploads\/2021\/12\/Drewnopodobny-11-MAT-300x142.jpg\" class=\"attachment-medium size-medium\" alt=\"Drobna strukturalna powierzchnia w kolorze Drewnopodobny 11 MAT \u2013 bia\u0142e t\u0142o z nieregularnym uk\u0142adem cienkich, poziomych, czarnych linii imituj\u0105cych us\u0142ojenie drewna.\" aria-describedby=\"gallery-5-10662\" srcset=\"https:\/\/cdm-okna.pl\/wp-content\/uploads\/2021\/12\/Drewnopodobny-11-MAT-300x142.jpg 300w, https:\/\/cdm-okna.pl\/wp-content\/uploads\/2021\/12\/Drewnopodobny-11-MAT-1024x485.jpg 1024w, https:\/\/cdm-okna.pl\/wp-content\/uploads\/2021\/12\/Drewnopodobny-11-MAT-768x364.jpg 768w, https:\/\/cdm-okna.pl\/wp-content\/uploads\/2021\/12\/Drewnopodobny-11-MAT.jpg 1121w\" sizes=\"(max-width: 300px) 100vw, 300px\" \/><\/a>\n\t\t\t<\/div>\n\t\t\t\t<figcaption class='wp-caption-text gallery-caption' id='gallery-5-10662'>\n\t\t\t\t11-MAT\n\t\t\t\t<\/figcaption><\/figure><figure class='gallery-item'>\n\t\t\t<div class='gallery-icon landscape'>\n\t\t\t\t<a data-elementor-open-lightbox=\"yes\" data-elementor-lightbox-slideshow=\"8db285b\" data-elementor-lightbox-title=\"Drewnopodobny-10-MAT\" data-e-action-hash=\"#elementor-action%3Aaction%3Dlightbox%26settings%3DeyJpZCI6MTA2NjQsInVybCI6Imh0dHBzOlwvXC9jZG0tb2tuYS5wbFwvd3AtY29udGVudFwvdXBsb2Fkc1wvMjAyMVwvMTJcL0RyZXdub3BvZG9ibnktMTAtTUFULmpwZyIsInNsaWRlc2hvdyI6IjhkYjI4NWIifQ%3D%3D\" href='https:\/\/cdm-okna.pl\/wp-content\/uploads\/2021\/12\/Drewnopodobny-10-MAT.jpg'><img loading=\"lazy\" decoding=\"async\" width=\"300\" height=\"142\" src=\"https:\/\/cdm-okna.pl\/wp-content\/uploads\/2021\/12\/Drewnopodobny-10-MAT-300x142.jpg\" class=\"attachment-medium size-medium\" alt=\"Drobna strukturalna powierzchnia w kolorze Drewnopodobny 10 MAT \u2013 be\u017cowy odcie\u0144 z poziomym us\u0142ojeniem imituj\u0105cym jasne drewno.\" aria-describedby=\"gallery-5-10664\" srcset=\"https:\/\/cdm-okna.pl\/wp-content\/uploads\/2021\/12\/Drewnopodobny-10-MAT-300x142.jpg 300w, https:\/\/cdm-okna.pl\/wp-content\/uploads\/2021\/12\/Drewnopodobny-10-MAT-1024x486.jpg 1024w, https:\/\/cdm-okna.pl\/wp-content\/uploads\/2021\/12\/Drewnopodobny-10-MAT-768x364.jpg 768w, https:\/\/cdm-okna.pl\/wp-content\/uploads\/2021\/12\/Drewnopodobny-10-MAT.jpg 1122w\" sizes=\"(max-width: 300px) 100vw, 300px\" \/><\/a>\n\t\t\t<\/div>\n\t\t\t\t<figcaption class='wp-caption-text gallery-caption' id='gallery-5-10664'>\n\t\t\t\t10-MAT\n\t\t\t\t<\/figcaption><\/figure><figure class='gallery-item'>\n\t\t\t<div class='gallery-icon landscape'>\n\t\t\t\t<a data-elementor-open-lightbox=\"yes\" data-elementor-lightbox-slideshow=\"8db285b\" data-elementor-lightbox-title=\"Drewnopodobny-13-MAT\" data-e-action-hash=\"#elementor-action%3Aaction%3Dlightbox%26settings%3DeyJpZCI6MTA2NjYsInVybCI6Imh0dHBzOlwvXC9jZG0tb2tuYS5wbFwvd3AtY29udGVudFwvdXBsb2Fkc1wvMjAyMVwvMTJcL0RyZXdub3BvZG9ibnktMTMtTUFULmpwZyIsInNsaWRlc2hvdyI6IjhkYjI4NWIifQ%3D%3D\" href='https:\/\/cdm-okna.pl\/wp-content\/uploads\/2021\/12\/Drewnopodobny-13-MAT.jpg'><img loading=\"lazy\" decoding=\"async\" width=\"300\" height=\"142\" src=\"https:\/\/cdm-okna.pl\/wp-content\/uploads\/2021\/12\/Drewnopodobny-13-MAT-300x142.jpg\" class=\"attachment-medium size-medium\" alt=\"Drobna strukturalna powierzchnia w kolorze Drewnopodobny 13 MAT \u2013 br\u0105zowy odcie\u0144 z wyra\u017anym us\u0142ojeniem imituj\u0105cym naturalne drewno.\" aria-describedby=\"gallery-5-10666\" srcset=\"https:\/\/cdm-okna.pl\/wp-content\/uploads\/2021\/12\/Drewnopodobny-13-MAT-300x142.jpg 300w, https:\/\/cdm-okna.pl\/wp-content\/uploads\/2021\/12\/Drewnopodobny-13-MAT-1024x485.jpg 1024w, https:\/\/cdm-okna.pl\/wp-content\/uploads\/2021\/12\/Drewnopodobny-13-MAT-768x364.jpg 768w, https:\/\/cdm-okna.pl\/wp-content\/uploads\/2021\/12\/Drewnopodobny-13-MAT.jpg 1121w\" sizes=\"(max-width: 300px) 100vw, 300px\" \/><\/a>\n\t\t\t<\/div>\n\t\t\t\t<figcaption class='wp-caption-text gallery-caption' id='gallery-5-10666'>\n\t\t\t\t13-MAT\n\t\t\t\t<\/figcaption><\/figure><figure class='gallery-item'>\n\t\t\t<div class='gallery-icon landscape'>\n\t\t\t\t<a data-elementor-open-lightbox=\"yes\" data-elementor-lightbox-slideshow=\"8db285b\" data-elementor-lightbox-title=\"Drewnopodobny-12-MAT\" data-e-action-hash=\"#elementor-action%3Aaction%3Dlightbox%26settings%3DeyJpZCI6MTA2NjgsInVybCI6Imh0dHBzOlwvXC9jZG0tb2tuYS5wbFwvd3AtY29udGVudFwvdXBsb2Fkc1wvMjAyMVwvMTJcL0RyZXdub3BvZG9ibnktMTItTUFULmpwZyIsInNsaWRlc2hvdyI6IjhkYjI4NWIifQ%3D%3D\" href='https:\/\/cdm-okna.pl\/wp-content\/uploads\/2021\/12\/Drewnopodobny-12-MAT.jpg'><img loading=\"lazy\" decoding=\"async\" width=\"300\" height=\"142\" src=\"https:\/\/cdm-okna.pl\/wp-content\/uploads\/2021\/12\/Drewnopodobny-12-MAT-300x142.jpg\" class=\"attachment-medium size-medium\" alt=\"Drobna strukturalna powierzchnia w kolorze Drewnopodobny 12 MAT \u2013 jasnoniebiesko-bia\u0142a powierzchnia z marmurkowym wzorem i subteln\u0105 faktur\u0105.\" aria-describedby=\"gallery-5-10668\" srcset=\"https:\/\/cdm-okna.pl\/wp-content\/uploads\/2021\/12\/Drewnopodobny-12-MAT-300x142.jpg 300w, https:\/\/cdm-okna.pl\/wp-content\/uploads\/2021\/12\/Drewnopodobny-12-MAT-1024x485.jpg 1024w, https:\/\/cdm-okna.pl\/wp-content\/uploads\/2021\/12\/Drewnopodobny-12-MAT-768x364.jpg 768w, https:\/\/cdm-okna.pl\/wp-content\/uploads\/2021\/12\/Drewnopodobny-12-MAT.jpg 1121w\" sizes=\"(max-width: 300px) 100vw, 300px\" \/><\/a>\n\t\t\t<\/div>\n\t\t\t\t<figcaption class='wp-caption-text gallery-caption' id='gallery-5-10668'>\n\t\t\t\t12-MAT\n\t\t\t\t<\/figcaption><\/figure><figure class='gallery-item'>\n\t\t\t<div class='gallery-icon landscape'>\n\t\t\t\t<a data-elementor-open-lightbox=\"yes\" data-elementor-lightbox-slideshow=\"8db285b\" data-elementor-lightbox-title=\"Drewnopodobny-09-MAT\" data-e-action-hash=\"#elementor-action%3Aaction%3Dlightbox%26settings%3DeyJpZCI6MTA2NzAsInVybCI6Imh0dHBzOlwvXC9jZG0tb2tuYS5wbFwvd3AtY29udGVudFwvdXBsb2Fkc1wvMjAyMVwvMTJcL0RyZXdub3BvZG9ibnktMDktTUFULmpwZyIsInNsaWRlc2hvdyI6IjhkYjI4NWIifQ%3D%3D\" href='https:\/\/cdm-okna.pl\/wp-content\/uploads\/2021\/12\/Drewnopodobny-09-MAT.jpg'><img loading=\"lazy\" decoding=\"async\" width=\"300\" height=\"142\" src=\"https:\/\/cdm-okna.pl\/wp-content\/uploads\/2021\/12\/Drewnopodobny-09-MAT-300x142.jpg\" class=\"attachment-medium size-medium\" alt=\"Drobna strukturalna powierzchnia w kolorze Drewnopodobny 09 MAT \u2013 naturalny odcie\u0144 drewna z poziomym us\u0142ojeniem i matowym wyko\u0144czeniem.\" aria-describedby=\"gallery-5-10670\" srcset=\"https:\/\/cdm-okna.pl\/wp-content\/uploads\/2021\/12\/Drewnopodobny-09-MAT-300x142.jpg 300w, https:\/\/cdm-okna.pl\/wp-content\/uploads\/2021\/12\/Drewnopodobny-09-MAT-1024x485.jpg 1024w, https:\/\/cdm-okna.pl\/wp-content\/uploads\/2021\/12\/Drewnopodobny-09-MAT-768x364.jpg 768w, https:\/\/cdm-okna.pl\/wp-content\/uploads\/2021\/12\/Drewnopodobny-09-MAT.jpg 1121w\" sizes=\"(max-width: 300px) 100vw, 300px\" \/><\/a>\n\t\t\t<\/div>\n\t\t\t\t<figcaption class='wp-caption-text gallery-caption' id='gallery-5-10670'>\n\t\t\t\t09-MAT\n\t\t\t\t<\/figcaption><\/figure><figure class='gallery-item'>\n\t\t\t<div class='gallery-icon landscape'>\n\t\t\t\t<a data-elementor-open-lightbox=\"yes\" data-elementor-lightbox-slideshow=\"8db285b\" data-elementor-lightbox-title=\"Drewnopodobny-08-MAT\" data-e-action-hash=\"#elementor-action%3Aaction%3Dlightbox%26settings%3DeyJpZCI6MTA2NzIsInVybCI6Imh0dHBzOlwvXC9jZG0tb2tuYS5wbFwvd3AtY29udGVudFwvdXBsb2Fkc1wvMjAyMVwvMTJcL0RyZXdub3BvZG9ibnktMDgtTUFULmpwZyIsInNsaWRlc2hvdyI6IjhkYjI4NWIifQ%3D%3D\" href='https:\/\/cdm-okna.pl\/wp-content\/uploads\/2021\/12\/Drewnopodobny-08-MAT.jpg'><img loading=\"lazy\" decoding=\"async\" width=\"300\" height=\"142\" src=\"https:\/\/cdm-okna.pl\/wp-content\/uploads\/2021\/12\/Drewnopodobny-08-MAT-300x142.jpg\" class=\"attachment-medium size-medium\" alt=\"Drobna strukturalna powierzchnia w kolorze Drewnopodobny 08 MAT \u2013 naturalny odcie\u0144 z poziomym us\u0142ojeniem imituj\u0105cym drewno i matowym wyko\u0144czeniem.\" aria-describedby=\"gallery-5-10672\" srcset=\"https:\/\/cdm-okna.pl\/wp-content\/uploads\/2021\/12\/Drewnopodobny-08-MAT-300x142.jpg 300w, https:\/\/cdm-okna.pl\/wp-content\/uploads\/2021\/12\/Drewnopodobny-08-MAT-1024x485.jpg 1024w, https:\/\/cdm-okna.pl\/wp-content\/uploads\/2021\/12\/Drewnopodobny-08-MAT-768x364.jpg 768w, https:\/\/cdm-okna.pl\/wp-content\/uploads\/2021\/12\/Drewnopodobny-08-MAT.jpg 1121w\" sizes=\"(max-width: 300px) 100vw, 300px\" \/><\/a>\n\t\t\t<\/div>\n\t\t\t\t<figcaption class='wp-caption-text gallery-caption' id='gallery-5-10672'>\n\t\t\t\t08-MAT\n\t\t\t\t<\/figcaption><\/figure><figure class='gallery-item'>\n\t\t\t<div class='gallery-icon landscape'>\n\t\t\t\t<a data-elementor-open-lightbox=\"yes\" data-elementor-lightbox-slideshow=\"8db285b\" data-elementor-lightbox-title=\"Drewnopodobny-07-MAT\" data-e-action-hash=\"#elementor-action%3Aaction%3Dlightbox%26settings%3DeyJpZCI6MTA2NzQsInVybCI6Imh0dHBzOlwvXC9jZG0tb2tuYS5wbFwvd3AtY29udGVudFwvdXBsb2Fkc1wvMjAyMVwvMTJcL0RyZXdub3BvZG9ibnktMDctTUFULmpwZyIsInNsaWRlc2hvdyI6IjhkYjI4NWIifQ%3D%3D\" href='https:\/\/cdm-okna.pl\/wp-content\/uploads\/2021\/12\/Drewnopodobny-07-MAT.jpg'><img loading=\"lazy\" decoding=\"async\" width=\"300\" height=\"142\" src=\"https:\/\/cdm-okna.pl\/wp-content\/uploads\/2021\/12\/Drewnopodobny-07-MAT-300x142.jpg\" class=\"attachment-medium size-medium\" alt=\"Drobna strukturalna powierzchnia w kolorze Drewnopodobny 07 MAT \u2013 naturalny odcie\u0144 drewna z poziomym us\u0142ojeniem i matowym wyko\u0144czeniem.\" aria-describedby=\"gallery-5-10674\" srcset=\"https:\/\/cdm-okna.pl\/wp-content\/uploads\/2021\/12\/Drewnopodobny-07-MAT-300x142.jpg 300w, https:\/\/cdm-okna.pl\/wp-content\/uploads\/2021\/12\/Drewnopodobny-07-MAT-1024x485.jpg 1024w, https:\/\/cdm-okna.pl\/wp-content\/uploads\/2021\/12\/Drewnopodobny-07-MAT-768x364.jpg 768w, https:\/\/cdm-okna.pl\/wp-content\/uploads\/2021\/12\/Drewnopodobny-07-MAT.jpg 1121w\" sizes=\"(max-width: 300px) 100vw, 300px\" \/><\/a>\n\t\t\t<\/div>\n\t\t\t\t<figcaption class='wp-caption-text gallery-caption' id='gallery-5-10674'>\n\t\t\t\t07-MAT\n\t\t\t\t<\/figcaption><\/figure><figure class='gallery-item'>\n\t\t\t<div class='gallery-icon landscape'>\n\t\t\t\t<a data-elementor-open-lightbox=\"yes\" data-elementor-lightbox-slideshow=\"8db285b\" data-elementor-lightbox-title=\"Drewnopodobny-06-MAT\" data-e-action-hash=\"#elementor-action%3Aaction%3Dlightbox%26settings%3DeyJpZCI6MTA2NzYsInVybCI6Imh0dHBzOlwvXC9jZG0tb2tuYS5wbFwvd3AtY29udGVudFwvdXBsb2Fkc1wvMjAyMVwvMTJcL0RyZXdub3BvZG9ibnktMDYtTUFULmpwZyIsInNsaWRlc2hvdyI6IjhkYjI4NWIifQ%3D%3D\" href='https:\/\/cdm-okna.pl\/wp-content\/uploads\/2021\/12\/Drewnopodobny-06-MAT.jpg'><img loading=\"lazy\" decoding=\"async\" width=\"300\" height=\"142\" src=\"https:\/\/cdm-okna.pl\/wp-content\/uploads\/2021\/12\/Drewnopodobny-06-MAT-300x142.jpg\" class=\"attachment-medium size-medium\" alt=\"Drobna strukturalna powierzchnia w kolorze Drewnopodobny 06 MAT \u2013 jasnobr\u0105zowy odcie\u0144 z naturalnym us\u0142ojeniem i matowym wyko\u0144czeniem.\" aria-describedby=\"gallery-5-10676\" srcset=\"https:\/\/cdm-okna.pl\/wp-content\/uploads\/2021\/12\/Drewnopodobny-06-MAT-300x142.jpg 300w, https:\/\/cdm-okna.pl\/wp-content\/uploads\/2021\/12\/Drewnopodobny-06-MAT-1024x485.jpg 1024w, https:\/\/cdm-okna.pl\/wp-content\/uploads\/2021\/12\/Drewnopodobny-06-MAT-768x364.jpg 768w, https:\/\/cdm-okna.pl\/wp-content\/uploads\/2021\/12\/Drewnopodobny-06-MAT.jpg 1121w\" sizes=\"(max-width: 300px) 100vw, 300px\" \/><\/a>\n\t\t\t<\/div>\n\t\t\t\t<figcaption class='wp-caption-text gallery-caption' id='gallery-5-10676'>\n\t\t\t\t06-MAT\n\t\t\t\t<\/figcaption><\/figure><figure class='gallery-item'>\n\t\t\t<div class='gallery-icon landscape'>\n\t\t\t\t<a data-elementor-open-lightbox=\"yes\" data-elementor-lightbox-slideshow=\"8db285b\" data-elementor-lightbox-title=\"Drewnopodobny-05-MAT\" data-e-action-hash=\"#elementor-action%3Aaction%3Dlightbox%26settings%3DeyJpZCI6MTA2NzgsInVybCI6Imh0dHBzOlwvXC9jZG0tb2tuYS5wbFwvd3AtY29udGVudFwvdXBsb2Fkc1wvMjAyMVwvMTJcL0RyZXdub3BvZG9ibnktMDUtTUFULmpwZyIsInNsaWRlc2hvdyI6IjhkYjI4NWIifQ%3D%3D\" href='https:\/\/cdm-okna.pl\/wp-content\/uploads\/2021\/12\/Drewnopodobny-05-MAT.jpg'><img loading=\"lazy\" decoding=\"async\" width=\"300\" height=\"142\" src=\"https:\/\/cdm-okna.pl\/wp-content\/uploads\/2021\/12\/Drewnopodobny-05-MAT-300x142.jpg\" class=\"attachment-medium size-medium\" alt=\"Drobna strukturalna powierzchnia w kolorze Drewnopodobny 05 MAT \u2013 \u015bredniobr\u0105zowy odcie\u0144 z wyra\u017anym us\u0142ojeniem i matowym wyko\u0144czeniem.\" aria-describedby=\"gallery-5-10678\" srcset=\"https:\/\/cdm-okna.pl\/wp-content\/uploads\/2021\/12\/Drewnopodobny-05-MAT-300x142.jpg 300w, https:\/\/cdm-okna.pl\/wp-content\/uploads\/2021\/12\/Drewnopodobny-05-MAT-1024x485.jpg 1024w, https:\/\/cdm-okna.pl\/wp-content\/uploads\/2021\/12\/Drewnopodobny-05-MAT-768x364.jpg 768w, https:\/\/cdm-okna.pl\/wp-content\/uploads\/2021\/12\/Drewnopodobny-05-MAT.jpg 1121w\" sizes=\"(max-width: 300px) 100vw, 300px\" \/><\/a>\n\t\t\t<\/div>\n\t\t\t\t<figcaption class='wp-caption-text gallery-caption' id='gallery-5-10678'>\n\t\t\t\t05-MAT\n\t\t\t\t<\/figcaption><\/figure><figure class='gallery-item'>\n\t\t\t<div class='gallery-icon landscape'>\n\t\t\t\t<a data-elementor-open-lightbox=\"yes\" data-elementor-lightbox-slideshow=\"8db285b\" data-elementor-lightbox-title=\"Drewnopodobny-04-MAT\" data-e-action-hash=\"#elementor-action%3Aaction%3Dlightbox%26settings%3DeyJpZCI6MTA2ODAsInVybCI6Imh0dHBzOlwvXC9jZG0tb2tuYS5wbFwvd3AtY29udGVudFwvdXBsb2Fkc1wvMjAyMVwvMTJcL0RyZXdub3BvZG9ibnktMDQtTUFULmpwZyIsInNsaWRlc2hvdyI6IjhkYjI4NWIifQ%3D%3D\" href='https:\/\/cdm-okna.pl\/wp-content\/uploads\/2021\/12\/Drewnopodobny-04-MAT.jpg'><img loading=\"lazy\" decoding=\"async\" width=\"300\" height=\"142\" src=\"https:\/\/cdm-okna.pl\/wp-content\/uploads\/2021\/12\/Drewnopodobny-04-MAT-300x142.jpg\" class=\"attachment-medium size-medium\" alt=\"Drobna strukturalna powierzchnia w kolorze Drewnopodobny 04 MAT \u2013 ciep\u0142y, jasnobr\u0105zowy odcie\u0144 z delikatnym us\u0142ojeniem i matowym wyko\u0144czeniem.\" aria-describedby=\"gallery-5-10680\" srcset=\"https:\/\/cdm-okna.pl\/wp-content\/uploads\/2021\/12\/Drewnopodobny-04-MAT-300x142.jpg 300w, https:\/\/cdm-okna.pl\/wp-content\/uploads\/2021\/12\/Drewnopodobny-04-MAT-1024x485.jpg 1024w, https:\/\/cdm-okna.pl\/wp-content\/uploads\/2021\/12\/Drewnopodobny-04-MAT-768x364.jpg 768w, https:\/\/cdm-okna.pl\/wp-content\/uploads\/2021\/12\/Drewnopodobny-04-MAT.jpg 1121w\" sizes=\"(max-width: 300px) 100vw, 300px\" \/><\/a>\n\t\t\t<\/div>\n\t\t\t\t<figcaption class='wp-caption-text gallery-caption' id='gallery-5-10680'>\n\t\t\t\t04-MAT\n\t\t\t\t<\/figcaption><\/figure><figure class='gallery-item'>\n\t\t\t<div class='gallery-icon landscape'>\n\t\t\t\t<a data-elementor-open-lightbox=\"yes\" data-elementor-lightbox-slideshow=\"8db285b\" data-elementor-lightbox-title=\"Drewnopodobny-03-MAT\" data-e-action-hash=\"#elementor-action%3Aaction%3Dlightbox%26settings%3DeyJpZCI6MTA2ODIsInVybCI6Imh0dHBzOlwvXC9jZG0tb2tuYS5wbFwvd3AtY29udGVudFwvdXBsb2Fkc1wvMjAyMVwvMTJcL0RyZXdub3BvZG9ibnktMDMtTUFULmpwZyIsInNsaWRlc2hvdyI6IjhkYjI4NWIifQ%3D%3D\" href='https:\/\/cdm-okna.pl\/wp-content\/uploads\/2021\/12\/Drewnopodobny-03-MAT.jpg'><img loading=\"lazy\" decoding=\"async\" width=\"300\" height=\"142\" src=\"https:\/\/cdm-okna.pl\/wp-content\/uploads\/2021\/12\/Drewnopodobny-03-MAT-300x142.jpg\" class=\"attachment-medium size-medium\" alt=\"Drobna strukturalna powierzchnia w kolorze Drewnopodobny 03 MAT \u2013 klasyczny br\u0105zowy odcie\u0144 z wyra\u017anym us\u0142ojeniem i matowym wyko\u0144czeniem.\" aria-describedby=\"gallery-5-10682\" srcset=\"https:\/\/cdm-okna.pl\/wp-content\/uploads\/2021\/12\/Drewnopodobny-03-MAT-300x142.jpg 300w, https:\/\/cdm-okna.pl\/wp-content\/uploads\/2021\/12\/Drewnopodobny-03-MAT-1024x485.jpg 1024w, https:\/\/cdm-okna.pl\/wp-content\/uploads\/2021\/12\/Drewnopodobny-03-MAT-768x364.jpg 768w, https:\/\/cdm-okna.pl\/wp-content\/uploads\/2021\/12\/Drewnopodobny-03-MAT.jpg 1121w\" sizes=\"(max-width: 300px) 100vw, 300px\" \/><\/a>\n\t\t\t<\/div>\n\t\t\t\t<figcaption class='wp-caption-text gallery-caption' id='gallery-5-10682'>\n\t\t\t\t03-MAT\n\t\t\t\t<\/figcaption><\/figure><figure class='gallery-item'>\n\t\t\t<div class='gallery-icon landscape'>\n\t\t\t\t<a data-elementor-open-lightbox=\"yes\" data-elementor-lightbox-slideshow=\"8db285b\" data-elementor-lightbox-title=\"Drewnopodobny-02-MAT\" data-e-action-hash=\"#elementor-action%3Aaction%3Dlightbox%26settings%3DeyJpZCI6MTA2ODQsInVybCI6Imh0dHBzOlwvXC9jZG0tb2tuYS5wbFwvd3AtY29udGVudFwvdXBsb2Fkc1wvMjAyMVwvMTJcL0RyZXdub3BvZG9ibnktMDItTUFULmpwZyIsInNsaWRlc2hvdyI6IjhkYjI4NWIifQ%3D%3D\" href='https:\/\/cdm-okna.pl\/wp-content\/uploads\/2021\/12\/Drewnopodobny-02-MAT.jpg'><img loading=\"lazy\" decoding=\"async\" width=\"300\" height=\"142\" src=\"https:\/\/cdm-okna.pl\/wp-content\/uploads\/2021\/12\/Drewnopodobny-02-MAT-300x142.jpg\" class=\"attachment-medium size-medium\" alt=\"Drobna strukturalna powierzchnia w kolorze Drewnopodobny 02 MAT \u2013 ciemny, czerwonobr\u0105zowy odcie\u0144 z wyra\u017anym us\u0142ojeniem i matowym wyko\u0144czeniem.\" aria-describedby=\"gallery-5-10684\" srcset=\"https:\/\/cdm-okna.pl\/wp-content\/uploads\/2021\/12\/Drewnopodobny-02-MAT-300x142.jpg 300w, https:\/\/cdm-okna.pl\/wp-content\/uploads\/2021\/12\/Drewnopodobny-02-MAT-1024x485.jpg 1024w, https:\/\/cdm-okna.pl\/wp-content\/uploads\/2021\/12\/Drewnopodobny-02-MAT-768x364.jpg 768w, https:\/\/cdm-okna.pl\/wp-content\/uploads\/2021\/12\/Drewnopodobny-02-MAT.jpg 1121w\" sizes=\"(max-width: 300px) 100vw, 300px\" \/><\/a>\n\t\t\t<\/div>\n\t\t\t\t<figcaption class='wp-caption-text gallery-caption' id='gallery-5-10684'>\n\t\t\t\t02-MAT\n\t\t\t\t<\/figcaption><\/figure><figure class='gallery-item'>\n\t\t\t<div class='gallery-icon landscape'>\n\t\t\t\t<a data-elementor-open-lightbox=\"yes\" data-elementor-lightbox-slideshow=\"8db285b\" data-elementor-lightbox-title=\"Drewnopodobny-01-MAT\" data-e-action-hash=\"#elementor-action%3Aaction%3Dlightbox%26settings%3DeyJpZCI6MTA2ODYsInVybCI6Imh0dHBzOlwvXC9jZG0tb2tuYS5wbFwvd3AtY29udGVudFwvdXBsb2Fkc1wvMjAyMVwvMTJcL0RyZXdub3BvZG9ibnktMDEtTUFULmpwZyIsInNsaWRlc2hvdyI6IjhkYjI4NWIifQ%3D%3D\" href='https:\/\/cdm-okna.pl\/wp-content\/uploads\/2021\/12\/Drewnopodobny-01-MAT.jpg'><img loading=\"lazy\" decoding=\"async\" width=\"300\" height=\"142\" src=\"https:\/\/cdm-okna.pl\/wp-content\/uploads\/2021\/12\/Drewnopodobny-01-MAT-300x142.jpg\" class=\"attachment-medium size-medium\" alt=\"Drobna strukturalna powierzchnia w kolorze Drewnopodobny 01 MAT \u2013 ciemny br\u0105z z czarnym us\u0142ojeniem i matowym wyko\u0144czeniem.\" aria-describedby=\"gallery-5-10686\" srcset=\"https:\/\/cdm-okna.pl\/wp-content\/uploads\/2021\/12\/Drewnopodobny-01-MAT-300x142.jpg 300w, https:\/\/cdm-okna.pl\/wp-content\/uploads\/2021\/12\/Drewnopodobny-01-MAT-1024x485.jpg 1024w, https:\/\/cdm-okna.pl\/wp-content\/uploads\/2021\/12\/Drewnopodobny-01-MAT-768x364.jpg 768w, https:\/\/cdm-okna.pl\/wp-content\/uploads\/2021\/12\/Drewnopodobny-01-MAT.jpg 1121w\" sizes=\"(max-width: 300px) 100vw, 300px\" \/><\/a>\n\t\t\t<\/div>\n\t\t\t\t<figcaption class='wp-caption-text gallery-caption' id='gallery-5-10686'>\n\t\t\t\t01-MAT\n\t\t\t\t<\/figcaption><\/figure>\n\t\t<\/div>\n\t\t<\/div>\n\t\t\t\t<\/div>\n\t\t\t\t<\/div>\n\t\t\t\t\t<\/div>\n\t\t<\/div>\n\t\t\t\t\t\t\t<\/div>\n\t\t<\/section>\n\t\t\t\t\t\t<\/div>\n\t\t<\/div>\n\t\t\t\t\t\t\t\t\t<div class=\"elementor-tab-title elementor-tab-mobile-title\" aria-selected=\"false\" data-tab=\"2\" role=\"tab\" tabindex=\"-1\" aria-controls=\"elementor-tab-content-7222\" aria-expanded=\"false\">Ral <br>opaque varnishes<\/div>\n\t\t\t\t\t<div id=\"elementor-tab-content-7222\" class=\"elementor-tab-content elementor-clearfix\" data-tab=\"2\" role=\"tabpanel\" aria-labelledby=\"elementor-tab-title-7222\" tabindex=\"0\" hidden=\"hidden\"><p style=\"text-align: center;\">Since the method of taking a photo of a colour and its display on the monitor may vary, the presented colour hues should be considered as representative only.<\/p>\t\t<div data-elementor-type=\"section\" data-elementor-id=\"12302\" class=\"elementor elementor-12302 elementor-3721\" data-elementor-post-type=\"elementor_library\">\n\t\t\t\t\t\t\t\t<section class=\"elementor-section elementor-inner-section elementor-element elementor-element-71c96940 elementor-section-boxed elementor-section-height-default elementor-section-height-default\" data-id=\"71c96940\" data-element_type=\"section\" id=\"ral\">\n\t\t\t\t\t\t<div class=\"elementor-container elementor-column-gap-default\">\n\t\t\t\t\t<div class=\"elementor-column elementor-col-100 elementor-inner-column elementor-element elementor-element-73aaefd3\" data-id=\"73aaefd3\" data-element_type=\"column\">\n\t\t\t<div class=\"elementor-widget-wrap elementor-element-populated\">\n\t\t\t\t\t\t\t\t<div class=\"elementor-element elementor-element-37d7f134 gallery-spacing-custom elementor-widget elementor-widget-image-gallery\" data-id=\"37d7f134\" data-element_type=\"widget\" data-widget_type=\"image-gallery.default\">\n\t\t\t\t<div class=\"elementor-widget-container\">\n\t\t\t\t\t<div class=\"elementor-image-gallery\">\n\t\t\t<div id='gallery-6' class='gallery galleryid-12185 gallery-columns-10 gallery-size-thumbnail'><figure class='gallery-item'>\n\t\t\t<div class='gallery-icon landscape'>\n\t\t\t\t<a data-elementor-open-lightbox=\"yes\" data-elementor-lightbox-slideshow=\"37d7f134\" data-elementor-lightbox-title=\"RAL 1000\" data-e-action-hash=\"#elementor-action%3Aaction%3Dlightbox%26settings%3DeyJpZCI6OTU4MCwidXJsIjoiaHR0cHM6XC9cL2NkbS1va25hLnBsXC93cC1jb250ZW50XC91cGxvYWRzXC8yMDIxXC8xMlwvUkFMLTEwMDAuanBnIiwic2xpZGVzaG93IjoiMzdkN2YxMzQifQ%3D%3D\" href='https:\/\/cdm-okna.pl\/wp-content\/uploads\/2021\/12\/RAL-1000.jpg'><img loading=\"lazy\" decoding=\"async\" width=\"150\" height=\"70\" src=\"https:\/\/cdm-okna.pl\/wp-content\/uploads\/2021\/12\/RAL-1000-150x70.jpg\" class=\"attachment-thumbnail size-thumbnail\" alt=\"Pr\u00f3bka koloru RAL 1000 \u2013 be\u017cowozielony\" aria-describedby=\"gallery-6-9580\" \/><\/a>\n\t\t\t<\/div>\n\t\t\t\t<figcaption class='wp-caption-text gallery-caption' id='gallery-6-9580'>\n\t\t\t\tRAL 1000\n\t\t\t\t<\/figcaption><\/figure><figure class='gallery-item'>\n\t\t\t<div class='gallery-icon landscape'>\n\t\t\t\t<a data-elementor-open-lightbox=\"yes\" data-elementor-lightbox-slideshow=\"37d7f134\" data-elementor-lightbox-title=\"RAL 1001\" data-e-action-hash=\"#elementor-action%3Aaction%3Dlightbox%26settings%3DeyJpZCI6OTU4MiwidXJsIjoiaHR0cHM6XC9cL2NkbS1va25hLnBsXC93cC1jb250ZW50XC91cGxvYWRzXC8yMDIxXC8xMlwvUkFMLTEwMDEuanBnIiwic2xpZGVzaG93IjoiMzdkN2YxMzQifQ%3D%3D\" href='https:\/\/cdm-okna.pl\/wp-content\/uploads\/2021\/12\/RAL-1001.jpg'><img loading=\"lazy\" decoding=\"async\" width=\"150\" height=\"70\" src=\"https:\/\/cdm-okna.pl\/wp-content\/uploads\/2021\/12\/RAL-1001-150x70.jpg\" class=\"attachment-thumbnail size-thumbnail\" alt=\"Pr\u00f3bka koloru RAL 1001 \u2013 be\u017cowy (piaskowy be\u017c)\" aria-describedby=\"gallery-6-9582\" \/><\/a>\n\t\t\t<\/div>\n\t\t\t\t<figcaption class='wp-caption-text gallery-caption' id='gallery-6-9582'>\n\t\t\t\tRAL 1001\n\t\t\t\t<\/figcaption><\/figure><figure class='gallery-item'>\n\t\t\t<div class='gallery-icon landscape'>\n\t\t\t\t<a data-elementor-open-lightbox=\"yes\" data-elementor-lightbox-slideshow=\"37d7f134\" data-elementor-lightbox-title=\"RAL 1002\" data-e-action-hash=\"#elementor-action%3Aaction%3Dlightbox%26settings%3DeyJpZCI6OTU4NCwidXJsIjoiaHR0cHM6XC9cL2NkbS1va25hLnBsXC93cC1jb250ZW50XC91cGxvYWRzXC8yMDIxXC8xMlwvUkFMLTEwMDIuanBnIiwic2xpZGVzaG93IjoiMzdkN2YxMzQifQ%3D%3D\" href='https:\/\/cdm-okna.pl\/wp-content\/uploads\/2021\/12\/RAL-1002.jpg'><img loading=\"lazy\" decoding=\"async\" width=\"150\" height=\"70\" src=\"https:\/\/cdm-okna.pl\/wp-content\/uploads\/2021\/12\/RAL-1002-150x70.jpg\" class=\"attachment-thumbnail size-thumbnail\" alt=\"Pr\u00f3bka koloru RAL 1002 \u2013 piaskowy (piaskowo\u017c\u00f3\u0142ty)\" aria-describedby=\"gallery-6-9584\" \/><\/a>\n\t\t\t<\/div>\n\t\t\t\t<figcaption class='wp-caption-text gallery-caption' id='gallery-6-9584'>\n\t\t\t\tRAL 1002\n\t\t\t\t<\/figcaption><\/figure><figure class='gallery-item'>\n\t\t\t<div class='gallery-icon landscape'>\n\t\t\t\t<a data-elementor-open-lightbox=\"yes\" data-elementor-lightbox-slideshow=\"37d7f134\" data-elementor-lightbox-title=\"RAL 1003\" data-e-action-hash=\"#elementor-action%3Aaction%3Dlightbox%26settings%3DeyJpZCI6OTU4NiwidXJsIjoiaHR0cHM6XC9cL2NkbS1va25hLnBsXC93cC1jb250ZW50XC91cGxvYWRzXC8yMDIxXC8xMlwvUkFMLTEwMDMuanBnIiwic2xpZGVzaG93IjoiMzdkN2YxMzQifQ%3D%3D\" href='https:\/\/cdm-okna.pl\/wp-content\/uploads\/2021\/12\/RAL-1003.jpg'><img loading=\"lazy\" decoding=\"async\" width=\"150\" height=\"70\" src=\"https:\/\/cdm-okna.pl\/wp-content\/uploads\/2021\/12\/RAL-1003-150x70.jpg\" class=\"attachment-thumbnail size-thumbnail\" alt=\"Pr\u00f3bka koloru RAL 1003 \u2013 \u017c\u00f3\u0142ty (sygna\u0142owy \u017c\u00f3\u0142ty)\" aria-describedby=\"gallery-6-9586\" \/><\/a>\n\t\t\t<\/div>\n\t\t\t\t<figcaption class='wp-caption-text gallery-caption' id='gallery-6-9586'>\n\t\t\t\tRAL 1003\n\t\t\t\t<\/figcaption><\/figure><figure class='gallery-item'>\n\t\t\t<div class='gallery-icon landscape'>\n\t\t\t\t<a data-elementor-open-lightbox=\"yes\" data-elementor-lightbox-slideshow=\"37d7f134\" data-elementor-lightbox-title=\"RAL 1004\" data-e-action-hash=\"#elementor-action%3Aaction%3Dlightbox%26settings%3DeyJpZCI6OTU4OCwidXJsIjoiaHR0cHM6XC9cL2NkbS1va25hLnBsXC93cC1jb250ZW50XC91cGxvYWRzXC8yMDIxXC8xMlwvUkFMLTEwMDQuanBnIiwic2xpZGVzaG93IjoiMzdkN2YxMzQifQ%3D%3D\" href='https:\/\/cdm-okna.pl\/wp-content\/uploads\/2021\/12\/RAL-1004.jpg'><img loading=\"lazy\" decoding=\"async\" width=\"150\" height=\"70\" src=\"https:\/\/cdm-okna.pl\/wp-content\/uploads\/2021\/12\/RAL-1004-150x70.jpg\" class=\"attachment-thumbnail size-thumbnail\" alt=\"Pr\u00f3bka koloru RAL 1004 \u2013 z\u0142oty \u017c\u00f3\u0142ty\" aria-describedby=\"gallery-6-9588\" \/><\/a>\n\t\t\t<\/div>\n\t\t\t\t<figcaption class='wp-caption-text gallery-caption' id='gallery-6-9588'>\n\t\t\t\tRAL 1004\n\t\t\t\t<\/figcaption><\/figure><figure class='gallery-item'>\n\t\t\t<div class='gallery-icon landscape'>\n\t\t\t\t<a data-elementor-open-lightbox=\"yes\" data-elementor-lightbox-slideshow=\"37d7f134\" data-elementor-lightbox-title=\"RAL 1005\" data-e-action-hash=\"#elementor-action%3Aaction%3Dlightbox%26settings%3DeyJpZCI6OTU5MCwidXJsIjoiaHR0cHM6XC9cL2NkbS1va25hLnBsXC93cC1jb250ZW50XC91cGxvYWRzXC8yMDIxXC8xMlwvUkFMLTEwMDUuanBnIiwic2xpZGVzaG93IjoiMzdkN2YxMzQifQ%3D%3D\" href='https:\/\/cdm-okna.pl\/wp-content\/uploads\/2021\/12\/RAL-1005.jpg'><img loading=\"lazy\" decoding=\"async\" width=\"150\" height=\"70\" src=\"https:\/\/cdm-okna.pl\/wp-content\/uploads\/2021\/12\/RAL-1005-150x70.jpg\" class=\"attachment-thumbnail size-thumbnail\" alt=\"Pr\u00f3bka koloru RAL 1005 \u2013 miodowy \u017c\u00f3\u0142ty\" aria-describedby=\"gallery-6-9590\" \/><\/a>\n\t\t\t<\/div>\n\t\t\t\t<figcaption class='wp-caption-text gallery-caption' id='gallery-6-9590'>\n\t\t\t\tRAL 1005\n\t\t\t\t<\/figcaption><\/figure><figure class='gallery-item'>\n\t\t\t<div class='gallery-icon landscape'>\n\t\t\t\t<a data-elementor-open-lightbox=\"yes\" data-elementor-lightbox-slideshow=\"37d7f134\" data-elementor-lightbox-title=\"RAL 1006\" data-e-action-hash=\"#elementor-action%3Aaction%3Dlightbox%26settings%3DeyJpZCI6OTU5MiwidXJsIjoiaHR0cHM6XC9cL2NkbS1va25hLnBsXC93cC1jb250ZW50XC91cGxvYWRzXC8yMDIxXC8xMlwvUkFMLTEwMDYuanBnIiwic2xpZGVzaG93IjoiMzdkN2YxMzQifQ%3D%3D\" href='https:\/\/cdm-okna.pl\/wp-content\/uploads\/2021\/12\/RAL-1006.jpg'><img loading=\"lazy\" decoding=\"async\" width=\"150\" height=\"70\" src=\"https:\/\/cdm-okna.pl\/wp-content\/uploads\/2021\/12\/RAL-1006-150x70.jpg\" class=\"attachment-thumbnail size-thumbnail\" alt=\"Pr\u00f3bka koloru RAL 1006 \u2013 kukurydziany \u017c\u00f3\u0142ty\" aria-describedby=\"gallery-6-9592\" \/><\/a>\n\t\t\t<\/div>\n\t\t\t\t<figcaption class='wp-caption-text gallery-caption' id='gallery-6-9592'>\n\t\t\t\tRAL 1006\n\t\t\t\t<\/figcaption><\/figure><figure class='gallery-item'>\n\t\t\t<div class='gallery-icon landscape'>\n\t\t\t\t<a data-elementor-open-lightbox=\"yes\" data-elementor-lightbox-slideshow=\"37d7f134\" data-elementor-lightbox-title=\"RAL 1007\" data-e-action-hash=\"#elementor-action%3Aaction%3Dlightbox%26settings%3DeyJpZCI6OTU5NCwidXJsIjoiaHR0cHM6XC9cL2NkbS1va25hLnBsXC93cC1jb250ZW50XC91cGxvYWRzXC8yMDIxXC8xMlwvUkFMLTEwMDcuanBnIiwic2xpZGVzaG93IjoiMzdkN2YxMzQifQ%3D%3D\" href='https:\/\/cdm-okna.pl\/wp-content\/uploads\/2021\/12\/RAL-1007.jpg'><img loading=\"lazy\" decoding=\"async\" width=\"150\" height=\"70\" src=\"https:\/\/cdm-okna.pl\/wp-content\/uploads\/2021\/12\/RAL-1007-150x70.jpg\" class=\"attachment-thumbnail size-thumbnail\" alt=\"Pr\u00f3bka koloru RAL 1007 \u2013 narcyzowy \u017c\u00f3\u0142ty\" aria-describedby=\"gallery-6-9594\" \/><\/a>\n\t\t\t<\/div>\n\t\t\t\t<figcaption class='wp-caption-text gallery-caption' id='gallery-6-9594'>\n\t\t\t\tRAL 1007\n\t\t\t\t<\/figcaption><\/figure><figure class='gallery-item'>\n\t\t\t<div class='gallery-icon landscape'>\n\t\t\t\t<a data-elementor-open-lightbox=\"yes\" data-elementor-lightbox-slideshow=\"37d7f134\" data-elementor-lightbox-title=\"RAL 1011\" data-e-action-hash=\"#elementor-action%3Aaction%3Dlightbox%26settings%3DeyJpZCI6OTU5NiwidXJsIjoiaHR0cHM6XC9cL2NkbS1va25hLnBsXC93cC1jb250ZW50XC91cGxvYWRzXC8yMDIxXC8xMlwvUkFMLTEwMTEuanBnIiwic2xpZGVzaG93IjoiMzdkN2YxMzQifQ%3D%3D\" href='https:\/\/cdm-okna.pl\/wp-content\/uploads\/2021\/12\/RAL-1011.jpg'><img loading=\"lazy\" decoding=\"async\" width=\"150\" height=\"70\" src=\"https:\/\/cdm-okna.pl\/wp-content\/uploads\/2021\/12\/RAL-1011-150x70.jpg\" class=\"attachment-thumbnail size-thumbnail\" alt=\"Pr\u00f3bka koloru RAL 1011 \u2013 br\u0105zowy be\u017c\" aria-describedby=\"gallery-6-9596\" \/><\/a>\n\t\t\t<\/div>\n\t\t\t\t<figcaption class='wp-caption-text gallery-caption' id='gallery-6-9596'>\n\t\t\t\tRAL 1011\n\t\t\t\t<\/figcaption><\/figure><figure class='gallery-item'>\n\t\t\t<div class='gallery-icon landscape'>\n\t\t\t\t<a data-elementor-open-lightbox=\"yes\" data-elementor-lightbox-slideshow=\"37d7f134\" data-elementor-lightbox-title=\"RAL 1012\" data-e-action-hash=\"#elementor-action%3Aaction%3Dlightbox%26settings%3DeyJpZCI6OTU5OCwidXJsIjoiaHR0cHM6XC9cL2NkbS1va25hLnBsXC93cC1jb250ZW50XC91cGxvYWRzXC8yMDIxXC8xMlwvUkFMLTEwMTIuanBnIiwic2xpZGVzaG93IjoiMzdkN2YxMzQifQ%3D%3D\" href='https:\/\/cdm-okna.pl\/wp-content\/uploads\/2021\/12\/RAL-1012.jpg'><img loading=\"lazy\" decoding=\"async\" width=\"150\" height=\"70\" src=\"https:\/\/cdm-okna.pl\/wp-content\/uploads\/2021\/12\/RAL-1012-150x70.jpg\" class=\"attachment-thumbnail size-thumbnail\" alt=\"Pr\u00f3bka koloru RAL 1012 \u2013 cytrynowy \u017c\u00f3\u0142ty\" aria-describedby=\"gallery-6-9598\" \/><\/a>\n\t\t\t<\/div>\n\t\t\t\t<figcaption class='wp-caption-text gallery-caption' id='gallery-6-9598'>\n\t\t\t\tRAL 1012\n\t\t\t\t<\/figcaption><\/figure><figure class='gallery-item'>\n\t\t\t<div class='gallery-icon landscape'>\n\t\t\t\t<a data-elementor-open-lightbox=\"yes\" data-elementor-lightbox-slideshow=\"37d7f134\" data-elementor-lightbox-title=\"RAL 1013\" data-e-action-hash=\"#elementor-action%3Aaction%3Dlightbox%26settings%3DeyJpZCI6OTYwMCwidXJsIjoiaHR0cHM6XC9cL2NkbS1va25hLnBsXC93cC1jb250ZW50XC91cGxvYWRzXC8yMDIxXC8xMlwvUkFMLTEwMTMuanBnIiwic2xpZGVzaG93IjoiMzdkN2YxMzQifQ%3D%3D\" href='https:\/\/cdm-okna.pl\/wp-content\/uploads\/2021\/12\/RAL-1013.jpg'><img loading=\"lazy\" decoding=\"async\" width=\"150\" height=\"70\" src=\"https:\/\/cdm-okna.pl\/wp-content\/uploads\/2021\/12\/RAL-1013-150x70.jpg\" class=\"attachment-thumbnail size-thumbnail\" alt=\"Pr\u00f3bka koloru RAL 1013 \u2013 per\u0142owy bia\u0142y\" aria-describedby=\"gallery-6-9600\" \/><\/a>\n\t\t\t<\/div>\n\t\t\t\t<figcaption class='wp-caption-text gallery-caption' id='gallery-6-9600'>\n\t\t\t\tRAL 1013\n\t\t\t\t<\/figcaption><\/figure><figure class='gallery-item'>\n\t\t\t<div class='gallery-icon landscape'>\n\t\t\t\t<a data-elementor-open-lightbox=\"yes\" data-elementor-lightbox-slideshow=\"37d7f134\" data-elementor-lightbox-title=\"RAL 1014\" data-e-action-hash=\"#elementor-action%3Aaction%3Dlightbox%26settings%3DeyJpZCI6OTYwMiwidXJsIjoiaHR0cHM6XC9cL2NkbS1va25hLnBsXC93cC1jb250ZW50XC91cGxvYWRzXC8yMDIxXC8xMlwvUkFMLTEwMTQuanBnIiwic2xpZGVzaG93IjoiMzdkN2YxMzQifQ%3D%3D\" href='https:\/\/cdm-okna.pl\/wp-content\/uploads\/2021\/12\/RAL-1014.jpg'><img loading=\"lazy\" decoding=\"async\" width=\"150\" height=\"70\" src=\"https:\/\/cdm-okna.pl\/wp-content\/uploads\/2021\/12\/RAL-1014-150x70.jpg\" class=\"attachment-thumbnail size-thumbnail\" alt=\"Pr\u00f3bka koloru RAL 1014 \u2013 ko\u015b\u0107 s\u0142oniowa\" aria-describedby=\"gallery-6-9602\" \/><\/a>\n\t\t\t<\/div>\n\t\t\t\t<figcaption class='wp-caption-text gallery-caption' id='gallery-6-9602'>\n\t\t\t\tRAL 1014\n\t\t\t\t<\/figcaption><\/figure><figure class='gallery-item'>\n\t\t\t<div class='gallery-icon landscape'>\n\t\t\t\t<a data-elementor-open-lightbox=\"yes\" data-elementor-lightbox-slideshow=\"37d7f134\" data-elementor-lightbox-title=\"RAL 1015\" data-e-action-hash=\"#elementor-action%3Aaction%3Dlightbox%26settings%3DeyJpZCI6OTYwNCwidXJsIjoiaHR0cHM6XC9cL2NkbS1va25hLnBsXC93cC1jb250ZW50XC91cGxvYWRzXC8yMDIxXC8xMlwvUkFMLTEwMTUuanBnIiwic2xpZGVzaG93IjoiMzdkN2YxMzQifQ%3D%3D\" href='https:\/\/cdm-okna.pl\/wp-content\/uploads\/2021\/12\/RAL-1015.jpg'><img loading=\"lazy\" decoding=\"async\" width=\"150\" height=\"70\" src=\"https:\/\/cdm-okna.pl\/wp-content\/uploads\/2021\/12\/RAL-1015-150x70.jpg\" class=\"attachment-thumbnail size-thumbnail\" alt=\"Pr\u00f3bka koloru RAL 1015 \u2013 jasna ko\u015b\u0107 s\u0142oniowa\" aria-describedby=\"gallery-6-9604\" \/><\/a>\n\t\t\t<\/div>\n\t\t\t\t<figcaption class='wp-caption-text gallery-caption' id='gallery-6-9604'>\n\t\t\t\tRAL 1015\n\t\t\t\t<\/figcaption><\/figure><figure class='gallery-item'>\n\t\t\t<div class='gallery-icon landscape'>\n\t\t\t\t<a data-elementor-open-lightbox=\"yes\" data-elementor-lightbox-slideshow=\"37d7f134\" data-elementor-lightbox-title=\"RAL 1016\" data-e-action-hash=\"#elementor-action%3Aaction%3Dlightbox%26settings%3DeyJpZCI6OTYwNiwidXJsIjoiaHR0cHM6XC9cL2NkbS1va25hLnBsXC93cC1jb250ZW50XC91cGxvYWRzXC8yMDIxXC8xMlwvUkFMLTEwMTYuanBnIiwic2xpZGVzaG93IjoiMzdkN2YxMzQifQ%3D%3D\" href='https:\/\/cdm-okna.pl\/wp-content\/uploads\/2021\/12\/RAL-1016.jpg'><img loading=\"lazy\" decoding=\"async\" width=\"150\" height=\"70\" src=\"https:\/\/cdm-okna.pl\/wp-content\/uploads\/2021\/12\/RAL-1016-150x70.jpg\" class=\"attachment-thumbnail size-thumbnail\" alt=\"Pr\u00f3bka koloru RAL 1016 \u2013 siarkowy \u017c\u00f3\u0142ty\" aria-describedby=\"gallery-6-9606\" \/><\/a>\n\t\t\t<\/div>\n\t\t\t\t<figcaption class='wp-caption-text gallery-caption' id='gallery-6-9606'>\n\t\t\t\tRAL 1016\n\t\t\t\t<\/figcaption><\/figure><figure class='gallery-item'>\n\t\t\t<div class='gallery-icon landscape'>\n\t\t\t\t<a data-elementor-open-lightbox=\"yes\" data-elementor-lightbox-slideshow=\"37d7f134\" data-elementor-lightbox-title=\"RAL 1017\" data-e-action-hash=\"#elementor-action%3Aaction%3Dlightbox%26settings%3DeyJpZCI6OTYwOCwidXJsIjoiaHR0cHM6XC9cL2NkbS1va25hLnBsXC93cC1jb250ZW50XC91cGxvYWRzXC8yMDIxXC8xMlwvUkFMLTEwMTcuanBnIiwic2xpZGVzaG93IjoiMzdkN2YxMzQifQ%3D%3D\" href='https:\/\/cdm-okna.pl\/wp-content\/uploads\/2021\/12\/RAL-1017.jpg'><img loading=\"lazy\" decoding=\"async\" width=\"150\" height=\"70\" src=\"https:\/\/cdm-okna.pl\/wp-content\/uploads\/2021\/12\/RAL-1017-150x70.jpg\" class=\"attachment-thumbnail size-thumbnail\" alt=\"Pr\u00f3bka koloru RAL 1017 \u2013 szafranowy \u017c\u00f3\u0142ty\" aria-describedby=\"gallery-6-9608\" \/><\/a>\n\t\t\t<\/div>\n\t\t\t\t<figcaption class='wp-caption-text gallery-caption' id='gallery-6-9608'>\n\t\t\t\tRAL 1017\n\t\t\t\t<\/figcaption><\/figure><figure class='gallery-item'>\n\t\t\t<div class='gallery-icon landscape'>\n\t\t\t\t<a data-elementor-open-lightbox=\"yes\" data-elementor-lightbox-slideshow=\"37d7f134\" data-elementor-lightbox-title=\"RAL 1018\" data-e-action-hash=\"#elementor-action%3Aaction%3Dlightbox%26settings%3DeyJpZCI6OTYxMCwidXJsIjoiaHR0cHM6XC9cL2NkbS1va25hLnBsXC93cC1jb250ZW50XC91cGxvYWRzXC8yMDIxXC8xMlwvUkFMLTEwMTguanBnIiwic2xpZGVzaG93IjoiMzdkN2YxMzQifQ%3D%3D\" href='https:\/\/cdm-okna.pl\/wp-content\/uploads\/2021\/12\/RAL-1018.jpg'><img loading=\"lazy\" decoding=\"async\" width=\"150\" height=\"70\" src=\"https:\/\/cdm-okna.pl\/wp-content\/uploads\/2021\/12\/RAL-1018-150x70.jpg\" class=\"attachment-thumbnail size-thumbnail\" alt=\"Obraz przedstawia jednolite t\u0142o w kolorze \u017c\u00f3\u0142tym cynkowym (RAL 1018). Jest to jasny, intensywny odcie\u0144 \u017c\u00f3\u0142tego.\" aria-describedby=\"gallery-6-9610\" \/><\/a>\n\t\t\t<\/div>\n\t\t\t\t<figcaption class='wp-caption-text gallery-caption' id='gallery-6-9610'>\n\t\t\t\tRAL 1018\n\t\t\t\t<\/figcaption><\/figure><figure class='gallery-item'>\n\t\t\t<div class='gallery-icon landscape'>\n\t\t\t\t<a data-elementor-open-lightbox=\"yes\" data-elementor-lightbox-slideshow=\"37d7f134\" data-elementor-lightbox-title=\"RAL 1019\" data-e-action-hash=\"#elementor-action%3Aaction%3Dlightbox%26settings%3DeyJpZCI6OTYxMiwidXJsIjoiaHR0cHM6XC9cL2NkbS1va25hLnBsXC93cC1jb250ZW50XC91cGxvYWRzXC8yMDIxXC8xMlwvUkFMLTEwMTkuanBnIiwic2xpZGVzaG93IjoiMzdkN2YxMzQifQ%3D%3D\" href='https:\/\/cdm-okna.pl\/wp-content\/uploads\/2021\/12\/RAL-1019.jpg'><img loading=\"lazy\" decoding=\"async\" width=\"150\" height=\"70\" src=\"https:\/\/cdm-okna.pl\/wp-content\/uploads\/2021\/12\/RAL-1019-150x70.jpg\" class=\"attachment-thumbnail size-thumbnail\" alt=\"Pr\u00f3bka koloru RAL 1019 \u2013 szarobe\u017cowy\" aria-describedby=\"gallery-6-9612\" \/><\/a>\n\t\t\t<\/div>\n\t\t\t\t<figcaption class='wp-caption-text gallery-caption' id='gallery-6-9612'>\n\t\t\t\tRAL 1019\n\t\t\t\t<\/figcaption><\/figure><figure class='gallery-item'>\n\t\t\t<div class='gallery-icon landscape'>\n\t\t\t\t<a data-elementor-open-lightbox=\"yes\" data-elementor-lightbox-slideshow=\"37d7f134\" data-elementor-lightbox-title=\"RAL 1020\" data-e-action-hash=\"#elementor-action%3Aaction%3Dlightbox%26settings%3DeyJpZCI6OTYxNCwidXJsIjoiaHR0cHM6XC9cL2NkbS1va25hLnBsXC93cC1jb250ZW50XC91cGxvYWRzXC8yMDIxXC8xMlwvUkFMLTEwMjAuanBnIiwic2xpZGVzaG93IjoiMzdkN2YxMzQifQ%3D%3D\" href='https:\/\/cdm-okna.pl\/wp-content\/uploads\/2021\/12\/RAL-1020.jpg'><img loading=\"lazy\" decoding=\"async\" width=\"150\" height=\"70\" src=\"https:\/\/cdm-okna.pl\/wp-content\/uploads\/2021\/12\/RAL-1020-150x70.jpg\" class=\"attachment-thumbnail size-thumbnail\" alt=\"Pr\u00f3bka koloru RAL 1020 \u2013 oliwkowo\u017c\u00f3\u0142ty\" aria-describedby=\"gallery-6-9614\" \/><\/a>\n\t\t\t<\/div>\n\t\t\t\t<figcaption class='wp-caption-text gallery-caption' id='gallery-6-9614'>\n\t\t\t\tRAL 1020\n\t\t\t\t<\/figcaption><\/figure><figure class='gallery-item'>\n\t\t\t<div class='gallery-icon landscape'>\n\t\t\t\t<a data-elementor-open-lightbox=\"yes\" data-elementor-lightbox-slideshow=\"37d7f134\" data-elementor-lightbox-title=\"RAL 1021\" data-e-action-hash=\"#elementor-action%3Aaction%3Dlightbox%26settings%3DeyJpZCI6OTYxNiwidXJsIjoiaHR0cHM6XC9cL2NkbS1va25hLnBsXC93cC1jb250ZW50XC91cGxvYWRzXC8yMDIxXC8xMlwvUkFMLTEwMjEuanBnIiwic2xpZGVzaG93IjoiMzdkN2YxMzQifQ%3D%3D\" href='https:\/\/cdm-okna.pl\/wp-content\/uploads\/2021\/12\/RAL-1021.jpg'><img loading=\"lazy\" decoding=\"async\" width=\"150\" height=\"70\" src=\"https:\/\/cdm-okna.pl\/wp-content\/uploads\/2021\/12\/RAL-1021-150x70.jpg\" class=\"attachment-thumbnail size-thumbnail\" alt=\"Pr\u00f3bka koloru RAL 1021 \u2013 rzepakowy \u017c\u00f3\u0142ty\" aria-describedby=\"gallery-6-9616\" \/><\/a>\n\t\t\t<\/div>\n\t\t\t\t<figcaption class='wp-caption-text gallery-caption' id='gallery-6-9616'>\n\t\t\t\tRAL 1021\n\t\t\t\t<\/figcaption><\/figure><figure class='gallery-item'>\n\t\t\t<div class='gallery-icon landscape'>\n\t\t\t\t<a data-elementor-open-lightbox=\"yes\" data-elementor-lightbox-slideshow=\"37d7f134\" data-elementor-lightbox-title=\"RAL 1023\" data-e-action-hash=\"#elementor-action%3Aaction%3Dlightbox%26settings%3DeyJpZCI6OTYxOCwidXJsIjoiaHR0cHM6XC9cL2NkbS1va25hLnBsXC93cC1jb250ZW50XC91cGxvYWRzXC8yMDIxXC8xMlwvUkFMLTEwMjMuanBnIiwic2xpZGVzaG93IjoiMzdkN2YxMzQifQ%3D%3D\" href='https:\/\/cdm-okna.pl\/wp-content\/uploads\/2021\/12\/RAL-1023.jpg'><img loading=\"lazy\" decoding=\"async\" width=\"150\" height=\"70\" src=\"https:\/\/cdm-okna.pl\/wp-content\/uploads\/2021\/12\/RAL-1023-150x70.jpg\" class=\"attachment-thumbnail size-thumbnail\" alt=\"Pr\u00f3bka koloru RAL 1023 \u2013 ruchowy \u017c\u00f3\u0142ty (sygna\u0142owy \u017c\u00f3\u0142ty)\" aria-describedby=\"gallery-6-9618\" \/><\/a>\n\t\t\t<\/div>\n\t\t\t\t<figcaption class='wp-caption-text gallery-caption' id='gallery-6-9618'>\n\t\t\t\tRAL 1023\n\t\t\t\t<\/figcaption><\/figure><figure class='gallery-item'>\n\t\t\t<div class='gallery-icon landscape'>\n\t\t\t\t<a data-elementor-open-lightbox=\"yes\" data-elementor-lightbox-slideshow=\"37d7f134\" data-elementor-lightbox-title=\"RAL 1024\" data-e-action-hash=\"#elementor-action%3Aaction%3Dlightbox%26settings%3DeyJpZCI6OTYyMCwidXJsIjoiaHR0cHM6XC9cL2NkbS1va25hLnBsXC93cC1jb250ZW50XC91cGxvYWRzXC8yMDIxXC8xMlwvUkFMLTEwMjQuanBnIiwic2xpZGVzaG93IjoiMzdkN2YxMzQifQ%3D%3D\" href='https:\/\/cdm-okna.pl\/wp-content\/uploads\/2021\/12\/RAL-1024.jpg'><img loading=\"lazy\" decoding=\"async\" width=\"150\" height=\"70\" src=\"https:\/\/cdm-okna.pl\/wp-content\/uploads\/2021\/12\/RAL-1024-150x70.jpg\" class=\"attachment-thumbnail size-thumbnail\" alt=\"Pr\u00f3bka koloru RAL 1024 \u2013 opalony \u017c\u00f3\u0142ty\" aria-describedby=\"gallery-6-9620\" \/><\/a>\n\t\t\t<\/div>\n\t\t\t\t<figcaption class='wp-caption-text gallery-caption' id='gallery-6-9620'>\n\t\t\t\tRAL 1024\n\t\t\t\t<\/figcaption><\/figure><figure class='gallery-item'>\n\t\t\t<div class='gallery-icon landscape'>\n\t\t\t\t<a data-elementor-open-lightbox=\"yes\" data-elementor-lightbox-slideshow=\"37d7f134\" data-elementor-lightbox-title=\"RAL 1026\" data-e-action-hash=\"#elementor-action%3Aaction%3Dlightbox%26settings%3DeyJpZCI6OTYyMiwidXJsIjoiaHR0cHM6XC9cL2NkbS1va25hLnBsXC93cC1jb250ZW50XC91cGxvYWRzXC8yMDIxXC8xMlwvUkFMLTEwMjYuanBnIiwic2xpZGVzaG93IjoiMzdkN2YxMzQifQ%3D%3D\" href='https:\/\/cdm-okna.pl\/wp-content\/uploads\/2021\/12\/RAL-1026.jpg'><img loading=\"lazy\" decoding=\"async\" width=\"150\" height=\"70\" src=\"https:\/\/cdm-okna.pl\/wp-content\/uploads\/2021\/12\/RAL-1026-150x70.jpg\" class=\"attachment-thumbnail size-thumbnail\" alt=\"Pr\u00f3bka koloru RAL 1026 \u2013 jaskrawy \u017c\u00f3\u0142ty (\u015bwietlisty \u017c\u00f3\u0142ty, kolor fluorescencyjny)\" aria-describedby=\"gallery-6-9622\" \/><\/a>\n\t\t\t<\/div>\n\t\t\t\t<figcaption class='wp-caption-text gallery-caption' id='gallery-6-9622'>\n\t\t\t\tRAL 1026\n\t\t\t\t<\/figcaption><\/figure><figure class='gallery-item'>\n\t\t\t<div class='gallery-icon landscape'>\n\t\t\t\t<a data-elementor-open-lightbox=\"yes\" data-elementor-lightbox-slideshow=\"37d7f134\" data-elementor-lightbox-title=\"RAL 1027\" data-e-action-hash=\"#elementor-action%3Aaction%3Dlightbox%26settings%3DeyJpZCI6OTYyNCwidXJsIjoiaHR0cHM6XC9cL2NkbS1va25hLnBsXC93cC1jb250ZW50XC91cGxvYWRzXC8yMDIxXC8xMlwvUkFMLTEwMjcuanBnIiwic2xpZGVzaG93IjoiMzdkN2YxMzQifQ%3D%3D\" href='https:\/\/cdm-okna.pl\/wp-content\/uploads\/2021\/12\/RAL-1027.jpg'><img loading=\"lazy\" decoding=\"async\" width=\"150\" height=\"70\" src=\"https:\/\/cdm-okna.pl\/wp-content\/uploads\/2021\/12\/RAL-1027-150x70.jpg\" class=\"attachment-thumbnail size-thumbnail\" alt=\"Pr\u00f3bka koloru RAL 1027 \u2013 curry \u017c\u00f3\u0142ty\" aria-describedby=\"gallery-6-9624\" \/><\/a>\n\t\t\t<\/div>\n\t\t\t\t<figcaption class='wp-caption-text gallery-caption' id='gallery-6-9624'>\n\t\t\t\tRAL 1027\n\t\t\t\t<\/figcaption><\/figure><figure class='gallery-item'>\n\t\t\t<div class='gallery-icon landscape'>\n\t\t\t\t<a data-elementor-open-lightbox=\"yes\" data-elementor-lightbox-slideshow=\"37d7f134\" data-elementor-lightbox-title=\"RAL 1028\" data-e-action-hash=\"#elementor-action%3Aaction%3Dlightbox%26settings%3DeyJpZCI6OTYyNiwidXJsIjoiaHR0cHM6XC9cL2NkbS1va25hLnBsXC93cC1jb250ZW50XC91cGxvYWRzXC8yMDIxXC8xMlwvUkFMLTEwMjguanBnIiwic2xpZGVzaG93IjoiMzdkN2YxMzQifQ%3D%3D\" href='https:\/\/cdm-okna.pl\/wp-content\/uploads\/2021\/12\/RAL-1028.jpg'><img loading=\"lazy\" decoding=\"async\" width=\"150\" height=\"70\" src=\"https:\/\/cdm-okna.pl\/wp-content\/uploads\/2021\/12\/RAL-1028-150x70.jpg\" class=\"attachment-thumbnail size-thumbnail\" alt=\"Pr\u00f3bka koloru RAL 1028 \u2013 melonowy \u017c\u00f3\u0142ty\" aria-describedby=\"gallery-6-9626\" \/><\/a>\n\t\t\t<\/div>\n\t\t\t\t<figcaption class='wp-caption-text gallery-caption' id='gallery-6-9626'>\n\t\t\t\tRAL 1028\n\t\t\t\t<\/figcaption><\/figure><figure class='gallery-item'>\n\t\t\t<div class='gallery-icon landscape'>\n\t\t\t\t<a data-elementor-open-lightbox=\"yes\" data-elementor-lightbox-slideshow=\"37d7f134\" data-elementor-lightbox-title=\"RAL 1032\" data-e-action-hash=\"#elementor-action%3Aaction%3Dlightbox%26settings%3DeyJpZCI6OTYyOCwidXJsIjoiaHR0cHM6XC9cL2NkbS1va25hLnBsXC93cC1jb250ZW50XC91cGxvYWRzXC8yMDIxXC8xMlwvUkFMLTEwMzIuanBnIiwic2xpZGVzaG93IjoiMzdkN2YxMzQifQ%3D%3D\" href='https:\/\/cdm-okna.pl\/wp-content\/uploads\/2021\/12\/RAL-1032.jpg'><img loading=\"lazy\" decoding=\"async\" width=\"150\" height=\"70\" src=\"https:\/\/cdm-okna.pl\/wp-content\/uploads\/2021\/12\/RAL-1032-150x70.jpg\" class=\"attachment-thumbnail size-thumbnail\" alt=\"Pr\u00f3bka koloru RAL 1032 \u2013 \u017c\u00f3\u0142to-be\u017cowy\" aria-describedby=\"gallery-6-9628\" \/><\/a>\n\t\t\t<\/div>\n\t\t\t\t<figcaption class='wp-caption-text gallery-caption' id='gallery-6-9628'>\n\t\t\t\tRAL 1032\n\t\t\t\t<\/figcaption><\/figure><figure class='gallery-item'>\n\t\t\t<div class='gallery-icon landscape'>\n\t\t\t\t<a data-elementor-open-lightbox=\"yes\" data-elementor-lightbox-slideshow=\"37d7f134\" data-elementor-lightbox-title=\"RAL 1033\" data-e-action-hash=\"#elementor-action%3Aaction%3Dlightbox%26settings%3DeyJpZCI6OTYzMCwidXJsIjoiaHR0cHM6XC9cL2NkbS1va25hLnBsXC93cC1jb250ZW50XC91cGxvYWRzXC8yMDIxXC8xMlwvUkFMLTEwMzMuanBnIiwic2xpZGVzaG93IjoiMzdkN2YxMzQifQ%3D%3D\" href='https:\/\/cdm-okna.pl\/wp-content\/uploads\/2021\/12\/RAL-1033.jpg'><img loading=\"lazy\" decoding=\"async\" width=\"150\" height=\"70\" src=\"https:\/\/cdm-okna.pl\/wp-content\/uploads\/2021\/12\/RAL-1033-150x70.jpg\" class=\"attachment-thumbnail size-thumbnail\" alt=\"Pr\u00f3bka koloru RAL 1033 \u2013 dalijski \u017c\u00f3\u0142ty\" aria-describedby=\"gallery-6-9630\" \/><\/a>\n\t\t\t<\/div>\n\t\t\t\t<figcaption class='wp-caption-text gallery-caption' id='gallery-6-9630'>\n\t\t\t\tRAL 1033\n\t\t\t\t<\/figcaption><\/figure><figure class='gallery-item'>\n\t\t\t<div class='gallery-icon landscape'>\n\t\t\t\t<a data-elementor-open-lightbox=\"yes\" data-elementor-lightbox-slideshow=\"37d7f134\" data-elementor-lightbox-title=\"RAL 1034\" data-e-action-hash=\"#elementor-action%3Aaction%3Dlightbox%26settings%3DeyJpZCI6OTYzMiwidXJsIjoiaHR0cHM6XC9cL2NkbS1va25hLnBsXC93cC1jb250ZW50XC91cGxvYWRzXC8yMDIxXC8xMlwvUkFMLTEwMzQuanBnIiwic2xpZGVzaG93IjoiMzdkN2YxMzQifQ%3D%3D\" href='https:\/\/cdm-okna.pl\/wp-content\/uploads\/2021\/12\/RAL-1034.jpg'><img loading=\"lazy\" decoding=\"async\" width=\"150\" height=\"70\" src=\"https:\/\/cdm-okna.pl\/wp-content\/uploads\/2021\/12\/RAL-1034-150x70.jpg\" class=\"attachment-thumbnail size-thumbnail\" alt=\"Pr\u00f3bka koloru RAL 1034 \u2013 pastellowy \u017c\u00f3\u0142ty\" aria-describedby=\"gallery-6-9632\" \/><\/a>\n\t\t\t<\/div>\n\t\t\t\t<figcaption class='wp-caption-text gallery-caption' id='gallery-6-9632'>\n\t\t\t\tRAL 1034\n\t\t\t\t<\/figcaption><\/figure><figure class='gallery-item'>\n\t\t\t<div class='gallery-icon landscape'>\n\t\t\t\t<a data-elementor-open-lightbox=\"yes\" data-elementor-lightbox-slideshow=\"37d7f134\" data-elementor-lightbox-title=\"RAL 2000\" data-e-action-hash=\"#elementor-action%3Aaction%3Dlightbox%26settings%3DeyJpZCI6OTYzNCwidXJsIjoiaHR0cHM6XC9cL2NkbS1va25hLnBsXC93cC1jb250ZW50XC91cGxvYWRzXC8yMDIxXC8xMlwvUkFMLTIwMDAuanBnIiwic2xpZGVzaG93IjoiMzdkN2YxMzQifQ%3D%3D\" href='https:\/\/cdm-okna.pl\/wp-content\/uploads\/2021\/12\/RAL-2000.jpg'><img loading=\"lazy\" decoding=\"async\" width=\"150\" height=\"70\" src=\"https:\/\/cdm-okna.pl\/wp-content\/uploads\/2021\/12\/RAL-2000-150x70.jpg\" class=\"attachment-thumbnail size-thumbnail\" alt=\"Pr\u00f3bka koloru RAL 2000 \u2013 pomara\u0144czowo\u017c\u00f3\u0142ty\" aria-describedby=\"gallery-6-9634\" \/><\/a>\n\t\t\t<\/div>\n\t\t\t\t<figcaption class='wp-caption-text gallery-caption' id='gallery-6-9634'>\n\t\t\t\tRAL 2000\n\t\t\t\t<\/figcaption><\/figure><figure class='gallery-item'>\n\t\t\t<div class='gallery-icon landscape'>\n\t\t\t\t<a data-elementor-open-lightbox=\"yes\" data-elementor-lightbox-slideshow=\"37d7f134\" data-elementor-lightbox-title=\"RAL 2001\" data-e-action-hash=\"#elementor-action%3Aaction%3Dlightbox%26settings%3DeyJpZCI6OTYzNiwidXJsIjoiaHR0cHM6XC9cL2NkbS1va25hLnBsXC93cC1jb250ZW50XC91cGxvYWRzXC8yMDIxXC8xMlwvUkFMLTIwMDEuanBnIiwic2xpZGVzaG93IjoiMzdkN2YxMzQifQ%3D%3D\" href='https:\/\/cdm-okna.pl\/wp-content\/uploads\/2021\/12\/RAL-2001.jpg'><img loading=\"lazy\" decoding=\"async\" width=\"150\" height=\"70\" src=\"https:\/\/cdm-okna.pl\/wp-content\/uploads\/2021\/12\/RAL-2001-150x70.jpg\" class=\"attachment-thumbnail size-thumbnail\" alt=\"Pr\u00f3bka koloru RAL 2001 \u2013 czerwonopomara\u0144czowy\" aria-describedby=\"gallery-6-9636\" \/><\/a>\n\t\t\t<\/div>\n\t\t\t\t<figcaption class='wp-caption-text gallery-caption' id='gallery-6-9636'>\n\t\t\t\tRAL 2001\n\t\t\t\t<\/figcaption><\/figure><figure class='gallery-item'>\n\t\t\t<div class='gallery-icon landscape'>\n\t\t\t\t<a data-elementor-open-lightbox=\"yes\" data-elementor-lightbox-slideshow=\"37d7f134\" data-elementor-lightbox-title=\"RAL 2002\" data-e-action-hash=\"#elementor-action%3Aaction%3Dlightbox%26settings%3DeyJpZCI6OTYzOCwidXJsIjoiaHR0cHM6XC9cL2NkbS1va25hLnBsXC93cC1jb250ZW50XC91cGxvYWRzXC8yMDIxXC8xMlwvUkFMLTIwMDIuanBnIiwic2xpZGVzaG93IjoiMzdkN2YxMzQifQ%3D%3D\" href='https:\/\/cdm-okna.pl\/wp-content\/uploads\/2021\/12\/RAL-2002.jpg'><img loading=\"lazy\" decoding=\"async\" width=\"150\" height=\"70\" src=\"https:\/\/cdm-okna.pl\/wp-content\/uploads\/2021\/12\/RAL-2002-150x70.jpg\" class=\"attachment-thumbnail size-thumbnail\" alt=\"Pr\u00f3bka koloru RAL 2002 \u2013 jasnopomara\u0144czowy\" aria-describedby=\"gallery-6-9638\" \/><\/a>\n\t\t\t<\/div>\n\t\t\t\t<figcaption class='wp-caption-text gallery-caption' id='gallery-6-9638'>\n\t\t\t\tRAL 2002\n\t\t\t\t<\/figcaption><\/figure><figure class='gallery-item'>\n\t\t\t<div class='gallery-icon landscape'>\n\t\t\t\t<a data-elementor-open-lightbox=\"yes\" data-elementor-lightbox-slideshow=\"37d7f134\" data-elementor-lightbox-title=\"RAL 2003\" data-e-action-hash=\"#elementor-action%3Aaction%3Dlightbox%26settings%3DeyJpZCI6OTY0MCwidXJsIjoiaHR0cHM6XC9cL2NkbS1va25hLnBsXC93cC1jb250ZW50XC91cGxvYWRzXC8yMDIxXC8xMlwvUkFMLTIwMDMuanBnIiwic2xpZGVzaG93IjoiMzdkN2YxMzQifQ%3D%3D\" href='https:\/\/cdm-okna.pl\/wp-content\/uploads\/2021\/12\/RAL-2003.jpg'><img loading=\"lazy\" decoding=\"async\" width=\"150\" height=\"70\" src=\"https:\/\/cdm-okna.pl\/wp-content\/uploads\/2021\/12\/RAL-2003-150x70.jpg\" class=\"attachment-thumbnail size-thumbnail\" alt=\"Pr\u00f3bka koloru RAL 2003 \u2013 pastelowy pomara\u0144czowy\" aria-describedby=\"gallery-6-9640\" \/><\/a>\n\t\t\t<\/div>\n\t\t\t\t<figcaption class='wp-caption-text gallery-caption' id='gallery-6-9640'>\n\t\t\t\tRAL 2003\n\t\t\t\t<\/figcaption><\/figure><figure class='gallery-item'>\n\t\t\t<div class='gallery-icon landscape'>\n\t\t\t\t<a data-elementor-open-lightbox=\"yes\" data-elementor-lightbox-slideshow=\"37d7f134\" data-elementor-lightbox-title=\"RAL 2004\" data-e-action-hash=\"#elementor-action%3Aaction%3Dlightbox%26settings%3DeyJpZCI6OTY0MiwidXJsIjoiaHR0cHM6XC9cL2NkbS1va25hLnBsXC93cC1jb250ZW50XC91cGxvYWRzXC8yMDIxXC8xMlwvUkFMLTIwMDQuanBnIiwic2xpZGVzaG93IjoiMzdkN2YxMzQifQ%3D%3D\" href='https:\/\/cdm-okna.pl\/wp-content\/uploads\/2021\/12\/RAL-2004.jpg'><img loading=\"lazy\" decoding=\"async\" width=\"150\" height=\"70\" src=\"https:\/\/cdm-okna.pl\/wp-content\/uploads\/2021\/12\/RAL-2004-150x70.jpg\" class=\"attachment-thumbnail size-thumbnail\" alt=\"Pr\u00f3bka koloru RAL 2004 \u2013 czystopomara\u0144czowy\" aria-describedby=\"gallery-6-9642\" \/><\/a>\n\t\t\t<\/div>\n\t\t\t\t<figcaption class='wp-caption-text gallery-caption' id='gallery-6-9642'>\n\t\t\t\tRAL 2004\n\t\t\t\t<\/figcaption><\/figure><figure class='gallery-item'>\n\t\t\t<div class='gallery-icon landscape'>\n\t\t\t\t<a data-elementor-open-lightbox=\"yes\" data-elementor-lightbox-slideshow=\"37d7f134\" data-elementor-lightbox-title=\"RAL 2005\" data-e-action-hash=\"#elementor-action%3Aaction%3Dlightbox%26settings%3DeyJpZCI6OTY0NCwidXJsIjoiaHR0cHM6XC9cL2NkbS1va25hLnBsXC93cC1jb250ZW50XC91cGxvYWRzXC8yMDIxXC8xMlwvUkFMLTIwMDUuanBnIiwic2xpZGVzaG93IjoiMzdkN2YxMzQifQ%3D%3D\" href='https:\/\/cdm-okna.pl\/wp-content\/uploads\/2021\/12\/RAL-2005.jpg'><img loading=\"lazy\" decoding=\"async\" width=\"150\" height=\"70\" src=\"https:\/\/cdm-okna.pl\/wp-content\/uploads\/2021\/12\/RAL-2005-150x70.jpg\" class=\"attachment-thumbnail size-thumbnail\" alt=\"Pr\u00f3bka koloru RAL 2005 \u2013 jaskrawy pomara\u0144czowy (fluorescencyjny)\" aria-describedby=\"gallery-6-9644\" \/><\/a>\n\t\t\t<\/div>\n\t\t\t\t<figcaption class='wp-caption-text gallery-caption' id='gallery-6-9644'>\n\t\t\t\tRAL 2005\n\t\t\t\t<\/figcaption><\/figure><figure class='gallery-item'>\n\t\t\t<div class='gallery-icon landscape'>\n\t\t\t\t<a data-elementor-open-lightbox=\"yes\" data-elementor-lightbox-slideshow=\"37d7f134\" data-elementor-lightbox-title=\"RAL 2007\" data-e-action-hash=\"#elementor-action%3Aaction%3Dlightbox%26settings%3DeyJpZCI6OTY0NiwidXJsIjoiaHR0cHM6XC9cL2NkbS1va25hLnBsXC93cC1jb250ZW50XC91cGxvYWRzXC8yMDIxXC8xMlwvUkFMLTIwMDcuanBnIiwic2xpZGVzaG93IjoiMzdkN2YxMzQifQ%3D%3D\" href='https:\/\/cdm-okna.pl\/wp-content\/uploads\/2021\/12\/RAL-2007.jpg'><img loading=\"lazy\" decoding=\"async\" width=\"150\" height=\"70\" src=\"https:\/\/cdm-okna.pl\/wp-content\/uploads\/2021\/12\/RAL-2007-150x70.jpg\" class=\"attachment-thumbnail size-thumbnail\" alt=\"Pr\u00f3bka koloru RAL 2007 \u2013 jaskrawy \u015bwietlisty pomara\u0144czowy (fluorescencyjny)\" aria-describedby=\"gallery-6-9646\" \/><\/a>\n\t\t\t<\/div>\n\t\t\t\t<figcaption class='wp-caption-text gallery-caption' id='gallery-6-9646'>\n\t\t\t\tRAL 2007\n\t\t\t\t<\/figcaption><\/figure><figure class='gallery-item'>\n\t\t\t<div class='gallery-icon landscape'>\n\t\t\t\t<a data-elementor-open-lightbox=\"yes\" data-elementor-lightbox-slideshow=\"37d7f134\" data-elementor-lightbox-title=\"RAL 2008\" data-e-action-hash=\"#elementor-action%3Aaction%3Dlightbox%26settings%3DeyJpZCI6OTY0OCwidXJsIjoiaHR0cHM6XC9cL2NkbS1va25hLnBsXC93cC1jb250ZW50XC91cGxvYWRzXC8yMDIxXC8xMlwvUkFMLTIwMDguanBnIiwic2xpZGVzaG93IjoiMzdkN2YxMzQifQ%3D%3D\" href='https:\/\/cdm-okna.pl\/wp-content\/uploads\/2021\/12\/RAL-2008.jpg'><img loading=\"lazy\" decoding=\"async\" width=\"150\" height=\"70\" src=\"https:\/\/cdm-okna.pl\/wp-content\/uploads\/2021\/12\/RAL-2008-150x70.jpg\" class=\"attachment-thumbnail size-thumbnail\" alt=\"Pr\u00f3bka koloru RAL 2008 \u2013 jasnoczerwonopomara\u0144czowy\" aria-describedby=\"gallery-6-9648\" \/><\/a>\n\t\t\t<\/div>\n\t\t\t\t<figcaption class='wp-caption-text gallery-caption' id='gallery-6-9648'>\n\t\t\t\tRAL 2008\n\t\t\t\t<\/figcaption><\/figure><figure class='gallery-item'>\n\t\t\t<div class='gallery-icon landscape'>\n\t\t\t\t<a data-elementor-open-lightbox=\"yes\" data-elementor-lightbox-slideshow=\"37d7f134\" data-elementor-lightbox-title=\"RAL 2009\" data-e-action-hash=\"#elementor-action%3Aaction%3Dlightbox%26settings%3DeyJpZCI6OTY1MCwidXJsIjoiaHR0cHM6XC9cL2NkbS1va25hLnBsXC93cC1jb250ZW50XC91cGxvYWRzXC8yMDIxXC8xMlwvUkFMLTIwMDkuanBnIiwic2xpZGVzaG93IjoiMzdkN2YxMzQifQ%3D%3D\" href='https:\/\/cdm-okna.pl\/wp-content\/uploads\/2021\/12\/RAL-2009.jpg'><img loading=\"lazy\" decoding=\"async\" width=\"150\" height=\"70\" src=\"https:\/\/cdm-okna.pl\/wp-content\/uploads\/2021\/12\/RAL-2009-150x70.jpg\" class=\"attachment-thumbnail size-thumbnail\" alt=\"Pr\u00f3bka koloru RAL 2009 \u2013 pomara\u0144czowy ruchowy (intensywny)\" aria-describedby=\"gallery-6-9650\" \/><\/a>\n\t\t\t<\/div>\n\t\t\t\t<figcaption class='wp-caption-text gallery-caption' id='gallery-6-9650'>\n\t\t\t\tRAL 2009\n\t\t\t\t<\/figcaption><\/figure><figure class='gallery-item'>\n\t\t\t<div class='gallery-icon landscape'>\n\t\t\t\t<a data-elementor-open-lightbox=\"yes\" data-elementor-lightbox-slideshow=\"37d7f134\" data-elementor-lightbox-title=\"RAL 2010\" data-e-action-hash=\"#elementor-action%3Aaction%3Dlightbox%26settings%3DeyJpZCI6OTY1MiwidXJsIjoiaHR0cHM6XC9cL2NkbS1va25hLnBsXC93cC1jb250ZW50XC91cGxvYWRzXC8yMDIxXC8xMlwvUkFMLTIwMTAuanBnIiwic2xpZGVzaG93IjoiMzdkN2YxMzQifQ%3D%3D\" href='https:\/\/cdm-okna.pl\/wp-content\/uploads\/2021\/12\/RAL-2010.jpg'><img loading=\"lazy\" decoding=\"async\" width=\"150\" height=\"70\" src=\"https:\/\/cdm-okna.pl\/wp-content\/uploads\/2021\/12\/RAL-2010-150x70.jpg\" class=\"attachment-thumbnail size-thumbnail\" alt=\"Pr\u00f3bka koloru RAL 2010 \u2013 sygna\u0142owy pomara\u0144czowy\" aria-describedby=\"gallery-6-9652\" \/><\/a>\n\t\t\t<\/div>\n\t\t\t\t<figcaption class='wp-caption-text gallery-caption' id='gallery-6-9652'>\n\t\t\t\tRAL 2010\n\t\t\t\t<\/figcaption><\/figure><figure class='gallery-item'>\n\t\t\t<div class='gallery-icon landscape'>\n\t\t\t\t<a data-elementor-open-lightbox=\"yes\" data-elementor-lightbox-slideshow=\"37d7f134\" data-elementor-lightbox-title=\"RAL 2011\" data-e-action-hash=\"#elementor-action%3Aaction%3Dlightbox%26settings%3DeyJpZCI6OTY1NCwidXJsIjoiaHR0cHM6XC9cL2NkbS1va25hLnBsXC93cC1jb250ZW50XC91cGxvYWRzXC8yMDIxXC8xMlwvUkFMLTIwMTEuanBnIiwic2xpZGVzaG93IjoiMzdkN2YxMzQifQ%3D%3D\" href='https:\/\/cdm-okna.pl\/wp-content\/uploads\/2021\/12\/RAL-2011.jpg'><img loading=\"lazy\" decoding=\"async\" width=\"150\" height=\"70\" src=\"https:\/\/cdm-okna.pl\/wp-content\/uploads\/2021\/12\/RAL-2011-150x70.jpg\" class=\"attachment-thumbnail size-thumbnail\" alt=\"Pr\u00f3bka koloru RAL 2011 \u2013 g\u0142\u0119boki pomara\u0144czowy\" aria-describedby=\"gallery-6-9654\" \/><\/a>\n\t\t\t<\/div>\n\t\t\t\t<figcaption class='wp-caption-text gallery-caption' id='gallery-6-9654'>\n\t\t\t\tRAL 2011\n\t\t\t\t<\/figcaption><\/figure><figure class='gallery-item'>\n\t\t\t<div class='gallery-icon landscape'>\n\t\t\t\t<a data-elementor-open-lightbox=\"yes\" data-elementor-lightbox-slideshow=\"37d7f134\" data-elementor-lightbox-title=\"RAL 2012\" data-e-action-hash=\"#elementor-action%3Aaction%3Dlightbox%26settings%3DeyJpZCI6OTY1NiwidXJsIjoiaHR0cHM6XC9cL2NkbS1va25hLnBsXC93cC1jb250ZW50XC91cGxvYWRzXC8yMDIxXC8xMlwvUkFMLTIwMTIuanBnIiwic2xpZGVzaG93IjoiMzdkN2YxMzQifQ%3D%3D\" href='https:\/\/cdm-okna.pl\/wp-content\/uploads\/2021\/12\/RAL-2012.jpg'><img loading=\"lazy\" decoding=\"async\" width=\"150\" height=\"70\" src=\"https:\/\/cdm-okna.pl\/wp-content\/uploads\/2021\/12\/RAL-2012-150x70.jpg\" class=\"attachment-thumbnail size-thumbnail\" alt=\"Pr\u00f3bka koloru RAL 2012 \u2013 \u0142ososiowy pomara\u0144czowy\" aria-describedby=\"gallery-6-9656\" \/><\/a>\n\t\t\t<\/div>\n\t\t\t\t<figcaption class='wp-caption-text gallery-caption' id='gallery-6-9656'>\n\t\t\t\tRAL 2012\n\t\t\t\t<\/figcaption><\/figure><figure class='gallery-item'>\n\t\t\t<div class='gallery-icon landscape'>\n\t\t\t\t<a data-elementor-open-lightbox=\"yes\" data-elementor-lightbox-slideshow=\"37d7f134\" data-elementor-lightbox-title=\"RAL 3000\" data-e-action-hash=\"#elementor-action%3Aaction%3Dlightbox%26settings%3DeyJpZCI6OTY1OCwidXJsIjoiaHR0cHM6XC9cL2NkbS1va25hLnBsXC93cC1jb250ZW50XC91cGxvYWRzXC8yMDIxXC8xMlwvUkFMLTMwMDAuanBnIiwic2xpZGVzaG93IjoiMzdkN2YxMzQifQ%3D%3D\" href='https:\/\/cdm-okna.pl\/wp-content\/uploads\/2021\/12\/RAL-3000.jpg'><img loading=\"lazy\" decoding=\"async\" width=\"150\" height=\"70\" src=\"https:\/\/cdm-okna.pl\/wp-content\/uploads\/2021\/12\/RAL-3000-150x70.jpg\" class=\"attachment-thumbnail size-thumbnail\" alt=\"Pr\u00f3bka koloru RAL 3000 \u2013 ognista czerwie\u0144\" aria-describedby=\"gallery-6-9658\" \/><\/a>\n\t\t\t<\/div>\n\t\t\t\t<figcaption class='wp-caption-text gallery-caption' id='gallery-6-9658'>\n\t\t\t\tRAL 3000\n\t\t\t\t<\/figcaption><\/figure><figure class='gallery-item'>\n\t\t\t<div class='gallery-icon landscape'>\n\t\t\t\t<a data-elementor-open-lightbox=\"yes\" data-elementor-lightbox-slideshow=\"37d7f134\" data-elementor-lightbox-title=\"RAL 3001\" data-e-action-hash=\"#elementor-action%3Aaction%3Dlightbox%26settings%3DeyJpZCI6OTY2MCwidXJsIjoiaHR0cHM6XC9cL2NkbS1va25hLnBsXC93cC1jb250ZW50XC91cGxvYWRzXC8yMDIxXC8xMlwvUkFMLTMwMDEuanBnIiwic2xpZGVzaG93IjoiMzdkN2YxMzQifQ%3D%3D\" href='https:\/\/cdm-okna.pl\/wp-content\/uploads\/2021\/12\/RAL-3001.jpg'><img loading=\"lazy\" decoding=\"async\" width=\"150\" height=\"70\" src=\"https:\/\/cdm-okna.pl\/wp-content\/uploads\/2021\/12\/RAL-3001-150x70.jpg\" class=\"attachment-thumbnail size-thumbnail\" alt=\"Pr\u00f3bka koloru RAL 3001 \u2013 sygna\u0142owa czerwie\u0144\" aria-describedby=\"gallery-6-9660\" \/><\/a>\n\t\t\t<\/div>\n\t\t\t\t<figcaption class='wp-caption-text gallery-caption' id='gallery-6-9660'>\n\t\t\t\tRAL 3001\n\t\t\t\t<\/figcaption><\/figure><figure class='gallery-item'>\n\t\t\t<div class='gallery-icon landscape'>\n\t\t\t\t<a data-elementor-open-lightbox=\"yes\" data-elementor-lightbox-slideshow=\"37d7f134\" data-elementor-lightbox-title=\"RAL 3002\" data-e-action-hash=\"#elementor-action%3Aaction%3Dlightbox%26settings%3DeyJpZCI6OTY2MiwidXJsIjoiaHR0cHM6XC9cL2NkbS1va25hLnBsXC93cC1jb250ZW50XC91cGxvYWRzXC8yMDIxXC8xMlwvUkFMLTMwMDIuanBnIiwic2xpZGVzaG93IjoiMzdkN2YxMzQifQ%3D%3D\" href='https:\/\/cdm-okna.pl\/wp-content\/uploads\/2021\/12\/RAL-3002.jpg'><img loading=\"lazy\" decoding=\"async\" width=\"150\" height=\"70\" src=\"https:\/\/cdm-okna.pl\/wp-content\/uploads\/2021\/12\/RAL-3002-150x70.jpg\" class=\"attachment-thumbnail size-thumbnail\" alt=\"Pr\u00f3bka koloru RAL 3002 \u2013 karminowa czerwie\u0144\" aria-describedby=\"gallery-6-9662\" \/><\/a>\n\t\t\t<\/div>\n\t\t\t\t<figcaption class='wp-caption-text gallery-caption' id='gallery-6-9662'>\n\t\t\t\tRAL 3002\n\t\t\t\t<\/figcaption><\/figure><figure class='gallery-item'>\n\t\t\t<div class='gallery-icon landscape'>\n\t\t\t\t<a data-elementor-open-lightbox=\"yes\" data-elementor-lightbox-slideshow=\"37d7f134\" data-elementor-lightbox-title=\"RAL 3003\" data-e-action-hash=\"#elementor-action%3Aaction%3Dlightbox%26settings%3DeyJpZCI6OTY2NCwidXJsIjoiaHR0cHM6XC9cL2NkbS1va25hLnBsXC93cC1jb250ZW50XC91cGxvYWRzXC8yMDIxXC8xMlwvUkFMLTMwMDMuanBnIiwic2xpZGVzaG93IjoiMzdkN2YxMzQifQ%3D%3D\" href='https:\/\/cdm-okna.pl\/wp-content\/uploads\/2021\/12\/RAL-3003.jpg'><img loading=\"lazy\" decoding=\"async\" width=\"150\" height=\"70\" src=\"https:\/\/cdm-okna.pl\/wp-content\/uploads\/2021\/12\/RAL-3003-150x70.jpg\" class=\"attachment-thumbnail size-thumbnail\" alt=\"Pr\u00f3bka koloru RAL 3003 \u2013 rubinowa czerwie\u0144\" aria-describedby=\"gallery-6-9664\" \/><\/a>\n\t\t\t<\/div>\n\t\t\t\t<figcaption class='wp-caption-text gallery-caption' id='gallery-6-9664'>\n\t\t\t\tRAL 3003\n\t\t\t\t<\/figcaption><\/figure><figure class='gallery-item'>\n\t\t\t<div class='gallery-icon landscape'>\n\t\t\t\t<a data-elementor-open-lightbox=\"yes\" data-elementor-lightbox-slideshow=\"37d7f134\" data-elementor-lightbox-title=\"RAL 3004\" data-e-action-hash=\"#elementor-action%3Aaction%3Dlightbox%26settings%3DeyJpZCI6OTY2NiwidXJsIjoiaHR0cHM6XC9cL2NkbS1va25hLnBsXC93cC1jb250ZW50XC91cGxvYWRzXC8yMDIxXC8xMlwvUkFMLTMwMDQuanBnIiwic2xpZGVzaG93IjoiMzdkN2YxMzQifQ%3D%3D\" href='https:\/\/cdm-okna.pl\/wp-content\/uploads\/2021\/12\/RAL-3004.jpg'><img loading=\"lazy\" decoding=\"async\" width=\"150\" height=\"70\" src=\"https:\/\/cdm-okna.pl\/wp-content\/uploads\/2021\/12\/RAL-3004-150x70.jpg\" class=\"attachment-thumbnail size-thumbnail\" alt=\"Pr\u00f3bka koloru RAL 3004 \u2013 purpurowa czerwie\u0144\" aria-describedby=\"gallery-6-9666\" \/><\/a>\n\t\t\t<\/div>\n\t\t\t\t<figcaption class='wp-caption-text gallery-caption' id='gallery-6-9666'>\n\t\t\t\tRAL 3004\n\t\t\t\t<\/figcaption><\/figure><figure class='gallery-item'>\n\t\t\t<div class='gallery-icon landscape'>\n\t\t\t\t<a data-elementor-open-lightbox=\"yes\" data-elementor-lightbox-slideshow=\"37d7f134\" data-elementor-lightbox-title=\"RAL 3005\" data-e-action-hash=\"#elementor-action%3Aaction%3Dlightbox%26settings%3DeyJpZCI6OTY2OCwidXJsIjoiaHR0cHM6XC9cL2NkbS1va25hLnBsXC93cC1jb250ZW50XC91cGxvYWRzXC8yMDIxXC8xMlwvUkFMLTMwMDUuanBnIiwic2xpZGVzaG93IjoiMzdkN2YxMzQifQ%3D%3D\" href='https:\/\/cdm-okna.pl\/wp-content\/uploads\/2021\/12\/RAL-3005.jpg'><img loading=\"lazy\" decoding=\"async\" width=\"150\" height=\"70\" src=\"https:\/\/cdm-okna.pl\/wp-content\/uploads\/2021\/12\/RAL-3005-150x70.jpg\" class=\"attachment-thumbnail size-thumbnail\" alt=\"Pr\u00f3bka koloru RAL 3005 \u2013 wino czerwone (burgund)\" aria-describedby=\"gallery-6-9668\" \/><\/a>\n\t\t\t<\/div>\n\t\t\t\t<figcaption class='wp-caption-text gallery-caption' id='gallery-6-9668'>\n\t\t\t\tRAL 3005\n\t\t\t\t<\/figcaption><\/figure><figure class='gallery-item'>\n\t\t\t<div class='gallery-icon landscape'>\n\t\t\t\t<a data-elementor-open-lightbox=\"yes\" data-elementor-lightbox-slideshow=\"37d7f134\" data-elementor-lightbox-title=\"RAL 3007\" data-e-action-hash=\"#elementor-action%3Aaction%3Dlightbox%26settings%3DeyJpZCI6OTY3MCwidXJsIjoiaHR0cHM6XC9cL2NkbS1va25hLnBsXC93cC1jb250ZW50XC91cGxvYWRzXC8yMDIxXC8xMlwvUkFMLTMwMDcuanBnIiwic2xpZGVzaG93IjoiMzdkN2YxMzQifQ%3D%3D\" href='https:\/\/cdm-okna.pl\/wp-content\/uploads\/2021\/12\/RAL-3007.jpg'><img loading=\"lazy\" decoding=\"async\" width=\"150\" height=\"70\" src=\"https:\/\/cdm-okna.pl\/wp-content\/uploads\/2021\/12\/RAL-3007-150x70.jpg\" class=\"attachment-thumbnail size-thumbnail\" alt=\"Pr\u00f3bka koloru RAL 3007 \u2013 czarnoczerwona (ciemna wi\u015bnia)\" aria-describedby=\"gallery-6-9670\" \/><\/a>\n\t\t\t<\/div>\n\t\t\t\t<figcaption class='wp-caption-text gallery-caption' id='gallery-6-9670'>\n\t\t\t\tRAL 3007\n\t\t\t\t<\/figcaption><\/figure><figure class='gallery-item'>\n\t\t\t<div class='gallery-icon landscape'>\n\t\t\t\t<a data-elementor-open-lightbox=\"yes\" data-elementor-lightbox-slideshow=\"37d7f134\" data-elementor-lightbox-title=\"RAL 3009\" data-e-action-hash=\"#elementor-action%3Aaction%3Dlightbox%26settings%3DeyJpZCI6OTY3MiwidXJsIjoiaHR0cHM6XC9cL2NkbS1va25hLnBsXC93cC1jb250ZW50XC91cGxvYWRzXC8yMDIxXC8xMlwvUkFMLTMwMDkuanBnIiwic2xpZGVzaG93IjoiMzdkN2YxMzQifQ%3D%3D\" href='https:\/\/cdm-okna.pl\/wp-content\/uploads\/2021\/12\/RAL-3009.jpg'><img loading=\"lazy\" decoding=\"async\" width=\"150\" height=\"70\" src=\"https:\/\/cdm-okna.pl\/wp-content\/uploads\/2021\/12\/RAL-3009-150x70.jpg\" class=\"attachment-thumbnail size-thumbnail\" alt=\"Pr\u00f3bka koloru RAL 3009 \u2013 tlenkowa czerwie\u0144 (czerwony tlenek \u017celaza)\" aria-describedby=\"gallery-6-9672\" \/><\/a>\n\t\t\t<\/div>\n\t\t\t\t<figcaption class='wp-caption-text gallery-caption' id='gallery-6-9672'>\n\t\t\t\tRAL 3009\n\t\t\t\t<\/figcaption><\/figure><figure class='gallery-item'>\n\t\t\t<div class='gallery-icon landscape'>\n\t\t\t\t<a data-elementor-open-lightbox=\"yes\" data-elementor-lightbox-slideshow=\"37d7f134\" data-elementor-lightbox-title=\"RAL 3011\" data-e-action-hash=\"#elementor-action%3Aaction%3Dlightbox%26settings%3DeyJpZCI6OTY3NCwidXJsIjoiaHR0cHM6XC9cL2NkbS1va25hLnBsXC93cC1jb250ZW50XC91cGxvYWRzXC8yMDIxXC8xMlwvUkFMLTMwMTEuanBnIiwic2xpZGVzaG93IjoiMzdkN2YxMzQifQ%3D%3D\" href='https:\/\/cdm-okna.pl\/wp-content\/uploads\/2021\/12\/RAL-3011.jpg'><img loading=\"lazy\" decoding=\"async\" width=\"150\" height=\"70\" src=\"https:\/\/cdm-okna.pl\/wp-content\/uploads\/2021\/12\/RAL-3011-150x70.jpg\" class=\"attachment-thumbnail size-thumbnail\" alt=\"Pr\u00f3bka koloru RAL 3011 \u2013 br\u0105zowoczerwona\" aria-describedby=\"gallery-6-9674\" \/><\/a>\n\t\t\t<\/div>\n\t\t\t\t<figcaption class='wp-caption-text gallery-caption' id='gallery-6-9674'>\n\t\t\t\tRAL 3011\n\t\t\t\t<\/figcaption><\/figure><figure class='gallery-item'>\n\t\t\t<div class='gallery-icon landscape'>\n\t\t\t\t<a data-elementor-open-lightbox=\"yes\" data-elementor-lightbox-slideshow=\"37d7f134\" data-elementor-lightbox-title=\"RAL 3012\" data-e-action-hash=\"#elementor-action%3Aaction%3Dlightbox%26settings%3DeyJpZCI6OTY3NiwidXJsIjoiaHR0cHM6XC9cL2NkbS1va25hLnBsXC93cC1jb250ZW50XC91cGxvYWRzXC8yMDIxXC8xMlwvUkFMLTMwMTIuanBnIiwic2xpZGVzaG93IjoiMzdkN2YxMzQifQ%3D%3D\" href='https:\/\/cdm-okna.pl\/wp-content\/uploads\/2021\/12\/RAL-3012.jpg'><img loading=\"lazy\" decoding=\"async\" width=\"150\" height=\"70\" src=\"https:\/\/cdm-okna.pl\/wp-content\/uploads\/2021\/12\/RAL-3012-150x70.jpg\" class=\"attachment-thumbnail size-thumbnail\" alt=\"Pr\u00f3bka koloru RAL 3012 \u2013 be\u017cowoczerwona\" aria-describedby=\"gallery-6-9676\" \/><\/a>\n\t\t\t<\/div>\n\t\t\t\t<figcaption class='wp-caption-text gallery-caption' id='gallery-6-9676'>\n\t\t\t\tRAL 3012\n\t\t\t\t<\/figcaption><\/figure><figure class='gallery-item'>\n\t\t\t<div class='gallery-icon landscape'>\n\t\t\t\t<a data-elementor-open-lightbox=\"yes\" data-elementor-lightbox-slideshow=\"37d7f134\" data-elementor-lightbox-title=\"RAL 3013\" data-e-action-hash=\"#elementor-action%3Aaction%3Dlightbox%26settings%3DeyJpZCI6OTY3OCwidXJsIjoiaHR0cHM6XC9cL2NkbS1va25hLnBsXC93cC1jb250ZW50XC91cGxvYWRzXC8yMDIxXC8xMlwvUkFMLTMwMTMuanBnIiwic2xpZGVzaG93IjoiMzdkN2YxMzQifQ%3D%3D\" href='https:\/\/cdm-okna.pl\/wp-content\/uploads\/2021\/12\/RAL-3013.jpg'><img loading=\"lazy\" decoding=\"async\" width=\"150\" height=\"70\" src=\"https:\/\/cdm-okna.pl\/wp-content\/uploads\/2021\/12\/RAL-3013-150x70.jpg\" class=\"attachment-thumbnail size-thumbnail\" alt=\"Pr\u00f3bka koloru RAL 3013 \u2013 pomidorowa czerwie\u0144\" aria-describedby=\"gallery-6-9678\" \/><\/a>\n\t\t\t<\/div>\n\t\t\t\t<figcaption class='wp-caption-text gallery-caption' id='gallery-6-9678'>\n\t\t\t\tRAL 3013\n\t\t\t\t<\/figcaption><\/figure><figure class='gallery-item'>\n\t\t\t<div class='gallery-icon landscape'>\n\t\t\t\t<a data-elementor-open-lightbox=\"yes\" data-elementor-lightbox-slideshow=\"37d7f134\" data-elementor-lightbox-title=\"RAL 3014\" data-e-action-hash=\"#elementor-action%3Aaction%3Dlightbox%26settings%3DeyJpZCI6OTY4MCwidXJsIjoiaHR0cHM6XC9cL2NkbS1va25hLnBsXC93cC1jb250ZW50XC91cGxvYWRzXC8yMDIxXC8xMlwvUkFMLTMwMTQuanBnIiwic2xpZGVzaG93IjoiMzdkN2YxMzQifQ%3D%3D\" href='https:\/\/cdm-okna.pl\/wp-content\/uploads\/2021\/12\/RAL-3014.jpg'><img loading=\"lazy\" decoding=\"async\" width=\"150\" height=\"70\" src=\"https:\/\/cdm-okna.pl\/wp-content\/uploads\/2021\/12\/RAL-3014-150x70.jpg\" class=\"attachment-thumbnail size-thumbnail\" alt=\"Pr\u00f3bka koloru RAL 3014 \u2013 stara r\u00f3\u017cowa (zgaszona czerwie\u0144)\" aria-describedby=\"gallery-6-9680\" \/><\/a>\n\t\t\t<\/div>\n\t\t\t\t<figcaption class='wp-caption-text gallery-caption' id='gallery-6-9680'>\n\t\t\t\tRAL 3014\n\t\t\t\t<\/figcaption><\/figure><figure class='gallery-item'>\n\t\t\t<div class='gallery-icon landscape'>\n\t\t\t\t<a data-elementor-open-lightbox=\"yes\" data-elementor-lightbox-slideshow=\"37d7f134\" data-elementor-lightbox-title=\"RAL 3015\" data-e-action-hash=\"#elementor-action%3Aaction%3Dlightbox%26settings%3DeyJpZCI6OTY4MiwidXJsIjoiaHR0cHM6XC9cL2NkbS1va25hLnBsXC93cC1jb250ZW50XC91cGxvYWRzXC8yMDIxXC8xMlwvUkFMLTMwMTUuanBnIiwic2xpZGVzaG93IjoiMzdkN2YxMzQifQ%3D%3D\" href='https:\/\/cdm-okna.pl\/wp-content\/uploads\/2021\/12\/RAL-3015.jpg'><img loading=\"lazy\" decoding=\"async\" width=\"150\" height=\"70\" src=\"https:\/\/cdm-okna.pl\/wp-content\/uploads\/2021\/12\/RAL-3015-150x70.jpg\" class=\"attachment-thumbnail size-thumbnail\" alt=\"Pr\u00f3bka koloru RAL 3015 \u2013 jasna r\u00f3\u017cowa\" aria-describedby=\"gallery-6-9682\" \/><\/a>\n\t\t\t<\/div>\n\t\t\t\t<figcaption class='wp-caption-text gallery-caption' id='gallery-6-9682'>\n\t\t\t\tRAL 3015\n\t\t\t\t<\/figcaption><\/figure><figure class='gallery-item'>\n\t\t\t<div class='gallery-icon landscape'>\n\t\t\t\t<a data-elementor-open-lightbox=\"yes\" data-elementor-lightbox-slideshow=\"37d7f134\" data-elementor-lightbox-title=\"RAL 3016\" data-e-action-hash=\"#elementor-action%3Aaction%3Dlightbox%26settings%3DeyJpZCI6OTY4NCwidXJsIjoiaHR0cHM6XC9cL2NkbS1va25hLnBsXC93cC1jb250ZW50XC91cGxvYWRzXC8yMDIxXC8xMlwvUkFMLTMwMTYuanBnIiwic2xpZGVzaG93IjoiMzdkN2YxMzQifQ%3D%3D\" href='https:\/\/cdm-okna.pl\/wp-content\/uploads\/2021\/12\/RAL-3016.jpg'><img loading=\"lazy\" decoding=\"async\" width=\"150\" height=\"70\" src=\"https:\/\/cdm-okna.pl\/wp-content\/uploads\/2021\/12\/RAL-3016-150x70.jpg\" class=\"attachment-thumbnail size-thumbnail\" alt=\"Pr\u00f3bka koloru RAL 3016 \u2013 koralowa czerwie\u0144\" aria-describedby=\"gallery-6-9684\" \/><\/a>\n\t\t\t<\/div>\n\t\t\t\t<figcaption class='wp-caption-text gallery-caption' id='gallery-6-9684'>\n\t\t\t\tRAL 3016\n\t\t\t\t<\/figcaption><\/figure><figure class='gallery-item'>\n\t\t\t<div class='gallery-icon landscape'>\n\t\t\t\t<a data-elementor-open-lightbox=\"yes\" data-elementor-lightbox-slideshow=\"37d7f134\" data-elementor-lightbox-title=\"RAL 3017\" data-e-action-hash=\"#elementor-action%3Aaction%3Dlightbox%26settings%3DeyJpZCI6OTY4NiwidXJsIjoiaHR0cHM6XC9cL2NkbS1va25hLnBsXC93cC1jb250ZW50XC91cGxvYWRzXC8yMDIxXC8xMlwvUkFMLTMwMTcuanBnIiwic2xpZGVzaG93IjoiMzdkN2YxMzQifQ%3D%3D\" href='https:\/\/cdm-okna.pl\/wp-content\/uploads\/2021\/12\/RAL-3017.jpg'><img loading=\"lazy\" decoding=\"async\" width=\"150\" height=\"70\" src=\"https:\/\/cdm-okna.pl\/wp-content\/uploads\/2021\/12\/RAL-3017-150x70.jpg\" class=\"attachment-thumbnail size-thumbnail\" alt=\"Pr\u00f3bka koloru RAL 3017 \u2013 r\u00f3\u017cowa\" aria-describedby=\"gallery-6-9686\" \/><\/a>\n\t\t\t<\/div>\n\t\t\t\t<figcaption class='wp-caption-text gallery-caption' id='gallery-6-9686'>\n\t\t\t\tRAL 3017\n\t\t\t\t<\/figcaption><\/figure><figure class='gallery-item'>\n\t\t\t<div class='gallery-icon landscape'>\n\t\t\t\t<a data-elementor-open-lightbox=\"yes\" data-elementor-lightbox-slideshow=\"37d7f134\" data-elementor-lightbox-title=\"RAL 3018\" data-e-action-hash=\"#elementor-action%3Aaction%3Dlightbox%26settings%3DeyJpZCI6OTY4OCwidXJsIjoiaHR0cHM6XC9cL2NkbS1va25hLnBsXC93cC1jb250ZW50XC91cGxvYWRzXC8yMDIxXC8xMlwvUkFMLTMwMTguanBnIiwic2xpZGVzaG93IjoiMzdkN2YxMzQifQ%3D%3D\" href='https:\/\/cdm-okna.pl\/wp-content\/uploads\/2021\/12\/RAL-3018.jpg'><img loading=\"lazy\" decoding=\"async\" width=\"150\" height=\"70\" src=\"https:\/\/cdm-okna.pl\/wp-content\/uploads\/2021\/12\/RAL-3018-150x70.jpg\" class=\"attachment-thumbnail size-thumbnail\" alt=\"Pr\u00f3bka koloru RAL 3018 \u2013 malinowa czerwie\u0144\" aria-describedby=\"gallery-6-9688\" \/><\/a>\n\t\t\t<\/div>\n\t\t\t\t<figcaption class='wp-caption-text gallery-caption' id='gallery-6-9688'>\n\t\t\t\tRAL 3018\n\t\t\t\t<\/figcaption><\/figure><figure class='gallery-item'>\n\t\t\t<div class='gallery-icon landscape'>\n\t\t\t\t<a data-elementor-open-lightbox=\"yes\" data-elementor-lightbox-slideshow=\"37d7f134\" data-elementor-lightbox-title=\"RAL 3020\" data-e-action-hash=\"#elementor-action%3Aaction%3Dlightbox%26settings%3DeyJpZCI6OTY5MCwidXJsIjoiaHR0cHM6XC9cL2NkbS1va25hLnBsXC93cC1jb250ZW50XC91cGxvYWRzXC8yMDIxXC8xMlwvUkFMLTMwMjAuanBnIiwic2xpZGVzaG93IjoiMzdkN2YxMzQifQ%3D%3D\" href='https:\/\/cdm-okna.pl\/wp-content\/uploads\/2021\/12\/RAL-3020.jpg'><img loading=\"lazy\" decoding=\"async\" width=\"150\" height=\"70\" src=\"https:\/\/cdm-okna.pl\/wp-content\/uploads\/2021\/12\/RAL-3020-150x70.jpg\" class=\"attachment-thumbnail size-thumbnail\" alt=\"Pr\u00f3bka koloru RAL 3020 \u2013 czerwony ruchowy (sygna\u0142owy czerwony)\" aria-describedby=\"gallery-6-9690\" \/><\/a>\n\t\t\t<\/div>\n\t\t\t\t<figcaption class='wp-caption-text gallery-caption' id='gallery-6-9690'>\n\t\t\t\tRAL 3020\n\t\t\t\t<\/figcaption><\/figure><figure class='gallery-item'>\n\t\t\t<div class='gallery-icon landscape'>\n\t\t\t\t<a data-elementor-open-lightbox=\"yes\" data-elementor-lightbox-slideshow=\"37d7f134\" data-elementor-lightbox-title=\"RAL 3022\" data-e-action-hash=\"#elementor-action%3Aaction%3Dlightbox%26settings%3DeyJpZCI6OTY5MiwidXJsIjoiaHR0cHM6XC9cL2NkbS1va25hLnBsXC93cC1jb250ZW50XC91cGxvYWRzXC8yMDIxXC8xMlwvUkFMLTMwMjIuanBnIiwic2xpZGVzaG93IjoiMzdkN2YxMzQifQ%3D%3D\" href='https:\/\/cdm-okna.pl\/wp-content\/uploads\/2021\/12\/RAL-3022.jpg'><img loading=\"lazy\" decoding=\"async\" width=\"150\" height=\"70\" src=\"https:\/\/cdm-okna.pl\/wp-content\/uploads\/2021\/12\/RAL-3022-150x70.jpg\" class=\"attachment-thumbnail size-thumbnail\" alt=\"Pr\u00f3bka koloru RAL 3022 \u2013 \u0142ososiowy czerwony\" aria-describedby=\"gallery-6-9692\" \/><\/a>\n\t\t\t<\/div>\n\t\t\t\t<figcaption class='wp-caption-text gallery-caption' id='gallery-6-9692'>\n\t\t\t\tRAL 3022\n\t\t\t\t<\/figcaption><\/figure><figure class='gallery-item'>\n\t\t\t<div class='gallery-icon landscape'>\n\t\t\t\t<a data-elementor-open-lightbox=\"yes\" data-elementor-lightbox-slideshow=\"37d7f134\" data-elementor-lightbox-title=\"RAL 3024\" data-e-action-hash=\"#elementor-action%3Aaction%3Dlightbox%26settings%3DeyJpZCI6OTY5NCwidXJsIjoiaHR0cHM6XC9cL2NkbS1va25hLnBsXC93cC1jb250ZW50XC91cGxvYWRzXC8yMDIxXC8xMlwvUkFMLTMwMjQuanBnIiwic2xpZGVzaG93IjoiMzdkN2YxMzQifQ%3D%3D\" href='https:\/\/cdm-okna.pl\/wp-content\/uploads\/2021\/12\/RAL-3024.jpg'><img loading=\"lazy\" decoding=\"async\" width=\"150\" height=\"70\" src=\"https:\/\/cdm-okna.pl\/wp-content\/uploads\/2021\/12\/RAL-3024-150x70.jpg\" class=\"attachment-thumbnail size-thumbnail\" alt=\"Pr\u00f3bka koloru RAL 3024 \u2013 jaskrawa czerwie\u0144 (fluorescencyjna)\" aria-describedby=\"gallery-6-9694\" \/><\/a>\n\t\t\t<\/div>\n\t\t\t\t<figcaption class='wp-caption-text gallery-caption' id='gallery-6-9694'>\n\t\t\t\tRAL 3024\n\t\t\t\t<\/figcaption><\/figure><figure class='gallery-item'>\n\t\t\t<div class='gallery-icon landscape'>\n\t\t\t\t<a data-elementor-open-lightbox=\"yes\" data-elementor-lightbox-slideshow=\"37d7f134\" data-elementor-lightbox-title=\"RAL 3026\" data-e-action-hash=\"#elementor-action%3Aaction%3Dlightbox%26settings%3DeyJpZCI6OTY5NiwidXJsIjoiaHR0cHM6XC9cL2NkbS1va25hLnBsXC93cC1jb250ZW50XC91cGxvYWRzXC8yMDIxXC8xMlwvUkFMLTMwMjYuanBnIiwic2xpZGVzaG93IjoiMzdkN2YxMzQifQ%3D%3D\" href='https:\/\/cdm-okna.pl\/wp-content\/uploads\/2021\/12\/RAL-3026.jpg'><img loading=\"lazy\" decoding=\"async\" width=\"150\" height=\"70\" src=\"https:\/\/cdm-okna.pl\/wp-content\/uploads\/2021\/12\/RAL-3026-150x70.jpg\" class=\"attachment-thumbnail size-thumbnail\" alt=\"Pr\u00f3bka koloru RAL 3026 \u2013 jaskrawa malinowa czerwie\u0144 (fluorescencyjna)\" aria-describedby=\"gallery-6-9696\" \/><\/a>\n\t\t\t<\/div>\n\t\t\t\t<figcaption class='wp-caption-text gallery-caption' id='gallery-6-9696'>\n\t\t\t\tRAL 3026\n\t\t\t\t<\/figcaption><\/figure><figure class='gallery-item'>\n\t\t\t<div class='gallery-icon landscape'>\n\t\t\t\t<a data-elementor-open-lightbox=\"yes\" data-elementor-lightbox-slideshow=\"37d7f134\" data-elementor-lightbox-title=\"RAL 3027\" data-e-action-hash=\"#elementor-action%3Aaction%3Dlightbox%26settings%3DeyJpZCI6OTY5OCwidXJsIjoiaHR0cHM6XC9cL2NkbS1va25hLnBsXC93cC1jb250ZW50XC91cGxvYWRzXC8yMDIxXC8xMlwvUkFMLTMwMjcuanBnIiwic2xpZGVzaG93IjoiMzdkN2YxMzQifQ%3D%3D\" href='https:\/\/cdm-okna.pl\/wp-content\/uploads\/2021\/12\/RAL-3027.jpg'><img loading=\"lazy\" decoding=\"async\" width=\"150\" height=\"70\" src=\"https:\/\/cdm-okna.pl\/wp-content\/uploads\/2021\/12\/RAL-3027-150x70.jpg\" class=\"attachment-thumbnail size-thumbnail\" alt=\"Pr\u00f3bka koloru RAL 3027 \u2013 malinowa czerwie\u0144\" aria-describedby=\"gallery-6-9698\" \/><\/a>\n\t\t\t<\/div>\n\t\t\t\t<figcaption class='wp-caption-text gallery-caption' id='gallery-6-9698'>\n\t\t\t\tRAL 3027\n\t\t\t\t<\/figcaption><\/figure><figure class='gallery-item'>\n\t\t\t<div class='gallery-icon landscape'>\n\t\t\t\t<a data-elementor-open-lightbox=\"yes\" data-elementor-lightbox-slideshow=\"37d7f134\" data-elementor-lightbox-title=\"RAL 3031\" data-e-action-hash=\"#elementor-action%3Aaction%3Dlightbox%26settings%3DeyJpZCI6OTcwMCwidXJsIjoiaHR0cHM6XC9cL2NkbS1va25hLnBsXC93cC1jb250ZW50XC91cGxvYWRzXC8yMDIxXC8xMlwvUkFMLTMwMzEuanBnIiwic2xpZGVzaG93IjoiMzdkN2YxMzQifQ%3D%3D\" href='https:\/\/cdm-okna.pl\/wp-content\/uploads\/2021\/12\/RAL-3031.jpg'><img loading=\"lazy\" decoding=\"async\" width=\"150\" height=\"70\" src=\"https:\/\/cdm-okna.pl\/wp-content\/uploads\/2021\/12\/RAL-3031-150x70.jpg\" class=\"attachment-thumbnail size-thumbnail\" alt=\"Pr\u00f3bka koloru RAL 3031 \u2013 wschodnioczerwona\" aria-describedby=\"gallery-6-9700\" \/><\/a>\n\t\t\t<\/div>\n\t\t\t\t<figcaption class='wp-caption-text gallery-caption' id='gallery-6-9700'>\n\t\t\t\tRAL 3031\n\t\t\t\t<\/figcaption><\/figure><figure class='gallery-item'>\n\t\t\t<div class='gallery-icon landscape'>\n\t\t\t\t<a data-elementor-open-lightbox=\"yes\" data-elementor-lightbox-slideshow=\"37d7f134\" data-elementor-lightbox-title=\"RAL 4001\" data-e-action-hash=\"#elementor-action%3Aaction%3Dlightbox%26settings%3DeyJpZCI6OTcwMiwidXJsIjoiaHR0cHM6XC9cL2NkbS1va25hLnBsXC93cC1jb250ZW50XC91cGxvYWRzXC8yMDIxXC8xMlwvUkFMLTQwMDEuanBnIiwic2xpZGVzaG93IjoiMzdkN2YxMzQifQ%3D%3D\" href='https:\/\/cdm-okna.pl\/wp-content\/uploads\/2021\/12\/RAL-4001.jpg'><img loading=\"lazy\" decoding=\"async\" width=\"150\" height=\"70\" src=\"https:\/\/cdm-okna.pl\/wp-content\/uploads\/2021\/12\/RAL-4001-150x70.jpg\" class=\"attachment-thumbnail size-thumbnail\" alt=\"Pr\u00f3bka koloru RAL 4001 \u2013 czerwony liliowy\" aria-describedby=\"gallery-6-9702\" \/><\/a>\n\t\t\t<\/div>\n\t\t\t\t<figcaption class='wp-caption-text gallery-caption' id='gallery-6-9702'>\n\t\t\t\tRAL 4001\n\t\t\t\t<\/figcaption><\/figure><figure class='gallery-item'>\n\t\t\t<div class='gallery-icon landscape'>\n\t\t\t\t<a data-elementor-open-lightbox=\"yes\" data-elementor-lightbox-slideshow=\"37d7f134\" data-elementor-lightbox-title=\"RAL 4002\" data-e-action-hash=\"#elementor-action%3Aaction%3Dlightbox%26settings%3DeyJpZCI6OTcwNCwidXJsIjoiaHR0cHM6XC9cL2NkbS1va25hLnBsXC93cC1jb250ZW50XC91cGxvYWRzXC8yMDIxXC8xMlwvUkFMLTQwMDIuanBnIiwic2xpZGVzaG93IjoiMzdkN2YxMzQifQ%3D%3D\" href='https:\/\/cdm-okna.pl\/wp-content\/uploads\/2021\/12\/RAL-4002.jpg'><img loading=\"lazy\" decoding=\"async\" width=\"150\" height=\"70\" src=\"https:\/\/cdm-okna.pl\/wp-content\/uploads\/2021\/12\/RAL-4002-150x70.jpg\" class=\"attachment-thumbnail size-thumbnail\" alt=\"Pr\u00f3bka koloru RAL 4002 \u2013 czerwony purpurowy\" aria-describedby=\"gallery-6-9704\" \/><\/a>\n\t\t\t<\/div>\n\t\t\t\t<figcaption class='wp-caption-text gallery-caption' id='gallery-6-9704'>\n\t\t\t\tRAL 4002\n\t\t\t\t<\/figcaption><\/figure><figure class='gallery-item'>\n\t\t\t<div class='gallery-icon landscape'>\n\t\t\t\t<a data-elementor-open-lightbox=\"yes\" data-elementor-lightbox-slideshow=\"37d7f134\" data-elementor-lightbox-title=\"RAL 4003\" data-e-action-hash=\"#elementor-action%3Aaction%3Dlightbox%26settings%3DeyJpZCI6OTcwNiwidXJsIjoiaHR0cHM6XC9cL2NkbS1va25hLnBsXC93cC1jb250ZW50XC91cGxvYWRzXC8yMDIxXC8xMlwvUkFMLTQwMDMuanBnIiwic2xpZGVzaG93IjoiMzdkN2YxMzQifQ%3D%3D\" href='https:\/\/cdm-okna.pl\/wp-content\/uploads\/2021\/12\/RAL-4003.jpg'><img loading=\"lazy\" decoding=\"async\" width=\"150\" height=\"70\" src=\"https:\/\/cdm-okna.pl\/wp-content\/uploads\/2021\/12\/RAL-4003-150x70.jpg\" class=\"attachment-thumbnail size-thumbnail\" alt=\"Pr\u00f3bka koloru RAL 4003 \u2013 r\u00f3\u017cowy wrzosowy\" aria-describedby=\"gallery-6-9706\" \/><\/a>\n\t\t\t<\/div>\n\t\t\t\t<figcaption class='wp-caption-text gallery-caption' id='gallery-6-9706'>\n\t\t\t\tRAL 4003\n\t\t\t\t<\/figcaption><\/figure><figure class='gallery-item'>\n\t\t\t<div class='gallery-icon landscape'>\n\t\t\t\t<a data-elementor-open-lightbox=\"yes\" data-elementor-lightbox-slideshow=\"37d7f134\" data-elementor-lightbox-title=\"RAL 4004\" data-e-action-hash=\"#elementor-action%3Aaction%3Dlightbox%26settings%3DeyJpZCI6OTcwOCwidXJsIjoiaHR0cHM6XC9cL2NkbS1va25hLnBsXC93cC1jb250ZW50XC91cGxvYWRzXC8yMDIxXC8xMlwvUkFMLTQwMDQuanBnIiwic2xpZGVzaG93IjoiMzdkN2YxMzQifQ%3D%3D\" href='https:\/\/cdm-okna.pl\/wp-content\/uploads\/2021\/12\/RAL-4004.jpg'><img loading=\"lazy\" decoding=\"async\" width=\"150\" height=\"70\" src=\"https:\/\/cdm-okna.pl\/wp-content\/uploads\/2021\/12\/RAL-4004-150x70.jpg\" class=\"attachment-thumbnail size-thumbnail\" alt=\"Pr\u00f3bka koloru RAL 4004 \u2013 burgundowy\" aria-describedby=\"gallery-6-9708\" \/><\/a>\n\t\t\t<\/div>\n\t\t\t\t<figcaption class='wp-caption-text gallery-caption' id='gallery-6-9708'>\n\t\t\t\tRAL 4004\n\t\t\t\t<\/figcaption><\/figure><figure class='gallery-item'>\n\t\t\t<div class='gallery-icon landscape'>\n\t\t\t\t<a data-elementor-open-lightbox=\"yes\" data-elementor-lightbox-slideshow=\"37d7f134\" data-elementor-lightbox-title=\"RAL 4005\" data-e-action-hash=\"#elementor-action%3Aaction%3Dlightbox%26settings%3DeyJpZCI6OTcxMCwidXJsIjoiaHR0cHM6XC9cL2NkbS1va25hLnBsXC93cC1jb250ZW50XC91cGxvYWRzXC8yMDIxXC8xMlwvUkFMLTQwMDUuanBnIiwic2xpZGVzaG93IjoiMzdkN2YxMzQifQ%3D%3D\" href='https:\/\/cdm-okna.pl\/wp-content\/uploads\/2021\/12\/RAL-4005.jpg'><img loading=\"lazy\" decoding=\"async\" width=\"150\" height=\"70\" src=\"https:\/\/cdm-okna.pl\/wp-content\/uploads\/2021\/12\/RAL-4005-150x70.jpg\" class=\"attachment-thumbnail size-thumbnail\" alt=\"Pr\u00f3bka koloru RAL 4005 \u2013 niebieskofioletowy\" aria-describedby=\"gallery-6-9710\" \/><\/a>\n\t\t\t<\/div>\n\t\t\t\t<figcaption class='wp-caption-text gallery-caption' id='gallery-6-9710'>\n\t\t\t\tRAL 4005\n\t\t\t\t<\/figcaption><\/figure><figure class='gallery-item'>\n\t\t\t<div class='gallery-icon landscape'>\n\t\t\t\t<a data-elementor-open-lightbox=\"yes\" data-elementor-lightbox-slideshow=\"37d7f134\" data-elementor-lightbox-title=\"RAL 4006\" data-e-action-hash=\"#elementor-action%3Aaction%3Dlightbox%26settings%3DeyJpZCI6OTcxMiwidXJsIjoiaHR0cHM6XC9cL2NkbS1va25hLnBsXC93cC1jb250ZW50XC91cGxvYWRzXC8yMDIxXC8xMlwvUkFMLTQwMDYuanBnIiwic2xpZGVzaG93IjoiMzdkN2YxMzQifQ%3D%3D\" href='https:\/\/cdm-okna.pl\/wp-content\/uploads\/2021\/12\/RAL-4006.jpg'><img loading=\"lazy\" decoding=\"async\" width=\"150\" height=\"70\" src=\"https:\/\/cdm-okna.pl\/wp-content\/uploads\/2021\/12\/RAL-4006-150x70.jpg\" class=\"attachment-thumbnail size-thumbnail\" alt=\"Pr\u00f3bka koloru RAL 4006 \u2013 czerwony fioletowy\" aria-describedby=\"gallery-6-9712\" \/><\/a>\n\t\t\t<\/div>\n\t\t\t\t<figcaption class='wp-caption-text gallery-caption' id='gallery-6-9712'>\n\t\t\t\tRAL 4006\n\t\t\t\t<\/figcaption><\/figure><figure class='gallery-item'>\n\t\t\t<div class='gallery-icon landscape'>\n\t\t\t\t<a data-elementor-open-lightbox=\"yes\" data-elementor-lightbox-slideshow=\"37d7f134\" data-elementor-lightbox-title=\"RAL 4007\" data-e-action-hash=\"#elementor-action%3Aaction%3Dlightbox%26settings%3DeyJpZCI6OTcxNCwidXJsIjoiaHR0cHM6XC9cL2NkbS1va25hLnBsXC93cC1jb250ZW50XC91cGxvYWRzXC8yMDIxXC8xMlwvUkFMLTQwMDcuanBnIiwic2xpZGVzaG93IjoiMzdkN2YxMzQifQ%3D%3D\" href='https:\/\/cdm-okna.pl\/wp-content\/uploads\/2021\/12\/RAL-4007.jpg'><img loading=\"lazy\" decoding=\"async\" width=\"150\" height=\"70\" src=\"https:\/\/cdm-okna.pl\/wp-content\/uploads\/2021\/12\/RAL-4007-150x70.jpg\" class=\"attachment-thumbnail size-thumbnail\" alt=\"Pr\u00f3bka koloru RAL 4007 \u2013 purpurowy fioletowy (ciemny)\" aria-describedby=\"gallery-6-9714\" \/><\/a>\n\t\t\t<\/div>\n\t\t\t\t<figcaption class='wp-caption-text gallery-caption' id='gallery-6-9714'>\n\t\t\t\tRAL 4007\n\t\t\t\t<\/figcaption><\/figure><figure class='gallery-item'>\n\t\t\t<div class='gallery-icon landscape'>\n\t\t\t\t<a data-elementor-open-lightbox=\"yes\" data-elementor-lightbox-slideshow=\"37d7f134\" data-elementor-lightbox-title=\"RAL 4008\" data-e-action-hash=\"#elementor-action%3Aaction%3Dlightbox%26settings%3DeyJpZCI6OTcxNiwidXJsIjoiaHR0cHM6XC9cL2NkbS1va25hLnBsXC93cC1jb250ZW50XC91cGxvYWRzXC8yMDIxXC8xMlwvUkFMLTQwMDguanBnIiwic2xpZGVzaG93IjoiMzdkN2YxMzQifQ%3D%3D\" href='https:\/\/cdm-okna.pl\/wp-content\/uploads\/2021\/12\/RAL-4008.jpg'><img loading=\"lazy\" decoding=\"async\" width=\"150\" height=\"70\" src=\"https:\/\/cdm-okna.pl\/wp-content\/uploads\/2021\/12\/RAL-4008-150x70.jpg\" class=\"attachment-thumbnail size-thumbnail\" alt=\"Pr\u00f3bka koloru RAL 4008 \u2013 sygna\u0142owy fioletowy\" aria-describedby=\"gallery-6-9716\" \/><\/a>\n\t\t\t<\/div>\n\t\t\t\t<figcaption class='wp-caption-text gallery-caption' id='gallery-6-9716'>\n\t\t\t\tRAL 4008\n\t\t\t\t<\/figcaption><\/figure><figure class='gallery-item'>\n\t\t\t<div class='gallery-icon landscape'>\n\t\t\t\t<a data-elementor-open-lightbox=\"yes\" data-elementor-lightbox-slideshow=\"37d7f134\" data-elementor-lightbox-title=\"RAL 4009\" data-e-action-hash=\"#elementor-action%3Aaction%3Dlightbox%26settings%3DeyJpZCI6OTcxOCwidXJsIjoiaHR0cHM6XC9cL2NkbS1va25hLnBsXC93cC1jb250ZW50XC91cGxvYWRzXC8yMDIxXC8xMlwvUkFMLTQwMDkuanBnIiwic2xpZGVzaG93IjoiMzdkN2YxMzQifQ%3D%3D\" href='https:\/\/cdm-okna.pl\/wp-content\/uploads\/2021\/12\/RAL-4009.jpg'><img loading=\"lazy\" decoding=\"async\" width=\"150\" height=\"70\" src=\"https:\/\/cdm-okna.pl\/wp-content\/uploads\/2021\/12\/RAL-4009-150x70.jpg\" class=\"attachment-thumbnail size-thumbnail\" alt=\"Pr\u00f3bka koloru RAL 4009 \u2013 pastelowy fiolet\" aria-describedby=\"gallery-6-9718\" \/><\/a>\n\t\t\t<\/div>\n\t\t\t\t<figcaption class='wp-caption-text gallery-caption' id='gallery-6-9718'>\n\t\t\t\tRAL 4009\n\t\t\t\t<\/figcaption><\/figure><figure class='gallery-item'>\n\t\t\t<div class='gallery-icon landscape'>\n\t\t\t\t<a data-elementor-open-lightbox=\"yes\" data-elementor-lightbox-slideshow=\"37d7f134\" data-elementor-lightbox-title=\"RAL 4010\" data-e-action-hash=\"#elementor-action%3Aaction%3Dlightbox%26settings%3DeyJpZCI6OTcyMCwidXJsIjoiaHR0cHM6XC9cL2NkbS1va25hLnBsXC93cC1jb250ZW50XC91cGxvYWRzXC8yMDIxXC8xMlwvUkFMLTQwMTAuanBnIiwic2xpZGVzaG93IjoiMzdkN2YxMzQifQ%3D%3D\" href='https:\/\/cdm-okna.pl\/wp-content\/uploads\/2021\/12\/RAL-4010.jpg'><img loading=\"lazy\" decoding=\"async\" width=\"150\" height=\"70\" src=\"https:\/\/cdm-okna.pl\/wp-content\/uploads\/2021\/12\/RAL-4010-150x70.jpg\" class=\"attachment-thumbnail size-thumbnail\" alt=\"Pr\u00f3bka koloru RAL 4010 \u2013 telemagenta (intensywny r\u00f3\u017cowy)\" aria-describedby=\"gallery-6-9720\" \/><\/a>\n\t\t\t<\/div>\n\t\t\t\t<figcaption class='wp-caption-text gallery-caption' id='gallery-6-9720'>\n\t\t\t\tRAL 4010\n\t\t\t\t<\/figcaption><\/figure><figure class='gallery-item'>\n\t\t\t<div class='gallery-icon landscape'>\n\t\t\t\t<a data-elementor-open-lightbox=\"yes\" data-elementor-lightbox-slideshow=\"37d7f134\" data-elementor-lightbox-title=\"RAL 5000\" data-e-action-hash=\"#elementor-action%3Aaction%3Dlightbox%26settings%3DeyJpZCI6OTcyMiwidXJsIjoiaHR0cHM6XC9cL2NkbS1va25hLnBsXC93cC1jb250ZW50XC91cGxvYWRzXC8yMDIxXC8xMlwvUkFMLTUwMDAuanBnIiwic2xpZGVzaG93IjoiMzdkN2YxMzQifQ%3D%3D\" href='https:\/\/cdm-okna.pl\/wp-content\/uploads\/2021\/12\/RAL-5000.jpg'><img loading=\"lazy\" decoding=\"async\" width=\"150\" height=\"70\" src=\"https:\/\/cdm-okna.pl\/wp-content\/uploads\/2021\/12\/RAL-5000-150x70.jpg\" class=\"attachment-thumbnail size-thumbnail\" alt=\"Pr\u00f3bka koloru RAL 5000 \u2013 niebieski fioletowy\" aria-describedby=\"gallery-6-9722\" \/><\/a>\n\t\t\t<\/div>\n\t\t\t\t<figcaption class='wp-caption-text gallery-caption' id='gallery-6-9722'>\n\t\t\t\tRAL 5000\n\t\t\t\t<\/figcaption><\/figure><figure class='gallery-item'>\n\t\t\t<div class='gallery-icon landscape'>\n\t\t\t\t<a data-elementor-open-lightbox=\"yes\" data-elementor-lightbox-slideshow=\"37d7f134\" data-elementor-lightbox-title=\"RAL 5001\" data-e-action-hash=\"#elementor-action%3Aaction%3Dlightbox%26settings%3DeyJpZCI6OTcyNCwidXJsIjoiaHR0cHM6XC9cL2NkbS1va25hLnBsXC93cC1jb250ZW50XC91cGxvYWRzXC8yMDIxXC8xMlwvUkFMLTUwMDEuanBnIiwic2xpZGVzaG93IjoiMzdkN2YxMzQifQ%3D%3D\" href='https:\/\/cdm-okna.pl\/wp-content\/uploads\/2021\/12\/RAL-5001.jpg'><img loading=\"lazy\" decoding=\"async\" width=\"150\" height=\"70\" src=\"https:\/\/cdm-okna.pl\/wp-content\/uploads\/2021\/12\/RAL-5001-150x70.jpg\" class=\"attachment-thumbnail size-thumbnail\" alt=\"Pr\u00f3bka koloru RAL 5001 \u2013 zielononiebieski\" aria-describedby=\"gallery-6-9724\" \/><\/a>\n\t\t\t<\/div>\n\t\t\t\t<figcaption class='wp-caption-text gallery-caption' id='gallery-6-9724'>\n\t\t\t\tRAL 5001\n\t\t\t\t<\/figcaption><\/figure><figure class='gallery-item'>\n\t\t\t<div class='gallery-icon landscape'>\n\t\t\t\t<a data-elementor-open-lightbox=\"yes\" data-elementor-lightbox-slideshow=\"37d7f134\" data-elementor-lightbox-title=\"RAL 5002\" data-e-action-hash=\"#elementor-action%3Aaction%3Dlightbox%26settings%3DeyJpZCI6OTcyNiwidXJsIjoiaHR0cHM6XC9cL2NkbS1va25hLnBsXC93cC1jb250ZW50XC91cGxvYWRzXC8yMDIxXC8xMlwvUkFMLTUwMDIuanBnIiwic2xpZGVzaG93IjoiMzdkN2YxMzQifQ%3D%3D\" href='https:\/\/cdm-okna.pl\/wp-content\/uploads\/2021\/12\/RAL-5002.jpg'><img loading=\"lazy\" decoding=\"async\" width=\"150\" height=\"70\" src=\"https:\/\/cdm-okna.pl\/wp-content\/uploads\/2021\/12\/RAL-5002-150x70.jpg\" class=\"attachment-thumbnail size-thumbnail\" alt=\"Pr\u00f3bka koloru RAL 5002 \u2013 ultramaryna\" aria-describedby=\"gallery-6-9726\" \/><\/a>\n\t\t\t<\/div>\n\t\t\t\t<figcaption class='wp-caption-text gallery-caption' id='gallery-6-9726'>\n\t\t\t\tRAL 5002\n\t\t\t\t<\/figcaption><\/figure><figure class='gallery-item'>\n\t\t\t<div class='gallery-icon landscape'>\n\t\t\t\t<a data-elementor-open-lightbox=\"yes\" data-elementor-lightbox-slideshow=\"37d7f134\" data-elementor-lightbox-title=\"RAL 5003\" data-e-action-hash=\"#elementor-action%3Aaction%3Dlightbox%26settings%3DeyJpZCI6OTcyOCwidXJsIjoiaHR0cHM6XC9cL2NkbS1va25hLnBsXC93cC1jb250ZW50XC91cGxvYWRzXC8yMDIxXC8xMlwvUkFMLTUwMDMuanBnIiwic2xpZGVzaG93IjoiMzdkN2YxMzQifQ%3D%3D\" href='https:\/\/cdm-okna.pl\/wp-content\/uploads\/2021\/12\/RAL-5003.jpg'><img loading=\"lazy\" decoding=\"async\" width=\"150\" height=\"70\" src=\"https:\/\/cdm-okna.pl\/wp-content\/uploads\/2021\/12\/RAL-5003-150x70.jpg\" class=\"attachment-thumbnail size-thumbnail\" alt=\"Pr\u00f3bka koloru RAL 5003 \u2013 ciemny szafirowy niebieski\" aria-describedby=\"gallery-6-9728\" \/><\/a>\n\t\t\t<\/div>\n\t\t\t\t<figcaption class='wp-caption-text gallery-caption' id='gallery-6-9728'>\n\t\t\t\tRAL 5003\n\t\t\t\t<\/figcaption><\/figure><figure class='gallery-item'>\n\t\t\t<div class='gallery-icon landscape'>\n\t\t\t\t<a data-elementor-open-lightbox=\"yes\" data-elementor-lightbox-slideshow=\"37d7f134\" data-elementor-lightbox-title=\"RAL 5004\" data-e-action-hash=\"#elementor-action%3Aaction%3Dlightbox%26settings%3DeyJpZCI6OTczMCwidXJsIjoiaHR0cHM6XC9cL2NkbS1va25hLnBsXC93cC1jb250ZW50XC91cGxvYWRzXC8yMDIxXC8xMlwvUkFMLTUwMDQuanBnIiwic2xpZGVzaG93IjoiMzdkN2YxMzQifQ%3D%3D\" href='https:\/\/cdm-okna.pl\/wp-content\/uploads\/2021\/12\/RAL-5004.jpg'><img loading=\"lazy\" decoding=\"async\" width=\"150\" height=\"70\" src=\"https:\/\/cdm-okna.pl\/wp-content\/uploads\/2021\/12\/RAL-5004-150x70.jpg\" class=\"attachment-thumbnail size-thumbnail\" alt=\"Pr\u00f3bka koloru RAL 5004 \u2013 czarnoniebieski\" aria-describedby=\"gallery-6-9730\" \/><\/a>\n\t\t\t<\/div>\n\t\t\t\t<figcaption class='wp-caption-text gallery-caption' id='gallery-6-9730'>\n\t\t\t\tRAL 5004\n\t\t\t\t<\/figcaption><\/figure><figure class='gallery-item'>\n\t\t\t<div class='gallery-icon landscape'>\n\t\t\t\t<a data-elementor-open-lightbox=\"yes\" data-elementor-lightbox-slideshow=\"37d7f134\" data-elementor-lightbox-title=\"RAL 5005\" data-e-action-hash=\"#elementor-action%3Aaction%3Dlightbox%26settings%3DeyJpZCI6OTczMiwidXJsIjoiaHR0cHM6XC9cL2NkbS1va25hLnBsXC93cC1jb250ZW50XC91cGxvYWRzXC8yMDIxXC8xMlwvUkFMLTUwMDUuanBnIiwic2xpZGVzaG93IjoiMzdkN2YxMzQifQ%3D%3D\" href='https:\/\/cdm-okna.pl\/wp-content\/uploads\/2021\/12\/RAL-5005.jpg'><img loading=\"lazy\" decoding=\"async\" width=\"150\" height=\"70\" src=\"https:\/\/cdm-okna.pl\/wp-content\/uploads\/2021\/12\/RAL-5005-150x70.jpg\" class=\"attachment-thumbnail size-thumbnail\" alt=\"Pr\u00f3bka koloru RAL 5005 \u2013 sygna\u0142owy niebieski\" aria-describedby=\"gallery-6-9732\" \/><\/a>\n\t\t\t<\/div>\n\t\t\t\t<figcaption class='wp-caption-text gallery-caption' id='gallery-6-9732'>\n\t\t\t\tRAL 5005\n\t\t\t\t<\/figcaption><\/figure><figure class='gallery-item'>\n\t\t\t<div class='gallery-icon landscape'>\n\t\t\t\t<a data-elementor-open-lightbox=\"yes\" data-elementor-lightbox-slideshow=\"37d7f134\" data-elementor-lightbox-title=\"RAL 5007\" data-e-action-hash=\"#elementor-action%3Aaction%3Dlightbox%26settings%3DeyJpZCI6OTczNCwidXJsIjoiaHR0cHM6XC9cL2NkbS1va25hLnBsXC93cC1jb250ZW50XC91cGxvYWRzXC8yMDIxXC8xMlwvUkFMLTUwMDcuanBnIiwic2xpZGVzaG93IjoiMzdkN2YxMzQifQ%3D%3D\" href='https:\/\/cdm-okna.pl\/wp-content\/uploads\/2021\/12\/RAL-5007.jpg'><img loading=\"lazy\" decoding=\"async\" width=\"150\" height=\"70\" src=\"https:\/\/cdm-okna.pl\/wp-content\/uploads\/2021\/12\/RAL-5007-150x70.jpg\" class=\"attachment-thumbnail size-thumbnail\" alt=\"Pr\u00f3bka koloru RAL 5007 \u2013 b\u0142\u0119kitny niebieski\" aria-describedby=\"gallery-6-9734\" \/><\/a>\n\t\t\t<\/div>\n\t\t\t\t<figcaption class='wp-caption-text gallery-caption' id='gallery-6-9734'>\n\t\t\t\tRAL 5007\n\t\t\t\t<\/figcaption><\/figure><figure class='gallery-item'>\n\t\t\t<div class='gallery-icon landscape'>\n\t\t\t\t<a data-elementor-open-lightbox=\"yes\" data-elementor-lightbox-slideshow=\"37d7f134\" data-elementor-lightbox-title=\"RAL 5008\" data-e-action-hash=\"#elementor-action%3Aaction%3Dlightbox%26settings%3DeyJpZCI6OTczNiwidXJsIjoiaHR0cHM6XC9cL2NkbS1va25hLnBsXC93cC1jb250ZW50XC91cGxvYWRzXC8yMDIxXC8xMlwvUkFMLTUwMDguanBnIiwic2xpZGVzaG93IjoiMzdkN2YxMzQifQ%3D%3D\" href='https:\/\/cdm-okna.pl\/wp-content\/uploads\/2021\/12\/RAL-5008.jpg'><img loading=\"lazy\" decoding=\"async\" width=\"150\" height=\"70\" src=\"https:\/\/cdm-okna.pl\/wp-content\/uploads\/2021\/12\/RAL-5008-150x70.jpg\" class=\"attachment-thumbnail size-thumbnail\" alt=\"Pr\u00f3bka koloru RAL 5008 \u2013 szaroniebieski\" aria-describedby=\"gallery-6-9736\" \/><\/a>\n\t\t\t<\/div>\n\t\t\t\t<figcaption class='wp-caption-text gallery-caption' id='gallery-6-9736'>\n\t\t\t\tRAL 5008\n\t\t\t\t<\/figcaption><\/figure><figure class='gallery-item'>\n\t\t\t<div class='gallery-icon landscape'>\n\t\t\t\t<a data-elementor-open-lightbox=\"yes\" data-elementor-lightbox-slideshow=\"37d7f134\" data-elementor-lightbox-title=\"RAL 5009\" data-e-action-hash=\"#elementor-action%3Aaction%3Dlightbox%26settings%3DeyJpZCI6OTczOCwidXJsIjoiaHR0cHM6XC9cL2NkbS1va25hLnBsXC93cC1jb250ZW50XC91cGxvYWRzXC8yMDIxXC8xMlwvUkFMLTUwMDkuanBnIiwic2xpZGVzaG93IjoiMzdkN2YxMzQifQ%3D%3D\" href='https:\/\/cdm-okna.pl\/wp-content\/uploads\/2021\/12\/RAL-5009.jpg'><img loading=\"lazy\" decoding=\"async\" width=\"150\" height=\"70\" src=\"https:\/\/cdm-okna.pl\/wp-content\/uploads\/2021\/12\/RAL-5009-150x70.jpg\" class=\"attachment-thumbnail size-thumbnail\" alt=\"Pr\u00f3bka koloru RAL 5009 \u2013 niebieski atlantycki\" aria-describedby=\"gallery-6-9738\" \/><\/a>\n\t\t\t<\/div>\n\t\t\t\t<figcaption class='wp-caption-text gallery-caption' id='gallery-6-9738'>\n\t\t\t\tRAL 5009\n\t\t\t\t<\/figcaption><\/figure><figure class='gallery-item'>\n\t\t\t<div class='gallery-icon landscape'>\n\t\t\t\t<a data-elementor-open-lightbox=\"yes\" data-elementor-lightbox-slideshow=\"37d7f134\" data-elementor-lightbox-title=\"RAL 5010\" data-e-action-hash=\"#elementor-action%3Aaction%3Dlightbox%26settings%3DeyJpZCI6OTc0MCwidXJsIjoiaHR0cHM6XC9cL2NkbS1va25hLnBsXC93cC1jb250ZW50XC91cGxvYWRzXC8yMDIxXC8xMlwvUkFMLTUwMTAuanBnIiwic2xpZGVzaG93IjoiMzdkN2YxMzQifQ%3D%3D\" href='https:\/\/cdm-okna.pl\/wp-content\/uploads\/2021\/12\/RAL-5010.jpg'><img loading=\"lazy\" decoding=\"async\" width=\"150\" height=\"70\" src=\"https:\/\/cdm-okna.pl\/wp-content\/uploads\/2021\/12\/RAL-5010-150x70.jpg\" class=\"attachment-thumbnail size-thumbnail\" alt=\"Pr\u00f3bka koloru RAL 5010 \u2013 niebieski gencjanowy\" aria-describedby=\"gallery-6-9740\" \/><\/a>\n\t\t\t<\/div>\n\t\t\t\t<figcaption class='wp-caption-text gallery-caption' id='gallery-6-9740'>\n\t\t\t\tRAL 5010\n\t\t\t\t<\/figcaption><\/figure><figure class='gallery-item'>\n\t\t\t<div class='gallery-icon landscape'>\n\t\t\t\t<a data-elementor-open-lightbox=\"yes\" data-elementor-lightbox-slideshow=\"37d7f134\" data-elementor-lightbox-title=\"RAL 5011\" data-e-action-hash=\"#elementor-action%3Aaction%3Dlightbox%26settings%3DeyJpZCI6OTc0MiwidXJsIjoiaHR0cHM6XC9cL2NkbS1va25hLnBsXC93cC1jb250ZW50XC91cGxvYWRzXC8yMDIxXC8xMlwvUkFMLTUwMTEuanBnIiwic2xpZGVzaG93IjoiMzdkN2YxMzQifQ%3D%3D\" href='https:\/\/cdm-okna.pl\/wp-content\/uploads\/2021\/12\/RAL-5011.jpg'><img loading=\"lazy\" decoding=\"async\" width=\"150\" height=\"70\" src=\"https:\/\/cdm-okna.pl\/wp-content\/uploads\/2021\/12\/RAL-5011-150x70.jpg\" class=\"attachment-thumbnail size-thumbnail\" alt=\"Pr\u00f3bka koloru RAL 5011 \u2013 stalowoniebieski\" aria-describedby=\"gallery-6-9742\" \/><\/a>\n\t\t\t<\/div>\n\t\t\t\t<figcaption class='wp-caption-text gallery-caption' id='gallery-6-9742'>\n\t\t\t\tRAL 5011\n\t\t\t\t<\/figcaption><\/figure><figure class='gallery-item'>\n\t\t\t<div class='gallery-icon landscape'>\n\t\t\t\t<a data-elementor-open-lightbox=\"yes\" data-elementor-lightbox-slideshow=\"37d7f134\" data-elementor-lightbox-title=\"RAL 5012\" data-e-action-hash=\"#elementor-action%3Aaction%3Dlightbox%26settings%3DeyJpZCI6OTc0NCwidXJsIjoiaHR0cHM6XC9cL2NkbS1va25hLnBsXC93cC1jb250ZW50XC91cGxvYWRzXC8yMDIxXC8xMlwvUkFMLTUwMTIuanBnIiwic2xpZGVzaG93IjoiMzdkN2YxMzQifQ%3D%3D\" href='https:\/\/cdm-okna.pl\/wp-content\/uploads\/2021\/12\/RAL-5012.jpg'><img loading=\"lazy\" decoding=\"async\" width=\"150\" height=\"70\" src=\"https:\/\/cdm-okna.pl\/wp-content\/uploads\/2021\/12\/RAL-5012-150x70.jpg\" class=\"attachment-thumbnail size-thumbnail\" alt=\"Pr\u00f3bka koloru RAL 5012 \u2013 jasny niebieski\" aria-describedby=\"gallery-6-9744\" \/><\/a>\n\t\t\t<\/div>\n\t\t\t\t<figcaption class='wp-caption-text gallery-caption' id='gallery-6-9744'>\n\t\t\t\tRAL 5012\n\t\t\t\t<\/figcaption><\/figure><figure class='gallery-item'>\n\t\t\t<div class='gallery-icon landscape'>\n\t\t\t\t<a data-elementor-open-lightbox=\"yes\" data-elementor-lightbox-slideshow=\"37d7f134\" data-elementor-lightbox-title=\"RAL 5013\" data-e-action-hash=\"#elementor-action%3Aaction%3Dlightbox%26settings%3DeyJpZCI6OTc0NiwidXJsIjoiaHR0cHM6XC9cL2NkbS1va25hLnBsXC93cC1jb250ZW50XC91cGxvYWRzXC8yMDIxXC8xMlwvUkFMLTUwMTMuanBnIiwic2xpZGVzaG93IjoiMzdkN2YxMzQifQ%3D%3D\" href='https:\/\/cdm-okna.pl\/wp-content\/uploads\/2021\/12\/RAL-5013.jpg'><img loading=\"lazy\" decoding=\"async\" width=\"150\" height=\"70\" src=\"https:\/\/cdm-okna.pl\/wp-content\/uploads\/2021\/12\/RAL-5013-150x70.jpg\" class=\"attachment-thumbnail size-thumbnail\" alt=\"Pr\u00f3bka koloru RAL 5013 \u2013 niebieski kobaltowy\" aria-describedby=\"gallery-6-9746\" \/><\/a>\n\t\t\t<\/div>\n\t\t\t\t<figcaption class='wp-caption-text gallery-caption' id='gallery-6-9746'>\n\t\t\t\tRAL 5013\n\t\t\t\t<\/figcaption><\/figure><figure class='gallery-item'>\n\t\t\t<div class='gallery-icon landscape'>\n\t\t\t\t<a data-elementor-open-lightbox=\"yes\" data-elementor-lightbox-slideshow=\"37d7f134\" data-elementor-lightbox-title=\"RAL 5014\" data-e-action-hash=\"#elementor-action%3Aaction%3Dlightbox%26settings%3DeyJpZCI6OTc0OCwidXJsIjoiaHR0cHM6XC9cL2NkbS1va25hLnBsXC93cC1jb250ZW50XC91cGxvYWRzXC8yMDIxXC8xMlwvUkFMLTUwMTQuanBnIiwic2xpZGVzaG93IjoiMzdkN2YxMzQifQ%3D%3D\" href='https:\/\/cdm-okna.pl\/wp-content\/uploads\/2021\/12\/RAL-5014.jpg'><img loading=\"lazy\" decoding=\"async\" width=\"150\" height=\"70\" src=\"https:\/\/cdm-okna.pl\/wp-content\/uploads\/2021\/12\/RAL-5014-150x70.jpg\" class=\"attachment-thumbnail size-thumbnail\" alt=\"Pr\u00f3bka koloru RAL 5014 \u2013 go\u0142\u0119bi niebieski\" aria-describedby=\"gallery-6-9748\" \/><\/a>\n\t\t\t<\/div>\n\t\t\t\t<figcaption class='wp-caption-text gallery-caption' id='gallery-6-9748'>\n\t\t\t\tRAL 5014\n\t\t\t\t<\/figcaption><\/figure><figure class='gallery-item'>\n\t\t\t<div class='gallery-icon landscape'>\n\t\t\t\t<a data-elementor-open-lightbox=\"yes\" data-elementor-lightbox-slideshow=\"37d7f134\" data-elementor-lightbox-title=\"RAL 5015\" data-e-action-hash=\"#elementor-action%3Aaction%3Dlightbox%26settings%3DeyJpZCI6OTc1MCwidXJsIjoiaHR0cHM6XC9cL2NkbS1va25hLnBsXC93cC1jb250ZW50XC91cGxvYWRzXC8yMDIxXC8xMlwvUkFMLTUwMTUuanBnIiwic2xpZGVzaG93IjoiMzdkN2YxMzQifQ%3D%3D\" href='https:\/\/cdm-okna.pl\/wp-content\/uploads\/2021\/12\/RAL-5015.jpg'><img loading=\"lazy\" decoding=\"async\" width=\"150\" height=\"70\" src=\"https:\/\/cdm-okna.pl\/wp-content\/uploads\/2021\/12\/RAL-5015-150x70.jpg\" class=\"attachment-thumbnail size-thumbnail\" alt=\"Pr\u00f3bka koloru RAL 5015 \u2013 niebieski niebieszczany (niebieski jasny)\" aria-describedby=\"gallery-6-9750\" \/><\/a>\n\t\t\t<\/div>\n\t\t\t\t<figcaption class='wp-caption-text gallery-caption' id='gallery-6-9750'>\n\t\t\t\tRAL 5015\n\t\t\t\t<\/figcaption><\/figure><figure class='gallery-item'>\n\t\t\t<div class='gallery-icon landscape'>\n\t\t\t\t<a data-elementor-open-lightbox=\"yes\" data-elementor-lightbox-slideshow=\"37d7f134\" data-elementor-lightbox-title=\"RAL 5017\" data-e-action-hash=\"#elementor-action%3Aaction%3Dlightbox%26settings%3DeyJpZCI6OTc1MiwidXJsIjoiaHR0cHM6XC9cL2NkbS1va25hLnBsXC93cC1jb250ZW50XC91cGxvYWRzXC8yMDIxXC8xMlwvUkFMLTUwMTcuanBnIiwic2xpZGVzaG93IjoiMzdkN2YxMzQifQ%3D%3D\" href='https:\/\/cdm-okna.pl\/wp-content\/uploads\/2021\/12\/RAL-5017.jpg'><img loading=\"lazy\" decoding=\"async\" width=\"150\" height=\"70\" src=\"https:\/\/cdm-okna.pl\/wp-content\/uploads\/2021\/12\/RAL-5017-150x70.jpg\" class=\"attachment-thumbnail size-thumbnail\" alt=\"Pr\u00f3bka koloru RAL 5017 \u2013 niebieski ruchowy\" aria-describedby=\"gallery-6-9752\" \/><\/a>\n\t\t\t<\/div>\n\t\t\t\t<figcaption class='wp-caption-text gallery-caption' id='gallery-6-9752'>\n\t\t\t\tRAL 5017\n\t\t\t\t<\/figcaption><\/figure><figure class='gallery-item'>\n\t\t\t<div class='gallery-icon landscape'>\n\t\t\t\t<a data-elementor-open-lightbox=\"yes\" data-elementor-lightbox-slideshow=\"37d7f134\" data-elementor-lightbox-title=\"RAL 5018\" data-e-action-hash=\"#elementor-action%3Aaction%3Dlightbox%26settings%3DeyJpZCI6OTc1NCwidXJsIjoiaHR0cHM6XC9cL2NkbS1va25hLnBsXC93cC1jb250ZW50XC91cGxvYWRzXC8yMDIxXC8xMlwvUkFMLTUwMTguanBnIiwic2xpZGVzaG93IjoiMzdkN2YxMzQifQ%3D%3D\" href='https:\/\/cdm-okna.pl\/wp-content\/uploads\/2021\/12\/RAL-5018.jpg'><img loading=\"lazy\" decoding=\"async\" width=\"150\" height=\"70\" src=\"https:\/\/cdm-okna.pl\/wp-content\/uploads\/2021\/12\/RAL-5018-150x70.jpg\" class=\"attachment-thumbnail size-thumbnail\" alt=\"Pr\u00f3bka koloru RAL 5018 \u2013 turkusowy niebieski\" aria-describedby=\"gallery-6-9754\" \/><\/a>\n\t\t\t<\/div>\n\t\t\t\t<figcaption class='wp-caption-text gallery-caption' id='gallery-6-9754'>\n\t\t\t\tRAL 5018\n\t\t\t\t<\/figcaption><\/figure><figure class='gallery-item'>\n\t\t\t<div class='gallery-icon landscape'>\n\t\t\t\t<a data-elementor-open-lightbox=\"yes\" data-elementor-lightbox-slideshow=\"37d7f134\" data-elementor-lightbox-title=\"RAL 5019\" data-e-action-hash=\"#elementor-action%3Aaction%3Dlightbox%26settings%3DeyJpZCI6OTc1NiwidXJsIjoiaHR0cHM6XC9cL2NkbS1va25hLnBsXC93cC1jb250ZW50XC91cGxvYWRzXC8yMDIxXC8xMlwvUkFMLTUwMTkuanBnIiwic2xpZGVzaG93IjoiMzdkN2YxMzQifQ%3D%3D\" href='https:\/\/cdm-okna.pl\/wp-content\/uploads\/2021\/12\/RAL-5019.jpg'><img loading=\"lazy\" decoding=\"async\" width=\"150\" height=\"70\" src=\"https:\/\/cdm-okna.pl\/wp-content\/uploads\/2021\/12\/RAL-5019-150x70.jpg\" class=\"attachment-thumbnail size-thumbnail\" alt=\"Pr\u00f3bka koloru RAL 5019 \u2013 niebieski kapri\" aria-describedby=\"gallery-6-9756\" \/><\/a>\n\t\t\t<\/div>\n\t\t\t\t<figcaption class='wp-caption-text gallery-caption' id='gallery-6-9756'>\n\t\t\t\tRAL 5019\n\t\t\t\t<\/figcaption><\/figure><figure class='gallery-item'>\n\t\t\t<div class='gallery-icon landscape'>\n\t\t\t\t<a data-elementor-open-lightbox=\"yes\" data-elementor-lightbox-slideshow=\"37d7f134\" data-elementor-lightbox-title=\"RAL 5020\" data-e-action-hash=\"#elementor-action%3Aaction%3Dlightbox%26settings%3DeyJpZCI6OTc1OCwidXJsIjoiaHR0cHM6XC9cL2NkbS1va25hLnBsXC93cC1jb250ZW50XC91cGxvYWRzXC8yMDIxXC8xMlwvUkFMLTUwMjAuanBnIiwic2xpZGVzaG93IjoiMzdkN2YxMzQifQ%3D%3D\" href='https:\/\/cdm-okna.pl\/wp-content\/uploads\/2021\/12\/RAL-5020.jpg'><img loading=\"lazy\" decoding=\"async\" width=\"150\" height=\"70\" src=\"https:\/\/cdm-okna.pl\/wp-content\/uploads\/2021\/12\/RAL-5020-150x70.jpg\" class=\"attachment-thumbnail size-thumbnail\" alt=\"Pr\u00f3bka koloru RAL 5020 \u2013 oceaniczny niebieski\" aria-describedby=\"gallery-6-9758\" \/><\/a>\n\t\t\t<\/div>\n\t\t\t\t<figcaption class='wp-caption-text gallery-caption' id='gallery-6-9758'>\n\t\t\t\tRAL 5020\n\t\t\t\t<\/figcaption><\/figure><figure class='gallery-item'>\n\t\t\t<div class='gallery-icon landscape'>\n\t\t\t\t<a data-elementor-open-lightbox=\"yes\" data-elementor-lightbox-slideshow=\"37d7f134\" data-elementor-lightbox-title=\"RAL 5021\" data-e-action-hash=\"#elementor-action%3Aaction%3Dlightbox%26settings%3DeyJpZCI6OTc2MCwidXJsIjoiaHR0cHM6XC9cL2NkbS1va25hLnBsXC93cC1jb250ZW50XC91cGxvYWRzXC8yMDIxXC8xMlwvUkFMLTUwMjEuanBnIiwic2xpZGVzaG93IjoiMzdkN2YxMzQifQ%3D%3D\" href='https:\/\/cdm-okna.pl\/wp-content\/uploads\/2021\/12\/RAL-5021.jpg'><img loading=\"lazy\" decoding=\"async\" width=\"150\" height=\"70\" src=\"https:\/\/cdm-okna.pl\/wp-content\/uploads\/2021\/12\/RAL-5021-150x70.jpg\" class=\"attachment-thumbnail size-thumbnail\" alt=\"Pr\u00f3bka koloru RAL 5021 \u2013 wodnoniebieski\" aria-describedby=\"gallery-6-9760\" \/><\/a>\n\t\t\t<\/div>\n\t\t\t\t<figcaption class='wp-caption-text gallery-caption' id='gallery-6-9760'>\n\t\t\t\tRAL 5021\n\t\t\t\t<\/figcaption><\/figure><figure class='gallery-item'>\n\t\t\t<div class='gallery-icon landscape'>\n\t\t\t\t<a data-elementor-open-lightbox=\"yes\" data-elementor-lightbox-slideshow=\"37d7f134\" data-elementor-lightbox-title=\"RAL 5022\" data-e-action-hash=\"#elementor-action%3Aaction%3Dlightbox%26settings%3DeyJpZCI6OTc2MiwidXJsIjoiaHR0cHM6XC9cL2NkbS1va25hLnBsXC93cC1jb250ZW50XC91cGxvYWRzXC8yMDIxXC8xMlwvUkFMLTUwMjIuanBnIiwic2xpZGVzaG93IjoiMzdkN2YxMzQifQ%3D%3D\" href='https:\/\/cdm-okna.pl\/wp-content\/uploads\/2021\/12\/RAL-5022.jpg'><img loading=\"lazy\" decoding=\"async\" width=\"150\" height=\"70\" src=\"https:\/\/cdm-okna.pl\/wp-content\/uploads\/2021\/12\/RAL-5022-150x70.jpg\" class=\"attachment-thumbnail size-thumbnail\" alt=\"Pr\u00f3bka koloru RAL 5022 \u2013 nocny niebieski\" aria-describedby=\"gallery-6-9762\" \/><\/a>\n\t\t\t<\/div>\n\t\t\t\t<figcaption class='wp-caption-text gallery-caption' id='gallery-6-9762'>\n\t\t\t\tRAL 5022\n\t\t\t\t<\/figcaption><\/figure><figure class='gallery-item'>\n\t\t\t<div class='gallery-icon landscape'>\n\t\t\t\t<a data-elementor-open-lightbox=\"yes\" data-elementor-lightbox-slideshow=\"37d7f134\" data-elementor-lightbox-title=\"RAL 5023\" data-e-action-hash=\"#elementor-action%3Aaction%3Dlightbox%26settings%3DeyJpZCI6OTc2NCwidXJsIjoiaHR0cHM6XC9cL2NkbS1va25hLnBsXC93cC1jb250ZW50XC91cGxvYWRzXC8yMDIxXC8xMlwvUkFMLTUwMjMuanBnIiwic2xpZGVzaG93IjoiMzdkN2YxMzQifQ%3D%3D\" href='https:\/\/cdm-okna.pl\/wp-content\/uploads\/2021\/12\/RAL-5023.jpg'><img loading=\"lazy\" decoding=\"async\" width=\"150\" height=\"70\" src=\"https:\/\/cdm-okna.pl\/wp-content\/uploads\/2021\/12\/RAL-5023-150x70.jpg\" class=\"attachment-thumbnail size-thumbnail\" alt=\"Pr\u00f3bka koloru RAL 5023 \u2013 ciemny niebieski pastelowy\" aria-describedby=\"gallery-6-9764\" \/><\/a>\n\t\t\t<\/div>\n\t\t\t\t<figcaption class='wp-caption-text gallery-caption' id='gallery-6-9764'>\n\t\t\t\tRAL 5023\n\t\t\t\t<\/figcaption><\/figure><figure class='gallery-item'>\n\t\t\t<div class='gallery-icon landscape'>\n\t\t\t\t<a data-elementor-open-lightbox=\"yes\" data-elementor-lightbox-slideshow=\"37d7f134\" data-elementor-lightbox-title=\"RAL 5024\" data-e-action-hash=\"#elementor-action%3Aaction%3Dlightbox%26settings%3DeyJpZCI6OTc2NiwidXJsIjoiaHR0cHM6XC9cL2NkbS1va25hLnBsXC93cC1jb250ZW50XC91cGxvYWRzXC8yMDIxXC8xMlwvUkFMLTUwMjQuanBnIiwic2xpZGVzaG93IjoiMzdkN2YxMzQifQ%3D%3D\" href='https:\/\/cdm-okna.pl\/wp-content\/uploads\/2021\/12\/RAL-5024.jpg'><img loading=\"lazy\" decoding=\"async\" width=\"150\" height=\"70\" src=\"https:\/\/cdm-okna.pl\/wp-content\/uploads\/2021\/12\/RAL-5024-150x70.jpg\" class=\"attachment-thumbnail size-thumbnail\" alt=\"Pr\u00f3bka koloru RAL 5024 \u2013 pastelowy b\u0142\u0119kitny\" aria-describedby=\"gallery-6-9766\" \/><\/a>\n\t\t\t<\/div>\n\t\t\t\t<figcaption class='wp-caption-text gallery-caption' id='gallery-6-9766'>\n\t\t\t\tRAL 5024\n\t\t\t\t<\/figcaption><\/figure><figure class='gallery-item'>\n\t\t\t<div class='gallery-icon landscape'>\n\t\t\t\t<a data-elementor-open-lightbox=\"yes\" data-elementor-lightbox-slideshow=\"37d7f134\" data-elementor-lightbox-title=\"RAL 6000\" data-e-action-hash=\"#elementor-action%3Aaction%3Dlightbox%26settings%3DeyJpZCI6OTc2OCwidXJsIjoiaHR0cHM6XC9cL2NkbS1va25hLnBsXC93cC1jb250ZW50XC91cGxvYWRzXC8yMDIxXC8xMlwvUkFMLTYwMDAuanBnIiwic2xpZGVzaG93IjoiMzdkN2YxMzQifQ%3D%3D\" href='https:\/\/cdm-okna.pl\/wp-content\/uploads\/2021\/12\/RAL-6000.jpg'><img loading=\"lazy\" decoding=\"async\" width=\"150\" height=\"70\" src=\"https:\/\/cdm-okna.pl\/wp-content\/uploads\/2021\/12\/RAL-6000-150x70.jpg\" class=\"attachment-thumbnail size-thumbnail\" alt=\"Pr\u00f3bka koloru RAL 6000 \u2013 patynowozielony\" aria-describedby=\"gallery-6-9768\" \/><\/a>\n\t\t\t<\/div>\n\t\t\t\t<figcaption class='wp-caption-text gallery-caption' id='gallery-6-9768'>\n\t\t\t\tRAL 6000\n\t\t\t\t<\/figcaption><\/figure><figure class='gallery-item'>\n\t\t\t<div class='gallery-icon landscape'>\n\t\t\t\t<a data-elementor-open-lightbox=\"yes\" data-elementor-lightbox-slideshow=\"37d7f134\" data-elementor-lightbox-title=\"RAL 6001\" data-e-action-hash=\"#elementor-action%3Aaction%3Dlightbox%26settings%3DeyJpZCI6OTc3MCwidXJsIjoiaHR0cHM6XC9cL2NkbS1va25hLnBsXC93cC1jb250ZW50XC91cGxvYWRzXC8yMDIxXC8xMlwvUkFMLTYwMDEuanBnIiwic2xpZGVzaG93IjoiMzdkN2YxMzQifQ%3D%3D\" href='https:\/\/cdm-okna.pl\/wp-content\/uploads\/2021\/12\/RAL-6001.jpg'><img loading=\"lazy\" decoding=\"async\" width=\"150\" height=\"70\" src=\"https:\/\/cdm-okna.pl\/wp-content\/uploads\/2021\/12\/RAL-6001-150x70.jpg\" class=\"attachment-thumbnail size-thumbnail\" alt=\"Pr\u00f3bka koloru RAL 6001 \u2013 szmaragdowozielony\" aria-describedby=\"gallery-6-9770\" \/><\/a>\n\t\t\t<\/div>\n\t\t\t\t<figcaption class='wp-caption-text gallery-caption' id='gallery-6-9770'>\n\t\t\t\tRAL 6001\n\t\t\t\t<\/figcaption><\/figure><figure class='gallery-item'>\n\t\t\t<div class='gallery-icon landscape'>\n\t\t\t\t<a data-elementor-open-lightbox=\"yes\" data-elementor-lightbox-slideshow=\"37d7f134\" data-elementor-lightbox-title=\"RAL 6002\" data-e-action-hash=\"#elementor-action%3Aaction%3Dlightbox%26settings%3DeyJpZCI6OTc3MiwidXJsIjoiaHR0cHM6XC9cL2NkbS1va25hLnBsXC93cC1jb250ZW50XC91cGxvYWRzXC8yMDIxXC8xMlwvUkFMLTYwMDIuanBnIiwic2xpZGVzaG93IjoiMzdkN2YxMzQifQ%3D%3D\" href='https:\/\/cdm-okna.pl\/wp-content\/uploads\/2021\/12\/RAL-6002.jpg'><img loading=\"lazy\" decoding=\"async\" width=\"150\" height=\"70\" src=\"https:\/\/cdm-okna.pl\/wp-content\/uploads\/2021\/12\/RAL-6002-150x70.jpg\" class=\"attachment-thumbnail size-thumbnail\" alt=\"Pr\u00f3bka koloru RAL 6002 \u2013 li\u015bciastozielony\" aria-describedby=\"gallery-6-9772\" \/><\/a>\n\t\t\t<\/div>\n\t\t\t\t<figcaption class='wp-caption-text gallery-caption' id='gallery-6-9772'>\n\t\t\t\tRAL 6002\n\t\t\t\t<\/figcaption><\/figure><figure class='gallery-item'>\n\t\t\t<div class='gallery-icon landscape'>\n\t\t\t\t<a data-elementor-open-lightbox=\"yes\" data-elementor-lightbox-slideshow=\"37d7f134\" data-elementor-lightbox-title=\"RAL 6003\" data-e-action-hash=\"#elementor-action%3Aaction%3Dlightbox%26settings%3DeyJpZCI6OTc3NCwidXJsIjoiaHR0cHM6XC9cL2NkbS1va25hLnBsXC93cC1jb250ZW50XC91cGxvYWRzXC8yMDIxXC8xMlwvUkFMLTYwMDMuanBnIiwic2xpZGVzaG93IjoiMzdkN2YxMzQifQ%3D%3D\" href='https:\/\/cdm-okna.pl\/wp-content\/uploads\/2021\/12\/RAL-6003.jpg'><img loading=\"lazy\" decoding=\"async\" width=\"150\" height=\"70\" src=\"https:\/\/cdm-okna.pl\/wp-content\/uploads\/2021\/12\/RAL-6003-150x70.jpg\" class=\"attachment-thumbnail size-thumbnail\" alt=\"Pr\u00f3bka koloru RAL 6003 \u2013 oliwkowozielony\" aria-describedby=\"gallery-6-9774\" \/><\/a>\n\t\t\t<\/div>\n\t\t\t\t<figcaption class='wp-caption-text gallery-caption' id='gallery-6-9774'>\n\t\t\t\tRAL 6003\n\t\t\t\t<\/figcaption><\/figure><figure class='gallery-item'>\n\t\t\t<div class='gallery-icon landscape'>\n\t\t\t\t<a data-elementor-open-lightbox=\"yes\" data-elementor-lightbox-slideshow=\"37d7f134\" data-elementor-lightbox-title=\"RAL 6004\" data-e-action-hash=\"#elementor-action%3Aaction%3Dlightbox%26settings%3DeyJpZCI6OTc3NiwidXJsIjoiaHR0cHM6XC9cL2NkbS1va25hLnBsXC93cC1jb250ZW50XC91cGxvYWRzXC8yMDIxXC8xMlwvUkFMLTYwMDQuanBnIiwic2xpZGVzaG93IjoiMzdkN2YxMzQifQ%3D%3D\" href='https:\/\/cdm-okna.pl\/wp-content\/uploads\/2021\/12\/RAL-6004.jpg'><img loading=\"lazy\" decoding=\"async\" width=\"150\" height=\"70\" src=\"https:\/\/cdm-okna.pl\/wp-content\/uploads\/2021\/12\/RAL-6004-150x70.jpg\" class=\"attachment-thumbnail size-thumbnail\" alt=\"Pr\u00f3bka koloru RAL 6004 \u2013 niebieskawozielony\" aria-describedby=\"gallery-6-9776\" \/><\/a>\n\t\t\t<\/div>\n\t\t\t\t<figcaption class='wp-caption-text gallery-caption' id='gallery-6-9776'>\n\t\t\t\tRAL 6004\n\t\t\t\t<\/figcaption><\/figure><figure class='gallery-item'>\n\t\t\t<div class='gallery-icon landscape'>\n\t\t\t\t<a data-elementor-open-lightbox=\"yes\" data-elementor-lightbox-slideshow=\"37d7f134\" data-elementor-lightbox-title=\"RAL 6005\" data-e-action-hash=\"#elementor-action%3Aaction%3Dlightbox%26settings%3DeyJpZCI6OTc3OCwidXJsIjoiaHR0cHM6XC9cL2NkbS1va25hLnBsXC93cC1jb250ZW50XC91cGxvYWRzXC8yMDIxXC8xMlwvUkFMLTYwMDUuanBnIiwic2xpZGVzaG93IjoiMzdkN2YxMzQifQ%3D%3D\" href='https:\/\/cdm-okna.pl\/wp-content\/uploads\/2021\/12\/RAL-6005.jpg'><img loading=\"lazy\" decoding=\"async\" width=\"150\" height=\"70\" src=\"https:\/\/cdm-okna.pl\/wp-content\/uploads\/2021\/12\/RAL-6005-150x70.jpg\" class=\"attachment-thumbnail size-thumbnail\" alt=\"Pr\u00f3bka koloru RAL 6005 \u2013 ciemna ziele\u0144\" aria-describedby=\"gallery-6-9778\" \/><\/a>\n\t\t\t<\/div>\n\t\t\t\t<figcaption class='wp-caption-text gallery-caption' id='gallery-6-9778'>\n\t\t\t\tRAL 6005\n\t\t\t\t<\/figcaption><\/figure><figure class='gallery-item'>\n\t\t\t<div class='gallery-icon landscape'>\n\t\t\t\t<a data-elementor-open-lightbox=\"yes\" data-elementor-lightbox-slideshow=\"37d7f134\" data-elementor-lightbox-title=\"RAL 6006\" data-e-action-hash=\"#elementor-action%3Aaction%3Dlightbox%26settings%3DeyJpZCI6OTc4MCwidXJsIjoiaHR0cHM6XC9cL2NkbS1va25hLnBsXC93cC1jb250ZW50XC91cGxvYWRzXC8yMDIxXC8xMlwvUkFMLTYwMDYuanBnIiwic2xpZGVzaG93IjoiMzdkN2YxMzQifQ%3D%3D\" href='https:\/\/cdm-okna.pl\/wp-content\/uploads\/2021\/12\/RAL-6006.jpg'><img loading=\"lazy\" decoding=\"async\" width=\"150\" height=\"70\" src=\"https:\/\/cdm-okna.pl\/wp-content\/uploads\/2021\/12\/RAL-6006-150x70.jpg\" class=\"attachment-thumbnail size-thumbnail\" alt=\"Pr\u00f3bka koloru RAL 6006 \u2013 szarooliwkowy\" aria-describedby=\"gallery-6-9780\" \/><\/a>\n\t\t\t<\/div>\n\t\t\t\t<figcaption class='wp-caption-text gallery-caption' id='gallery-6-9780'>\n\t\t\t\tRAL 6006\n\t\t\t\t<\/figcaption><\/figure><figure class='gallery-item'>\n\t\t\t<div class='gallery-icon landscape'>\n\t\t\t\t<a data-elementor-open-lightbox=\"yes\" data-elementor-lightbox-slideshow=\"37d7f134\" data-elementor-lightbox-title=\"RAL 6007\" data-e-action-hash=\"#elementor-action%3Aaction%3Dlightbox%26settings%3DeyJpZCI6OTc4MiwidXJsIjoiaHR0cHM6XC9cL2NkbS1va25hLnBsXC93cC1jb250ZW50XC91cGxvYWRzXC8yMDIxXC8xMlwvUkFMLTYwMDcuanBnIiwic2xpZGVzaG93IjoiMzdkN2YxMzQifQ%3D%3D\" href='https:\/\/cdm-okna.pl\/wp-content\/uploads\/2021\/12\/RAL-6007.jpg'><img loading=\"lazy\" decoding=\"async\" width=\"150\" height=\"70\" src=\"https:\/\/cdm-okna.pl\/wp-content\/uploads\/2021\/12\/RAL-6007-150x70.jpg\" class=\"attachment-thumbnail size-thumbnail\" alt=\"Pr\u00f3bka koloru RAL 6007 \u2013 butelkowozielony\" aria-describedby=\"gallery-6-9782\" \/><\/a>\n\t\t\t<\/div>\n\t\t\t\t<figcaption class='wp-caption-text gallery-caption' id='gallery-6-9782'>\n\t\t\t\tRAL 6007\n\t\t\t\t<\/figcaption><\/figure><figure class='gallery-item'>\n\t\t\t<div class='gallery-icon landscape'>\n\t\t\t\t<a data-elementor-open-lightbox=\"yes\" data-elementor-lightbox-slideshow=\"37d7f134\" data-elementor-lightbox-title=\"RAL 6008\" data-e-action-hash=\"#elementor-action%3Aaction%3Dlightbox%26settings%3DeyJpZCI6OTc4NCwidXJsIjoiaHR0cHM6XC9cL2NkbS1va25hLnBsXC93cC1jb250ZW50XC91cGxvYWRzXC8yMDIxXC8xMlwvUkFMLTYwMDguanBnIiwic2xpZGVzaG93IjoiMzdkN2YxMzQifQ%3D%3D\" href='https:\/\/cdm-okna.pl\/wp-content\/uploads\/2021\/12\/RAL-6008.jpg'><img loading=\"lazy\" decoding=\"async\" width=\"150\" height=\"70\" src=\"https:\/\/cdm-okna.pl\/wp-content\/uploads\/2021\/12\/RAL-6008-150x70.jpg\" class=\"attachment-thumbnail size-thumbnail\" alt=\"Pr\u00f3bka koloru RAL 6008 \u2013 br\u0105zowozielony\" aria-describedby=\"gallery-6-9784\" \/><\/a>\n\t\t\t<\/div>\n\t\t\t\t<figcaption class='wp-caption-text gallery-caption' id='gallery-6-9784'>\n\t\t\t\tRAL 6008\n\t\t\t\t<\/figcaption><\/figure><figure class='gallery-item'>\n\t\t\t<div class='gallery-icon landscape'>\n\t\t\t\t<a data-elementor-open-lightbox=\"yes\" data-elementor-lightbox-slideshow=\"37d7f134\" data-elementor-lightbox-title=\"RAL 6009\" data-e-action-hash=\"#elementor-action%3Aaction%3Dlightbox%26settings%3DeyJpZCI6OTc4NiwidXJsIjoiaHR0cHM6XC9cL2NkbS1va25hLnBsXC93cC1jb250ZW50XC91cGxvYWRzXC8yMDIxXC8xMlwvUkFMLTYwMDkuanBnIiwic2xpZGVzaG93IjoiMzdkN2YxMzQifQ%3D%3D\" href='https:\/\/cdm-okna.pl\/wp-content\/uploads\/2021\/12\/RAL-6009.jpg'><img loading=\"lazy\" decoding=\"async\" width=\"150\" height=\"70\" src=\"https:\/\/cdm-okna.pl\/wp-content\/uploads\/2021\/12\/RAL-6009-150x70.jpg\" class=\"attachment-thumbnail size-thumbnail\" alt=\"Pr\u00f3bka koloru RAL 6009 \u2013 jod\u0142owozielony\" aria-describedby=\"gallery-6-9786\" \/><\/a>\n\t\t\t<\/div>\n\t\t\t\t<figcaption class='wp-caption-text gallery-caption' id='gallery-6-9786'>\n\t\t\t\tRAL 6009\n\t\t\t\t<\/figcaption><\/figure><figure class='gallery-item'>\n\t\t\t<div class='gallery-icon landscape'>\n\t\t\t\t<a data-elementor-open-lightbox=\"yes\" data-elementor-lightbox-slideshow=\"37d7f134\" data-elementor-lightbox-title=\"RAL 6010\" data-e-action-hash=\"#elementor-action%3Aaction%3Dlightbox%26settings%3DeyJpZCI6OTc4OCwidXJsIjoiaHR0cHM6XC9cL2NkbS1va25hLnBsXC93cC1jb250ZW50XC91cGxvYWRzXC8yMDIxXC8xMlwvUkFMLTYwMTAuanBnIiwic2xpZGVzaG93IjoiMzdkN2YxMzQifQ%3D%3D\" href='https:\/\/cdm-okna.pl\/wp-content\/uploads\/2021\/12\/RAL-6010.jpg'><img loading=\"lazy\" decoding=\"async\" width=\"150\" height=\"70\" src=\"https:\/\/cdm-okna.pl\/wp-content\/uploads\/2021\/12\/RAL-6010-150x70.jpg\" class=\"attachment-thumbnail size-thumbnail\" alt=\"Pr\u00f3bka koloru RAL 6010 \u2013 trawiastozielony\" aria-describedby=\"gallery-6-9788\" \/><\/a>\n\t\t\t<\/div>\n\t\t\t\t<figcaption class='wp-caption-text gallery-caption' id='gallery-6-9788'>\n\t\t\t\tRAL 6010\n\t\t\t\t<\/figcaption><\/figure><figure class='gallery-item'>\n\t\t\t<div class='gallery-icon landscape'>\n\t\t\t\t<a data-elementor-open-lightbox=\"yes\" data-elementor-lightbox-slideshow=\"37d7f134\" data-elementor-lightbox-title=\"RAL 6011\" data-e-action-hash=\"#elementor-action%3Aaction%3Dlightbox%26settings%3DeyJpZCI6OTc5MCwidXJsIjoiaHR0cHM6XC9cL2NkbS1va25hLnBsXC93cC1jb250ZW50XC91cGxvYWRzXC8yMDIxXC8xMlwvUkFMLTYwMTEuanBnIiwic2xpZGVzaG93IjoiMzdkN2YxMzQifQ%3D%3D\" href='https:\/\/cdm-okna.pl\/wp-content\/uploads\/2021\/12\/RAL-6011.jpg'><img loading=\"lazy\" decoding=\"async\" width=\"150\" height=\"70\" src=\"https:\/\/cdm-okna.pl\/wp-content\/uploads\/2021\/12\/RAL-6011-150x70.jpg\" class=\"attachment-thumbnail size-thumbnail\" alt=\"Pr\u00f3bka koloru RAL 6011 \u2013 rezedowozielony\" aria-describedby=\"gallery-6-9790\" \/><\/a>\n\t\t\t<\/div>\n\t\t\t\t<figcaption class='wp-caption-text gallery-caption' id='gallery-6-9790'>\n\t\t\t\tRAL 6011\n\t\t\t\t<\/figcaption><\/figure><figure class='gallery-item'>\n\t\t\t<div class='gallery-icon landscape'>\n\t\t\t\t<a data-elementor-open-lightbox=\"yes\" data-elementor-lightbox-slideshow=\"37d7f134\" data-elementor-lightbox-title=\"RAL 6012\" data-e-action-hash=\"#elementor-action%3Aaction%3Dlightbox%26settings%3DeyJpZCI6OTc5MiwidXJsIjoiaHR0cHM6XC9cL2NkbS1va25hLnBsXC93cC1jb250ZW50XC91cGxvYWRzXC8yMDIxXC8xMlwvUkFMLTYwMTIuanBnIiwic2xpZGVzaG93IjoiMzdkN2YxMzQifQ%3D%3D\" href='https:\/\/cdm-okna.pl\/wp-content\/uploads\/2021\/12\/RAL-6012.jpg'><img loading=\"lazy\" decoding=\"async\" width=\"150\" height=\"70\" src=\"https:\/\/cdm-okna.pl\/wp-content\/uploads\/2021\/12\/RAL-6012-150x70.jpg\" class=\"attachment-thumbnail size-thumbnail\" alt=\"Pr\u00f3bka koloru RAL 6012 \u2013 czarnooliwkowy\" aria-describedby=\"gallery-6-9792\" \/><\/a>\n\t\t\t<\/div>\n\t\t\t\t<figcaption class='wp-caption-text gallery-caption' id='gallery-6-9792'>\n\t\t\t\tRAL 6012\n\t\t\t\t<\/figcaption><\/figure><figure class='gallery-item'>\n\t\t\t<div class='gallery-icon landscape'>\n\t\t\t\t<a data-elementor-open-lightbox=\"yes\" data-elementor-lightbox-slideshow=\"37d7f134\" data-elementor-lightbox-title=\"RAL 6013\" data-e-action-hash=\"#elementor-action%3Aaction%3Dlightbox%26settings%3DeyJpZCI6OTc5NCwidXJsIjoiaHR0cHM6XC9cL2NkbS1va25hLnBsXC93cC1jb250ZW50XC91cGxvYWRzXC8yMDIxXC8xMlwvUkFMLTYwMTMuanBnIiwic2xpZGVzaG93IjoiMzdkN2YxMzQifQ%3D%3D\" href='https:\/\/cdm-okna.pl\/wp-content\/uploads\/2021\/12\/RAL-6013.jpg'><img loading=\"lazy\" decoding=\"async\" width=\"150\" height=\"70\" src=\"https:\/\/cdm-okna.pl\/wp-content\/uploads\/2021\/12\/RAL-6013-150x70.jpg\" class=\"attachment-thumbnail size-thumbnail\" alt=\"Pr\u00f3bka koloru RAL 6013 \u2013 trzcinowozielony\" aria-describedby=\"gallery-6-9794\" \/><\/a>\n\t\t\t<\/div>\n\t\t\t\t<figcaption class='wp-caption-text gallery-caption' id='gallery-6-9794'>\n\t\t\t\tRAL 6013\n\t\t\t\t<\/figcaption><\/figure><figure class='gallery-item'>\n\t\t\t<div class='gallery-icon landscape'>\n\t\t\t\t<a data-elementor-open-lightbox=\"yes\" data-elementor-lightbox-slideshow=\"37d7f134\" data-elementor-lightbox-title=\"RAL 6014\" data-e-action-hash=\"#elementor-action%3Aaction%3Dlightbox%26settings%3DeyJpZCI6OTc5NiwidXJsIjoiaHR0cHM6XC9cL2NkbS1va25hLnBsXC93cC1jb250ZW50XC91cGxvYWRzXC8yMDIxXC8xMlwvUkFMLTYwMTQuanBnIiwic2xpZGVzaG93IjoiMzdkN2YxMzQifQ%3D%3D\" href='https:\/\/cdm-okna.pl\/wp-content\/uploads\/2021\/12\/RAL-6014.jpg'><img loading=\"lazy\" decoding=\"async\" width=\"150\" height=\"70\" src=\"https:\/\/cdm-okna.pl\/wp-content\/uploads\/2021\/12\/RAL-6014-150x70.jpg\" class=\"attachment-thumbnail size-thumbnail\" alt=\"Pr\u00f3bka koloru RAL 6014 \u2013 \u017c\u00f3\u0142tozielony\" aria-describedby=\"gallery-6-9796\" \/><\/a>\n\t\t\t<\/div>\n\t\t\t\t<figcaption class='wp-caption-text gallery-caption' id='gallery-6-9796'>\n\t\t\t\tRAL 6014\n\t\t\t\t<\/figcaption><\/figure><figure class='gallery-item'>\n\t\t\t<div class='gallery-icon landscape'>\n\t\t\t\t<a data-elementor-open-lightbox=\"yes\" data-elementor-lightbox-slideshow=\"37d7f134\" data-elementor-lightbox-title=\"RAL 6015\" data-e-action-hash=\"#elementor-action%3Aaction%3Dlightbox%26settings%3DeyJpZCI6OTc5OCwidXJsIjoiaHR0cHM6XC9cL2NkbS1va25hLnBsXC93cC1jb250ZW50XC91cGxvYWRzXC8yMDIxXC8xMlwvUkFMLTYwMTUuanBnIiwic2xpZGVzaG93IjoiMzdkN2YxMzQifQ%3D%3D\" href='https:\/\/cdm-okna.pl\/wp-content\/uploads\/2021\/12\/RAL-6015.jpg'><img loading=\"lazy\" decoding=\"async\" width=\"150\" height=\"70\" src=\"https:\/\/cdm-okna.pl\/wp-content\/uploads\/2021\/12\/RAL-6015-150x70.jpg\" class=\"attachment-thumbnail size-thumbnail\" alt=\"Pr\u00f3bka koloru RAL 6015 \u2013 czarnozielony\" aria-describedby=\"gallery-6-9798\" \/><\/a>\n\t\t\t<\/div>\n\t\t\t\t<figcaption class='wp-caption-text gallery-caption' id='gallery-6-9798'>\n\t\t\t\tRAL 6015\n\t\t\t\t<\/figcaption><\/figure><figure class='gallery-item'>\n\t\t\t<div class='gallery-icon landscape'>\n\t\t\t\t<a data-elementor-open-lightbox=\"yes\" data-elementor-lightbox-slideshow=\"37d7f134\" data-elementor-lightbox-title=\"RAL 6016\" data-e-action-hash=\"#elementor-action%3Aaction%3Dlightbox%26settings%3DeyJpZCI6OTgwMCwidXJsIjoiaHR0cHM6XC9cL2NkbS1va25hLnBsXC93cC1jb250ZW50XC91cGxvYWRzXC8yMDIxXC8xMlwvUkFMLTYwMTYuanBnIiwic2xpZGVzaG93IjoiMzdkN2YxMzQifQ%3D%3D\" href='https:\/\/cdm-okna.pl\/wp-content\/uploads\/2021\/12\/RAL-6016.jpg'><img loading=\"lazy\" decoding=\"async\" width=\"150\" height=\"70\" src=\"https:\/\/cdm-okna.pl\/wp-content\/uploads\/2021\/12\/RAL-6016-150x70.jpg\" class=\"attachment-thumbnail size-thumbnail\" alt=\"Pr\u00f3bka koloru RAL 6016 \u2013 turkusowozielony\" aria-describedby=\"gallery-6-9800\" \/><\/a>\n\t\t\t<\/div>\n\t\t\t\t<figcaption class='wp-caption-text gallery-caption' id='gallery-6-9800'>\n\t\t\t\tRAL 6016\n\t\t\t\t<\/figcaption><\/figure><figure class='gallery-item'>\n\t\t\t<div class='gallery-icon landscape'>\n\t\t\t\t<a data-elementor-open-lightbox=\"yes\" data-elementor-lightbox-slideshow=\"37d7f134\" data-elementor-lightbox-title=\"RAL 6017\" data-e-action-hash=\"#elementor-action%3Aaction%3Dlightbox%26settings%3DeyJpZCI6OTgwMiwidXJsIjoiaHR0cHM6XC9cL2NkbS1va25hLnBsXC93cC1jb250ZW50XC91cGxvYWRzXC8yMDIxXC8xMlwvUkFMLTYwMTcuanBnIiwic2xpZGVzaG93IjoiMzdkN2YxMzQifQ%3D%3D\" href='https:\/\/cdm-okna.pl\/wp-content\/uploads\/2021\/12\/RAL-6017.jpg'><img loading=\"lazy\" decoding=\"async\" width=\"150\" height=\"70\" src=\"https:\/\/cdm-okna.pl\/wp-content\/uploads\/2021\/12\/RAL-6017-150x70.jpg\" class=\"attachment-thumbnail size-thumbnail\" alt=\"Pr\u00f3bka koloru RAL 6017 \u2013 majowozielony\" aria-describedby=\"gallery-6-9802\" \/><\/a>\n\t\t\t<\/div>\n\t\t\t\t<figcaption class='wp-caption-text gallery-caption' id='gallery-6-9802'>\n\t\t\t\tRAL 6017\n\t\t\t\t<\/figcaption><\/figure><figure class='gallery-item'>\n\t\t\t<div class='gallery-icon landscape'>\n\t\t\t\t<a data-elementor-open-lightbox=\"yes\" data-elementor-lightbox-slideshow=\"37d7f134\" data-elementor-lightbox-title=\"RAL 6018\" data-e-action-hash=\"#elementor-action%3Aaction%3Dlightbox%26settings%3DeyJpZCI6OTgwNCwidXJsIjoiaHR0cHM6XC9cL2NkbS1va25hLnBsXC93cC1jb250ZW50XC91cGxvYWRzXC8yMDIxXC8xMlwvUkFMLTYwMTguanBnIiwic2xpZGVzaG93IjoiMzdkN2YxMzQifQ%3D%3D\" href='https:\/\/cdm-okna.pl\/wp-content\/uploads\/2021\/12\/RAL-6018.jpg'><img loading=\"lazy\" decoding=\"async\" width=\"150\" height=\"70\" src=\"https:\/\/cdm-okna.pl\/wp-content\/uploads\/2021\/12\/RAL-6018-150x70.jpg\" class=\"attachment-thumbnail size-thumbnail\" alt=\"Pr\u00f3bka koloru RAL 6024 \u2013 zielony ruchowy\" aria-describedby=\"gallery-6-9804\" \/><\/a>\n\t\t\t<\/div>\n\t\t\t\t<figcaption class='wp-caption-text gallery-caption' id='gallery-6-9804'>\n\t\t\t\tRAL 6018\n\t\t\t\t<\/figcaption><\/figure><figure class='gallery-item'>\n\t\t\t<div class='gallery-icon landscape'>\n\t\t\t\t<a data-elementor-open-lightbox=\"yes\" data-elementor-lightbox-slideshow=\"37d7f134\" data-elementor-lightbox-title=\"RAL 6019\" data-e-action-hash=\"#elementor-action%3Aaction%3Dlightbox%26settings%3DeyJpZCI6OTgwNiwidXJsIjoiaHR0cHM6XC9cL2NkbS1va25hLnBsXC93cC1jb250ZW50XC91cGxvYWRzXC8yMDIxXC8xMlwvUkFMLTYwMTkuanBnIiwic2xpZGVzaG93IjoiMzdkN2YxMzQifQ%3D%3D\" href='https:\/\/cdm-okna.pl\/wp-content\/uploads\/2021\/12\/RAL-6019.jpg'><img loading=\"lazy\" decoding=\"async\" width=\"150\" height=\"70\" src=\"https:\/\/cdm-okna.pl\/wp-content\/uploads\/2021\/12\/RAL-6019-150x70.jpg\" class=\"attachment-thumbnail size-thumbnail\" alt=\"Pr\u00f3bka koloru RAL 6019 \u2013 pastelowozielony\" aria-describedby=\"gallery-6-9806\" \/><\/a>\n\t\t\t<\/div>\n\t\t\t\t<figcaption class='wp-caption-text gallery-caption' id='gallery-6-9806'>\n\t\t\t\tRAL 6019\n\t\t\t\t<\/figcaption><\/figure><figure class='gallery-item'>\n\t\t\t<div class='gallery-icon landscape'>\n\t\t\t\t<a data-elementor-open-lightbox=\"yes\" data-elementor-lightbox-slideshow=\"37d7f134\" data-elementor-lightbox-title=\"RAL 6020\" data-e-action-hash=\"#elementor-action%3Aaction%3Dlightbox%26settings%3DeyJpZCI6OTgwOCwidXJsIjoiaHR0cHM6XC9cL2NkbS1va25hLnBsXC93cC1jb250ZW50XC91cGxvYWRzXC8yMDIxXC8xMlwvUkFMLTYwMjAuanBnIiwic2xpZGVzaG93IjoiMzdkN2YxMzQifQ%3D%3D\" href='https:\/\/cdm-okna.pl\/wp-content\/uploads\/2021\/12\/RAL-6020.jpg'><img loading=\"lazy\" decoding=\"async\" width=\"150\" height=\"70\" src=\"https:\/\/cdm-okna.pl\/wp-content\/uploads\/2021\/12\/RAL-6020-150x70.jpg\" class=\"attachment-thumbnail size-thumbnail\" alt=\"Pr\u00f3bka koloru RAL 6020 \u2013 chromowozielony\" aria-describedby=\"gallery-6-9808\" \/><\/a>\n\t\t\t<\/div>\n\t\t\t\t<figcaption class='wp-caption-text gallery-caption' id='gallery-6-9808'>\n\t\t\t\tRAL 6020\n\t\t\t\t<\/figcaption><\/figure><figure class='gallery-item'>\n\t\t\t<div class='gallery-icon landscape'>\n\t\t\t\t<a data-elementor-open-lightbox=\"yes\" data-elementor-lightbox-slideshow=\"37d7f134\" data-elementor-lightbox-title=\"RAL 6021\" data-e-action-hash=\"#elementor-action%3Aaction%3Dlightbox%26settings%3DeyJpZCI6OTgxMCwidXJsIjoiaHR0cHM6XC9cL2NkbS1va25hLnBsXC93cC1jb250ZW50XC91cGxvYWRzXC8yMDIxXC8xMlwvUkFMLTYwMjEuanBnIiwic2xpZGVzaG93IjoiMzdkN2YxMzQifQ%3D%3D\" href='https:\/\/cdm-okna.pl\/wp-content\/uploads\/2021\/12\/RAL-6021.jpg'><img loading=\"lazy\" decoding=\"async\" width=\"150\" height=\"70\" src=\"https:\/\/cdm-okna.pl\/wp-content\/uploads\/2021\/12\/RAL-6021-150x70.jpg\" class=\"attachment-thumbnail size-thumbnail\" alt=\"Pr\u00f3bka koloru RAL 6021 \u2013 bladorezedowy\" aria-describedby=\"gallery-6-9810\" \/><\/a>\n\t\t\t<\/div>\n\t\t\t\t<figcaption class='wp-caption-text gallery-caption' id='gallery-6-9810'>\n\t\t\t\tRAL 6021\n\t\t\t\t<\/figcaption><\/figure><figure class='gallery-item'>\n\t\t\t<div class='gallery-icon landscape'>\n\t\t\t\t<a data-elementor-open-lightbox=\"yes\" data-elementor-lightbox-slideshow=\"37d7f134\" data-elementor-lightbox-title=\"RAL 6022\" data-e-action-hash=\"#elementor-action%3Aaction%3Dlightbox%26settings%3DeyJpZCI6OTgxMiwidXJsIjoiaHR0cHM6XC9cL2NkbS1va25hLnBsXC93cC1jb250ZW50XC91cGxvYWRzXC8yMDIxXC8xMlwvUkFMLTYwMjIuanBnIiwic2xpZGVzaG93IjoiMzdkN2YxMzQifQ%3D%3D\" href='https:\/\/cdm-okna.pl\/wp-content\/uploads\/2021\/12\/RAL-6022.jpg'><img loading=\"lazy\" decoding=\"async\" width=\"150\" height=\"70\" src=\"https:\/\/cdm-okna.pl\/wp-content\/uploads\/2021\/12\/RAL-6022-150x70.jpg\" class=\"attachment-thumbnail size-thumbnail\" alt=\"Pr\u00f3bka koloru RAL 6022 \u2013 br\u0105zowozielony\" aria-describedby=\"gallery-6-9812\" \/><\/a>\n\t\t\t<\/div>\n\t\t\t\t<figcaption class='wp-caption-text gallery-caption' id='gallery-6-9812'>\n\t\t\t\tRAL 6022\n\t\t\t\t<\/figcaption><\/figure><figure class='gallery-item'>\n\t\t\t<div class='gallery-icon landscape'>\n\t\t\t\t<a data-elementor-open-lightbox=\"yes\" data-elementor-lightbox-slideshow=\"37d7f134\" data-elementor-lightbox-title=\"RAL 6024\" data-e-action-hash=\"#elementor-action%3Aaction%3Dlightbox%26settings%3DeyJpZCI6OTgxNCwidXJsIjoiaHR0cHM6XC9cL2NkbS1va25hLnBsXC93cC1jb250ZW50XC91cGxvYWRzXC8yMDIxXC8xMlwvUkFMLTYwMjQuanBnIiwic2xpZGVzaG93IjoiMzdkN2YxMzQifQ%3D%3D\" href='https:\/\/cdm-okna.pl\/wp-content\/uploads\/2021\/12\/RAL-6024.jpg'><img loading=\"lazy\" decoding=\"async\" width=\"150\" height=\"70\" src=\"https:\/\/cdm-okna.pl\/wp-content\/uploads\/2021\/12\/RAL-6024-150x70.jpg\" class=\"attachment-thumbnail size-thumbnail\" alt=\"Pr\u00f3bka koloru RAL 6025 \u2013 paprociowy zielony\" aria-describedby=\"gallery-6-9814\" \/><\/a>\n\t\t\t<\/div>\n\t\t\t\t<figcaption class='wp-caption-text gallery-caption' id='gallery-6-9814'>\n\t\t\t\tRAL 6024\n\t\t\t\t<\/figcaption><\/figure><figure class='gallery-item'>\n\t\t\t<div class='gallery-icon landscape'>\n\t\t\t\t<a data-elementor-open-lightbox=\"yes\" data-elementor-lightbox-slideshow=\"37d7f134\" data-elementor-lightbox-title=\"RAL 6025\" data-e-action-hash=\"#elementor-action%3Aaction%3Dlightbox%26settings%3DeyJpZCI6OTgxNiwidXJsIjoiaHR0cHM6XC9cL2NkbS1va25hLnBsXC93cC1jb250ZW50XC91cGxvYWRzXC8yMDIxXC8xMlwvUkFMLTYwMjUuanBnIiwic2xpZGVzaG93IjoiMzdkN2YxMzQifQ%3D%3D\" href='https:\/\/cdm-okna.pl\/wp-content\/uploads\/2021\/12\/RAL-6025.jpg'><img loading=\"lazy\" decoding=\"async\" width=\"150\" height=\"70\" src=\"https:\/\/cdm-okna.pl\/wp-content\/uploads\/2021\/12\/RAL-6025-150x70.jpg\" class=\"attachment-thumbnail size-thumbnail\" alt=\"Pr\u00f3bka koloru RAL 6026 \u2013 opalowozielony\" aria-describedby=\"gallery-6-9816\" \/><\/a>\n\t\t\t<\/div>\n\t\t\t\t<figcaption class='wp-caption-text gallery-caption' id='gallery-6-9816'>\n\t\t\t\tRAL 6025\n\t\t\t\t<\/figcaption><\/figure><figure class='gallery-item'>\n\t\t\t<div class='gallery-icon landscape'>\n\t\t\t\t<a data-elementor-open-lightbox=\"yes\" data-elementor-lightbox-slideshow=\"37d7f134\" data-elementor-lightbox-title=\"RAL 6026\" data-e-action-hash=\"#elementor-action%3Aaction%3Dlightbox%26settings%3DeyJpZCI6OTgxOCwidXJsIjoiaHR0cHM6XC9cL2NkbS1va25hLnBsXC93cC1jb250ZW50XC91cGxvYWRzXC8yMDIxXC8xMlwvUkFMLTYwMjYuanBnIiwic2xpZGVzaG93IjoiMzdkN2YxMzQifQ%3D%3D\" href='https:\/\/cdm-okna.pl\/wp-content\/uploads\/2021\/12\/RAL-6026.jpg'><img loading=\"lazy\" decoding=\"async\" width=\"150\" height=\"70\" src=\"https:\/\/cdm-okna.pl\/wp-content\/uploads\/2021\/12\/RAL-6026-150x70.jpg\" class=\"attachment-thumbnail size-thumbnail\" alt=\"Pr\u00f3bka koloru RAL 6019 \u2013 pastelowozielony\" aria-describedby=\"gallery-6-9818\" \/><\/a>\n\t\t\t<\/div>\n\t\t\t\t<figcaption class='wp-caption-text gallery-caption' id='gallery-6-9818'>\n\t\t\t\tRAL 6026\n\t\t\t\t<\/figcaption><\/figure><figure class='gallery-item'>\n\t\t\t<div class='gallery-icon landscape'>\n\t\t\t\t<a data-elementor-open-lightbox=\"yes\" data-elementor-lightbox-slideshow=\"37d7f134\" data-elementor-lightbox-title=\"RAL 6027\" data-e-action-hash=\"#elementor-action%3Aaction%3Dlightbox%26settings%3DeyJpZCI6OTgyMCwidXJsIjoiaHR0cHM6XC9cL2NkbS1va25hLnBsXC93cC1jb250ZW50XC91cGxvYWRzXC8yMDIxXC8xMlwvUkFMLTYwMjcuanBnIiwic2xpZGVzaG93IjoiMzdkN2YxMzQifQ%3D%3D\" href='https:\/\/cdm-okna.pl\/wp-content\/uploads\/2021\/12\/RAL-6027.jpg'><img loading=\"lazy\" decoding=\"async\" width=\"150\" height=\"70\" src=\"https:\/\/cdm-okna.pl\/wp-content\/uploads\/2021\/12\/RAL-6027-150x70.jpg\" class=\"attachment-thumbnail size-thumbnail\" alt=\"Pr\u00f3bka koloru RAL 6027 \u2013 pastelowy turkus\" aria-describedby=\"gallery-6-9820\" \/><\/a>\n\t\t\t<\/div>\n\t\t\t\t<figcaption class='wp-caption-text gallery-caption' id='gallery-6-9820'>\n\t\t\t\tRAL 6027\n\t\t\t\t<\/figcaption><\/figure><figure class='gallery-item'>\n\t\t\t<div class='gallery-icon landscape'>\n\t\t\t\t<a data-elementor-open-lightbox=\"yes\" data-elementor-lightbox-slideshow=\"37d7f134\" data-elementor-lightbox-title=\"RAL 6028\" data-e-action-hash=\"#elementor-action%3Aaction%3Dlightbox%26settings%3DeyJpZCI6OTgyMiwidXJsIjoiaHR0cHM6XC9cL2NkbS1va25hLnBsXC93cC1jb250ZW50XC91cGxvYWRzXC8yMDIxXC8xMlwvUkFMLTYwMjguanBnIiwic2xpZGVzaG93IjoiMzdkN2YxMzQifQ%3D%3D\" href='https:\/\/cdm-okna.pl\/wp-content\/uploads\/2021\/12\/RAL-6028.jpg'><img loading=\"lazy\" decoding=\"async\" width=\"150\" height=\"70\" src=\"https:\/\/cdm-okna.pl\/wp-content\/uploads\/2021\/12\/RAL-6028-150x70.jpg\" class=\"attachment-thumbnail size-thumbnail\" alt=\"Pr\u00f3bka koloru RAL 6028 \u2013 sosnowozielony\" aria-describedby=\"gallery-6-9822\" \/><\/a>\n\t\t\t<\/div>\n\t\t\t\t<figcaption class='wp-caption-text gallery-caption' id='gallery-6-9822'>\n\t\t\t\tRAL 6028\n\t\t\t\t<\/figcaption><\/figure><figure class='gallery-item'>\n\t\t\t<div class='gallery-icon landscape'>\n\t\t\t\t<a data-elementor-open-lightbox=\"yes\" data-elementor-lightbox-slideshow=\"37d7f134\" data-elementor-lightbox-title=\"RAL 6029\" data-e-action-hash=\"#elementor-action%3Aaction%3Dlightbox%26settings%3DeyJpZCI6OTgyNCwidXJsIjoiaHR0cHM6XC9cL2NkbS1va25hLnBsXC93cC1jb250ZW50XC91cGxvYWRzXC8yMDIxXC8xMlwvUkFMLTYwMjkuanBnIiwic2xpZGVzaG93IjoiMzdkN2YxMzQifQ%3D%3D\" href='https:\/\/cdm-okna.pl\/wp-content\/uploads\/2021\/12\/RAL-6029.jpg'><img loading=\"lazy\" decoding=\"async\" width=\"150\" height=\"70\" src=\"https:\/\/cdm-okna.pl\/wp-content\/uploads\/2021\/12\/RAL-6029-150x70.jpg\" class=\"attachment-thumbnail size-thumbnail\" alt=\"Pr\u00f3bka koloru RAL 6029 \u2013 mi\u0119towozielony\" aria-describedby=\"gallery-6-9824\" \/><\/a>\n\t\t\t<\/div>\n\t\t\t\t<figcaption class='wp-caption-text gallery-caption' id='gallery-6-9824'>\n\t\t\t\tRAL 6029\n\t\t\t\t<\/figcaption><\/figure><figure class='gallery-item'>\n\t\t\t<div class='gallery-icon landscape'>\n\t\t\t\t<a data-elementor-open-lightbox=\"yes\" data-elementor-lightbox-slideshow=\"37d7f134\" data-elementor-lightbox-title=\"RAL 6032\" data-e-action-hash=\"#elementor-action%3Aaction%3Dlightbox%26settings%3DeyJpZCI6OTgyNiwidXJsIjoiaHR0cHM6XC9cL2NkbS1va25hLnBsXC93cC1jb250ZW50XC91cGxvYWRzXC8yMDIxXC8xMlwvUkFMLTYwMzIuanBnIiwic2xpZGVzaG93IjoiMzdkN2YxMzQifQ%3D%3D\" href='https:\/\/cdm-okna.pl\/wp-content\/uploads\/2021\/12\/RAL-6032.jpg'><img loading=\"lazy\" decoding=\"async\" width=\"150\" height=\"70\" src=\"https:\/\/cdm-okna.pl\/wp-content\/uploads\/2021\/12\/RAL-6032-150x70.jpg\" class=\"attachment-thumbnail size-thumbnail\" alt=\"Pr\u00f3bka koloru RAL 6032 \u2013 sygna\u0142owy zielony\" aria-describedby=\"gallery-6-9826\" \/><\/a>\n\t\t\t<\/div>\n\t\t\t\t<figcaption class='wp-caption-text gallery-caption' id='gallery-6-9826'>\n\t\t\t\tRAL 6032\n\t\t\t\t<\/figcaption><\/figure><figure class='gallery-item'>\n\t\t\t<div class='gallery-icon landscape'>\n\t\t\t\t<a data-elementor-open-lightbox=\"yes\" data-elementor-lightbox-slideshow=\"37d7f134\" data-elementor-lightbox-title=\"RAL 6033\" data-e-action-hash=\"#elementor-action%3Aaction%3Dlightbox%26settings%3DeyJpZCI6OTgyOCwidXJsIjoiaHR0cHM6XC9cL2NkbS1va25hLnBsXC93cC1jb250ZW50XC91cGxvYWRzXC8yMDIxXC8xMlwvUkFMLTYwMzMuanBnIiwic2xpZGVzaG93IjoiMzdkN2YxMzQifQ%3D%3D\" href='https:\/\/cdm-okna.pl\/wp-content\/uploads\/2021\/12\/RAL-6033.jpg'><img loading=\"lazy\" decoding=\"async\" width=\"150\" height=\"70\" src=\"https:\/\/cdm-okna.pl\/wp-content\/uploads\/2021\/12\/RAL-6033-150x70.jpg\" class=\"attachment-thumbnail size-thumbnail\" alt=\"Pr\u00f3bka koloru RAL 6033 \u2013 mi\u0119towy turkus\" aria-describedby=\"gallery-6-9828\" \/><\/a>\n\t\t\t<\/div>\n\t\t\t\t<figcaption class='wp-caption-text gallery-caption' id='gallery-6-9828'>\n\t\t\t\tRAL 6033\n\t\t\t\t<\/figcaption><\/figure><figure class='gallery-item'>\n\t\t\t<div class='gallery-icon landscape'>\n\t\t\t\t<a data-elementor-open-lightbox=\"yes\" data-elementor-lightbox-slideshow=\"37d7f134\" data-elementor-lightbox-title=\"RAL 6034\" data-e-action-hash=\"#elementor-action%3Aaction%3Dlightbox%26settings%3DeyJpZCI6OTgzMCwidXJsIjoiaHR0cHM6XC9cL2NkbS1va25hLnBsXC93cC1jb250ZW50XC91cGxvYWRzXC8yMDIxXC8xMlwvUkFMLTYwMzQuanBnIiwic2xpZGVzaG93IjoiMzdkN2YxMzQifQ%3D%3D\" href='https:\/\/cdm-okna.pl\/wp-content\/uploads\/2021\/12\/RAL-6034.jpg'><img loading=\"lazy\" decoding=\"async\" width=\"150\" height=\"70\" src=\"https:\/\/cdm-okna.pl\/wp-content\/uploads\/2021\/12\/RAL-6034-150x70.jpg\" class=\"attachment-thumbnail size-thumbnail\" alt=\"Pr\u00f3bka koloru RAL 6034 \u2013 pastelowy turkus jasny\" aria-describedby=\"gallery-6-9830\" \/><\/a>\n\t\t\t<\/div>\n\t\t\t\t<figcaption class='wp-caption-text gallery-caption' id='gallery-6-9830'>\n\t\t\t\tRAL 6034\n\t\t\t\t<\/figcaption><\/figure><figure class='gallery-item'>\n\t\t\t<div class='gallery-icon landscape'>\n\t\t\t\t<a data-elementor-open-lightbox=\"yes\" data-elementor-lightbox-slideshow=\"37d7f134\" data-elementor-lightbox-title=\"RAL 7000\" data-e-action-hash=\"#elementor-action%3Aaction%3Dlightbox%26settings%3DeyJpZCI6OTgzMiwidXJsIjoiaHR0cHM6XC9cL2NkbS1va25hLnBsXC93cC1jb250ZW50XC91cGxvYWRzXC8yMDIxXC8xMlwvUkFMLTcwMDAuanBnIiwic2xpZGVzaG93IjoiMzdkN2YxMzQifQ%3D%3D\" href='https:\/\/cdm-okna.pl\/wp-content\/uploads\/2021\/12\/RAL-7000.jpg'><img loading=\"lazy\" decoding=\"async\" width=\"150\" height=\"70\" src=\"https:\/\/cdm-okna.pl\/wp-content\/uploads\/2021\/12\/RAL-7000-150x70.jpg\" class=\"attachment-thumbnail size-thumbnail\" alt=\"Pr\u00f3bka koloru RAL 7000 \u2013 niebieskoszary\" aria-describedby=\"gallery-6-9832\" \/><\/a>\n\t\t\t<\/div>\n\t\t\t\t<figcaption class='wp-caption-text gallery-caption' id='gallery-6-9832'>\n\t\t\t\tRAL 7000\n\t\t\t\t<\/figcaption><\/figure><figure class='gallery-item'>\n\t\t\t<div class='gallery-icon landscape'>\n\t\t\t\t<a data-elementor-open-lightbox=\"yes\" data-elementor-lightbox-slideshow=\"37d7f134\" data-elementor-lightbox-title=\"RAL 7001\" data-e-action-hash=\"#elementor-action%3Aaction%3Dlightbox%26settings%3DeyJpZCI6OTgzNCwidXJsIjoiaHR0cHM6XC9cL2NkbS1va25hLnBsXC93cC1jb250ZW50XC91cGxvYWRzXC8yMDIxXC8xMlwvUkFMLTcwMDEuanBnIiwic2xpZGVzaG93IjoiMzdkN2YxMzQifQ%3D%3D\" href='https:\/\/cdm-okna.pl\/wp-content\/uploads\/2021\/12\/RAL-7001.jpg'><img loading=\"lazy\" decoding=\"async\" width=\"150\" height=\"70\" src=\"https:\/\/cdm-okna.pl\/wp-content\/uploads\/2021\/12\/RAL-7001-150x70.jpg\" class=\"attachment-thumbnail size-thumbnail\" alt=\"Pr\u00f3bka koloru RAL 7001 \u2013 srebrnoszary\" aria-describedby=\"gallery-6-9834\" \/><\/a>\n\t\t\t<\/div>\n\t\t\t\t<figcaption class='wp-caption-text gallery-caption' id='gallery-6-9834'>\n\t\t\t\tRAL 7001\n\t\t\t\t<\/figcaption><\/figure><figure class='gallery-item'>\n\t\t\t<div class='gallery-icon landscape'>\n\t\t\t\t<a data-elementor-open-lightbox=\"yes\" data-elementor-lightbox-slideshow=\"37d7f134\" data-elementor-lightbox-title=\"RAL 7002\" data-e-action-hash=\"#elementor-action%3Aaction%3Dlightbox%26settings%3DeyJpZCI6OTgzNiwidXJsIjoiaHR0cHM6XC9cL2NkbS1va25hLnBsXC93cC1jb250ZW50XC91cGxvYWRzXC8yMDIxXC8xMlwvUkFMLTcwMDIuanBnIiwic2xpZGVzaG93IjoiMzdkN2YxMzQifQ%3D%3D\" href='https:\/\/cdm-okna.pl\/wp-content\/uploads\/2021\/12\/RAL-7002.jpg'><img loading=\"lazy\" decoding=\"async\" width=\"150\" height=\"70\" src=\"https:\/\/cdm-okna.pl\/wp-content\/uploads\/2021\/12\/RAL-7002-150x70.jpg\" class=\"attachment-thumbnail size-thumbnail\" alt=\"Pr\u00f3bka koloru RAL 7002 \u2013 oliwkowoszary\" aria-describedby=\"gallery-6-9836\" \/><\/a>\n\t\t\t<\/div>\n\t\t\t\t<figcaption class='wp-caption-text gallery-caption' id='gallery-6-9836'>\n\t\t\t\tRAL 7002\n\t\t\t\t<\/figcaption><\/figure><figure class='gallery-item'>\n\t\t\t<div class='gallery-icon landscape'>\n\t\t\t\t<a data-elementor-open-lightbox=\"yes\" data-elementor-lightbox-slideshow=\"37d7f134\" data-elementor-lightbox-title=\"RAL 7003\" data-e-action-hash=\"#elementor-action%3Aaction%3Dlightbox%26settings%3DeyJpZCI6OTgzOCwidXJsIjoiaHR0cHM6XC9cL2NkbS1va25hLnBsXC93cC1jb250ZW50XC91cGxvYWRzXC8yMDIxXC8xMlwvUkFMLTcwMDMuanBnIiwic2xpZGVzaG93IjoiMzdkN2YxMzQifQ%3D%3D\" href='https:\/\/cdm-okna.pl\/wp-content\/uploads\/2021\/12\/RAL-7003.jpg'><img loading=\"lazy\" decoding=\"async\" width=\"150\" height=\"70\" src=\"https:\/\/cdm-okna.pl\/wp-content\/uploads\/2021\/12\/RAL-7003-150x70.jpg\" class=\"attachment-thumbnail size-thumbnail\" alt=\"Pr\u00f3bka koloru RAL 7003 \u2013 mechowoszary\" aria-describedby=\"gallery-6-9838\" \/><\/a>\n\t\t\t<\/div>\n\t\t\t\t<figcaption class='wp-caption-text gallery-caption' id='gallery-6-9838'>\n\t\t\t\tRAL 7003\n\t\t\t\t<\/figcaption><\/figure><figure class='gallery-item'>\n\t\t\t<div class='gallery-icon landscape'>\n\t\t\t\t<a data-elementor-open-lightbox=\"yes\" data-elementor-lightbox-slideshow=\"37d7f134\" data-elementor-lightbox-title=\"RAL 7004\" data-e-action-hash=\"#elementor-action%3Aaction%3Dlightbox%26settings%3DeyJpZCI6OTg0MCwidXJsIjoiaHR0cHM6XC9cL2NkbS1va25hLnBsXC93cC1jb250ZW50XC91cGxvYWRzXC8yMDIxXC8xMlwvUkFMLTcwMDQuanBnIiwic2xpZGVzaG93IjoiMzdkN2YxMzQifQ%3D%3D\" href='https:\/\/cdm-okna.pl\/wp-content\/uploads\/2021\/12\/RAL-7004.jpg'><img loading=\"lazy\" decoding=\"async\" width=\"150\" height=\"70\" src=\"https:\/\/cdm-okna.pl\/wp-content\/uploads\/2021\/12\/RAL-7004-150x70.jpg\" class=\"attachment-thumbnail size-thumbnail\" alt=\"Pr\u00f3bka koloru RAL 7004 \u2013 sygna\u0142owy szary\" aria-describedby=\"gallery-6-9840\" \/><\/a>\n\t\t\t<\/div>\n\t\t\t\t<figcaption class='wp-caption-text gallery-caption' id='gallery-6-9840'>\n\t\t\t\tRAL 7004\n\t\t\t\t<\/figcaption><\/figure><figure class='gallery-item'>\n\t\t\t<div class='gallery-icon landscape'>\n\t\t\t\t<a data-elementor-open-lightbox=\"yes\" data-elementor-lightbox-slideshow=\"37d7f134\" data-elementor-lightbox-title=\"RAL 7005\" data-e-action-hash=\"#elementor-action%3Aaction%3Dlightbox%26settings%3DeyJpZCI6OTg0MiwidXJsIjoiaHR0cHM6XC9cL2NkbS1va25hLnBsXC93cC1jb250ZW50XC91cGxvYWRzXC8yMDIxXC8xMlwvUkFMLTcwMDUuanBnIiwic2xpZGVzaG93IjoiMzdkN2YxMzQifQ%3D%3D\" href='https:\/\/cdm-okna.pl\/wp-content\/uploads\/2021\/12\/RAL-7005.jpg'><img loading=\"lazy\" decoding=\"async\" width=\"150\" height=\"70\" src=\"https:\/\/cdm-okna.pl\/wp-content\/uploads\/2021\/12\/RAL-7005-150x70.jpg\" class=\"attachment-thumbnail size-thumbnail\" alt=\"Pr\u00f3bka koloru RAL 7005 \u2013 mysioszary\" aria-describedby=\"gallery-6-9842\" \/><\/a>\n\t\t\t<\/div>\n\t\t\t\t<figcaption class='wp-caption-text gallery-caption' id='gallery-6-9842'>\n\t\t\t\tRAL 7005\n\t\t\t\t<\/figcaption><\/figure><figure class='gallery-item'>\n\t\t\t<div class='gallery-icon landscape'>\n\t\t\t\t<a data-elementor-open-lightbox=\"yes\" data-elementor-lightbox-slideshow=\"37d7f134\" data-elementor-lightbox-title=\"RAL 7006\" data-e-action-hash=\"#elementor-action%3Aaction%3Dlightbox%26settings%3DeyJpZCI6OTg0NCwidXJsIjoiaHR0cHM6XC9cL2NkbS1va25hLnBsXC93cC1jb250ZW50XC91cGxvYWRzXC8yMDIxXC8xMlwvUkFMLTcwMDYuanBnIiwic2xpZGVzaG93IjoiMzdkN2YxMzQifQ%3D%3D\" href='https:\/\/cdm-okna.pl\/wp-content\/uploads\/2021\/12\/RAL-7006.jpg'><img loading=\"lazy\" decoding=\"async\" width=\"150\" height=\"70\" src=\"https:\/\/cdm-okna.pl\/wp-content\/uploads\/2021\/12\/RAL-7006-150x70.jpg\" class=\"attachment-thumbnail size-thumbnail\" alt=\"Pr\u00f3bka koloru RAL 7006 \u2013 be\u017cowoszary\" aria-describedby=\"gallery-6-9844\" \/><\/a>\n\t\t\t<\/div>\n\t\t\t\t<figcaption class='wp-caption-text gallery-caption' id='gallery-6-9844'>\n\t\t\t\tRAL 7006\n\t\t\t\t<\/figcaption><\/figure><figure class='gallery-item'>\n\t\t\t<div class='gallery-icon landscape'>\n\t\t\t\t<a data-elementor-open-lightbox=\"yes\" data-elementor-lightbox-slideshow=\"37d7f134\" data-elementor-lightbox-title=\"RAL 7008\" data-e-action-hash=\"#elementor-action%3Aaction%3Dlightbox%26settings%3DeyJpZCI6OTg0NiwidXJsIjoiaHR0cHM6XC9cL2NkbS1va25hLnBsXC93cC1jb250ZW50XC91cGxvYWRzXC8yMDIxXC8xMlwvUkFMLTcwMDguanBnIiwic2xpZGVzaG93IjoiMzdkN2YxMzQifQ%3D%3D\" href='https:\/\/cdm-okna.pl\/wp-content\/uploads\/2021\/12\/RAL-7008.jpg'><img loading=\"lazy\" decoding=\"async\" width=\"150\" height=\"70\" src=\"https:\/\/cdm-okna.pl\/wp-content\/uploads\/2021\/12\/RAL-7008-150x70.jpg\" class=\"attachment-thumbnail size-thumbnail\" alt=\"Pr\u00f3bka koloru RAL 7008 \u2013 khaki szary\" aria-describedby=\"gallery-6-9846\" \/><\/a>\n\t\t\t<\/div>\n\t\t\t\t<figcaption class='wp-caption-text gallery-caption' id='gallery-6-9846'>\n\t\t\t\tRAL 7008\n\t\t\t\t<\/figcaption><\/figure><figure class='gallery-item'>\n\t\t\t<div class='gallery-icon landscape'>\n\t\t\t\t<a data-elementor-open-lightbox=\"yes\" data-elementor-lightbox-slideshow=\"37d7f134\" data-elementor-lightbox-title=\"RAL 7009\" data-e-action-hash=\"#elementor-action%3Aaction%3Dlightbox%26settings%3DeyJpZCI6OTg0OCwidXJsIjoiaHR0cHM6XC9cL2NkbS1va25hLnBsXC93cC1jb250ZW50XC91cGxvYWRzXC8yMDIxXC8xMlwvUkFMLTcwMDkuanBnIiwic2xpZGVzaG93IjoiMzdkN2YxMzQifQ%3D%3D\" href='https:\/\/cdm-okna.pl\/wp-content\/uploads\/2021\/12\/RAL-7009.jpg'><img loading=\"lazy\" decoding=\"async\" width=\"150\" height=\"70\" src=\"https:\/\/cdm-okna.pl\/wp-content\/uploads\/2021\/12\/RAL-7009-150x70.jpg\" class=\"attachment-thumbnail size-thumbnail\" alt=\"Pr\u00f3bka koloru RAL 7009 \u2013 zielonoszary\" aria-describedby=\"gallery-6-9848\" \/><\/a>\n\t\t\t<\/div>\n\t\t\t\t<figcaption class='wp-caption-text gallery-caption' id='gallery-6-9848'>\n\t\t\t\tRAL 7009\n\t\t\t\t<\/figcaption><\/figure><figure class='gallery-item'>\n\t\t\t<div class='gallery-icon landscape'>\n\t\t\t\t<a data-elementor-open-lightbox=\"yes\" data-elementor-lightbox-slideshow=\"37d7f134\" data-elementor-lightbox-title=\"RAL 7010\" data-e-action-hash=\"#elementor-action%3Aaction%3Dlightbox%26settings%3DeyJpZCI6OTg1MCwidXJsIjoiaHR0cHM6XC9cL2NkbS1va25hLnBsXC93cC1jb250ZW50XC91cGxvYWRzXC8yMDIxXC8xMlwvUkFMLTcwMTAuanBnIiwic2xpZGVzaG93IjoiMzdkN2YxMzQifQ%3D%3D\" href='https:\/\/cdm-okna.pl\/wp-content\/uploads\/2021\/12\/RAL-7010.jpg'><img loading=\"lazy\" decoding=\"async\" width=\"150\" height=\"70\" src=\"https:\/\/cdm-okna.pl\/wp-content\/uploads\/2021\/12\/RAL-7010-150x70.jpg\" class=\"attachment-thumbnail size-thumbnail\" alt=\"Pr\u00f3bka koloru RAL 7010 \u2013 ciemnozielonoszary\" aria-describedby=\"gallery-6-9850\" \/><\/a>\n\t\t\t<\/div>\n\t\t\t\t<figcaption class='wp-caption-text gallery-caption' id='gallery-6-9850'>\n\t\t\t\tRAL 7010\n\t\t\t\t<\/figcaption><\/figure><figure class='gallery-item'>\n\t\t\t<div class='gallery-icon landscape'>\n\t\t\t\t<a data-elementor-open-lightbox=\"yes\" data-elementor-lightbox-slideshow=\"37d7f134\" data-elementor-lightbox-title=\"RAL 7011\" data-e-action-hash=\"#elementor-action%3Aaction%3Dlightbox%26settings%3DeyJpZCI6OTg1MiwidXJsIjoiaHR0cHM6XC9cL2NkbS1va25hLnBsXC93cC1jb250ZW50XC91cGxvYWRzXC8yMDIxXC8xMlwvUkFMLTcwMTEuanBnIiwic2xpZGVzaG93IjoiMzdkN2YxMzQifQ%3D%3D\" href='https:\/\/cdm-okna.pl\/wp-content\/uploads\/2021\/12\/RAL-7011.jpg'><img loading=\"lazy\" decoding=\"async\" width=\"150\" height=\"70\" src=\"https:\/\/cdm-okna.pl\/wp-content\/uploads\/2021\/12\/RAL-7011-150x70.jpg\" class=\"attachment-thumbnail size-thumbnail\" alt=\"Pr\u00f3bka koloru RAL 7011 \u2013 stalowoszary\" aria-describedby=\"gallery-6-9852\" \/><\/a>\n\t\t\t<\/div>\n\t\t\t\t<figcaption class='wp-caption-text gallery-caption' id='gallery-6-9852'>\n\t\t\t\tRAL 7011\n\t\t\t\t<\/figcaption><\/figure><figure class='gallery-item'>\n\t\t\t<div class='gallery-icon landscape'>\n\t\t\t\t<a data-elementor-open-lightbox=\"yes\" data-elementor-lightbox-slideshow=\"37d7f134\" data-elementor-lightbox-title=\"RAL 7012\" data-e-action-hash=\"#elementor-action%3Aaction%3Dlightbox%26settings%3DeyJpZCI6OTg1NCwidXJsIjoiaHR0cHM6XC9cL2NkbS1va25hLnBsXC93cC1jb250ZW50XC91cGxvYWRzXC8yMDIxXC8xMlwvUkFMLTcwMTIuanBnIiwic2xpZGVzaG93IjoiMzdkN2YxMzQifQ%3D%3D\" href='https:\/\/cdm-okna.pl\/wp-content\/uploads\/2021\/12\/RAL-7012.jpg'><img loading=\"lazy\" decoding=\"async\" width=\"150\" height=\"70\" src=\"https:\/\/cdm-okna.pl\/wp-content\/uploads\/2021\/12\/RAL-7012-150x70.jpg\" class=\"attachment-thumbnail size-thumbnail\" alt=\"Pr\u00f3bka koloru RAL 7012 \u2013 bazaltowoszary\" aria-describedby=\"gallery-6-9854\" \/><\/a>\n\t\t\t<\/div>\n\t\t\t\t<figcaption class='wp-caption-text gallery-caption' id='gallery-6-9854'>\n\t\t\t\tRAL 7012\n\t\t\t\t<\/figcaption><\/figure><figure class='gallery-item'>\n\t\t\t<div class='gallery-icon landscape'>\n\t\t\t\t<a data-elementor-open-lightbox=\"yes\" data-elementor-lightbox-slideshow=\"37d7f134\" data-elementor-lightbox-title=\"RAL 7013\" data-e-action-hash=\"#elementor-action%3Aaction%3Dlightbox%26settings%3DeyJpZCI6OTg1NiwidXJsIjoiaHR0cHM6XC9cL2NkbS1va25hLnBsXC93cC1jb250ZW50XC91cGxvYWRzXC8yMDIxXC8xMlwvUkFMLTcwMTMuanBnIiwic2xpZGVzaG93IjoiMzdkN2YxMzQifQ%3D%3D\" href='https:\/\/cdm-okna.pl\/wp-content\/uploads\/2021\/12\/RAL-7013.jpg'><img loading=\"lazy\" decoding=\"async\" width=\"150\" height=\"70\" src=\"https:\/\/cdm-okna.pl\/wp-content\/uploads\/2021\/12\/RAL-7013-150x70.jpg\" class=\"attachment-thumbnail size-thumbnail\" alt=\"Pr\u00f3bka koloru RAL 7013 \u2013 br\u0105zowoszary\" aria-describedby=\"gallery-6-9856\" \/><\/a>\n\t\t\t<\/div>\n\t\t\t\t<figcaption class='wp-caption-text gallery-caption' id='gallery-6-9856'>\n\t\t\t\tRAL 7013\n\t\t\t\t<\/figcaption><\/figure><figure class='gallery-item'>\n\t\t\t<div class='gallery-icon landscape'>\n\t\t\t\t<a data-elementor-open-lightbox=\"yes\" data-elementor-lightbox-slideshow=\"37d7f134\" data-elementor-lightbox-title=\"RAL 7015\" data-e-action-hash=\"#elementor-action%3Aaction%3Dlightbox%26settings%3DeyJpZCI6OTg1OCwidXJsIjoiaHR0cHM6XC9cL2NkbS1va25hLnBsXC93cC1jb250ZW50XC91cGxvYWRzXC8yMDIxXC8xMlwvUkFMLTcwMTUuanBnIiwic2xpZGVzaG93IjoiMzdkN2YxMzQifQ%3D%3D\" href='https:\/\/cdm-okna.pl\/wp-content\/uploads\/2021\/12\/RAL-7015.jpg'><img loading=\"lazy\" decoding=\"async\" width=\"150\" height=\"70\" src=\"https:\/\/cdm-okna.pl\/wp-content\/uploads\/2021\/12\/RAL-7015-150x70.jpg\" class=\"attachment-thumbnail size-thumbnail\" alt=\"Pr\u00f3bka koloru RAL 7015 \u2013 \u0142upkowoszary\" aria-describedby=\"gallery-6-9858\" \/><\/a>\n\t\t\t<\/div>\n\t\t\t\t<figcaption class='wp-caption-text gallery-caption' id='gallery-6-9858'>\n\t\t\t\tRAL 7015\n\t\t\t\t<\/figcaption><\/figure><figure class='gallery-item'>\n\t\t\t<div class='gallery-icon landscape'>\n\t\t\t\t<a data-elementor-open-lightbox=\"yes\" data-elementor-lightbox-slideshow=\"37d7f134\" data-elementor-lightbox-title=\"RAL 7016\" data-e-action-hash=\"#elementor-action%3Aaction%3Dlightbox%26settings%3DeyJpZCI6OTg2MCwidXJsIjoiaHR0cHM6XC9cL2NkbS1va25hLnBsXC93cC1jb250ZW50XC91cGxvYWRzXC8yMDIxXC8xMlwvUkFMLTcwMTYuanBnIiwic2xpZGVzaG93IjoiMzdkN2YxMzQifQ%3D%3D\" href='https:\/\/cdm-okna.pl\/wp-content\/uploads\/2021\/12\/RAL-7016.jpg'><img loading=\"lazy\" decoding=\"async\" width=\"150\" height=\"70\" src=\"https:\/\/cdm-okna.pl\/wp-content\/uploads\/2021\/12\/RAL-7016-150x70.jpg\" class=\"attachment-thumbnail size-thumbnail\" alt=\"Pr\u00f3bka koloru RAL 7016 \u2013 antracytowy szary\" aria-describedby=\"gallery-6-9860\" \/><\/a>\n\t\t\t<\/div>\n\t\t\t\t<figcaption class='wp-caption-text gallery-caption' id='gallery-6-9860'>\n\t\t\t\tRAL 7016\n\t\t\t\t<\/figcaption><\/figure><figure class='gallery-item'>\n\t\t\t<div class='gallery-icon landscape'>\n\t\t\t\t<a data-elementor-open-lightbox=\"yes\" data-elementor-lightbox-slideshow=\"37d7f134\" data-elementor-lightbox-title=\"RAL 7021\" data-e-action-hash=\"#elementor-action%3Aaction%3Dlightbox%26settings%3DeyJpZCI6OTg2MiwidXJsIjoiaHR0cHM6XC9cL2NkbS1va25hLnBsXC93cC1jb250ZW50XC91cGxvYWRzXC8yMDIxXC8xMlwvUkFMLTcwMjEuanBnIiwic2xpZGVzaG93IjoiMzdkN2YxMzQifQ%3D%3D\" href='https:\/\/cdm-okna.pl\/wp-content\/uploads\/2021\/12\/RAL-7021.jpg'><img loading=\"lazy\" decoding=\"async\" width=\"150\" height=\"70\" src=\"https:\/\/cdm-okna.pl\/wp-content\/uploads\/2021\/12\/RAL-7021-150x70.jpg\" class=\"attachment-thumbnail size-thumbnail\" alt=\"Pr\u00f3bka koloru RAL 7021 \u2013 czarnoszary\" aria-describedby=\"gallery-6-9862\" \/><\/a>\n\t\t\t<\/div>\n\t\t\t\t<figcaption class='wp-caption-text gallery-caption' id='gallery-6-9862'>\n\t\t\t\tRAL 7021\n\t\t\t\t<\/figcaption><\/figure><figure class='gallery-item'>\n\t\t\t<div class='gallery-icon landscape'>\n\t\t\t\t<a data-elementor-open-lightbox=\"yes\" data-elementor-lightbox-slideshow=\"37d7f134\" data-elementor-lightbox-title=\"RAL 7022\" data-e-action-hash=\"#elementor-action%3Aaction%3Dlightbox%26settings%3DeyJpZCI6OTg2NCwidXJsIjoiaHR0cHM6XC9cL2NkbS1va25hLnBsXC93cC1jb250ZW50XC91cGxvYWRzXC8yMDIxXC8xMlwvUkFMLTcwMjIuanBnIiwic2xpZGVzaG93IjoiMzdkN2YxMzQifQ%3D%3D\" href='https:\/\/cdm-okna.pl\/wp-content\/uploads\/2021\/12\/RAL-7022.jpg'><img loading=\"lazy\" decoding=\"async\" width=\"150\" height=\"70\" src=\"https:\/\/cdm-okna.pl\/wp-content\/uploads\/2021\/12\/RAL-7022-150x70.jpg\" class=\"attachment-thumbnail size-thumbnail\" alt=\"Pr\u00f3bka koloru RAL 7022 \u2013 ciemnoszary\" aria-describedby=\"gallery-6-9864\" \/><\/a>\n\t\t\t<\/div>\n\t\t\t\t<figcaption class='wp-caption-text gallery-caption' id='gallery-6-9864'>\n\t\t\t\tRAL 7022\n\t\t\t\t<\/figcaption><\/figure><figure class='gallery-item'>\n\t\t\t<div class='gallery-icon landscape'>\n\t\t\t\t<a data-elementor-open-lightbox=\"yes\" data-elementor-lightbox-slideshow=\"37d7f134\" data-elementor-lightbox-title=\"RAL 7023\" data-e-action-hash=\"#elementor-action%3Aaction%3Dlightbox%26settings%3DeyJpZCI6OTg2NiwidXJsIjoiaHR0cHM6XC9cL2NkbS1va25hLnBsXC93cC1jb250ZW50XC91cGxvYWRzXC8yMDIxXC8xMlwvUkFMLTcwMjMuanBnIiwic2xpZGVzaG93IjoiMzdkN2YxMzQifQ%3D%3D\" href='https:\/\/cdm-okna.pl\/wp-content\/uploads\/2021\/12\/RAL-7023.jpg'><img loading=\"lazy\" decoding=\"async\" width=\"150\" height=\"70\" src=\"https:\/\/cdm-okna.pl\/wp-content\/uploads\/2021\/12\/RAL-7023-150x70.jpg\" class=\"attachment-thumbnail size-thumbnail\" alt=\"Pr\u00f3bka koloru RAL 7023 \u2013 betonowoszary\" aria-describedby=\"gallery-6-9866\" \/><\/a>\n\t\t\t<\/div>\n\t\t\t\t<figcaption class='wp-caption-text gallery-caption' id='gallery-6-9866'>\n\t\t\t\tRAL 7023\n\t\t\t\t<\/figcaption><\/figure><figure class='gallery-item'>\n\t\t\t<div class='gallery-icon landscape'>\n\t\t\t\t<a data-elementor-open-lightbox=\"yes\" data-elementor-lightbox-slideshow=\"37d7f134\" data-elementor-lightbox-title=\"RAL 7024\" data-e-action-hash=\"#elementor-action%3Aaction%3Dlightbox%26settings%3DeyJpZCI6OTg2OCwidXJsIjoiaHR0cHM6XC9cL2NkbS1va25hLnBsXC93cC1jb250ZW50XC91cGxvYWRzXC8yMDIxXC8xMlwvUkFMLTcwMjQuanBnIiwic2xpZGVzaG93IjoiMzdkN2YxMzQifQ%3D%3D\" href='https:\/\/cdm-okna.pl\/wp-content\/uploads\/2021\/12\/RAL-7024.jpg'><img loading=\"lazy\" decoding=\"async\" width=\"150\" height=\"70\" src=\"https:\/\/cdm-okna.pl\/wp-content\/uploads\/2021\/12\/RAL-7024-150x70.jpg\" class=\"attachment-thumbnail size-thumbnail\" alt=\"Pr\u00f3bka koloru RAL 7024 \u2013 grafitowoszary\" aria-describedby=\"gallery-6-9868\" \/><\/a>\n\t\t\t<\/div>\n\t\t\t\t<figcaption class='wp-caption-text gallery-caption' id='gallery-6-9868'>\n\t\t\t\tRAL 7024\n\t\t\t\t<\/figcaption><\/figure><figure class='gallery-item'>\n\t\t\t<div class='gallery-icon landscape'>\n\t\t\t\t<a data-elementor-open-lightbox=\"yes\" data-elementor-lightbox-slideshow=\"37d7f134\" data-elementor-lightbox-title=\"RAL 7026\" data-e-action-hash=\"#elementor-action%3Aaction%3Dlightbox%26settings%3DeyJpZCI6OTg3MCwidXJsIjoiaHR0cHM6XC9cL2NkbS1va25hLnBsXC93cC1jb250ZW50XC91cGxvYWRzXC8yMDIxXC8xMlwvUkFMLTcwMjYuanBnIiwic2xpZGVzaG93IjoiMzdkN2YxMzQifQ%3D%3D\" href='https:\/\/cdm-okna.pl\/wp-content\/uploads\/2021\/12\/RAL-7026.jpg'><img loading=\"lazy\" decoding=\"async\" width=\"150\" height=\"70\" src=\"https:\/\/cdm-okna.pl\/wp-content\/uploads\/2021\/12\/RAL-7026-150x70.jpg\" class=\"attachment-thumbnail size-thumbnail\" alt=\"Pr\u00f3bka koloru RAL 7026 \u2013 granitowoszary\" aria-describedby=\"gallery-6-9870\" \/><\/a>\n\t\t\t<\/div>\n\t\t\t\t<figcaption class='wp-caption-text gallery-caption' id='gallery-6-9870'>\n\t\t\t\tRAL 7026\n\t\t\t\t<\/figcaption><\/figure><figure class='gallery-item'>\n\t\t\t<div class='gallery-icon landscape'>\n\t\t\t\t<a data-elementor-open-lightbox=\"yes\" data-elementor-lightbox-slideshow=\"37d7f134\" data-elementor-lightbox-title=\"RAL 7030\" data-e-action-hash=\"#elementor-action%3Aaction%3Dlightbox%26settings%3DeyJpZCI6OTg3MiwidXJsIjoiaHR0cHM6XC9cL2NkbS1va25hLnBsXC93cC1jb250ZW50XC91cGxvYWRzXC8yMDIxXC8xMlwvUkFMLTcwMzAuanBnIiwic2xpZGVzaG93IjoiMzdkN2YxMzQifQ%3D%3D\" href='https:\/\/cdm-okna.pl\/wp-content\/uploads\/2021\/12\/RAL-7030.jpg'><img loading=\"lazy\" decoding=\"async\" width=\"150\" height=\"70\" src=\"https:\/\/cdm-okna.pl\/wp-content\/uploads\/2021\/12\/RAL-7030-150x70.jpg\" class=\"attachment-thumbnail size-thumbnail\" alt=\"Pr\u00f3bka koloru RAL 7030 \u2013 kamiennoszary\" aria-describedby=\"gallery-6-9872\" \/><\/a>\n\t\t\t<\/div>\n\t\t\t\t<figcaption class='wp-caption-text gallery-caption' id='gallery-6-9872'>\n\t\t\t\tRAL 7030\n\t\t\t\t<\/figcaption><\/figure><figure class='gallery-item'>\n\t\t\t<div class='gallery-icon landscape'>\n\t\t\t\t<a data-elementor-open-lightbox=\"yes\" data-elementor-lightbox-slideshow=\"37d7f134\" data-elementor-lightbox-title=\"RAL 7031\" data-e-action-hash=\"#elementor-action%3Aaction%3Dlightbox%26settings%3DeyJpZCI6OTg3NCwidXJsIjoiaHR0cHM6XC9cL2NkbS1va25hLnBsXC93cC1jb250ZW50XC91cGxvYWRzXC8yMDIxXC8xMlwvUkFMLTcwMzEuanBnIiwic2xpZGVzaG93IjoiMzdkN2YxMzQifQ%3D%3D\" href='https:\/\/cdm-okna.pl\/wp-content\/uploads\/2021\/12\/RAL-7031.jpg'><img loading=\"lazy\" decoding=\"async\" width=\"150\" height=\"70\" src=\"https:\/\/cdm-okna.pl\/wp-content\/uploads\/2021\/12\/RAL-7031-150x70.jpg\" class=\"attachment-thumbnail size-thumbnail\" alt=\"Pr\u00f3bka koloru RAL 7031 \u2013 niebieskoszary stalowy\" aria-describedby=\"gallery-6-9874\" \/><\/a>\n\t\t\t<\/div>\n\t\t\t\t<figcaption class='wp-caption-text gallery-caption' id='gallery-6-9874'>\n\t\t\t\tRAL 7031\n\t\t\t\t<\/figcaption><\/figure><figure class='gallery-item'>\n\t\t\t<div class='gallery-icon landscape'>\n\t\t\t\t<a data-elementor-open-lightbox=\"yes\" data-elementor-lightbox-slideshow=\"37d7f134\" data-elementor-lightbox-title=\"RAL 7032\" data-e-action-hash=\"#elementor-action%3Aaction%3Dlightbox%26settings%3DeyJpZCI6OTg3NiwidXJsIjoiaHR0cHM6XC9cL2NkbS1va25hLnBsXC93cC1jb250ZW50XC91cGxvYWRzXC8yMDIxXC8xMlwvUkFMLTcwMzIuanBnIiwic2xpZGVzaG93IjoiMzdkN2YxMzQifQ%3D%3D\" href='https:\/\/cdm-okna.pl\/wp-content\/uploads\/2021\/12\/RAL-7032.jpg'><img loading=\"lazy\" decoding=\"async\" width=\"150\" height=\"70\" src=\"https:\/\/cdm-okna.pl\/wp-content\/uploads\/2021\/12\/RAL-7032-150x70.jpg\" class=\"attachment-thumbnail size-thumbnail\" alt=\"Pr\u00f3bka koloru RAL 7032 \u2013 \u017cwirowoszary\" aria-describedby=\"gallery-6-9876\" \/><\/a>\n\t\t\t<\/div>\n\t\t\t\t<figcaption class='wp-caption-text gallery-caption' id='gallery-6-9876'>\n\t\t\t\tRAL 7032\n\t\t\t\t<\/figcaption><\/figure><figure class='gallery-item'>\n\t\t\t<div class='gallery-icon landscape'>\n\t\t\t\t<a data-elementor-open-lightbox=\"yes\" data-elementor-lightbox-slideshow=\"37d7f134\" data-elementor-lightbox-title=\"RAL 7033\" data-e-action-hash=\"#elementor-action%3Aaction%3Dlightbox%26settings%3DeyJpZCI6OTg3OCwidXJsIjoiaHR0cHM6XC9cL2NkbS1va25hLnBsXC93cC1jb250ZW50XC91cGxvYWRzXC8yMDIxXC8xMlwvUkFMLTcwMzMuanBnIiwic2xpZGVzaG93IjoiMzdkN2YxMzQifQ%3D%3D\" href='https:\/\/cdm-okna.pl\/wp-content\/uploads\/2021\/12\/RAL-7033.jpg'><img loading=\"lazy\" decoding=\"async\" width=\"150\" height=\"70\" src=\"https:\/\/cdm-okna.pl\/wp-content\/uploads\/2021\/12\/RAL-7033-150x70.jpg\" class=\"attachment-thumbnail size-thumbnail\" alt=\"Pr\u00f3bka koloru RAL 7033 \u2013 cementowoszary\" aria-describedby=\"gallery-6-9878\" \/><\/a>\n\t\t\t<\/div>\n\t\t\t\t<figcaption class='wp-caption-text gallery-caption' id='gallery-6-9878'>\n\t\t\t\tRAL 7033\n\t\t\t\t<\/figcaption><\/figure><figure class='gallery-item'>\n\t\t\t<div class='gallery-icon landscape'>\n\t\t\t\t<a data-elementor-open-lightbox=\"yes\" data-elementor-lightbox-slideshow=\"37d7f134\" data-elementor-lightbox-title=\"RAL 7034\" data-e-action-hash=\"#elementor-action%3Aaction%3Dlightbox%26settings%3DeyJpZCI6OTg4MCwidXJsIjoiaHR0cHM6XC9cL2NkbS1va25hLnBsXC93cC1jb250ZW50XC91cGxvYWRzXC8yMDIxXC8xMlwvUkFMLTcwMzQuanBnIiwic2xpZGVzaG93IjoiMzdkN2YxMzQifQ%3D%3D\" href='https:\/\/cdm-okna.pl\/wp-content\/uploads\/2021\/12\/RAL-7034.jpg'><img loading=\"lazy\" decoding=\"async\" width=\"150\" height=\"70\" src=\"https:\/\/cdm-okna.pl\/wp-content\/uploads\/2021\/12\/RAL-7034-150x70.jpg\" class=\"attachment-thumbnail size-thumbnail\" alt=\"Pr\u00f3bka koloru RAL 7034 \u2013 \u017c\u00f3\u0142toszary\" aria-describedby=\"gallery-6-9880\" \/><\/a>\n\t\t\t<\/div>\n\t\t\t\t<figcaption class='wp-caption-text gallery-caption' id='gallery-6-9880'>\n\t\t\t\tRAL 7034\n\t\t\t\t<\/figcaption><\/figure><figure class='gallery-item'>\n\t\t\t<div class='gallery-icon landscape'>\n\t\t\t\t<a data-elementor-open-lightbox=\"yes\" data-elementor-lightbox-slideshow=\"37d7f134\" data-elementor-lightbox-title=\"RAL 7035\" data-e-action-hash=\"#elementor-action%3Aaction%3Dlightbox%26settings%3DeyJpZCI6OTg4MiwidXJsIjoiaHR0cHM6XC9cL2NkbS1va25hLnBsXC93cC1jb250ZW50XC91cGxvYWRzXC8yMDIxXC8xMlwvUkFMLTcwMzUuanBnIiwic2xpZGVzaG93IjoiMzdkN2YxMzQifQ%3D%3D\" href='https:\/\/cdm-okna.pl\/wp-content\/uploads\/2021\/12\/RAL-7035.jpg'><img loading=\"lazy\" decoding=\"async\" width=\"150\" height=\"70\" src=\"https:\/\/cdm-okna.pl\/wp-content\/uploads\/2021\/12\/RAL-7035-150x70.jpg\" class=\"attachment-thumbnail size-thumbnail\" alt=\"Pr\u00f3bka koloru RAL 7035 \u2013 jasnoszary\" aria-describedby=\"gallery-6-9882\" \/><\/a>\n\t\t\t<\/div>\n\t\t\t\t<figcaption class='wp-caption-text gallery-caption' id='gallery-6-9882'>\n\t\t\t\tRAL 7035\n\t\t\t\t<\/figcaption><\/figure><figure class='gallery-item'>\n\t\t\t<div class='gallery-icon landscape'>\n\t\t\t\t<a data-elementor-open-lightbox=\"yes\" data-elementor-lightbox-slideshow=\"37d7f134\" data-elementor-lightbox-title=\"RAL 7036\" data-e-action-hash=\"#elementor-action%3Aaction%3Dlightbox%26settings%3DeyJpZCI6OTg4NCwidXJsIjoiaHR0cHM6XC9cL2NkbS1va25hLnBsXC93cC1jb250ZW50XC91cGxvYWRzXC8yMDIxXC8xMlwvUkFMLTcwMzYuanBnIiwic2xpZGVzaG93IjoiMzdkN2YxMzQifQ%3D%3D\" href='https:\/\/cdm-okna.pl\/wp-content\/uploads\/2021\/12\/RAL-7036.jpg'><img loading=\"lazy\" decoding=\"async\" width=\"150\" height=\"70\" src=\"https:\/\/cdm-okna.pl\/wp-content\/uploads\/2021\/12\/RAL-7036-150x70.jpg\" class=\"attachment-thumbnail size-thumbnail\" alt=\"Pr\u00f3bka koloru RAL 7036 \u2013 platynowoszary\" aria-describedby=\"gallery-6-9884\" \/><\/a>\n\t\t\t<\/div>\n\t\t\t\t<figcaption class='wp-caption-text gallery-caption' id='gallery-6-9884'>\n\t\t\t\tRAL 7036\n\t\t\t\t<\/figcaption><\/figure><figure class='gallery-item'>\n\t\t\t<div class='gallery-icon landscape'>\n\t\t\t\t<a data-elementor-open-lightbox=\"yes\" data-elementor-lightbox-slideshow=\"37d7f134\" data-elementor-lightbox-title=\"RAL 7037\" data-e-action-hash=\"#elementor-action%3Aaction%3Dlightbox%26settings%3DeyJpZCI6OTg4NiwidXJsIjoiaHR0cHM6XC9cL2NkbS1va25hLnBsXC93cC1jb250ZW50XC91cGxvYWRzXC8yMDIxXC8xMlwvUkFMLTcwMzcuanBnIiwic2xpZGVzaG93IjoiMzdkN2YxMzQifQ%3D%3D\" href='https:\/\/cdm-okna.pl\/wp-content\/uploads\/2021\/12\/RAL-7037.jpg'><img loading=\"lazy\" decoding=\"async\" width=\"150\" height=\"70\" src=\"https:\/\/cdm-okna.pl\/wp-content\/uploads\/2021\/12\/RAL-7037-150x70.jpg\" class=\"attachment-thumbnail size-thumbnail\" alt=\"Pr\u00f3bka koloru RAL 7037 \u2013 kurzowoszary\" aria-describedby=\"gallery-6-9886\" \/><\/a>\n\t\t\t<\/div>\n\t\t\t\t<figcaption class='wp-caption-text gallery-caption' id='gallery-6-9886'>\n\t\t\t\tRAL 7037\n\t\t\t\t<\/figcaption><\/figure><figure class='gallery-item'>\n\t\t\t<div class='gallery-icon landscape'>\n\t\t\t\t<a data-elementor-open-lightbox=\"yes\" data-elementor-lightbox-slideshow=\"37d7f134\" data-elementor-lightbox-title=\"RAL 7038\" data-e-action-hash=\"#elementor-action%3Aaction%3Dlightbox%26settings%3DeyJpZCI6OTg4OCwidXJsIjoiaHR0cHM6XC9cL2NkbS1va25hLnBsXC93cC1jb250ZW50XC91cGxvYWRzXC8yMDIxXC8xMlwvUkFMLTcwMzguanBnIiwic2xpZGVzaG93IjoiMzdkN2YxMzQifQ%3D%3D\" href='https:\/\/cdm-okna.pl\/wp-content\/uploads\/2021\/12\/RAL-7038.jpg'><img loading=\"lazy\" decoding=\"async\" width=\"150\" height=\"70\" src=\"https:\/\/cdm-okna.pl\/wp-content\/uploads\/2021\/12\/RAL-7038-150x70.jpg\" class=\"attachment-thumbnail size-thumbnail\" alt=\"Pr\u00f3bka koloru RAL 7038 \u2013 agatowoszary\" aria-describedby=\"gallery-6-9888\" \/><\/a>\n\t\t\t<\/div>\n\t\t\t\t<figcaption class='wp-caption-text gallery-caption' id='gallery-6-9888'>\n\t\t\t\tRAL 7038\n\t\t\t\t<\/figcaption><\/figure><figure class='gallery-item'>\n\t\t\t<div class='gallery-icon landscape'>\n\t\t\t\t<a data-elementor-open-lightbox=\"yes\" data-elementor-lightbox-slideshow=\"37d7f134\" data-elementor-lightbox-title=\"RAL 7039\" data-e-action-hash=\"#elementor-action%3Aaction%3Dlightbox%26settings%3DeyJpZCI6OTg5MCwidXJsIjoiaHR0cHM6XC9cL2NkbS1va25hLnBsXC93cC1jb250ZW50XC91cGxvYWRzXC8yMDIxXC8xMlwvUkFMLTcwMzkuanBnIiwic2xpZGVzaG93IjoiMzdkN2YxMzQifQ%3D%3D\" href='https:\/\/cdm-okna.pl\/wp-content\/uploads\/2021\/12\/RAL-7039.jpg'><img loading=\"lazy\" decoding=\"async\" width=\"150\" height=\"70\" src=\"https:\/\/cdm-okna.pl\/wp-content\/uploads\/2021\/12\/RAL-7039-150x70.jpg\" class=\"attachment-thumbnail size-thumbnail\" alt=\"Pr\u00f3bka koloru RAL 7039 \u2013 kwarcowoszary\" aria-describedby=\"gallery-6-9890\" \/><\/a>\n\t\t\t<\/div>\n\t\t\t\t<figcaption class='wp-caption-text gallery-caption' id='gallery-6-9890'>\n\t\t\t\tRAL 7039\n\t\t\t\t<\/figcaption><\/figure><figure class='gallery-item'>\n\t\t\t<div class='gallery-icon landscape'>\n\t\t\t\t<a data-elementor-open-lightbox=\"yes\" data-elementor-lightbox-slideshow=\"37d7f134\" data-elementor-lightbox-title=\"RAL 7040\" data-e-action-hash=\"#elementor-action%3Aaction%3Dlightbox%26settings%3DeyJpZCI6OTg5MiwidXJsIjoiaHR0cHM6XC9cL2NkbS1va25hLnBsXC93cC1jb250ZW50XC91cGxvYWRzXC8yMDIxXC8xMlwvUkFMLTcwNDAuanBnIiwic2xpZGVzaG93IjoiMzdkN2YxMzQifQ%3D%3D\" href='https:\/\/cdm-okna.pl\/wp-content\/uploads\/2021\/12\/RAL-7040.jpg'><img loading=\"lazy\" decoding=\"async\" width=\"150\" height=\"70\" src=\"https:\/\/cdm-okna.pl\/wp-content\/uploads\/2021\/12\/RAL-7040-150x70.jpg\" class=\"attachment-thumbnail size-thumbnail\" alt=\"Probka koloru RAL 7040 - okr\u0119 szarawy.\" aria-describedby=\"gallery-6-9892\" \/><\/a>\n\t\t\t<\/div>\n\t\t\t\t<figcaption class='wp-caption-text gallery-caption' id='gallery-6-9892'>\n\t\t\t\tRAL 7040\n\t\t\t\t<\/figcaption><\/figure><figure class='gallery-item'>\n\t\t\t<div class='gallery-icon landscape'>\n\t\t\t\t<a data-elementor-open-lightbox=\"yes\" data-elementor-lightbox-slideshow=\"37d7f134\" data-elementor-lightbox-title=\"RAL 7042\" data-e-action-hash=\"#elementor-action%3Aaction%3Dlightbox%26settings%3DeyJpZCI6OTg5NCwidXJsIjoiaHR0cHM6XC9cL2NkbS1va25hLnBsXC93cC1jb250ZW50XC91cGxvYWRzXC8yMDIxXC8xMlwvUkFMLTcwNDIuanBnIiwic2xpZGVzaG93IjoiMzdkN2YxMzQifQ%3D%3D\" href='https:\/\/cdm-okna.pl\/wp-content\/uploads\/2021\/12\/RAL-7042.jpg'><img loading=\"lazy\" decoding=\"async\" width=\"150\" height=\"70\" src=\"https:\/\/cdm-okna.pl\/wp-content\/uploads\/2021\/12\/RAL-7042-150x70.jpg\" class=\"attachment-thumbnail size-thumbnail\" alt=\"Probka koloru RAL 7042 - szary pere\u0142kowy.\" aria-describedby=\"gallery-6-9894\" \/><\/a>\n\t\t\t<\/div>\n\t\t\t\t<figcaption class='wp-caption-text gallery-caption' id='gallery-6-9894'>\n\t\t\t\tRAL 7042\n\t\t\t\t<\/figcaption><\/figure><figure class='gallery-item'>\n\t\t\t<div class='gallery-icon landscape'>\n\t\t\t\t<a data-elementor-open-lightbox=\"yes\" data-elementor-lightbox-slideshow=\"37d7f134\" data-elementor-lightbox-title=\"RAL 7043\" data-e-action-hash=\"#elementor-action%3Aaction%3Dlightbox%26settings%3DeyJpZCI6OTg5NiwidXJsIjoiaHR0cHM6XC9cL2NkbS1va25hLnBsXC93cC1jb250ZW50XC91cGxvYWRzXC8yMDIxXC8xMlwvUkFMLTcwNDMuanBnIiwic2xpZGVzaG93IjoiMzdkN2YxMzQifQ%3D%3D\" href='https:\/\/cdm-okna.pl\/wp-content\/uploads\/2021\/12\/RAL-7043.jpg'><img loading=\"lazy\" decoding=\"async\" width=\"150\" height=\"70\" src=\"https:\/\/cdm-okna.pl\/wp-content\/uploads\/2021\/12\/RAL-7043-150x70.jpg\" class=\"attachment-thumbnail size-thumbnail\" alt=\"Probka koloru RAL 7043 - sygna\u0142owy szary.\" aria-describedby=\"gallery-6-9896\" \/><\/a>\n\t\t\t<\/div>\n\t\t\t\t<figcaption class='wp-caption-text gallery-caption' id='gallery-6-9896'>\n\t\t\t\tRAL 7043\n\t\t\t\t<\/figcaption><\/figure><figure class='gallery-item'>\n\t\t\t<div class='gallery-icon landscape'>\n\t\t\t\t<a data-elementor-open-lightbox=\"yes\" data-elementor-lightbox-slideshow=\"37d7f134\" data-elementor-lightbox-title=\"RAL 7044\" data-e-action-hash=\"#elementor-action%3Aaction%3Dlightbox%26settings%3DeyJpZCI6OTg5OCwidXJsIjoiaHR0cHM6XC9cL2NkbS1va25hLnBsXC93cC1jb250ZW50XC91cGxvYWRzXC8yMDIxXC8xMlwvUkFMLTcwNDQuanBnIiwic2xpZGVzaG93IjoiMzdkN2YxMzQifQ%3D%3D\" href='https:\/\/cdm-okna.pl\/wp-content\/uploads\/2021\/12\/RAL-7044.jpg'><img loading=\"lazy\" decoding=\"async\" width=\"150\" height=\"70\" src=\"https:\/\/cdm-okna.pl\/wp-content\/uploads\/2021\/12\/RAL-7044-150x70.jpg\" class=\"attachment-thumbnail size-thumbnail\" alt=\"Probka koloru RAL 7044 - srebrnoszary.\" aria-describedby=\"gallery-6-9898\" \/><\/a>\n\t\t\t<\/div>\n\t\t\t\t<figcaption class='wp-caption-text gallery-caption' id='gallery-6-9898'>\n\t\t\t\tRAL 7044\n\t\t\t\t<\/figcaption><\/figure><figure class='gallery-item'>\n\t\t\t<div class='gallery-icon landscape'>\n\t\t\t\t<a data-elementor-open-lightbox=\"yes\" data-elementor-lightbox-slideshow=\"37d7f134\" data-elementor-lightbox-title=\"RAL 7045\" data-e-action-hash=\"#elementor-action%3Aaction%3Dlightbox%26settings%3DeyJpZCI6OTkwMCwidXJsIjoiaHR0cHM6XC9cL2NkbS1va25hLnBsXC93cC1jb250ZW50XC91cGxvYWRzXC8yMDIxXC8xMlwvUkFMLTcwNDUuanBnIiwic2xpZGVzaG93IjoiMzdkN2YxMzQifQ%3D%3D\" href='https:\/\/cdm-okna.pl\/wp-content\/uploads\/2021\/12\/RAL-7045.jpg'><img loading=\"lazy\" decoding=\"async\" width=\"150\" height=\"70\" src=\"https:\/\/cdm-okna.pl\/wp-content\/uploads\/2021\/12\/RAL-7045-150x70.jpg\" class=\"attachment-thumbnail size-thumbnail\" alt=\"Probka koloru RAL 7045 - telegrau 2.\" aria-describedby=\"gallery-6-9900\" \/><\/a>\n\t\t\t<\/div>\n\t\t\t\t<figcaption class='wp-caption-text gallery-caption' id='gallery-6-9900'>\n\t\t\t\tRAL 7045\n\t\t\t\t<\/figcaption><\/figure><figure class='gallery-item'>\n\t\t\t<div class='gallery-icon landscape'>\n\t\t\t\t<a data-elementor-open-lightbox=\"yes\" data-elementor-lightbox-slideshow=\"37d7f134\" data-elementor-lightbox-title=\"RAL 7046\" data-e-action-hash=\"#elementor-action%3Aaction%3Dlightbox%26settings%3DeyJpZCI6OTkwMiwidXJsIjoiaHR0cHM6XC9cL2NkbS1va25hLnBsXC93cC1jb250ZW50XC91cGxvYWRzXC8yMDIxXC8xMlwvUkFMLTcwNDYuanBnIiwic2xpZGVzaG93IjoiMzdkN2YxMzQifQ%3D%3D\" href='https:\/\/cdm-okna.pl\/wp-content\/uploads\/2021\/12\/RAL-7046.jpg'><img loading=\"lazy\" decoding=\"async\" width=\"150\" height=\"70\" src=\"https:\/\/cdm-okna.pl\/wp-content\/uploads\/2021\/12\/RAL-7046-150x70.jpg\" class=\"attachment-thumbnail size-thumbnail\" alt=\"Probka koloru RAL 7046 - szary okr\u0119towy.\" aria-describedby=\"gallery-6-9902\" \/><\/a>\n\t\t\t<\/div>\n\t\t\t\t<figcaption class='wp-caption-text gallery-caption' id='gallery-6-9902'>\n\t\t\t\tRAL 7046\n\t\t\t\t<\/figcaption><\/figure><figure class='gallery-item'>\n\t\t\t<div class='gallery-icon landscape'>\n\t\t\t\t<a data-elementor-open-lightbox=\"yes\" data-elementor-lightbox-slideshow=\"37d7f134\" data-elementor-lightbox-title=\"RAL 7047\" data-e-action-hash=\"#elementor-action%3Aaction%3Dlightbox%26settings%3DeyJpZCI6OTkwNCwidXJsIjoiaHR0cHM6XC9cL2NkbS1va25hLnBsXC93cC1jb250ZW50XC91cGxvYWRzXC8yMDIxXC8xMlwvUkFMLTcwNDcuanBnIiwic2xpZGVzaG93IjoiMzdkN2YxMzQifQ%3D%3D\" href='https:\/\/cdm-okna.pl\/wp-content\/uploads\/2021\/12\/RAL-7047.jpg'><img loading=\"lazy\" decoding=\"async\" width=\"150\" height=\"70\" src=\"https:\/\/cdm-okna.pl\/wp-content\/uploads\/2021\/12\/RAL-7047-150x70.jpg\" class=\"attachment-thumbnail size-thumbnail\" alt=\"Probka koloru RAL 7047 - d\u017awi\u0119kowy szary.\" aria-describedby=\"gallery-6-9904\" \/><\/a>\n\t\t\t<\/div>\n\t\t\t\t<figcaption class='wp-caption-text gallery-caption' id='gallery-6-9904'>\n\t\t\t\tRAL 7047\n\t\t\t\t<\/figcaption><\/figure><figure class='gallery-item'>\n\t\t\t<div class='gallery-icon landscape'>\n\t\t\t\t<a data-elementor-open-lightbox=\"yes\" data-elementor-lightbox-slideshow=\"37d7f134\" data-elementor-lightbox-title=\"RAL 8000\" data-e-action-hash=\"#elementor-action%3Aaction%3Dlightbox%26settings%3DeyJpZCI6OTkwNiwidXJsIjoiaHR0cHM6XC9cL2NkbS1va25hLnBsXC93cC1jb250ZW50XC91cGxvYWRzXC8yMDIxXC8xMlwvUkFMLTgwMDAuanBnIiwic2xpZGVzaG93IjoiMzdkN2YxMzQifQ%3D%3D\" href='https:\/\/cdm-okna.pl\/wp-content\/uploads\/2021\/12\/RAL-8000.jpg'><img loading=\"lazy\" decoding=\"async\" width=\"150\" height=\"70\" src=\"https:\/\/cdm-okna.pl\/wp-content\/uploads\/2021\/12\/RAL-8000-150x70.jpg\" class=\"attachment-thumbnail size-thumbnail\" alt=\"Probka koloru RAL 8000 - zielony br\u0105z.\" aria-describedby=\"gallery-6-9906\" \/><\/a>\n\t\t\t<\/div>\n\t\t\t\t<figcaption class='wp-caption-text gallery-caption' id='gallery-6-9906'>\n\t\t\t\tRAL 8000\n\t\t\t\t<\/figcaption><\/figure><figure class='gallery-item'>\n\t\t\t<div class='gallery-icon landscape'>\n\t\t\t\t<a data-elementor-open-lightbox=\"yes\" data-elementor-lightbox-slideshow=\"37d7f134\" data-elementor-lightbox-title=\"RAL 8001\" data-e-action-hash=\"#elementor-action%3Aaction%3Dlightbox%26settings%3DeyJpZCI6OTkwOCwidXJsIjoiaHR0cHM6XC9cL2NkbS1va25hLnBsXC93cC1jb250ZW50XC91cGxvYWRzXC8yMDIxXC8xMlwvUkFMLTgwMDEuanBnIiwic2xpZGVzaG93IjoiMzdkN2YxMzQifQ%3D%3D\" href='https:\/\/cdm-okna.pl\/wp-content\/uploads\/2021\/12\/RAL-8001.jpg'><img loading=\"lazy\" decoding=\"async\" width=\"150\" height=\"70\" src=\"https:\/\/cdm-okna.pl\/wp-content\/uploads\/2021\/12\/RAL-8001-150x70.jpg\" class=\"attachment-thumbnail size-thumbnail\" alt=\"Probka koloru RAL 8001 - ochra br\u0105zowa.\" aria-describedby=\"gallery-6-9908\" \/><\/a>\n\t\t\t<\/div>\n\t\t\t\t<figcaption class='wp-caption-text gallery-caption' id='gallery-6-9908'>\n\t\t\t\tRAL 8001\n\t\t\t\t<\/figcaption><\/figure><figure class='gallery-item'>\n\t\t\t<div class='gallery-icon landscape'>\n\t\t\t\t<a data-elementor-open-lightbox=\"yes\" data-elementor-lightbox-slideshow=\"37d7f134\" data-elementor-lightbox-title=\"RAL 8002\" data-e-action-hash=\"#elementor-action%3Aaction%3Dlightbox%26settings%3DeyJpZCI6OTkxMCwidXJsIjoiaHR0cHM6XC9cL2NkbS1va25hLnBsXC93cC1jb250ZW50XC91cGxvYWRzXC8yMDIxXC8xMlwvUkFMLTgwMDIuanBnIiwic2xpZGVzaG93IjoiMzdkN2YxMzQifQ%3D%3D\" href='https:\/\/cdm-okna.pl\/wp-content\/uploads\/2021\/12\/RAL-8002.jpg'><img loading=\"lazy\" decoding=\"async\" width=\"150\" height=\"70\" src=\"https:\/\/cdm-okna.pl\/wp-content\/uploads\/2021\/12\/RAL-8002-150x70.jpg\" class=\"attachment-thumbnail size-thumbnail\" alt=\"Probka koloru RAL 8002 - czerwono-br\u0105zowy.\" aria-describedby=\"gallery-6-9910\" \/><\/a>\n\t\t\t<\/div>\n\t\t\t\t<figcaption class='wp-caption-text gallery-caption' id='gallery-6-9910'>\n\t\t\t\tRAL 8002\n\t\t\t\t<\/figcaption><\/figure><figure class='gallery-item'>\n\t\t\t<div class='gallery-icon landscape'>\n\t\t\t\t<a data-elementor-open-lightbox=\"yes\" data-elementor-lightbox-slideshow=\"37d7f134\" data-elementor-lightbox-title=\"RAL 8003\" data-e-action-hash=\"#elementor-action%3Aaction%3Dlightbox%26settings%3DeyJpZCI6OTkxMiwidXJsIjoiaHR0cHM6XC9cL2NkbS1va25hLnBsXC93cC1jb250ZW50XC91cGxvYWRzXC8yMDIxXC8xMlwvUkFMLTgwMDMuanBnIiwic2xpZGVzaG93IjoiMzdkN2YxMzQifQ%3D%3D\" href='https:\/\/cdm-okna.pl\/wp-content\/uploads\/2021\/12\/RAL-8003.jpg'><img loading=\"lazy\" decoding=\"async\" width=\"150\" height=\"70\" src=\"https:\/\/cdm-okna.pl\/wp-content\/uploads\/2021\/12\/RAL-8003-150x70.jpg\" class=\"attachment-thumbnail size-thumbnail\" alt=\"Probka koloru RAL 8003 - ochra ciemna.\" aria-describedby=\"gallery-6-9912\" \/><\/a>\n\t\t\t<\/div>\n\t\t\t\t<figcaption class='wp-caption-text gallery-caption' id='gallery-6-9912'>\n\t\t\t\tRAL 8003\n\t\t\t\t<\/figcaption><\/figure><figure class='gallery-item'>\n\t\t\t<div class='gallery-icon landscape'>\n\t\t\t\t<a data-elementor-open-lightbox=\"yes\" data-elementor-lightbox-slideshow=\"37d7f134\" data-elementor-lightbox-title=\"RAL 8004\" data-e-action-hash=\"#elementor-action%3Aaction%3Dlightbox%26settings%3DeyJpZCI6OTkxNCwidXJsIjoiaHR0cHM6XC9cL2NkbS1va25hLnBsXC93cC1jb250ZW50XC91cGxvYWRzXC8yMDIxXC8xMlwvUkFMLTgwMDQuanBnIiwic2xpZGVzaG93IjoiMzdkN2YxMzQifQ%3D%3D\" href='https:\/\/cdm-okna.pl\/wp-content\/uploads\/2021\/12\/RAL-8004.jpg'><img loading=\"lazy\" decoding=\"async\" width=\"150\" height=\"70\" src=\"https:\/\/cdm-okna.pl\/wp-content\/uploads\/2021\/12\/RAL-8004-150x70.jpg\" class=\"attachment-thumbnail size-thumbnail\" alt=\"Probka koloru RAL 8004 - ceglasty br\u0105z.\" aria-describedby=\"gallery-6-9914\" \/><\/a>\n\t\t\t<\/div>\n\t\t\t\t<figcaption class='wp-caption-text gallery-caption' id='gallery-6-9914'>\n\t\t\t\tRAL 8004\n\t\t\t\t<\/figcaption><\/figure><figure class='gallery-item'>\n\t\t\t<div class='gallery-icon landscape'>\n\t\t\t\t<a data-elementor-open-lightbox=\"yes\" data-elementor-lightbox-slideshow=\"37d7f134\" data-elementor-lightbox-title=\"RAL 8007\" data-e-action-hash=\"#elementor-action%3Aaction%3Dlightbox%26settings%3DeyJpZCI6OTkxNiwidXJsIjoiaHR0cHM6XC9cL2NkbS1va25hLnBsXC93cC1jb250ZW50XC91cGxvYWRzXC8yMDIxXC8xMlwvUkFMLTgwMDcuanBnIiwic2xpZGVzaG93IjoiMzdkN2YxMzQifQ%3D%3D\" href='https:\/\/cdm-okna.pl\/wp-content\/uploads\/2021\/12\/RAL-8007.jpg'><img loading=\"lazy\" decoding=\"async\" width=\"150\" height=\"70\" src=\"https:\/\/cdm-okna.pl\/wp-content\/uploads\/2021\/12\/RAL-8007-150x70.jpg\" class=\"attachment-thumbnail size-thumbnail\" alt=\"Probka koloru RAL 8007 - ciemny ziemisty br\u0105z.\" aria-describedby=\"gallery-6-9916\" \/><\/a>\n\t\t\t<\/div>\n\t\t\t\t<figcaption class='wp-caption-text gallery-caption' id='gallery-6-9916'>\n\t\t\t\tRAL 8007\n\t\t\t\t<\/figcaption><\/figure><figure class='gallery-item'>\n\t\t\t<div class='gallery-icon landscape'>\n\t\t\t\t<a data-elementor-open-lightbox=\"yes\" data-elementor-lightbox-slideshow=\"37d7f134\" data-elementor-lightbox-title=\"RAL 8008\" data-e-action-hash=\"#elementor-action%3Aaction%3Dlightbox%26settings%3DeyJpZCI6OTkxOCwidXJsIjoiaHR0cHM6XC9cL2NkbS1va25hLnBsXC93cC1jb250ZW50XC91cGxvYWRzXC8yMDIxXC8xMlwvUkFMLTgwMDguanBnIiwic2xpZGVzaG93IjoiMzdkN2YxMzQifQ%3D%3D\" href='https:\/\/cdm-okna.pl\/wp-content\/uploads\/2021\/12\/RAL-8008.jpg'><img loading=\"lazy\" decoding=\"async\" width=\"150\" height=\"70\" src=\"https:\/\/cdm-okna.pl\/wp-content\/uploads\/2021\/12\/RAL-8008-150x70.jpg\" class=\"attachment-thumbnail size-thumbnail\" alt=\"Probka koloru RAL 8008 - br\u0105z ziemisty.\" aria-describedby=\"gallery-6-9918\" \/><\/a>\n\t\t\t<\/div>\n\t\t\t\t<figcaption class='wp-caption-text gallery-caption' id='gallery-6-9918'>\n\t\t\t\tRAL 8008\n\t\t\t\t<\/figcaption><\/figure><figure class='gallery-item'>\n\t\t\t<div class='gallery-icon landscape'>\n\t\t\t\t<a data-elementor-open-lightbox=\"yes\" data-elementor-lightbox-slideshow=\"37d7f134\" data-elementor-lightbox-title=\"RAL 8011\" data-e-action-hash=\"#elementor-action%3Aaction%3Dlightbox%26settings%3DeyJpZCI6OTkyMCwidXJsIjoiaHR0cHM6XC9cL2NkbS1va25hLnBsXC93cC1jb250ZW50XC91cGxvYWRzXC8yMDIxXC8xMlwvUkFMLTgwMTEuanBnIiwic2xpZGVzaG93IjoiMzdkN2YxMzQifQ%3D%3D\" href='https:\/\/cdm-okna.pl\/wp-content\/uploads\/2021\/12\/RAL-8011.jpg'><img loading=\"lazy\" decoding=\"async\" width=\"150\" height=\"70\" src=\"https:\/\/cdm-okna.pl\/wp-content\/uploads\/2021\/12\/RAL-8011-150x70.jpg\" class=\"attachment-thumbnail size-thumbnail\" alt=\"Probka koloru RAL 8011 - br\u0105z orzechowy.\" aria-describedby=\"gallery-6-9920\" \/><\/a>\n\t\t\t<\/div>\n\t\t\t\t<figcaption class='wp-caption-text gallery-caption' id='gallery-6-9920'>\n\t\t\t\tRAL 8011\n\t\t\t\t<\/figcaption><\/figure><figure class='gallery-item'>\n\t\t\t<div class='gallery-icon landscape'>\n\t\t\t\t<a data-elementor-open-lightbox=\"yes\" data-elementor-lightbox-slideshow=\"37d7f134\" data-elementor-lightbox-title=\"RAL 8012\" data-e-action-hash=\"#elementor-action%3Aaction%3Dlightbox%26settings%3DeyJpZCI6OTkyMiwidXJsIjoiaHR0cHM6XC9cL2NkbS1va25hLnBsXC93cC1jb250ZW50XC91cGxvYWRzXC8yMDIxXC8xMlwvUkFMLTgwMTIuanBnIiwic2xpZGVzaG93IjoiMzdkN2YxMzQifQ%3D%3D\" href='https:\/\/cdm-okna.pl\/wp-content\/uploads\/2021\/12\/RAL-8012.jpg'><img loading=\"lazy\" decoding=\"async\" width=\"150\" height=\"70\" src=\"https:\/\/cdm-okna.pl\/wp-content\/uploads\/2021\/12\/RAL-8012-150x70.jpg\" class=\"attachment-thumbnail size-thumbnail\" alt=\"Probka koloru RAL 8012 - czerwono-br\u0105zowy.\" aria-describedby=\"gallery-6-9922\" \/><\/a>\n\t\t\t<\/div>\n\t\t\t\t<figcaption class='wp-caption-text gallery-caption' id='gallery-6-9922'>\n\t\t\t\tRAL 8012\n\t\t\t\t<\/figcaption><\/figure><figure class='gallery-item'>\n\t\t\t<div class='gallery-icon landscape'>\n\t\t\t\t<a data-elementor-open-lightbox=\"yes\" data-elementor-lightbox-slideshow=\"37d7f134\" data-elementor-lightbox-title=\"RAL 8014\" data-e-action-hash=\"#elementor-action%3Aaction%3Dlightbox%26settings%3DeyJpZCI6OTkyNCwidXJsIjoiaHR0cHM6XC9cL2NkbS1va25hLnBsXC93cC1jb250ZW50XC91cGxvYWRzXC8yMDIxXC8xMlwvUkFMLTgwMTQuanBnIiwic2xpZGVzaG93IjoiMzdkN2YxMzQifQ%3D%3D\" href='https:\/\/cdm-okna.pl\/wp-content\/uploads\/2021\/12\/RAL-8014.jpg'><img loading=\"lazy\" decoding=\"async\" width=\"150\" height=\"70\" src=\"https:\/\/cdm-okna.pl\/wp-content\/uploads\/2021\/12\/RAL-8014-150x70.jpg\" class=\"attachment-thumbnail size-thumbnail\" alt=\"Probka koloru RAL 8014 - sepia br\u0105z.\" aria-describedby=\"gallery-6-9924\" \/><\/a>\n\t\t\t<\/div>\n\t\t\t\t<figcaption class='wp-caption-text gallery-caption' id='gallery-6-9924'>\n\t\t\t\tRAL 8014\n\t\t\t\t<\/figcaption><\/figure><figure class='gallery-item'>\n\t\t\t<div class='gallery-icon landscape'>\n\t\t\t\t<a data-elementor-open-lightbox=\"yes\" data-elementor-lightbox-slideshow=\"37d7f134\" data-elementor-lightbox-title=\"RAL 8015\" data-e-action-hash=\"#elementor-action%3Aaction%3Dlightbox%26settings%3DeyJpZCI6OTkyNiwidXJsIjoiaHR0cHM6XC9cL2NkbS1va25hLnBsXC93cC1jb250ZW50XC91cGxvYWRzXC8yMDIxXC8xMlwvUkFMLTgwMTUuanBnIiwic2xpZGVzaG93IjoiMzdkN2YxMzQifQ%3D%3D\" href='https:\/\/cdm-okna.pl\/wp-content\/uploads\/2021\/12\/RAL-8015.jpg'><img loading=\"lazy\" decoding=\"async\" width=\"150\" height=\"70\" src=\"https:\/\/cdm-okna.pl\/wp-content\/uploads\/2021\/12\/RAL-8015-150x70.jpg\" class=\"attachment-thumbnail size-thumbnail\" alt=\"Probka koloru RAL 8015 - czerwono-br\u0105z.\" aria-describedby=\"gallery-6-9926\" \/><\/a>\n\t\t\t<\/div>\n\t\t\t\t<figcaption class='wp-caption-text gallery-caption' id='gallery-6-9926'>\n\t\t\t\tRAL 8015\n\t\t\t\t<\/figcaption><\/figure><figure class='gallery-item'>\n\t\t\t<div class='gallery-icon landscape'>\n\t\t\t\t<a data-elementor-open-lightbox=\"yes\" data-elementor-lightbox-slideshow=\"37d7f134\" data-elementor-lightbox-title=\"RAL 8016\" data-e-action-hash=\"#elementor-action%3Aaction%3Dlightbox%26settings%3DeyJpZCI6OTkyOCwidXJsIjoiaHR0cHM6XC9cL2NkbS1va25hLnBsXC93cC1jb250ZW50XC91cGxvYWRzXC8yMDIxXC8xMlwvUkFMLTgwMTYuanBnIiwic2xpZGVzaG93IjoiMzdkN2YxMzQifQ%3D%3D\" href='https:\/\/cdm-okna.pl\/wp-content\/uploads\/2021\/12\/RAL-8016.jpg'><img loading=\"lazy\" decoding=\"async\" width=\"150\" height=\"70\" src=\"https:\/\/cdm-okna.pl\/wp-content\/uploads\/2021\/12\/RAL-8016-150x70.jpg\" class=\"attachment-thumbnail size-thumbnail\" alt=\"Probka koloru RAL 8016 - czekoladowy br\u0105z.\" aria-describedby=\"gallery-6-9928\" \/><\/a>\n\t\t\t<\/div>\n\t\t\t\t<figcaption class='wp-caption-text gallery-caption' id='gallery-6-9928'>\n\t\t\t\tRAL 8016\n\t\t\t\t<\/figcaption><\/figure><figure class='gallery-item'>\n\t\t\t<div class='gallery-icon landscape'>\n\t\t\t\t<a data-elementor-open-lightbox=\"yes\" data-elementor-lightbox-slideshow=\"37d7f134\" data-elementor-lightbox-title=\"RAL 8017\" data-e-action-hash=\"#elementor-action%3Aaction%3Dlightbox%26settings%3DeyJpZCI6OTkzMCwidXJsIjoiaHR0cHM6XC9cL2NkbS1va25hLnBsXC93cC1jb250ZW50XC91cGxvYWRzXC8yMDIxXC8xMlwvUkFMLTgwMTcuanBnIiwic2xpZGVzaG93IjoiMzdkN2YxMzQifQ%3D%3D\" href='https:\/\/cdm-okna.pl\/wp-content\/uploads\/2021\/12\/RAL-8017.jpg'><img loading=\"lazy\" decoding=\"async\" width=\"150\" height=\"70\" src=\"https:\/\/cdm-okna.pl\/wp-content\/uploads\/2021\/12\/RAL-8017-150x70.jpg\" class=\"attachment-thumbnail size-thumbnail\" alt=\"Probka koloru RAL 8017 - ciemny br\u0105z.\" aria-describedby=\"gallery-6-9930\" \/><\/a>\n\t\t\t<\/div>\n\t\t\t\t<figcaption class='wp-caption-text gallery-caption' id='gallery-6-9930'>\n\t\t\t\tRAL 8017\n\t\t\t\t<\/figcaption><\/figure><figure class='gallery-item'>\n\t\t\t<div class='gallery-icon landscape'>\n\t\t\t\t<a data-elementor-open-lightbox=\"yes\" data-elementor-lightbox-slideshow=\"37d7f134\" data-elementor-lightbox-title=\"RAL 8019\" data-e-action-hash=\"#elementor-action%3Aaction%3Dlightbox%26settings%3DeyJpZCI6OTkzMiwidXJsIjoiaHR0cHM6XC9cL2NkbS1va25hLnBsXC93cC1jb250ZW50XC91cGxvYWRzXC8yMDIxXC8xMlwvUkFMLTgwMTkuanBnIiwic2xpZGVzaG93IjoiMzdkN2YxMzQifQ%3D%3D\" href='https:\/\/cdm-okna.pl\/wp-content\/uploads\/2021\/12\/RAL-8019.jpg'><img loading=\"lazy\" decoding=\"async\" width=\"150\" height=\"70\" src=\"https:\/\/cdm-okna.pl\/wp-content\/uploads\/2021\/12\/RAL-8019-150x70.jpg\" class=\"attachment-thumbnail size-thumbnail\" alt=\"Probka koloru RAL 8019 - szary br\u0105z.\" aria-describedby=\"gallery-6-9932\" \/><\/a>\n\t\t\t<\/div>\n\t\t\t\t<figcaption class='wp-caption-text gallery-caption' id='gallery-6-9932'>\n\t\t\t\tRAL 8019\n\t\t\t\t<\/figcaption><\/figure><figure class='gallery-item'>\n\t\t\t<div class='gallery-icon landscape'>\n\t\t\t\t<a data-elementor-open-lightbox=\"yes\" data-elementor-lightbox-slideshow=\"37d7f134\" data-elementor-lightbox-title=\"RAL 8022\" data-e-action-hash=\"#elementor-action%3Aaction%3Dlightbox%26settings%3DeyJpZCI6OTkzNCwidXJsIjoiaHR0cHM6XC9cL2NkbS1va25hLnBsXC93cC1jb250ZW50XC91cGxvYWRzXC8yMDIxXC8xMlwvUkFMLTgwMjIuanBnIiwic2xpZGVzaG93IjoiMzdkN2YxMzQifQ%3D%3D\" href='https:\/\/cdm-okna.pl\/wp-content\/uploads\/2021\/12\/RAL-8022.jpg'><img loading=\"lazy\" decoding=\"async\" width=\"150\" height=\"70\" src=\"https:\/\/cdm-okna.pl\/wp-content\/uploads\/2021\/12\/RAL-8022-150x70.jpg\" class=\"attachment-thumbnail size-thumbnail\" alt=\"Probka koloru RAL 8022 - czarny br\u0105z.\" aria-describedby=\"gallery-6-9934\" \/><\/a>\n\t\t\t<\/div>\n\t\t\t\t<figcaption class='wp-caption-text gallery-caption' id='gallery-6-9934'>\n\t\t\t\tRAL 8022\n\t\t\t\t<\/figcaption><\/figure><figure class='gallery-item'>\n\t\t\t<div class='gallery-icon landscape'>\n\t\t\t\t<a data-elementor-open-lightbox=\"yes\" data-elementor-lightbox-slideshow=\"37d7f134\" data-elementor-lightbox-title=\"RAL 8023\" data-e-action-hash=\"#elementor-action%3Aaction%3Dlightbox%26settings%3DeyJpZCI6OTkzNiwidXJsIjoiaHR0cHM6XC9cL2NkbS1va25hLnBsXC93cC1jb250ZW50XC91cGxvYWRzXC8yMDIxXC8xMlwvUkFMLTgwMjMuanBnIiwic2xpZGVzaG93IjoiMzdkN2YxMzQifQ%3D%3D\" href='https:\/\/cdm-okna.pl\/wp-content\/uploads\/2021\/12\/RAL-8023.jpg'><img loading=\"lazy\" decoding=\"async\" width=\"150\" height=\"70\" src=\"https:\/\/cdm-okna.pl\/wp-content\/uploads\/2021\/12\/RAL-8023-150x70.jpg\" class=\"attachment-thumbnail size-thumbnail\" alt=\"Probka koloru RAL 8023 - pomara\u0144czowy br\u0105z.\" aria-describedby=\"gallery-6-9936\" \/><\/a>\n\t\t\t<\/div>\n\t\t\t\t<figcaption class='wp-caption-text gallery-caption' id='gallery-6-9936'>\n\t\t\t\tRAL 8023\n\t\t\t\t<\/figcaption><\/figure><figure class='gallery-item'>\n\t\t\t<div class='gallery-icon landscape'>\n\t\t\t\t<a data-elementor-open-lightbox=\"yes\" data-elementor-lightbox-slideshow=\"37d7f134\" data-elementor-lightbox-title=\"RAL 8024\" data-e-action-hash=\"#elementor-action%3Aaction%3Dlightbox%26settings%3DeyJpZCI6OTkzOCwidXJsIjoiaHR0cHM6XC9cL2NkbS1va25hLnBsXC93cC1jb250ZW50XC91cGxvYWRzXC8yMDIxXC8xMlwvUkFMLTgwMjQuanBnIiwic2xpZGVzaG93IjoiMzdkN2YxMzQifQ%3D%3D\" href='https:\/\/cdm-okna.pl\/wp-content\/uploads\/2021\/12\/RAL-8024.jpg'><img loading=\"lazy\" decoding=\"async\" width=\"150\" height=\"70\" src=\"https:\/\/cdm-okna.pl\/wp-content\/uploads\/2021\/12\/RAL-8024-150x70.jpg\" class=\"attachment-thumbnail size-thumbnail\" alt=\"Probka koloru RAL 8024 - be\u017cowy br\u0105z.\" aria-describedby=\"gallery-6-9938\" \/><\/a>\n\t\t\t<\/div>\n\t\t\t\t<figcaption class='wp-caption-text gallery-caption' id='gallery-6-9938'>\n\t\t\t\tRAL 8024\n\t\t\t\t<\/figcaption><\/figure><figure class='gallery-item'>\n\t\t\t<div class='gallery-icon landscape'>\n\t\t\t\t<a data-elementor-open-lightbox=\"yes\" data-elementor-lightbox-slideshow=\"37d7f134\" data-elementor-lightbox-title=\"RAL 8025\" data-e-action-hash=\"#elementor-action%3Aaction%3Dlightbox%26settings%3DeyJpZCI6OTk0MCwidXJsIjoiaHR0cHM6XC9cL2NkbS1va25hLnBsXC93cC1jb250ZW50XC91cGxvYWRzXC8yMDIxXC8xMlwvUkFMLTgwMjUuanBnIiwic2xpZGVzaG93IjoiMzdkN2YxMzQifQ%3D%3D\" href='https:\/\/cdm-okna.pl\/wp-content\/uploads\/2021\/12\/RAL-8025.jpg'><img loading=\"lazy\" decoding=\"async\" width=\"150\" height=\"70\" src=\"https:\/\/cdm-okna.pl\/wp-content\/uploads\/2021\/12\/RAL-8025-150x70.jpg\" class=\"attachment-thumbnail size-thumbnail\" alt=\"Probka koloru RAL 8025 - blady br\u0105z.\" aria-describedby=\"gallery-6-9940\" \/><\/a>\n\t\t\t<\/div>\n\t\t\t\t<figcaption class='wp-caption-text gallery-caption' id='gallery-6-9940'>\n\t\t\t\tRAL 8025\n\t\t\t\t<\/figcaption><\/figure><figure class='gallery-item'>\n\t\t\t<div class='gallery-icon landscape'>\n\t\t\t\t<a data-elementor-open-lightbox=\"yes\" data-elementor-lightbox-slideshow=\"37d7f134\" data-elementor-lightbox-title=\"RAL 8028\" data-e-action-hash=\"#elementor-action%3Aaction%3Dlightbox%26settings%3DeyJpZCI6OTk0MiwidXJsIjoiaHR0cHM6XC9cL2NkbS1va25hLnBsXC93cC1jb250ZW50XC91cGxvYWRzXC8yMDIxXC8xMlwvUkFMLTgwMjguanBnIiwic2xpZGVzaG93IjoiMzdkN2YxMzQifQ%3D%3D\" href='https:\/\/cdm-okna.pl\/wp-content\/uploads\/2021\/12\/RAL-8028.jpg'><img loading=\"lazy\" decoding=\"async\" width=\"150\" height=\"70\" src=\"https:\/\/cdm-okna.pl\/wp-content\/uploads\/2021\/12\/RAL-8028-150x70.jpg\" class=\"attachment-thumbnail size-thumbnail\" alt=\"Probka koloru RAL 8028 - br\u0105z ziemisty ciemny.\" aria-describedby=\"gallery-6-9942\" \/><\/a>\n\t\t\t<\/div>\n\t\t\t\t<figcaption class='wp-caption-text gallery-caption' id='gallery-6-9942'>\n\t\t\t\tRAL 8028\n\t\t\t\t<\/figcaption><\/figure><figure class='gallery-item'>\n\t\t\t<div class='gallery-icon landscape'>\n\t\t\t\t<a data-elementor-open-lightbox=\"yes\" data-elementor-lightbox-slideshow=\"37d7f134\" data-elementor-lightbox-title=\"RAL 9001\" data-e-action-hash=\"#elementor-action%3Aaction%3Dlightbox%26settings%3DeyJpZCI6OTk0NCwidXJsIjoiaHR0cHM6XC9cL2NkbS1va25hLnBsXC93cC1jb250ZW50XC91cGxvYWRzXC8yMDIxXC8xMlwvUkFMLTkwMDEuanBnIiwic2xpZGVzaG93IjoiMzdkN2YxMzQifQ%3D%3D\" href='https:\/\/cdm-okna.pl\/wp-content\/uploads\/2021\/12\/RAL-9001.jpg'><img loading=\"lazy\" decoding=\"async\" width=\"150\" height=\"70\" src=\"https:\/\/cdm-okna.pl\/wp-content\/uploads\/2021\/12\/RAL-9001-150x70.jpg\" class=\"attachment-thumbnail size-thumbnail\" alt=\"Probka koloru RAL 9001 - bia\u0142y kremowy\" aria-describedby=\"gallery-6-9944\" \/><\/a>\n\t\t\t<\/div>\n\t\t\t\t<figcaption class='wp-caption-text gallery-caption' id='gallery-6-9944'>\n\t\t\t\tRAL 9001\n\t\t\t\t<\/figcaption><\/figure><figure class='gallery-item'>\n\t\t\t<div class='gallery-icon landscape'>\n\t\t\t\t<a data-elementor-open-lightbox=\"yes\" data-elementor-lightbox-slideshow=\"37d7f134\" data-elementor-lightbox-title=\"RAL 9002\" data-e-action-hash=\"#elementor-action%3Aaction%3Dlightbox%26settings%3DeyJpZCI6OTk0NiwidXJsIjoiaHR0cHM6XC9cL2NkbS1va25hLnBsXC93cC1jb250ZW50XC91cGxvYWRzXC8yMDIxXC8xMlwvUkFMLTkwMDIuanBnIiwic2xpZGVzaG93IjoiMzdkN2YxMzQifQ%3D%3D\" href='https:\/\/cdm-okna.pl\/wp-content\/uploads\/2021\/12\/RAL-9002.jpg'><img loading=\"lazy\" decoding=\"async\" width=\"150\" height=\"70\" src=\"https:\/\/cdm-okna.pl\/wp-content\/uploads\/2021\/12\/RAL-9002-150x70.jpg\" class=\"attachment-thumbnail size-thumbnail\" alt=\"Probka koloru RAL 9002 - szary bia\u0142y.\" aria-describedby=\"gallery-6-9946\" \/><\/a>\n\t\t\t<\/div>\n\t\t\t\t<figcaption class='wp-caption-text gallery-caption' id='gallery-6-9946'>\n\t\t\t\tRAL 9002\n\t\t\t\t<\/figcaption><\/figure><figure class='gallery-item'>\n\t\t\t<div class='gallery-icon landscape'>\n\t\t\t\t<a data-elementor-open-lightbox=\"yes\" data-elementor-lightbox-slideshow=\"37d7f134\" data-elementor-lightbox-title=\"RAL 9003\" data-e-action-hash=\"#elementor-action%3Aaction%3Dlightbox%26settings%3DeyJpZCI6OTk0OCwidXJsIjoiaHR0cHM6XC9cL2NkbS1va25hLnBsXC93cC1jb250ZW50XC91cGxvYWRzXC8yMDIxXC8xMlwvUkFMLTkwMDMuanBnIiwic2xpZGVzaG93IjoiMzdkN2YxMzQifQ%3D%3D\" href='https:\/\/cdm-okna.pl\/wp-content\/uploads\/2021\/12\/RAL-9003.jpg'><img loading=\"lazy\" decoding=\"async\" width=\"150\" height=\"70\" src=\"https:\/\/cdm-okna.pl\/wp-content\/uploads\/2021\/12\/RAL-9003-150x70.jpg\" class=\"attachment-thumbnail size-thumbnail\" alt=\"Probka koloru RAL 9003 - bia\u0142y sygna\u0142owy.\" aria-describedby=\"gallery-6-9948\" \/><\/a>\n\t\t\t<\/div>\n\t\t\t\t<figcaption class='wp-caption-text gallery-caption' id='gallery-6-9948'>\n\t\t\t\tRAL 9003\n\t\t\t\t<\/figcaption><\/figure><figure class='gallery-item'>\n\t\t\t<div class='gallery-icon landscape'>\n\t\t\t\t<a data-elementor-open-lightbox=\"yes\" data-elementor-lightbox-slideshow=\"37d7f134\" data-elementor-lightbox-title=\"RAL 9004\" data-e-action-hash=\"#elementor-action%3Aaction%3Dlightbox%26settings%3DeyJpZCI6OTk1MCwidXJsIjoiaHR0cHM6XC9cL2NkbS1va25hLnBsXC93cC1jb250ZW50XC91cGxvYWRzXC8yMDIxXC8xMlwvUkFMLTkwMDQuanBnIiwic2xpZGVzaG93IjoiMzdkN2YxMzQifQ%3D%3D\" href='https:\/\/cdm-okna.pl\/wp-content\/uploads\/2021\/12\/RAL-9004.jpg'><img loading=\"lazy\" decoding=\"async\" width=\"150\" height=\"70\" src=\"https:\/\/cdm-okna.pl\/wp-content\/uploads\/2021\/12\/RAL-9004-150x70.jpg\" class=\"attachment-thumbnail size-thumbnail\" alt=\"Probka koloru RAL 9004 - czarny sygna\u0142owy.\" aria-describedby=\"gallery-6-9950\" \/><\/a>\n\t\t\t<\/div>\n\t\t\t\t<figcaption class='wp-caption-text gallery-caption' id='gallery-6-9950'>\n\t\t\t\tRAL 9004\n\t\t\t\t<\/figcaption><\/figure><figure class='gallery-item'>\n\t\t\t<div class='gallery-icon landscape'>\n\t\t\t\t<a data-elementor-open-lightbox=\"yes\" data-elementor-lightbox-slideshow=\"37d7f134\" data-elementor-lightbox-title=\"RAL 9005\" data-e-action-hash=\"#elementor-action%3Aaction%3Dlightbox%26settings%3DeyJpZCI6OTk1MiwidXJsIjoiaHR0cHM6XC9cL2NkbS1va25hLnBsXC93cC1jb250ZW50XC91cGxvYWRzXC8yMDIxXC8xMlwvUkFMLTkwMDUuanBnIiwic2xpZGVzaG93IjoiMzdkN2YxMzQifQ%3D%3D\" href='https:\/\/cdm-okna.pl\/wp-content\/uploads\/2021\/12\/RAL-9005.jpg'><img loading=\"lazy\" decoding=\"async\" width=\"150\" height=\"70\" src=\"https:\/\/cdm-okna.pl\/wp-content\/uploads\/2021\/12\/RAL-9005-150x70.jpg\" class=\"attachment-thumbnail size-thumbnail\" alt=\"Probka koloru RAL 9005 - czarna g\u0142\u0119boka.\" aria-describedby=\"gallery-6-9952\" \/><\/a>\n\t\t\t<\/div>\n\t\t\t\t<figcaption class='wp-caption-text gallery-caption' id='gallery-6-9952'>\n\t\t\t\tRAL 9005\n\t\t\t\t<\/figcaption><\/figure><figure class='gallery-item'>\n\t\t\t<div class='gallery-icon landscape'>\n\t\t\t\t<a data-elementor-open-lightbox=\"yes\" data-elementor-lightbox-slideshow=\"37d7f134\" data-elementor-lightbox-title=\"RAL 9010\" data-e-action-hash=\"#elementor-action%3Aaction%3Dlightbox%26settings%3DeyJpZCI6OTk1NCwidXJsIjoiaHR0cHM6XC9cL2NkbS1va25hLnBsXC93cC1jb250ZW50XC91cGxvYWRzXC8yMDIxXC8xMlwvUkFMLTkwMTAuanBnIiwic2xpZGVzaG93IjoiMzdkN2YxMzQifQ%3D%3D\" href='https:\/\/cdm-okna.pl\/wp-content\/uploads\/2021\/12\/RAL-9010.jpg'><img loading=\"lazy\" decoding=\"async\" width=\"150\" height=\"70\" src=\"https:\/\/cdm-okna.pl\/wp-content\/uploads\/2021\/12\/RAL-9010-150x70.jpg\" class=\"attachment-thumbnail size-thumbnail\" alt=\"Probka koloru RAL 9010 - bia\u0142y czysty.\" aria-describedby=\"gallery-6-9954\" \/><\/a>\n\t\t\t<\/div>\n\t\t\t\t<figcaption class='wp-caption-text gallery-caption' id='gallery-6-9954'>\n\t\t\t\tRAL 9010\n\t\t\t\t<\/figcaption><\/figure><figure class='gallery-item'>\n\t\t\t<div class='gallery-icon landscape'>\n\t\t\t\t<a data-elementor-open-lightbox=\"yes\" data-elementor-lightbox-slideshow=\"37d7f134\" data-elementor-lightbox-title=\"RAL 9011\" data-e-action-hash=\"#elementor-action%3Aaction%3Dlightbox%26settings%3DeyJpZCI6OTk1NiwidXJsIjoiaHR0cHM6XC9cL2NkbS1va25hLnBsXC93cC1jb250ZW50XC91cGxvYWRzXC8yMDIxXC8xMlwvUkFMLTkwMTEuanBnIiwic2xpZGVzaG93IjoiMzdkN2YxMzQifQ%3D%3D\" href='https:\/\/cdm-okna.pl\/wp-content\/uploads\/2021\/12\/RAL-9011.jpg'><img loading=\"lazy\" decoding=\"async\" width=\"150\" height=\"70\" src=\"https:\/\/cdm-okna.pl\/wp-content\/uploads\/2021\/12\/RAL-9011-150x70.jpg\" class=\"attachment-thumbnail size-thumbnail\" alt=\"Probka koloru RAL 9011 - grafitowy czarny.\" aria-describedby=\"gallery-6-9956\" \/><\/a>\n\t\t\t<\/div>\n\t\t\t\t<figcaption class='wp-caption-text gallery-caption' id='gallery-6-9956'>\n\t\t\t\tRAL 9011\n\t\t\t\t<\/figcaption><\/figure><figure class='gallery-item'>\n\t\t\t<div class='gallery-icon landscape'>\n\t\t\t\t<a data-elementor-open-lightbox=\"yes\" data-elementor-lightbox-slideshow=\"37d7f134\" data-elementor-lightbox-title=\"RAL 9016\" data-e-action-hash=\"#elementor-action%3Aaction%3Dlightbox%26settings%3DeyJpZCI6OTk1OCwidXJsIjoiaHR0cHM6XC9cL2NkbS1va25hLnBsXC93cC1jb250ZW50XC91cGxvYWRzXC8yMDIxXC8xMlwvUkFMLTkwMTYuanBnIiwic2xpZGVzaG93IjoiMzdkN2YxMzQifQ%3D%3D\" href='https:\/\/cdm-okna.pl\/wp-content\/uploads\/2021\/12\/RAL-9016.jpg'><img loading=\"lazy\" decoding=\"async\" width=\"150\" height=\"70\" src=\"https:\/\/cdm-okna.pl\/wp-content\/uploads\/2021\/12\/RAL-9016-150x70.jpg\" class=\"attachment-thumbnail size-thumbnail\" alt=\"Probka koloru RAL 9016 - bia\u0142y ruchu.\" aria-describedby=\"gallery-6-9958\" \/><\/a>\n\t\t\t<\/div>\n\t\t\t\t<figcaption class='wp-caption-text gallery-caption' id='gallery-6-9958'>\n\t\t\t\tRAL 9016\n\t\t\t\t<\/figcaption><\/figure><figure class='gallery-item'>\n\t\t\t<div class='gallery-icon landscape'>\n\t\t\t\t<a data-elementor-open-lightbox=\"yes\" data-elementor-lightbox-slideshow=\"37d7f134\" data-elementor-lightbox-title=\"RAL 9017\" data-e-action-hash=\"#elementor-action%3Aaction%3Dlightbox%26settings%3DeyJpZCI6OTk2MCwidXJsIjoiaHR0cHM6XC9cL2NkbS1va25hLnBsXC93cC1jb250ZW50XC91cGxvYWRzXC8yMDIxXC8xMlwvUkFMLTkwMTcuanBnIiwic2xpZGVzaG93IjoiMzdkN2YxMzQifQ%3D%3D\" href='https:\/\/cdm-okna.pl\/wp-content\/uploads\/2021\/12\/RAL-9017.jpg'><img loading=\"lazy\" decoding=\"async\" width=\"150\" height=\"70\" src=\"https:\/\/cdm-okna.pl\/wp-content\/uploads\/2021\/12\/RAL-9017-150x70.jpg\" class=\"attachment-thumbnail size-thumbnail\" alt=\"Probka koloru RAL 9017 - czarny ruchu.\" aria-describedby=\"gallery-6-9960\" \/><\/a>\n\t\t\t<\/div>\n\t\t\t\t<figcaption class='wp-caption-text gallery-caption' id='gallery-6-9960'>\n\t\t\t\tRAL 9017\n\t\t\t\t<\/figcaption><\/figure><figure class='gallery-item'>\n\t\t\t<div class='gallery-icon landscape'>\n\t\t\t\t<a data-elementor-open-lightbox=\"yes\" data-elementor-lightbox-slideshow=\"37d7f134\" data-elementor-lightbox-title=\"RAL 9018\" data-e-action-hash=\"#elementor-action%3Aaction%3Dlightbox%26settings%3DeyJpZCI6OTk2MiwidXJsIjoiaHR0cHM6XC9cL2NkbS1va25hLnBsXC93cC1jb250ZW50XC91cGxvYWRzXC8yMDIxXC8xMlwvUkFMLTkwMTguanBnIiwic2xpZGVzaG93IjoiMzdkN2YxMzQifQ%3D%3D\" href='https:\/\/cdm-okna.pl\/wp-content\/uploads\/2021\/12\/RAL-9018.jpg'><img loading=\"lazy\" decoding=\"async\" width=\"150\" height=\"70\" src=\"https:\/\/cdm-okna.pl\/wp-content\/uploads\/2021\/12\/RAL-9018-150x70.jpg\" class=\"attachment-thumbnail size-thumbnail\" alt=\"Probka koloru RAL 9018 - bia\u0142y trawertynowy.\" aria-describedby=\"gallery-6-9962\" \/><\/a>\n\t\t\t<\/div>\n\t\t\t\t<figcaption class='wp-caption-text gallery-caption' id='gallery-6-9962'>\n\t\t\t\tRAL 9018\n\t\t\t\t<\/figcaption><\/figure>\n\t\t<\/div>\n\t\t<\/div>\n\t\t\t\t<\/div>\n\t\t\t\t<\/div>\n\t\t\t\t\t<\/div>\n\t\t<\/div>\n\t\t\t\t\t\t\t<\/div>\n\t\t<\/section>\n\t\t\t\t\t\t<\/div>\n\t\t<\/div>\n\t\t\t\t\t\t\t\t\t<div class=\"elementor-tab-title elementor-tab-mobile-title\" aria-selected=\"false\" data-tab=\"3\" role=\"tab\" tabindex=\"-1\" aria-controls=\"elementor-tab-content-7223\" aria-expanded=\"false\">Transparent varnishes<\/div>\n\t\t\t\t\t<div id=\"elementor-tab-content-7223\" class=\"elementor-tab-content elementor-clearfix\" data-tab=\"3\" role=\"tabpanel\" aria-labelledby=\"elementor-tab-title-7223\" tabindex=\"0\" hidden=\"hidden\"><p style=\"text-align: center; padding-bottom: 40px !important;\">Since the method of taking a photo of a colour and its display on the monitor may vary, the presented colour hues should be considered as representative only.<\/p>\t\t<div data-elementor-type=\"section\" data-elementor-id=\"18019\" class=\"elementor elementor-18019 elementor-17901\" data-elementor-post-type=\"elementor_library\">\n\t\t\t\t\t\t\t\t<section class=\"elementor-section elementor-top-section elementor-element elementor-element-ee1db23 elementor-section-boxed elementor-section-height-default elementor-section-height-default\" data-id=\"ee1db23\" data-element_type=\"section\">\n\t\t\t\t\t\t<div class=\"elementor-container elementor-column-gap-default\">\n\t\t\t\t\t<div class=\"elementor-column elementor-col-100 elementor-top-column elementor-element elementor-element-129df45\" data-id=\"129df45\" data-element_type=\"column\">\n\t\t\t<div class=\"elementor-widget-wrap elementor-element-populated\">\n\t\t\t\t\t\t\t\t<section class=\"elementor-section elementor-inner-section elementor-element elementor-element-a1ec330 elementor-section-boxed elementor-section-height-default elementor-section-height-default\" data-id=\"a1ec330\" data-element_type=\"section\">\n\t\t\t\t\t\t<div class=\"elementor-container elementor-column-gap-default\">\n\t\t\t\t\t<div class=\"elementor-column elementor-col-50 elementor-inner-column elementor-element elementor-element-809cae1\" data-id=\"809cae1\" data-element_type=\"column\">\n\t\t\t<div class=\"elementor-widget-wrap elementor-element-populated\">\n\t\t\t\t\t\t\t\t<div class=\"elementor-element elementor-element-18a1558 elementor-widget elementor-widget-heading\" data-id=\"18a1558\" data-element_type=\"widget\" data-widget_type=\"heading.default\">\n\t\t\t\t<div class=\"elementor-widget-container\">\n\t\t\t<h6 class=\"elementor-heading-title elementor-size-default\">LARCH WOOD<\/h6>\t\t<\/div>\n\t\t\t\t<\/div>\n\t\t\t\t<div class=\"elementor-element elementor-element-67ca0e7 gallery-spacing-custom elementor-widget elementor-widget-image-gallery\" data-id=\"67ca0e7\" data-element_type=\"widget\" data-widget_type=\"image-gallery.default\">\n\t\t\t\t<div class=\"elementor-widget-container\">\n\t\t\t\t\t<div class=\"elementor-image-gallery\">\n\t\t\t<div id='gallery-7' class='gallery galleryid-12185 gallery-columns-4 gallery-size-thumbnail'><figure class='gallery-item'>\n\t\t\t<div class='gallery-icon landscape'>\n\t\t\t\t<a data-elementor-open-lightbox=\"yes\" data-elementor-lightbox-slideshow=\"67ca0e7\" data-elementor-lightbox-title=\"02_drewno modrzew _ lakier bezbarwny\" data-e-action-hash=\"#elementor-action%3Aaction%3Dlightbox%26settings%3DeyJpZCI6MTc5MzksInVybCI6Imh0dHBzOlwvXC9jZG0tb2tuYS5wbFwvd3AtY29udGVudFwvdXBsb2Fkc1wvMjAyNlwvMDFcLzAyX2RyZXduby1tb2RyemV3LV8tbGFraWVyLWJlemJhcndueS1yb3RhdGVkLmpwZyIsInNsaWRlc2hvdyI6IjY3Y2EwZTcifQ%3D%3D\" href='https:\/\/cdm-okna.pl\/wp-content\/uploads\/2026\/01\/02_drewno-modrzew-_-lakier-bezbarwny-rotated.jpg'><img loading=\"lazy\" decoding=\"async\" width=\"150\" height=\"150\" src=\"https:\/\/cdm-okna.pl\/wp-content\/uploads\/2026\/01\/02_drewno-modrzew-_-lakier-bezbarwny-150x150.jpg\" class=\"attachment-thumbnail size-thumbnail\" alt=\"Prostok\u0105tna pr\u00f3bka drewna w jasnym, naturalnym kolorze zabezpieczona lakierem bezbarwnym, prezentuj\u0105ca wyra\u017any i regularny uk\u0142ad s\u0142oj\u00f3w na czystym, bia\u0142ym tle.\" aria-describedby=\"gallery-7-17939\" \/><\/a>\n\t\t\t<\/div>\n\t\t\t\t<figcaption class='wp-caption-text gallery-caption' id='gallery-7-17939'>\n\t\t\t\tClear varnish\n\t\t\t\t<\/figcaption><\/figure>\n\t\t<\/div>\n\t\t<\/div>\n\t\t\t\t<\/div>\n\t\t\t\t<\/div>\n\t\t\t\t<div class=\"elementor-element elementor-element-accfd7f elementor-widget elementor-widget-heading\" data-id=\"accfd7f\" data-element_type=\"widget\" data-widget_type=\"heading.default\">\n\t\t\t\t<div class=\"elementor-widget-container\">\n\t\t\t<h6 class=\"elementor-heading-title elementor-size-default\">PINE WOOD<\/h6>\t\t<\/div>\n\t\t\t\t<\/div>\n\t\t\t\t<div class=\"elementor-element elementor-element-edc2a69 gallery-spacing-custom elementor-widget elementor-widget-image-gallery\" data-id=\"edc2a69\" data-element_type=\"widget\" data-widget_type=\"image-gallery.default\">\n\t\t\t\t<div class=\"elementor-widget-container\">\n\t\t\t\t\t<div class=\"elementor-image-gallery\">\n\t\t\t<div id='gallery-8' class='gallery galleryid-12185 gallery-columns-4 gallery-size-thumbnail'><figure class='gallery-item'>\n\t\t\t<div class='gallery-icon landscape'>\n\t\t\t\t<a data-elementor-open-lightbox=\"yes\" data-elementor-lightbox-slideshow=\"edc2a69\" data-elementor-lightbox-title=\"04_drewno sosna_ lakier bezbarwny\" data-e-action-hash=\"#elementor-action%3Aaction%3Dlightbox%26settings%3DeyJpZCI6MTc5NDUsInVybCI6Imh0dHBzOlwvXC9jZG0tb2tuYS5wbFwvd3AtY29udGVudFwvdXBsb2Fkc1wvMjAyNlwvMDFcLzA0X2RyZXduby1zb3NuYV8tbGFraWVyLWJlemJhcndueS1yb3RhdGVkLmpwZyIsInNsaWRlc2hvdyI6ImVkYzJhNjkifQ%3D%3D\" href='https:\/\/cdm-okna.pl\/wp-content\/uploads\/2026\/01\/04_drewno-sosna_-lakier-bezbarwny-rotated.jpg'><img loading=\"lazy\" decoding=\"async\" width=\"150\" height=\"150\" src=\"https:\/\/cdm-okna.pl\/wp-content\/uploads\/2026\/01\/04_drewno-sosna_-lakier-bezbarwny-150x150.jpg\" class=\"attachment-thumbnail size-thumbnail\" alt=\"Prostok\u0105tna pr\u00f3bka drewna w jasnym, naturalnym odcieniu zabezpieczona lakierem bezbarwnym, prezentuj\u0105ca wyra\u017any i regularny uk\u0142ad s\u0142oj\u00f3w na czystym, bia\u0142ym tle.\" aria-describedby=\"gallery-8-17945\" \/><\/a>\n\t\t\t<\/div>\n\t\t\t\t<figcaption class='wp-caption-text gallery-caption' id='gallery-8-17945'>\n\t\t\t\tClear varnish\n\t\t\t\t<\/figcaption><\/figure><figure class='gallery-item'>\n\t\t\t<div class='gallery-icon landscape'>\n\t\t\t\t<a data-elementor-open-lightbox=\"yes\" data-elementor-lightbox-slideshow=\"edc2a69\" data-elementor-lightbox-title=\"05_drewno sosna_ pinia\" data-e-action-hash=\"#elementor-action%3Aaction%3Dlightbox%26settings%3DeyJpZCI6MTc5NDgsInVybCI6Imh0dHBzOlwvXC9jZG0tb2tuYS5wbFwvd3AtY29udGVudFwvdXBsb2Fkc1wvMjAyNlwvMDFcLzA1X2RyZXduby1zb3NuYV8tcGluaWEtcm90YXRlZC5qcGciLCJzbGlkZXNob3ciOiJlZGMyYTY5In0%3D\" href='https:\/\/cdm-okna.pl\/wp-content\/uploads\/2026\/01\/05_drewno-sosna_-pinia-rotated.jpg'><img loading=\"lazy\" decoding=\"async\" width=\"150\" height=\"150\" src=\"https:\/\/cdm-okna.pl\/wp-content\/uploads\/2026\/01\/05_drewno-sosna_-pinia-150x150.jpg\" class=\"attachment-thumbnail size-thumbnail\" alt=\"Prostok\u0105tna pr\u00f3bka drewna w ciep\u0142ym, miodowym odcieniu pinii z wyra\u017anym uk\u0142adem ciemniejszych, poziomych pas\u00f3w us\u0142ojenia, zaprezentowana na jasnym tle.\" aria-describedby=\"gallery-8-17948\" \/><\/a>\n\t\t\t<\/div>\n\t\t\t\t<figcaption class='wp-caption-text gallery-caption' id='gallery-8-17948'>\n\t\t\t\tPinia\n\t\t\t\t<\/figcaption><\/figure><figure class='gallery-item'>\n\t\t\t<div class='gallery-icon landscape'>\n\t\t\t\t<a data-elementor-open-lightbox=\"yes\" data-elementor-lightbox-slideshow=\"edc2a69\" data-elementor-lightbox-title=\"06_drewno sosna_ cyprys\" data-e-action-hash=\"#elementor-action%3Aaction%3Dlightbox%26settings%3DeyJpZCI6MTc5NTEsInVybCI6Imh0dHBzOlwvXC9jZG0tb2tuYS5wbFwvd3AtY29udGVudFwvdXBsb2Fkc1wvMjAyNlwvMDFcLzA2X2RyZXduby1zb3NuYV8tY3lwcnlzLXJvdGF0ZWQuanBnIiwic2xpZGVzaG93IjoiZWRjMmE2OSJ9\" href='https:\/\/cdm-okna.pl\/wp-content\/uploads\/2026\/01\/06_drewno-sosna_-cyprys-rotated.jpg'><img loading=\"lazy\" decoding=\"async\" width=\"150\" height=\"150\" src=\"https:\/\/cdm-okna.pl\/wp-content\/uploads\/2026\/01\/06_drewno-sosna_-cyprys-150x150.jpg\" class=\"attachment-thumbnail size-thumbnail\" alt=\"Prostok\u0105tna pr\u00f3bka drewna w jasnym, piaskowym odcieniu cyprysu z g\u0119stym, drobnym us\u0142ojeniem biegn\u0105cym poziomo, zaprezentowana na czystym, bia\u0142ym tle.\" aria-describedby=\"gallery-8-17951\" \/><\/a>\n\t\t\t<\/div>\n\t\t\t\t<figcaption class='wp-caption-text gallery-caption' id='gallery-8-17951'>\n\t\t\t\tCypress\n\t\t\t\t<\/figcaption><\/figure><figure class='gallery-item'>\n\t\t\t<div class='gallery-icon landscape'>\n\t\t\t\t<a data-elementor-open-lightbox=\"yes\" data-elementor-lightbox-slideshow=\"edc2a69\" data-elementor-lightbox-title=\"10_drewno sosna_ kasztan\" data-e-action-hash=\"#elementor-action%3Aaction%3Dlightbox%26settings%3DeyJpZCI6MTc5NjMsInVybCI6Imh0dHBzOlwvXC9jZG0tb2tuYS5wbFwvd3AtY29udGVudFwvdXBsb2Fkc1wvMjAyNlwvMDFcLzEwX2RyZXduby1zb3NuYV8ta2FzenRhbi1yb3RhdGVkLmpwZyIsInNsaWRlc2hvdyI6ImVkYzJhNjkifQ%3D%3D\" href='https:\/\/cdm-okna.pl\/wp-content\/uploads\/2026\/01\/10_drewno-sosna_-kasztan-rotated.jpg'><img loading=\"lazy\" decoding=\"async\" width=\"150\" height=\"150\" src=\"https:\/\/cdm-okna.pl\/wp-content\/uploads\/2026\/01\/10_drewno-sosna_-kasztan-150x150.jpg\" class=\"attachment-thumbnail size-thumbnail\" alt=\"\" aria-describedby=\"gallery-8-17963\" \/><\/a>\n\t\t\t<\/div>\n\t\t\t\t<figcaption class='wp-caption-text gallery-caption' id='gallery-8-17963'>\n\t\t\t\tChestnut\n\t\t\t\t<\/figcaption><\/figure><figure class='gallery-item'>\n\t\t\t<div class='gallery-icon landscape'>\n\t\t\t\t<a data-elementor-open-lightbox=\"yes\" data-elementor-lightbox-slideshow=\"edc2a69\" data-elementor-lightbox-title=\"11_drewno sosna_ dab\" data-e-action-hash=\"#elementor-action%3Aaction%3Dlightbox%26settings%3DeyJpZCI6MTc5NjYsInVybCI6Imh0dHBzOlwvXC9jZG0tb2tuYS5wbFwvd3AtY29udGVudFwvdXBsb2Fkc1wvMjAyNlwvMDFcLzExX2RyZXduby1zb3NuYV8tZGFiLXJvdGF0ZWQuanBnIiwic2xpZGVzaG93IjoiZWRjMmE2OSJ9\" href='https:\/\/cdm-okna.pl\/wp-content\/uploads\/2026\/01\/11_drewno-sosna_-dab-rotated.jpg'><img loading=\"lazy\" decoding=\"async\" width=\"150\" height=\"150\" src=\"https:\/\/cdm-okna.pl\/wp-content\/uploads\/2026\/01\/11_drewno-sosna_-dab-150x150.jpg\" class=\"attachment-thumbnail size-thumbnail\" alt=\"\" aria-describedby=\"gallery-8-17966\" \/><\/a>\n\t\t\t<\/div>\n\t\t\t\t<figcaption class='wp-caption-text gallery-caption' id='gallery-8-17966'>\n\t\t\t\tOak\n\t\t\t\t<\/figcaption><\/figure><figure class='gallery-item'>\n\t\t\t<div class='gallery-icon landscape'>\n\t\t\t\t<a data-elementor-open-lightbox=\"yes\" data-elementor-lightbox-slideshow=\"edc2a69\" data-elementor-lightbox-title=\"12_drewno sosna_ mocha\" data-e-action-hash=\"#elementor-action%3Aaction%3Dlightbox%26settings%3DeyJpZCI6MTc5NjksInVybCI6Imh0dHBzOlwvXC9jZG0tb2tuYS5wbFwvd3AtY29udGVudFwvdXBsb2Fkc1wvMjAyNlwvMDFcLzEyX2RyZXduby1zb3NuYV8tbW9jaGEtcm90YXRlZC5qcGciLCJzbGlkZXNob3ciOiJlZGMyYTY5In0%3D\" href='https:\/\/cdm-okna.pl\/wp-content\/uploads\/2026\/01\/12_drewno-sosna_-mocha-rotated.jpg'><img loading=\"lazy\" decoding=\"async\" width=\"150\" height=\"150\" src=\"https:\/\/cdm-okna.pl\/wp-content\/uploads\/2026\/01\/12_drewno-sosna_-mocha-150x150.jpg\" class=\"attachment-thumbnail size-thumbnail\" alt=\"\" aria-describedby=\"gallery-8-17969\" \/><\/a>\n\t\t\t<\/div>\n\t\t\t\t<figcaption class='wp-caption-text gallery-caption' id='gallery-8-17969'>\n\t\t\t\tMocha\n\t\t\t\t<\/figcaption><\/figure><figure class='gallery-item'>\n\t\t\t<div class='gallery-icon landscape'>\n\t\t\t\t<a data-elementor-open-lightbox=\"yes\" data-elementor-lightbox-slideshow=\"edc2a69\" data-elementor-lightbox-title=\"16_drewno sosna_ orzech\" data-e-action-hash=\"#elementor-action%3Aaction%3Dlightbox%26settings%3DeyJpZCI6MTc5ODEsInVybCI6Imh0dHBzOlwvXC9jZG0tb2tuYS5wbFwvd3AtY29udGVudFwvdXBsb2Fkc1wvMjAyNlwvMDFcLzE2X2RyZXduby1zb3NuYV8tb3J6ZWNoLXJvdGF0ZWQuanBnIiwic2xpZGVzaG93IjoiZWRjMmE2OSJ9\" href='https:\/\/cdm-okna.pl\/wp-content\/uploads\/2026\/01\/16_drewno-sosna_-orzech-rotated.jpg'><img loading=\"lazy\" decoding=\"async\" width=\"150\" height=\"150\" src=\"https:\/\/cdm-okna.pl\/wp-content\/uploads\/2026\/01\/16_drewno-sosna_-orzech-150x150.jpg\" class=\"attachment-thumbnail size-thumbnail\" alt=\"\" aria-describedby=\"gallery-8-17981\" \/><\/a>\n\t\t\t<\/div>\n\t\t\t\t<figcaption class='wp-caption-text gallery-caption' id='gallery-8-17981'>\n\t\t\t\tNut\n\t\t\t\t<\/figcaption><\/figure><figure class='gallery-item'>\n\t\t\t<div class='gallery-icon landscape'>\n\t\t\t\t<a data-elementor-open-lightbox=\"yes\" data-elementor-lightbox-slideshow=\"edc2a69\" data-elementor-lightbox-title=\"17_drewno sosna_ afromozja\" data-e-action-hash=\"#elementor-action%3Aaction%3Dlightbox%26settings%3DeyJpZCI6MTc5ODQsInVybCI6Imh0dHBzOlwvXC9jZG0tb2tuYS5wbFwvd3AtY29udGVudFwvdXBsb2Fkc1wvMjAyNlwvMDFcLzE3X2RyZXduby1zb3NuYV8tYWZyb21vemphLXJvdGF0ZWQuanBnIiwic2xpZGVzaG93IjoiZWRjMmE2OSJ9\" href='https:\/\/cdm-okna.pl\/wp-content\/uploads\/2026\/01\/17_drewno-sosna_-afromozja-rotated.jpg'><img loading=\"lazy\" decoding=\"async\" width=\"150\" height=\"150\" src=\"https:\/\/cdm-okna.pl\/wp-content\/uploads\/2026\/01\/17_drewno-sosna_-afromozja-150x150.jpg\" class=\"attachment-thumbnail size-thumbnail\" alt=\"\" aria-describedby=\"gallery-8-17984\" \/><\/a>\n\t\t\t<\/div>\n\t\t\t\t<figcaption class='wp-caption-text gallery-caption' id='gallery-8-17984'>\n\t\t\t\tAfromosia\n\t\t\t\t<\/figcaption><\/figure><figure class='gallery-item'>\n\t\t\t<div class='gallery-icon landscape'>\n\t\t\t\t<a data-elementor-open-lightbox=\"yes\" data-elementor-lightbox-slideshow=\"edc2a69\" data-elementor-lightbox-title=\"18_drewno sosna_ wenge\" data-e-action-hash=\"#elementor-action%3Aaction%3Dlightbox%26settings%3DeyJpZCI6MTc5MDMsInVybCI6Imh0dHBzOlwvXC9jZG0tb2tuYS5wbFwvd3AtY29udGVudFwvdXBsb2Fkc1wvMjAyNlwvMDFcLzE4X2RyZXduby1zb3NuYV8td2VuZ2Utcm90YXRlZC5qcGciLCJzbGlkZXNob3ciOiJlZGMyYTY5In0%3D\" href='https:\/\/cdm-okna.pl\/wp-content\/uploads\/2026\/01\/18_drewno-sosna_-wenge-rotated.jpg'><img loading=\"lazy\" decoding=\"async\" width=\"150\" height=\"150\" src=\"https:\/\/cdm-okna.pl\/wp-content\/uploads\/2026\/01\/18_drewno-sosna_-wenge-150x150.jpg\" class=\"attachment-thumbnail size-thumbnail\" alt=\"Prostok\u0105tny fragment profilu okiennego lub drzwiowego w ciemnym, czekoladowym kolorze Wenge o delikatnie zarysowanej strukturze drewna, przedstawiony na jasnym tle.\" aria-describedby=\"gallery-8-17903\" \/><\/a>\n\t\t\t<\/div>\n\t\t\t\t<figcaption class='wp-caption-text gallery-caption' id='gallery-8-17903'>\n\t\t\t\tWenge\n\t\t\t\t<\/figcaption><\/figure><figure class='gallery-item'>\n\t\t\t<div class='gallery-icon landscape'>\n\t\t\t\t<a data-elementor-open-lightbox=\"yes\" data-elementor-lightbox-slideshow=\"edc2a69\" data-elementor-lightbox-title=\"22_drewno sosna_ acajou\" data-e-action-hash=\"#elementor-action%3Aaction%3Dlightbox%26settings%3DeyJpZCI6MTc5MTUsInVybCI6Imh0dHBzOlwvXC9jZG0tb2tuYS5wbFwvd3AtY29udGVudFwvdXBsb2Fkc1wvMjAyNlwvMDFcLzIyX2RyZXduby1zb3NuYV8tYWNham91LXJvdGF0ZWQuanBnIiwic2xpZGVzaG93IjoiZWRjMmE2OSJ9\" href='https:\/\/cdm-okna.pl\/wp-content\/uploads\/2026\/01\/22_drewno-sosna_-acajou-rotated.jpg'><img loading=\"lazy\" decoding=\"async\" width=\"150\" height=\"150\" src=\"https:\/\/cdm-okna.pl\/wp-content\/uploads\/2026\/01\/22_drewno-sosna_-acajou-150x150.jpg\" class=\"attachment-thumbnail size-thumbnail\" alt=\"Prostok\u0105tna pr\u00f3bka drewna w ciep\u0142ym, czerwonobr\u0105zowym odcieniu mahoniu, prezentuj\u0105ca g\u0142adk\u0105 struktur\u0119 z delikatnie zarysowanym rysunkiem s\u0142oj\u00f3w na czystym, bia\u0142ym tle.\" aria-describedby=\"gallery-8-17915\" \/><\/a>\n\t\t\t<\/div>\n\t\t\t\t<figcaption class='wp-caption-text gallery-caption' id='gallery-8-17915'>\n\t\t\t\tAcajou\n\t\t\t\t<\/figcaption><\/figure><figure class='gallery-item'>\n\t\t\t<div class='gallery-icon landscape'>\n\t\t\t\t<a data-elementor-open-lightbox=\"yes\" data-elementor-lightbox-slideshow=\"edc2a69\" data-elementor-lightbox-title=\"23_drewno sosna_ ciemny orzech\" data-e-action-hash=\"#elementor-action%3Aaction%3Dlightbox%26settings%3DeyJpZCI6MTc5MTgsInVybCI6Imh0dHBzOlwvXC9jZG0tb2tuYS5wbFwvd3AtY29udGVudFwvdXBsb2Fkc1wvMjAyNlwvMDFcLzIzX2RyZXduby1zb3NuYV8tY2llbW55LW9yemVjaC1yb3RhdGVkLmpwZyIsInNsaWRlc2hvdyI6ImVkYzJhNjkifQ%3D%3D\" href='https:\/\/cdm-okna.pl\/wp-content\/uploads\/2026\/01\/23_drewno-sosna_-ciemny-orzech-rotated.jpg'><img loading=\"lazy\" decoding=\"async\" width=\"150\" height=\"150\" src=\"https:\/\/cdm-okna.pl\/wp-content\/uploads\/2026\/01\/23_drewno-sosna_-ciemny-orzech-150x150.jpg\" class=\"attachment-thumbnail size-thumbnail\" alt=\"Prostok\u0105tna pr\u00f3bka drewna w g\u0142\u0119bokim, ciemnobr\u0105zowym odcieniu orzecha z wyra\u017anie zarysowan\u0105 struktur\u0105 s\u0142oj\u00f3w i naturalnymi \u017c\u0142obieniami, przedstawiona w orientacji poziomej na bia\u0142ym tle.\" aria-describedby=\"gallery-8-17918\" \/><\/a>\n\t\t\t<\/div>\n\t\t\t\t<figcaption class='wp-caption-text gallery-caption' id='gallery-8-17918'>\n\t\t\t\tDark walnut\n\t\t\t\t<\/figcaption><\/figure><figure class='gallery-item'>\n\t\t\t<div class='gallery-icon landscape'>\n\t\t\t\t<a data-elementor-open-lightbox=\"yes\" data-elementor-lightbox-slideshow=\"edc2a69\" data-elementor-lightbox-title=\"24_drewno sosna_ ash gray\" data-e-action-hash=\"#elementor-action%3Aaction%3Dlightbox%26settings%3DeyJpZCI6MTc5MjEsInVybCI6Imh0dHBzOlwvXC9jZG0tb2tuYS5wbFwvd3AtY29udGVudFwvdXBsb2Fkc1wvMjAyNlwvMDFcLzI0X2RyZXduby1zb3NuYV8tYXNoLWdyYXktcm90YXRlZC5qcGciLCJzbGlkZXNob3ciOiJlZGMyYTY5In0%3D\" href='https:\/\/cdm-okna.pl\/wp-content\/uploads\/2026\/01\/24_drewno-sosna_-ash-gray-rotated.jpg'><img loading=\"lazy\" decoding=\"async\" width=\"150\" height=\"150\" src=\"https:\/\/cdm-okna.pl\/wp-content\/uploads\/2026\/01\/24_drewno-sosna_-ash-gray-150x150.jpg\" class=\"attachment-thumbnail size-thumbnail\" alt=\"Prostok\u0105tna pr\u00f3bka drewna w ch\u0142odnym, ciemnoszarym odcieniu antracytu z wyra\u017anie zarysowan\u0105, porowat\u0105 struktur\u0105 powierzchni, zaprezentowana w orientacji poziomej na bia\u0142ym tle.\" aria-describedby=\"gallery-8-17921\" \/><\/a>\n\t\t\t<\/div>\n\t\t\t\t<figcaption class='wp-caption-text gallery-caption' id='gallery-8-17921'>\n\t\t\t\tAsh gray\n\t\t\t\t<\/figcaption><\/figure><figure class='gallery-item'>\n\t\t\t<div class='gallery-icon landscape'>\n\t\t\t\t<a data-elementor-open-lightbox=\"yes\" data-elementor-lightbox-slideshow=\"edc2a69\" data-elementor-lightbox-title=\"25_drewno sosna_ chocolate\" data-e-action-hash=\"#elementor-action%3Aaction%3Dlightbox%26settings%3DeyJpZCI6MTc5MjQsInVybCI6Imh0dHBzOlwvXC9jZG0tb2tuYS5wbFwvd3AtY29udGVudFwvdXBsb2Fkc1wvMjAyNlwvMDFcLzI1X2RyZXduby1zb3NuYV8tY2hvY29sYXRlLXJvdGF0ZWQuanBnIiwic2xpZGVzaG93IjoiZWRjMmE2OSJ9\" href='https:\/\/cdm-okna.pl\/wp-content\/uploads\/2026\/01\/25_drewno-sosna_-chocolate-rotated.jpg'><img loading=\"lazy\" decoding=\"async\" width=\"150\" height=\"150\" src=\"https:\/\/cdm-okna.pl\/wp-content\/uploads\/2026\/01\/25_drewno-sosna_-chocolate-150x150.jpg\" class=\"attachment-thumbnail size-thumbnail\" alt=\"Prostok\u0105tna pr\u00f3bka drewna w g\u0142\u0119bokim, czekoladowym odcieniu br\u0105zu z subtelnie zarysowan\u0105 struktur\u0105 poziomych pas\u00f3w i s\u0142oj\u00f3w, zaprezentowana na bia\u0142ym tle.\" aria-describedby=\"gallery-8-17924\" \/><\/a>\n\t\t\t<\/div>\n\t\t\t\t<figcaption class='wp-caption-text gallery-caption' id='gallery-8-17924'>\n\t\t\t\tChocolate\n\t\t\t\t<\/figcaption><\/figure><figure class='gallery-item'>\n\t\t\t<div class='gallery-icon landscape'>\n\t\t\t\t<a data-elementor-open-lightbox=\"yes\" data-elementor-lightbox-slideshow=\"edc2a69\" data-elementor-lightbox-title=\"28_drewno sosna_ kempas\" data-e-action-hash=\"#elementor-action%3Aaction%3Dlightbox%26settings%3DeyJpZCI6MTc5MzMsInVybCI6Imh0dHBzOlwvXC9jZG0tb2tuYS5wbFwvd3AtY29udGVudFwvdXBsb2Fkc1wvMjAyNlwvMDFcLzI4X2RyZXduby1zb3NuYV8ta2VtcGFzLXJvdGF0ZWQuanBnIiwic2xpZGVzaG93IjoiZWRjMmE2OSJ9\" href='https:\/\/cdm-okna.pl\/wp-content\/uploads\/2026\/01\/28_drewno-sosna_-kempas-rotated.jpg'><img loading=\"lazy\" decoding=\"async\" width=\"150\" height=\"150\" src=\"https:\/\/cdm-okna.pl\/wp-content\/uploads\/2026\/01\/28_drewno-sosna_-kempas-150x150.jpg\" class=\"attachment-thumbnail size-thumbnail\" alt=\"Prostok\u0105tna pr\u00f3bka drewna w ciep\u0142ym, ceglasto-br\u0105zowym odcieniu Kempas o wyra\u017anej, porowatej strukturze i g\u0119stym us\u0142ojeniu, przedstawiona na bia\u0142ym tle.\" aria-describedby=\"gallery-8-17933\" \/><\/a>\n\t\t\t<\/div>\n\t\t\t\t<figcaption class='wp-caption-text gallery-caption' id='gallery-8-17933'>\n\t\t\t\tKempas\n\t\t\t\t<\/figcaption><\/figure>\n\t\t<\/div>\n\t\t<\/div>\n\t\t\t\t<\/div>\n\t\t\t\t<\/div>\n\t\t\t\t\t<\/div>\n\t\t<\/div>\n\t\t\t\t<div class=\"elementor-column elementor-col-50 elementor-inner-column elementor-element elementor-element-9f5b65d\" data-id=\"9f5b65d\" data-element_type=\"column\">\n\t\t\t<div class=\"elementor-widget-wrap elementor-element-populated\">\n\t\t\t\t\t\t\t\t<div class=\"elementor-element elementor-element-f67af47 elementor-widget elementor-widget-heading\" data-id=\"f67af47\" data-element_type=\"widget\" data-widget_type=\"heading.default\">\n\t\t\t\t<div class=\"elementor-widget-container\">\n\t\t\t<h6 class=\"elementor-heading-title elementor-size-default\">OAK WOOD<\/h6>\t\t<\/div>\n\t\t\t\t<\/div>\n\t\t\t\t<div class=\"elementor-element elementor-element-f381c83 gallery-spacing-custom elementor-widget elementor-widget-image-gallery\" data-id=\"f381c83\" data-element_type=\"widget\" data-widget_type=\"image-gallery.default\">\n\t\t\t\t<div class=\"elementor-widget-container\">\n\t\t\t\t\t<div class=\"elementor-image-gallery\">\n\t\t\t<div id='gallery-9' class='gallery galleryid-12185 gallery-columns-4 gallery-size-thumbnail'><figure class='gallery-item'>\n\t\t\t<div class='gallery-icon landscape'>\n\t\t\t\t<a data-elementor-open-lightbox=\"yes\" data-elementor-lightbox-slideshow=\"f381c83\" data-elementor-lightbox-title=\"01_drewno dab _ lakier bezbarwny\" data-e-action-hash=\"#elementor-action%3Aaction%3Dlightbox%26settings%3DeyJpZCI6MTc5MzYsInVybCI6Imh0dHBzOlwvXC9jZG0tb2tuYS5wbFwvd3AtY29udGVudFwvdXBsb2Fkc1wvMjAyNlwvMDFcLzAxX2RyZXduby1kYWItXy1sYWtpZXItYmV6YmFyd255LXJvdGF0ZWQtZTE3NjkwNzkwNjU5MzMuanBnIiwic2xpZGVzaG93IjoiZjM4MWM4MyJ9\" href='https:\/\/cdm-okna.pl\/wp-content\/uploads\/2026\/01\/01_drewno-dab-_-lakier-bezbarwny-rotated-e1769079065933.jpg'><img loading=\"lazy\" decoding=\"async\" width=\"150\" height=\"150\" src=\"https:\/\/cdm-okna.pl\/wp-content\/uploads\/2026\/01\/01_drewno-dab-_-lakier-bezbarwny-150x150.jpg\" class=\"attachment-thumbnail size-thumbnail\" alt=\"Prostok\u0105tna pr\u00f3bka drewna w jasnym, naturalnym kolorze zabezpieczona lakierem bezbarwnym, prezentuj\u0105ca wyra\u017any i regularny uk\u0142ad s\u0142oj\u00f3w na bia\u0142ym tle.\" aria-describedby=\"gallery-9-17936\" \/><\/a>\n\t\t\t<\/div>\n\t\t\t\t<figcaption class='wp-caption-text gallery-caption' id='gallery-9-17936'>\n\t\t\t\tClear varnish\n\t\t\t\t<\/figcaption><\/figure>\n\t\t<\/div>\n\t\t<\/div>\n\t\t\t\t<\/div>\n\t\t\t\t<\/div>\n\t\t\t\t<div class=\"elementor-element elementor-element-639b18c elementor-widget elementor-widget-heading\" data-id=\"639b18c\" data-element_type=\"widget\" data-widget_type=\"heading.default\">\n\t\t\t\t<div class=\"elementor-widget-container\">\n\t\t\t<h6 class=\"elementor-heading-title elementor-size-default\">MERANTI TREE<\/h6>\t\t<\/div>\n\t\t\t\t<\/div>\n\t\t\t\t<div class=\"elementor-element elementor-element-c527c14 gallery-spacing-custom elementor-widget elementor-widget-image-gallery\" data-id=\"c527c14\" data-element_type=\"widget\" data-widget_type=\"image-gallery.default\">\n\t\t\t\t<div class=\"elementor-widget-container\">\n\t\t\t\t\t<div class=\"elementor-image-gallery\">\n\t\t\t<div id='gallery-10' class='gallery galleryid-12185 gallery-columns-4 gallery-size-thumbnail'><figure class='gallery-item'>\n\t\t\t<div class='gallery-icon landscape'>\n\t\t\t\t<a data-elementor-open-lightbox=\"yes\" data-elementor-lightbox-slideshow=\"c527c14\" data-elementor-lightbox-title=\"03_drewno meranti_ cyprys\" data-e-action-hash=\"#elementor-action%3Aaction%3Dlightbox%26settings%3DeyJpZCI6MTc5NDIsInVybCI6Imh0dHBzOlwvXC9jZG0tb2tuYS5wbFwvd3AtY29udGVudFwvdXBsb2Fkc1wvMjAyNlwvMDFcLzAzX2RyZXduby1tZXJhbnRpXy1jeXByeXMtcm90YXRlZC5qcGciLCJzbGlkZXNob3ciOiJjNTI3YzE0In0%3D\" href='https:\/\/cdm-okna.pl\/wp-content\/uploads\/2026\/01\/03_drewno-meranti_-cyprys-rotated.jpg'><img loading=\"lazy\" decoding=\"async\" width=\"150\" height=\"150\" src=\"https:\/\/cdm-okna.pl\/wp-content\/uploads\/2026\/01\/03_drewno-meranti_-cyprys-150x150.jpg\" class=\"attachment-thumbnail size-thumbnail\" alt=\"Prostok\u0105tna pr\u00f3bka drewna w jasnym, piaskowym odcieniu cyprysu z g\u0119stym, drobnym us\u0142ojeniem biegn\u0105cym poziomo, zaprezentowana na czystym, bia\u0142ym tle.\" aria-describedby=\"gallery-10-17942\" \/><\/a>\n\t\t\t<\/div>\n\t\t\t\t<figcaption class='wp-caption-text gallery-caption' id='gallery-10-17942'>\n\t\t\t\tCypress\n\t\t\t\t<\/figcaption><\/figure><figure class='gallery-item'>\n\t\t\t<div class='gallery-icon landscape'>\n\t\t\t\t<a data-elementor-open-lightbox=\"yes\" data-elementor-lightbox-slideshow=\"c527c14\" data-elementor-lightbox-title=\"07_drewno meranti_ kasztan\" data-e-action-hash=\"#elementor-action%3Aaction%3Dlightbox%26settings%3DeyJpZCI6MTc5NTQsInVybCI6Imh0dHBzOlwvXC9jZG0tb2tuYS5wbFwvd3AtY29udGVudFwvdXBsb2Fkc1wvMjAyNlwvMDFcLzA3X2RyZXduby1tZXJhbnRpXy1rYXN6dGFuLXJvdGF0ZWQuanBnIiwic2xpZGVzaG93IjoiYzUyN2MxNCJ9\" href='https:\/\/cdm-okna.pl\/wp-content\/uploads\/2026\/01\/07_drewno-meranti_-kasztan-rotated.jpg'><img loading=\"lazy\" decoding=\"async\" width=\"150\" height=\"150\" src=\"https:\/\/cdm-okna.pl\/wp-content\/uploads\/2026\/01\/07_drewno-meranti_-kasztan-150x150.jpg\" class=\"attachment-thumbnail size-thumbnail\" alt=\"Prostok\u0105tna pr\u00f3bka drewna w ciep\u0142ym, \u015bredniobr\u0105zowym odcieniu kasztana z wyra\u017anie zaznaczon\u0105, porowat\u0105 struktur\u0105 powierzchni i poziomym uk\u0142adem s\u0142oj\u00f3w, zaprezentowana na jasnym tle.\" aria-describedby=\"gallery-10-17954\" \/><\/a>\n\t\t\t<\/div>\n\t\t\t\t<figcaption class='wp-caption-text gallery-caption' id='gallery-10-17954'>\n\t\t\t\tChestnut\n\t\t\t\t<\/figcaption><\/figure><figure class='gallery-item'>\n\t\t\t<div class='gallery-icon landscape'>\n\t\t\t\t<a data-elementor-open-lightbox=\"yes\" data-elementor-lightbox-slideshow=\"c527c14\" data-elementor-lightbox-title=\"08_drewno meranti_ dab\" data-e-action-hash=\"#elementor-action%3Aaction%3Dlightbox%26settings%3DeyJpZCI6MTc5NTcsInVybCI6Imh0dHBzOlwvXC9jZG0tb2tuYS5wbFwvd3AtY29udGVudFwvdXBsb2Fkc1wvMjAyNlwvMDFcLzA4X2RyZXduby1tZXJhbnRpXy1kYWItcm90YXRlZC5qcGciLCJzbGlkZXNob3ciOiJjNTI3YzE0In0%3D\" href='https:\/\/cdm-okna.pl\/wp-content\/uploads\/2026\/01\/08_drewno-meranti_-dab-rotated.jpg'><img loading=\"lazy\" decoding=\"async\" width=\"150\" height=\"150\" src=\"https:\/\/cdm-okna.pl\/wp-content\/uploads\/2026\/01\/08_drewno-meranti_-dab-150x150.jpg\" class=\"attachment-thumbnail size-thumbnail\" alt=\"Prostok\u0105tna pr\u00f3bka drewna w naturalnym, jasnobe\u017cowym kolorze d\u0119bu z wyra\u017anie zarysowanym, d\u0142ugim us\u0142ojeniem biegn\u0105cym poziomo, zaprezentowana na czystym, bia\u0142ym tle.\" aria-describedby=\"gallery-10-17957\" \/><\/a>\n\t\t\t<\/div>\n\t\t\t\t<figcaption class='wp-caption-text gallery-caption' id='gallery-10-17957'>\n\t\t\t\tOak\n\t\t\t\t<\/figcaption><\/figure><figure class='gallery-item'>\n\t\t\t<div class='gallery-icon landscape'>\n\t\t\t\t<a data-elementor-open-lightbox=\"yes\" data-elementor-lightbox-slideshow=\"c527c14\" data-elementor-lightbox-title=\"09_drewno meranti _ mocha\" data-e-action-hash=\"#elementor-action%3Aaction%3Dlightbox%26settings%3DeyJpZCI6MTc5NjAsInVybCI6Imh0dHBzOlwvXC9jZG0tb2tuYS5wbFwvd3AtY29udGVudFwvdXBsb2Fkc1wvMjAyNlwvMDFcLzA5X2RyZXduby1tZXJhbnRpLV8tbW9jaGEtcm90YXRlZC5qcGciLCJzbGlkZXNob3ciOiJjNTI3YzE0In0%3D\" href='https:\/\/cdm-okna.pl\/wp-content\/uploads\/2026\/01\/09_drewno-meranti-_-mocha-rotated.jpg'><img loading=\"lazy\" decoding=\"async\" width=\"150\" height=\"150\" src=\"https:\/\/cdm-okna.pl\/wp-content\/uploads\/2026\/01\/09_drewno-meranti-_-mocha-150x150.jpg\" class=\"attachment-thumbnail size-thumbnail\" alt=\"Prostok\u0105tna pr\u00f3bka drewna w g\u0142\u0119bokim, stonowanym odcieniu br\u0105zu mocha, wykazuj\u0105ca delikatn\u0105 struktur\u0119 s\u0142oj\u00f3w i satynowe wyko\u0144czenie, zaprezentowana na jasnym tle.\" aria-describedby=\"gallery-10-17960\" \/><\/a>\n\t\t\t<\/div>\n\t\t\t\t<figcaption class='wp-caption-text gallery-caption' id='gallery-10-17960'>\n\t\t\t\tMocha\n\t\t\t\t<\/figcaption><\/figure><figure class='gallery-item'>\n\t\t\t<div class='gallery-icon landscape'>\n\t\t\t\t<a data-elementor-open-lightbox=\"yes\" data-elementor-lightbox-slideshow=\"c527c14\" data-elementor-lightbox-title=\"13_drewno meranti _ orzech\" data-e-action-hash=\"#elementor-action%3Aaction%3Dlightbox%26settings%3DeyJpZCI6MTc5NzIsInVybCI6Imh0dHBzOlwvXC9jZG0tb2tuYS5wbFwvd3AtY29udGVudFwvdXBsb2Fkc1wvMjAyNlwvMDFcLzEzX2RyZXduby1tZXJhbnRpLV8tb3J6ZWNoLXJvdGF0ZWQuanBnIiwic2xpZGVzaG93IjoiYzUyN2MxNCJ9\" href='https:\/\/cdm-okna.pl\/wp-content\/uploads\/2026\/01\/13_drewno-meranti-_-orzech-rotated.jpg'><img loading=\"lazy\" decoding=\"async\" width=\"150\" height=\"150\" src=\"https:\/\/cdm-okna.pl\/wp-content\/uploads\/2026\/01\/13_drewno-meranti-_-orzech-150x150.jpg\" class=\"attachment-thumbnail size-thumbnail\" alt=\"\" aria-describedby=\"gallery-10-17972\" \/><\/a>\n\t\t\t<\/div>\n\t\t\t\t<figcaption class='wp-caption-text gallery-caption' id='gallery-10-17972'>\n\t\t\t\tNut\n\t\t\t\t<\/figcaption><\/figure><figure class='gallery-item'>\n\t\t\t<div class='gallery-icon landscape'>\n\t\t\t\t<a data-elementor-open-lightbox=\"yes\" data-elementor-lightbox-slideshow=\"c527c14\" data-elementor-lightbox-title=\"14_drewno meranti _ afromozja\" data-e-action-hash=\"#elementor-action%3Aaction%3Dlightbox%26settings%3DeyJpZCI6MTc5NzUsInVybCI6Imh0dHBzOlwvXC9jZG0tb2tuYS5wbFwvd3AtY29udGVudFwvdXBsb2Fkc1wvMjAyNlwvMDFcLzE0X2RyZXduby1tZXJhbnRpLV8tYWZyb21vemphLXJvdGF0ZWQuanBnIiwic2xpZGVzaG93IjoiYzUyN2MxNCJ9\" href='https:\/\/cdm-okna.pl\/wp-content\/uploads\/2026\/01\/14_drewno-meranti-_-afromozja-rotated.jpg'><img loading=\"lazy\" decoding=\"async\" width=\"150\" height=\"150\" src=\"https:\/\/cdm-okna.pl\/wp-content\/uploads\/2026\/01\/14_drewno-meranti-_-afromozja-150x150.jpg\" class=\"attachment-thumbnail size-thumbnail\" alt=\"\" aria-describedby=\"gallery-10-17975\" \/><\/a>\n\t\t\t<\/div>\n\t\t\t\t<figcaption class='wp-caption-text gallery-caption' id='gallery-10-17975'>\n\t\t\t\tAfromosia\n\t\t\t\t<\/figcaption><\/figure><figure class='gallery-item'>\n\t\t\t<div class='gallery-icon landscape'>\n\t\t\t\t<a data-elementor-open-lightbox=\"yes\" data-elementor-lightbox-slideshow=\"c527c14\" data-elementor-lightbox-title=\"15_drewno meranti_ wenge\" data-e-action-hash=\"#elementor-action%3Aaction%3Dlightbox%26settings%3DeyJpZCI6MTc5NzgsInVybCI6Imh0dHBzOlwvXC9jZG0tb2tuYS5wbFwvd3AtY29udGVudFwvdXBsb2Fkc1wvMjAyNlwvMDFcLzE1X2RyZXduby1tZXJhbnRpXy13ZW5nZS1yb3RhdGVkLmpwZyIsInNsaWRlc2hvdyI6ImM1MjdjMTQifQ%3D%3D\" href='https:\/\/cdm-okna.pl\/wp-content\/uploads\/2026\/01\/15_drewno-meranti_-wenge-rotated.jpg'><img loading=\"lazy\" decoding=\"async\" width=\"150\" height=\"150\" src=\"https:\/\/cdm-okna.pl\/wp-content\/uploads\/2026\/01\/15_drewno-meranti_-wenge-150x150.jpg\" class=\"attachment-thumbnail size-thumbnail\" alt=\"\" aria-describedby=\"gallery-10-17978\" \/><\/a>\n\t\t\t<\/div>\n\t\t\t\t<figcaption class='wp-caption-text gallery-caption' id='gallery-10-17978'>\n\t\t\t\tWenge\n\t\t\t\t<\/figcaption><\/figure><figure class='gallery-item'>\n\t\t\t<div class='gallery-icon landscape'>\n\t\t\t\t<a data-elementor-open-lightbox=\"yes\" data-elementor-lightbox-slideshow=\"c527c14\" data-elementor-lightbox-title=\"19_drewno meranti_ acajou\" data-e-action-hash=\"#elementor-action%3Aaction%3Dlightbox%26settings%3DeyJpZCI6MTc5MDYsInVybCI6Imh0dHBzOlwvXC9jZG0tb2tuYS5wbFwvd3AtY29udGVudFwvdXBsb2Fkc1wvMjAyNlwvMDFcLzE5X2RyZXduby1tZXJhbnRpXy1hY2Fqb3Utcm90YXRlZC5qcGciLCJzbGlkZXNob3ciOiJjNTI3YzE0In0%3D\" href='https:\/\/cdm-okna.pl\/wp-content\/uploads\/2026\/01\/19_drewno-meranti_-acajou-rotated.jpg'><img loading=\"lazy\" decoding=\"async\" width=\"150\" height=\"150\" src=\"https:\/\/cdm-okna.pl\/wp-content\/uploads\/2026\/01\/19_drewno-meranti_-acajou-150x150.jpg\" class=\"attachment-thumbnail size-thumbnail\" alt=\"Pr\u00f3bka drewna w kolorze Acajou\" aria-describedby=\"gallery-10-17906\" \/><\/a>\n\t\t\t<\/div>\n\t\t\t\t<figcaption class='wp-caption-text gallery-caption' id='gallery-10-17906'>\n\t\t\t\tAcajou\n\t\t\t\t<\/figcaption><\/figure><figure class='gallery-item'>\n\t\t\t<div class='gallery-icon landscape'>\n\t\t\t\t<a data-elementor-open-lightbox=\"yes\" data-elementor-lightbox-slideshow=\"c527c14\" data-elementor-lightbox-title=\"20_drewno meranti_ ciemny orzech\" data-e-action-hash=\"#elementor-action%3Aaction%3Dlightbox%26settings%3DeyJpZCI6MTc5MDksInVybCI6Imh0dHBzOlwvXC9jZG0tb2tuYS5wbFwvd3AtY29udGVudFwvdXBsb2Fkc1wvMjAyNlwvMDFcLzIwX2RyZXduby1tZXJhbnRpXy1jaWVtbnktb3J6ZWNoLXJvdGF0ZWQuanBnIiwic2xpZGVzaG93IjoiYzUyN2MxNCJ9\" href='https:\/\/cdm-okna.pl\/wp-content\/uploads\/2026\/01\/20_drewno-meranti_-ciemny-orzech-rotated.jpg'><img loading=\"lazy\" decoding=\"async\" width=\"150\" height=\"150\" src=\"https:\/\/cdm-okna.pl\/wp-content\/uploads\/2026\/01\/20_drewno-meranti_-ciemny-orzech-150x150.jpg\" class=\"attachment-thumbnail size-thumbnail\" alt=\"Prostok\u0105tna pr\u00f3bka drewna w g\u0142\u0119bokim, ciemnobr\u0105zowym kolorze orzecha z wyra\u017anie zaznaczon\u0105 struktur\u0105 naturalnych s\u0142oj\u00f3w i mikrowg\u0142\u0119bie\u0144, zaprezentowana w poziomie na bia\u0142ym tle.\" aria-describedby=\"gallery-10-17909\" \/><\/a>\n\t\t\t<\/div>\n\t\t\t\t<figcaption class='wp-caption-text gallery-caption' id='gallery-10-17909'>\n\t\t\t\tDark walnut\n\t\t\t\t<\/figcaption><\/figure><figure class='gallery-item'>\n\t\t\t<div class='gallery-icon landscape'>\n\t\t\t\t<a data-elementor-open-lightbox=\"yes\" data-elementor-lightbox-slideshow=\"c527c14\" data-elementor-lightbox-title=\"21_drewno meranti_ ash gray\" data-e-action-hash=\"#elementor-action%3Aaction%3Dlightbox%26settings%3DeyJpZCI6MTc5MTIsInVybCI6Imh0dHBzOlwvXC9jZG0tb2tuYS5wbFwvd3AtY29udGVudFwvdXBsb2Fkc1wvMjAyNlwvMDFcLzIxX2RyZXduby1tZXJhbnRpXy1hc2gtZ3JheS1yb3RhdGVkLmpwZyIsInNsaWRlc2hvdyI6ImM1MjdjMTQifQ%3D%3D\" href='https:\/\/cdm-okna.pl\/wp-content\/uploads\/2026\/01\/21_drewno-meranti_-ash-gray-rotated.jpg'><img loading=\"lazy\" decoding=\"async\" width=\"150\" height=\"150\" src=\"https:\/\/cdm-okna.pl\/wp-content\/uploads\/2026\/01\/21_drewno-meranti_-ash-gray-150x150.jpg\" class=\"attachment-thumbnail size-thumbnail\" alt=\"Pr\u00f3bka drewna w kolorze Ash gray\" aria-describedby=\"gallery-10-17912\" \/><\/a>\n\t\t\t<\/div>\n\t\t\t\t<figcaption class='wp-caption-text gallery-caption' id='gallery-10-17912'>\n\t\t\t\tAsh gray\n\t\t\t\t<\/figcaption><\/figure><figure class='gallery-item'>\n\t\t\t<div class='gallery-icon landscape'>\n\t\t\t\t<a data-elementor-open-lightbox=\"yes\" data-elementor-lightbox-slideshow=\"c527c14\" data-elementor-lightbox-title=\"26_drewno meranti_ chocolate\" data-e-action-hash=\"#elementor-action%3Aaction%3Dlightbox%26settings%3DeyJpZCI6MTc5MjcsInVybCI6Imh0dHBzOlwvXC9jZG0tb2tuYS5wbFwvd3AtY29udGVudFwvdXBsb2Fkc1wvMjAyNlwvMDFcLzI2X2RyZXduby1tZXJhbnRpXy1jaG9jb2xhdGUtcm90YXRlZC5qcGciLCJzbGlkZXNob3ciOiJjNTI3YzE0In0%3D\" href='https:\/\/cdm-okna.pl\/wp-content\/uploads\/2026\/01\/26_drewno-meranti_-chocolate-rotated.jpg'><img loading=\"lazy\" decoding=\"async\" width=\"150\" height=\"150\" src=\"https:\/\/cdm-okna.pl\/wp-content\/uploads\/2026\/01\/26_drewno-meranti_-chocolate-150x150.jpg\" class=\"attachment-thumbnail size-thumbnail\" alt=\"Prostok\u0105tna pr\u00f3bka drewna w g\u0142\u0119bokim, ciemnobr\u0105zowym kolorze Meranti Chocolate z wyra\u017anie zarysowan\u0105 struktur\u0105 poziomych s\u0142oj\u00f3w i naturalnymi \u017c\u0142obieniami, przedstawiona na bia\u0142ym tle.\" aria-describedby=\"gallery-10-17927\" \/><\/a>\n\t\t\t<\/div>\n\t\t\t\t<figcaption class='wp-caption-text gallery-caption' id='gallery-10-17927'>\n\t\t\t\tChocolate\n\t\t\t\t<\/figcaption><\/figure><figure class='gallery-item'>\n\t\t\t<div class='gallery-icon landscape'>\n\t\t\t\t<a data-elementor-open-lightbox=\"yes\" data-elementor-lightbox-slideshow=\"c527c14\" data-elementor-lightbox-title=\"28_drewno sosna_ kempas\" data-e-action-hash=\"#elementor-action%3Aaction%3Dlightbox%26settings%3DeyJpZCI6MTc5MzMsInVybCI6Imh0dHBzOlwvXC9jZG0tb2tuYS5wbFwvd3AtY29udGVudFwvdXBsb2Fkc1wvMjAyNlwvMDFcLzI4X2RyZXduby1zb3NuYV8ta2VtcGFzLXJvdGF0ZWQuanBnIiwic2xpZGVzaG93IjoiYzUyN2MxNCJ9\" href='https:\/\/cdm-okna.pl\/wp-content\/uploads\/2026\/01\/28_drewno-sosna_-kempas-rotated.jpg'><img loading=\"lazy\" decoding=\"async\" width=\"150\" height=\"150\" src=\"https:\/\/cdm-okna.pl\/wp-content\/uploads\/2026\/01\/28_drewno-sosna_-kempas-150x150.jpg\" class=\"attachment-thumbnail size-thumbnail\" alt=\"Prostok\u0105tna pr\u00f3bka drewna w ciep\u0142ym, ceglasto-br\u0105zowym odcieniu Kempas o wyra\u017anej, porowatej strukturze i g\u0119stym us\u0142ojeniu, przedstawiona na bia\u0142ym tle.\" aria-describedby=\"gallery-10-17933\" \/><\/a>\n\t\t\t<\/div>\n\t\t\t\t<figcaption class='wp-caption-text gallery-caption' id='gallery-10-17933'>\n\t\t\t\tKempas\n\t\t\t\t<\/figcaption><\/figure>\n\t\t<\/div>\n\t\t<\/div>\n\t\t\t\t<\/div>\n\t\t\t\t<\/div>\n\t\t\t\t\t<\/div>\n\t\t<\/div>\n\t\t\t\t\t\t\t<\/div>\n\t\t<\/section>\n\t\t\t\t\t<\/div>\n\t\t<\/div>\n\t\t\t\t\t\t\t<\/div>\n\t\t<\/section>\n\t\t\t\t\t\t<\/div>\n\t\t<\/div>\n\t\t\t\t\t\t\t\t\t<div class=\"elementor-tab-title elementor-tab-mobile-title\" aria-selected=\"false\" data-tab=\"4\" role=\"tab\" tabindex=\"-1\" aria-controls=\"elementor-tab-content-7224\" aria-expanded=\"false\">Transparent colours <br>for wooden-aluminium windows<\/div>\n\t\t\t\t\t<div id=\"elementor-tab-content-7224\" class=\"elementor-tab-content elementor-clearfix\" data-tab=\"4\" role=\"tabpanel\" aria-labelledby=\"elementor-tab-title-7224\" tabindex=\"0\" hidden=\"hidden\"><p style=\"text-align: center;\">Since the method of taking a photo of a colour and its display on the monitor may vary, the presented colour hues should be considered as representative only.<\/p>\t\t<div data-elementor-type=\"section\" data-elementor-id=\"12308\" class=\"elementor elementor-12308 elementor-4064\" data-elementor-post-type=\"elementor_library\">\n\t\t\t\t\t\t\t\t<section class=\"elementor-section elementor-top-section elementor-element elementor-element-38d6cf3d elementor-section-boxed elementor-section-height-default elementor-section-height-default\" data-id=\"38d6cf3d\" data-element_type=\"section\">\n\t\t\t\t\t\t<div class=\"elementor-container elementor-column-gap-default\">\n\t\t\t\t\t<div class=\"elementor-column elementor-col-100 elementor-top-column elementor-element elementor-element-2013e429\" data-id=\"2013e429\" data-element_type=\"column\">\n\t\t\t<div class=\"elementor-widget-wrap elementor-element-populated\">\n\t\t\t\t\t\t\t\t<section class=\"elementor-section elementor-inner-section elementor-element elementor-element-65fc8b83 elementor-section-boxed elementor-section-height-default elementor-section-height-default\" data-id=\"65fc8b83\" data-element_type=\"section\">\n\t\t\t\t\t\t<div class=\"elementor-container elementor-column-gap-default\">\n\t\t\t\t\t<div class=\"elementor-column elementor-col-100 elementor-inner-column elementor-element elementor-element-28b088fc\" data-id=\"28b088fc\" data-element_type=\"column\">\n\t\t\t<div class=\"elementor-widget-wrap elementor-element-populated\">\n\t\t\t\t\t\t\t\t<div class=\"elementor-element elementor-element-141e4201 gallery-spacing-custom elementor-widget elementor-widget-image-gallery\" data-id=\"141e4201\" data-element_type=\"widget\" data-widget_type=\"image-gallery.default\">\n\t\t\t\t<div class=\"elementor-widget-container\">\n\t\t\t\t\t<div class=\"elementor-image-gallery\">\n\t\t\t<div id='gallery-11' class='gallery galleryid-12185 gallery-columns-5 gallery-size-medium'><figure class='gallery-item'>\n\t\t\t<div class='gallery-icon landscape'>\n\t\t\t\t<a data-elementor-open-lightbox=\"yes\" data-elementor-lightbox-slideshow=\"141e4201\" data-elementor-lightbox-title=\"AQUAOIL_drewno_sosna\" data-e-action-hash=\"#elementor-action%3Aaction%3Dlightbox%26settings%3DeyJpZCI6MTA0NDYsInVybCI6Imh0dHBzOlwvXC9jZG0tb2tuYS5wbFwvd3AtY29udGVudFwvdXBsb2Fkc1wvMjAyMVwvMTJcL0FRVUFPSUxfZHJld25vX3Nvc25hLmpwZyIsInNsaWRlc2hvdyI6IjE0MWU0MjAxIn0%3D\" href='https:\/\/cdm-okna.pl\/wp-content\/uploads\/2021\/12\/AQUAOIL_drewno_sosna.jpg'><img loading=\"lazy\" decoding=\"async\" width=\"300\" height=\"107\" src=\"https:\/\/cdm-okna.pl\/wp-content\/uploads\/2021\/12\/AQUAOIL_drewno_sosna-300x107.jpg\" class=\"attachment-medium size-medium\" alt=\"Drewno sosnowe w kolorze aquaoil \u2013 jasny, naturalny odcie\u0144 z widocznym us\u0142ojeniem i g\u0142adk\u0105 powierzchni\u0105.\" aria-describedby=\"gallery-11-10446\" srcset=\"https:\/\/cdm-okna.pl\/wp-content\/uploads\/2021\/12\/AQUAOIL_drewno_sosna-300x107.jpg 300w, https:\/\/cdm-okna.pl\/wp-content\/uploads\/2021\/12\/AQUAOIL_drewno_sosna.jpg 650w\" sizes=\"(max-width: 300px) 100vw, 300px\" \/><\/a>\n\t\t\t<\/div>\n\t\t\t\t<figcaption class='wp-caption-text gallery-caption' id='gallery-11-10446'>\n\t\t\t\tPINE Wood &#8211; Colour: AQUAOIL &#8211; for inside\n\t\t\t\t<\/figcaption><\/figure><figure class='gallery-item'>\n\t\t\t<div class='gallery-icon landscape'>\n\t\t\t\t<a data-elementor-open-lightbox=\"yes\" data-elementor-lightbox-slideshow=\"141e4201\" data-elementor-lightbox-title=\"AQUAOIL_drewno_modrzew\" data-e-action-hash=\"#elementor-action%3Aaction%3Dlightbox%26settings%3DeyJpZCI6MTA0NDgsInVybCI6Imh0dHBzOlwvXC9jZG0tb2tuYS5wbFwvd3AtY29udGVudFwvdXBsb2Fkc1wvMjAyMVwvMTJcL0FRVUFPSUxfZHJld25vX21vZHJ6ZXcuanBnIiwic2xpZGVzaG93IjoiMTQxZTQyMDEifQ%3D%3D\" href='https:\/\/cdm-okna.pl\/wp-content\/uploads\/2021\/12\/AQUAOIL_drewno_modrzew.jpg'><img loading=\"lazy\" decoding=\"async\" width=\"300\" height=\"107\" src=\"https:\/\/cdm-okna.pl\/wp-content\/uploads\/2021\/12\/AQUAOIL_drewno_modrzew-300x107.jpg\" class=\"attachment-medium size-medium\" alt=\"Drewno modrzewiowe w kolorze aquaoil \u2013 jasnobr\u0105zowy odcie\u0144 z ciemniejszym, r\u00f3wnoleg\u0142ym us\u0142ojeniem.\" aria-describedby=\"gallery-11-10448\" srcset=\"https:\/\/cdm-okna.pl\/wp-content\/uploads\/2021\/12\/AQUAOIL_drewno_modrzew-300x107.jpg 300w, https:\/\/cdm-okna.pl\/wp-content\/uploads\/2021\/12\/AQUAOIL_drewno_modrzew.jpg 650w\" sizes=\"(max-width: 300px) 100vw, 300px\" \/><\/a>\n\t\t\t<\/div>\n\t\t\t\t<figcaption class='wp-caption-text gallery-caption' id='gallery-11-10448'>\n\t\t\t\tLARCH Wood &#8211; Colour: AQUAOIL &#8211; for inside\n\t\t\t\t<\/figcaption><\/figure><figure class='gallery-item'>\n\t\t\t<div class='gallery-icon landscape'>\n\t\t\t\t<a data-elementor-open-lightbox=\"yes\" data-elementor-lightbox-slideshow=\"141e4201\" data-elementor-lightbox-title=\"AQUAOIL_drewno_dab\" data-e-action-hash=\"#elementor-action%3Aaction%3Dlightbox%26settings%3DeyJpZCI6MTA0NDQsInVybCI6Imh0dHBzOlwvXC9jZG0tb2tuYS5wbFwvd3AtY29udGVudFwvdXBsb2Fkc1wvMjAyMVwvMTJcL0FRVUFPSUxfZHJld25vX2RhYi5qcGciLCJzbGlkZXNob3ciOiIxNDFlNDIwMSJ9\" href='https:\/\/cdm-okna.pl\/wp-content\/uploads\/2021\/12\/AQUAOIL_drewno_dab.jpg'><img loading=\"lazy\" decoding=\"async\" width=\"300\" height=\"107\" src=\"https:\/\/cdm-okna.pl\/wp-content\/uploads\/2021\/12\/AQUAOIL_drewno_dab-300x107.jpg\" class=\"attachment-medium size-medium\" alt=\"Drewno d\u0119bowe w kolorze aquaoil \u2013 jasnobr\u0105zowy odcie\u0144 z poziomym us\u0142ojeniem.\" aria-describedby=\"gallery-11-10444\" srcset=\"https:\/\/cdm-okna.pl\/wp-content\/uploads\/2021\/12\/AQUAOIL_drewno_dab-300x107.jpg 300w, https:\/\/cdm-okna.pl\/wp-content\/uploads\/2021\/12\/AQUAOIL_drewno_dab.jpg 650w\" sizes=\"(max-width: 300px) 100vw, 300px\" \/><\/a>\n\t\t\t<\/div>\n\t\t\t\t<figcaption class='wp-caption-text gallery-caption' id='gallery-11-10444'>\n\t\t\t\tOAK Wood &#8211; Colour: OAK &#8211; for inside\n\t\t\t\t<\/figcaption><\/figure><figure class='gallery-item'>\n\t\t\t<div class='gallery-icon landscape'>\n\t\t\t\t<a data-elementor-open-lightbox=\"yes\" data-elementor-lightbox-slideshow=\"141e4201\" data-elementor-lightbox-title=\"BEZBARWNY_WEWNETRZNY_drewno_sosna\" data-e-action-hash=\"#elementor-action%3Aaction%3Dlightbox%26settings%3DeyJpZCI6MTA0NTAsInVybCI6Imh0dHBzOlwvXC9jZG0tb2tuYS5wbFwvd3AtY29udGVudFwvdXBsb2Fkc1wvMjAyMVwvMTJcL0JFWkJBUldOWV9XRVdORVRSWk5ZX2RyZXdub19zb3NuYS5qcGciLCJzbGlkZXNob3ciOiIxNDFlNDIwMSJ9\" href='https:\/\/cdm-okna.pl\/wp-content\/uploads\/2021\/12\/BEZBARWNY_WEWNETRZNY_drewno_sosna.jpg'><img loading=\"lazy\" decoding=\"async\" width=\"300\" height=\"107\" src=\"https:\/\/cdm-okna.pl\/wp-content\/uploads\/2021\/12\/BEZBARWNY_WEWNETRZNY_drewno_sosna-300x107.jpg\" class=\"attachment-medium size-medium\" alt=\"Drewno sosnowe w kolorze lakier bezbarwny \u2013 naturalny odcie\u0144 z poziomym us\u0142ojeniem i wyko\u0144czeniem na wysoki po\u0142ysk.\" aria-describedby=\"gallery-11-10450\" srcset=\"https:\/\/cdm-okna.pl\/wp-content\/uploads\/2021\/12\/BEZBARWNY_WEWNETRZNY_drewno_sosna-300x107.jpg 300w, https:\/\/cdm-okna.pl\/wp-content\/uploads\/2021\/12\/BEZBARWNY_WEWNETRZNY_drewno_sosna.jpg 650w\" sizes=\"(max-width: 300px) 100vw, 300px\" \/><\/a>\n\t\t\t<\/div>\n\t\t\t\t<figcaption class='wp-caption-text gallery-caption' id='gallery-11-10450'>\n\t\t\t\tPINE Wood &#8211; Colour: AQUAOIL &#8211; for inside\n\t\t\t\t<\/figcaption><\/figure><figure class='gallery-item'>\n\t\t\t<div class='gallery-icon landscape'>\n\t\t\t\t<a data-elementor-open-lightbox=\"yes\" data-elementor-lightbox-slideshow=\"141e4201\" data-elementor-lightbox-title=\"BEZBARWNY_ZEWNETRZNY_drewno_sosna\" data-e-action-hash=\"#elementor-action%3Aaction%3Dlightbox%26settings%3DeyJpZCI6MTA0NDIsInVybCI6Imh0dHBzOlwvXC9jZG0tb2tuYS5wbFwvd3AtY29udGVudFwvdXBsb2Fkc1wvMjAyMVwvMTJcL0JFWkJBUldOWV9aRVdORVRSWk5ZX2RyZXdub19zb3NuYS5qcGciLCJzbGlkZXNob3ciOiIxNDFlNDIwMSJ9\" href='https:\/\/cdm-okna.pl\/wp-content\/uploads\/2021\/12\/BEZBARWNY_ZEWNETRZNY_drewno_sosna.jpg'><img loading=\"lazy\" decoding=\"async\" width=\"300\" height=\"107\" src=\"https:\/\/cdm-okna.pl\/wp-content\/uploads\/2021\/12\/BEZBARWNY_ZEWNETRZNY_drewno_sosna-300x107.jpg\" class=\"attachment-medium size-medium\" alt=\"Drewno sosnowe w kolorze lakier bezbarwny \u2013 jasny, naturalny odcie\u0144 z poziomym us\u0142ojeniem.\" aria-describedby=\"gallery-11-10442\" srcset=\"https:\/\/cdm-okna.pl\/wp-content\/uploads\/2021\/12\/BEZBARWNY_ZEWNETRZNY_drewno_sosna-300x107.jpg 300w, https:\/\/cdm-okna.pl\/wp-content\/uploads\/2021\/12\/BEZBARWNY_ZEWNETRZNY_drewno_sosna.jpg 650w\" sizes=\"(max-width: 300px) 100vw, 300px\" \/><\/a>\n\t\t\t<\/div>\n\t\t\t\t<figcaption class='wp-caption-text gallery-caption' id='gallery-11-10442'>\n\t\t\t\tPINE Wood &#8211; Colour: clear coat &#8211; for outside\n\t\t\t\t<\/figcaption><\/figure><figure class='gallery-item'>\n\t\t\t<div class='gallery-icon landscape'>\n\t\t\t\t<a data-elementor-open-lightbox=\"yes\" data-elementor-lightbox-slideshow=\"141e4201\" data-elementor-lightbox-title=\"BEZBARWNY_ZEWNETRZNY_drewno_modrzew\" data-e-action-hash=\"#elementor-action%3Aaction%3Dlightbox%26settings%3DeyJpZCI6MTA0MzgsInVybCI6Imh0dHBzOlwvXC9jZG0tb2tuYS5wbFwvd3AtY29udGVudFwvdXBsb2Fkc1wvMjAyMVwvMTJcL0JFWkJBUldOWV9aRVdORVRSWk5ZX2RyZXdub19tb2RyemV3LmpwZyIsInNsaWRlc2hvdyI6IjE0MWU0MjAxIn0%3D\" href='https:\/\/cdm-okna.pl\/wp-content\/uploads\/2021\/12\/BEZBARWNY_ZEWNETRZNY_drewno_modrzew.jpg'><img loading=\"lazy\" decoding=\"async\" width=\"300\" height=\"107\" src=\"https:\/\/cdm-okna.pl\/wp-content\/uploads\/2021\/12\/BEZBARWNY_ZEWNETRZNY_drewno_modrzew-300x107.jpg\" class=\"attachment-medium size-medium\" alt=\"Drewno modrzewiowe w kolorze lakier bezbarwny \u2013 naturalny, jasnobr\u0105zowy odcie\u0144 z poziomym us\u0142ojeniem.\" aria-describedby=\"gallery-11-10438\" srcset=\"https:\/\/cdm-okna.pl\/wp-content\/uploads\/2021\/12\/BEZBARWNY_ZEWNETRZNY_drewno_modrzew-300x107.jpg 300w, https:\/\/cdm-okna.pl\/wp-content\/uploads\/2021\/12\/BEZBARWNY_ZEWNETRZNY_drewno_modrzew.jpg 650w\" sizes=\"(max-width: 300px) 100vw, 300px\" \/><\/a>\n\t\t\t<\/div>\n\t\t\t\t<figcaption class='wp-caption-text gallery-caption' id='gallery-11-10438'>\n\t\t\t\tLARCH Wood &#8211; Colour: clear coat &#8211; for outside\n\t\t\t\t<\/figcaption><\/figure><figure class='gallery-item'>\n\t\t\t<div class='gallery-icon landscape'>\n\t\t\t\t<a data-elementor-open-lightbox=\"yes\" data-elementor-lightbox-slideshow=\"141e4201\" data-elementor-lightbox-title=\"CYTRYN-1\" data-e-action-hash=\"#elementor-action%3Aaction%3Dlightbox%26settings%3DeyJpZCI6MTA0MzYsInVybCI6Imh0dHBzOlwvXC9jZG0tb2tuYS5wbFwvd3AtY29udGVudFwvdXBsb2Fkc1wvMjAyMVwvMTJcL0NZVFJZTi0xLmpwZyIsInNsaWRlc2hvdyI6IjE0MWU0MjAxIn0%3D\" href='https:\/\/cdm-okna.pl\/wp-content\/uploads\/2021\/12\/CYTRYN-1.jpg'><img loading=\"lazy\" decoding=\"async\" width=\"300\" height=\"107\" src=\"https:\/\/cdm-okna.pl\/wp-content\/uploads\/2021\/12\/CYTRYN-1-300x107.jpg\" class=\"attachment-medium size-medium\" alt=\"Drewno sosnowe w kolorze cytryn \u2013 jasny, naturalny odcie\u0144 z delikatnym poziomym us\u0142ojeniem.\" aria-describedby=\"gallery-11-10436\" srcset=\"https:\/\/cdm-okna.pl\/wp-content\/uploads\/2021\/12\/CYTRYN-1-300x107.jpg 300w, https:\/\/cdm-okna.pl\/wp-content\/uploads\/2021\/12\/CYTRYN-1.jpg 650w\" sizes=\"(max-width: 300px) 100vw, 300px\" \/><\/a>\n\t\t\t<\/div>\n\t\t\t\t<figcaption class='wp-caption-text gallery-caption' id='gallery-11-10436'>\n\t\t\t\tPINE Wood &#8211; Colour: CITRINE &#8211; for inside\n\t\t\t\t<\/figcaption><\/figure><figure class='gallery-item'>\n\t\t\t<div class='gallery-icon landscape'>\n\t\t\t\t<a data-elementor-open-lightbox=\"yes\" data-elementor-lightbox-slideshow=\"141e4201\" data-elementor-lightbox-title=\"KALCYT-3\" data-e-action-hash=\"#elementor-action%3Aaction%3Dlightbox%26settings%3DeyJpZCI6MTA0NDAsInVybCI6Imh0dHBzOlwvXC9jZG0tb2tuYS5wbFwvd3AtY29udGVudFwvdXBsb2Fkc1wvMjAyMVwvMTJcL0tBTENZVC0zLmpwZyIsInNsaWRlc2hvdyI6IjE0MWU0MjAxIn0%3D\" href='https:\/\/cdm-okna.pl\/wp-content\/uploads\/2021\/12\/KALCYT-3.jpg'><img loading=\"lazy\" decoding=\"async\" width=\"300\" height=\"107\" src=\"https:\/\/cdm-okna.pl\/wp-content\/uploads\/2021\/12\/KALCYT-3-300x107.jpg\" class=\"attachment-medium size-medium\" alt=\"Drewno sosnowe w kolorze kalcyt \u2013 pasy w odcieniach jasnobr\u0105zowym i be\u017cowym z poziomym us\u0142ojeniem.\" aria-describedby=\"gallery-11-10440\" srcset=\"https:\/\/cdm-okna.pl\/wp-content\/uploads\/2021\/12\/KALCYT-3-300x107.jpg 300w, https:\/\/cdm-okna.pl\/wp-content\/uploads\/2021\/12\/KALCYT-3.jpg 650w\" sizes=\"(max-width: 300px) 100vw, 300px\" \/><\/a>\n\t\t\t<\/div>\n\t\t\t\t<figcaption class='wp-caption-text gallery-caption' id='gallery-11-10440'>\n\t\t\t\tPINE Wood &#8211; Colour: CALCITE &#8211; for inside\n\t\t\t\t<\/figcaption><\/figure><figure class='gallery-item'>\n\t\t\t<div class='gallery-icon landscape'>\n\t\t\t\t<a data-elementor-open-lightbox=\"yes\" data-elementor-lightbox-slideshow=\"141e4201\" data-elementor-lightbox-title=\"JADEIT\" data-e-action-hash=\"#elementor-action%3Aaction%3Dlightbox%26settings%3DeyJpZCI6MTA0MzQsInVybCI6Imh0dHBzOlwvXC9jZG0tb2tuYS5wbFwvd3AtY29udGVudFwvdXBsb2Fkc1wvMjAyMVwvMTJcL0pBREVJVC5qcGciLCJzbGlkZXNob3ciOiIxNDFlNDIwMSJ9\" href='https:\/\/cdm-okna.pl\/wp-content\/uploads\/2021\/12\/JADEIT.jpg'><img loading=\"lazy\" decoding=\"async\" width=\"300\" height=\"107\" src=\"https:\/\/cdm-okna.pl\/wp-content\/uploads\/2021\/12\/JADEIT-300x107.jpg\" class=\"attachment-medium size-medium\" alt=\"Drewno sosnowe w kolorze jadeit \u2013 jasny, kremowo-zielonkawy odcie\u0144 z widocznym us\u0142ojeniem.\" aria-describedby=\"gallery-11-10434\" srcset=\"https:\/\/cdm-okna.pl\/wp-content\/uploads\/2021\/12\/JADEIT-300x107.jpg 300w, https:\/\/cdm-okna.pl\/wp-content\/uploads\/2021\/12\/JADEIT.jpg 650w\" sizes=\"(max-width: 300px) 100vw, 300px\" \/><\/a>\n\t\t\t<\/div>\n\t\t\t\t<figcaption class='wp-caption-text gallery-caption' id='gallery-11-10434'>\n\t\t\t\tPINE Wood &#8211; Colour: JADEIT &#8211; for inside\n\t\t\t\t<\/figcaption><\/figure><figure class='gallery-item'>\n\t\t\t<div class='gallery-icon landscape'>\n\t\t\t\t<a data-elementor-open-lightbox=\"yes\" data-elementor-lightbox-slideshow=\"141e4201\" data-elementor-lightbox-title=\"JASPIS\" data-e-action-hash=\"#elementor-action%3Aaction%3Dlightbox%26settings%3DeyJpZCI6MTA0MzIsInVybCI6Imh0dHBzOlwvXC9jZG0tb2tuYS5wbFwvd3AtY29udGVudFwvdXBsb2Fkc1wvMjAyMVwvMTJcL0pBU1BJUy5qcGciLCJzbGlkZXNob3ciOiIxNDFlNDIwMSJ9\" href='https:\/\/cdm-okna.pl\/wp-content\/uploads\/2021\/12\/JASPIS.jpg'><img loading=\"lazy\" decoding=\"async\" width=\"300\" height=\"107\" src=\"https:\/\/cdm-okna.pl\/wp-content\/uploads\/2021\/12\/JASPIS-300x107.jpg\" class=\"attachment-medium size-medium\" alt=\"Drewno sosnowe w kolorze jaspis \u2013 jasny be\u017cowo-kremowy odcie\u0144 z wyra\u017anym us\u0142ojeniem.\" aria-describedby=\"gallery-11-10432\" srcset=\"https:\/\/cdm-okna.pl\/wp-content\/uploads\/2021\/12\/JASPIS-300x107.jpg 300w, https:\/\/cdm-okna.pl\/wp-content\/uploads\/2021\/12\/JASPIS.jpg 650w\" sizes=\"(max-width: 300px) 100vw, 300px\" \/><\/a>\n\t\t\t<\/div>\n\t\t\t\t<figcaption class='wp-caption-text gallery-caption' id='gallery-11-10432'>\n\t\t\t\tPINE Wood &#8211; Colour: JASPIS &#8211; for inside\n\t\t\t\t<\/figcaption><\/figure><figure class='gallery-item'>\n\t\t\t<div class='gallery-icon landscape'>\n\t\t\t\t<a data-elementor-open-lightbox=\"yes\" data-elementor-lightbox-slideshow=\"141e4201\" data-elementor-lightbox-title=\"FOSFORYT\" data-e-action-hash=\"#elementor-action%3Aaction%3Dlightbox%26settings%3DeyJpZCI6MTA0MjgsInVybCI6Imh0dHBzOlwvXC9jZG0tb2tuYS5wbFwvd3AtY29udGVudFwvdXBsb2Fkc1wvMjAyMVwvMTJcL0ZPU0ZPUllULmpwZyIsInNsaWRlc2hvdyI6IjE0MWU0MjAxIn0%3D\" href='https:\/\/cdm-okna.pl\/wp-content\/uploads\/2021\/12\/FOSFORYT.jpg'><img loading=\"lazy\" decoding=\"async\" width=\"300\" height=\"107\" src=\"https:\/\/cdm-okna.pl\/wp-content\/uploads\/2021\/12\/FOSFORYT-300x107.jpg\" class=\"attachment-medium size-medium\" alt=\"Drewno sosnowe w kolorze fosforyt \u2013 naturalne us\u0142ojenie z wyra\u017an\u0105 struktur\u0105 drewna.\" aria-describedby=\"gallery-11-10428\" srcset=\"https:\/\/cdm-okna.pl\/wp-content\/uploads\/2021\/12\/FOSFORYT-300x107.jpg 300w, https:\/\/cdm-okna.pl\/wp-content\/uploads\/2021\/12\/FOSFORYT.jpg 650w\" sizes=\"(max-width: 300px) 100vw, 300px\" \/><\/a>\n\t\t\t<\/div>\n\t\t\t\t<figcaption class='wp-caption-text gallery-caption' id='gallery-11-10428'>\n\t\t\t\tPINE Wood &#8211; Colour: FOSFORITE &#8211; for inside\n\t\t\t\t<\/figcaption><\/figure><figure class='gallery-item'>\n\t\t\t<div class='gallery-icon landscape'>\n\t\t\t\t<a data-elementor-open-lightbox=\"yes\" data-elementor-lightbox-slideshow=\"141e4201\" data-elementor-lightbox-title=\"KWARC\" data-e-action-hash=\"#elementor-action%3Aaction%3Dlightbox%26settings%3DeyJpZCI6MTA0MjQsInVybCI6Imh0dHBzOlwvXC9jZG0tb2tuYS5wbFwvd3AtY29udGVudFwvdXBsb2Fkc1wvMjAyMVwvMTJcL0tXQVJDLmpwZyIsInNsaWRlc2hvdyI6IjE0MWU0MjAxIn0%3D\" href='https:\/\/cdm-okna.pl\/wp-content\/uploads\/2021\/12\/KWARC.jpg'><img loading=\"lazy\" decoding=\"async\" width=\"300\" height=\"107\" src=\"https:\/\/cdm-okna.pl\/wp-content\/uploads\/2021\/12\/KWARC-300x107.jpg\" class=\"attachment-medium size-medium\" alt=\"Drewno sosnowe w kolorze kwarc \u2013 jasne, z delikatnym us\u0142ojeniem i g\u0142adk\u0105 powierzchni\u0105.\" aria-describedby=\"gallery-11-10424\" srcset=\"https:\/\/cdm-okna.pl\/wp-content\/uploads\/2021\/12\/KWARC-300x107.jpg 300w, https:\/\/cdm-okna.pl\/wp-content\/uploads\/2021\/12\/KWARC.jpg 650w\" sizes=\"(max-width: 300px) 100vw, 300px\" \/><\/a>\n\t\t\t<\/div>\n\t\t\t\t<figcaption class='wp-caption-text gallery-caption' id='gallery-11-10424'>\n\t\t\t\tPINE Wood &#8211; Colour: QUARTZ &#8211; for inside\n\t\t\t\t<\/figcaption><\/figure><figure class='gallery-item'>\n\t\t\t<div class='gallery-icon landscape'>\n\t\t\t\t<a data-elementor-open-lightbox=\"yes\" data-elementor-lightbox-slideshow=\"141e4201\" data-elementor-lightbox-title=\"FOSIL\" data-e-action-hash=\"#elementor-action%3Aaction%3Dlightbox%26settings%3DeyJpZCI6MTA0MzAsInVybCI6Imh0dHBzOlwvXC9jZG0tb2tuYS5wbFwvd3AtY29udGVudFwvdXBsb2Fkc1wvMjAyMVwvMTJcL0ZPU0lMLmpwZyIsInNsaWRlc2hvdyI6IjE0MWU0MjAxIn0%3D\" href='https:\/\/cdm-okna.pl\/wp-content\/uploads\/2021\/12\/FOSIL.jpg'><img loading=\"lazy\" decoding=\"async\" width=\"300\" height=\"107\" src=\"https:\/\/cdm-okna.pl\/wp-content\/uploads\/2021\/12\/FOSIL-300x107.jpg\" class=\"attachment-medium size-medium\" alt=\"Drewno sosnowe w kolorze fosil \u2013 jasnobr\u0105zowy odcie\u0144 z poziomym us\u0142ojeniem i g\u0142adk\u0105 powierzchni\u0105.\" aria-describedby=\"gallery-11-10430\" srcset=\"https:\/\/cdm-okna.pl\/wp-content\/uploads\/2021\/12\/FOSIL-300x107.jpg 300w, https:\/\/cdm-okna.pl\/wp-content\/uploads\/2021\/12\/FOSIL.jpg 650w\" sizes=\"(max-width: 300px) 100vw, 300px\" \/><\/a>\n\t\t\t<\/div>\n\t\t\t\t<figcaption class='wp-caption-text gallery-caption' id='gallery-11-10430'>\n\t\t\t\tPINE Wood &#8211; Colour: FOSIL &#8211; for inside\n\t\t\t\t<\/figcaption><\/figure><figure class='gallery-item'>\n\t\t\t<div class='gallery-icon landscape'>\n\t\t\t\t<a data-elementor-open-lightbox=\"yes\" data-elementor-lightbox-slideshow=\"141e4201\" data-elementor-lightbox-title=\"BRONZYT\" data-e-action-hash=\"#elementor-action%3Aaction%3Dlightbox%26settings%3DeyJpZCI6MTA0MjYsInVybCI6Imh0dHBzOlwvXC9jZG0tb2tuYS5wbFwvd3AtY29udGVudFwvdXBsb2Fkc1wvMjAyMVwvMTJcL0JST05aWVQuanBnIiwic2xpZGVzaG93IjoiMTQxZTQyMDEifQ%3D%3D\" href='https:\/\/cdm-okna.pl\/wp-content\/uploads\/2021\/12\/BRONZYT.jpg'><img loading=\"lazy\" decoding=\"async\" width=\"300\" height=\"107\" src=\"https:\/\/cdm-okna.pl\/wp-content\/uploads\/2021\/12\/BRONZYT-300x107.jpg\" class=\"attachment-medium size-medium\" alt=\"Drewno sosnowe w kolorze bronzyt \u2013 g\u0142adka powierzchnia z poziomym us\u0142ojeniem.\" aria-describedby=\"gallery-11-10426\" srcset=\"https:\/\/cdm-okna.pl\/wp-content\/uploads\/2021\/12\/BRONZYT-300x107.jpg 300w, https:\/\/cdm-okna.pl\/wp-content\/uploads\/2021\/12\/BRONZYT.jpg 650w\" sizes=\"(max-width: 300px) 100vw, 300px\" \/><\/a>\n\t\t\t<\/div>\n\t\t\t\t<figcaption class='wp-caption-text gallery-caption' id='gallery-11-10426'>\n\t\t\t\tPINE Wood &#8211; Colour: BRONZITE &#8211; for inside\n\t\t\t\t<\/figcaption><\/figure><figure class='gallery-item'>\n\t\t\t<div class='gallery-icon landscape'>\n\t\t\t\t<a data-elementor-open-lightbox=\"yes\" data-elementor-lightbox-slideshow=\"141e4201\" data-elementor-lightbox-title=\"AKWAMARYNT\" data-e-action-hash=\"#elementor-action%3Aaction%3Dlightbox%26settings%3DeyJpZCI6MTA0MjIsInVybCI6Imh0dHBzOlwvXC9jZG0tb2tuYS5wbFwvd3AtY29udGVudFwvdXBsb2Fkc1wvMjAyMVwvMTJcL0FLV0FNQVJZTlQuanBnIiwic2xpZGVzaG93IjoiMTQxZTQyMDEifQ%3D%3D\" href='https:\/\/cdm-okna.pl\/wp-content\/uploads\/2021\/12\/AKWAMARYNT.jpg'><img loading=\"lazy\" decoding=\"async\" width=\"300\" height=\"107\" src=\"https:\/\/cdm-okna.pl\/wp-content\/uploads\/2021\/12\/AKWAMARYNT-300x107.jpg\" class=\"attachment-medium size-medium\" alt=\"Drewno sosnowe w kolorze akwamarynt \u2013 jasny odcie\u0144 niebiesko-zielony z widocznym poziomym us\u0142ojeniem.\" aria-describedby=\"gallery-11-10422\" srcset=\"https:\/\/cdm-okna.pl\/wp-content\/uploads\/2021\/12\/AKWAMARYNT-300x107.jpg 300w, https:\/\/cdm-okna.pl\/wp-content\/uploads\/2021\/12\/AKWAMARYNT.jpg 650w\" sizes=\"(max-width: 300px) 100vw, 300px\" \/><\/a>\n\t\t\t<\/div>\n\t\t\t\t<figcaption class='wp-caption-text gallery-caption' id='gallery-11-10422'>\n\t\t\t\tPINE Wood &#8211; Colour: AQUMINITE &#8211; for inside\n\t\t\t\t<\/figcaption><\/figure><figure class='gallery-item'>\n\t\t\t<div class='gallery-icon landscape'>\n\t\t\t\t<a data-elementor-open-lightbox=\"yes\" data-elementor-lightbox-slideshow=\"141e4201\" data-elementor-lightbox-title=\"AMETYST_2\" data-e-action-hash=\"#elementor-action%3Aaction%3Dlightbox%26settings%3DeyJpZCI6MTA0MjAsInVybCI6Imh0dHBzOlwvXC9jZG0tb2tuYS5wbFwvd3AtY29udGVudFwvdXBsb2Fkc1wvMjAyMVwvMTJcL0FNRVRZU1RfMi5qcGciLCJzbGlkZXNob3ciOiIxNDFlNDIwMSJ9\" href='https:\/\/cdm-okna.pl\/wp-content\/uploads\/2021\/12\/AMETYST_2.jpg'><img loading=\"lazy\" decoding=\"async\" width=\"300\" height=\"107\" src=\"https:\/\/cdm-okna.pl\/wp-content\/uploads\/2021\/12\/AMETYST_2-300x107.jpg\" class=\"attachment-medium size-medium\" alt=\"Drewno sosnowe w kolorze ametyst \u2013 jasnobr\u0105zowe, o g\u0142adkiej powierzchni.\" aria-describedby=\"gallery-11-10420\" srcset=\"https:\/\/cdm-okna.pl\/wp-content\/uploads\/2021\/12\/AMETYST_2-300x107.jpg 300w, https:\/\/cdm-okna.pl\/wp-content\/uploads\/2021\/12\/AMETYST_2.jpg 650w\" sizes=\"(max-width: 300px) 100vw, 300px\" \/><\/a>\n\t\t\t<\/div>\n\t\t\t\t<figcaption class='wp-caption-text gallery-caption' id='gallery-11-10420'>\n\t\t\t\tPINE Wood &#8211; Colour: AMETHYST &#8211; for inside\n\t\t\t\t<\/figcaption><\/figure><figure class='gallery-item'>\n\t\t\t<div class='gallery-icon landscape'>\n\t\t\t\t<a data-elementor-open-lightbox=\"yes\" data-elementor-lightbox-slideshow=\"141e4201\" data-elementor-lightbox-title=\"CHROMIT-2\" data-e-action-hash=\"#elementor-action%3Aaction%3Dlightbox%26settings%3DeyJpZCI6MTA0MTgsInVybCI6Imh0dHBzOlwvXC9jZG0tb2tuYS5wbFwvd3AtY29udGVudFwvdXBsb2Fkc1wvMjAyMVwvMTJcL0NIUk9NSVQtMi5qcGciLCJzbGlkZXNob3ciOiIxNDFlNDIwMSJ9\" href='https:\/\/cdm-okna.pl\/wp-content\/uploads\/2021\/12\/CHROMIT-2.jpg'><img loading=\"lazy\" decoding=\"async\" width=\"300\" height=\"107\" src=\"https:\/\/cdm-okna.pl\/wp-content\/uploads\/2021\/12\/CHROMIT-2-300x107.jpg\" class=\"attachment-medium size-medium\" alt=\"Drewno sosnowe w kolorze chromit \u2013 bardzo ciemne, niemal czarne, z widocznym us\u0142ojeniem.\" aria-describedby=\"gallery-11-10418\" srcset=\"https:\/\/cdm-okna.pl\/wp-content\/uploads\/2021\/12\/CHROMIT-2-300x107.jpg 300w, https:\/\/cdm-okna.pl\/wp-content\/uploads\/2021\/12\/CHROMIT-2.jpg 650w\" sizes=\"(max-width: 300px) 100vw, 300px\" \/><\/a>\n\t\t\t<\/div>\n\t\t\t\t<figcaption class='wp-caption-text gallery-caption' id='gallery-11-10418'>\n\t\t\t\tPINE Wood &#8211; Colour: CHROMIT &#8211; for inside\n\t\t\t\t<\/figcaption><\/figure><figure class='gallery-item'>\n\t\t\t<div class='gallery-icon landscape'>\n\t\t\t\t<a data-elementor-open-lightbox=\"yes\" data-elementor-lightbox-slideshow=\"141e4201\" data-elementor-lightbox-title=\"SERAFINIT\" data-e-action-hash=\"#elementor-action%3Aaction%3Dlightbox%26settings%3DeyJpZCI6MTA0MTYsInVybCI6Imh0dHBzOlwvXC9jZG0tb2tuYS5wbFwvd3AtY29udGVudFwvdXBsb2Fkc1wvMjAyMVwvMTJcL1NFUkFGSU5JVC5qcGciLCJzbGlkZXNob3ciOiIxNDFlNDIwMSJ9\" href='https:\/\/cdm-okna.pl\/wp-content\/uploads\/2021\/12\/SERAFINIT.jpg'><img loading=\"lazy\" decoding=\"async\" width=\"300\" height=\"107\" src=\"https:\/\/cdm-okna.pl\/wp-content\/uploads\/2021\/12\/SERAFINIT-300x107.jpg\" class=\"attachment-medium size-medium\" alt=\"Drewno sosnowe w kolorze serafinit \u2013 pasy w odcieniach niebieskiego i szaro\u015bci z widoczn\u0105 struktur\u0105 drewna.\" aria-describedby=\"gallery-11-10416\" srcset=\"https:\/\/cdm-okna.pl\/wp-content\/uploads\/2021\/12\/SERAFINIT-300x107.jpg 300w, https:\/\/cdm-okna.pl\/wp-content\/uploads\/2021\/12\/SERAFINIT.jpg 650w\" sizes=\"(max-width: 300px) 100vw, 300px\" \/><\/a>\n\t\t\t<\/div>\n\t\t\t\t<figcaption class='wp-caption-text gallery-caption' id='gallery-11-10416'>\n\t\t\t\tPINE Wood \u2013 Colour: SERAFINIT &#8211; for inside\n\t\t\t\t<\/figcaption><\/figure><figure class='gallery-item'>\n\t\t\t<div class='gallery-icon landscape'>\n\t\t\t\t<a data-elementor-open-lightbox=\"yes\" data-elementor-lightbox-slideshow=\"141e4201\" data-elementor-lightbox-title=\"ONYKS\" data-e-action-hash=\"#elementor-action%3Aaction%3Dlightbox%26settings%3DeyJpZCI6MTA0MTIsInVybCI6Imh0dHBzOlwvXC9jZG0tb2tuYS5wbFwvd3AtY29udGVudFwvdXBsb2Fkc1wvMjAyMVwvMTJcL09OWUtTLmpwZyIsInNsaWRlc2hvdyI6IjE0MWU0MjAxIn0%3D\" href='https:\/\/cdm-okna.pl\/wp-content\/uploads\/2021\/12\/ONYKS.jpg'><img loading=\"lazy\" decoding=\"async\" width=\"300\" height=\"107\" src=\"https:\/\/cdm-okna.pl\/wp-content\/uploads\/2021\/12\/ONYKS-300x107.jpg\" class=\"attachment-medium size-medium\" alt=\"Zbli\u017cenie na powierzchni\u0119 drewna sosnowego w kolorze onyks.\" aria-describedby=\"gallery-11-10412\" srcset=\"https:\/\/cdm-okna.pl\/wp-content\/uploads\/2021\/12\/ONYKS-300x107.jpg 300w, https:\/\/cdm-okna.pl\/wp-content\/uploads\/2021\/12\/ONYKS.jpg 650w\" sizes=\"(max-width: 300px) 100vw, 300px\" \/><\/a>\n\t\t\t<\/div>\n\t\t\t\t<figcaption class='wp-caption-text gallery-caption' id='gallery-11-10412'>\n\t\t\t\tPINE Wood &#8211; Colour: ONYX &#8211; for inside\n\t\t\t\t<\/figcaption><\/figure><figure class='gallery-item'>\n\t\t\t<div class='gallery-icon landscape'>\n\t\t\t\t<a data-elementor-open-lightbox=\"yes\" data-elementor-lightbox-slideshow=\"141e4201\" data-elementor-lightbox-title=\"ADAMIT\" data-e-action-hash=\"#elementor-action%3Aaction%3Dlightbox%26settings%3DeyJpZCI6MTA0MTQsInVybCI6Imh0dHBzOlwvXC9jZG0tb2tuYS5wbFwvd3AtY29udGVudFwvdXBsb2Fkc1wvMjAyMVwvMTJcL0FEQU1JVC5qcGciLCJzbGlkZXNob3ciOiIxNDFlNDIwMSJ9\" href='https:\/\/cdm-okna.pl\/wp-content\/uploads\/2021\/12\/ADAMIT.jpg'><img loading=\"lazy\" decoding=\"async\" width=\"300\" height=\"107\" src=\"https:\/\/cdm-okna.pl\/wp-content\/uploads\/2021\/12\/ADAMIT-300x107.jpg\" class=\"attachment-medium size-medium\" alt=\"Drewno sosnowe w kolorze adamit \u2013 ciemny br\u0105z z wyra\u017anym us\u0142ojeniem.\" aria-describedby=\"gallery-11-10414\" srcset=\"https:\/\/cdm-okna.pl\/wp-content\/uploads\/2021\/12\/ADAMIT-300x107.jpg 300w, https:\/\/cdm-okna.pl\/wp-content\/uploads\/2021\/12\/ADAMIT.jpg 650w\" sizes=\"(max-width: 300px) 100vw, 300px\" \/><\/a>\n\t\t\t<\/div>\n\t\t\t\t<figcaption class='wp-caption-text gallery-caption' id='gallery-11-10414'>\n\t\t\t\tPINE Wood &#8211; Colour: ADAMIT &#8211; for inside\n\t\t\t\t<\/figcaption><\/figure>\n\t\t<\/div>\n\t\t<\/div>\n\t\t\t\t<\/div>\n\t\t\t\t<\/div>\n\t\t\t\t\t<\/div>\n\t\t<\/div>\n\t\t\t\t\t\t\t<\/div>\n\t\t<\/section>\n\t\t\t\t\t<\/div>\n\t\t<\/div>\n\t\t\t\t\t\t\t<\/div>\n\t\t<\/section>\n\t\t\t\t\t\t<\/div>\n\t\t<\/div>\n\t\t\t\t\t\t\t<\/div>\n\t\t<\/div>\n\t\t\t\t<\/div>\n\t\t\t\t<\/div>\n\t\t\t\t\t<\/div>\n\t\t<\/div>\n\t\t\t\t\t\t\t<\/div>\n\t\t<\/section>\n\t\t\t\t\t\t<\/div>\n\t\t<\/div>\n<\/div>\n\t\t\t\t\t\t\t\t\t<div class=\"elementor-tab-title elementor-tab-mobile-title\" aria-selected=\"false\" data-tab=\"2\" role=\"tab\" tabindex=\"-1\" aria-controls=\"elementor-tab-content-2342\" aria-expanded=\"false\">Types of wood<\/div>\n\t\t\t\t\t<div id=\"elementor-tab-content-2342\" class=\"elementor-tab-content elementor-clearfix\" data-tab=\"2\" role=\"tabpanel\" aria-labelledby=\"elementor-tab-title-2342\" tabindex=\"0\" hidden=\"hidden\">\t\t<div data-elementor-type=\"section\" data-elementor-id=\"12230\" class=\"elementor elementor-12230 elementor-4643\" data-elementor-post-type=\"elementor_library\">\n\t\t\t\t\t\t\t\t<section class=\"elementor-section elementor-inner-section elementor-element elementor-element-544a38fa elementor-section-boxed elementor-section-height-default elementor-section-height-default\" data-id=\"544a38fa\" data-element_type=\"section\">\n\t\t\t\t\t\t<div class=\"elementor-container elementor-column-gap-default\">\n\t\t\t\t\t<div class=\"elementor-column elementor-col-20 elementor-inner-column elementor-element elementor-element-14edb0b4\" data-id=\"14edb0b4\" data-element_type=\"column\">\n\t\t\t<div class=\"elementor-widget-wrap elementor-element-populated\">\n\t\t\t\t\t\t\t\t<div class=\"elementor-element elementor-element-75653de0 elementor-position-top elementor-widget elementor-widget-image-box\" data-id=\"75653de0\" data-element_type=\"widget\" data-widget_type=\"image-box.default\">\n\t\t\t\t<div class=\"elementor-widget-container\">\n\t\t\t<div class=\"elementor-image-box-wrapper\"><figure class=\"elementor-image-box-img\"><a href=\"#elementor-action%3Aaction%3Dlightbox%26settings%3DeyJ1cmwiOiJodHRwczpcL1wvY2RtLW9rbmEucGxcL3dwLWNvbnRlbnRcL3VwbG9hZHNcLzIwMjFcLzEyXC9EQUIuanBlZyIsInR5cGUiOiJpbWFnZSIsInRpdGxlIjoiREFCIn0%3D\" tabindex=\"-1\"><img loading=\"lazy\" decoding=\"async\" width=\"296\" height=\"400\" src=\"https:\/\/cdm-okna.pl\/wp-content\/uploads\/2021\/12\/DAB.jpeg\" class=\"attachment-full size-full wp-image-3375\" alt=\"D\u0105b \u2013 jasne drewno o wyra\u017anym us\u0142ojeniu\" srcset=\"https:\/\/cdm-okna.pl\/wp-content\/uploads\/2021\/12\/DAB.jpeg 296w, https:\/\/cdm-okna.pl\/wp-content\/uploads\/2021\/12\/DAB-222x300.jpeg 222w\" sizes=\"(max-width: 296px) 100vw, 296px\" \/><\/a><\/figure><div class=\"elementor-image-box-content\"><h4 class=\"elementor-image-box-title\"><a href=\"#elementor-action%3Aaction%3Dlightbox%26settings%3DeyJ1cmwiOiJodHRwczpcL1wvY2RtLW9rbmEucGxcL3dwLWNvbnRlbnRcL3VwbG9hZHNcLzIwMjFcLzEyXC9EQUIuanBlZyIsInR5cGUiOiJpbWFnZSIsInRpdGxlIjoiREFCIn0%3D\">Oak<\/a><\/h4><p class=\"elementor-image-box-description\">A tree species that is hard, heavy and very durable.<\/p><\/div><\/div>\t\t<\/div>\n\t\t\t\t<\/div>\n\t\t\t\t\t<\/div>\n\t\t<\/div>\n\t\t\t\t<div class=\"elementor-column elementor-col-20 elementor-inner-column elementor-element elementor-element-59d51bc9\" data-id=\"59d51bc9\" data-element_type=\"column\">\n\t\t\t<div class=\"elementor-widget-wrap elementor-element-populated\">\n\t\t\t\t\t\t\t\t<div class=\"elementor-element elementor-element-9698edf elementor-position-top elementor-widget elementor-widget-image-box\" data-id=\"9698edf\" data-element_type=\"widget\" data-widget_type=\"image-box.default\">\n\t\t\t\t<div class=\"elementor-widget-container\">\n\t\t\t<div class=\"elementor-image-box-wrapper\"><figure class=\"elementor-image-box-img\"><a href=\"#elementor-action%3Aaction%3Dlightbox%26settings%3DeyJ1cmwiOiJodHRwczpcL1wvY2RtLW9rbmEucGxcL3dwLWNvbnRlbnRcL3VwbG9hZHNcLzIwMjFcLzEyXC9NT0RSWkVXLVNZQi5qcGVnIiwidHlwZSI6ImltYWdlIiwidGl0bGUiOiJNT0RSWkVXLVNZQiJ9\" tabindex=\"-1\"><img loading=\"lazy\" decoding=\"async\" width=\"296\" height=\"400\" src=\"https:\/\/cdm-okna.pl\/wp-content\/uploads\/2021\/12\/MODRZEW-SYB.jpeg\" class=\"attachment-full size-full wp-image-3377\" alt=\"Zbli\u017cenie na powierzchni\u0119 drewna modrzewiowego z wyra\u017anym, pionowym us\u0142ojeniem.\" srcset=\"https:\/\/cdm-okna.pl\/wp-content\/uploads\/2021\/12\/MODRZEW-SYB.jpeg 296w, https:\/\/cdm-okna.pl\/wp-content\/uploads\/2021\/12\/MODRZEW-SYB-222x300.jpeg 222w\" sizes=\"(max-width: 296px) 100vw, 296px\" \/><\/a><\/figure><div class=\"elementor-image-box-content\"><h4 class=\"elementor-image-box-title\"><a href=\"#elementor-action%3Aaction%3Dlightbox%26settings%3DeyJ1cmwiOiJodHRwczpcL1wvY2RtLW9rbmEucGxcL3dwLWNvbnRlbnRcL3VwbG9hZHNcLzIwMjFcLzEyXC9NT0RSWkVXLVNZQi5qcGVnIiwidHlwZSI6ImltYWdlIiwidGl0bGUiOiJNT0RSWkVXLVNZQiJ9\">Larch<\/a><\/h4><p class=\"elementor-image-box-description\">It is very durable and resistant to the natural aging of the wood structure.<\/p><\/div><\/div>\t\t<\/div>\n\t\t\t\t<\/div>\n\t\t\t\t\t<\/div>\n\t\t<\/div>\n\t\t\t\t<div class=\"elementor-column elementor-col-20 elementor-inner-column elementor-element elementor-element-4899d3c9\" data-id=\"4899d3c9\" data-element_type=\"column\">\n\t\t\t<div class=\"elementor-widget-wrap elementor-element-populated\">\n\t\t\t\t\t\t\t\t<div class=\"elementor-element elementor-element-5d45eaa elementor-position-top elementor-widget elementor-widget-image-box\" data-id=\"5d45eaa\" data-element_type=\"widget\" data-widget_type=\"image-box.default\">\n\t\t\t\t<div class=\"elementor-widget-container\">\n\t\t\t<div class=\"elementor-image-box-wrapper\"><figure class=\"elementor-image-box-img\"><a href=\"#elementor-action%3Aaction%3Dlightbox%26settings%3DeyJ1cmwiOiJodHRwczpcL1wvY2RtLW9rbmEucGxcL3dwLWNvbnRlbnRcL3VwbG9hZHNcLzIwMjFcLzEyXC9TV0lFUksuanBlZyIsInR5cGUiOiJpbWFnZSIsInRpdGxlIjoiU1dJRVJLIn0%3D\" tabindex=\"-1\"><img loading=\"lazy\" decoding=\"async\" width=\"296\" height=\"400\" src=\"https:\/\/cdm-okna.pl\/wp-content\/uploads\/2021\/12\/SWIERK.jpeg\" class=\"attachment-full size-full wp-image-3379\" alt=\"Zbli\u017cenie na powierzchni\u0119 drewna \u015bwierkowego z widocznym, pionowym us\u0142ojeniem.\" srcset=\"https:\/\/cdm-okna.pl\/wp-content\/uploads\/2021\/12\/SWIERK.jpeg 296w, https:\/\/cdm-okna.pl\/wp-content\/uploads\/2021\/12\/SWIERK-222x300.jpeg 222w\" sizes=\"(max-width: 296px) 100vw, 296px\" \/><\/a><\/figure><div class=\"elementor-image-box-content\"><h4 class=\"elementor-image-box-title\"><a href=\"#elementor-action%3Aaction%3Dlightbox%26settings%3DeyJ1cmwiOiJodHRwczpcL1wvY2RtLW9rbmEucGxcL3dwLWNvbnRlbnRcL3VwbG9hZHNcLzIwMjFcLzEyXC9TV0lFUksuanBlZyIsInR5cGUiOiJpbWFnZSIsInRpdGxlIjoiU1dJRVJLIn0%3D\">Spruce<\/a><\/h4><p class=\"elementor-image-box-description\">Soft wood that has medium resistance parameters.\n<\/p><\/div><\/div>\t\t<\/div>\n\t\t\t\t<\/div>\n\t\t\t\t\t<\/div>\n\t\t<\/div>\n\t\t\t\t<div class=\"elementor-column elementor-col-20 elementor-inner-column elementor-element elementor-element-2f0eb840\" data-id=\"2f0eb840\" data-element_type=\"column\">\n\t\t\t<div class=\"elementor-widget-wrap elementor-element-populated\">\n\t\t\t\t\t\t\t\t<div class=\"elementor-element elementor-element-3ff0fb30 elementor-position-top elementor-widget elementor-widget-image-box\" data-id=\"3ff0fb30\" data-element_type=\"widget\" data-widget_type=\"image-box.default\">\n\t\t\t\t<div class=\"elementor-widget-container\">\n\t\t\t<div class=\"elementor-image-box-wrapper\"><figure class=\"elementor-image-box-img\"><a href=\"#elementor-action%3Aaction%3Dlightbox%26settings%3DeyJ1cmwiOiJodHRwczpcL1wvY2RtLW9rbmEucGxcL3dwLWNvbnRlbnRcL3VwbG9hZHNcLzIwMjFcLzEyXC9TT1NOQS5qcGVnIiwidHlwZSI6ImltYWdlIiwidGl0bGUiOiJTT1NOQSJ9\" tabindex=\"-1\"><img loading=\"lazy\" decoding=\"async\" width=\"296\" height=\"400\" src=\"https:\/\/cdm-okna.pl\/wp-content\/uploads\/2021\/12\/SOSNA.jpeg\" class=\"attachment-full size-full wp-image-3378\" alt=\"Zbli\u017cenie na powierzchni\u0119 drewna sosnowego z widocznym, pionowym us\u0142ojeniem.\" srcset=\"https:\/\/cdm-okna.pl\/wp-content\/uploads\/2021\/12\/SOSNA.jpeg 296w, https:\/\/cdm-okna.pl\/wp-content\/uploads\/2021\/12\/SOSNA-222x300.jpeg 222w\" sizes=\"(max-width: 296px) 100vw, 296px\" \/><\/a><\/figure><div class=\"elementor-image-box-content\"><h4 class=\"elementor-image-box-title\"><a href=\"#elementor-action%3Aaction%3Dlightbox%26settings%3DeyJ1cmwiOiJodHRwczpcL1wvY2RtLW9rbmEucGxcL3dwLWNvbnRlbnRcL3VwbG9hZHNcLzIwMjFcLzEyXC9TT1NOQS5qcGVnIiwidHlwZSI6ImltYWdlIiwidGl0bGUiOiJTT1NOQSJ9\">Pine<\/a><\/h4><p class=\"elementor-image-box-description\">It has excellent thermal and acoustic insulation parameters.<\/p><\/div><\/div>\t\t<\/div>\n\t\t\t\t<\/div>\n\t\t\t\t\t<\/div>\n\t\t<\/div>\n\t\t\t\t<div class=\"elementor-column elementor-col-20 elementor-inner-column elementor-element elementor-element-3c76a00c\" data-id=\"3c76a00c\" data-element_type=\"column\">\n\t\t\t<div class=\"elementor-widget-wrap elementor-element-populated\">\n\t\t\t\t\t\t\t\t<div class=\"elementor-element elementor-element-5ab6e7ef elementor-position-top elementor-widget elementor-widget-image-box\" data-id=\"5ab6e7ef\" data-element_type=\"widget\" data-widget_type=\"image-box.default\">\n\t\t\t\t<div class=\"elementor-widget-container\">\n\t\t\t<div class=\"elementor-image-box-wrapper\"><figure class=\"elementor-image-box-img\"><a href=\"#elementor-action%3Aaction%3Dlightbox%26settings%3DeyJ1cmwiOiJodHRwczpcL1wvY2RtLW9rbmEucGxcL3dwLWNvbnRlbnRcL3VwbG9hZHNcLzIwMjFcLzEyXC9NRVJBTlRJLmpwZWciLCJ0eXBlIjoiaW1hZ2UiLCJ0aXRsZSI6Ik1FUkFOVEkifQ%3D%3D\" tabindex=\"-1\"><img loading=\"lazy\" decoding=\"async\" width=\"296\" height=\"400\" src=\"https:\/\/cdm-okna.pl\/wp-content\/uploads\/2021\/12\/MERANTI.jpeg\" class=\"attachment-full size-full wp-image-3376\" alt=\"Meranti \u2013 drewno o ciemnoczerwonym zabarwieniu i jednolitym us\u0142ojeniu.\" srcset=\"https:\/\/cdm-okna.pl\/wp-content\/uploads\/2021\/12\/MERANTI.jpeg 296w, https:\/\/cdm-okna.pl\/wp-content\/uploads\/2021\/12\/MERANTI-222x300.jpeg 222w\" sizes=\"(max-width: 296px) 100vw, 296px\" \/><\/a><\/figure><div class=\"elementor-image-box-content\"><h4 class=\"elementor-image-box-title\"><a href=\"#elementor-action%3Aaction%3Dlightbox%26settings%3DeyJ1cmwiOiJodHRwczpcL1wvY2RtLW9rbmEucGxcL3dwLWNvbnRlbnRcL3VwbG9hZHNcLzIwMjFcLzEyXC9NRVJBTlRJLmpwZWciLCJ0eXBlIjoiaW1hZ2UiLCJ0aXRsZSI6Ik1FUkFOVEkifQ%3D%3D\">Meranti<\/a><\/h4><p class=\"elementor-image-box-description\">The type of wood from Asia that has a pleasant structure and is popular with customers.<\/p><\/div><\/div>\t\t<\/div>\n\t\t\t\t<\/div>\n\t\t\t\t\t<\/div>\n\t\t<\/div>\n\t\t\t\t\t\t\t<\/div>\n\t\t<\/section>\n\t\t\t\t\t\t<\/div>\n\t\t\n<\/div>\n\t\t\t\t\t\t\t\t\t<div class=\"elementor-tab-title elementor-tab-mobile-title\" aria-selected=\"false\" data-tab=\"3\" role=\"tab\" tabindex=\"-1\" aria-controls=\"elementor-tab-content-2343\" aria-expanded=\"false\">Windowpanes<\/div>\n\t\t\t\t\t<div id=\"elementor-tab-content-2343\" class=\"elementor-tab-content elementor-clearfix\" data-tab=\"3\" role=\"tabpanel\" aria-labelledby=\"elementor-tab-title-2343\" tabindex=\"0\" hidden=\"hidden\">\t\t<div data-elementor-type=\"section\" data-elementor-id=\"12234\" class=\"elementor elementor-12234 elementor-6331\" data-elementor-post-type=\"elementor_library\">\n\t\t\t\t\t\t\t\t<section class=\"elementor-section elementor-top-section elementor-element elementor-element-b35f852 elementor-section-boxed elementor-section-height-default elementor-section-height-default\" data-id=\"b35f852\" data-element_type=\"section\">\n\t\t\t\t\t\t<div class=\"elementor-container elementor-column-gap-default\">\n\t\t\t\t\t<div class=\"elementor-column elementor-col-33 elementor-top-column elementor-element elementor-element-0880b93\" data-id=\"0880b93\" data-element_type=\"column\">\n\t\t\t<div class=\"elementor-widget-wrap elementor-element-populated\">\n\t\t\t\t\t\t\t\t<div class=\"elementor-element elementor-element-d9f0312 elementor-widget elementor-widget-image\" data-id=\"d9f0312\" data-element_type=\"widget\" data-widget_type=\"image.default\">\n\t\t\t\t<div class=\"elementor-widget-container\">\n\t\t\t\t\t\t\t\t\t\t\t\t\t\t\t<img loading=\"lazy\" decoding=\"async\" width=\"580\" height=\"567\" src=\"https:\/\/cdm-okna.pl\/wp-content\/uploads\/2021\/12\/sloneczko-1.jpeg\" class=\"attachment-large size-large wp-image-4540\" alt=\"Schemat eksperymentu z podw\u00f3jn\u0105 szczelin\u0105: \u015bwiat\u0142o przechodzi przez dwie pionowe szczeliny, tworz\u0105c wz\u00f3r interferencyjny na ekranie; w lewym g\u00f3rnym rogu znajduje si\u0119 emoji s\u0142o\u0144ca w okularach przeciws\u0142onecznych.\" srcset=\"https:\/\/cdm-okna.pl\/wp-content\/uploads\/2021\/12\/sloneczko-1.jpeg 800w, https:\/\/cdm-okna.pl\/wp-content\/uploads\/2021\/12\/sloneczko-1-300x293.jpeg 300w, https:\/\/cdm-okna.pl\/wp-content\/uploads\/2021\/12\/sloneczko-1-768x751.jpeg 768w\" sizes=\"(max-width: 580px) 100vw, 580px\" \/>\t\t\t\t\t\t\t\t\t\t\t\t\t\t\t<\/div>\n\t\t\t\t<\/div>\n\t\t\t\t\t<\/div>\n\t\t<\/div>\n\t\t\t\t<div class=\"elementor-column elementor-col-33 elementor-top-column elementor-element elementor-element-54d72b4\" data-id=\"54d72b4\" data-element_type=\"column\">\n\t\t\t<div class=\"elementor-widget-wrap elementor-element-populated\">\n\t\t\t\t\t\t\t\t<div class=\"elementor-element elementor-element-d39096f elementor-widget elementor-widget-image\" data-id=\"d39096f\" data-element_type=\"widget\" data-widget_type=\"image.default\">\n\t\t\t\t<div class=\"elementor-widget-container\">\n\t\t\t\t\t\t\t\t\t\t\t\t\t\t\t<img loading=\"lazy\" decoding=\"async\" width=\"580\" height=\"640\" src=\"https:\/\/cdm-okna.pl\/wp-content\/uploads\/2021\/12\/sloneczko-2.jpeg\" class=\"attachment-large size-large wp-image-4541\" alt=\"Schemat przedstawiaj\u0105cy s\u0142o\u0144ce w okularach przeciws\u0142onecznych, dwie pionowe p\u0142yty z materia\u0142em izolacyjnym pomi\u0119dzy nimi oraz strza\u0142ki wskazuj\u0105ce przep\u0142yw ciep\u0142a w kierunku grzejnika.\" srcset=\"https:\/\/cdm-okna.pl\/wp-content\/uploads\/2021\/12\/sloneczko-2.jpeg 800w, https:\/\/cdm-okna.pl\/wp-content\/uploads\/2021\/12\/sloneczko-2-272x300.jpeg 272w, https:\/\/cdm-okna.pl\/wp-content\/uploads\/2021\/12\/sloneczko-2-768x848.jpeg 768w\" sizes=\"(max-width: 580px) 100vw, 580px\" \/>\t\t\t\t\t\t\t\t\t\t\t\t\t\t\t<\/div>\n\t\t\t\t<\/div>\n\t\t\t\t\t<\/div>\n\t\t<\/div>\n\t\t\t\t<div class=\"elementor-column elementor-col-33 elementor-top-column elementor-element elementor-element-fb036a8\" data-id=\"fb036a8\" data-element_type=\"column\">\n\t\t\t<div class=\"elementor-widget-wrap elementor-element-populated\">\n\t\t\t\t\t\t\t\t<div class=\"elementor-element elementor-element-fda94a2 elementor-widget elementor-widget-text-editor\" data-id=\"fda94a2\" data-element_type=\"widget\" data-widget_type=\"text-editor.default\">\n\t\t\t\t<div class=\"elementor-widget-container\">\n\t\t\t\t\t\t\t<p>The main task of modern glazing units is thermal insulation that is achieved by the hermetic coupling of at least two panes in the form of the so-called double glazing. The panes are separated by a spacer frame, and the space between them is filled with dried air or gas (Argon, Krypton). Such structure significantly increases the thermal and acoustic properties of the entire window. Moreover, the glass used in the production of such panes is the so-called low-e glass. On the one hand, it allows heat and sunlight to penetrate inside, and on the other hand, it reflects thermal radiation (e.g. from a radiator), preventing it from escaping outside the building.       <\/p>\t\t\t\t\t\t<\/div>\n\t\t\t\t<\/div>\n\t\t\t\t\t<\/div>\n\t\t<\/div>\n\t\t\t\t\t\t\t<\/div>\n\t\t<\/section>\n\t\t\t\t<section class=\"elementor-section elementor-top-section elementor-element elementor-element-072d517 light-white elementor-section-boxed elementor-section-height-default elementor-section-height-default\" data-id=\"072d517\" data-element_type=\"section\">\n\t\t\t\t\t\t<div class=\"elementor-container elementor-column-gap-default\">\n\t\t\t\t\t<div class=\"elementor-column elementor-col-25 elementor-top-column elementor-element elementor-element-743098d\" data-id=\"743098d\" data-element_type=\"column\">\n\t\t\t<div class=\"elementor-widget-wrap elementor-element-populated\">\n\t\t\t\t\t\t\t\t<div class=\"elementor-element elementor-element-8d8718e elementor-widget elementor-widget-image\" data-id=\"8d8718e\" data-element_type=\"widget\" data-widget_type=\"image.default\">\n\t\t\t\t<div class=\"elementor-widget-container\">\n\t\t\t\t\t\t\t\t\t\t\t\t\t\t\t\t<a href=\"https:\/\/cdm-okna.pl\/wp-content\/uploads\/2022\/01\/Szyby_CDM_angielski_standard-1.png\" data-elementor-open-lightbox=\"yes\" data-elementor-lightbox-title=\"Szyby_CDM_angielski_standard\" data-e-action-hash=\"#elementor-action%3Aaction%3Dlightbox%26settings%3DeyJpZCI6MTM1OTMsInVybCI6Imh0dHBzOlwvXC9jZG0tb2tuYS5wbFwvd3AtY29udGVudFwvdXBsb2Fkc1wvMjAyMlwvMDFcL1N6eWJ5X0NETV9hbmdpZWxza2lfc3RhbmRhcmQtMS1lMTY2MTk4MjM4NTU2Ni5wbmcifQ%3D%3D\">\n\t\t\t\t\t\t\t<img loading=\"lazy\" decoding=\"async\" width=\"580\" height=\"551\" src=\"https:\/\/cdm-okna.pl\/wp-content\/uploads\/2022\/01\/Szyby_CDM_angielski_standard-1-e1661982385566.png\" class=\"attachment-large size-large wp-image-13593\" alt=\"\" srcset=\"https:\/\/cdm-okna.pl\/wp-content\/uploads\/2022\/01\/Szyby_CDM_angielski_standard-1-e1661982385566.png 787w, https:\/\/cdm-okna.pl\/wp-content\/uploads\/2022\/01\/Szyby_CDM_angielski_standard-1-e1661982385566-300x285.png 300w, https:\/\/cdm-okna.pl\/wp-content\/uploads\/2022\/01\/Szyby_CDM_angielski_standard-1-e1661982385566-768x729.png 768w\" sizes=\"(max-width: 580px) 100vw, 580px\" \/>\t\t\t\t\t\t\t\t<\/a>\n\t\t\t\t\t\t\t\t\t\t\t\t\t\t\t<\/div>\n\t\t\t\t<\/div>\n\t\t\t\t<div class=\"elementor-element elementor-element-590907a elementor-widget elementor-widget-text-editor\" data-id=\"590907a\" data-element_type=\"widget\" data-widget_type=\"text-editor.default\">\n\t\t\t\t<div class=\"elementor-widget-container\">\n\t\t\t\t\t\t\t<p>Basic double-glazing system<\/p>\t\t\t\t\t\t<\/div>\n\t\t\t\t<\/div>\n\t\t\t\t\t<\/div>\n\t\t<\/div>\n\t\t\t\t<div class=\"elementor-column elementor-col-25 elementor-top-column elementor-element elementor-element-4b85944\" data-id=\"4b85944\" data-element_type=\"column\">\n\t\t\t<div class=\"elementor-widget-wrap elementor-element-populated\">\n\t\t\t\t\t\t\t\t<div class=\"elementor-element elementor-element-f1df70e elementor-widget elementor-widget-image\" data-id=\"f1df70e\" data-element_type=\"widget\" data-widget_type=\"image.default\">\n\t\t\t\t<div class=\"elementor-widget-container\">\n\t\t\t\t\t\t\t\t\t\t\t\t\t\t\t\t<a href=\"https:\/\/cdm-okna.pl\/wp-content\/uploads\/2022\/01\/Szyby_CDM_angielski_dwukomorowa-1.png\" data-elementor-open-lightbox=\"yes\" data-elementor-lightbox-title=\"Szyby_CDM_angielski_dwukomorowa\" data-e-action-hash=\"#elementor-action%3Aaction%3Dlightbox%26settings%3DeyJpZCI6MTM1OTYsInVybCI6Imh0dHBzOlwvXC9jZG0tb2tuYS5wbFwvd3AtY29udGVudFwvdXBsb2Fkc1wvMjAyMlwvMDFcL1N6eWJ5X0NETV9hbmdpZWxza2lfZHd1a29tb3Jvd2EtMS5wbmcifQ%3D%3D\">\n\t\t\t\t\t\t\t<img loading=\"lazy\" decoding=\"async\" width=\"580\" height=\"552\" src=\"https:\/\/cdm-okna.pl\/wp-content\/uploads\/2022\/01\/Szyby_CDM_angielski_dwukomorowa-1.png\" class=\"attachment-large size-large wp-image-13596\" alt=\"\" srcset=\"https:\/\/cdm-okna.pl\/wp-content\/uploads\/2022\/01\/Szyby_CDM_angielski_dwukomorowa-1.png 787w, https:\/\/cdm-okna.pl\/wp-content\/uploads\/2022\/01\/Szyby_CDM_angielski_dwukomorowa-1-300x286.png 300w, https:\/\/cdm-okna.pl\/wp-content\/uploads\/2022\/01\/Szyby_CDM_angielski_dwukomorowa-1-768x731.png 768w\" sizes=\"(max-width: 580px) 100vw, 580px\" \/>\t\t\t\t\t\t\t\t<\/a>\n\t\t\t\t\t\t\t\t\t\t\t\t\t\t\t<\/div>\n\t\t\t\t<\/div>\n\t\t\t\t<div class=\"elementor-element elementor-element-8fb6716 elementor-widget elementor-widget-text-editor\" data-id=\"8fb6716\" data-element_type=\"widget\" data-widget_type=\"text-editor.default\">\n\t\t\t\t<div class=\"elementor-widget-container\">\n\t\t\t\t\t\t\t<p>Triple-glazing system<\/p>\t\t\t\t\t\t<\/div>\n\t\t\t\t<\/div>\n\t\t\t\t\t<\/div>\n\t\t<\/div>\n\t\t\t\t<div class=\"elementor-column elementor-col-25 elementor-top-column elementor-element elementor-element-a0f6c23\" data-id=\"a0f6c23\" data-element_type=\"column\">\n\t\t\t<div class=\"elementor-widget-wrap elementor-element-populated\">\n\t\t\t\t\t\t\t\t<div class=\"elementor-element elementor-element-8bc9b8f elementor-widget elementor-widget-image\" data-id=\"8bc9b8f\" data-element_type=\"widget\" data-widget_type=\"image.default\">\n\t\t\t\t<div class=\"elementor-widget-container\">\n\t\t\t\t\t\t\t\t\t\t\t\t\t\t\t\t<a href=\"https:\/\/cdm-okna.pl\/wp-content\/uploads\/2022\/01\/Szyby_CDM_angielski_antywlamaniowa-1.png\" data-elementor-open-lightbox=\"yes\" data-elementor-lightbox-title=\"Szyby_CDM_angielski_antyw\u0142amaniowa\" data-e-action-hash=\"#elementor-action%3Aaction%3Dlightbox%26settings%3DeyJpZCI6MTM1OTksInVybCI6Imh0dHBzOlwvXC9jZG0tb2tuYS5wbFwvd3AtY29udGVudFwvdXBsb2Fkc1wvMjAyMlwvMDFcL1N6eWJ5X0NETV9hbmdpZWxza2lfYW50eXdsYW1hbmlvd2EtMS5wbmcifQ%3D%3D\">\n\t\t\t\t\t\t\t<img loading=\"lazy\" decoding=\"async\" width=\"580\" height=\"552\" src=\"https:\/\/cdm-okna.pl\/wp-content\/uploads\/2022\/01\/Szyby_CDM_angielski_antywlamaniowa-1.png\" class=\"attachment-large size-large wp-image-13599\" alt=\"\" srcset=\"https:\/\/cdm-okna.pl\/wp-content\/uploads\/2022\/01\/Szyby_CDM_angielski_antywlamaniowa-1.png 786w, https:\/\/cdm-okna.pl\/wp-content\/uploads\/2022\/01\/Szyby_CDM_angielski_antywlamaniowa-1-300x285.png 300w, https:\/\/cdm-okna.pl\/wp-content\/uploads\/2022\/01\/Szyby_CDM_angielski_antywlamaniowa-1-768x731.png 768w\" sizes=\"(max-width: 580px) 100vw, 580px\" \/>\t\t\t\t\t\t\t\t<\/a>\n\t\t\t\t\t\t\t\t\t\t\t\t\t\t\t<\/div>\n\t\t\t\t<\/div>\n\t\t\t\t<div class=\"elementor-element elementor-element-02dcb78 elementor-widget elementor-widget-text-editor\" data-id=\"02dcb78\" data-element_type=\"widget\" data-widget_type=\"text-editor.default\">\n\t\t\t\t<div class=\"elementor-widget-container\">\n\t\t\t\t\t\t\t<p>P4 class Anti-burglary glazing system<\/p>\t\t\t\t\t\t<\/div>\n\t\t\t\t<\/div>\n\t\t\t\t\t<\/div>\n\t\t<\/div>\n\t\t\t\t<div class=\"elementor-column elementor-col-25 elementor-top-column elementor-element elementor-element-cba6fd7\" data-id=\"cba6fd7\" data-element_type=\"column\">\n\t\t\t<div class=\"elementor-widget-wrap elementor-element-populated\">\n\t\t\t\t\t\t\t\t<div class=\"elementor-element elementor-element-4cbcd64 elementor-widget elementor-widget-image\" data-id=\"4cbcd64\" data-element_type=\"widget\" data-widget_type=\"image.default\">\n\t\t\t\t<div class=\"elementor-widget-container\">\n\t\t\t\t\t\t\t\t\t\t\t\t\t\t\t\t<a href=\"https:\/\/cdm-okna.pl\/wp-content\/uploads\/2022\/01\/Szyby_CDM_angielski_bezpieczna-1.png\" data-elementor-open-lightbox=\"yes\" data-elementor-lightbox-title=\"Szyby_CDM_angielski_bezpieczna\" data-e-action-hash=\"#elementor-action%3Aaction%3Dlightbox%26settings%3DeyJpZCI6MTM2MDIsInVybCI6Imh0dHBzOlwvXC9jZG0tb2tuYS5wbFwvd3AtY29udGVudFwvdXBsb2Fkc1wvMjAyMlwvMDFcL1N6eWJ5X0NETV9hbmdpZWxza2lfYmV6cGllY3puYS0xLnBuZyJ9\">\n\t\t\t\t\t\t\t<img loading=\"lazy\" decoding=\"async\" width=\"580\" height=\"548\" src=\"https:\/\/cdm-okna.pl\/wp-content\/uploads\/2022\/01\/Szyby_CDM_angielski_bezpieczna-1.png\" class=\"attachment-large size-large wp-image-13602\" alt=\"\" srcset=\"https:\/\/cdm-okna.pl\/wp-content\/uploads\/2022\/01\/Szyby_CDM_angielski_bezpieczna-1.png 788w, https:\/\/cdm-okna.pl\/wp-content\/uploads\/2022\/01\/Szyby_CDM_angielski_bezpieczna-1-300x284.png 300w, https:\/\/cdm-okna.pl\/wp-content\/uploads\/2022\/01\/Szyby_CDM_angielski_bezpieczna-1-768x726.png 768w\" sizes=\"(max-width: 580px) 100vw, 580px\" \/>\t\t\t\t\t\t\t\t<\/a>\n\t\t\t\t\t\t\t\t\t\t\t\t\t\t\t<\/div>\n\t\t\t\t<\/div>\n\t\t\t\t<div class=\"elementor-element elementor-element-ab02428 elementor-widget elementor-widget-text-editor\" data-id=\"ab02428\" data-element_type=\"widget\" data-widget_type=\"text-editor.default\">\n\t\t\t\t<div class=\"elementor-widget-container\">\n\t\t\t\t\t\t\t<p>O2 class Safe glazing system<\/p>\t\t\t\t\t\t<\/div>\n\t\t\t\t<\/div>\n\t\t\t\t\t<\/div>\n\t\t<\/div>\n\t\t\t\t\t\t\t<\/div>\n\t\t<\/section>\n\t\t\t\t\t\t<\/div>\n\t\t\n<\/div>\n\t\t\t\t\t\t\t\t\t<div class=\"elementor-tab-title elementor-tab-mobile-title\" aria-selected=\"false\" data-tab=\"4\" role=\"tab\" tabindex=\"-1\" aria-controls=\"elementor-tab-content-2344\" aria-expanded=\"false\">Muntins<\/div>\n\t\t\t\t\t<div id=\"elementor-tab-content-2344\" class=\"elementor-tab-content elementor-clearfix\" data-tab=\"4\" role=\"tabpanel\" aria-labelledby=\"elementor-tab-title-2344\" tabindex=\"0\" hidden=\"hidden\">\t\t<div data-elementor-type=\"section\" data-elementor-id=\"12238\" class=\"elementor elementor-12238 elementor-6561\" data-elementor-post-type=\"elementor_library\">\n\t\t\t\t\t\t\t\t<section class=\"elementor-section elementor-top-section elementor-element elementor-element-8a350f7 elementor-reverse-mobile elementor-hidden-mobile elementor-section-content-middle elementor-section-boxed elementor-section-height-default elementor-section-height-default\" data-id=\"8a350f7\" data-element_type=\"section\">\n\t\t\t\t\t\t<div class=\"elementor-container elementor-column-gap-default\">\n\t\t\t\t\t<div class=\"elementor-column elementor-col-100 elementor-top-column elementor-element elementor-element-2e55b7b\" data-id=\"2e55b7b\" data-element_type=\"column\">\n\t\t\t<div class=\"elementor-widget-wrap elementor-element-populated\">\n\t\t\t\t\t\t\t\t<div class=\"elementor-element elementor-element-f4c052a elementor-widget elementor-widget-heading\" data-id=\"f4c052a\" data-element_type=\"widget\" data-widget_type=\"heading.default\">\n\t\t\t\t<div class=\"elementor-widget-container\">\n\t\t\t<h5 class=\"elementor-heading-title elementor-size-default\">Internal muntins<\/h5>\t\t<\/div>\n\t\t\t\t<\/div>\n\t\t\t\t<div class=\"elementor-element elementor-element-2fb409e elementor-widget elementor-widget-text-editor\" data-id=\"2fb409e\" data-element_type=\"widget\" data-widget_type=\"text-editor.default\">\n\t\t\t\t<div class=\"elementor-widget-container\">\n\t\t\t\t\t\t\t<p>Internal muntins are placed in the space between the panes in the process of glazing system manufacture. We offer internal muntins with a width of 8, 18, 26 and 45 mm. Internal muntins can be covered with a wood-like coating or varnished in any colour included in the RAL palette. It is possible to use a two-colour combination \u2013 one colour seen from the inside and a different colour from the outside of the room.    <\/p>\t\t\t\t\t\t<\/div>\n\t\t\t\t<\/div>\n\t\t\t\t\t<\/div>\n\t\t<\/div>\n\t\t\t\t\t\t\t<\/div>\n\t\t<\/section>\n\t\t\t\t<section class=\"elementor-section elementor-top-section elementor-element elementor-element-7c79f0b elementor-section-boxed elementor-section-height-default elementor-section-height-default\" data-id=\"7c79f0b\" data-element_type=\"section\">\n\t\t\t\t\t\t<div class=\"elementor-container elementor-column-gap-default\">\n\t\t\t\t\t<div class=\"elementor-column elementor-col-50 elementor-top-column elementor-element elementor-element-d1fff4c\" data-id=\"d1fff4c\" data-element_type=\"column\">\n\t\t\t<div class=\"elementor-widget-wrap elementor-element-populated\">\n\t\t\t\t\t\t\t\t<div class=\"elementor-element elementor-element-fa0bf91 elementor-widget elementor-widget-image\" data-id=\"fa0bf91\" data-element_type=\"widget\" data-widget_type=\"image.default\">\n\t\t\t\t<div class=\"elementor-widget-container\">\n\t\t\t\t\t\t\t\t\t\t\t\t\t\t\t\t<a href=\"https:\/\/cdm-okna.pl\/wp-content\/uploads\/2022\/01\/1-szpros-wewnatrzszybowy-scaled.jpg\" data-elementor-open-lightbox=\"yes\" data-elementor-lightbox-title=\"1 szpros wewnatrzszybowy\" data-e-action-hash=\"#elementor-action%3Aaction%3Dlightbox%26settings%3DeyJpZCI6NjU3NywidXJsIjoiaHR0cHM6XC9cL2NkbS1va25hLnBsXC93cC1jb250ZW50XC91cGxvYWRzXC8yMDIyXC8wMVwvMS1zenByb3Mtd2V3bmF0cnpzenlib3d5LXNjYWxlZC5qcGcifQ%3D%3D\">\n\t\t\t\t\t\t\t<img loading=\"lazy\" decoding=\"async\" width=\"580\" height=\"803\" src=\"https:\/\/cdm-okna.pl\/wp-content\/uploads\/2022\/01\/1-szpros-wewnatrzszybowy-740x1024.jpg\" class=\"attachment-large size-large wp-image-6577\" alt=\"Przekr\u00f3j zespolonej szyby z jednym szprosem wewn\u0105trzszybowym, umieszczonym pomi\u0119dzy taflami szk\u0142a. Szpros dzieli wizualnie powierzchni\u0119 szyby, nie wp\u0142ywaj\u0105c na jej w\u0142a\u015bciwo\u015bci izolacyjne.\" srcset=\"https:\/\/cdm-okna.pl\/wp-content\/uploads\/2022\/01\/1-szpros-wewnatrzszybowy-740x1024.jpg 740w, https:\/\/cdm-okna.pl\/wp-content\/uploads\/2022\/01\/1-szpros-wewnatrzszybowy-217x300.jpg 217w, https:\/\/cdm-okna.pl\/wp-content\/uploads\/2022\/01\/1-szpros-wewnatrzszybowy-768x1063.jpg 768w, https:\/\/cdm-okna.pl\/wp-content\/uploads\/2022\/01\/1-szpros-wewnatrzszybowy-1110x1536.jpg 1110w, https:\/\/cdm-okna.pl\/wp-content\/uploads\/2022\/01\/1-szpros-wewnatrzszybowy-1480x2048.jpg 1480w, https:\/\/cdm-okna.pl\/wp-content\/uploads\/2022\/01\/1-szpros-wewnatrzszybowy-1200x1660.jpg 1200w, https:\/\/cdm-okna.pl\/wp-content\/uploads\/2022\/01\/1-szpros-wewnatrzszybowy-1980x2739.jpg 1980w, https:\/\/cdm-okna.pl\/wp-content\/uploads\/2022\/01\/1-szpros-wewnatrzszybowy-scaled.jpg 1850w\" sizes=\"(max-width: 580px) 100vw, 580px\" \/>\t\t\t\t\t\t\t\t<\/a>\n\t\t\t\t\t\t\t\t\t\t\t\t\t\t\t<\/div>\n\t\t\t\t<\/div>\n\t\t\t\t<div class=\"elementor-element elementor-element-9744393 elementor-hidden-desktop elementor-hidden-tablet elementor-widget elementor-widget-heading\" data-id=\"9744393\" data-element_type=\"widget\" data-widget_type=\"heading.default\">\n\t\t\t\t<div class=\"elementor-widget-container\">\n\t\t\t<h5 class=\"elementor-heading-title elementor-size-default\">Internal muntins<\/h5>\t\t<\/div>\n\t\t\t\t<\/div>\n\t\t\t\t<div class=\"elementor-element elementor-element-4be4651 elementor-hidden-desktop elementor-hidden-tablet elementor-widget elementor-widget-text-editor\" data-id=\"4be4651\" data-element_type=\"widget\" data-widget_type=\"text-editor.default\">\n\t\t\t\t<div class=\"elementor-widget-container\">\n\t\t\t\t\t\t\t<p>Internal muntins are placed in the space between the panes in the process of glazing system manufacture. We offer internal muntins with a width of 8, 18, 26 and 45 mm. Internal muntins can be covered with a wood-like coating or varnished in any colour included in the RAL palette. It is possible to use a two-colour combination \u2013 one colour seen from the inside and a different colour from the outside of the room.    <\/p>\t\t\t\t\t\t<\/div>\n\t\t\t\t<\/div>\n\t\t\t\t\t<\/div>\n\t\t<\/div>\n\t\t\t\t<div class=\"elementor-column elementor-col-50 elementor-top-column elementor-element elementor-element-b56b28a\" data-id=\"b56b28a\" data-element_type=\"column\">\n\t\t\t<div class=\"elementor-widget-wrap elementor-element-populated\">\n\t\t\t\t\t\t\t\t<section class=\"elementor-section elementor-inner-section elementor-element elementor-element-a045cf5 elementor-section-boxed elementor-section-height-default elementor-section-height-default\" data-id=\"a045cf5\" data-element_type=\"section\">\n\t\t\t\t\t\t<div class=\"elementor-container elementor-column-gap-default\">\n\t\t\t\t\t<div class=\"elementor-column elementor-col-25 elementor-inner-column elementor-element elementor-element-c0b6d9a\" data-id=\"c0b6d9a\" data-element_type=\"column\">\n\t\t\t<div class=\"elementor-widget-wrap elementor-element-populated\">\n\t\t\t\t\t\t\t\t<div class=\"elementor-element elementor-element-d4d7b16 elementor-widget elementor-widget-image\" data-id=\"d4d7b16\" data-element_type=\"widget\" data-widget_type=\"image.default\">\n\t\t\t\t<div class=\"elementor-widget-container\">\n\t\t\t\t\t\t\t\t\t\t\t\t\t\t\t\t<a href=\"https:\/\/cdm-okna.pl\/wp-content\/uploads\/2022\/01\/oliwka.jpg\" data-elementor-open-lightbox=\"yes\" data-elementor-lightbox-title=\"oliwka\" data-e-action-hash=\"#elementor-action%3Aaction%3Dlightbox%26settings%3DeyJpZCI6NjU2MiwidXJsIjoiaHR0cHM6XC9cL2NkbS1va25hLnBsXC93cC1jb250ZW50XC91cGxvYWRzXC8yMDIyXC8wMVwvb2xpd2thLmpwZyJ9\">\n\t\t\t\t\t\t\t<img loading=\"lazy\" decoding=\"async\" width=\"580\" height=\"200\" src=\"https:\/\/cdm-okna.pl\/wp-content\/uploads\/2022\/01\/oliwka-1024x353.jpg\" class=\"attachment-large size-large wp-image-6562\" alt=\"Zbli\u017cenie na powierzchni\u0119 w kolorze oliwkowym o g\u0142adkiej, poziomej fakturze \u2013 prawdopodobnie fragment szprosu wykonanego z metalu lub tworzywa sztucznego.\" srcset=\"https:\/\/cdm-okna.pl\/wp-content\/uploads\/2022\/01\/oliwka-1024x353.jpg 1024w, https:\/\/cdm-okna.pl\/wp-content\/uploads\/2022\/01\/oliwka-300x103.jpg 300w, https:\/\/cdm-okna.pl\/wp-content\/uploads\/2022\/01\/oliwka-768x265.jpg 768w, https:\/\/cdm-okna.pl\/wp-content\/uploads\/2022\/01\/oliwka.jpg 1160w\" sizes=\"(max-width: 580px) 100vw, 580px\" \/>\t\t\t\t\t\t\t\t<\/a>\n\t\t\t\t\t\t\t\t\t\t\t\t\t\t\t<\/div>\n\t\t\t\t<\/div>\n\t\t\t\t<div class=\"elementor-element elementor-element-26ff066 elementor-widget elementor-widget-text-editor\" data-id=\"26ff066\" data-element_type=\"widget\" data-widget_type=\"text-editor.default\">\n\t\t\t\t<div class=\"elementor-widget-container\">\n\t\t\t\t\t\t\t<p>olive<\/p>\t\t\t\t\t\t<\/div>\n\t\t\t\t<\/div>\n\t\t\t\t\t<\/div>\n\t\t<\/div>\n\t\t\t\t<div class=\"elementor-column elementor-col-25 elementor-inner-column elementor-element elementor-element-34d4598\" data-id=\"34d4598\" data-element_type=\"column\">\n\t\t\t<div class=\"elementor-widget-wrap elementor-element-populated\">\n\t\t\t\t\t\t\t\t<div class=\"elementor-element elementor-element-66e292e elementor-widget elementor-widget-image\" data-id=\"66e292e\" data-element_type=\"widget\" data-widget_type=\"image.default\">\n\t\t\t\t<div class=\"elementor-widget-container\">\n\t\t\t\t\t\t\t\t\t\t\t\t\t\t\t\t<a href=\"https:\/\/cdm-okna.pl\/wp-content\/uploads\/2022\/01\/srebrny.jpg\" data-elementor-open-lightbox=\"yes\" data-elementor-lightbox-title=\"srebrny\" data-e-action-hash=\"#elementor-action%3Aaction%3Dlightbox%26settings%3DeyJpZCI6NjU2MywidXJsIjoiaHR0cHM6XC9cL2NkbS1va25hLnBsXC93cC1jb250ZW50XC91cGxvYWRzXC8yMDIyXC8wMVwvc3JlYnJueS5qcGcifQ%3D%3D\">\n\t\t\t\t\t\t\t<img loading=\"lazy\" decoding=\"async\" width=\"580\" height=\"200\" src=\"https:\/\/cdm-okna.pl\/wp-content\/uploads\/2022\/01\/srebrny-1024x353.jpg\" class=\"attachment-large size-large wp-image-6563\" alt=\"Zbli\u017cenie na powierzchni\u0119 w kolorze srebrnym o g\u0142adkiej, poziomej fakturze \u2013 prawdopodobnie fragment szprosu wykonanego z metalu lub tworzywa sztucznego.\" srcset=\"https:\/\/cdm-okna.pl\/wp-content\/uploads\/2022\/01\/srebrny-1024x353.jpg 1024w, https:\/\/cdm-okna.pl\/wp-content\/uploads\/2022\/01\/srebrny-300x103.jpg 300w, https:\/\/cdm-okna.pl\/wp-content\/uploads\/2022\/01\/srebrny-768x265.jpg 768w, https:\/\/cdm-okna.pl\/wp-content\/uploads\/2022\/01\/srebrny.jpg 1160w\" sizes=\"(max-width: 580px) 100vw, 580px\" \/>\t\t\t\t\t\t\t\t<\/a>\n\t\t\t\t\t\t\t\t\t\t\t\t\t\t\t<\/div>\n\t\t\t\t<\/div>\n\t\t\t\t<div class=\"elementor-element elementor-element-59d67a1 elementor-widget elementor-widget-text-editor\" data-id=\"59d67a1\" data-element_type=\"widget\" data-widget_type=\"text-editor.default\">\n\t\t\t\t<div class=\"elementor-widget-container\">\n\t\t\t\t\t\t\t<p>silver matt<\/p>\t\t\t\t\t\t<\/div>\n\t\t\t\t<\/div>\n\t\t\t\t\t<\/div>\n\t\t<\/div>\n\t\t\t\t<div class=\"elementor-column elementor-col-25 elementor-inner-column elementor-element elementor-element-58a078c\" data-id=\"58a078c\" data-element_type=\"column\">\n\t\t\t<div class=\"elementor-widget-wrap elementor-element-populated\">\n\t\t\t\t\t\t\t\t<div class=\"elementor-element elementor-element-e94e87d elementor-widget elementor-widget-image\" data-id=\"e94e87d\" data-element_type=\"widget\" data-widget_type=\"image.default\">\n\t\t\t\t<div class=\"elementor-widget-container\">\n\t\t\t\t\t\t\t\t\t\t\t\t\t\t\t\t<a href=\"https:\/\/cdm-okna.pl\/wp-content\/uploads\/2022\/01\/zloty.jpg\" data-elementor-open-lightbox=\"yes\" data-elementor-lightbox-title=\"z\u0142oty\" data-e-action-hash=\"#elementor-action%3Aaction%3Dlightbox%26settings%3DeyJpZCI6NjU2NCwidXJsIjoiaHR0cHM6XC9cL2NkbS1va25hLnBsXC93cC1jb250ZW50XC91cGxvYWRzXC8yMDIyXC8wMVwvemxvdHkuanBnIn0%3D\">\n\t\t\t\t\t\t\t<img loading=\"lazy\" decoding=\"async\" width=\"580\" height=\"200\" src=\"https:\/\/cdm-okna.pl\/wp-content\/uploads\/2022\/01\/zloty-1024x353.jpg\" class=\"attachment-large size-large wp-image-6564\" alt=\"Zbli\u017cenie na powierzchni\u0119 w kolorze z\u0142otym o g\u0142adkiej, poziomej fakturze \u2013 prawdopodobnie fragment szprosu wykonanego z metalu lub tworzywa sztucznego.\" srcset=\"https:\/\/cdm-okna.pl\/wp-content\/uploads\/2022\/01\/zloty-1024x353.jpg 1024w, https:\/\/cdm-okna.pl\/wp-content\/uploads\/2022\/01\/zloty-300x103.jpg 300w, https:\/\/cdm-okna.pl\/wp-content\/uploads\/2022\/01\/zloty-768x265.jpg 768w, https:\/\/cdm-okna.pl\/wp-content\/uploads\/2022\/01\/zloty.jpg 1160w\" sizes=\"(max-width: 580px) 100vw, 580px\" \/>\t\t\t\t\t\t\t\t<\/a>\n\t\t\t\t\t\t\t\t\t\t\t\t\t\t\t<\/div>\n\t\t\t\t<\/div>\n\t\t\t\t<div class=\"elementor-element elementor-element-62acc9a elementor-widget elementor-widget-text-editor\" data-id=\"62acc9a\" data-element_type=\"widget\" data-widget_type=\"text-editor.default\">\n\t\t\t\t<div class=\"elementor-widget-container\">\n\t\t\t\t\t\t\t<p>golden matt<\/p>\t\t\t\t\t\t<\/div>\n\t\t\t\t<\/div>\n\t\t\t\t\t<\/div>\n\t\t<\/div>\n\t\t\t\t<div class=\"elementor-column elementor-col-25 elementor-inner-column elementor-element elementor-element-ddf4dea\" data-id=\"ddf4dea\" data-element_type=\"column\">\n\t\t\t<div class=\"elementor-widget-wrap elementor-element-populated\">\n\t\t\t\t\t\t\t\t<div class=\"elementor-element elementor-element-80b68c7 elementor-widget elementor-widget-image\" data-id=\"80b68c7\" data-element_type=\"widget\" data-widget_type=\"image.default\">\n\t\t\t\t<div class=\"elementor-widget-container\">\n\t\t\t\t\t\t\t\t\t\t\t\t\t\t\t\t<a href=\"https:\/\/cdm-okna.pl\/wp-content\/uploads\/2022\/01\/kremowy.jpg\" data-elementor-open-lightbox=\"yes\" data-elementor-lightbox-title=\"kremowy\" data-e-action-hash=\"#elementor-action%3Aaction%3Dlightbox%26settings%3DeyJpZCI6NjU2NSwidXJsIjoiaHR0cHM6XC9cL2NkbS1va25hLnBsXC93cC1jb250ZW50XC91cGxvYWRzXC8yMDIyXC8wMVwva3JlbW93eS5qcGcifQ%3D%3D\">\n\t\t\t\t\t\t\t<img loading=\"lazy\" decoding=\"async\" width=\"580\" height=\"200\" src=\"https:\/\/cdm-okna.pl\/wp-content\/uploads\/2022\/01\/kremowy-1024x353.jpg\" class=\"attachment-large size-large wp-image-6565\" alt=\"Zbli\u017cenie na powierzchni\u0119 w kolorze kremowym o g\u0142adkiej, poziomej fakturze \u2013 prawdopodobnie fragment szprosu wykonanego z metalu lub tworzywa sztucznego.\" srcset=\"https:\/\/cdm-okna.pl\/wp-content\/uploads\/2022\/01\/kremowy-1024x353.jpg 1024w, https:\/\/cdm-okna.pl\/wp-content\/uploads\/2022\/01\/kremowy-300x103.jpg 300w, https:\/\/cdm-okna.pl\/wp-content\/uploads\/2022\/01\/kremowy-768x265.jpg 768w, https:\/\/cdm-okna.pl\/wp-content\/uploads\/2022\/01\/kremowy.jpg 1160w\" sizes=\"(max-width: 580px) 100vw, 580px\" \/>\t\t\t\t\t\t\t\t<\/a>\n\t\t\t\t\t\t\t\t\t\t\t\t\t\t\t<\/div>\n\t\t\t\t<\/div>\n\t\t\t\t<div class=\"elementor-element elementor-element-0116e8b elementor-widget elementor-widget-text-editor\" data-id=\"0116e8b\" data-element_type=\"widget\" data-widget_type=\"text-editor.default\">\n\t\t\t\t<div class=\"elementor-widget-container\">\n\t\t\t\t\t\t\t<p>cream white YEM69-Z8<\/p>\t\t\t\t\t\t<\/div>\n\t\t\t\t<\/div>\n\t\t\t\t\t<\/div>\n\t\t<\/div>\n\t\t\t\t\t\t\t<\/div>\n\t\t<\/section>\n\t\t\t\t<section class=\"elementor-section elementor-inner-section elementor-element elementor-element-e7eaacc elementor-section-boxed elementor-section-height-default elementor-section-height-default\" data-id=\"e7eaacc\" data-element_type=\"section\">\n\t\t\t\t\t\t<div class=\"elementor-container elementor-column-gap-default\">\n\t\t\t\t\t<div class=\"elementor-column elementor-col-25 elementor-inner-column elementor-element elementor-element-d084f26\" data-id=\"d084f26\" data-element_type=\"column\">\n\t\t\t<div class=\"elementor-widget-wrap elementor-element-populated\">\n\t\t\t\t\t\t\t\t<div class=\"elementor-element elementor-element-2eb95e3 elementor-widget elementor-widget-image\" data-id=\"2eb95e3\" data-element_type=\"widget\" data-widget_type=\"image.default\">\n\t\t\t\t<div class=\"elementor-widget-container\">\n\t\t\t\t\t\t\t\t\t\t\t\t\t\t\t\t<a href=\"https:\/\/cdm-okna.pl\/wp-content\/uploads\/2022\/01\/szary.jpg\" data-elementor-open-lightbox=\"yes\" data-elementor-lightbox-title=\"szary\" data-e-action-hash=\"#elementor-action%3Aaction%3Dlightbox%26settings%3DeyJpZCI6NjU2NiwidXJsIjoiaHR0cHM6XC9cL2NkbS1va25hLnBsXC93cC1jb250ZW50XC91cGxvYWRzXC8yMDIyXC8wMVwvc3phcnkuanBnIn0%3D\">\n\t\t\t\t\t\t\t<img loading=\"lazy\" decoding=\"async\" width=\"580\" height=\"200\" src=\"https:\/\/cdm-okna.pl\/wp-content\/uploads\/2022\/01\/szary-1024x353.jpg\" class=\"attachment-large size-large wp-image-6566\" alt=\"Zbli\u017cenie na powierzchni\u0119 w kolorze szarym o g\u0142adkiej, poziomej fakturze \u2013 prawdopodobnie fragment szprosu wykonanego z metalu lub tworzywa sztucznego.\" srcset=\"https:\/\/cdm-okna.pl\/wp-content\/uploads\/2022\/01\/szary-1024x353.jpg 1024w, https:\/\/cdm-okna.pl\/wp-content\/uploads\/2022\/01\/szary-300x103.jpg 300w, https:\/\/cdm-okna.pl\/wp-content\/uploads\/2022\/01\/szary-768x265.jpg 768w, https:\/\/cdm-okna.pl\/wp-content\/uploads\/2022\/01\/szary.jpg 1160w\" sizes=\"(max-width: 580px) 100vw, 580px\" \/>\t\t\t\t\t\t\t\t<\/a>\n\t\t\t\t\t\t\t\t\t\t\t\t\t\t\t<\/div>\n\t\t\t\t<\/div>\n\t\t\t\t<div class=\"elementor-element elementor-element-dcf0344 elementor-widget elementor-widget-text-editor\" data-id=\"dcf0344\" data-element_type=\"widget\" data-widget_type=\"text-editor.default\">\n\t\t\t\t<div class=\"elementor-widget-container\">\n\t\t\t\t\t\t\t<p>coal grey (structural) KDB74-Z8<\/p>\t\t\t\t\t\t<\/div>\n\t\t\t\t<\/div>\n\t\t\t\t\t<\/div>\n\t\t<\/div>\n\t\t\t\t<div class=\"elementor-column elementor-col-25 elementor-inner-column elementor-element elementor-element-bb7d309\" data-id=\"bb7d309\" data-element_type=\"column\">\n\t\t\t<div class=\"elementor-widget-wrap elementor-element-populated\">\n\t\t\t\t\t\t\t\t<div class=\"elementor-element elementor-element-7bae9a3 elementor-widget elementor-widget-image\" data-id=\"7bae9a3\" data-element_type=\"widget\" data-widget_type=\"image.default\">\n\t\t\t\t<div class=\"elementor-widget-container\">\n\t\t\t\t\t\t\t\t\t\t\t\t\t\t\t\t<a href=\"https:\/\/cdm-okna.pl\/wp-content\/uploads\/2022\/01\/szary.jpg\" data-elementor-open-lightbox=\"yes\" data-elementor-lightbox-title=\"szary\" data-e-action-hash=\"#elementor-action%3Aaction%3Dlightbox%26settings%3DeyJpZCI6NjU2NiwidXJsIjoiaHR0cHM6XC9cL2NkbS1va25hLnBsXC93cC1jb250ZW50XC91cGxvYWRzXC8yMDIyXC8wMVwvc3phcnkuanBnIn0%3D\">\n\t\t\t\t\t\t\t<img loading=\"lazy\" decoding=\"async\" width=\"580\" height=\"200\" src=\"https:\/\/cdm-okna.pl\/wp-content\/uploads\/2022\/01\/szary-1024x353.jpg\" class=\"attachment-large size-large wp-image-6566\" alt=\"Zbli\u017cenie na powierzchni\u0119 w kolorze szarym o g\u0142adkiej, poziomej fakturze \u2013 prawdopodobnie fragment szprosu wykonanego z metalu lub tworzywa sztucznego.\" srcset=\"https:\/\/cdm-okna.pl\/wp-content\/uploads\/2022\/01\/szary-1024x353.jpg 1024w, https:\/\/cdm-okna.pl\/wp-content\/uploads\/2022\/01\/szary-300x103.jpg 300w, https:\/\/cdm-okna.pl\/wp-content\/uploads\/2022\/01\/szary-768x265.jpg 768w, https:\/\/cdm-okna.pl\/wp-content\/uploads\/2022\/01\/szary.jpg 1160w\" sizes=\"(max-width: 580px) 100vw, 580px\" \/>\t\t\t\t\t\t\t\t<\/a>\n\t\t\t\t\t\t\t\t\t\t\t\t\t\t\t<\/div>\n\t\t\t\t<\/div>\n\t\t\t\t<div class=\"elementor-element elementor-element-d1f1e02 elementor-widget elementor-widget-text-editor\" data-id=\"d1f1e02\" data-element_type=\"widget\" data-widget_type=\"text-editor.default\">\n\t\t\t\t<div class=\"elementor-widget-container\">\n\t\t\t\t\t\t\t<p>coal grey (sandy) KDB74-F7<\/p>\t\t\t\t\t\t<\/div>\n\t\t\t\t<\/div>\n\t\t\t\t\t<\/div>\n\t\t<\/div>\n\t\t\t\t<div class=\"elementor-column elementor-col-25 elementor-inner-column elementor-element elementor-element-e9db148\" data-id=\"e9db148\" data-element_type=\"column\">\n\t\t\t<div class=\"elementor-widget-wrap elementor-element-populated\">\n\t\t\t\t\t\t\t\t<div class=\"elementor-element elementor-element-c06bf9f elementor-widget elementor-widget-image\" data-id=\"c06bf9f\" data-element_type=\"widget\" data-widget_type=\"image.default\">\n\t\t\t\t<div class=\"elementor-widget-container\">\n\t\t\t\t\t\t\t\t\t\t\t\t\t\t\t\t<a href=\"https:\/\/cdm-okna.pl\/wp-content\/uploads\/2022\/01\/orzech.jpg\" data-elementor-open-lightbox=\"yes\" data-elementor-lightbox-title=\"orzech\" data-e-action-hash=\"#elementor-action%3Aaction%3Dlightbox%26settings%3DeyJpZCI6NjU2NywidXJsIjoiaHR0cHM6XC9cL2NkbS1va25hLnBsXC93cC1jb250ZW50XC91cGxvYWRzXC8yMDIyXC8wMVwvb3J6ZWNoLmpwZyJ9\">\n\t\t\t\t\t\t\t<img loading=\"lazy\" decoding=\"async\" width=\"580\" height=\"200\" src=\"https:\/\/cdm-okna.pl\/wp-content\/uploads\/2022\/01\/orzech-1024x353.jpg\" class=\"attachment-large size-large wp-image-6567\" alt=\"Zbli\u017cenie na powierzchni\u0119 w kolorze drewno orzech o g\u0142adkiej, poziomej fakturze \u2013 prawdopodobnie fragment szprosu wykonanego z metalu lub tworzywa sztucznego.\" srcset=\"https:\/\/cdm-okna.pl\/wp-content\/uploads\/2022\/01\/orzech-1024x353.jpg 1024w, https:\/\/cdm-okna.pl\/wp-content\/uploads\/2022\/01\/orzech-300x103.jpg 300w, https:\/\/cdm-okna.pl\/wp-content\/uploads\/2022\/01\/orzech-768x265.jpg 768w, https:\/\/cdm-okna.pl\/wp-content\/uploads\/2022\/01\/orzech.jpg 1160w\" sizes=\"(max-width: 580px) 100vw, 580px\" \/>\t\t\t\t\t\t\t\t<\/a>\n\t\t\t\t\t\t\t\t\t\t\t\t\t\t\t<\/div>\n\t\t\t\t<\/div>\n\t\t\t\t<div class=\"elementor-element elementor-element-fad44ba elementor-widget elementor-widget-text-editor\" data-id=\"fad44ba\" data-element_type=\"widget\" data-widget_type=\"text-editor.default\">\n\t\t\t\t<div class=\"elementor-widget-container\">\n\t\t\t\t\t\t\t<p>walnut UK103-Z8<\/p>\t\t\t\t\t\t<\/div>\n\t\t\t\t<\/div>\n\t\t\t\t\t<\/div>\n\t\t<\/div>\n\t\t\t\t<div class=\"elementor-column elementor-col-25 elementor-inner-column elementor-element elementor-element-5f8ac8c\" data-id=\"5f8ac8c\" data-element_type=\"column\">\n\t\t\t<div class=\"elementor-widget-wrap elementor-element-populated\">\n\t\t\t\t\t\t\t\t<div class=\"elementor-element elementor-element-a4e1e80 elementor-widget elementor-widget-image\" data-id=\"a4e1e80\" data-element_type=\"widget\" data-widget_type=\"image.default\">\n\t\t\t\t<div class=\"elementor-widget-container\">\n\t\t\t\t\t\t\t\t\t\t\t\t\t\t\t\t<a href=\"https:\/\/cdm-okna.pl\/wp-content\/uploads\/2022\/01\/schokobraun.jpg\" data-elementor-open-lightbox=\"yes\" data-elementor-lightbox-title=\"schokobraun\" data-e-action-hash=\"#elementor-action%3Aaction%3Dlightbox%26settings%3DeyJpZCI6NjU2OCwidXJsIjoiaHR0cHM6XC9cL2NkbS1va25hLnBsXC93cC1jb250ZW50XC91cGxvYWRzXC8yMDIyXC8wMVwvc2Nob2tvYnJhdW4uanBnIn0%3D\">\n\t\t\t\t\t\t\t<img loading=\"lazy\" decoding=\"async\" width=\"580\" height=\"200\" src=\"https:\/\/cdm-okna.pl\/wp-content\/uploads\/2022\/01\/schokobraun-1024x353.jpg\" class=\"attachment-large size-large wp-image-6568\" alt=\"Zbli\u017cenie na powierzchni\u0119 w kolorze shokobraun o g\u0142adkiej, poziomej fakturze \u2013 prawdopodobnie fragment szprosu wykonanego z metalu lub tworzywa sztucznego.\" srcset=\"https:\/\/cdm-okna.pl\/wp-content\/uploads\/2022\/01\/schokobraun-1024x353.jpg 1024w, https:\/\/cdm-okna.pl\/wp-content\/uploads\/2022\/01\/schokobraun-300x103.jpg 300w, https:\/\/cdm-okna.pl\/wp-content\/uploads\/2022\/01\/schokobraun-768x265.jpg 768w, https:\/\/cdm-okna.pl\/wp-content\/uploads\/2022\/01\/schokobraun.jpg 1160w\" sizes=\"(max-width: 580px) 100vw, 580px\" \/>\t\t\t\t\t\t\t\t<\/a>\n\t\t\t\t\t\t\t\t\t\t\t\t\t\t\t<\/div>\n\t\t\t\t<\/div>\n\t\t\t\t<div class=\"elementor-element elementor-element-74da6b1 elementor-widget elementor-widget-text-editor\" data-id=\"74da6b1\" data-element_type=\"widget\" data-widget_type=\"text-editor.default\">\n\t\t\t\t<div class=\"elementor-widget-container\">\n\t\t\t\t\t\t\t<p>charcoal brown NDS62-Z8<\/p>\t\t\t\t\t\t<\/div>\n\t\t\t\t<\/div>\n\t\t\t\t\t<\/div>\n\t\t<\/div>\n\t\t\t\t\t\t\t<\/div>\n\t\t<\/section>\n\t\t\t\t<section class=\"elementor-section elementor-inner-section elementor-element elementor-element-ba98eed elementor-section-boxed elementor-section-height-default elementor-section-height-default\" data-id=\"ba98eed\" data-element_type=\"section\">\n\t\t\t\t\t\t<div class=\"elementor-container elementor-column-gap-default\">\n\t\t\t\t\t<div class=\"elementor-column elementor-col-25 elementor-inner-column elementor-element elementor-element-3e347de\" data-id=\"3e347de\" data-element_type=\"column\">\n\t\t\t<div class=\"elementor-widget-wrap elementor-element-populated\">\n\t\t\t\t\t\t\t\t<div class=\"elementor-element elementor-element-13155f2 elementor-widget elementor-widget-image\" data-id=\"13155f2\" data-element_type=\"widget\" data-widget_type=\"image.default\">\n\t\t\t\t<div class=\"elementor-widget-container\">\n\t\t\t\t\t\t\t\t\t\t\t\t\t\t\t\t<a href=\"https:\/\/cdm-okna.pl\/wp-content\/uploads\/2022\/01\/dab-jasny.jpg\" data-elementor-open-lightbox=\"yes\" data-elementor-lightbox-title=\"d\u0105b jasny\" data-e-action-hash=\"#elementor-action%3Aaction%3Dlightbox%26settings%3DeyJpZCI6NjU2OSwidXJsIjoiaHR0cHM6XC9cL2NkbS1va25hLnBsXC93cC1jb250ZW50XC91cGxvYWRzXC8yMDIyXC8wMVwvZGFiLWphc255LmpwZyJ9\">\n\t\t\t\t\t\t\t<img loading=\"lazy\" decoding=\"async\" width=\"580\" height=\"200\" src=\"https:\/\/cdm-okna.pl\/wp-content\/uploads\/2022\/01\/dab-jasny-1024x353.jpg\" class=\"attachment-large size-large wp-image-6569\" alt=\"Zbli\u017cenie na powierzchni\u0119 w kolorze drewno d\u0105b jasny o g\u0142adkiej, poziomej fakturze \u2013 prawdopodobnie fragment szprosu wykonanego z metalu lub tworzywa sztucznego.\" srcset=\"https:\/\/cdm-okna.pl\/wp-content\/uploads\/2022\/01\/dab-jasny-1024x353.jpg 1024w, https:\/\/cdm-okna.pl\/wp-content\/uploads\/2022\/01\/dab-jasny-300x103.jpg 300w, https:\/\/cdm-okna.pl\/wp-content\/uploads\/2022\/01\/dab-jasny-768x265.jpg 768w, https:\/\/cdm-okna.pl\/wp-content\/uploads\/2022\/01\/dab-jasny.jpg 1160w\" sizes=\"(max-width: 580px) 100vw, 580px\" \/>\t\t\t\t\t\t\t\t<\/a>\n\t\t\t\t\t\t\t\t\t\t\t\t\t\t\t<\/div>\n\t\t\t\t<\/div>\n\t\t\t\t<div class=\"elementor-element elementor-element-390c582 elementor-widget elementor-widget-text-editor\" data-id=\"390c582\" data-element_type=\"widget\" data-widget_type=\"text-editor.default\">\n\t\t\t\t<div class=\"elementor-widget-container\">\n\t\t\t\t\t\t\t<p>southern oak UQ902-Z8<\/p>\t\t\t\t\t\t<\/div>\n\t\t\t\t<\/div>\n\t\t\t\t\t<\/div>\n\t\t<\/div>\n\t\t\t\t<div class=\"elementor-column elementor-col-25 elementor-inner-column elementor-element elementor-element-0e447a4\" data-id=\"0e447a4\" data-element_type=\"column\">\n\t\t\t<div class=\"elementor-widget-wrap elementor-element-populated\">\n\t\t\t\t\t\t\t\t<div class=\"elementor-element elementor-element-82aa836 elementor-widget elementor-widget-image\" data-id=\"82aa836\" data-element_type=\"widget\" data-widget_type=\"image.default\">\n\t\t\t\t<div class=\"elementor-widget-container\">\n\t\t\t\t\t\t\t\t\t\t\t\t\t\t\t\t<a href=\"https:\/\/cdm-okna.pl\/wp-content\/uploads\/2022\/01\/dab-ciemny.jpg\" data-elementor-open-lightbox=\"yes\" data-elementor-lightbox-title=\"d\u0105b ciemny\" data-e-action-hash=\"#elementor-action%3Aaction%3Dlightbox%26settings%3DeyJpZCI6NjU3MCwidXJsIjoiaHR0cHM6XC9cL2NkbS1va25hLnBsXC93cC1jb250ZW50XC91cGxvYWRzXC8yMDIyXC8wMVwvZGFiLWNpZW1ueS5qcGcifQ%3D%3D\">\n\t\t\t\t\t\t\t<img loading=\"lazy\" decoding=\"async\" width=\"580\" height=\"200\" src=\"https:\/\/cdm-okna.pl\/wp-content\/uploads\/2022\/01\/dab-ciemny-1024x353.jpg\" class=\"attachment-large size-large wp-image-6570\" alt=\"Zbli\u017cenie na powierzchni\u0119 w kolorze drewno d\u0105b ciemny o g\u0142adkiej, poziomej fakturze \u2013 prawdopodobnie fragment szprosu wykonanego z metalu lub tworzywa sztucznego.\" srcset=\"https:\/\/cdm-okna.pl\/wp-content\/uploads\/2022\/01\/dab-ciemny-1024x353.jpg 1024w, https:\/\/cdm-okna.pl\/wp-content\/uploads\/2022\/01\/dab-ciemny-300x103.jpg 300w, https:\/\/cdm-okna.pl\/wp-content\/uploads\/2022\/01\/dab-ciemny-768x265.jpg 768w, https:\/\/cdm-okna.pl\/wp-content\/uploads\/2022\/01\/dab-ciemny.jpg 1160w\" sizes=\"(max-width: 580px) 100vw, 580px\" \/>\t\t\t\t\t\t\t\t<\/a>\n\t\t\t\t\t\t\t\t\t\t\t\t\t\t\t<\/div>\n\t\t\t\t<\/div>\n\t\t\t\t<div class=\"elementor-element elementor-element-e1b8a0d elementor-widget elementor-widget-text-editor\" data-id=\"e1b8a0d\" data-element_type=\"widget\" data-widget_type=\"text-editor.default\">\n\t\t\t\t<div class=\"elementor-widget-container\">\n\t\t\t\t\t\t\t<p>dark oak G1501-Z8<\/p>\t\t\t\t\t\t<\/div>\n\t\t\t\t<\/div>\n\t\t\t\t\t<\/div>\n\t\t<\/div>\n\t\t\t\t<div class=\"elementor-column elementor-col-25 elementor-inner-column elementor-element elementor-element-ee34a31\" data-id=\"ee34a31\" data-element_type=\"column\">\n\t\t\t<div class=\"elementor-widget-wrap elementor-element-populated\">\n\t\t\t\t\t\t\t\t<div class=\"elementor-element elementor-element-7393697 elementor-widget elementor-widget-image\" data-id=\"7393697\" data-element_type=\"widget\" data-widget_type=\"image.default\">\n\t\t\t\t<div class=\"elementor-widget-container\">\n\t\t\t\t\t\t\t\t\t\t\t\t\t\t\t\t<a href=\"https:\/\/cdm-okna.pl\/wp-content\/uploads\/2022\/01\/winchester.jpg\" data-elementor-open-lightbox=\"yes\" data-elementor-lightbox-title=\"winchester\" data-e-action-hash=\"#elementor-action%3Aaction%3Dlightbox%26settings%3DeyJpZCI6NjU3MSwidXJsIjoiaHR0cHM6XC9cL2NkbS1va25hLnBsXC93cC1jb250ZW50XC91cGxvYWRzXC8yMDIyXC8wMVwvd2luY2hlc3Rlci5qcGcifQ%3D%3D\">\n\t\t\t\t\t\t\t<img loading=\"lazy\" decoding=\"async\" width=\"580\" height=\"200\" src=\"https:\/\/cdm-okna.pl\/wp-content\/uploads\/2022\/01\/winchester-1024x353.jpg\" class=\"attachment-large size-large wp-image-6571\" alt=\"Zbli\u017cenie na powierzchni\u0119 w kolorze winchester o g\u0142adkiej, poziomej fakturze \u2013 prawdopodobnie fragment szprosu wykonanego z metalu lub tworzywa sztucznego.\" srcset=\"https:\/\/cdm-okna.pl\/wp-content\/uploads\/2022\/01\/winchester-1024x353.jpg 1024w, https:\/\/cdm-okna.pl\/wp-content\/uploads\/2022\/01\/winchester-300x103.jpg 300w, https:\/\/cdm-okna.pl\/wp-content\/uploads\/2022\/01\/winchester-768x265.jpg 768w, https:\/\/cdm-okna.pl\/wp-content\/uploads\/2022\/01\/winchester.jpg 1160w\" sizes=\"(max-width: 580px) 100vw, 580px\" \/>\t\t\t\t\t\t\t\t<\/a>\n\t\t\t\t\t\t\t\t\t\t\t\t\t\t\t<\/div>\n\t\t\t\t<\/div>\n\t\t\t\t<div class=\"elementor-element elementor-element-4b4582b elementor-widget elementor-widget-text-editor\" data-id=\"4b4582b\" data-element_type=\"widget\" data-widget_type=\"text-editor.default\">\n\t\t\t\t<div class=\"elementor-widget-container\">\n\t\t\t\t\t\t\t<p>solar oak UK101-Z8<\/p>\t\t\t\t\t\t<\/div>\n\t\t\t\t<\/div>\n\t\t\t\t\t<\/div>\n\t\t<\/div>\n\t\t\t\t<div class=\"elementor-column elementor-col-25 elementor-inner-column elementor-element elementor-element-d3e4b5d\" data-id=\"d3e4b5d\" data-element_type=\"column\">\n\t\t\t<div class=\"elementor-widget-wrap elementor-element-populated\">\n\t\t\t\t\t\t\t\t<div class=\"elementor-element elementor-element-e427c0f elementor-widget elementor-widget-image\" data-id=\"e427c0f\" data-element_type=\"widget\" data-widget_type=\"image.default\">\n\t\t\t\t<div class=\"elementor-widget-container\">\n\t\t\t\t\t\t\t\t\t\t\t\t\t\t\t\t<a href=\"https:\/\/cdm-okna.pl\/wp-content\/uploads\/2022\/01\/winchester-1.jpg\" data-elementor-open-lightbox=\"yes\" data-elementor-lightbox-title=\"winchester\" data-e-action-hash=\"#elementor-action%3Aaction%3Dlightbox%26settings%3DeyJpZCI6MTI5MTQsInVybCI6Imh0dHBzOlwvXC9jZG0tb2tuYS5wbFwvd3AtY29udGVudFwvdXBsb2Fkc1wvMjAyMlwvMDFcL3dpbmNoZXN0ZXItMS5qcGcifQ%3D%3D\">\n\t\t\t\t\t\t\t<img loading=\"lazy\" decoding=\"async\" width=\"580\" height=\"200\" src=\"https:\/\/cdm-okna.pl\/wp-content\/uploads\/2022\/01\/winchester-1-1024x353.jpg\" class=\"attachment-large size-large wp-image-12914\" alt=\"Zbli\u017cenie na powierzchni\u0119 w kolorze winchester o g\u0142adkiej, poziomej fakturze \u2013 prawdopodobnie fragment szprosu wykonanego z metalu lub tworzywa sztucznego.\" srcset=\"https:\/\/cdm-okna.pl\/wp-content\/uploads\/2022\/01\/winchester-1-1024x353.jpg 1024w, https:\/\/cdm-okna.pl\/wp-content\/uploads\/2022\/01\/winchester-1-300x103.jpg 300w, https:\/\/cdm-okna.pl\/wp-content\/uploads\/2022\/01\/winchester-1-768x265.jpg 768w, https:\/\/cdm-okna.pl\/wp-content\/uploads\/2022\/01\/winchester-1.jpg 1160w\" sizes=\"(max-width: 580px) 100vw, 580px\" \/>\t\t\t\t\t\t\t\t<\/a>\n\t\t\t\t\t\t\t\t\t\t\t\t\t\t\t<\/div>\n\t\t\t\t<\/div>\n\t\t\t\t<div class=\"elementor-element elementor-element-7589928 elementor-widget elementor-widget-text-editor\" data-id=\"7589928\" data-element_type=\"widget\" data-widget_type=\"text-editor.default\">\n\t\t\t\t<div class=\"elementor-widget-container\">\n\t\t\t\t\t\t\t<p>norman oak A1002-Z3<\/p>\t\t\t\t\t\t<\/div>\n\t\t\t\t<\/div>\n\t\t\t\t\t<\/div>\n\t\t<\/div>\n\t\t\t\t\t\t\t<\/div>\n\t\t<\/section>\n\t\t\t\t<section class=\"elementor-section elementor-inner-section elementor-element elementor-element-d9bf829 elementor-section-boxed elementor-section-height-default elementor-section-height-default\" data-id=\"d9bf829\" data-element_type=\"section\">\n\t\t\t\t\t\t<div class=\"elementor-container elementor-column-gap-default\">\n\t\t\t\t\t<div class=\"elementor-column elementor-col-25 elementor-inner-column elementor-element elementor-element-8cc4dc4\" data-id=\"8cc4dc4\" data-element_type=\"column\">\n\t\t\t<div class=\"elementor-widget-wrap elementor-element-populated\">\n\t\t\t\t\t\t\t\t<div class=\"elementor-element elementor-element-7084fe4 elementor-widget elementor-widget-image\" data-id=\"7084fe4\" data-element_type=\"widget\" data-widget_type=\"image.default\">\n\t\t\t\t<div class=\"elementor-widget-container\">\n\t\t\t\t\t\t\t\t\t\t\t\t\t\t\t\t<a href=\"https:\/\/cdm-okna.pl\/wp-content\/uploads\/2022\/01\/siena-rosso.jpg\" data-elementor-open-lightbox=\"yes\" data-elementor-lightbox-title=\"siena rosso\" data-e-action-hash=\"#elementor-action%3Aaction%3Dlightbox%26settings%3DeyJpZCI6NjU3MiwidXJsIjoiaHR0cHM6XC9cL2NkbS1va25hLnBsXC93cC1jb250ZW50XC91cGxvYWRzXC8yMDIyXC8wMVwvc2llbmEtcm9zc28uanBnIn0%3D\">\n\t\t\t\t\t\t\t<img loading=\"lazy\" decoding=\"async\" width=\"580\" height=\"200\" src=\"https:\/\/cdm-okna.pl\/wp-content\/uploads\/2022\/01\/siena-rosso-1024x353.jpg\" class=\"attachment-large size-large wp-image-6572\" alt=\"Zbli\u017cenie na powierzchni\u0119 w kolorze sienna rosso czerwonobr\u0105zowy o g\u0142adkiej, poziomej fakturze \u2013 prawdopodobnie fragment szprosu wykonanego z metalu lub tworzywa sztucznego.\" srcset=\"https:\/\/cdm-okna.pl\/wp-content\/uploads\/2022\/01\/siena-rosso-1024x353.jpg 1024w, https:\/\/cdm-okna.pl\/wp-content\/uploads\/2022\/01\/siena-rosso-300x103.jpg 300w, https:\/\/cdm-okna.pl\/wp-content\/uploads\/2022\/01\/siena-rosso-768x265.jpg 768w, https:\/\/cdm-okna.pl\/wp-content\/uploads\/2022\/01\/siena-rosso.jpg 1160w\" sizes=\"(max-width: 580px) 100vw, 580px\" \/>\t\t\t\t\t\t\t\t<\/a>\n\t\t\t\t\t\t\t\t\t\t\t\t\t\t\t<\/div>\n\t\t\t\t<\/div>\n\t\t\t\t<div class=\"elementor-element elementor-element-ff031e0 elementor-widget elementor-widget-text-editor\" data-id=\"ff031e0\" data-element_type=\"widget\" data-widget_type=\"text-editor.default\">\n\t\t\t\t<div class=\"elementor-widget-container\">\n\t\t\t\t\t\t\t<p>bellagio brown UR102-Z3<\/p>\t\t\t\t\t\t<\/div>\n\t\t\t\t<\/div>\n\t\t\t\t\t<\/div>\n\t\t<\/div>\n\t\t\t\t<div class=\"elementor-column elementor-col-25 elementor-inner-column elementor-element elementor-element-801ba01\" data-id=\"801ba01\" data-element_type=\"column\">\n\t\t\t<div class=\"elementor-widget-wrap elementor-element-populated\">\n\t\t\t\t\t\t\t\t<div class=\"elementor-element elementor-element-d460dd5 elementor-widget elementor-widget-image\" data-id=\"d460dd5\" data-element_type=\"widget\" data-widget_type=\"image.default\">\n\t\t\t\t<div class=\"elementor-widget-container\">\n\t\t\t\t\t\t\t\t\t\t\t\t\t\t\t\t<a href=\"https:\/\/cdm-okna.pl\/wp-content\/uploads\/2022\/01\/daglezja.jpg\" data-elementor-open-lightbox=\"yes\" data-elementor-lightbox-title=\"daglezja\" data-e-action-hash=\"#elementor-action%3Aaction%3Dlightbox%26settings%3DeyJpZCI6NjU3NCwidXJsIjoiaHR0cHM6XC9cL2NkbS1va25hLnBsXC93cC1jb250ZW50XC91cGxvYWRzXC8yMDIyXC8wMVwvZGFnbGV6amEuanBnIn0%3D\">\n\t\t\t\t\t\t\t<img loading=\"lazy\" decoding=\"async\" width=\"580\" height=\"200\" src=\"https:\/\/cdm-okna.pl\/wp-content\/uploads\/2022\/01\/daglezja-1024x353.jpg\" class=\"attachment-large size-large wp-image-6574\" alt=\"Zbli\u017cenie na powierzchni\u0119 w kolorze daglazja o g\u0142adkiej, poziomej fakturze \u2013 prawdopodobnie fragment szprosu wykonanego z metalu lub tworzywa sztucznego.\" srcset=\"https:\/\/cdm-okna.pl\/wp-content\/uploads\/2022\/01\/daglezja-1024x353.jpg 1024w, https:\/\/cdm-okna.pl\/wp-content\/uploads\/2022\/01\/daglezja-300x103.jpg 300w, https:\/\/cdm-okna.pl\/wp-content\/uploads\/2022\/01\/daglezja-768x265.jpg 768w, https:\/\/cdm-okna.pl\/wp-content\/uploads\/2022\/01\/daglezja.jpg 1160w\" sizes=\"(max-width: 580px) 100vw, 580px\" \/>\t\t\t\t\t\t\t\t<\/a>\n\t\t\t\t\t\t\t\t\t\t\t\t\t\t\t<\/div>\n\t\t\t\t<\/div>\n\t\t\t\t<div class=\"elementor-element elementor-element-a86087f elementor-widget elementor-widget-text-editor\" data-id=\"a86087f\" data-element_type=\"widget\" data-widget_type=\"text-editor.default\">\n\t\t\t\t<div class=\"elementor-widget-container\">\n\t\t\t\t\t\t\t<p>stripe pine G0502-Z8<\/p>\t\t\t\t\t\t<\/div>\n\t\t\t\t<\/div>\n\t\t\t\t\t<\/div>\n\t\t<\/div>\n\t\t\t\t<div class=\"elementor-column elementor-col-25 elementor-inner-column elementor-element elementor-element-f178991\" data-id=\"f178991\" data-element_type=\"column\">\n\t\t\t<div class=\"elementor-widget-wrap elementor-element-populated\">\n\t\t\t\t\t\t\t\t<div class=\"elementor-element elementor-element-227518f elementor-widget elementor-widget-image\" data-id=\"227518f\" data-element_type=\"widget\" data-widget_type=\"image.default\">\n\t\t\t\t<div class=\"elementor-widget-container\">\n\t\t\t\t\t\t\t\t\t\t\t\t\t\t\t\t<a href=\"https:\/\/cdm-okna.pl\/wp-content\/uploads\/2022\/01\/mahon.jpg\" data-elementor-open-lightbox=\"yes\" data-elementor-lightbox-title=\"maho\u0144\" data-e-action-hash=\"#elementor-action%3Aaction%3Dlightbox%26settings%3DeyJpZCI6NjU3NSwidXJsIjoiaHR0cHM6XC9cL2NkbS1va25hLnBsXC93cC1jb250ZW50XC91cGxvYWRzXC8yMDIyXC8wMVwvbWFob24uanBnIn0%3D\">\n\t\t\t\t\t\t\t<img loading=\"lazy\" decoding=\"async\" width=\"580\" height=\"200\" src=\"https:\/\/cdm-okna.pl\/wp-content\/uploads\/2022\/01\/mahon-1024x353.jpg\" class=\"attachment-large size-large wp-image-6575\" alt=\"Zbli\u017cenie na powierzchni\u0119 w kolorze drewno maho\u0144 o g\u0142adkiej, poziomej fakturze \u2013 prawdopodobnie fragment szprosu wykonanego z metalu lub tworzywa sztucznego.\" srcset=\"https:\/\/cdm-okna.pl\/wp-content\/uploads\/2022\/01\/mahon-1024x353.jpg 1024w, https:\/\/cdm-okna.pl\/wp-content\/uploads\/2022\/01\/mahon-300x103.jpg 300w, https:\/\/cdm-okna.pl\/wp-content\/uploads\/2022\/01\/mahon-768x265.jpg 768w, https:\/\/cdm-okna.pl\/wp-content\/uploads\/2022\/01\/mahon.jpg 1160w\" sizes=\"(max-width: 580px) 100vw, 580px\" \/>\t\t\t\t\t\t\t\t<\/a>\n\t\t\t\t\t\t\t\t\t\t\t\t\t\t\t<\/div>\n\t\t\t\t<\/div>\n\t\t\t\t<div class=\"elementor-element elementor-element-b839c4d elementor-widget elementor-widget-text-editor\" data-id=\"b839c4d\" data-element_type=\"widget\" data-widget_type=\"text-editor.default\">\n\t\t\t\t<div class=\"elementor-widget-container\">\n\t\t\t\t\t\t\t<p>mahogany UJ301-Z8<\/p>\t\t\t\t\t\t<\/div>\n\t\t\t\t<\/div>\n\t\t\t\t\t<\/div>\n\t\t<\/div>\n\t\t\t\t<div class=\"elementor-column elementor-col-25 elementor-inner-column elementor-element elementor-element-55f5a59\" data-id=\"55f5a59\" data-element_type=\"column\">\n\t\t\t<div class=\"elementor-widget-wrap elementor-element-populated\">\n\t\t\t\t\t\t\t\t<div class=\"elementor-element elementor-element-254bd59 elementor-widget elementor-widget-image\" data-id=\"254bd59\" data-element_type=\"widget\" data-widget_type=\"image.default\">\n\t\t\t\t<div class=\"elementor-widget-container\">\n\t\t\t\t\t\t\t\t\t\t\t\t\t\t\t\t<a href=\"https:\/\/cdm-okna.pl\/wp-content\/uploads\/2022\/01\/macore.jpg\" data-elementor-open-lightbox=\"yes\" data-elementor-lightbox-title=\"macore\" data-e-action-hash=\"#elementor-action%3Aaction%3Dlightbox%26settings%3DeyJpZCI6NjU3NiwidXJsIjoiaHR0cHM6XC9cL2NkbS1va25hLnBsXC93cC1jb250ZW50XC91cGxvYWRzXC8yMDIyXC8wMVwvbWFjb3JlLmpwZyJ9\">\n\t\t\t\t\t\t\t<img loading=\"lazy\" decoding=\"async\" width=\"580\" height=\"200\" src=\"https:\/\/cdm-okna.pl\/wp-content\/uploads\/2022\/01\/macore-1024x353.jpg\" class=\"attachment-large size-large wp-image-6576\" alt=\"Zbli\u017cenie na powierzchni\u0119 w kolorze drewno macore o g\u0142adkiej, poziomej fakturze \u2013 prawdopodobnie fragment szprosu wykonanego z metalu lub tworzywa sztucznego.\" srcset=\"https:\/\/cdm-okna.pl\/wp-content\/uploads\/2022\/01\/macore-1024x353.jpg 1024w, https:\/\/cdm-okna.pl\/wp-content\/uploads\/2022\/01\/macore-300x103.jpg 300w, https:\/\/cdm-okna.pl\/wp-content\/uploads\/2022\/01\/macore-768x265.jpg 768w, https:\/\/cdm-okna.pl\/wp-content\/uploads\/2022\/01\/macore.jpg 1160w\" sizes=\"(max-width: 580px) 100vw, 580px\" \/>\t\t\t\t\t\t\t\t<\/a>\n\t\t\t\t\t\t\t\t\t\t\t\t\t\t\t<\/div>\n\t\t\t\t<\/div>\n\t\t\t\t<div class=\"elementor-element elementor-element-4abf527 elementor-widget elementor-widget-text-editor\" data-id=\"4abf527\" data-element_type=\"widget\" data-widget_type=\"text-editor.default\">\n\t\t\t\t<div class=\"elementor-widget-container\">\n\t\t\t\t\t\t\t<p>african cherry US601-Z8<\/p>\t\t\t\t\t\t<\/div>\n\t\t\t\t<\/div>\n\t\t\t\t\t<\/div>\n\t\t<\/div>\n\t\t\t\t\t\t\t<\/div>\n\t\t<\/section>\n\t\t\t\t\t<\/div>\n\t\t<\/div>\n\t\t\t\t\t\t\t<\/div>\n\t\t<\/section>\n\t\t\t\t<section class=\"elementor-section elementor-top-section elementor-element elementor-element-e1b195b elementor-section-stretched elementor-reverse-mobile elementor-section-boxed elementor-section-height-default elementor-section-height-default\" data-id=\"e1b195b\" data-element_type=\"section\" data-settings=\"{&quot;stretch_section&quot;:&quot;section-stretched&quot;}\">\n\t\t\t\t\t\t<div class=\"elementor-container elementor-column-gap-default\">\n\t\t\t\t\t<div class=\"elementor-column elementor-col-100 elementor-top-column elementor-element elementor-element-1884b20\" data-id=\"1884b20\" data-element_type=\"column\">\n\t\t\t<div class=\"elementor-widget-wrap\">\n\t\t\t\t\t\t\t\t\t<\/div>\n\t\t<\/div>\n\t\t\t\t\t\t\t<\/div>\n\t\t<\/section>\n\t\t\t\t<section class=\"elementor-section elementor-top-section elementor-element elementor-element-5907c62 elementor-section-boxed elementor-section-height-default elementor-section-height-default\" data-id=\"5907c62\" data-element_type=\"section\">\n\t\t\t\t\t\t<div class=\"elementor-container elementor-column-gap-default\">\n\t\t\t\t\t<div class=\"elementor-column elementor-col-100 elementor-top-column elementor-element elementor-element-9bb18ea\" data-id=\"9bb18ea\" data-element_type=\"column\">\n\t\t\t<div class=\"elementor-widget-wrap elementor-element-populated\">\n\t\t\t\t\t\t\t\t<div class=\"elementor-element elementor-element-4bf5844 elementor-widget elementor-widget-heading\" data-id=\"4bf5844\" data-element_type=\"widget\" data-widget_type=\"heading.default\">\n\t\t\t\t<div class=\"elementor-widget-container\">\n\t\t\t<h5 class=\"elementor-heading-title elementor-size-default\">Stick-on muntins for wooden windows <\/h5>\t\t<\/div>\n\t\t\t\t<\/div>\n\t\t\t\t<div class=\"elementor-element elementor-element-206bafe elementor-widget elementor-widget-text-editor\" data-id=\"206bafe\" data-element_type=\"widget\" data-widget_type=\"text-editor.default\">\n\t\t\t\t<div class=\"elementor-widget-container\">\n\t\t\t\t\t\t\t<p>Glued muntins are placed directly on the glass. Thus muntins may be placed or replaced on the installed windows. We offer muntins with a width of 16, 25 and 35 mm. Stick-on muntins are made of the wood species and in the same colour as the window frame. As a standard, the stick-on muntins are made as Viennese muntins with an aluminium frame inside the glazing system.     <\/p>\t\t\t\t\t\t<\/div>\n\t\t\t\t<\/div>\n\t\t\t\t<section class=\"elementor-section elementor-inner-section elementor-element elementor-element-e6ad973 elementor-section-boxed elementor-section-height-default elementor-section-height-default\" data-id=\"e6ad973\" data-element_type=\"section\">\n\t\t\t\t\t\t<div class=\"elementor-container elementor-column-gap-default\">\n\t\t\t\t\t<div class=\"elementor-column elementor-col-14 elementor-inner-column elementor-element elementor-element-ba012fe\" data-id=\"ba012fe\" data-element_type=\"column\">\n\t\t\t<div class=\"elementor-widget-wrap elementor-element-populated\">\n\t\t\t\t\t\t\t\t<div class=\"elementor-element elementor-element-b2d62ba szprosy-img elementor-widget elementor-widget-image\" data-id=\"b2d62ba\" data-element_type=\"widget\" data-widget_type=\"image.default\">\n\t\t\t\t<div class=\"elementor-widget-container\">\n\t\t\t\t\t\t\t\t\t\t\t\t\t\t\t\t<a href=\"https:\/\/cdm-okna.pl\/wp-content\/uploads\/2022\/01\/2-szpros-naklejany-standard-scaled.jpg\" data-elementor-open-lightbox=\"yes\" data-elementor-lightbox-title=\"szpros naklejany standard\" data-e-action-hash=\"#elementor-action%3Aaction%3Dlightbox%26settings%3DeyJpZCI6NjU3OCwidXJsIjoiaHR0cHM6XC9cL2NkbS1va25hLnBsXC93cC1jb250ZW50XC91cGxvYWRzXC8yMDIyXC8wMVwvMi1zenByb3MtbmFrbGVqYW55LXN0YW5kYXJkLXNjYWxlZC5qcGcifQ%3D%3D\">\n\t\t\t\t\t\t\t<img loading=\"lazy\" decoding=\"async\" width=\"580\" height=\"803\" src=\"https:\/\/cdm-okna.pl\/wp-content\/uploads\/2022\/01\/2-szpros-naklejany-standard-740x1024.jpg\" class=\"attachment-large size-large wp-image-6578\" alt=\"Przekr\u00f3j okna trzyszybowego z drewnian\u0105 ram\u0105 i dwoma ramkami dystansowymi wype\u0142nionymi \u015brodkiem osuszaj\u0105cym. Na zewn\u0119trznych powierzchniach szyb widoczne s\u0105 standardowe szprosy naklejane, kt\u00f3re dziel\u0105 wizualnie szyb\u0119, nie ingeruj\u0105c w jej konstrukcj\u0119.\" srcset=\"https:\/\/cdm-okna.pl\/wp-content\/uploads\/2022\/01\/2-szpros-naklejany-standard-740x1024.jpg 740w, https:\/\/cdm-okna.pl\/wp-content\/uploads\/2022\/01\/2-szpros-naklejany-standard-217x300.jpg 217w, https:\/\/cdm-okna.pl\/wp-content\/uploads\/2022\/01\/2-szpros-naklejany-standard-768x1063.jpg 768w, https:\/\/cdm-okna.pl\/wp-content\/uploads\/2022\/01\/2-szpros-naklejany-standard-1110x1536.jpg 1110w, https:\/\/cdm-okna.pl\/wp-content\/uploads\/2022\/01\/2-szpros-naklejany-standard-1480x2048.jpg 1480w, https:\/\/cdm-okna.pl\/wp-content\/uploads\/2022\/01\/2-szpros-naklejany-standard-1200x1660.jpg 1200w, https:\/\/cdm-okna.pl\/wp-content\/uploads\/2022\/01\/2-szpros-naklejany-standard-1980x2739.jpg 1980w, https:\/\/cdm-okna.pl\/wp-content\/uploads\/2022\/01\/2-szpros-naklejany-standard-scaled.jpg 1850w\" sizes=\"(max-width: 580px) 100vw, 580px\" \/>\t\t\t\t\t\t\t\t<\/a>\n\t\t\t\t\t\t\t\t\t\t\t\t\t\t\t<\/div>\n\t\t\t\t<\/div>\n\t\t\t\t<div class=\"elementor-element elementor-element-9329f99 elementor-widget elementor-widget-text-editor\" data-id=\"9329f99\" data-element_type=\"widget\" data-widget_type=\"text-editor.default\">\n\t\t\t\t<div class=\"elementor-widget-container\">\n\t\t\t\t\t\t\t<p>STANDARD 26 mm<\/p>\t\t\t\t\t\t<\/div>\n\t\t\t\t<\/div>\n\t\t\t\t\t<\/div>\n\t\t<\/div>\n\t\t\t\t<div class=\"elementor-column elementor-col-14 elementor-inner-column elementor-element elementor-element-b07a98f\" data-id=\"b07a98f\" data-element_type=\"column\">\n\t\t\t<div class=\"elementor-widget-wrap elementor-element-populated\">\n\t\t\t\t\t\t\t\t<div class=\"elementor-element elementor-element-f7a2716 szprosy-img elementor-widget elementor-widget-image\" data-id=\"f7a2716\" data-element_type=\"widget\" data-widget_type=\"image.default\">\n\t\t\t\t<div class=\"elementor-widget-container\">\n\t\t\t\t\t\t\t\t\t\t\t\t\t\t\t\t<a href=\"https:\/\/cdm-okna.pl\/wp-content\/uploads\/2022\/01\/3-szpros-naklejany-hard-line-scaled.jpg\" data-elementor-open-lightbox=\"yes\" data-elementor-lightbox-title=\"szpros naklejany hard line\" data-e-action-hash=\"#elementor-action%3Aaction%3Dlightbox%26settings%3DeyJpZCI6NjU3OSwidXJsIjoiaHR0cHM6XC9cL2NkbS1va25hLnBsXC93cC1jb250ZW50XC91cGxvYWRzXC8yMDIyXC8wMVwvMy1zenByb3MtbmFrbGVqYW55LWhhcmQtbGluZS1zY2FsZWQuanBnIn0%3D\">\n\t\t\t\t\t\t\t<img loading=\"lazy\" decoding=\"async\" width=\"580\" height=\"803\" src=\"https:\/\/cdm-okna.pl\/wp-content\/uploads\/2022\/01\/3-szpros-naklejany-hard-line-740x1024.jpg\" class=\"attachment-large size-large wp-image-6579\" alt=\"Przekr\u00f3j okna trzyszybowego z drewnian\u0105 ram\u0105 i dwoma ramkami dystansowymi wype\u0142nionymi \u015brodkiem osuszaj\u0105cym. Na zewn\u0119trznych powierzchniach szyb widoczne s\u0105 szprosy hard line naklejane, kt\u00f3re dziel\u0105 wizualnie szyb\u0119, nie ingeruj\u0105c w jej konstrukcj\u0119.\" srcset=\"https:\/\/cdm-okna.pl\/wp-content\/uploads\/2022\/01\/3-szpros-naklejany-hard-line-740x1024.jpg 740w, https:\/\/cdm-okna.pl\/wp-content\/uploads\/2022\/01\/3-szpros-naklejany-hard-line-217x300.jpg 217w, https:\/\/cdm-okna.pl\/wp-content\/uploads\/2022\/01\/3-szpros-naklejany-hard-line-768x1063.jpg 768w, https:\/\/cdm-okna.pl\/wp-content\/uploads\/2022\/01\/3-szpros-naklejany-hard-line-1110x1536.jpg 1110w, https:\/\/cdm-okna.pl\/wp-content\/uploads\/2022\/01\/3-szpros-naklejany-hard-line-1480x2048.jpg 1480w, https:\/\/cdm-okna.pl\/wp-content\/uploads\/2022\/01\/3-szpros-naklejany-hard-line-1200x1660.jpg 1200w, https:\/\/cdm-okna.pl\/wp-content\/uploads\/2022\/01\/3-szpros-naklejany-hard-line-1980x2739.jpg 1980w, https:\/\/cdm-okna.pl\/wp-content\/uploads\/2022\/01\/3-szpros-naklejany-hard-line-scaled.jpg 1850w\" sizes=\"(max-width: 580px) 100vw, 580px\" \/>\t\t\t\t\t\t\t\t<\/a>\n\t\t\t\t\t\t\t\t\t\t\t\t\t\t\t<\/div>\n\t\t\t\t<\/div>\n\t\t\t\t<div class=\"elementor-element elementor-element-c15e26b elementor-widget elementor-widget-text-editor\" data-id=\"c15e26b\" data-element_type=\"widget\" data-widget_type=\"text-editor.default\">\n\t\t\t\t<div class=\"elementor-widget-container\">\n\t\t\t\t\t\t\t<p>HARD-LINE 26 mm<\/p>\t\t\t\t\t\t<\/div>\n\t\t\t\t<\/div>\n\t\t\t\t\t<\/div>\n\t\t<\/div>\n\t\t\t\t<div class=\"elementor-column elementor-col-14 elementor-inner-column elementor-element elementor-element-486bc72\" data-id=\"486bc72\" data-element_type=\"column\">\n\t\t\t<div class=\"elementor-widget-wrap elementor-element-populated\">\n\t\t\t\t\t\t\t\t<div class=\"elementor-element elementor-element-6387b8d szprosy-img elementor-widget elementor-widget-image\" data-id=\"6387b8d\" data-element_type=\"widget\" data-widget_type=\"image.default\">\n\t\t\t\t<div class=\"elementor-widget-container\">\n\t\t\t\t\t\t\t\t\t\t\t\t\t\t\t\t<a href=\"https:\/\/cdm-okna.pl\/wp-content\/uploads\/2022\/01\/4-szpros-naklejany-16mm-scaled.jpg\" data-elementor-open-lightbox=\"yes\" data-elementor-lightbox-title=\"szpros naklejany 16mm\" data-e-action-hash=\"#elementor-action%3Aaction%3Dlightbox%26settings%3DeyJpZCI6NjU4MCwidXJsIjoiaHR0cHM6XC9cL2NkbS1va25hLnBsXC93cC1jb250ZW50XC91cGxvYWRzXC8yMDIyXC8wMVwvNC1zenByb3MtbmFrbGVqYW55LTE2bW0tc2NhbGVkLmpwZyJ9\">\n\t\t\t\t\t\t\t<img loading=\"lazy\" decoding=\"async\" width=\"580\" height=\"803\" src=\"https:\/\/cdm-okna.pl\/wp-content\/uploads\/2022\/01\/4-szpros-naklejany-16mm-740x1024.jpg\" class=\"attachment-large size-large wp-image-6580\" alt=\"Przekr\u00f3j okna trzyszybowego z drewnian\u0105 ram\u0105 i dwoma ramkami dystansowymi wype\u0142nionymi \u015brodkiem osuszaj\u0105cym. Na zewn\u0119trznych powierzchniach szyb widoczne s\u0105 szprosy naklejane 16mm, kt\u00f3re dziel\u0105 wizualnie szyb\u0119, nie ingeruj\u0105c w jej konstrukcj\u0119.\" srcset=\"https:\/\/cdm-okna.pl\/wp-content\/uploads\/2022\/01\/4-szpros-naklejany-16mm-740x1024.jpg 740w, https:\/\/cdm-okna.pl\/wp-content\/uploads\/2022\/01\/4-szpros-naklejany-16mm-217x300.jpg 217w, https:\/\/cdm-okna.pl\/wp-content\/uploads\/2022\/01\/4-szpros-naklejany-16mm-768x1063.jpg 768w, https:\/\/cdm-okna.pl\/wp-content\/uploads\/2022\/01\/4-szpros-naklejany-16mm-1110x1536.jpg 1110w, https:\/\/cdm-okna.pl\/wp-content\/uploads\/2022\/01\/4-szpros-naklejany-16mm-1480x2048.jpg 1480w, https:\/\/cdm-okna.pl\/wp-content\/uploads\/2022\/01\/4-szpros-naklejany-16mm-1200x1660.jpg 1200w, https:\/\/cdm-okna.pl\/wp-content\/uploads\/2022\/01\/4-szpros-naklejany-16mm-1980x2739.jpg 1980w, https:\/\/cdm-okna.pl\/wp-content\/uploads\/2022\/01\/4-szpros-naklejany-16mm-scaled.jpg 1850w\" sizes=\"(max-width: 580px) 100vw, 580px\" \/>\t\t\t\t\t\t\t\t<\/a>\n\t\t\t\t\t\t\t\t\t\t\t\t\t\t\t<\/div>\n\t\t\t\t<\/div>\n\t\t\t\t<div class=\"elementor-element elementor-element-1b18554 elementor-widget elementor-widget-text-editor\" data-id=\"1b18554\" data-element_type=\"widget\" data-widget_type=\"text-editor.default\">\n\t\t\t\t<div class=\"elementor-widget-container\">\n\t\t\t\t\t\t\t<p>16 mm<\/p>\t\t\t\t\t\t<\/div>\n\t\t\t\t<\/div>\n\t\t\t\t\t<\/div>\n\t\t<\/div>\n\t\t\t\t<div class=\"elementor-column elementor-col-14 elementor-inner-column elementor-element elementor-element-852d75d\" data-id=\"852d75d\" data-element_type=\"column\">\n\t\t\t<div class=\"elementor-widget-wrap elementor-element-populated\">\n\t\t\t\t\t\t\t\t<div class=\"elementor-element elementor-element-52257d3 szprosy-img elementor-widget elementor-widget-image\" data-id=\"52257d3\" data-element_type=\"widget\" data-widget_type=\"image.default\">\n\t\t\t\t<div class=\"elementor-widget-container\">\n\t\t\t\t\t\t\t\t\t\t\t\t\t\t\t\t<a href=\"https:\/\/cdm-okna.pl\/wp-content\/uploads\/2022\/01\/5-szpros-naklejany-antic-1-25mm-scaled.jpg\" data-elementor-open-lightbox=\"yes\" data-elementor-lightbox-title=\"szpros naklejany antic 1 25mm\" data-e-action-hash=\"#elementor-action%3Aaction%3Dlightbox%26settings%3DeyJpZCI6NjU4MSwidXJsIjoiaHR0cHM6XC9cL2NkbS1va25hLnBsXC93cC1jb250ZW50XC91cGxvYWRzXC8yMDIyXC8wMVwvNS1zenByb3MtbmFrbGVqYW55LWFudGljLTEtMjVtbS1zY2FsZWQuanBnIn0%3D\">\n\t\t\t\t\t\t\t<img loading=\"lazy\" decoding=\"async\" width=\"580\" height=\"803\" src=\"https:\/\/cdm-okna.pl\/wp-content\/uploads\/2022\/01\/5-szpros-naklejany-antic-1-25mm-740x1024.jpg\" class=\"attachment-large size-large wp-image-6581\" alt=\"Przekr\u00f3j okna trzyszybowego z drewnian\u0105 ram\u0105 i dwoma ramkami dystansowymi wype\u0142nionymi \u015brodkiem osuszaj\u0105cym. Na zewn\u0119trznych powierzchniach szyb widoczne s\u0105 standardowe szprosy naklejane anitc, kt\u00f3re dziel\u0105 wizualnie szyb\u0119, nie ingeruj\u0105c w jej konstrukcj\u0119.\" srcset=\"https:\/\/cdm-okna.pl\/wp-content\/uploads\/2022\/01\/5-szpros-naklejany-antic-1-25mm-740x1024.jpg 740w, https:\/\/cdm-okna.pl\/wp-content\/uploads\/2022\/01\/5-szpros-naklejany-antic-1-25mm-217x300.jpg 217w, https:\/\/cdm-okna.pl\/wp-content\/uploads\/2022\/01\/5-szpros-naklejany-antic-1-25mm-768x1063.jpg 768w, https:\/\/cdm-okna.pl\/wp-content\/uploads\/2022\/01\/5-szpros-naklejany-antic-1-25mm-1110x1536.jpg 1110w, https:\/\/cdm-okna.pl\/wp-content\/uploads\/2022\/01\/5-szpros-naklejany-antic-1-25mm-1480x2048.jpg 1480w, https:\/\/cdm-okna.pl\/wp-content\/uploads\/2022\/01\/5-szpros-naklejany-antic-1-25mm-1200x1660.jpg 1200w, https:\/\/cdm-okna.pl\/wp-content\/uploads\/2022\/01\/5-szpros-naklejany-antic-1-25mm-1980x2739.jpg 1980w, https:\/\/cdm-okna.pl\/wp-content\/uploads\/2022\/01\/5-szpros-naklejany-antic-1-25mm-scaled.jpg 1850w\" sizes=\"(max-width: 580px) 100vw, 580px\" \/>\t\t\t\t\t\t\t\t<\/a>\n\t\t\t\t\t\t\t\t\t\t\t\t\t\t\t<\/div>\n\t\t\t\t<\/div>\n\t\t\t\t<div class=\"elementor-element elementor-element-01cfcd5 elementor-widget elementor-widget-text-editor\" data-id=\"01cfcd5\" data-element_type=\"widget\" data-widget_type=\"text-editor.default\">\n\t\t\t\t<div class=\"elementor-widget-container\">\n\t\t\t\t\t\t\t<p>ANTIC 1 25 mm<\/p>\t\t\t\t\t\t<\/div>\n\t\t\t\t<\/div>\n\t\t\t\t\t<\/div>\n\t\t<\/div>\n\t\t\t\t<div class=\"elementor-column elementor-col-14 elementor-inner-column elementor-element elementor-element-5befc30\" data-id=\"5befc30\" data-element_type=\"column\">\n\t\t\t<div class=\"elementor-widget-wrap elementor-element-populated\">\n\t\t\t\t\t\t\t\t<div class=\"elementor-element elementor-element-c5c7cdb szprosy-img elementor-widget elementor-widget-image\" data-id=\"c5c7cdb\" data-element_type=\"widget\" data-widget_type=\"image.default\">\n\t\t\t\t<div class=\"elementor-widget-container\">\n\t\t\t\t\t\t\t\t\t\t\t\t\t\t\t\t<a href=\"https:\/\/cdm-okna.pl\/wp-content\/uploads\/2022\/01\/6-szpros-naklejany-antic-1-35mm-scaled.jpg\" data-elementor-open-lightbox=\"yes\" data-elementor-lightbox-title=\"zpros naklejany antic 1 35mm\" data-e-action-hash=\"#elementor-action%3Aaction%3Dlightbox%26settings%3DeyJpZCI6NjU4MiwidXJsIjoiaHR0cHM6XC9cL2NkbS1va25hLnBsXC93cC1jb250ZW50XC91cGxvYWRzXC8yMDIyXC8wMVwvNi1zenByb3MtbmFrbGVqYW55LWFudGljLTEtMzVtbS1zY2FsZWQuanBnIn0%3D\">\n\t\t\t\t\t\t\t<img loading=\"lazy\" decoding=\"async\" width=\"580\" height=\"803\" src=\"https:\/\/cdm-okna.pl\/wp-content\/uploads\/2022\/01\/6-szpros-naklejany-antic-1-35mm-740x1024.jpg\" class=\"attachment-large size-large wp-image-6582\" alt=\"Przekr\u00f3j okna trzyszybowego z drewnian\u0105 ram\u0105 i dwoma ramkami dystansowymi z wype\u0142nieniem osuszaj\u0105cym. Na zewn\u0119trznej powierzchni szyby widoczny jest naklejany szpros typu Antic 1 o szeroko\u015bci 35 mm, stanowi\u0105cy dekoracyjny podzia\u0142 wizualny.\" srcset=\"https:\/\/cdm-okna.pl\/wp-content\/uploads\/2022\/01\/6-szpros-naklejany-antic-1-35mm-740x1024.jpg 740w, https:\/\/cdm-okna.pl\/wp-content\/uploads\/2022\/01\/6-szpros-naklejany-antic-1-35mm-217x300.jpg 217w, https:\/\/cdm-okna.pl\/wp-content\/uploads\/2022\/01\/6-szpros-naklejany-antic-1-35mm-768x1063.jpg 768w, https:\/\/cdm-okna.pl\/wp-content\/uploads\/2022\/01\/6-szpros-naklejany-antic-1-35mm-1110x1536.jpg 1110w, https:\/\/cdm-okna.pl\/wp-content\/uploads\/2022\/01\/6-szpros-naklejany-antic-1-35mm-1480x2048.jpg 1480w, https:\/\/cdm-okna.pl\/wp-content\/uploads\/2022\/01\/6-szpros-naklejany-antic-1-35mm-1200x1660.jpg 1200w, https:\/\/cdm-okna.pl\/wp-content\/uploads\/2022\/01\/6-szpros-naklejany-antic-1-35mm-1980x2739.jpg 1980w, https:\/\/cdm-okna.pl\/wp-content\/uploads\/2022\/01\/6-szpros-naklejany-antic-1-35mm-scaled.jpg 1850w\" sizes=\"(max-width: 580px) 100vw, 580px\" \/>\t\t\t\t\t\t\t\t<\/a>\n\t\t\t\t\t\t\t\t\t\t\t\t\t\t\t<\/div>\n\t\t\t\t<\/div>\n\t\t\t\t<div class=\"elementor-element elementor-element-dd784c4 elementor-widget elementor-widget-text-editor\" data-id=\"dd784c4\" data-element_type=\"widget\" data-widget_type=\"text-editor.default\">\n\t\t\t\t<div class=\"elementor-widget-container\">\n\t\t\t\t\t\t\t<p>ANTIC 1 35 mm<\/p>\t\t\t\t\t\t<\/div>\n\t\t\t\t<\/div>\n\t\t\t\t\t<\/div>\n\t\t<\/div>\n\t\t\t\t<div class=\"elementor-column elementor-col-14 elementor-inner-column elementor-element elementor-element-33a6f9b\" data-id=\"33a6f9b\" data-element_type=\"column\">\n\t\t\t<div class=\"elementor-widget-wrap elementor-element-populated\">\n\t\t\t\t\t\t\t\t<div class=\"elementor-element elementor-element-f510c0c szprosy-img elementor-widget elementor-widget-image\" data-id=\"f510c0c\" data-element_type=\"widget\" data-widget_type=\"image.default\">\n\t\t\t\t<div class=\"elementor-widget-container\">\n\t\t\t\t\t\t\t\t\t\t\t\t\t\t\t\t<a href=\"https:\/\/cdm-okna.pl\/wp-content\/uploads\/2022\/01\/7-szpros-naklejany-antic-2-25mm-scaled.jpg\" data-elementor-open-lightbox=\"yes\" data-elementor-lightbox-title=\"szpros naklejany antic 2 25mm\" data-e-action-hash=\"#elementor-action%3Aaction%3Dlightbox%26settings%3DeyJpZCI6NjU4NCwidXJsIjoiaHR0cHM6XC9cL2NkbS1va25hLnBsXC93cC1jb250ZW50XC91cGxvYWRzXC8yMDIyXC8wMVwvNy1zenByb3MtbmFrbGVqYW55LWFudGljLTItMjVtbS1zY2FsZWQuanBnIn0%3D\">\n\t\t\t\t\t\t\t<img loading=\"lazy\" decoding=\"async\" width=\"580\" height=\"803\" src=\"https:\/\/cdm-okna.pl\/wp-content\/uploads\/2022\/01\/7-szpros-naklejany-antic-2-25mm-740x1024.jpg\" class=\"attachment-large size-large wp-image-6584\" alt=\"Przekr\u00f3j okna trzyszybowego z drewnian\u0105 ram\u0105 i dwoma ramkami dystansowymi z wype\u0142nieniem osuszaj\u0105cym. Na zewn\u0119trznej powierzchni szyby widoczny jest naklejany szpros typu Antic 2 o szeroko\u015bci 35 mm, stanowi\u0105cy dekoracyjny podzia\u0142 wizualny.\" srcset=\"https:\/\/cdm-okna.pl\/wp-content\/uploads\/2022\/01\/7-szpros-naklejany-antic-2-25mm-740x1024.jpg 740w, https:\/\/cdm-okna.pl\/wp-content\/uploads\/2022\/01\/7-szpros-naklejany-antic-2-25mm-217x300.jpg 217w, https:\/\/cdm-okna.pl\/wp-content\/uploads\/2022\/01\/7-szpros-naklejany-antic-2-25mm-768x1063.jpg 768w, https:\/\/cdm-okna.pl\/wp-content\/uploads\/2022\/01\/7-szpros-naklejany-antic-2-25mm-1110x1536.jpg 1110w, https:\/\/cdm-okna.pl\/wp-content\/uploads\/2022\/01\/7-szpros-naklejany-antic-2-25mm-1480x2048.jpg 1480w, https:\/\/cdm-okna.pl\/wp-content\/uploads\/2022\/01\/7-szpros-naklejany-antic-2-25mm-1200x1660.jpg 1200w, https:\/\/cdm-okna.pl\/wp-content\/uploads\/2022\/01\/7-szpros-naklejany-antic-2-25mm-1980x2739.jpg 1980w, https:\/\/cdm-okna.pl\/wp-content\/uploads\/2022\/01\/7-szpros-naklejany-antic-2-25mm-scaled.jpg 1850w\" sizes=\"(max-width: 580px) 100vw, 580px\" \/>\t\t\t\t\t\t\t\t<\/a>\n\t\t\t\t\t\t\t\t\t\t\t\t\t\t\t<\/div>\n\t\t\t\t<\/div>\n\t\t\t\t<div class=\"elementor-element elementor-element-0de4d55 elementor-widget elementor-widget-text-editor\" data-id=\"0de4d55\" data-element_type=\"widget\" data-widget_type=\"text-editor.default\">\n\t\t\t\t<div class=\"elementor-widget-container\">\n\t\t\t\t\t\t\t<p>ANTIC 2 25 mm<\/p>\t\t\t\t\t\t<\/div>\n\t\t\t\t<\/div>\n\t\t\t\t\t<\/div>\n\t\t<\/div>\n\t\t\t\t<div class=\"elementor-column elementor-col-14 elementor-inner-column elementor-element elementor-element-edf53aa\" data-id=\"edf53aa\" data-element_type=\"column\">\n\t\t\t<div class=\"elementor-widget-wrap elementor-element-populated\">\n\t\t\t\t\t\t\t\t<div class=\"elementor-element elementor-element-6113cac szprosy-img elementor-widget elementor-widget-image\" data-id=\"6113cac\" data-element_type=\"widget\" data-widget_type=\"image.default\">\n\t\t\t\t<div class=\"elementor-widget-container\">\n\t\t\t\t\t\t\t\t\t\t\t\t\t\t\t\t<a href=\"https:\/\/cdm-okna.pl\/wp-content\/uploads\/2022\/01\/szpros_antic_2_35mm-scaled.jpg\" data-elementor-open-lightbox=\"yes\" data-elementor-lightbox-title=\"szpros_antic_2_35mm\" data-e-action-hash=\"#elementor-action%3Aaction%3Dlightbox%26settings%3DeyJpZCI6MTYyMDYsInVybCI6Imh0dHBzOlwvXC9jZG0tb2tuYS5wbFwvd3AtY29udGVudFwvdXBsb2Fkc1wvMjAyMlwvMDFcL3N6cHJvc19hbnRpY18yXzM1bW0tc2NhbGVkLmpwZyJ9\">\n\t\t\t\t\t\t\t<img loading=\"lazy\" decoding=\"async\" width=\"580\" height=\"803\" src=\"https:\/\/cdm-okna.pl\/wp-content\/uploads\/2022\/01\/szpros_antic_2_35mm-740x1024.jpg\" class=\"attachment-large size-large wp-image-16206\" alt=\"Przekr\u00f3j okna trzyszybowego z drewnian\u0105 ram\u0105 i dwoma ramkami dystansowymi wype\u0142nionymi \u015brodkiem osuszaj\u0105cym. Na zewn\u0119trznych powierzchniach szyb widoczne s\u0105 standardowe szprosy naklejane anitc, kt\u00f3re dziel\u0105 wizualnie szyb\u0119, nie ingeruj\u0105c w jej konstrukcj\u0119.\" srcset=\"https:\/\/cdm-okna.pl\/wp-content\/uploads\/2022\/01\/szpros_antic_2_35mm-740x1024.jpg 740w, https:\/\/cdm-okna.pl\/wp-content\/uploads\/2022\/01\/szpros_antic_2_35mm-217x300.jpg 217w, https:\/\/cdm-okna.pl\/wp-content\/uploads\/2022\/01\/szpros_antic_2_35mm-768x1063.jpg 768w, https:\/\/cdm-okna.pl\/wp-content\/uploads\/2022\/01\/szpros_antic_2_35mm-1110x1536.jpg 1110w, https:\/\/cdm-okna.pl\/wp-content\/uploads\/2022\/01\/szpros_antic_2_35mm-1480x2048.jpg 1480w, https:\/\/cdm-okna.pl\/wp-content\/uploads\/2022\/01\/szpros_antic_2_35mm-1200x1660.jpg 1200w, https:\/\/cdm-okna.pl\/wp-content\/uploads\/2022\/01\/szpros_antic_2_35mm-1980x2739.jpg 1980w, https:\/\/cdm-okna.pl\/wp-content\/uploads\/2022\/01\/szpros_antic_2_35mm-scaled.jpg 1850w\" sizes=\"(max-width: 580px) 100vw, 580px\" \/>\t\t\t\t\t\t\t\t<\/a>\n\t\t\t\t\t\t\t\t\t\t\t\t\t\t\t<\/div>\n\t\t\t\t<\/div>\n\t\t\t\t<div class=\"elementor-element elementor-element-39ddc4c elementor-widget elementor-widget-text-editor\" data-id=\"39ddc4c\" data-element_type=\"widget\" data-widget_type=\"text-editor.default\">\n\t\t\t\t<div class=\"elementor-widget-container\">\n\t\t\t\t\t\t\t<p>ANTIC 2 35 mm<\/p>\t\t\t\t\t\t<\/div>\n\t\t\t\t<\/div>\n\t\t\t\t\t<\/div>\n\t\t<\/div>\n\t\t\t\t\t\t\t<\/div>\n\t\t<\/section>\n\t\t\t\t\t<\/div>\n\t\t<\/div>\n\t\t\t\t\t\t\t<\/div>\n\t\t<\/section>\n\t\t\t\t<section class=\"elementor-section elementor-top-section elementor-element elementor-element-d39a7fd elementor-section-boxed elementor-section-height-default elementor-section-height-default\" data-id=\"d39a7fd\" data-element_type=\"section\">\n\t\t\t\t\t\t<div class=\"elementor-container elementor-column-gap-default\">\n\t\t\t\t\t<div class=\"elementor-column elementor-col-100 elementor-top-column elementor-element elementor-element-ae1845c\" data-id=\"ae1845c\" data-element_type=\"column\">\n\t\t\t<div class=\"elementor-widget-wrap elementor-element-populated\">\n\t\t\t\t\t\t\t\t<div class=\"elementor-element elementor-element-3c9ab30 elementor-widget elementor-widget-heading\" data-id=\"3c9ab30\" data-element_type=\"widget\" data-widget_type=\"heading.default\">\n\t\t\t\t<div class=\"elementor-widget-container\">\n\t\t\t<h5 class=\"elementor-heading-title elementor-size-default\">Stick-on muntins for wooden-aluminium windows <\/h5>\t\t<\/div>\n\t\t\t\t<\/div>\n\t\t\t\t\t<\/div>\n\t\t<\/div>\n\t\t\t\t\t\t\t<\/div>\n\t\t<\/section>\n\t\t\t\t<section class=\"elementor-section elementor-top-section elementor-element elementor-element-17bbcfc elementor-section-boxed elementor-section-height-default elementor-section-height-default\" data-id=\"17bbcfc\" data-element_type=\"section\">\n\t\t\t\t\t\t<div class=\"elementor-container elementor-column-gap-default\">\n\t\t\t\t\t<div class=\"elementor-column elementor-col-20 elementor-top-column elementor-element elementor-element-0b915d6\" data-id=\"0b915d6\" data-element_type=\"column\">\n\t\t\t<div class=\"elementor-widget-wrap elementor-element-populated\">\n\t\t\t\t\t\t\t\t<div class=\"elementor-element elementor-element-81ef334 szprosy-img elementor-widget elementor-widget-image\" data-id=\"81ef334\" data-element_type=\"widget\" data-widget_type=\"image.default\">\n\t\t\t\t<div class=\"elementor-widget-container\">\n\t\t\t\t\t\t\t\t\t\t\t\t\t\t\t\t<a href=\"https:\/\/cdm-okna.pl\/wp-content\/uploads\/2022\/01\/9_szpros-D-A-classic.png\" data-elementor-open-lightbox=\"yes\" data-elementor-lightbox-title=\"szpros D-A classic\" data-e-action-hash=\"#elementor-action%3Aaction%3Dlightbox%26settings%3DeyJpZCI6NjU4NiwidXJsIjoiaHR0cHM6XC9cL2NkbS1va25hLnBsXC93cC1jb250ZW50XC91cGxvYWRzXC8yMDIyXC8wMVwvOV9zenByb3MtRC1BLWNsYXNzaWMucG5nIn0%3D\">\n\t\t\t\t\t\t\t<img loading=\"lazy\" decoding=\"async\" width=\"580\" height=\"580\" src=\"https:\/\/cdm-okna.pl\/wp-content\/uploads\/2022\/01\/9_szpros-D-A-classic-1024x1024.png\" class=\"attachment-large size-large wp-image-6586\" alt=\"Przekr\u00f3j okna trzyszybowego z drewnian\u0105 ram\u0105 i dwoma ramkami dystansowymi z wype\u0142nieniem osuszaj\u0105cym. Na zewn\u0119trznej powierzchni szyby widoczny jest naklejany szpros typuszpros D-A classic stanowi\u0105cy dekoracyjny podzia\u0142 wizualny.\" srcset=\"https:\/\/cdm-okna.pl\/wp-content\/uploads\/2022\/01\/9_szpros-D-A-classic-1024x1024.png 1024w, https:\/\/cdm-okna.pl\/wp-content\/uploads\/2022\/01\/9_szpros-D-A-classic-300x300.png 300w, https:\/\/cdm-okna.pl\/wp-content\/uploads\/2022\/01\/9_szpros-D-A-classic-150x150.png 150w, https:\/\/cdm-okna.pl\/wp-content\/uploads\/2022\/01\/9_szpros-D-A-classic-768x768.png 768w, https:\/\/cdm-okna.pl\/wp-content\/uploads\/2022\/01\/9_szpros-D-A-classic-1536x1536.png 1536w, https:\/\/cdm-okna.pl\/wp-content\/uploads\/2022\/01\/9_szpros-D-A-classic-2048x2048.png 2048w, https:\/\/cdm-okna.pl\/wp-content\/uploads\/2022\/01\/9_szpros-D-A-classic-1200x1200.png 1200w, https:\/\/cdm-okna.pl\/wp-content\/uploads\/2022\/01\/9_szpros-D-A-classic-1980x1980.png 1980w\" sizes=\"(max-width: 580px) 100vw, 580px\" \/>\t\t\t\t\t\t\t\t<\/a>\n\t\t\t\t\t\t\t\t\t\t\t\t\t\t\t<\/div>\n\t\t\t\t<\/div>\n\t\t\t\t<div class=\"elementor-element elementor-element-285df44 elementor-widget elementor-widget-text-editor\" data-id=\"285df44\" data-element_type=\"widget\" data-widget_type=\"text-editor.default\">\n\t\t\t\t<div class=\"elementor-widget-container\">\n\t\t\t\t\t\t\t<p>CLASSIC aluminium muntin<\/p>\t\t\t\t\t\t<\/div>\n\t\t\t\t<\/div>\n\t\t\t\t\t<\/div>\n\t\t<\/div>\n\t\t\t\t<div class=\"elementor-column elementor-col-20 elementor-top-column elementor-element elementor-element-42fddf4\" data-id=\"42fddf4\" data-element_type=\"column\">\n\t\t\t<div class=\"elementor-widget-wrap elementor-element-populated\">\n\t\t\t\t\t\t\t\t<div class=\"elementor-element elementor-element-ff8efb6 szprosy-img elementor-widget elementor-widget-image\" data-id=\"ff8efb6\" data-element_type=\"widget\" data-widget_type=\"image.default\">\n\t\t\t\t<div class=\"elementor-widget-container\">\n\t\t\t\t\t\t\t\t\t\t\t\t\t\t\t\t<a href=\"https:\/\/cdm-okna.pl\/wp-content\/uploads\/2022\/01\/10_szpros-D-A-quadrat.png\" data-elementor-open-lightbox=\"yes\" data-elementor-lightbox-title=\"szpros D-A quadrat\" data-elementor-lightbox-description=\"szprosszpros D-A quadrat D-A quadrat\" data-e-action-hash=\"#elementor-action%3Aaction%3Dlightbox%26settings%3DeyJpZCI6NjU4NywidXJsIjoiaHR0cHM6XC9cL2NkbS1va25hLnBsXC93cC1jb250ZW50XC91cGxvYWRzXC8yMDIyXC8wMVwvMTBfc3pwcm9zLUQtQS1xdWFkcmF0LnBuZyJ9\">\n\t\t\t\t\t\t\t<img loading=\"lazy\" decoding=\"async\" width=\"580\" height=\"580\" src=\"https:\/\/cdm-okna.pl\/wp-content\/uploads\/2022\/01\/10_szpros-D-A-quadrat-1024x1024.png\" class=\"attachment-large size-large wp-image-6587\" alt=\"Przekr\u00f3j okna trzyszybowego z drewnian\u0105 ram\u0105 i dwoma ramkami dystansowymi z wype\u0142nieniem osuszaj\u0105cym. Na zewn\u0119trznej powierzchni szyby widoczny jest naklejany szpros typu szpros D-A quadratstanowi\u0105cy dekoracyjny podzia\u0142 wizualny.\" srcset=\"https:\/\/cdm-okna.pl\/wp-content\/uploads\/2022\/01\/10_szpros-D-A-quadrat-1024x1024.png 1024w, https:\/\/cdm-okna.pl\/wp-content\/uploads\/2022\/01\/10_szpros-D-A-quadrat-300x300.png 300w, https:\/\/cdm-okna.pl\/wp-content\/uploads\/2022\/01\/10_szpros-D-A-quadrat-150x150.png 150w, https:\/\/cdm-okna.pl\/wp-content\/uploads\/2022\/01\/10_szpros-D-A-quadrat-768x768.png 768w, https:\/\/cdm-okna.pl\/wp-content\/uploads\/2022\/01\/10_szpros-D-A-quadrat-1536x1536.png 1536w, https:\/\/cdm-okna.pl\/wp-content\/uploads\/2022\/01\/10_szpros-D-A-quadrat-2048x2048.png 2048w, https:\/\/cdm-okna.pl\/wp-content\/uploads\/2022\/01\/10_szpros-D-A-quadrat-1200x1200.png 1200w, https:\/\/cdm-okna.pl\/wp-content\/uploads\/2022\/01\/10_szpros-D-A-quadrat-1980x1980.png 1980w\" sizes=\"(max-width: 580px) 100vw, 580px\" \/>\t\t\t\t\t\t\t\t<\/a>\n\t\t\t\t\t\t\t\t\t\t\t\t\t\t\t<\/div>\n\t\t\t\t<\/div>\n\t\t\t\t<div class=\"elementor-element elementor-element-9dd5fff elementor-widget elementor-widget-text-editor\" data-id=\"9dd5fff\" data-element_type=\"widget\" data-widget_type=\"text-editor.default\">\n\t\t\t\t<div class=\"elementor-widget-container\">\n\t\t\t\t\t\t\t<p>QUADRAT aluminium muntin<\/p>\t\t\t\t\t\t<\/div>\n\t\t\t\t<\/div>\n\t\t\t\t\t<\/div>\n\t\t<\/div>\n\t\t\t\t<div class=\"elementor-column elementor-col-20 elementor-top-column elementor-element elementor-element-8c4fe3d\" data-id=\"8c4fe3d\" data-element_type=\"column\">\n\t\t\t<div class=\"elementor-widget-wrap elementor-element-populated\">\n\t\t\t\t\t\t\t\t<div class=\"elementor-element elementor-element-1c51565 szprosy-img elementor-widget elementor-widget-image\" data-id=\"1c51565\" data-element_type=\"widget\" data-widget_type=\"image.default\">\n\t\t\t\t<div class=\"elementor-widget-container\">\n\t\t\t\t\t\t\t\t\t\t\t\t\t\t\t\t<a href=\"https:\/\/cdm-okna.pl\/wp-content\/uploads\/2022\/01\/11_-szpros-D-A-retro.png\" data-elementor-open-lightbox=\"yes\" data-elementor-lightbox-title=\"szpros D-A retro\" data-e-action-hash=\"#elementor-action%3Aaction%3Dlightbox%26settings%3DeyJpZCI6NjU4OCwidXJsIjoiaHR0cHM6XC9cL2NkbS1va25hLnBsXC93cC1jb250ZW50XC91cGxvYWRzXC8yMDIyXC8wMVwvMTFfLXN6cHJvcy1ELUEtcmV0cm8ucG5nIn0%3D\">\n\t\t\t\t\t\t\t<img loading=\"lazy\" decoding=\"async\" width=\"580\" height=\"580\" src=\"https:\/\/cdm-okna.pl\/wp-content\/uploads\/2022\/01\/11_-szpros-D-A-retro-1024x1024.png\" class=\"attachment-large size-large wp-image-6588\" alt=\"Przekr\u00f3j okna trzyszybowego z drewnian\u0105 ram\u0105 i dwoma ramkami dystansowymi z wype\u0142nieniem osuszaj\u0105cym. Na zewn\u0119trznej powierzchni szyby widoczny jest naklejany szpros typu szpros D-A retro stanowi\u0105cy dekoracyjny podzia\u0142 wizualny.\" srcset=\"https:\/\/cdm-okna.pl\/wp-content\/uploads\/2022\/01\/11_-szpros-D-A-retro-1024x1024.png 1024w, https:\/\/cdm-okna.pl\/wp-content\/uploads\/2022\/01\/11_-szpros-D-A-retro-300x300.png 300w, https:\/\/cdm-okna.pl\/wp-content\/uploads\/2022\/01\/11_-szpros-D-A-retro-150x150.png 150w, https:\/\/cdm-okna.pl\/wp-content\/uploads\/2022\/01\/11_-szpros-D-A-retro-768x768.png 768w, https:\/\/cdm-okna.pl\/wp-content\/uploads\/2022\/01\/11_-szpros-D-A-retro-1536x1536.png 1536w, https:\/\/cdm-okna.pl\/wp-content\/uploads\/2022\/01\/11_-szpros-D-A-retro-2048x2048.png 2048w, https:\/\/cdm-okna.pl\/wp-content\/uploads\/2022\/01\/11_-szpros-D-A-retro-1200x1200.png 1200w, https:\/\/cdm-okna.pl\/wp-content\/uploads\/2022\/01\/11_-szpros-D-A-retro-1980x1980.png 1980w\" sizes=\"(max-width: 580px) 100vw, 580px\" \/>\t\t\t\t\t\t\t\t<\/a>\n\t\t\t\t\t\t\t\t\t\t\t\t\t\t\t<\/div>\n\t\t\t\t<\/div>\n\t\t\t\t<div class=\"elementor-element elementor-element-3c14848 elementor-widget elementor-widget-text-editor\" data-id=\"3c14848\" data-element_type=\"widget\" data-widget_type=\"text-editor.default\">\n\t\t\t\t<div class=\"elementor-widget-container\">\n\t\t\t\t\t\t\t<p>RETRO aluminium muntin<\/p>\t\t\t\t\t\t<\/div>\n\t\t\t\t<\/div>\n\t\t\t\t\t<\/div>\n\t\t<\/div>\n\t\t\t\t<div class=\"elementor-column elementor-col-20 elementor-top-column elementor-element elementor-element-6818eee elementor-hidden-mobile\" data-id=\"6818eee\" data-element_type=\"column\">\n\t\t\t<div class=\"elementor-widget-wrap\">\n\t\t\t\t\t\t\t\t\t<\/div>\n\t\t<\/div>\n\t\t\t\t<div class=\"elementor-column elementor-col-20 elementor-top-column elementor-element elementor-element-4070d71 elementor-hidden-mobile\" data-id=\"4070d71\" data-element_type=\"column\">\n\t\t\t<div class=\"elementor-widget-wrap\">\n\t\t\t\t\t\t\t\t\t<\/div>\n\t\t<\/div>\n\t\t\t\t\t\t\t<\/div>\n\t\t<\/section>\n\t\t\t\t<section class=\"elementor-section elementor-top-section elementor-element elementor-element-304878a elementor-section-boxed elementor-section-height-default elementor-section-height-default\" data-id=\"304878a\" data-element_type=\"section\">\n\t\t\t\t\t\t<div class=\"elementor-container elementor-column-gap-default\">\n\t\t\t\t\t<div class=\"elementor-column elementor-col-100 elementor-top-column elementor-element elementor-element-2fa6599\" data-id=\"2fa6599\" data-element_type=\"column\">\n\t\t\t<div class=\"elementor-widget-wrap elementor-element-populated\">\n\t\t\t\t\t\t\t\t<div class=\"elementor-element elementor-element-caef9da elementor-widget elementor-widget-heading\" data-id=\"caef9da\" data-element_type=\"widget\" data-widget_type=\"heading.default\">\n\t\t\t\t<div class=\"elementor-widget-container\">\n\t\t\t<h5 class=\"elementor-heading-title elementor-size-default\">Structural muntins for wooden windows <\/h5>\t\t<\/div>\n\t\t\t\t<\/div>\n\t\t\t\t<div class=\"elementor-element elementor-element-23b8eac elementor-widget elementor-widget-text-editor\" data-id=\"23b8eac\" data-element_type=\"widget\" data-widget_type=\"text-editor.default\">\n\t\t\t\t<div class=\"elementor-widget-container\">\n\t\t\t\t\t\t\t<p>Structural muntins are structural elements of the window sash. They require that the number of the applied composite pane sets must be equal to the number of parts the window surface has been divided into. <\/p>\t\t\t\t\t\t<\/div>\n\t\t\t\t<\/div>\n\t\t\t\t\t<\/div>\n\t\t<\/div>\n\t\t\t\t\t\t\t<\/div>\n\t\t<\/section>\n\t\t\t\t<section class=\"elementor-section elementor-top-section elementor-element elementor-element-9e5753c elementor-section-boxed elementor-section-height-default elementor-section-height-default\" data-id=\"9e5753c\" data-element_type=\"section\">\n\t\t\t\t\t\t<div class=\"elementor-container elementor-column-gap-default\">\n\t\t\t\t\t<div class=\"elementor-column elementor-col-20 elementor-top-column elementor-element elementor-element-3b19ebd\" data-id=\"3b19ebd\" data-element_type=\"column\">\n\t\t\t<div class=\"elementor-widget-wrap elementor-element-populated\">\n\t\t\t\t\t\t\t\t<div class=\"elementor-element elementor-element-59e033f szprosy-img elementor-widget elementor-widget-image\" data-id=\"59e033f\" data-element_type=\"widget\" data-widget_type=\"image.default\">\n\t\t\t\t<div class=\"elementor-widget-container\">\n\t\t\t\t\t\t\t\t\t\t\t\t\t\t\t\t<a href=\"https:\/\/cdm-okna.pl\/wp-content\/uploads\/2022\/01\/12_szpros-konstrukcyjny.jpg\" data-elementor-open-lightbox=\"yes\" data-elementor-lightbox-title=\"szpros konstrukcyjny\" data-e-action-hash=\"#elementor-action%3Aaction%3Dlightbox%26settings%3DeyJpZCI6NjU4OSwidXJsIjoiaHR0cHM6XC9cL2NkbS1va25hLnBsXC93cC1jb250ZW50XC91cGxvYWRzXC8yMDIyXC8wMVwvMTJfc3pwcm9zLWtvbnN0cnVrY3lqbnkuanBnIn0%3D\">\n\t\t\t\t\t\t\t<img loading=\"lazy\" decoding=\"async\" width=\"580\" height=\"803\" src=\"https:\/\/cdm-okna.pl\/wp-content\/uploads\/2022\/01\/12_szpros-konstrukcyjny-740x1024.jpg\" class=\"attachment-large size-large wp-image-6589\" alt=\"Przekr\u00f3j ramy okiennej z drewna z wbudowanym szprosem konstrukcyjnym, kt\u00f3ry dzieli szyb\u0119 na mniejsze segmenty i stanowi integraln\u0105 cz\u0119\u015b\u0107 konstrukcji okna. Mi\u0119dzy taflami szk\u0142a znajduj\u0105 si\u0119 ramki dystansowe z materia\u0142em izolacyjnym, a ca\u0142o\u015b\u0107 zapewnia wysok\u0105 izolacyjno\u015b\u0107 termiczn\u0105 i akustyczn\u0105.\" srcset=\"https:\/\/cdm-okna.pl\/wp-content\/uploads\/2022\/01\/12_szpros-konstrukcyjny-740x1024.jpg 740w, https:\/\/cdm-okna.pl\/wp-content\/uploads\/2022\/01\/12_szpros-konstrukcyjny-217x300.jpg 217w, https:\/\/cdm-okna.pl\/wp-content\/uploads\/2022\/01\/12_szpros-konstrukcyjny-768x1063.jpg 768w, https:\/\/cdm-okna.pl\/wp-content\/uploads\/2022\/01\/12_szpros-konstrukcyjny-1110x1536.jpg 1110w, https:\/\/cdm-okna.pl\/wp-content\/uploads\/2022\/01\/12_szpros-konstrukcyjny-1480x2048.jpg 1480w, https:\/\/cdm-okna.pl\/wp-content\/uploads\/2022\/01\/12_szpros-konstrukcyjny-1200x1661.jpg 1200w, https:\/\/cdm-okna.pl\/wp-content\/uploads\/2022\/01\/12_szpros-konstrukcyjny.jpg 1768w\" sizes=\"(max-width: 580px) 100vw, 580px\" \/>\t\t\t\t\t\t\t\t<\/a>\n\t\t\t\t\t\t\t\t\t\t\t\t\t\t\t<\/div>\n\t\t\t\t<\/div>\n\t\t\t\t\t<\/div>\n\t\t<\/div>\n\t\t\t\t<div class=\"elementor-column elementor-col-20 elementor-top-column elementor-element elementor-element-7696f05 elementor-hidden-mobile\" data-id=\"7696f05\" data-element_type=\"column\">\n\t\t\t<div class=\"elementor-widget-wrap\">\n\t\t\t\t\t\t\t\t\t<\/div>\n\t\t<\/div>\n\t\t\t\t<div class=\"elementor-column elementor-col-20 elementor-top-column elementor-element elementor-element-3db505a elementor-hidden-mobile\" data-id=\"3db505a\" data-element_type=\"column\">\n\t\t\t<div class=\"elementor-widget-wrap\">\n\t\t\t\t\t\t\t\t\t<\/div>\n\t\t<\/div>\n\t\t\t\t<div class=\"elementor-column elementor-col-20 elementor-top-column elementor-element elementor-element-fe36721 elementor-hidden-mobile\" data-id=\"fe36721\" data-element_type=\"column\">\n\t\t\t<div class=\"elementor-widget-wrap\">\n\t\t\t\t\t\t\t\t\t<\/div>\n\t\t<\/div>\n\t\t\t\t<div class=\"elementor-column elementor-col-20 elementor-top-column elementor-element elementor-element-1fd45a2 elementor-hidden-mobile\" data-id=\"1fd45a2\" data-element_type=\"column\">\n\t\t\t<div class=\"elementor-widget-wrap\">\n\t\t\t\t\t\t\t\t\t<\/div>\n\t\t<\/div>\n\t\t\t\t\t\t\t<\/div>\n\t\t<\/section>\n\t\t\t\t\t\t<\/div>\n\t\t\n<\/div>\n\t\t\t\t\t\t\t\t\t<div class=\"elementor-tab-title elementor-tab-mobile-title\" aria-selected=\"false\" data-tab=\"5\" role=\"tab\" tabindex=\"-1\" aria-controls=\"elementor-tab-content-2345\" aria-expanded=\"false\">Window handles<\/div>\n\t\t\t\t\t<div id=\"elementor-tab-content-2345\" class=\"elementor-tab-content elementor-clearfix\" data-tab=\"5\" role=\"tabpanel\" aria-labelledby=\"elementor-tab-title-2345\" tabindex=\"0\" hidden=\"hidden\">\t\t<div data-elementor-type=\"section\" data-elementor-id=\"12242\" class=\"elementor elementor-12242 elementor-7452\" data-elementor-post-type=\"elementor_library\">\n\t\t\t\t\t\t\t\t<section class=\"elementor-section elementor-top-section elementor-element elementor-element-93a05fc elementor-section-boxed elementor-section-height-default elementor-section-height-default\" data-id=\"93a05fc\" data-element_type=\"section\">\n\t\t\t\t\t\t<div class=\"elementor-container elementor-column-gap-default\">\n\t\t\t\t\t<div class=\"elementor-column elementor-col-10 elementor-top-column elementor-element elementor-element-c8bf906\" data-id=\"c8bf906\" data-element_type=\"column\">\n\t\t\t<div class=\"elementor-widget-wrap elementor-element-populated\">\n\t\t\t\t\t\t\t\t<div class=\"elementor-element elementor-element-59e8212 elementor-widget elementor-widget-image\" data-id=\"59e8212\" data-element_type=\"widget\" data-widget_type=\"image.default\">\n\t\t\t\t<div class=\"elementor-widget-container\">\n\t\t\t\t\t\t\t\t\t\t\t\t\t\t\t\t<a href=\"https:\/\/cdm-okna.pl\/wp-content\/uploads\/2022\/05\/Luxembourg-kolor-bialy.jpg\" data-elementor-open-lightbox=\"yes\" data-elementor-lightbox-title=\"Luxembourg kolor bia\u0142y\" data-e-action-hash=\"#elementor-action%3Aaction%3Dlightbox%26settings%3DeyJpZCI6NzQ1MywidXJsIjoiaHR0cHM6XC9cL2NkbS1va25hLnBsXC93cC1jb250ZW50XC91cGxvYWRzXC8yMDIyXC8wNVwvTHV4ZW1ib3VyZy1rb2xvci1iaWFseS5qcGcifQ%3D%3D\">\n\t\t\t\t\t\t\t<img loading=\"lazy\" decoding=\"async\" width=\"142\" height=\"461\" src=\"https:\/\/cdm-okna.pl\/wp-content\/uploads\/2022\/05\/Luxembourg-kolor-bialy.jpg\" class=\"attachment-large size-large wp-image-7453\" alt=\"Zbli\u017cenie na bia\u0142y uchwyt okienny modelu Luxembourg z prostok\u0105tn\u0105 rozet\u0105 i g\u0142adk\u0105, zakrzywion\u0105 r\u0105czk\u0105.\" srcset=\"https:\/\/cdm-okna.pl\/wp-content\/uploads\/2022\/05\/Luxembourg-kolor-bialy.jpg 142w, https:\/\/cdm-okna.pl\/wp-content\/uploads\/2022\/05\/Luxembourg-kolor-bialy-92x300.jpg 92w\" sizes=\"(max-width: 142px) 100vw, 142px\" \/>\t\t\t\t\t\t\t\t<\/a>\n\t\t\t\t\t\t\t\t\t\t\t\t\t\t\t<\/div>\n\t\t\t\t<\/div>\n\t\t\t\t\t<\/div>\n\t\t<\/div>\n\t\t\t\t<div class=\"elementor-column elementor-col-10 elementor-top-column elementor-element elementor-element-49a83c9\" data-id=\"49a83c9\" data-element_type=\"column\">\n\t\t\t<div class=\"elementor-widget-wrap elementor-element-populated\">\n\t\t\t\t\t\t\t\t<div class=\"elementor-element elementor-element-3acfa06 elementor-widget elementor-widget-image\" data-id=\"3acfa06\" data-element_type=\"widget\" data-widget_type=\"image.default\">\n\t\t\t\t<div class=\"elementor-widget-container\">\n\t\t\t\t\t\t\t\t\t\t\t\t\t\t\t\t<a href=\"https:\/\/cdm-okna.pl\/wp-content\/uploads\/2022\/05\/Luxembourg-kolor-braz-wersja-z-kluczem.jpg\" data-elementor-open-lightbox=\"yes\" data-elementor-lightbox-title=\"Luxembourg kolor br\u0105z wersja z kluczem\" data-e-action-hash=\"#elementor-action%3Aaction%3Dlightbox%26settings%3DeyJpZCI6NzQ1NCwidXJsIjoiaHR0cHM6XC9cL2NkbS1va25hLnBsXC93cC1jb250ZW50XC91cGxvYWRzXC8yMDIyXC8wNVwvTHV4ZW1ib3VyZy1rb2xvci1icmF6LXdlcnNqYS16LWtsdWN6ZW0uanBnIn0%3D\">\n\t\t\t\t\t\t\t<img loading=\"lazy\" decoding=\"async\" width=\"129\" height=\"461\" src=\"https:\/\/cdm-okna.pl\/wp-content\/uploads\/2022\/05\/Luxembourg-kolor-braz-wersja-z-kluczem.jpg\" class=\"attachment-large size-large wp-image-7454\" alt=\"Br\u0105zowa klamka okienna modelu Luxembourg z zamkiem i w\u0142o\u017conym kluczem, widok z boku na tle jasnej powierzchni.\" srcset=\"https:\/\/cdm-okna.pl\/wp-content\/uploads\/2022\/05\/Luxembourg-kolor-braz-wersja-z-kluczem.jpg 129w, https:\/\/cdm-okna.pl\/wp-content\/uploads\/2022\/05\/Luxembourg-kolor-braz-wersja-z-kluczem-84x300.jpg 84w\" sizes=\"(max-width: 129px) 100vw, 129px\" \/>\t\t\t\t\t\t\t\t<\/a>\n\t\t\t\t\t\t\t\t\t\t\t\t\t\t\t<\/div>\n\t\t\t\t<\/div>\n\t\t\t\t\t<\/div>\n\t\t<\/div>\n\t\t\t\t<div class=\"elementor-column elementor-col-10 elementor-top-column elementor-element elementor-element-55d3ae4\" data-id=\"55d3ae4\" data-element_type=\"column\">\n\t\t\t<div class=\"elementor-widget-wrap elementor-element-populated\">\n\t\t\t\t\t\t\t\t<div class=\"elementor-element elementor-element-4a7ff69 elementor-widget elementor-widget-image\" data-id=\"4a7ff69\" data-element_type=\"widget\" data-widget_type=\"image.default\">\n\t\t\t\t<div class=\"elementor-widget-container\">\n\t\t\t\t\t\t\t\t\t\t\t\t\t\t\t\t<a href=\"https:\/\/cdm-okna.pl\/wp-content\/uploads\/2022\/05\/Luxembourg-kolor-F1.jpg\" data-elementor-open-lightbox=\"yes\" data-elementor-lightbox-title=\"Luxembourg kolor F1\" data-e-action-hash=\"#elementor-action%3Aaction%3Dlightbox%26settings%3DeyJpZCI6NzQ1NSwidXJsIjoiaHR0cHM6XC9cL2NkbS1va25hLnBsXC93cC1jb250ZW50XC91cGxvYWRzXC8yMDIyXC8wNVwvTHV4ZW1ib3VyZy1rb2xvci1GMS5qcGcifQ%3D%3D\">\n\t\t\t\t\t\t\t<img loading=\"lazy\" decoding=\"async\" width=\"124\" height=\"461\" src=\"https:\/\/cdm-okna.pl\/wp-content\/uploads\/2022\/05\/Luxembourg-kolor-F1.jpg\" class=\"attachment-large size-large wp-image-7455\" alt=\"Metaliczna klamka okienna modelu Luxembourg w kolorze F1, o nowoczesnym, op\u0142ywowym kszta\u0142cie, zamontowana na owalnym szyldzie, widok z boku na jasnym tle.\" srcset=\"https:\/\/cdm-okna.pl\/wp-content\/uploads\/2022\/05\/Luxembourg-kolor-F1.jpg 124w, https:\/\/cdm-okna.pl\/wp-content\/uploads\/2022\/05\/Luxembourg-kolor-F1-81x300.jpg 81w\" sizes=\"(max-width: 124px) 100vw, 124px\" \/>\t\t\t\t\t\t\t\t<\/a>\n\t\t\t\t\t\t\t\t\t\t\t\t\t\t\t<\/div>\n\t\t\t\t<\/div>\n\t\t\t\t\t<\/div>\n\t\t<\/div>\n\t\t\t\t<div class=\"elementor-column elementor-col-10 elementor-top-column elementor-element elementor-element-507599d\" data-id=\"507599d\" data-element_type=\"column\">\n\t\t\t<div class=\"elementor-widget-wrap elementor-element-populated\">\n\t\t\t\t\t\t\t\t<div class=\"elementor-element elementor-element-61e196c elementor-widget elementor-widget-image\" data-id=\"61e196c\" data-element_type=\"widget\" data-widget_type=\"image.default\">\n\t\t\t\t<div class=\"elementor-widget-container\">\n\t\t\t\t\t\t\t\t\t\t\t\t\t\t\t\t<a href=\"https:\/\/cdm-okna.pl\/wp-content\/uploads\/2022\/05\/Luxembourg-kolor-F4.jpg\" data-elementor-open-lightbox=\"yes\" data-elementor-lightbox-title=\"Luxembourg kolor F4\" data-e-action-hash=\"#elementor-action%3Aaction%3Dlightbox%26settings%3DeyJpZCI6NzQ1NiwidXJsIjoiaHR0cHM6XC9cL2NkbS1va25hLnBsXC93cC1jb250ZW50XC91cGxvYWRzXC8yMDIyXC8wNVwvTHV4ZW1ib3VyZy1rb2xvci1GNC5qcGcifQ%3D%3D\">\n\t\t\t\t\t\t\t<img loading=\"lazy\" decoding=\"async\" width=\"141\" height=\"461\" src=\"https:\/\/cdm-okna.pl\/wp-content\/uploads\/2022\/05\/Luxembourg-kolor-F4.jpg\" class=\"attachment-large size-large wp-image-7456\" alt=\"Z\u0142ota klamka okienna modelu Luxembourg w kolorze F4, wykonana z metalu, o g\u0142adkim, zakrzywionym kszta\u0142cie, zamontowana na prostok\u0105tnym szyldzie, widok z boku na jasnym tle.\" srcset=\"https:\/\/cdm-okna.pl\/wp-content\/uploads\/2022\/05\/Luxembourg-kolor-F4.jpg 141w, https:\/\/cdm-okna.pl\/wp-content\/uploads\/2022\/05\/Luxembourg-kolor-F4-92x300.jpg 92w\" sizes=\"(max-width: 141px) 100vw, 141px\" \/>\t\t\t\t\t\t\t\t<\/a>\n\t\t\t\t\t\t\t\t\t\t\t\t\t\t\t<\/div>\n\t\t\t\t<\/div>\n\t\t\t\t\t<\/div>\n\t\t<\/div>\n\t\t\t\t<div class=\"elementor-column elementor-col-10 elementor-top-column elementor-element elementor-element-21bc13b\" data-id=\"21bc13b\" data-element_type=\"column\">\n\t\t\t<div class=\"elementor-widget-wrap elementor-element-populated\">\n\t\t\t\t\t\t\t\t<div class=\"elementor-element elementor-element-c159d0e elementor-widget elementor-widget-image\" data-id=\"c159d0e\" data-element_type=\"widget\" data-widget_type=\"image.default\">\n\t\t\t\t<div class=\"elementor-widget-container\">\n\t\t\t\t\t\t\t\t\t\t\t\t\t\t\t\t<a href=\"https:\/\/cdm-okna.pl\/wp-content\/uploads\/2022\/05\/Luxembourg-kolor-F9.jpg\" data-elementor-open-lightbox=\"yes\" data-elementor-lightbox-title=\"Luxembourg kolor F9\" data-e-action-hash=\"#elementor-action%3Aaction%3Dlightbox%26settings%3DeyJpZCI6NzQ1NywidXJsIjoiaHR0cHM6XC9cL2NkbS1va25hLnBsXC93cC1jb250ZW50XC91cGxvYWRzXC8yMDIyXC8wNVwvTHV4ZW1ib3VyZy1rb2xvci1GOS5qcGcifQ%3D%3D\">\n\t\t\t\t\t\t\t<img loading=\"lazy\" decoding=\"async\" width=\"124\" height=\"461\" src=\"https:\/\/cdm-okna.pl\/wp-content\/uploads\/2022\/05\/Luxembourg-kolor-F9.jpg\" class=\"attachment-large size-large wp-image-7457\" alt=\"Srebrna klamka okienna modelu Luxembourg w kolorze F9, wykonana z metalu o g\u0142adkiej, l\u015bni\u0105cej powierzchni, zamontowana na prostok\u0105tnym szyldzie z zaokr\u0105glonymi kraw\u0119dziami, widok z boku na jasnym tle.\" srcset=\"https:\/\/cdm-okna.pl\/wp-content\/uploads\/2022\/05\/Luxembourg-kolor-F9.jpg 124w, https:\/\/cdm-okna.pl\/wp-content\/uploads\/2022\/05\/Luxembourg-kolor-F9-81x300.jpg 81w\" sizes=\"(max-width: 124px) 100vw, 124px\" \/>\t\t\t\t\t\t\t\t<\/a>\n\t\t\t\t\t\t\t\t\t\t\t\t\t\t\t<\/div>\n\t\t\t\t<\/div>\n\t\t\t\t\t<\/div>\n\t\t<\/div>\n\t\t\t\t<div class=\"elementor-column elementor-col-10 elementor-top-column elementor-element elementor-element-9ca1e11\" data-id=\"9ca1e11\" data-element_type=\"column\">\n\t\t\t<div class=\"elementor-widget-wrap elementor-element-populated\">\n\t\t\t\t\t\t\t\t<div class=\"elementor-element elementor-element-296a14e elementor-widget elementor-widget-image\" data-id=\"296a14e\" data-element_type=\"widget\" data-widget_type=\"image.default\">\n\t\t\t\t<div class=\"elementor-widget-container\">\n\t\t\t\t\t\t\t\t\t\t\t\t\t\t\t\t<a href=\"https:\/\/cdm-okna.pl\/wp-content\/uploads\/2022\/05\/Toulon-kolor-bialy.jpg\" data-elementor-open-lightbox=\"yes\" data-elementor-lightbox-title=\"Toulon kolor bia\u0142y\" data-e-action-hash=\"#elementor-action%3Aaction%3Dlightbox%26settings%3DeyJpZCI6NzQ1OCwidXJsIjoiaHR0cHM6XC9cL2NkbS1va25hLnBsXC93cC1jb250ZW50XC91cGxvYWRzXC8yMDIyXC8wNVwvVG91bG9uLWtvbG9yLWJpYWx5LmpwZyJ9\">\n\t\t\t\t\t\t\t<img loading=\"lazy\" decoding=\"async\" width=\"145\" height=\"437\" src=\"https:\/\/cdm-okna.pl\/wp-content\/uploads\/2022\/05\/Toulon-kolor-bialy.jpg\" class=\"attachment-large size-large wp-image-7458\" alt=\"Bia\u0142a klamka okienna modelu Toulon o nowoczesnym, kanciastym kszta\u0142cie, zamontowana na prostok\u0105tnym szyldzie, widok z boku na jasnym tle.\" srcset=\"https:\/\/cdm-okna.pl\/wp-content\/uploads\/2022\/05\/Toulon-kolor-bialy.jpg 145w, https:\/\/cdm-okna.pl\/wp-content\/uploads\/2022\/05\/Toulon-kolor-bialy-100x300.jpg 100w\" sizes=\"(max-width: 145px) 100vw, 145px\" \/>\t\t\t\t\t\t\t\t<\/a>\n\t\t\t\t\t\t\t\t\t\t\t\t\t\t\t<\/div>\n\t\t\t\t<\/div>\n\t\t\t\t\t<\/div>\n\t\t<\/div>\n\t\t\t\t<div class=\"elementor-column elementor-col-10 elementor-top-column elementor-element elementor-element-669072c\" data-id=\"669072c\" data-element_type=\"column\">\n\t\t\t<div class=\"elementor-widget-wrap elementor-element-populated\">\n\t\t\t\t\t\t\t\t<div class=\"elementor-element elementor-element-8e08ba7 elementor-widget elementor-widget-image\" data-id=\"8e08ba7\" data-element_type=\"widget\" data-widget_type=\"image.default\">\n\t\t\t\t<div class=\"elementor-widget-container\">\n\t\t\t\t\t\t\t\t\t\t\t\t\t\t\t\t<a href=\"https:\/\/cdm-okna.pl\/wp-content\/uploads\/2022\/05\/Toulon-kolor-braz-wersja-z-kluczem.jpg\" data-elementor-open-lightbox=\"yes\" data-elementor-lightbox-title=\"Toulon kolor br\u0105z wersja z kluczem\" data-e-action-hash=\"#elementor-action%3Aaction%3Dlightbox%26settings%3DeyJpZCI6NzQ1OSwidXJsIjoiaHR0cHM6XC9cL2NkbS1va25hLnBsXC93cC1jb250ZW50XC91cGxvYWRzXC8yMDIyXC8wNVwvVG91bG9uLWtvbG9yLWJyYXotd2Vyc2phLXota2x1Y3plbS5qcGcifQ%3D%3D\">\n\t\t\t\t\t\t\t<img loading=\"lazy\" decoding=\"async\" width=\"150\" height=\"461\" src=\"https:\/\/cdm-okna.pl\/wp-content\/uploads\/2022\/05\/Toulon-kolor-braz-wersja-z-kluczem.jpg\" class=\"attachment-large size-large wp-image-7459\" alt=\"Br\u0105zowa klamka okienna modelu Toulon z zamkiem i w\u0142o\u017conym kluczem, o kanciastym kszta\u0142cie, zamontowana na prostok\u0105tnym szyldzie, widok z boku na jasnym tle.\" srcset=\"https:\/\/cdm-okna.pl\/wp-content\/uploads\/2022\/05\/Toulon-kolor-braz-wersja-z-kluczem.jpg 150w, https:\/\/cdm-okna.pl\/wp-content\/uploads\/2022\/05\/Toulon-kolor-braz-wersja-z-kluczem-98x300.jpg 98w\" sizes=\"(max-width: 150px) 100vw, 150px\" \/>\t\t\t\t\t\t\t\t<\/a>\n\t\t\t\t\t\t\t\t\t\t\t\t\t\t\t<\/div>\n\t\t\t\t<\/div>\n\t\t\t\t\t<\/div>\n\t\t<\/div>\n\t\t\t\t<div class=\"elementor-column elementor-col-10 elementor-top-column elementor-element elementor-element-769f1b2\" data-id=\"769f1b2\" data-element_type=\"column\">\n\t\t\t<div class=\"elementor-widget-wrap elementor-element-populated\">\n\t\t\t\t\t\t\t\t<div class=\"elementor-element elementor-element-9d6fc69 elementor-widget elementor-widget-image\" data-id=\"9d6fc69\" data-element_type=\"widget\" data-widget_type=\"image.default\">\n\t\t\t\t<div class=\"elementor-widget-container\">\n\t\t\t\t\t\t\t\t\t\t\t\t\t\t\t\t<a href=\"https:\/\/cdm-okna.pl\/wp-content\/uploads\/2022\/05\/Toulon-kolor-F1.jpg\" data-elementor-open-lightbox=\"yes\" data-elementor-lightbox-title=\"Toulon kolor F1\" data-e-action-hash=\"#elementor-action%3Aaction%3Dlightbox%26settings%3DeyJpZCI6NzQ2MCwidXJsIjoiaHR0cHM6XC9cL2NkbS1va25hLnBsXC93cC1jb250ZW50XC91cGxvYWRzXC8yMDIyXC8wNVwvVG91bG9uLWtvbG9yLUYxLmpwZyJ9\">\n\t\t\t\t\t\t\t<img loading=\"lazy\" decoding=\"async\" width=\"145\" height=\"437\" src=\"https:\/\/cdm-okna.pl\/wp-content\/uploads\/2022\/05\/Toulon-kolor-F1.jpg\" class=\"attachment-large size-large wp-image-7460\" alt=\"Srebrna klamka okienna modelu Toulon w kolorze F1, o prostym, wyd\u0142u\u017conym uchwycie, zamontowana na prostok\u0105tnym szyldzie, widok z boku na jasnym tle.\" srcset=\"https:\/\/cdm-okna.pl\/wp-content\/uploads\/2022\/05\/Toulon-kolor-F1.jpg 145w, https:\/\/cdm-okna.pl\/wp-content\/uploads\/2022\/05\/Toulon-kolor-F1-100x300.jpg 100w\" sizes=\"(max-width: 145px) 100vw, 145px\" \/>\t\t\t\t\t\t\t\t<\/a>\n\t\t\t\t\t\t\t\t\t\t\t\t\t\t\t<\/div>\n\t\t\t\t<\/div>\n\t\t\t\t\t<\/div>\n\t\t<\/div>\n\t\t\t\t<div class=\"elementor-column elementor-col-10 elementor-top-column elementor-element elementor-element-7713928\" data-id=\"7713928\" data-element_type=\"column\">\n\t\t\t<div class=\"elementor-widget-wrap elementor-element-populated\">\n\t\t\t\t\t\t\t\t<div class=\"elementor-element elementor-element-f40e7af elementor-widget elementor-widget-image\" data-id=\"f40e7af\" data-element_type=\"widget\" data-widget_type=\"image.default\">\n\t\t\t\t<div class=\"elementor-widget-container\">\n\t\t\t\t\t\t\t\t\t\t\t\t\t\t\t\t<a href=\"https:\/\/cdm-okna.pl\/wp-content\/uploads\/2022\/05\/Toulon-kolor-F4.jpg\" data-elementor-open-lightbox=\"yes\" data-elementor-lightbox-title=\"Toulon kolor F4\" data-e-action-hash=\"#elementor-action%3Aaction%3Dlightbox%26settings%3DeyJpZCI6NzQ2MSwidXJsIjoiaHR0cHM6XC9cL2NkbS1va25hLnBsXC93cC1jb250ZW50XC91cGxvYWRzXC8yMDIyXC8wNVwvVG91bG9uLWtvbG9yLUY0LmpwZyJ9\">\n\t\t\t\t\t\t\t<img loading=\"lazy\" decoding=\"async\" width=\"144\" height=\"437\" src=\"https:\/\/cdm-okna.pl\/wp-content\/uploads\/2022\/05\/Toulon-kolor-F4.jpg\" class=\"attachment-large size-large wp-image-7461\" alt=\"Z\u0142ota klamka okienna modelu Toulon w kolorze F4, o prostym, kanciastym kszta\u0142cie, zamontowana na prostok\u0105tnym szyldzie, widok z boku na jasnym tle.\" srcset=\"https:\/\/cdm-okna.pl\/wp-content\/uploads\/2022\/05\/Toulon-kolor-F4.jpg 144w, https:\/\/cdm-okna.pl\/wp-content\/uploads\/2022\/05\/Toulon-kolor-F4-99x300.jpg 99w\" sizes=\"(max-width: 144px) 100vw, 144px\" \/>\t\t\t\t\t\t\t\t<\/a>\n\t\t\t\t\t\t\t\t\t\t\t\t\t\t\t<\/div>\n\t\t\t\t<\/div>\n\t\t\t\t\t<\/div>\n\t\t<\/div>\n\t\t\t\t<div class=\"elementor-column elementor-col-10 elementor-top-column elementor-element elementor-element-977ff3f\" data-id=\"977ff3f\" data-element_type=\"column\">\n\t\t\t<div class=\"elementor-widget-wrap elementor-element-populated\">\n\t\t\t\t\t\t\t\t<div class=\"elementor-element elementor-element-0abf7d9 elementor-widget elementor-widget-image\" data-id=\"0abf7d9\" data-element_type=\"widget\" data-widget_type=\"image.default\">\n\t\t\t\t<div class=\"elementor-widget-container\">\n\t\t\t\t\t\t\t\t\t\t\t\t\t\t\t\t<a href=\"https:\/\/cdm-okna.pl\/wp-content\/uploads\/2022\/05\/Toulon-kolor-F9.jpg\" data-elementor-open-lightbox=\"yes\" data-elementor-lightbox-title=\"Toulon kolor F9\" data-e-action-hash=\"#elementor-action%3Aaction%3Dlightbox%26settings%3DeyJpZCI6NzQ2MiwidXJsIjoiaHR0cHM6XC9cL2NkbS1va25hLnBsXC93cC1jb250ZW50XC91cGxvYWRzXC8yMDIyXC8wNVwvVG91bG9uLWtvbG9yLUY5LmpwZyJ9\">\n\t\t\t\t\t\t\t<img loading=\"lazy\" decoding=\"async\" width=\"143\" height=\"437\" src=\"https:\/\/cdm-okna.pl\/wp-content\/uploads\/2022\/05\/Toulon-kolor-F9.jpg\" class=\"attachment-large size-large wp-image-7462\" alt=\"Srebrna klamka okienna modelu Toulon w kolorze F9, o prostym kszta\u0142cie i matowym wyko\u0144czeniu, zamontowana na prostok\u0105tnym szyldzie z widocznym logo w lewym g\u00f3rnym rogu, widok z boku na jasnym tle.\" srcset=\"https:\/\/cdm-okna.pl\/wp-content\/uploads\/2022\/05\/Toulon-kolor-F9.jpg 143w, https:\/\/cdm-okna.pl\/wp-content\/uploads\/2022\/05\/Toulon-kolor-F9-98x300.jpg 98w\" sizes=\"(max-width: 143px) 100vw, 143px\" \/>\t\t\t\t\t\t\t\t<\/a>\n\t\t\t\t\t\t\t\t\t\t\t\t\t\t\t<\/div>\n\t\t\t\t<\/div>\n\t\t\t\t\t<\/div>\n\t\t<\/div>\n\t\t\t\t\t\t\t<\/div>\n\t\t<\/section>\n\t\t\t\t<section class=\"elementor-section elementor-top-section elementor-element elementor-element-4274b57 elementor-section-boxed elementor-section-height-default elementor-section-height-default\" data-id=\"4274b57\" data-element_type=\"section\">\n\t\t\t\t\t\t<div class=\"elementor-container elementor-column-gap-default\">\n\t\t\t\t\t<div class=\"elementor-column elementor-col-100 elementor-top-column elementor-element elementor-element-494a7ad\" data-id=\"494a7ad\" data-element_type=\"column\">\n\t\t\t<div class=\"elementor-widget-wrap elementor-element-populated\">\n\t\t\t\t\t\t\t\t<div class=\"elementor-element elementor-element-66eaa49 elementor-widget elementor-widget-text-editor\" data-id=\"66eaa49\" data-element_type=\"widget\" data-widget_type=\"text-editor.default\">\n\t\t\t\t<div class=\"elementor-widget-container\">\n\t\t\t\t\t\t\t<p>We use handles of the renowned Hoppe brand that are equipped with the SECUSTIK function impeding burglaries. These handles are also available with a key.  <\/p>\t\t\t\t\t\t<\/div>\n\t\t\t\t<\/div>\n\t\t\t\t\t<\/div>\n\t\t<\/div>\n\t\t\t\t\t\t\t<\/div>\n\t\t<\/section>\n\t\t\t\t\t\t<\/div>\n\t\t\n<\/div>\n\t\t\t\t\t\t\t\t\t<div class=\"elementor-tab-title elementor-tab-mobile-title\" aria-selected=\"false\" data-tab=\"6\" role=\"tab\" tabindex=\"-1\" aria-controls=\"elementor-tab-content-2346\" aria-expanded=\"false\">Window fittings<\/div>\n\t\t\t\t\t<div id=\"elementor-tab-content-2346\" class=\"elementor-tab-content elementor-clearfix\" data-tab=\"6\" role=\"tabpanel\" aria-labelledby=\"elementor-tab-title-2346\" tabindex=\"0\" hidden=\"hidden\"><p><img loading=\"lazy\" decoding=\"async\" class=\"size-full wp-image-4573 alignleft\" src=\"https:\/\/cdm-okna.pl\/wp-content\/uploads\/2022\/01\/gOLrGGNs.jpeg\" alt=\"\" width=\"400\" height=\"337\"><\/p>\n<div>\n<p>As a part of the TITAN hardware group, SIEGENIA, a company from Germany, offers the use of fittings including visible hinges, masked hinges (Axxent), and heavy-duty sash fittings.<\/p>\n<\/div>\n<\/blockquote>\n\t\t<div data-elementor-type=\"section\" data-elementor-id=\"12246\" class=\"elementor elementor-12246 elementor-6910\" data-elementor-post-type=\"elementor_library\">\n\t\t\t\t\t\t\t\t<section class=\"elementor-section elementor-inner-section elementor-element elementor-element-2a2ccf60 elementor-section-full_width elementor-section-content-top elementor-section-height-default elementor-section-height-default elementor-invisible\" data-id=\"2a2ccf60\" data-element_type=\"section\" data-settings=\"{&quot;animation&quot;:&quot;zoomIn&quot;}\">\n\t\t\t\t\t\t<div class=\"elementor-container elementor-column-gap-default\">\n\t\t\t\t\t<div class=\"elementor-column elementor-col-33 elementor-inner-column elementor-element elementor-element-108be51\" data-id=\"108be51\" data-element_type=\"column\">\n\t\t\t<div class=\"elementor-widget-wrap elementor-element-populated\">\n\t\t\t\t\t\t\t\t<div class=\"elementor-element elementor-element-1e9f22a6 elementor-view-framed elementor-shape-circle elementor-position-top elementor-mobile-position-top elementor-widget elementor-widget-icon-box\" data-id=\"1e9f22a6\" data-element_type=\"widget\" data-widget_type=\"icon-box.default\">\n\t\t\t\t<div class=\"elementor-widget-container\">\n\t\t\t<link rel=\"stylesheet\" href=\"https:\/\/cdm-okna.pl\/wp-content\/plugins\/elementor\/assets\/css\/widget-icon-box.min.css\">\t\t<div class=\"elementor-icon-box-wrapper\">\n\t\t\t\t\t\t<div class=\"elementor-icon-box-icon\">\n\t\t\t\t<a href=\"https:\/\/cdm-okna.pl\/wp-content\/uploads\/2023\/08\/Siegenia-Titan_en.pdf\" target=\"_blank\" class=\"elementor-icon elementor-animation-push\" tabindex=\"-1\">\n\t\t\t\t<svg xmlns=\"http:\/\/www.w3.org\/2000\/svg\" width=\"140\" height=\"145\" viewBox=\"0 0 140 145\" fill=\"none\"><g clip-path=\"url(#clip0_1_2)\"><path d=\"M135.54 115.73C134.13 115.77 132.75 115.76 131.29 115.75C130.66 115.75 130.01 115.75 129.36 115.75C129.04 115.75 128.79 115.49 128.79 115.18V86.09C128.79 82.77 127.41 80.51 124.59 79.18C124.08 78.96 123.56 78.79 123.02 78.66C122.73 78.58 122.42 78.5 122.11 78.4C121.87 78.33 121.71 78.1 121.71 77.86V65.09C121.71 51.04 121.71 36.52 121.73 22.23C121.79 21 121.3 19.82 120.4 18.98C114.05 12.7 108.32 6.97 102.87 1.44C101.97 0.469999 100.69 -0.0500014 99.37 0.00999864H99.36C80.47 0.0399986 61.26 0.0399986 42.69 0.0399986H28.69C25.69 0.0399986 25.13 0.599998 25.13 3.58V12.35C25.13 12.67 24.87 12.92 24.56 12.92H15.58C12.86 12.92 12.24 13.54 12.24 16.24V25.43C12.24 25.75 11.98 26 11.67 26H7.97C3.06 26.03 0 29.08 0 33.98C0 42.82 0 51.65 0 60.48C0 65.36 3.07 68.4 8 68.41H11.67C11.99 68.41 12.24 68.67 12.24 68.98V130.47C12.24 133.4 12.79 133.96 15.68 133.96H25.43C49.79 133.96 74.98 133.96 99.75 133.94C100.75 133.89 101.71 134.28 102.4 135C105.24 137.88 107.86 140.46 110.41 142.88C110.98 143.39 111.6 143.85 112.26 144.26C112.52 144.43 112.79 144.61 113.05 144.79H114.41C114.64 144.64 114.88 144.49 115.12 144.35C115.7 144.03 116.24 143.65 116.73 143.2C120.99 139.03 125.31 134.78 129.48 130.66C132.37 127.81 135.26 124.96 138.16 122.12C139.62 120.68 140 119.38 139.37 117.89C138.73 116.36 137.52 115.67 135.54 115.72V115.73ZM102.93 9.6C102.93 9.28 103.19 9.03 103.5 9.03C103.65 9.03 103.79 9.09 103.9 9.2L112.54 17.86C112.76 18.08 112.76 18.44 112.54 18.67C112.43 18.78 112.29 18.84 112.14 18.84H103.5C103.18 18.84 102.93 18.58 102.93 18.27V9.6ZM29.77 5.27C29.77 4.95 30.03 4.7 30.34 4.7H97.65C97.97 4.7 98.22 4.96 98.22 5.27V20.08C98.22 22.97 98.78 23.51 101.72 23.52H116.48C116.8 23.52 117.05 23.78 117.05 24.09V77.99C117.05 78.31 116.79 78.56 116.48 78.56H106.23C101.58 78.59 98.68 81.47 98.68 86.09C98.67 92.49 98.67 98.89 98.68 105.28V115.17C98.68 115.49 98.42 115.74 98.11 115.74C97.5 115.74 96.58 115.72 95.51 115.7C92.7 115.56 89.89 115.59 87.09 115.79C81.73 116.26 76.34 116.46 70.96 116.38C68.05 116.4 65.05 116.42 61.88 116.49C58.02 116.58 54.13 116.6 50.26 116.6C47.23 116.6 44.22 116.58 41.26 116.57C38.25 116.55 35.24 116.54 32.23 116.54H30.36C30.04 116.54 29.79 116.28 29.79 115.97V68.99C29.79 68.67 30.05 68.42 30.36 68.42H71.17C76.44 68.42 79.34 65.52 79.34 60.26C79.34 51.43 79.34 42.66 79.34 34.19C79.34 28.93 76.43 26.03 71.15 26.03H30.34C30.02 26.03 29.77 25.77 29.77 25.46V5.27ZM16.89 18.14C16.89 17.82 17.15 17.57 17.46 17.57H24.49C24.81 17.57 25.06 17.83 25.06 18.14V25.35C25.06 25.67 24.8 25.92 24.49 25.92H17.46C17.14 25.92 16.89 25.66 16.89 25.35V18.14ZM8.31 63.85C5.44 63.85 4.57 62.97 4.57 60.07V34.3C4.57 31.44 5.46 30.57 8.37 30.57C29.26 30.57 50.15 30.57 71.04 30.57C73.9 30.57 74.77 31.46 74.77 34.36V60.13C74.77 62.98 73.88 63.85 70.99 63.85H8.31V63.85ZM95.54 129.01C95.45 129.22 95.24 129.36 95.01 129.36H17.46C17.14 129.36 16.89 129.1 16.89 128.79V69.07C16.89 68.75 17.15 68.5 17.46 68.5H24.55C24.87 68.5 25.12 68.76 25.12 69.07V117.49C25.12 120.49 25.74 121.1 28.79 121.1H40.33C55.18 121.1 70.53 121.1 85.63 121.06H85.67C87.37 120.93 89.04 121.62 90.15 122.91C91.28 124.21 92.48 125.42 93.76 126.71C94.31 127.26 94.86 127.82 95.42 128.39C95.58 128.55 95.62 128.8 95.53 129.01H95.54ZM131.88 121.26L114.31 139.53C114.2 139.64 114.05 139.71 113.9 139.71C113.74 139.71 113.6 139.65 113.49 139.53L96.01 121.26C95.79 121.03 95.8 120.67 96.03 120.45C96.14 120.35 96.28 120.29 96.43 120.29H97.29C98.18 120.29 99.33 120.29 100.49 120.29C102.45 120.27 103.22 119.49 103.22 117.52C103.22 110.61 103.23 103.69 103.22 96.77V86.6C103.22 83.82 103.93 83.11 106.69 83.1C111.44 83.1 116.19 83.1 120.94 83.1C123.39 83.1 124.22 83.93 124.22 86.36C124.22 92.54 124.22 98.72 124.22 104.9V116.99C124.22 119.69 124.82 120.28 127.57 120.28H131.48C131.8 120.28 132.05 120.54 132.05 120.85C132.05 121 131.99 121.14 131.89 121.25\" fill=\"#46A72A\"><\/path><path d=\"M51.56 86.34C51.59 87.35 52.33 88.2 53.33 88.38C53.81 88.44 54.3 88.47 54.79 88.46H54.94C58.65 88.46 62.36 88.46 66.07 88.46H84.12C85.13 88.56 86.15 88.26 86.95 87.64C87.32 87.24 87.51 86.71 87.47 86.17C87.47 85.61 87.44 83.91 84.06 83.91H81.41C72.57 83.91 63.73 83.91 54.88 83.91C54.27 83.89 53.66 83.95 53.06 84.09C52.09 84.38 51.46 85.33 51.57 86.34\" fill=\"#46A72A\"><\/path><path d=\"M85.31 97.06C84.97 97.02 84.62 97.01 84.28 97.02H84.1C74.37 97.02 64.65 97.02 54.92 97.02C54.39 97 53.86 97.04 53.34 97.13C52.14 97.36 51.34 98.52 51.57 99.72C51.57 99.77 51.59 99.82 51.6 99.87C51.92 101 53.02 101.72 54.18 101.56C57.77 101.57 61.36 101.58 64.95 101.56H80.78C82.23 101.56 83.72 101.57 85.19 101.53C86.41 101.57 87.43 100.61 87.46 99.39C87.46 99.36 87.46 99.34 87.46 99.31C87.44 98.11 86.5 97.12 85.3 97.04\" fill=\"#46A72A\"><\/path><path d=\"M41.25 35.94C40.29 35.92 39.32 35.92 38.35 35.92C37.51 35.92 36.68 35.92 35.86 35.92H34.72C32.53 35.93 31.78 36.69 31.77 38.92C31.76 40.89 31.76 42.86 31.77 44.83V47.18C31.77 48.07 31.77 48.96 31.77 49.85C31.77 51.82 31.76 53.86 31.79 55.86C31.82 57.65 32.62 58.45 34.4 58.47C37.05 58.5 39.22 58.5 41.23 58.47C44.68 58.54 47.53 55.81 47.6 52.37C47.6 52.32 47.6 52.26 47.6 52.21C47.65 49.04 47.66 45.7 47.6 42.26C47.63 38.8 44.85 35.97 41.38 35.94C41.34 35.94 41.3 35.94 41.26 35.94H41.25ZM42.49 53.4C42.08 53.77 41.55 53.96 41 53.93H40.97C40.09 53.92 39.2 53.93 38.28 53.93H37.02C36.7 53.93 36.45 53.67 36.45 53.36V41.06C36.45 40.74 36.71 40.49 37.02 40.49H40.93C41.51 40.45 42.07 40.65 42.5 41.03C42.9 41.47 43.1 42.05 43.06 42.64C43.06 46.21 43.06 49.11 43.06 51.75C43.11 52.36 42.91 52.95 42.5 53.4\" fill=\"#46A72A\"><\/path><path d=\"M21.75 35.94C20.67 35.92 19.6 35.91 18.56 35.91C17.38 35.91 16.25 35.92 15.22 35.93C13.51 35.95 12.63 36.79 12.62 38.43C12.58 43.75 12.58 49.48 12.62 55.94C12.48 57.19 13.38 58.32 14.63 58.46C14.71 58.46 14.8 58.47 14.88 58.47H14.91C16.32 58.47 17.14 57.52 17.16 55.86C17.18 54.61 17.17 53.33 17.16 51.98V50C17.16 49.68 17.42 49.43 17.73 49.43C18.28 49.43 18.81 49.44 19.33 49.46C20.35 49.51 21.37 49.49 22.39 49.41C25.96 49.07 28.63 45.98 28.46 42.4C28.27 38.82 25.34 36 21.76 35.95L21.75 35.94ZM23.79 42.76C23.59 43.73 22.88 44.53 21.93 44.84C21.36 44.94 20.78 44.99 20.19 44.98C19.8 44.98 19.41 44.97 19.01 44.95C18.61 44.93 18.19 44.92 17.77 44.92C17.45 44.92 17.2 44.66 17.2 44.35V41.1C17.2 40.78 17.46 40.53 17.77 40.53C18.17 40.53 18.56 40.52 18.96 40.51C19.99 40.45 21.02 40.48 22.04 40.61C23 40.91 23.69 41.75 23.79 42.75\" fill=\"#46A72A\"><\/path><path d=\"M63.96 35.93C62.23 35.93 60.49 35.92 58.78 35.92C57.07 35.92 55.38 35.92 53.72 35.93C51.68 35.93 50.95 36.69 50.94 38.78C50.93 41.05 50.93 43.35 50.94 45.59V50.34C50.94 52.24 50.93 54.22 50.97 56.15C50.95 56.82 51.21 57.46 51.68 57.93C52.14 58.33 52.74 58.53 53.35 58.48C54.65 58.41 55.45 57.47 55.49 55.94C55.52 54.65 55.52 53.36 55.51 51.99C55.51 51.37 55.51 50.74 55.51 50.09C55.51 49.77 55.77 49.52 56.08 49.52C56.63 49.52 57.15 49.52 57.65 49.52C58.71 49.52 59.72 49.53 60.7 49.5C62.36 49.45 63.34 48.58 63.32 47.17C63.29 45.28 61.62 44.97 60.62 44.96C59.62 44.95 58.64 44.95 57.59 44.96H56.17C55.85 44.96 55.6 44.7 55.6 44.39V41.05C55.6 40.73 55.86 40.48 56.17 40.48H63.92C64.96 40.48 66.72 40.18 66.74 38.23C66.78 37.65 66.57 37.09 66.18 36.66C65.58 36.14 64.8 35.87 64 35.92\" fill=\"#46A72A\"><\/path><\/g><defs><clipPath id=\"clip0_1_2\"><rect width=\"139.65\" height=\"144.8\" fill=\"white\"><\/rect><\/clipPath><\/defs><\/svg>\t\t\t\t<\/a>\n\t\t\t<\/div>\n\t\t\t\t\t\t<div class=\"elementor-icon-box-content\">\n\t\t\t\t<h3 class=\"elementor-icon-box-title\">\n\t\t\t\t\t<a href=\"https:\/\/cdm-okna.pl\/wp-content\/uploads\/2023\/08\/Siegenia-Titan_en.pdf\" target=\"_blank\" >\n\t\t\t\t\t\tSiegenia Titan\t\t\t\t\t<\/a>\n\t\t\t\t<\/h3>\n\t\t\t\t\t\t\t\t\t<p class=\"elementor-icon-box-description\">\n\t\t\t\t\t\tStandard fittings \t\t\t\t\t<\/p>\n\t\t\t\t\t\t\t<\/div>\n\t\t<\/div>\n\t\t\t\t<\/div>\n\t\t\t\t<\/div>\n\t\t\t\t\t<\/div>\n\t\t<\/div>\n\t\t\t\t<div class=\"elementor-column elementor-col-33 elementor-inner-column elementor-element elementor-element-472f12ff\" data-id=\"472f12ff\" data-element_type=\"column\">\n\t\t\t<div class=\"elementor-widget-wrap elementor-element-populated\">\n\t\t\t\t\t\t\t\t<div class=\"elementor-element elementor-element-5cb9d550 elementor-view-framed elementor-shape-circle elementor-position-top elementor-mobile-position-top elementor-widget elementor-widget-icon-box\" data-id=\"5cb9d550\" data-element_type=\"widget\" data-widget_type=\"icon-box.default\">\n\t\t\t\t<div class=\"elementor-widget-container\">\n\t\t\t\t\t<div class=\"elementor-icon-box-wrapper\">\n\t\t\t\t\t\t<div class=\"elementor-icon-box-icon\">\n\t\t\t\t<a href=\"https:\/\/cdm-okna.pl\/wp-content\/uploads\/2023\/08\/Siegenia-Titan-Axxent_en.pdf\" target=\"_blank\" class=\"elementor-icon elementor-animation-push\" tabindex=\"-1\">\n\t\t\t\t<svg xmlns=\"http:\/\/www.w3.org\/2000\/svg\" width=\"140\" height=\"145\" viewBox=\"0 0 140 145\" fill=\"none\"><g clip-path=\"url(#clip0_1_2)\"><path d=\"M135.54 115.73C134.13 115.77 132.75 115.76 131.29 115.75C130.66 115.75 130.01 115.75 129.36 115.75C129.04 115.75 128.79 115.49 128.79 115.18V86.09C128.79 82.77 127.41 80.51 124.59 79.18C124.08 78.96 123.56 78.79 123.02 78.66C122.73 78.58 122.42 78.5 122.11 78.4C121.87 78.33 121.71 78.1 121.71 77.86V65.09C121.71 51.04 121.71 36.52 121.73 22.23C121.79 21 121.3 19.82 120.4 18.98C114.05 12.7 108.32 6.97 102.87 1.44C101.97 0.469999 100.69 -0.0500014 99.37 0.00999864H99.36C80.47 0.0399986 61.26 0.0399986 42.69 0.0399986H28.69C25.69 0.0399986 25.13 0.599998 25.13 3.58V12.35C25.13 12.67 24.87 12.92 24.56 12.92H15.58C12.86 12.92 12.24 13.54 12.24 16.24V25.43C12.24 25.75 11.98 26 11.67 26H7.97C3.06 26.03 0 29.08 0 33.98C0 42.82 0 51.65 0 60.48C0 65.36 3.07 68.4 8 68.41H11.67C11.99 68.41 12.24 68.67 12.24 68.98V130.47C12.24 133.4 12.79 133.96 15.68 133.96H25.43C49.79 133.96 74.98 133.96 99.75 133.94C100.75 133.89 101.71 134.28 102.4 135C105.24 137.88 107.86 140.46 110.41 142.88C110.98 143.39 111.6 143.85 112.26 144.26C112.52 144.43 112.79 144.61 113.05 144.79H114.41C114.64 144.64 114.88 144.49 115.12 144.35C115.7 144.03 116.24 143.65 116.73 143.2C120.99 139.03 125.31 134.78 129.48 130.66C132.37 127.81 135.26 124.96 138.16 122.12C139.62 120.68 140 119.38 139.37 117.89C138.73 116.36 137.52 115.67 135.54 115.72V115.73ZM102.93 9.6C102.93 9.28 103.19 9.03 103.5 9.03C103.65 9.03 103.79 9.09 103.9 9.2L112.54 17.86C112.76 18.08 112.76 18.44 112.54 18.67C112.43 18.78 112.29 18.84 112.14 18.84H103.5C103.18 18.84 102.93 18.58 102.93 18.27V9.6ZM29.77 5.27C29.77 4.95 30.03 4.7 30.34 4.7H97.65C97.97 4.7 98.22 4.96 98.22 5.27V20.08C98.22 22.97 98.78 23.51 101.72 23.52H116.48C116.8 23.52 117.05 23.78 117.05 24.09V77.99C117.05 78.31 116.79 78.56 116.48 78.56H106.23C101.58 78.59 98.68 81.47 98.68 86.09C98.67 92.49 98.67 98.89 98.68 105.28V115.17C98.68 115.49 98.42 115.74 98.11 115.74C97.5 115.74 96.58 115.72 95.51 115.7C92.7 115.56 89.89 115.59 87.09 115.79C81.73 116.26 76.34 116.46 70.96 116.38C68.05 116.4 65.05 116.42 61.88 116.49C58.02 116.58 54.13 116.6 50.26 116.6C47.23 116.6 44.22 116.58 41.26 116.57C38.25 116.55 35.24 116.54 32.23 116.54H30.36C30.04 116.54 29.79 116.28 29.79 115.97V68.99C29.79 68.67 30.05 68.42 30.36 68.42H71.17C76.44 68.42 79.34 65.52 79.34 60.26C79.34 51.43 79.34 42.66 79.34 34.19C79.34 28.93 76.43 26.03 71.15 26.03H30.34C30.02 26.03 29.77 25.77 29.77 25.46V5.27ZM16.89 18.14C16.89 17.82 17.15 17.57 17.46 17.57H24.49C24.81 17.57 25.06 17.83 25.06 18.14V25.35C25.06 25.67 24.8 25.92 24.49 25.92H17.46C17.14 25.92 16.89 25.66 16.89 25.35V18.14ZM8.31 63.85C5.44 63.85 4.57 62.97 4.57 60.07V34.3C4.57 31.44 5.46 30.57 8.37 30.57C29.26 30.57 50.15 30.57 71.04 30.57C73.9 30.57 74.77 31.46 74.77 34.36V60.13C74.77 62.98 73.88 63.85 70.99 63.85H8.31V63.85ZM95.54 129.01C95.45 129.22 95.24 129.36 95.01 129.36H17.46C17.14 129.36 16.89 129.1 16.89 128.79V69.07C16.89 68.75 17.15 68.5 17.46 68.5H24.55C24.87 68.5 25.12 68.76 25.12 69.07V117.49C25.12 120.49 25.74 121.1 28.79 121.1H40.33C55.18 121.1 70.53 121.1 85.63 121.06H85.67C87.37 120.93 89.04 121.62 90.15 122.91C91.28 124.21 92.48 125.42 93.76 126.71C94.31 127.26 94.86 127.82 95.42 128.39C95.58 128.55 95.62 128.8 95.53 129.01H95.54ZM131.88 121.26L114.31 139.53C114.2 139.64 114.05 139.71 113.9 139.71C113.74 139.71 113.6 139.65 113.49 139.53L96.01 121.26C95.79 121.03 95.8 120.67 96.03 120.45C96.14 120.35 96.28 120.29 96.43 120.29H97.29C98.18 120.29 99.33 120.29 100.49 120.29C102.45 120.27 103.22 119.49 103.22 117.52C103.22 110.61 103.23 103.69 103.22 96.77V86.6C103.22 83.82 103.93 83.11 106.69 83.1C111.44 83.1 116.19 83.1 120.94 83.1C123.39 83.1 124.22 83.93 124.22 86.36C124.22 92.54 124.22 98.72 124.22 104.9V116.99C124.22 119.69 124.82 120.28 127.57 120.28H131.48C131.8 120.28 132.05 120.54 132.05 120.85C132.05 121 131.99 121.14 131.89 121.25\" fill=\"#46A72A\"><\/path><path d=\"M51.56 86.34C51.59 87.35 52.33 88.2 53.33 88.38C53.81 88.44 54.3 88.47 54.79 88.46H54.94C58.65 88.46 62.36 88.46 66.07 88.46H84.12C85.13 88.56 86.15 88.26 86.95 87.64C87.32 87.24 87.51 86.71 87.47 86.17C87.47 85.61 87.44 83.91 84.06 83.91H81.41C72.57 83.91 63.73 83.91 54.88 83.91C54.27 83.89 53.66 83.95 53.06 84.09C52.09 84.38 51.46 85.33 51.57 86.34\" fill=\"#46A72A\"><\/path><path d=\"M85.31 97.06C84.97 97.02 84.62 97.01 84.28 97.02H84.1C74.37 97.02 64.65 97.02 54.92 97.02C54.39 97 53.86 97.04 53.34 97.13C52.14 97.36 51.34 98.52 51.57 99.72C51.57 99.77 51.59 99.82 51.6 99.87C51.92 101 53.02 101.72 54.18 101.56C57.77 101.57 61.36 101.58 64.95 101.56H80.78C82.23 101.56 83.72 101.57 85.19 101.53C86.41 101.57 87.43 100.61 87.46 99.39C87.46 99.36 87.46 99.34 87.46 99.31C87.44 98.11 86.5 97.12 85.3 97.04\" fill=\"#46A72A\"><\/path><path d=\"M41.25 35.94C40.29 35.92 39.32 35.92 38.35 35.92C37.51 35.92 36.68 35.92 35.86 35.92H34.72C32.53 35.93 31.78 36.69 31.77 38.92C31.76 40.89 31.76 42.86 31.77 44.83V47.18C31.77 48.07 31.77 48.96 31.77 49.85C31.77 51.82 31.76 53.86 31.79 55.86C31.82 57.65 32.62 58.45 34.4 58.47C37.05 58.5 39.22 58.5 41.23 58.47C44.68 58.54 47.53 55.81 47.6 52.37C47.6 52.32 47.6 52.26 47.6 52.21C47.65 49.04 47.66 45.7 47.6 42.26C47.63 38.8 44.85 35.97 41.38 35.94C41.34 35.94 41.3 35.94 41.26 35.94H41.25ZM42.49 53.4C42.08 53.77 41.55 53.96 41 53.93H40.97C40.09 53.92 39.2 53.93 38.28 53.93H37.02C36.7 53.93 36.45 53.67 36.45 53.36V41.06C36.45 40.74 36.71 40.49 37.02 40.49H40.93C41.51 40.45 42.07 40.65 42.5 41.03C42.9 41.47 43.1 42.05 43.06 42.64C43.06 46.21 43.06 49.11 43.06 51.75C43.11 52.36 42.91 52.95 42.5 53.4\" fill=\"#46A72A\"><\/path><path d=\"M21.75 35.94C20.67 35.92 19.6 35.91 18.56 35.91C17.38 35.91 16.25 35.92 15.22 35.93C13.51 35.95 12.63 36.79 12.62 38.43C12.58 43.75 12.58 49.48 12.62 55.94C12.48 57.19 13.38 58.32 14.63 58.46C14.71 58.46 14.8 58.47 14.88 58.47H14.91C16.32 58.47 17.14 57.52 17.16 55.86C17.18 54.61 17.17 53.33 17.16 51.98V50C17.16 49.68 17.42 49.43 17.73 49.43C18.28 49.43 18.81 49.44 19.33 49.46C20.35 49.51 21.37 49.49 22.39 49.41C25.96 49.07 28.63 45.98 28.46 42.4C28.27 38.82 25.34 36 21.76 35.95L21.75 35.94ZM23.79 42.76C23.59 43.73 22.88 44.53 21.93 44.84C21.36 44.94 20.78 44.99 20.19 44.98C19.8 44.98 19.41 44.97 19.01 44.95C18.61 44.93 18.19 44.92 17.77 44.92C17.45 44.92 17.2 44.66 17.2 44.35V41.1C17.2 40.78 17.46 40.53 17.77 40.53C18.17 40.53 18.56 40.52 18.96 40.51C19.99 40.45 21.02 40.48 22.04 40.61C23 40.91 23.69 41.75 23.79 42.75\" fill=\"#46A72A\"><\/path><path d=\"M63.96 35.93C62.23 35.93 60.49 35.92 58.78 35.92C57.07 35.92 55.38 35.92 53.72 35.93C51.68 35.93 50.95 36.69 50.94 38.78C50.93 41.05 50.93 43.35 50.94 45.59V50.34C50.94 52.24 50.93 54.22 50.97 56.15C50.95 56.82 51.21 57.46 51.68 57.93C52.14 58.33 52.74 58.53 53.35 58.48C54.65 58.41 55.45 57.47 55.49 55.94C55.52 54.65 55.52 53.36 55.51 51.99C55.51 51.37 55.51 50.74 55.51 50.09C55.51 49.77 55.77 49.52 56.08 49.52C56.63 49.52 57.15 49.52 57.65 49.52C58.71 49.52 59.72 49.53 60.7 49.5C62.36 49.45 63.34 48.58 63.32 47.17C63.29 45.28 61.62 44.97 60.62 44.96C59.62 44.95 58.64 44.95 57.59 44.96H56.17C55.85 44.96 55.6 44.7 55.6 44.39V41.05C55.6 40.73 55.86 40.48 56.17 40.48H63.92C64.96 40.48 66.72 40.18 66.74 38.23C66.78 37.65 66.57 37.09 66.18 36.66C65.58 36.14 64.8 35.87 64 35.92\" fill=\"#46A72A\"><\/path><\/g><defs><clipPath id=\"clip0_1_2\"><rect width=\"139.65\" height=\"144.8\" fill=\"white\"><\/rect><\/clipPath><\/defs><\/svg>\t\t\t\t<\/a>\n\t\t\t<\/div>\n\t\t\t\t\t\t<div class=\"elementor-icon-box-content\">\n\t\t\t\t<h3 class=\"elementor-icon-box-title\">\n\t\t\t\t\t<a href=\"https:\/\/cdm-okna.pl\/wp-content\/uploads\/2023\/08\/Siegenia-Titan-Axxent_en.pdf\" target=\"_blank\" >\n\t\t\t\t\t\tSiegenia Titan Axxent\t\t\t\t\t<\/a>\n\t\t\t\t<\/h3>\n\t\t\t\t\t\t\t\t\t<p class=\"elementor-icon-box-description\">\n\t\t\t\t\t\tConcealed hinges\t\t\t\t\t<\/p>\n\t\t\t\t\t\t\t<\/div>\n\t\t<\/div>\n\t\t\t\t<\/div>\n\t\t\t\t<\/div>\n\t\t\t\t\t<\/div>\n\t\t<\/div>\n\t\t\t\t<div class=\"elementor-column elementor-col-33 elementor-inner-column elementor-element elementor-element-72dfead0\" data-id=\"72dfead0\" data-element_type=\"column\">\n\t\t\t<div class=\"elementor-widget-wrap elementor-element-populated\">\n\t\t\t\t\t\t\t\t<div class=\"elementor-element elementor-element-3336380 elementor-view-framed elementor-shape-circle elementor-position-top elementor-mobile-position-top elementor-widget elementor-widget-icon-box\" data-id=\"3336380\" data-element_type=\"widget\" data-widget_type=\"icon-box.default\">\n\t\t\t\t<div class=\"elementor-widget-container\">\n\t\t\t\t\t<div class=\"elementor-icon-box-wrapper\">\n\t\t\t\t\t\t<div class=\"elementor-icon-box-icon\">\n\t\t\t\t<a href=\"https:\/\/cdm-okna.pl\/wp-content\/uploads\/2023\/08\/Siegenia-Titan-Heavy-Duty_en.pdf\" target=\"_blank\" class=\"elementor-icon elementor-animation-push\" tabindex=\"-1\">\n\t\t\t\t<svg xmlns=\"http:\/\/www.w3.org\/2000\/svg\" width=\"140\" height=\"145\" viewBox=\"0 0 140 145\" fill=\"none\"><g clip-path=\"url(#clip0_1_2)\"><path d=\"M135.54 115.73C134.13 115.77 132.75 115.76 131.29 115.75C130.66 115.75 130.01 115.75 129.36 115.75C129.04 115.75 128.79 115.49 128.79 115.18V86.09C128.79 82.77 127.41 80.51 124.59 79.18C124.08 78.96 123.56 78.79 123.02 78.66C122.73 78.58 122.42 78.5 122.11 78.4C121.87 78.33 121.71 78.1 121.71 77.86V65.09C121.71 51.04 121.71 36.52 121.73 22.23C121.79 21 121.3 19.82 120.4 18.98C114.05 12.7 108.32 6.97 102.87 1.44C101.97 0.469999 100.69 -0.0500014 99.37 0.00999864H99.36C80.47 0.0399986 61.26 0.0399986 42.69 0.0399986H28.69C25.69 0.0399986 25.13 0.599998 25.13 3.58V12.35C25.13 12.67 24.87 12.92 24.56 12.92H15.58C12.86 12.92 12.24 13.54 12.24 16.24V25.43C12.24 25.75 11.98 26 11.67 26H7.97C3.06 26.03 0 29.08 0 33.98C0 42.82 0 51.65 0 60.48C0 65.36 3.07 68.4 8 68.41H11.67C11.99 68.41 12.24 68.67 12.24 68.98V130.47C12.24 133.4 12.79 133.96 15.68 133.96H25.43C49.79 133.96 74.98 133.96 99.75 133.94C100.75 133.89 101.71 134.28 102.4 135C105.24 137.88 107.86 140.46 110.41 142.88C110.98 143.39 111.6 143.85 112.26 144.26C112.52 144.43 112.79 144.61 113.05 144.79H114.41C114.64 144.64 114.88 144.49 115.12 144.35C115.7 144.03 116.24 143.65 116.73 143.2C120.99 139.03 125.31 134.78 129.48 130.66C132.37 127.81 135.26 124.96 138.16 122.12C139.62 120.68 140 119.38 139.37 117.89C138.73 116.36 137.52 115.67 135.54 115.72V115.73ZM102.93 9.6C102.93 9.28 103.19 9.03 103.5 9.03C103.65 9.03 103.79 9.09 103.9 9.2L112.54 17.86C112.76 18.08 112.76 18.44 112.54 18.67C112.43 18.78 112.29 18.84 112.14 18.84H103.5C103.18 18.84 102.93 18.58 102.93 18.27V9.6ZM29.77 5.27C29.77 4.95 30.03 4.7 30.34 4.7H97.65C97.97 4.7 98.22 4.96 98.22 5.27V20.08C98.22 22.97 98.78 23.51 101.72 23.52H116.48C116.8 23.52 117.05 23.78 117.05 24.09V77.99C117.05 78.31 116.79 78.56 116.48 78.56H106.23C101.58 78.59 98.68 81.47 98.68 86.09C98.67 92.49 98.67 98.89 98.68 105.28V115.17C98.68 115.49 98.42 115.74 98.11 115.74C97.5 115.74 96.58 115.72 95.51 115.7C92.7 115.56 89.89 115.59 87.09 115.79C81.73 116.26 76.34 116.46 70.96 116.38C68.05 116.4 65.05 116.42 61.88 116.49C58.02 116.58 54.13 116.6 50.26 116.6C47.23 116.6 44.22 116.58 41.26 116.57C38.25 116.55 35.24 116.54 32.23 116.54H30.36C30.04 116.54 29.79 116.28 29.79 115.97V68.99C29.79 68.67 30.05 68.42 30.36 68.42H71.17C76.44 68.42 79.34 65.52 79.34 60.26C79.34 51.43 79.34 42.66 79.34 34.19C79.34 28.93 76.43 26.03 71.15 26.03H30.34C30.02 26.03 29.77 25.77 29.77 25.46V5.27ZM16.89 18.14C16.89 17.82 17.15 17.57 17.46 17.57H24.49C24.81 17.57 25.06 17.83 25.06 18.14V25.35C25.06 25.67 24.8 25.92 24.49 25.92H17.46C17.14 25.92 16.89 25.66 16.89 25.35V18.14ZM8.31 63.85C5.44 63.85 4.57 62.97 4.57 60.07V34.3C4.57 31.44 5.46 30.57 8.37 30.57C29.26 30.57 50.15 30.57 71.04 30.57C73.9 30.57 74.77 31.46 74.77 34.36V60.13C74.77 62.98 73.88 63.85 70.99 63.85H8.31V63.85ZM95.54 129.01C95.45 129.22 95.24 129.36 95.01 129.36H17.46C17.14 129.36 16.89 129.1 16.89 128.79V69.07C16.89 68.75 17.15 68.5 17.46 68.5H24.55C24.87 68.5 25.12 68.76 25.12 69.07V117.49C25.12 120.49 25.74 121.1 28.79 121.1H40.33C55.18 121.1 70.53 121.1 85.63 121.06H85.67C87.37 120.93 89.04 121.62 90.15 122.91C91.28 124.21 92.48 125.42 93.76 126.71C94.31 127.26 94.86 127.82 95.42 128.39C95.58 128.55 95.62 128.8 95.53 129.01H95.54ZM131.88 121.26L114.31 139.53C114.2 139.64 114.05 139.71 113.9 139.71C113.74 139.71 113.6 139.65 113.49 139.53L96.01 121.26C95.79 121.03 95.8 120.67 96.03 120.45C96.14 120.35 96.28 120.29 96.43 120.29H97.29C98.18 120.29 99.33 120.29 100.49 120.29C102.45 120.27 103.22 119.49 103.22 117.52C103.22 110.61 103.23 103.69 103.22 96.77V86.6C103.22 83.82 103.93 83.11 106.69 83.1C111.44 83.1 116.19 83.1 120.94 83.1C123.39 83.1 124.22 83.93 124.22 86.36C124.22 92.54 124.22 98.72 124.22 104.9V116.99C124.22 119.69 124.82 120.28 127.57 120.28H131.48C131.8 120.28 132.05 120.54 132.05 120.85C132.05 121 131.99 121.14 131.89 121.25\" fill=\"#46A72A\"><\/path><path d=\"M51.56 86.34C51.59 87.35 52.33 88.2 53.33 88.38C53.81 88.44 54.3 88.47 54.79 88.46H54.94C58.65 88.46 62.36 88.46 66.07 88.46H84.12C85.13 88.56 86.15 88.26 86.95 87.64C87.32 87.24 87.51 86.71 87.47 86.17C87.47 85.61 87.44 83.91 84.06 83.91H81.41C72.57 83.91 63.73 83.91 54.88 83.91C54.27 83.89 53.66 83.95 53.06 84.09C52.09 84.38 51.46 85.33 51.57 86.34\" fill=\"#46A72A\"><\/path><path d=\"M85.31 97.06C84.97 97.02 84.62 97.01 84.28 97.02H84.1C74.37 97.02 64.65 97.02 54.92 97.02C54.39 97 53.86 97.04 53.34 97.13C52.14 97.36 51.34 98.52 51.57 99.72C51.57 99.77 51.59 99.82 51.6 99.87C51.92 101 53.02 101.72 54.18 101.56C57.77 101.57 61.36 101.58 64.95 101.56H80.78C82.23 101.56 83.72 101.57 85.19 101.53C86.41 101.57 87.43 100.61 87.46 99.39C87.46 99.36 87.46 99.34 87.46 99.31C87.44 98.11 86.5 97.12 85.3 97.04\" fill=\"#46A72A\"><\/path><path d=\"M41.25 35.94C40.29 35.92 39.32 35.92 38.35 35.92C37.51 35.92 36.68 35.92 35.86 35.92H34.72C32.53 35.93 31.78 36.69 31.77 38.92C31.76 40.89 31.76 42.86 31.77 44.83V47.18C31.77 48.07 31.77 48.96 31.77 49.85C31.77 51.82 31.76 53.86 31.79 55.86C31.82 57.65 32.62 58.45 34.4 58.47C37.05 58.5 39.22 58.5 41.23 58.47C44.68 58.54 47.53 55.81 47.6 52.37C47.6 52.32 47.6 52.26 47.6 52.21C47.65 49.04 47.66 45.7 47.6 42.26C47.63 38.8 44.85 35.97 41.38 35.94C41.34 35.94 41.3 35.94 41.26 35.94H41.25ZM42.49 53.4C42.08 53.77 41.55 53.96 41 53.93H40.97C40.09 53.92 39.2 53.93 38.28 53.93H37.02C36.7 53.93 36.45 53.67 36.45 53.36V41.06C36.45 40.74 36.71 40.49 37.02 40.49H40.93C41.51 40.45 42.07 40.65 42.5 41.03C42.9 41.47 43.1 42.05 43.06 42.64C43.06 46.21 43.06 49.11 43.06 51.75C43.11 52.36 42.91 52.95 42.5 53.4\" fill=\"#46A72A\"><\/path><path d=\"M21.75 35.94C20.67 35.92 19.6 35.91 18.56 35.91C17.38 35.91 16.25 35.92 15.22 35.93C13.51 35.95 12.63 36.79 12.62 38.43C12.58 43.75 12.58 49.48 12.62 55.94C12.48 57.19 13.38 58.32 14.63 58.46C14.71 58.46 14.8 58.47 14.88 58.47H14.91C16.32 58.47 17.14 57.52 17.16 55.86C17.18 54.61 17.17 53.33 17.16 51.98V50C17.16 49.68 17.42 49.43 17.73 49.43C18.28 49.43 18.81 49.44 19.33 49.46C20.35 49.51 21.37 49.49 22.39 49.41C25.96 49.07 28.63 45.98 28.46 42.4C28.27 38.82 25.34 36 21.76 35.95L21.75 35.94ZM23.79 42.76C23.59 43.73 22.88 44.53 21.93 44.84C21.36 44.94 20.78 44.99 20.19 44.98C19.8 44.98 19.41 44.97 19.01 44.95C18.61 44.93 18.19 44.92 17.77 44.92C17.45 44.92 17.2 44.66 17.2 44.35V41.1C17.2 40.78 17.46 40.53 17.77 40.53C18.17 40.53 18.56 40.52 18.96 40.51C19.99 40.45 21.02 40.48 22.04 40.61C23 40.91 23.69 41.75 23.79 42.75\" fill=\"#46A72A\"><\/path><path d=\"M63.96 35.93C62.23 35.93 60.49 35.92 58.78 35.92C57.07 35.92 55.38 35.92 53.72 35.93C51.68 35.93 50.95 36.69 50.94 38.78C50.93 41.05 50.93 43.35 50.94 45.59V50.34C50.94 52.24 50.93 54.22 50.97 56.15C50.95 56.82 51.21 57.46 51.68 57.93C52.14 58.33 52.74 58.53 53.35 58.48C54.65 58.41 55.45 57.47 55.49 55.94C55.52 54.65 55.52 53.36 55.51 51.99C55.51 51.37 55.51 50.74 55.51 50.09C55.51 49.77 55.77 49.52 56.08 49.52C56.63 49.52 57.15 49.52 57.65 49.52C58.71 49.52 59.72 49.53 60.7 49.5C62.36 49.45 63.34 48.58 63.32 47.17C63.29 45.28 61.62 44.97 60.62 44.96C59.62 44.95 58.64 44.95 57.59 44.96H56.17C55.85 44.96 55.6 44.7 55.6 44.39V41.05C55.6 40.73 55.86 40.48 56.17 40.48H63.92C64.96 40.48 66.72 40.18 66.74 38.23C66.78 37.65 66.57 37.09 66.18 36.66C65.58 36.14 64.8 35.87 64 35.92\" fill=\"#46A72A\"><\/path><\/g><defs><clipPath id=\"clip0_1_2\"><rect width=\"139.65\" height=\"144.8\" fill=\"white\"><\/rect><\/clipPath><\/defs><\/svg>\t\t\t\t<\/a>\n\t\t\t<\/div>\n\t\t\t\t\t\t<div class=\"elementor-icon-box-content\">\n\t\t\t\t<h3 class=\"elementor-icon-box-title\">\n\t\t\t\t\t<a href=\"https:\/\/cdm-okna.pl\/wp-content\/uploads\/2023\/08\/Siegenia-Titan-Heavy-Duty_en.pdf\" target=\"_blank\" >\n\t\t\t\t\t\tSiegenia Titan Heavy Duty\t\t\t\t\t<\/a>\n\t\t\t\t<\/h3>\n\t\t\t\t\t\t\t\t\t<p class=\"elementor-icon-box-description\">\n\t\t\t\t\t\tFittings for heavy sashes\t\t\t\t\t<\/p>\n\t\t\t\t\t\t\t<\/div>\n\t\t<\/div>\n\t\t\t\t<\/div>\n\t\t\t\t<\/div>\n\t\t\t\t\t<\/div>\n\t\t<\/div>\n\t\t\t\t\t\t\t<\/div>\n\t\t<\/section>\n\t\t\t\t\t\t<\/div>\n\t\t\n<\/div>\n\t\t\t\t\t\t\t<\/div>\n\t\t<\/div>\n\t\t\t\t<\/div>\n\t\t\t\t<\/div>\n\t\t\t\t\t<\/div>\n\t\t<\/div>\n\t\t\t\t\t\t\t<\/div>\n\t\t<\/section>\n\t\t\t\t<section class=\"elementor-section elementor-top-section elementor-element elementor-element-403c1d8 elementor-section-full_width elementor-section-height-default elementor-section-height-default\" data-id=\"403c1d8\" data-element_type=\"section\">\n\t\t\t\t\t\t<div class=\"elementor-container elementor-column-gap-default\">\n\t\t\t\t\t<div class=\"elementor-column elementor-col-100 elementor-top-column elementor-element elementor-element-7184c15\" data-id=\"7184c15\" data-element_type=\"column\">\n\t\t\t<div class=\"elementor-widget-wrap elementor-element-populated\">\n\t\t\t\t\t\t\t\t<div class=\"elementor-element elementor-element-584888d elementor-widget elementor-widget-template\" data-id=\"584888d\" data-element_type=\"widget\" data-widget_type=\"template.default\">\n\t\t\t\t<div class=\"elementor-widget-container\">\n\t\t\t\t\t<div class=\"elementor-template\">\n\t\t\t\t\t<div data-elementor-type=\"section\" data-elementor-id=\"12335\" class=\"elementor elementor-12335 elementor-882\" data-elementor-post-type=\"elementor_library\">\n\t\t\t\t\t\t\t\t<section class=\"elementor-section elementor-top-section elementor-element elementor-element-44245a4 elementor-section-full_width elementor-section-stretched elementor-section-height-default elementor-section-height-default\" data-id=\"44245a4\" data-element_type=\"section\" data-settings=\"{&quot;background_background&quot;:&quot;classic&quot;,&quot;stretch_section&quot;:&quot;section-stretched&quot;}\">\n\t\t\t\t\t\t<div class=\"elementor-container elementor-column-gap-default\">\n\t\t\t\t\t<div class=\"elementor-column elementor-col-33 elementor-top-column elementor-element elementor-element-304e2864 elementor-hidden-mobile\" data-id=\"304e2864\" data-element_type=\"column\">\n\t\t\t<div class=\"elementor-widget-wrap elementor-element-populated\">\n\t\t\t\t\t\t\t\t<div class=\"elementor-element elementor-element-492e39bf elementor-widget elementor-widget-image\" data-id=\"492e39bf\" data-element_type=\"widget\" data-widget_type=\"image.default\">\n\t\t\t\t<div class=\"elementor-widget-container\">\n\t\t\t\t\t\t\t\t\t\t\t\t\t\t\t\t<a href=\"https:\/\/cdm-okna.pl\/en\/\">\n\t\t\t\t\t\t\t<img decoding=\"async\" src=\"https:\/\/cdm-okna.pl\/wp-content\/uploads\/2021\/11\/logo_CDM_2021W.svg\" title=\"logo_CDM_2021W\" alt=\"Bia\u0142e logo firmy CDM\" loading=\"lazy\" \/>\t\t\t\t\t\t\t\t<\/a>\n\t\t\t\t\t\t\t\t\t\t\t\t\t\t\t<\/div>\n\t\t\t\t<\/div>\n\t\t\t\t<div class=\"elementor-element elementor-element-594d4254 elementor-widget elementor-widget-text-editor\" data-id=\"594d4254\" data-element_type=\"widget\" data-widget_type=\"text-editor.default\">\n\t\t\t\t<div class=\"elementor-widget-container\">\n\t\t\t\t\t\t\t<p>We have been producing wooden doors and windows for over 20 years. We use modern technologies to make our wooden joinery of the highest quality. We execute orders that are typical and those that are extremely demanding. All that for the love of wood.<\/p><p>\u00a9 CDM Drewno.<br \/>All rights reserved<br \/><span style=\"color: #ffffff;\"><a style=\"color: #ffffff;\" href=\"https:\/\/cdm-okna.pl\/en\/privacy-policy\/\">Privacy policy<\/a><\/span><\/p>\t\t\t\t\t\t<\/div>\n\t\t\t\t<\/div>\n\t\t\t\t\t<\/div>\n\t\t<\/div>\n\t\t\t\t<div class=\"elementor-column elementor-col-33 elementor-top-column elementor-element elementor-element-f9a6141\" data-id=\"f9a6141\" data-element_type=\"column\">\n\t\t\t<div class=\"elementor-widget-wrap elementor-element-populated\">\n\t\t\t\t\t\t\t\t<div class=\"elementor-element elementor-element-29a27b5 elementor-widget elementor-widget-heading\" data-id=\"29a27b5\" data-element_type=\"widget\" data-widget_type=\"heading.default\">\n\t\t\t\t<div class=\"elementor-widget-container\">\n\t\t\t<h2 class=\"elementor-heading-title elementor-size-default\">Shortcuts<\/h2>\t\t<\/div>\n\t\t\t\t<\/div>\n\t\t\t\t<div class=\"elementor-element elementor-element-a40c20e elementor-nav-menu__text-align-aside elementor-widget elementor-widget-nav-menu\" data-id=\"a40c20e\" data-element_type=\"widget\" data-settings=\"{&quot;layout&quot;:&quot;dropdown&quot;,&quot;submenu_icon&quot;:{&quot;value&quot;:&quot;&lt;i class=\\&quot;fas fa-caret-down\\&quot;&gt;&lt;\\\/i&gt;&quot;,&quot;library&quot;:&quot;fa-solid&quot;}}\" data-widget_type=\"nav-menu.default\">\n\t\t\t\t<div class=\"elementor-widget-container\">\n\t\t\t\t\t\t<nav class=\"elementor-nav-menu--dropdown elementor-nav-menu__container\" aria-hidden=\"true\">\n\t\t\t\t<ul id=\"menu-2-a40c20e\" class=\"elementor-nav-menu\"><li class=\"menu-item menu-item-type-post_type menu-item-object-page menu-item-17152\"><a href=\"https:\/\/cdm-okna.pl\/smart-line\/\" class=\"elementor-item\" tabindex=\"-1\">SMART LINE<\/a><\/li>\n<li class=\"menu-item menu-item-type-post_type menu-item-object-page menu-item-864\"><a href=\"https:\/\/cdm-okna.pl\/okna_thermlight\/\" class=\"elementor-item\" tabindex=\"-1\">ThermlighT Windows<\/a><\/li>\n<li class=\"menu-item menu-item-type-post_type menu-item-object-page menu-item-1141\"><a href=\"https:\/\/cdm-okna.pl\/okna_drewniane\/\" class=\"elementor-item\" tabindex=\"-1\">Wooden windows<\/a><\/li>\n<li class=\"menu-item menu-item-type-post_type menu-item-object-page menu-item-17595\"><a href=\"https:\/\/cdm-okna.pl\/okna-drewniano-aluminiowe-slim-line\/\" class=\"elementor-item\" tabindex=\"-1\">SLIM-LINE wooden-aluminum windows<\/a><\/li>\n<li class=\"menu-item menu-item-type-post_type menu-item-object-page menu-item-1140\"><a href=\"https:\/\/cdm-okna.pl\/okna-drewniano-aluminiowe\/\" class=\"elementor-item\" tabindex=\"-1\">Wooden-aluminium windows<\/a><\/li>\n<li class=\"menu-item menu-item-type-post_type menu-item-object-page menu-item-17596\"><a href=\"https:\/\/cdm-okna.pl\/okna-skrzynkowe\/\" class=\"elementor-item\" tabindex=\"-1\">Box windows<\/a><\/li>\n<li class=\"menu-item menu-item-type-post_type menu-item-object-page menu-item-1139\"><a href=\"https:\/\/cdm-okna.pl\/okna_dzwiekoizolacyjne\/\" class=\"elementor-item\" tabindex=\"-1\">Soundproof windows<\/a><\/li>\n<li class=\"menu-item menu-item-type-post_type menu-item-object-page menu-item-1138\"><a href=\"https:\/\/cdm-okna.pl\/okna-przesuwane-i-skladane\/\" class=\"elementor-item\" tabindex=\"-1\">Sliding and folding windows<\/a><\/li>\n<li class=\"menu-item menu-item-type-post_type menu-item-object-page menu-item-1870\"><a href=\"https:\/\/cdm-okna.pl\/okna-angielskie\/\" class=\"elementor-item\" tabindex=\"-1\">English windows<\/a><\/li>\n<li class=\"menu-item menu-item-type-post_type menu-item-object-page menu-item-1855\"><a href=\"https:\/\/cdm-okna.pl\/drzwi\/\" class=\"elementor-item\" tabindex=\"-1\">Exterior doors<\/a><\/li>\n<\/ul>\t\t\t<\/nav>\n\t\t\t\t<\/div>\n\t\t\t\t<\/div>\n\t\t\t\t\t<\/div>\n\t\t<\/div>\n\t\t\t\t<div class=\"elementor-column elementor-col-33 elementor-top-column elementor-element elementor-element-4e3b19a4 footer_heading\" data-id=\"4e3b19a4\" data-element_type=\"column\">\n\t\t\t<div class=\"elementor-widget-wrap elementor-element-populated\">\n\t\t\t\t\t\t\t\t<div class=\"elementor-element elementor-element-7b3961ec elementor-widget elementor-widget-heading\" data-id=\"7b3961ec\" data-element_type=\"widget\" data-widget_type=\"heading.default\">\n\t\t\t\t<div class=\"elementor-widget-container\">\n\t\t\t<h3 class=\"elementor-heading-title elementor-size-default\">Contact<\/h3>\t\t<\/div>\n\t\t\t\t<\/div>\n\t\t\t\t<div class=\"elementor-element elementor-element-65f36579 elementor-align-left elementor-icon-list--layout-inline elementor-mobile-align-left elementor-list-item-link-full_width elementor-widget elementor-widget-icon-list\" data-id=\"65f36579\" data-element_type=\"widget\" data-widget_type=\"icon-list.default\">\n\t\t\t\t<div class=\"elementor-widget-container\">\n\t\t\t<link rel=\"stylesheet\" href=\"https:\/\/cdm-okna.pl\/wp-content\/plugins\/elementor\/assets\/css\/widget-icon-list.min.css\">\t\t<ul class=\"elementor-icon-list-items elementor-inline-items\">\n\t\t\t\t\t\t\t<li class=\"elementor-icon-list-item elementor-inline-item\">\n\t\t\t\t\t\t\t\t\t\t<span class=\"elementor-icon-list-text\">112A Wojska Polskiego Street<\/span>\n\t\t\t\t\t\t\t\t\t<\/li>\n\t\t\t\t\t\t\t\t<li class=\"elementor-icon-list-item elementor-inline-item\">\n\t\t\t\t\t\t\t\t\t\t<span class=\"elementor-icon-list-text\">Suwa\u0142ki, 16-400<\/span>\n\t\t\t\t\t\t\t\t\t<\/li>\n\t\t\t\t\t\t\t\t<li class=\"elementor-icon-list-item elementor-inline-item\">\n\t\t\t\t\t\t\t\t\t\t\t<a href=\"tel:+48875653645\">\n\n\t\t\t\t\t\t\t\t\t\t\t<span class=\"elementor-icon-list-text\">phone. +48 87 565 36 45<\/span>\n\t\t\t\t\t\t\t\t\t\t\t<\/a>\n\t\t\t\t\t\t\t\t\t<\/li>\n\t\t\t\t\t\t\t\t<li class=\"elementor-icon-list-item elementor-inline-item\">\n\t\t\t\t\t\t\t\t\t\t\t<a href=\"mailto:cdm@cdm-drewno.pl\">\n\n\t\t\t\t\t\t\t\t\t\t\t\t<span class=\"elementor-icon-list-icon\">\n\t\t\t\t\t\t\t<i aria-hidden=\"true\" class=\"fas fa-check\"><\/i>\t\t\t\t\t\t<\/span>\n\t\t\t\t\t\t\t\t\t\t<span class=\"elementor-icon-list-text\">cdm@cdm-drewno.pl<\/span>\n\t\t\t\t\t\t\t\t\t\t\t<\/a>\n\t\t\t\t\t\t\t\t\t<\/li>\n\t\t\t\t\t\t\t\t<li class=\"elementor-icon-list-item elementor-inline-item\">\n\t\t\t\t\t\t\t\t\t\t\t<a href=\"mailto:cdm@cdm-okna.pl\">\n\n\t\t\t\t\t\t\t\t\t\t\t\t<span class=\"elementor-icon-list-icon\">\n\t\t\t\t\t\t\t<i aria-hidden=\"true\" class=\"fas fa-check\"><\/i>\t\t\t\t\t\t<\/span>\n\t\t\t\t\t\t\t\t\t\t<span class=\"elementor-icon-list-text\">cdm@cdm-okna.pl<\/span>\n\t\t\t\t\t\t\t\t\t\t\t<\/a>\n\t\t\t\t\t\t\t\t\t<\/li>\n\t\t\t\t\t\t<\/ul>\n\t\t\t\t<\/div>\n\t\t\t\t<\/div>\n\t\t\t\t<div class=\"elementor-element elementor-element-60fcc7d e-grid-align-left e-grid-align-mobile-center elementor-shape-circle elementor-grid-0 elementor-widget elementor-widget-social-icons\" data-id=\"60fcc7d\" data-element_type=\"widget\" data-widget_type=\"social-icons.default\">\n\t\t\t\t<div class=\"elementor-widget-container\">\n\t\t\t<style>\/*! elementor - v3.18.0 - 20-12-2023 *\/\n.elementor-widget-social-icons.elementor-grid-0 .elementor-widget-container,.elementor-widget-social-icons.elementor-grid-mobile-0 .elementor-widget-container,.elementor-widget-social-icons.elementor-grid-tablet-0 .elementor-widget-container{line-height:1;font-size:0}.elementor-widget-social-icons:not(.elementor-grid-0):not(.elementor-grid-tablet-0):not(.elementor-grid-mobile-0) .elementor-grid{display:inline-grid}.elementor-widget-social-icons .elementor-grid{grid-column-gap:var(--grid-column-gap,5px);grid-row-gap:var(--grid-row-gap,5px);grid-template-columns:var(--grid-template-columns);justify-content:var(--justify-content,center);justify-items:var(--justify-content,center)}.elementor-icon.elementor-social-icon{font-size:var(--icon-size,25px);line-height:var(--icon-size,25px);width:calc(var(--icon-size, 25px) + 2 * var(--icon-padding, .5em));height:calc(var(--icon-size, 25px) + 2 * var(--icon-padding, .5em))}.elementor-social-icon{--e-social-icon-icon-color:#fff;display:inline-flex;background-color:#69727d;align-items:center;justify-content:center;text-align:center;cursor:pointer}.elementor-social-icon i{color:var(--e-social-icon-icon-color)}.elementor-social-icon svg{fill:var(--e-social-icon-icon-color)}.elementor-social-icon:last-child{margin:0}.elementor-social-icon:hover{opacity:.9;color:#fff}.elementor-social-icon-android{background-color:#a4c639}.elementor-social-icon-apple{background-color:#999}.elementor-social-icon-behance{background-color:#1769ff}.elementor-social-icon-bitbucket{background-color:#205081}.elementor-social-icon-codepen{background-color:#000}.elementor-social-icon-delicious{background-color:#39f}.elementor-social-icon-deviantart{background-color:#05cc47}.elementor-social-icon-digg{background-color:#005be2}.elementor-social-icon-dribbble{background-color:#ea4c89}.elementor-social-icon-elementor{background-color:#d30c5c}.elementor-social-icon-envelope{background-color:#ea4335}.elementor-social-icon-facebook,.elementor-social-icon-facebook-f{background-color:#3b5998}.elementor-social-icon-flickr{background-color:#0063dc}.elementor-social-icon-foursquare{background-color:#2d5be3}.elementor-social-icon-free-code-camp,.elementor-social-icon-freecodecamp{background-color:#006400}.elementor-social-icon-github{background-color:#333}.elementor-social-icon-gitlab{background-color:#e24329}.elementor-social-icon-globe{background-color:#69727d}.elementor-social-icon-google-plus,.elementor-social-icon-google-plus-g{background-color:#dd4b39}.elementor-social-icon-houzz{background-color:#7ac142}.elementor-social-icon-instagram{background-color:#262626}.elementor-social-icon-jsfiddle{background-color:#487aa2}.elementor-social-icon-link{background-color:#818a91}.elementor-social-icon-linkedin,.elementor-social-icon-linkedin-in{background-color:#0077b5}.elementor-social-icon-medium{background-color:#00ab6b}.elementor-social-icon-meetup{background-color:#ec1c40}.elementor-social-icon-mixcloud{background-color:#273a4b}.elementor-social-icon-odnoklassniki{background-color:#f4731c}.elementor-social-icon-pinterest{background-color:#bd081c}.elementor-social-icon-product-hunt{background-color:#da552f}.elementor-social-icon-reddit{background-color:#ff4500}.elementor-social-icon-rss{background-color:#f26522}.elementor-social-icon-shopping-cart{background-color:#4caf50}.elementor-social-icon-skype{background-color:#00aff0}.elementor-social-icon-slideshare{background-color:#0077b5}.elementor-social-icon-snapchat{background-color:#fffc00}.elementor-social-icon-soundcloud{background-color:#f80}.elementor-social-icon-spotify{background-color:#2ebd59}.elementor-social-icon-stack-overflow{background-color:#fe7a15}.elementor-social-icon-steam{background-color:#00adee}.elementor-social-icon-stumbleupon{background-color:#eb4924}.elementor-social-icon-telegram{background-color:#2ca5e0}.elementor-social-icon-thumb-tack{background-color:#1aa1d8}.elementor-social-icon-tripadvisor{background-color:#589442}.elementor-social-icon-tumblr{background-color:#35465c}.elementor-social-icon-twitch{background-color:#6441a5}.elementor-social-icon-twitter{background-color:#1da1f2}.elementor-social-icon-viber{background-color:#665cac}.elementor-social-icon-vimeo{background-color:#1ab7ea}.elementor-social-icon-vk{background-color:#45668e}.elementor-social-icon-weibo{background-color:#dd2430}.elementor-social-icon-weixin{background-color:#31a918}.elementor-social-icon-whatsapp{background-color:#25d366}.elementor-social-icon-wordpress{background-color:#21759b}.elementor-social-icon-xing{background-color:#026466}.elementor-social-icon-yelp{background-color:#af0606}.elementor-social-icon-youtube{background-color:#cd201f}.elementor-social-icon-500px{background-color:#0099e5}.elementor-shape-rounded .elementor-icon.elementor-social-icon{border-radius:10%}.elementor-shape-circle .elementor-icon.elementor-social-icon{border-radius:50%}<\/style>\t\t<div class=\"elementor-social-icons-wrapper elementor-grid\">\n\t\t\t\t\t\t\t<span class=\"elementor-grid-item\">\n\t\t\t\t\t<a class=\"elementor-icon elementor-social-icon elementor-social-icon-facebook-f elementor-repeater-item-0267196\" href=\"https:\/\/www.facebook.com\/cdmproducentokienidrzwi\/\" target=\"_blank\">\n\t\t\t\t\t\t<span class=\"elementor-screen-only\">Facebook-f<\/span>\n\t\t\t\t\t\t<i class=\"fab fa-facebook-f\"><\/i>\t\t\t\t\t<\/a>\n\t\t\t\t<\/span>\n\t\t\t\t\t<\/div>\n\t\t\t\t<\/div>\n\t\t\t\t<\/div>\n\t\t\t\t\t<\/div>\n\t\t<\/div>\n\t\t\t\t\t\t\t<\/div>\n\t\t<\/section>\n\t\t\t\t\t\t<\/div>\n\t\t\t\t<\/div>\n\t\t\t\t<\/div>\n\t\t\t\t<\/div>\n\t\t\t\t\t<\/div>\n\t\t<\/div>\n\t\t\t\t\t\t\t<\/div>\n\t\t<\/section>\n\t\t\t\t\t\t\t<\/div>\n\t\t","protected":false},"excerpt":{"rendered":"<p>OUR WINDOWS There are many reasons to reach for our windows. We have been perfecting them for years while learning from the opinions and suggestions received from our clients. All this, to be able to offer the best wooden windows on the market. We care not only about their appearance, but also about solid workmanship [&hellip;]<\/p>\n","protected":false},"author":1,"featured_media":0,"parent":0,"menu_order":0,"comment_status":"closed","ping_status":"closed","template":"elementor_canvas","meta":{"_acf_changed":false,"footnotes":""},"class_list":["post-12185","page","type-page","status-publish","hentry"],"acf":[],"_links":{"self":[{"href":"https:\/\/cdm-okna.pl\/en\/wp-json\/wp\/v2\/pages\/12185","targetHints":{"allow":["GET"]}}],"collection":[{"href":"https:\/\/cdm-okna.pl\/en\/wp-json\/wp\/v2\/pages"}],"about":[{"href":"https:\/\/cdm-okna.pl\/en\/wp-json\/wp\/v2\/types\/page"}],"author":[{"embeddable":true,"href":"https:\/\/cdm-okna.pl\/en\/wp-json\/wp\/v2\/users\/1"}],"replies":[{"embeddable":true,"href":"https:\/\/cdm-okna.pl\/en\/wp-json\/wp\/v2\/comments?post=12185"}],"version-history":[{"count":52,"href":"https:\/\/cdm-okna.pl\/en\/wp-json\/wp\/v2\/pages\/12185\/revisions"}],"predecessor-version":[{"id":17586,"href":"https:\/\/cdm-okna.pl\/en\/wp-json\/wp\/v2\/pages\/12185\/revisions\/17586"}],"wp:attachment":[{"href":"https:\/\/cdm-okna.pl\/en\/wp-json\/wp\/v2\/media?parent=12185"}],"curies":[{"name":"wp","href":"https:\/\/api.w.org\/{rel}","templated":true}]}}