{"id":16100,"date":"2022-11-22T19:43:52","date_gmt":"2022-11-22T18:43:52","guid":{"rendered":"https:\/\/cdm-okna.pl\/monuments-and-religious-buildings-2\/"},"modified":"2026-02-25T12:05:48","modified_gmt":"2026-02-25T11:05:48","slug":"monuments-and-religious-buildings","status":"publish","type":"page","link":"https:\/\/cdm-okna.pl\/en\/monuments-and-religious-buildings\/","title":{"rendered":"Monuments and religious buildings"},"content":{"rendered":"\t\t<div data-elementor-type=\"wp-page\" data-elementor-id=\"16100\" class=\"elementor elementor-16100 elementor-14989\" data-elementor-post-type=\"page\">\n\t\t\t\t\t\t\t\t\t<section class=\"elementor-section elementor-top-section elementor-element elementor-element-d5aa221 elementor-section-boxed elementor-section-height-default elementor-section-height-default\" data-id=\"d5aa221\" data-element_type=\"section\">\n\t\t\t\t\t\t<div class=\"elementor-container elementor-column-gap-default\">\n\t\t\t\t\t<div class=\"elementor-column elementor-col-100 elementor-top-column elementor-element elementor-element-3bd0e97\" data-id=\"3bd0e97\" data-element_type=\"column\">\n\t\t\t<div class=\"elementor-widget-wrap elementor-element-populated\">\n\t\t\t\t\t\t\t\t<div class=\"elementor-element elementor-element-25eb579 elementor-widget elementor-widget-template\" data-id=\"25eb579\" data-element_type=\"widget\" data-widget_type=\"template.default\">\n\t\t\t\t<div class=\"elementor-widget-container\">\n\t\t\t\t\t<div class=\"elementor-template\">\n\t\t\t\t\t<div data-elementor-type=\"section\" data-elementor-id=\"12947\" class=\"elementor elementor-12947 elementor-4824\" data-elementor-post-type=\"elementor_library\">\n\t\t\t\t\t\t\t\t<section class=\"elementor-section elementor-top-section elementor-element elementor-element-13b90864 elementor-section-height-min-height elementor-section-items-top elementor-section-full_width elementor-section-stretched elementor-section-height-default\" data-id=\"13b90864\" data-element_type=\"section\" data-settings=\"{&quot;background_background&quot;:&quot;classic&quot;,&quot;background_motion_fx_motion_fx_scrolling&quot;:&quot;yes&quot;,&quot;stretch_section&quot;:&quot;section-stretched&quot;,&quot;background_motion_fx_devices&quot;:[&quot;desktop&quot;,&quot;tablet&quot;,&quot;mobile&quot;]}\">\n\t\t\t\t\t\t<div class=\"elementor-container elementor-column-gap-default\">\n\t\t\t\t\t<div class=\"elementor-column elementor-col-33 elementor-top-column elementor-element elementor-element-24eed89b\" data-id=\"24eed89b\" data-element_type=\"column\">\n\t\t\t<div class=\"elementor-widget-wrap elementor-element-populated\">\n\t\t\t\t\t\t\t\t<div class=\"elementor-element elementor-element-677a924 elementor-hidden-desktop elementor-widget-mobile__width-initial elementor-widget elementor-widget-image\" data-id=\"677a924\" data-element_type=\"widget\" data-widget_type=\"image.default\">\n\t\t\t\t<div class=\"elementor-widget-container\">\n\t\t\t<style>\/*! elementor - v3.18.0 - 20-12-2023 *\/\n.elementor-widget-image{text-align:center}.elementor-widget-image a{display:inline-block}.elementor-widget-image a img[src$=\".svg\"]{width:48px}.elementor-widget-image img{vertical-align:middle;display:inline-block}<\/style>\t\t\t\t\t\t\t\t\t\t\t\t\t<a href=\"https:\/\/cdm-okna.pl\/en\/subsidies-european-union\/\">\n\t\t\t\t\t\t\t<img fetchpriority=\"high\" decoding=\"async\" width=\"400\" height=\"332\" src=\"https:\/\/cdm-okna.pl\/wp-content\/uploads\/2022\/01\/Znak_UE_angielski_pion_kolor_RGB.jpg\" class=\"attachment-large size-large wp-image-16844\" alt=\"\" srcset=\"https:\/\/cdm-okna.pl\/wp-content\/uploads\/2022\/01\/Znak_UE_angielski_pion_kolor_RGB.jpg 400w, https:\/\/cdm-okna.pl\/wp-content\/uploads\/2022\/01\/Znak_UE_angielski_pion_kolor_RGB-300x249.jpg 300w\" sizes=\"(max-width: 400px) 100vw, 400px\" \/>\t\t\t\t\t\t\t\t<\/a>\n\t\t\t\t\t\t\t\t\t\t\t\t\t\t\t<\/div>\n\t\t\t\t<\/div>\n\t\t\t\t<div class=\"elementor-element elementor-element-538a4bf6 elementor-widget-mobile__width-initial elementor-widget elementor-widget-theme-site-logo elementor-widget-image\" data-id=\"538a4bf6\" data-element_type=\"widget\" data-widget_type=\"theme-site-logo.default\">\n\t\t\t\t<div class=\"elementor-widget-container\">\n\t\t\t\t\t\t\t\t\t\t\t<a href=\"https:\/\/cdm-okna.pl\/en\/\">\n\t\t\t<img decoding=\"async\" width=\"266\" height=\"97\" src=\"https:\/\/cdm-okna.pl\/wp-content\/uploads\/2021\/11\/logo_CDM_2021-1.svg\" class=\"attachment-full size-full wp-image-42\" alt=\"Logo firmy CDM\" \/>\t\t\t\t<\/a>\n\t\t\t\t\t\t\t\t\t\t\t<\/div>\n\t\t\t\t<\/div>\n\t\t\t\t\t<\/div>\n\t\t<\/div>\n\t\t\t\t<div class=\"elementor-column elementor-col-33 elementor-top-column elementor-element elementor-element-3b88ce7e\" data-id=\"3b88ce7e\" data-element_type=\"column\">\n\t\t\t<div class=\"elementor-widget-wrap elementor-element-populated\">\n\t\t\t\t\t\t\t\t<div class=\"elementor-element elementor-element-722a8952 elementor-nav-menu__align-right elementor-nav-menu--stretch elementor-nav-menu--dropdown-tablet elementor-nav-menu__text-align-aside elementor-nav-menu--toggle elementor-nav-menu--burger elementor-widget elementor-widget-nav-menu\" data-id=\"722a8952\" data-element_type=\"widget\" data-settings=\"{&quot;full_width&quot;:&quot;stretch&quot;,&quot;layout&quot;:&quot;horizontal&quot;,&quot;submenu_icon&quot;:{&quot;value&quot;:&quot;&lt;i class=\\&quot;fas fa-caret-down\\&quot;&gt;&lt;\\\/i&gt;&quot;,&quot;library&quot;:&quot;fa-solid&quot;},&quot;toggle&quot;:&quot;burger&quot;}\" data-widget_type=\"nav-menu.default\">\n\t\t\t\t<div class=\"elementor-widget-container\">\n\t\t\t<link rel=\"stylesheet\" href=\"https:\/\/cdm-okna.pl\/wp-content\/plugins\/elementor-pro\/assets\/css\/widget-nav-menu.min.css\">\t\t\t<nav class=\"elementor-nav-menu--main elementor-nav-menu__container elementor-nav-menu--layout-horizontal e--pointer-underline e--animation-fade\">\n\t\t\t\t<ul id=\"menu-1-722a8952\" class=\"elementor-nav-menu\"><li class=\"menu-item menu-item-type-custom menu-item-object-custom menu-item-has-children menu-item-12318\"><a href=\"#\" class=\"elementor-item elementor-item-anchor\">PRODUCTS<\/a>\n<ul class=\"sub-menu elementor-nav-menu--dropdown\">\n\t<li class=\"menu-item menu-item-type-post_type menu-item-object-page menu-item-12321\"><a href=\"https:\/\/cdm-okna.pl\/en\/windows\/\" class=\"elementor-sub-item\">Windows<\/a><\/li>\n\t<li class=\"menu-item menu-item-type-post_type menu-item-object-page menu-item-12319\"><a href=\"https:\/\/cdm-okna.pl\/en\/exterior-doors\/\" class=\"elementor-sub-item\">Exterior doors<\/a><\/li>\n\t<li class=\"menu-item menu-item-type-post_type menu-item-object-page menu-item-12320\"><a href=\"https:\/\/cdm-okna.pl\/en\/shutters\/\" class=\"elementor-sub-item\">Shutters<\/a><\/li>\n\t<li class=\"menu-item menu-item-type-post_type menu-item-object-page menu-item-12323\"><a href=\"https:\/\/cdm-okna.pl\/en\/facade-systems\/\" class=\"elementor-sub-item\">Fa\u00e7ades<\/a><\/li>\n\t<li class=\"menu-item menu-item-type-post_type menu-item-object-page menu-item-12322\"><a href=\"https:\/\/cdm-okna.pl\/en\/winter-gardens\/\" class=\"elementor-sub-item\">Winter gardens<\/a><\/li>\n<\/ul>\n<\/li>\n<li class=\"menu-item menu-item-type-custom menu-item-object-custom menu-item-has-children menu-item-12324\"><a href=\"#\" class=\"elementor-item elementor-item-anchor\">OUR PERFORMANCE<\/a>\n<ul class=\"sub-menu elementor-nav-menu--dropdown\">\n\t<li class=\"menu-item menu-item-type-post_type menu-item-object-page menu-item-16133\"><a href=\"https:\/\/cdm-okna.pl\/en\/monuments-and-religious-buildings\/\" class=\"elementor-sub-item\">Monuments and religious buildings<\/a><\/li>\n\t<li class=\"menu-item menu-item-type-post_type menu-item-object-page menu-item-15964\"><a href=\"https:\/\/cdm-okna.pl\/en\/public-utility-buildings\/\" class=\"elementor-sub-item\">Public utility buildings<\/a><\/li>\n<\/ul>\n<\/li>\n<li class=\"menu-item menu-item-type-custom menu-item-object-custom menu-item-has-children menu-item-12328\"><a href=\"#\" class=\"elementor-item elementor-item-anchor\">ABOUT US<\/a>\n<ul class=\"sub-menu elementor-nav-menu--dropdown\">\n\t<li class=\"menu-item menu-item-type-post_type menu-item-object-page menu-item-12327\"><a href=\"https:\/\/cdm-okna.pl\/en\/about-the-company\/\" class=\"elementor-sub-item\">About the company<\/a><\/li>\n\t<li class=\"menu-item menu-item-type-post_type menu-item-object-page menu-item-12329\"><a href=\"https:\/\/cdm-okna.pl\/en\/news\/\" class=\"elementor-sub-item\">News<\/a><\/li>\n\t<li class=\"menu-item menu-item-type-post_type menu-item-object-page menu-item-12330\"><a href=\"https:\/\/cdm-okna.pl\/en\/subsidies-european-union\/\" class=\"elementor-sub-item\">Subsidies European Union<\/a><\/li>\n<\/ul>\n<\/li>\n<li class=\"menu-item menu-item-type-custom menu-item-object-custom menu-item-has-children menu-item-12331\"><a href=\"#\" class=\"elementor-item elementor-item-anchor\">CUSTOMER ZONE<\/a>\n<ul class=\"sub-menu elementor-nav-menu--dropdown\">\n\t<li class=\"menu-item menu-item-type-post_type menu-item-object-page menu-item-17230\"><a href=\"https:\/\/cdm-okna.pl\/en\/blog\/\" class=\"elementor-sub-item\">Blog<\/a><\/li>\n\t<li class=\"menu-item menu-item-type-post_type menu-item-object-page menu-item-14167\"><a href=\"https:\/\/cdm-okna.pl\/en\/to-download\/\" class=\"elementor-sub-item\">Downloads<\/a><\/li>\n\t<li class=\"menu-item menu-item-type-post_type menu-item-object-page menu-item-12332\"><a href=\"https:\/\/cdm-okna.pl\/en\/product-service\/\" class=\"elementor-sub-item\">Product service<\/a><\/li>\n<\/ul>\n<\/li>\n<li class=\"menu-item menu-item-type-post_type menu-item-object-page menu-item-12334\"><a href=\"https:\/\/cdm-okna.pl\/en\/contact\/\" class=\"elementor-item\">CONTACT<\/a><\/li>\n<li class=\"menu-item wpml-ls-slot-2 wpml-ls-item wpml-ls-item-en wpml-ls-current-language wpml-ls-menu-item wpml-ls-first-item menu-item-type-wpml_ls_menu_item menu-item-object-wpml_ls_menu_item menu-item-wpml-ls-2-en\"><a href=\"https:\/\/cdm-okna.pl\/en\/\" class=\"elementor-item\"><img decoding=\"async\"\n            class=\"wpml-ls-flag\"\n            src=\"https:\/\/cdm-okna.pl\/wp-content\/plugins\/sitepress-multilingual-cms\/res\/flags\/en.png\"\n            alt=\"English\"\n            width=20\n            \n    \/><\/a><\/li>\n<li class=\"menu-item wpml-ls-slot-2 wpml-ls-item wpml-ls-item-de wpml-ls-menu-item menu-item-type-wpml_ls_menu_item menu-item-object-wpml_ls_menu_item menu-item-wpml-ls-2-de\"><a href=\"https:\/\/cdm-okna.pl\/de\/\" class=\"elementor-item\"><img decoding=\"async\"\n            class=\"wpml-ls-flag\"\n            src=\"https:\/\/cdm-okna.pl\/wp-content\/plugins\/sitepress-multilingual-cms\/res\/flags\/de.png\"\n            alt=\"German\"\n            width=20\n            \n    \/><\/a><\/li>\n<li class=\"menu-item wpml-ls-slot-2 wpml-ls-item wpml-ls-item-pl wpml-ls-menu-item wpml-ls-last-item menu-item-type-wpml_ls_menu_item menu-item-object-wpml_ls_menu_item menu-item-wpml-ls-2-pl\"><a href=\"https:\/\/cdm-okna.pl\" class=\"elementor-item\"><img decoding=\"async\"\n            class=\"wpml-ls-flag\"\n            src=\"https:\/\/cdm-okna.pl\/wp-content\/plugins\/sitepress-multilingual-cms\/res\/flags\/pl.png\"\n            alt=\"Polish\"\n            width=20\n            \n    \/><\/a><\/li>\n<\/ul>\t\t\t<\/nav>\n\t\t\t\t\t<div class=\"elementor-menu-toggle\" role=\"button\" tabindex=\"0\" aria-label=\"Menu Toggle\" aria-expanded=\"false\">\n\t\t\t<i aria-hidden=\"true\" role=\"presentation\" class=\"elementor-menu-toggle__icon--open eicon-menu-bar\"><\/i><i aria-hidden=\"true\" role=\"presentation\" class=\"elementor-menu-toggle__icon--close eicon-close\"><\/i>\t\t\t<span class=\"elementor-screen-only\">Menu<\/span>\n\t\t<\/div>\n\t\t\t\t\t<nav class=\"elementor-nav-menu--dropdown elementor-nav-menu__container\" aria-hidden=\"true\">\n\t\t\t\t<ul id=\"menu-2-722a8952\" class=\"elementor-nav-menu\"><li class=\"menu-item menu-item-type-custom menu-item-object-custom menu-item-has-children menu-item-12318\"><a href=\"#\" class=\"elementor-item elementor-item-anchor\" tabindex=\"-1\">PRODUCTS<\/a>\n<ul class=\"sub-menu elementor-nav-menu--dropdown\">\n\t<li class=\"menu-item menu-item-type-post_type menu-item-object-page menu-item-12321\"><a href=\"https:\/\/cdm-okna.pl\/en\/windows\/\" class=\"elementor-sub-item\" tabindex=\"-1\">Windows<\/a><\/li>\n\t<li class=\"menu-item menu-item-type-post_type menu-item-object-page menu-item-12319\"><a href=\"https:\/\/cdm-okna.pl\/en\/exterior-doors\/\" class=\"elementor-sub-item\" tabindex=\"-1\">Exterior doors<\/a><\/li>\n\t<li class=\"menu-item menu-item-type-post_type menu-item-object-page menu-item-12320\"><a href=\"https:\/\/cdm-okna.pl\/en\/shutters\/\" class=\"elementor-sub-item\" tabindex=\"-1\">Shutters<\/a><\/li>\n\t<li class=\"menu-item menu-item-type-post_type menu-item-object-page menu-item-12323\"><a href=\"https:\/\/cdm-okna.pl\/en\/facade-systems\/\" class=\"elementor-sub-item\" tabindex=\"-1\">Fa\u00e7ades<\/a><\/li>\n\t<li class=\"menu-item menu-item-type-post_type menu-item-object-page menu-item-12322\"><a href=\"https:\/\/cdm-okna.pl\/en\/winter-gardens\/\" class=\"elementor-sub-item\" tabindex=\"-1\">Winter gardens<\/a><\/li>\n<\/ul>\n<\/li>\n<li class=\"menu-item menu-item-type-custom menu-item-object-custom menu-item-has-children menu-item-12324\"><a href=\"#\" class=\"elementor-item elementor-item-anchor\" tabindex=\"-1\">OUR PERFORMANCE<\/a>\n<ul class=\"sub-menu elementor-nav-menu--dropdown\">\n\t<li class=\"menu-item menu-item-type-post_type menu-item-object-page menu-item-16133\"><a href=\"https:\/\/cdm-okna.pl\/en\/monuments-and-religious-buildings\/\" class=\"elementor-sub-item\" tabindex=\"-1\">Monuments and religious buildings<\/a><\/li>\n\t<li class=\"menu-item menu-item-type-post_type menu-item-object-page menu-item-15964\"><a href=\"https:\/\/cdm-okna.pl\/en\/public-utility-buildings\/\" class=\"elementor-sub-item\" tabindex=\"-1\">Public utility buildings<\/a><\/li>\n<\/ul>\n<\/li>\n<li class=\"menu-item menu-item-type-custom menu-item-object-custom menu-item-has-children menu-item-12328\"><a href=\"#\" class=\"elementor-item elementor-item-anchor\" tabindex=\"-1\">ABOUT US<\/a>\n<ul class=\"sub-menu elementor-nav-menu--dropdown\">\n\t<li class=\"menu-item menu-item-type-post_type menu-item-object-page menu-item-12327\"><a href=\"https:\/\/cdm-okna.pl\/en\/about-the-company\/\" class=\"elementor-sub-item\" tabindex=\"-1\">About the company<\/a><\/li>\n\t<li class=\"menu-item menu-item-type-post_type menu-item-object-page menu-item-12329\"><a href=\"https:\/\/cdm-okna.pl\/en\/news\/\" class=\"elementor-sub-item\" tabindex=\"-1\">News<\/a><\/li>\n\t<li class=\"menu-item menu-item-type-post_type menu-item-object-page menu-item-12330\"><a href=\"https:\/\/cdm-okna.pl\/en\/subsidies-european-union\/\" class=\"elementor-sub-item\" tabindex=\"-1\">Subsidies European Union<\/a><\/li>\n<\/ul>\n<\/li>\n<li class=\"menu-item menu-item-type-custom menu-item-object-custom menu-item-has-children menu-item-12331\"><a href=\"#\" class=\"elementor-item elementor-item-anchor\" tabindex=\"-1\">CUSTOMER ZONE<\/a>\n<ul class=\"sub-menu elementor-nav-menu--dropdown\">\n\t<li class=\"menu-item menu-item-type-post_type menu-item-object-page menu-item-17230\"><a href=\"https:\/\/cdm-okna.pl\/en\/blog\/\" class=\"elementor-sub-item\" tabindex=\"-1\">Blog<\/a><\/li>\n\t<li class=\"menu-item menu-item-type-post_type menu-item-object-page menu-item-14167\"><a href=\"https:\/\/cdm-okna.pl\/en\/to-download\/\" class=\"elementor-sub-item\" tabindex=\"-1\">Downloads<\/a><\/li>\n\t<li class=\"menu-item menu-item-type-post_type menu-item-object-page menu-item-12332\"><a href=\"https:\/\/cdm-okna.pl\/en\/product-service\/\" class=\"elementor-sub-item\" tabindex=\"-1\">Product service<\/a><\/li>\n<\/ul>\n<\/li>\n<li class=\"menu-item menu-item-type-post_type menu-item-object-page menu-item-12334\"><a href=\"https:\/\/cdm-okna.pl\/en\/contact\/\" class=\"elementor-item\" tabindex=\"-1\">CONTACT<\/a><\/li>\n<li class=\"menu-item wpml-ls-slot-2 wpml-ls-item wpml-ls-item-en wpml-ls-current-language wpml-ls-menu-item wpml-ls-first-item menu-item-type-wpml_ls_menu_item menu-item-object-wpml_ls_menu_item menu-item-wpml-ls-2-en\"><a href=\"https:\/\/cdm-okna.pl\/en\/\" class=\"elementor-item\" tabindex=\"-1\"><img decoding=\"async\"\n            class=\"wpml-ls-flag\"\n            src=\"https:\/\/cdm-okna.pl\/wp-content\/plugins\/sitepress-multilingual-cms\/res\/flags\/en.png\"\n            alt=\"English\"\n            width=20\n            \n    \/><\/a><\/li>\n<li class=\"menu-item wpml-ls-slot-2 wpml-ls-item wpml-ls-item-de wpml-ls-menu-item menu-item-type-wpml_ls_menu_item menu-item-object-wpml_ls_menu_item menu-item-wpml-ls-2-de\"><a href=\"https:\/\/cdm-okna.pl\/de\/\" class=\"elementor-item\" tabindex=\"-1\"><img decoding=\"async\"\n            class=\"wpml-ls-flag\"\n            src=\"https:\/\/cdm-okna.pl\/wp-content\/plugins\/sitepress-multilingual-cms\/res\/flags\/de.png\"\n            alt=\"German\"\n            width=20\n            \n    \/><\/a><\/li>\n<li class=\"menu-item wpml-ls-slot-2 wpml-ls-item wpml-ls-item-pl wpml-ls-menu-item wpml-ls-last-item menu-item-type-wpml_ls_menu_item menu-item-object-wpml_ls_menu_item menu-item-wpml-ls-2-pl\"><a href=\"https:\/\/cdm-okna.pl\" class=\"elementor-item\" tabindex=\"-1\"><img decoding=\"async\"\n            class=\"wpml-ls-flag\"\n            src=\"https:\/\/cdm-okna.pl\/wp-content\/plugins\/sitepress-multilingual-cms\/res\/flags\/pl.png\"\n            alt=\"Polish\"\n            width=20\n            \n    \/><\/a><\/li>\n<\/ul>\t\t\t<\/nav>\n\t\t\t\t<\/div>\n\t\t\t\t<\/div>\n\t\t\t\t\t<\/div>\n\t\t<\/div>\n\t\t\t\t<div class=\"elementor-column elementor-col-33 elementor-top-column elementor-element elementor-element-088808f elementor-hidden-tablet elementor-hidden-mobile\" data-id=\"088808f\" data-element_type=\"column\">\n\t\t\t<div class=\"elementor-widget-wrap elementor-element-populated\">\n\t\t\t\t\t\t\t\t<div class=\"elementor-element elementor-element-a4fa1e8 elementor-hidden-tablet elementor-hidden-mobile elementor-widget elementor-widget-image\" data-id=\"a4fa1e8\" data-element_type=\"widget\" data-widget_type=\"image.default\">\n\t\t\t\t<div class=\"elementor-widget-container\">\n\t\t\t\t\t\t\t\t\t\t\t\t\t\t\t\t<a href=\"https:\/\/cdm-okna.pl\/en\/subsidies-european-union\/\">\n\t\t\t\t\t\t\t<img fetchpriority=\"high\" decoding=\"async\" width=\"400\" height=\"332\" src=\"https:\/\/cdm-okna.pl\/wp-content\/uploads\/2022\/01\/Znak_UE_angielski_pion_kolor_RGB.jpg\" class=\"attachment-large size-large wp-image-16844\" alt=\"\" srcset=\"https:\/\/cdm-okna.pl\/wp-content\/uploads\/2022\/01\/Znak_UE_angielski_pion_kolor_RGB.jpg 400w, https:\/\/cdm-okna.pl\/wp-content\/uploads\/2022\/01\/Znak_UE_angielski_pion_kolor_RGB-300x249.jpg 300w\" sizes=\"(max-width: 400px) 100vw, 400px\" \/>\t\t\t\t\t\t\t\t<\/a>\n\t\t\t\t\t\t\t\t\t\t\t\t\t\t\t<\/div>\n\t\t\t\t<\/div>\n\t\t\t\t\t<\/div>\n\t\t<\/div>\n\t\t\t\t\t\t\t<\/div>\n\t\t<\/section>\n\t\t\t\t\t\t<\/div>\n\t\t\t\t<\/div>\n\t\t\t\t<\/div>\n\t\t\t\t<\/div>\n\t\t\t\t\t<\/div>\n\t\t<\/div>\n\t\t\t\t\t\t\t<\/div>\n\t\t<\/section>\n\t\t\t\t<section class=\"elementor-section elementor-top-section elementor-element elementor-element-358aeeb elementor-section-boxed elementor-section-height-default elementor-section-height-default\" data-id=\"358aeeb\" data-element_type=\"section\" data-settings=\"{&quot;background_background&quot;:&quot;classic&quot;}\">\n\t\t\t\t\t\t<div class=\"elementor-container elementor-column-gap-default\">\n\t\t\t\t\t<div class=\"elementor-column elementor-col-100 elementor-top-column elementor-element elementor-element-8d0269e\" data-id=\"8d0269e\" data-element_type=\"column\">\n\t\t\t<div class=\"elementor-widget-wrap elementor-element-populated\">\n\t\t\t\t\t\t\t\t<div class=\"elementor-element elementor-element-48602de elementor-widget elementor-widget-heading\" data-id=\"48602de\" data-element_type=\"widget\" data-widget_type=\"heading.default\">\n\t\t\t\t<div class=\"elementor-widget-container\">\n\t\t\t<style>\/*! elementor - v3.18.0 - 20-12-2023 *\/\n.elementor-heading-title{padding:0;margin:0;line-height:1}.elementor-widget-heading .elementor-heading-title[class*=elementor-size-]>a{color:inherit;font-size:inherit;line-height:inherit}.elementor-widget-heading .elementor-heading-title.elementor-size-small{font-size:15px}.elementor-widget-heading .elementor-heading-title.elementor-size-medium{font-size:19px}.elementor-widget-heading .elementor-heading-title.elementor-size-large{font-size:29px}.elementor-widget-heading .elementor-heading-title.elementor-size-xl{font-size:39px}.elementor-widget-heading .elementor-heading-title.elementor-size-xxl{font-size:59px}<\/style><h2 class=\"elementor-heading-title elementor-size-default\">Monuments and religious buildings<\/h2>\t\t<\/div>\n\t\t\t\t<\/div>\n\t\t\t\t<div class=\"elementor-element elementor-element-c2a23e0 elementor-widget-divider--view-line_icon elementor-view-default elementor-widget-divider--element-align-center elementor-widget elementor-widget-divider\" data-id=\"c2a23e0\" data-element_type=\"widget\" data-widget_type=\"divider.default\">\n\t\t\t\t<div class=\"elementor-widget-container\">\n\t\t\t<style>\/*! elementor - v3.18.0 - 20-12-2023 *\/\n.elementor-widget-divider{--divider-border-style:none;--divider-border-width:1px;--divider-color:#0c0d0e;--divider-icon-size:20px;--divider-element-spacing:10px;--divider-pattern-height:24px;--divider-pattern-size:20px;--divider-pattern-url:none;--divider-pattern-repeat:repeat-x}.elementor-widget-divider .elementor-divider{display:flex}.elementor-widget-divider .elementor-divider__text{font-size:15px;line-height:1;max-width:95%}.elementor-widget-divider .elementor-divider__element{margin:0 var(--divider-element-spacing);flex-shrink:0}.elementor-widget-divider .elementor-icon{font-size:var(--divider-icon-size)}.elementor-widget-divider .elementor-divider-separator{display:flex;margin:0;direction:ltr}.elementor-widget-divider--view-line_icon .elementor-divider-separator,.elementor-widget-divider--view-line_text .elementor-divider-separator{align-items:center}.elementor-widget-divider--view-line_icon .elementor-divider-separator:after,.elementor-widget-divider--view-line_icon .elementor-divider-separator:before,.elementor-widget-divider--view-line_text .elementor-divider-separator:after,.elementor-widget-divider--view-line_text .elementor-divider-separator:before{display:block;content:\"\";border-bottom:0;flex-grow:1;border-top:var(--divider-border-width) var(--divider-border-style) var(--divider-color)}.elementor-widget-divider--element-align-left .elementor-divider .elementor-divider-separator>.elementor-divider__svg:first-of-type{flex-grow:0;flex-shrink:100}.elementor-widget-divider--element-align-left .elementor-divider-separator:before{content:none}.elementor-widget-divider--element-align-left .elementor-divider__element{margin-left:0}.elementor-widget-divider--element-align-right .elementor-divider .elementor-divider-separator>.elementor-divider__svg:last-of-type{flex-grow:0;flex-shrink:100}.elementor-widget-divider--element-align-right .elementor-divider-separator:after{content:none}.elementor-widget-divider--element-align-right .elementor-divider__element{margin-right:0}.elementor-widget-divider:not(.elementor-widget-divider--view-line_text):not(.elementor-widget-divider--view-line_icon) .elementor-divider-separator{border-top:var(--divider-border-width) var(--divider-border-style) var(--divider-color)}.elementor-widget-divider--separator-type-pattern{--divider-border-style:none}.elementor-widget-divider--separator-type-pattern.elementor-widget-divider--view-line .elementor-divider-separator,.elementor-widget-divider--separator-type-pattern:not(.elementor-widget-divider--view-line) .elementor-divider-separator:after,.elementor-widget-divider--separator-type-pattern:not(.elementor-widget-divider--view-line) .elementor-divider-separator:before,.elementor-widget-divider--separator-type-pattern:not([class*=elementor-widget-divider--view]) .elementor-divider-separator{width:100%;min-height:var(--divider-pattern-height);-webkit-mask-size:var(--divider-pattern-size) 100%;mask-size:var(--divider-pattern-size) 100%;-webkit-mask-repeat:var(--divider-pattern-repeat);mask-repeat:var(--divider-pattern-repeat);background-color:var(--divider-color);-webkit-mask-image:var(--divider-pattern-url);mask-image:var(--divider-pattern-url)}.elementor-widget-divider--no-spacing{--divider-pattern-size:auto}.elementor-widget-divider--bg-round{--divider-pattern-repeat:round}.rtl .elementor-widget-divider .elementor-divider__text{direction:rtl}.e-con-inner>.elementor-widget-divider,.e-con>.elementor-widget-divider{width:var(--container-widget-width,100%);--flex-grow:var(--container-widget-flex-grow)}<\/style>\t\t<div class=\"elementor-divider\">\n\t\t\t<span class=\"elementor-divider-separator\">\n\t\t\t\t\t\t\t<div class=\"elementor-icon elementor-divider__element\">\n\t\t\t\t\t<svg xmlns=\"http:\/\/www.w3.org\/2000\/svg\" width=\"26.93\" height=\"26.93\" viewBox=\"0 0 26.93 26.93\"><g id=\"Kompozycja_26\" data-name=\"Kompozycja 26\" transform=\"translate(26.935 13.465) rotate(135)\"><g id=\"Group_42\" data-name=\"Group 42\"><path id=\"Path_643\" data-name=\"Path 643\" d=\"M0,0V8.46H2.116V2.116H8.456V0Z\" fill=\"#3faa35\"><\/path><path id=\"Path_644\" data-name=\"Path 644\" d=\"M2.118,2.116H8.468V0H0V8.457H2.118Z\" transform=\"translate(10.578 0)\" fill=\"#3faa35\"><\/path><path id=\"Path_645\" data-name=\"Path 645\" d=\"M0,0V8.468H2.116V2.118H8.456V0Z\" transform=\"translate(0 10.578)\" fill=\"#3faa35\"><\/path><path id=\"Path_646\" data-name=\"Path 646\" d=\"M2.118,2.118H8.468V0H0V8.468H2.118Z\" transform=\"translate(10.578 10.578)\" fill=\"#3faa35\"><\/path><\/g><\/g><\/svg><\/div>\n\t\t\t\t\t\t<\/span>\n\t\t<\/div>\n\t\t\t\t<\/div>\n\t\t\t\t<\/div>\n\t\t\t\t<section class=\"elementor-section elementor-inner-section elementor-element elementor-element-f48fd0f elementor-section-boxed elementor-section-height-default elementor-section-height-default\" data-id=\"f48fd0f\" data-element_type=\"section\">\n\t\t\t\t\t\t<div class=\"elementor-container elementor-column-gap-default\">\n\t\t\t\t\t<div class=\"elementor-column elementor-col-50 elementor-inner-column elementor-element elementor-element-bcef271\" data-id=\"bcef271\" data-element_type=\"column\">\n\t\t\t<div class=\"elementor-widget-wrap elementor-element-populated\">\n\t\t\t\t\t\t\t\t<div class=\"elementor-element elementor-element-4c8ade0 elementor-widget elementor-widget-video\" data-id=\"4c8ade0\" data-element_type=\"widget\" data-settings=\"{&quot;video_type&quot;:&quot;hosted&quot;,&quot;show_image_overlay&quot;:&quot;yes&quot;,&quot;image_overlay&quot;:{&quot;url&quot;:&quot;https:\\\/\\\/cdm-okna.pl\\\/wp-content\\\/uploads\\\/2022\\\/10\\\/Zrzut-ekranu-2022-10-24-194529.jpg&quot;,&quot;id&quot;:14699,&quot;size&quot;:&quot;&quot;,&quot;alt&quot;:&quot;&quot;,&quot;source&quot;:&quot;library&quot;},&quot;controls&quot;:&quot;yes&quot;}\" data-widget_type=\"video.default\">\n\t\t\t\t<div class=\"elementor-widget-container\">\n\t\t\t<style>\/*! elementor - v3.18.0 - 20-12-2023 *\/\n.elementor-widget-video .elementor-widget-container{overflow:hidden;transform:translateZ(0)}.elementor-widget-video .elementor-wrapper{aspect-ratio:var(--video-aspect-ratio)}.elementor-widget-video .elementor-wrapper iframe,.elementor-widget-video .elementor-wrapper video{height:100%;width:100%;display:flex;border:none;background-color:#000}@supports not (aspect-ratio:1\/1){.elementor-widget-video .elementor-wrapper{position:relative;overflow:hidden;height:0;padding-bottom:calc(100% \/ var(--video-aspect-ratio))}.elementor-widget-video .elementor-wrapper iframe,.elementor-widget-video .elementor-wrapper video{position:absolute;top:0;right:0;bottom:0;left:0}}.elementor-widget-video .elementor-open-inline .elementor-custom-embed-image-overlay{position:absolute;top:0;right:0;bottom:0;left:0;background-size:cover;background-position:50%}.elementor-widget-video .elementor-custom-embed-image-overlay{cursor:pointer;text-align:center}.elementor-widget-video .elementor-custom-embed-image-overlay:hover .elementor-custom-embed-play i{opacity:1}.elementor-widget-video .elementor-custom-embed-image-overlay img{display:block;width:100%;aspect-ratio:var(--video-aspect-ratio);-o-object-fit:cover;object-fit:cover;-o-object-position:center center;object-position:center center}@supports not (aspect-ratio:1\/1){.elementor-widget-video .elementor-custom-embed-image-overlay{position:relative;overflow:hidden;height:0;padding-bottom:calc(100% \/ var(--video-aspect-ratio))}.elementor-widget-video .elementor-custom-embed-image-overlay img{position:absolute;top:0;right:0;bottom:0;left:0}}.elementor-widget-video .e-hosted-video .elementor-video{-o-object-fit:cover;object-fit:cover}.e-con-inner>.elementor-widget-video,.e-con>.elementor-widget-video{width:var(--container-widget-width);--flex-grow:var(--container-widget-flex-grow)}<\/style>\t\t<div class=\"e-hosted-video elementor-wrapper elementor-open-inline\">\n\t\t\t\t\t<video class=\"elementor-video\" src=\"https:\/\/cdm-okna.pl\/wp-content\/uploads\/2022\/10\/Serock-Dom-Picassa_zmiaana.mp4\" controls=\"\" preload=\"metadata\" controlsList=\"nodownload\" poster=\"https:\/\/cdm-okna.pl\/wp-content\/uploads\/2022\/10\/Zrzut-ekranu-2022-10-24-194529.jpg\"><\/video>\n\t\t\t\t\t\t<div class=\"elementor-custom-embed-image-overlay\" style=\"background-image: url(https:\/\/cdm-okna.pl\/wp-content\/uploads\/2022\/10\/Zrzut-ekranu-2022-10-24-194529.jpg);\">\n\t\t\t\t\t\t\t\t\t\t\t\t\t\t\t\t<div class=\"elementor-custom-embed-play\" role=\"button\" aria-label=\"Play Video\" tabindex=\"0\">\n\t\t\t\t\t\t\t<i aria-hidden=\"true\" class=\"eicon-play\"><\/i>\t\t\t\t\t\t\t<span class=\"elementor-screen-only\">Play Video<\/span>\n\t\t\t\t\t\t<\/div>\n\t\t\t\t\t\t\t\t\t<\/div>\n\t\t\t\t\t<\/div>\n\t\t\t\t<\/div>\n\t\t\t\t<\/div>\n\t\t\t\t\t<\/div>\n\t\t<\/div>\n\t\t\t\t<div class=\"elementor-column elementor-col-50 elementor-inner-column elementor-element elementor-element-a13c4aa\" data-id=\"a13c4aa\" data-element_type=\"column\">\n\t\t\t<div class=\"elementor-widget-wrap elementor-element-populated\">\n\t\t\t\t\t\t\t\t<div class=\"elementor-element elementor-element-50cb3b7 elementor-widget elementor-widget-video\" data-id=\"50cb3b7\" data-element_type=\"widget\" data-settings=\"{&quot;video_type&quot;:&quot;hosted&quot;,&quot;show_image_overlay&quot;:&quot;yes&quot;,&quot;image_overlay&quot;:{&quot;url&quot;:&quot;https:\\\/\\\/cdm-okna.pl\\\/wp-content\\\/uploads\\\/2022\\\/10\\\/Zrzut-ekranu-2022-10-24-200041.jpg&quot;,&quot;id&quot;:14703,&quot;size&quot;:&quot;&quot;,&quot;alt&quot;:&quot;&quot;,&quot;source&quot;:&quot;library&quot;},&quot;controls&quot;:&quot;yes&quot;}\" data-widget_type=\"video.default\">\n\t\t\t\t<div class=\"elementor-widget-container\">\n\t\t\t\t\t<div class=\"e-hosted-video elementor-wrapper elementor-open-inline\">\n\t\t\t\t\t<video class=\"elementor-video\" src=\"https:\/\/cdm-okna.pl\/wp-content\/uploads\/2022\/10\/Pensjonat-Abrama-Gurewicza-w-Otwocku_zmiana.mp4\" controls=\"\" preload=\"metadata\" controlsList=\"nodownload\" poster=\"https:\/\/cdm-okna.pl\/wp-content\/uploads\/2022\/10\/Zrzut-ekranu-2022-10-24-200041.jpg\"><\/video>\n\t\t\t\t\t\t<div class=\"elementor-custom-embed-image-overlay\" style=\"background-image: url(https:\/\/cdm-okna.pl\/wp-content\/uploads\/2022\/10\/Zrzut-ekranu-2022-10-24-200041.jpg);\">\n\t\t\t\t\t\t\t\t\t\t\t\t\t\t\t\t<div class=\"elementor-custom-embed-play\" role=\"button\" aria-label=\"Play Video\" tabindex=\"0\">\n\t\t\t\t\t\t\t<i aria-hidden=\"true\" class=\"eicon-play\"><\/i>\t\t\t\t\t\t\t<span class=\"elementor-screen-only\">Play Video<\/span>\n\t\t\t\t\t\t<\/div>\n\t\t\t\t\t\t\t\t\t<\/div>\n\t\t\t\t\t<\/div>\n\t\t\t\t<\/div>\n\t\t\t\t<\/div>\n\t\t\t\t\t<\/div>\n\t\t<\/div>\n\t\t\t\t\t\t\t<\/div>\n\t\t<\/section>\n\t\t\t\t<section class=\"elementor-section elementor-inner-section elementor-element elementor-element-7cb8b11 animated-slow elementor-section-boxed elementor-section-height-default elementor-section-height-default elementor-invisible\" data-id=\"7cb8b11\" data-element_type=\"section\" data-settings=\"{&quot;animation&quot;:&quot;fadeIn&quot;,&quot;animation_delay&quot;:200}\">\n\t\t\t\t\t\t<div class=\"elementor-container elementor-column-gap-default\">\n\t\t\t\t\t<div class=\"elementor-column elementor-col-25 elementor-inner-column elementor-element elementor-element-8c971e9\" data-id=\"8c971e9\" data-element_type=\"column\">\n\t\t\t<div class=\"elementor-widget-wrap elementor-element-populated\">\n\t\t\t\t\t\t\t\t<div class=\"elementor-element elementor-element-86a1794 elementor-widget elementor-widget-image\" data-id=\"86a1794\" data-element_type=\"widget\" data-widget_type=\"image.default\">\n\t\t\t\t<div class=\"elementor-widget-container\">\n\t\t\t\t\t\t\t\t\t\t\t\t\t\t\t\t<a href=\"\/en\/monuments-and-objects\/palace-in-trzebiechow\/\">\n\t\t\t\t\t\t\t<img decoding=\"async\" width=\"580\" height=\"387\" src=\"https:\/\/cdm-okna.pl\/wp-content\/uploads\/2026\/02\/Szkola-5-z-202-1-1024x683.jpg\" class=\"attachment-large size-large wp-image-18136\" alt=\"\" srcset=\"https:\/\/cdm-okna.pl\/wp-content\/uploads\/2026\/02\/Szkola-5-z-202-1-1024x683.jpg 1024w, https:\/\/cdm-okna.pl\/wp-content\/uploads\/2026\/02\/Szkola-5-z-202-1-300x200.jpg 300w, https:\/\/cdm-okna.pl\/wp-content\/uploads\/2026\/02\/Szkola-5-z-202-1-768x512.jpg 768w, https:\/\/cdm-okna.pl\/wp-content\/uploads\/2026\/02\/Szkola-5-z-202-1-1200x800.jpg 1200w, https:\/\/cdm-okna.pl\/wp-content\/uploads\/2026\/02\/Szkola-5-z-202-1.jpg 1500w\" sizes=\"(max-width: 580px) 100vw, 580px\" \/>\t\t\t\t\t\t\t\t<\/a>\n\t\t\t\t\t\t\t\t\t\t\t\t\t\t\t<\/div>\n\t\t\t\t<\/div>\n\t\t\t\t<div class=\"elementor-element elementor-element-252460b elementor-widget elementor-widget-text-editor\" data-id=\"252460b\" data-element_type=\"widget\" data-widget_type=\"text-editor.default\">\n\t\t\t\t<div class=\"elementor-widget-container\">\n\t\t\t<style>\/*! elementor - v3.18.0 - 20-12-2023 *\/\n.elementor-widget-text-editor.elementor-drop-cap-view-stacked .elementor-drop-cap{background-color:#69727d;color:#fff}.elementor-widget-text-editor.elementor-drop-cap-view-framed .elementor-drop-cap{color:#69727d;border:3px solid;background-color:transparent}.elementor-widget-text-editor:not(.elementor-drop-cap-view-default) .elementor-drop-cap{margin-top:8px}.elementor-widget-text-editor:not(.elementor-drop-cap-view-default) .elementor-drop-cap-letter{width:1em;height:1em}.elementor-widget-text-editor .elementor-drop-cap{float:left;text-align:center;line-height:1;font-size:50px}.elementor-widget-text-editor .elementor-drop-cap-letter{display:inline-block}<\/style>\t\t\t\t<p><a href=\"\/en\/monuments-and-objects\/palace-in-trzebiechow\/\">PALACE IN TRZEBIECH\u00d3W<\/a><\/p>\t\t\t\t\t\t<\/div>\n\t\t\t\t<\/div>\n\t\t\t\t\t<\/div>\n\t\t<\/div>\n\t\t\t\t<div class=\"elementor-column elementor-col-25 elementor-inner-column elementor-element elementor-element-49e03ac\" data-id=\"49e03ac\" data-element_type=\"column\">\n\t\t\t<div class=\"elementor-widget-wrap elementor-element-populated\">\n\t\t\t\t\t\t\t\t<div class=\"elementor-element elementor-element-4230f9f elementor-widget elementor-widget-image\" data-id=\"4230f9f\" data-element_type=\"widget\" data-widget_type=\"image.default\">\n\t\t\t\t<div class=\"elementor-widget-container\">\n\t\t\t\t\t\t\t\t\t\t\t\t\t\t\t\t<a href=\"\/en\/monuments-and-objects\/warsaw-the-palace-of-culture-and-science\/\">\n\t\t\t\t\t\t\t<img loading=\"lazy\" decoding=\"async\" width=\"580\" height=\"386\" src=\"https:\/\/cdm-okna.pl\/wp-content\/uploads\/2022\/01\/56.jpg\" class=\"attachment-large size-large wp-image-5023\" alt=\"Pa\u0142ac Kultury i Nauki w Warszawie to monumentalny wie\u017cowiec z zegarem i iglic\u0105, \u0142\u0105cz\u0105cy styl socrealistyczny z art d\u00e9co. Budynek dominuje nad panoram\u0105 miasta i jest jednym z jego najbardziej rozpoznawalnych symboli.\" srcset=\"https:\/\/cdm-okna.pl\/wp-content\/uploads\/2022\/01\/56.jpg 800w, https:\/\/cdm-okna.pl\/wp-content\/uploads\/2022\/01\/56-300x200.jpg 300w, https:\/\/cdm-okna.pl\/wp-content\/uploads\/2022\/01\/56-768x512.jpg 768w\" sizes=\"(max-width: 580px) 100vw, 580px\" \/>\t\t\t\t\t\t\t\t<\/a>\n\t\t\t\t\t\t\t\t\t\t\t\t\t\t\t<\/div>\n\t\t\t\t<\/div>\n\t\t\t\t<div class=\"elementor-element elementor-element-b41f34e elementor-widget elementor-widget-text-editor\" data-id=\"b41f34e\" data-element_type=\"widget\" data-widget_type=\"text-editor.default\">\n\t\t\t\t<div class=\"elementor-widget-container\">\n\t\t\t\t\t\t\t<p><a href=\"\/en\/monuments-and-objects\/warsaw-the-palace-of-culture-and-science\/\">WARSAW \u2013 THE PALACE OF CULTURE AND SCIENCE<\/a><\/p>\t\t\t\t\t\t<\/div>\n\t\t\t\t<\/div>\n\t\t\t\t\t<\/div>\n\t\t<\/div>\n\t\t\t\t<div class=\"elementor-column elementor-col-25 elementor-inner-column elementor-element elementor-element-eb5727a\" data-id=\"eb5727a\" data-element_type=\"column\">\n\t\t\t<div class=\"elementor-widget-wrap elementor-element-populated\">\n\t\t\t\t\t\t\t\t<div class=\"elementor-element elementor-element-a8d10fc elementor-widget elementor-widget-image\" data-id=\"a8d10fc\" data-element_type=\"widget\" data-widget_type=\"image.default\">\n\t\t\t\t<div class=\"elementor-widget-container\">\n\t\t\t\t\t\t\t\t\t\t\t\t\t\t\t\t<a href=\"\/en\/monuments-and-objects\/sanniki-the-palace\/\">\n\t\t\t\t\t\t\t<img loading=\"lazy\" decoding=\"async\" width=\"580\" height=\"326\" src=\"https:\/\/cdm-okna.pl\/wp-content\/uploads\/2022\/06\/1-1024x576.jpg\" class=\"attachment-large size-large wp-image-8197\" alt=\"Du\u017cy, elegancki bia\u0142y budynek o klasycznej architekturze z wie\u017c\u0105 po prawej stronie, \u0142ukowatymi oknami i przestronnym balkonem z ozdobn\u0105 balustrad\u0105; na pierwszym planie zadbane trawniki i \u015bcie\u017cki, w tle niebo z lekkim zachmurzeniem.\" srcset=\"https:\/\/cdm-okna.pl\/wp-content\/uploads\/2022\/06\/1-1024x576.jpg 1024w, https:\/\/cdm-okna.pl\/wp-content\/uploads\/2022\/06\/1-300x169.jpg 300w, https:\/\/cdm-okna.pl\/wp-content\/uploads\/2022\/06\/1-768x432.jpg 768w, https:\/\/cdm-okna.pl\/wp-content\/uploads\/2022\/06\/1-1536x864.jpg 1536w, https:\/\/cdm-okna.pl\/wp-content\/uploads\/2022\/06\/1-1200x675.jpg 1200w, https:\/\/cdm-okna.pl\/wp-content\/uploads\/2022\/06\/1.jpg 1920w\" sizes=\"(max-width: 580px) 100vw, 580px\" \/>\t\t\t\t\t\t\t\t<\/a>\n\t\t\t\t\t\t\t\t\t\t\t\t\t\t\t<\/div>\n\t\t\t\t<\/div>\n\t\t\t\t<div class=\"elementor-element elementor-element-0618e83 elementor-widget elementor-widget-text-editor\" data-id=\"0618e83\" data-element_type=\"widget\" data-widget_type=\"text-editor.default\">\n\t\t\t\t<div class=\"elementor-widget-container\">\n\t\t\t\t\t\t\t<p><a href=\"\/en\/monuments-and-objects\/sanniki-the-palace\/\">SANNIKI \u2013 THE PALACE<\/a><\/p>\t\t\t\t\t\t<\/div>\n\t\t\t\t<\/div>\n\t\t\t\t\t<\/div>\n\t\t<\/div>\n\t\t\t\t<div class=\"elementor-column elementor-col-25 elementor-inner-column elementor-element elementor-element-5ec7875 elementor-hidden-tablet elementor-hidden-mobile\" data-id=\"5ec7875\" data-element_type=\"column\">\n\t\t\t<div class=\"elementor-widget-wrap elementor-element-populated\">\n\t\t\t\t\t\t\t\t<div class=\"elementor-element elementor-element-1ced7eb elementor-widget elementor-widget-image\" data-id=\"1ced7eb\" data-element_type=\"widget\" data-widget_type=\"image.default\">\n\t\t\t\t<div class=\"elementor-widget-container\">\n\t\t\t\t\t\t\t\t\t\t\t\t\t\t\t\t<a href=\"\/en\/monuments-and-objects\/otwock-the-gurewicz-sanatorium\/\">\n\t\t\t\t\t\t\t<img loading=\"lazy\" decoding=\"async\" width=\"580\" height=\"386\" src=\"https:\/\/cdm-okna.pl\/wp-content\/uploads\/2021\/12\/Pensjonat-Gurewicza-1-e1639061699563.jpeg\" class=\"attachment-large size-large wp-image-2775\" alt=\"Budynek Pensjonatu Gurewicza w Otwocku, o jasnej elewacji i niebieskim dachu, z wieloma oknami i bogato zdobionymi drewnianymi balkonami.\" srcset=\"https:\/\/cdm-okna.pl\/wp-content\/uploads\/2021\/12\/Pensjonat-Gurewicza-1-e1639061699563.jpeg 914w, https:\/\/cdm-okna.pl\/wp-content\/uploads\/2021\/12\/Pensjonat-Gurewicza-1-e1639061699563-300x200.jpeg 300w, https:\/\/cdm-okna.pl\/wp-content\/uploads\/2021\/12\/Pensjonat-Gurewicza-1-e1639061699563-768x512.jpeg 768w\" sizes=\"(max-width: 580px) 100vw, 580px\" \/>\t\t\t\t\t\t\t\t<\/a>\n\t\t\t\t\t\t\t\t\t\t\t\t\t\t\t<\/div>\n\t\t\t\t<\/div>\n\t\t\t\t<div class=\"elementor-element elementor-element-34c8e93 elementor-widget elementor-widget-text-editor\" data-id=\"34c8e93\" data-element_type=\"widget\" data-widget_type=\"text-editor.default\">\n\t\t\t\t<div class=\"elementor-widget-container\">\n\t\t\t\t\t\t\t<p><a href=\"\/en\/monuments-and-objects\/otwock-the-gurewicz-sanatorium\/\">OTWOCK \u2013 THE GUREWICZ SANATORIUM<\/a><\/p>\t\t\t\t\t\t<\/div>\n\t\t\t\t<\/div>\n\t\t\t\t\t<\/div>\n\t\t<\/div>\n\t\t\t\t\t\t\t<\/div>\n\t\t<\/section>\n\t\t\t\t<section class=\"elementor-section elementor-inner-section elementor-element elementor-element-d89b2e1 animated-slow elementor-section-boxed elementor-section-height-default elementor-section-height-default elementor-invisible\" data-id=\"d89b2e1\" data-element_type=\"section\" data-settings=\"{&quot;animation&quot;:&quot;fadeIn&quot;,&quot;animation_delay&quot;:400}\">\n\t\t\t\t\t\t<div class=\"elementor-container elementor-column-gap-default\">\n\t\t\t\t\t<div class=\"elementor-column elementor-col-25 elementor-inner-column elementor-element elementor-element-3e0f218\" data-id=\"3e0f218\" data-element_type=\"column\">\n\t\t\t<div class=\"elementor-widget-wrap elementor-element-populated\">\n\t\t\t\t\t\t\t\t<div class=\"elementor-element elementor-element-9b007fe elementor-widget elementor-widget-image\" data-id=\"9b007fe\" data-element_type=\"widget\" data-widget_type=\"image.default\">\n\t\t\t\t<div class=\"elementor-widget-container\">\n\t\t\t\t\t\t\t\t\t\t\t\t\t\t\t\t<a href=\"\/en\/monuments-and-objects\/ketrzyn-the-community-centre\/\">\n\t\t\t\t\t\t\t<img loading=\"lazy\" decoding=\"async\" width=\"580\" height=\"326\" src=\"https:\/\/cdm-okna.pl\/wp-content\/uploads\/2022\/06\/1-1-1024x576.jpg\" class=\"attachment-large size-large wp-image-8232\" alt=\"Trzypi\u0119trowy budynek z bia\u0142\u0105 elewacj\u0105 i czerwonymi ceglanymi akcentami wok\u00f3\u0142 okien i naro\u017cnik\u00f3w; okna z drewnianymi ramami, na parterze czerwone drzwi; dach pokryty czerwonymi dach\u00f3wkami, na pierwszym planie drzewa cz\u0119\u015bciowo zas\u0142aniaj\u0105ce widok.\" srcset=\"https:\/\/cdm-okna.pl\/wp-content\/uploads\/2022\/06\/1-1-1024x576.jpg 1024w, https:\/\/cdm-okna.pl\/wp-content\/uploads\/2022\/06\/1-1-300x169.jpg 300w, https:\/\/cdm-okna.pl\/wp-content\/uploads\/2022\/06\/1-1-768x432.jpg 768w, https:\/\/cdm-okna.pl\/wp-content\/uploads\/2022\/06\/1-1-1536x864.jpg 1536w, https:\/\/cdm-okna.pl\/wp-content\/uploads\/2022\/06\/1-1-1200x675.jpg 1200w, https:\/\/cdm-okna.pl\/wp-content\/uploads\/2022\/06\/1-1.jpg 1920w\" sizes=\"(max-width: 580px) 100vw, 580px\" \/>\t\t\t\t\t\t\t\t<\/a>\n\t\t\t\t\t\t\t\t\t\t\t\t\t\t\t<\/div>\n\t\t\t\t<\/div>\n\t\t\t\t<div class=\"elementor-element elementor-element-6b38808 elementor-widget elementor-widget-text-editor\" data-id=\"6b38808\" data-element_type=\"widget\" data-widget_type=\"text-editor.default\">\n\t\t\t\t<div class=\"elementor-widget-container\">\n\t\t\t\t\t\t\t<p><a href=\"\/en\/monuments-and-objects\/ketrzyn-the-community-centre\/\">K\u0118TRZYN \u2013 THE COMMUNITY CENTRE<\/a><\/p>\t\t\t\t\t\t<\/div>\n\t\t\t\t<\/div>\n\t\t\t\t\t<\/div>\n\t\t<\/div>\n\t\t\t\t<div class=\"elementor-column elementor-col-25 elementor-inner-column elementor-element elementor-element-9c6bd1c\" data-id=\"9c6bd1c\" data-element_type=\"column\">\n\t\t\t<div class=\"elementor-widget-wrap elementor-element-populated\">\n\t\t\t\t\t\t\t\t<div class=\"elementor-element elementor-element-6adfda7 elementor-widget elementor-widget-image\" data-id=\"6adfda7\" data-element_type=\"widget\" data-widget_type=\"image.default\">\n\t\t\t\t<div class=\"elementor-widget-container\">\n\t\t\t\t\t\t\t\t\t\t\t\t\t\t\t\t<a href=\"\/en\/monuments-and-objects\/ciechocinek-the-targon-hotel\/\">\n\t\t\t\t\t\t\t<img loading=\"lazy\" decoding=\"async\" width=\"580\" height=\"323\" src=\"https:\/\/cdm-okna.pl\/wp-content\/uploads\/2021\/12\/Ciechocinek_Hotel-Targon_01.jpeg\" class=\"attachment-large size-large wp-image-2829\" alt=\"Du\u017cy bia\u0142y budynek z czerwonym dachem i wieloma \u0142ukowatymi oknami, z centralnym wej\u015bciem oznaczonym napisem \u201eTARGON\u201d, otoczony drzewami i zaparkowanymi samochodami.\" srcset=\"https:\/\/cdm-okna.pl\/wp-content\/uploads\/2021\/12\/Ciechocinek_Hotel-Targon_01.jpeg 950w, https:\/\/cdm-okna.pl\/wp-content\/uploads\/2021\/12\/Ciechocinek_Hotel-Targon_01-300x167.jpeg 300w, https:\/\/cdm-okna.pl\/wp-content\/uploads\/2021\/12\/Ciechocinek_Hotel-Targon_01-768x428.jpeg 768w\" sizes=\"(max-width: 580px) 100vw, 580px\" \/>\t\t\t\t\t\t\t\t<\/a>\n\t\t\t\t\t\t\t\t\t\t\t\t\t\t\t<\/div>\n\t\t\t\t<\/div>\n\t\t\t\t<div class=\"elementor-element elementor-element-793a488 elementor-widget elementor-widget-text-editor\" data-id=\"793a488\" data-element_type=\"widget\" data-widget_type=\"text-editor.default\">\n\t\t\t\t<div class=\"elementor-widget-container\">\n\t\t\t\t\t\t\t<p><a href=\"\/en\/monuments-and-objects\/ciechocinek-the-targon-hotel\/\">CIECHOCINEK \u2013 THE TARGON HOTEL<\/a><\/p>\t\t\t\t\t\t<\/div>\n\t\t\t\t<\/div>\n\t\t\t\t\t<\/div>\n\t\t<\/div>\n\t\t\t\t<div class=\"elementor-column elementor-col-25 elementor-inner-column elementor-element elementor-element-6fa6cd6\" data-id=\"6fa6cd6\" data-element_type=\"column\">\n\t\t\t<div class=\"elementor-widget-wrap elementor-element-populated\">\n\t\t\t\t\t\t\t\t<div class=\"elementor-element elementor-element-4578f27 elementor-widget elementor-widget-image\" data-id=\"4578f27\" data-element_type=\"widget\" data-widget_type=\"image.default\">\n\t\t\t\t<div class=\"elementor-widget-container\">\n\t\t\t\t\t\t\t\t\t\t\t\t\t\t\t\t<a href=\"\/en\/monuments-and-objects\/france\/\">\n\t\t\t\t\t\t\t<img loading=\"lazy\" decoding=\"async\" width=\"580\" height=\"389\" src=\"https:\/\/cdm-okna.pl\/wp-content\/uploads\/2022\/09\/1-1-1024x686.jpg\" class=\"attachment-large size-large wp-image-13907\" alt=\"Zewn\u0119trzna elewacja budynku z jasn\u0105, miejscami zniszczon\u0105 fasad\u0105, szarym dachem z \u0142upka i dwoma tr\u00f3jk\u0105tnymi lukarnami; cztery du\u017ce prostok\u0105tne okna z czerwonymi ramami i bia\u0142ymi obramowaniami; u podstawy \u015bciany niewielki ogr\u00f3dek z zielonymi ro\u015blinami.\" srcset=\"https:\/\/cdm-okna.pl\/wp-content\/uploads\/2022\/09\/1-1-1024x686.jpg 1024w, https:\/\/cdm-okna.pl\/wp-content\/uploads\/2022\/09\/1-1-300x201.jpg 300w, https:\/\/cdm-okna.pl\/wp-content\/uploads\/2022\/09\/1-1-768x515.jpg 768w, https:\/\/cdm-okna.pl\/wp-content\/uploads\/2022\/09\/1-1.jpg 1183w\" sizes=\"(max-width: 580px) 100vw, 580px\" \/>\t\t\t\t\t\t\t\t<\/a>\n\t\t\t\t\t\t\t\t\t\t\t\t\t\t\t<\/div>\n\t\t\t\t<\/div>\n\t\t\t\t<div class=\"elementor-element elementor-element-cea4b8a elementor-widget elementor-widget-text-editor\" data-id=\"cea4b8a\" data-element_type=\"widget\" data-widget_type=\"text-editor.default\">\n\t\t\t\t<div class=\"elementor-widget-container\">\n\t\t\t\t\t\t\t<p><a href=\"https:\/\/cdm-okna.pl\/en\/monuments-and-objects\/france\/\">FRANCE<\/a><\/p>\t\t\t\t\t\t<\/div>\n\t\t\t\t<\/div>\n\t\t\t\t\t<\/div>\n\t\t<\/div>\n\t\t\t\t<div class=\"elementor-column elementor-col-25 elementor-inner-column elementor-element elementor-element-45fb4b2\" data-id=\"45fb4b2\" data-element_type=\"column\">\n\t\t\t<div class=\"elementor-widget-wrap elementor-element-populated\">\n\t\t\t\t\t\t\t\t<div class=\"elementor-element elementor-element-23b5b66 elementor-widget elementor-widget-image\" data-id=\"23b5b66\" data-element_type=\"widget\" data-widget_type=\"image.default\">\n\t\t\t\t<div class=\"elementor-widget-container\">\n\t\t\t\t\t\t\t\t\t\t\t\t\t\t\t\t<a href=\"\/en\/monuments-and-objects\/bialystok-the-becker-palace\/\">\n\t\t\t\t\t\t\t<img loading=\"lazy\" decoding=\"async\" width=\"580\" height=\"386\" src=\"https:\/\/cdm-okna.pl\/wp-content\/uploads\/2021\/11\/PalacBeckera_03.jpeg\" class=\"attachment-large size-large wp-image-1195\" alt=\"Pa\u0142ac Beckera w Bia\u0142ymstoku \u2014 zabytkowy budynek z czerwon\u0105 ceglan\u0105 elewacj\u0105 i be\u017cowymi detalami dekoracyjnymi, z licznymi oknami o ozdobnych obramowaniach, balkonem po lewej stronie i okr\u0105g\u0142\u0105 wie\u017c\u0105 po prawej. Dach ciemny, z lukarnami i dekoracyjnymi iglicami.\" srcset=\"https:\/\/cdm-okna.pl\/wp-content\/uploads\/2021\/11\/PalacBeckera_03.jpeg 950w, https:\/\/cdm-okna.pl\/wp-content\/uploads\/2021\/11\/PalacBeckera_03-300x200.jpeg 300w, https:\/\/cdm-okna.pl\/wp-content\/uploads\/2021\/11\/PalacBeckera_03-768x512.jpeg 768w\" sizes=\"(max-width: 580px) 100vw, 580px\" \/>\t\t\t\t\t\t\t\t<\/a>\n\t\t\t\t\t\t\t\t\t\t\t\t\t\t\t<\/div>\n\t\t\t\t<\/div>\n\t\t\t\t<div class=\"elementor-element elementor-element-24df7b9 elementor-widget elementor-widget-text-editor\" data-id=\"24df7b9\" data-element_type=\"widget\" data-widget_type=\"text-editor.default\">\n\t\t\t\t<div class=\"elementor-widget-container\">\n\t\t\t\t\t\t\t<p><a href=\"\/en\/monuments-and-objects\/bialystok-the-becker-palace\/\">BIA\u0141YSTOK \u2013 THE BECKER PALACE<\/a><\/p>\t\t\t\t\t\t<\/div>\n\t\t\t\t<\/div>\n\t\t\t\t\t<\/div>\n\t\t<\/div>\n\t\t\t\t\t\t\t<\/div>\n\t\t<\/section>\n\t\t\t\t<section class=\"elementor-section elementor-inner-section elementor-element elementor-element-751b7f6 animated-slow elementor-section-boxed elementor-section-height-default elementor-section-height-default elementor-invisible\" data-id=\"751b7f6\" data-element_type=\"section\" data-settings=\"{&quot;animation&quot;:&quot;fadeIn&quot;,&quot;animation_delay&quot;:600}\">\n\t\t\t\t\t\t<div class=\"elementor-container elementor-column-gap-default\">\n\t\t\t\t\t<div class=\"elementor-column elementor-col-25 elementor-inner-column elementor-element elementor-element-8f94478\" data-id=\"8f94478\" data-element_type=\"column\">\n\t\t\t<div class=\"elementor-widget-wrap elementor-element-populated\">\n\t\t\t\t\t\t\t\t<div class=\"elementor-element elementor-element-019c5c7 elementor-widget elementor-widget-image\" data-id=\"019c5c7\" data-element_type=\"widget\" data-widget_type=\"image.default\">\n\t\t\t\t<div class=\"elementor-widget-container\">\n\t\t\t\t\t\t\t\t\t\t\t\t\t\t\t\t<a href=\"\/en\/monuments-and-objects\/ketrzyn-the-mason-lodge\/\">\n\t\t\t\t\t\t\t<img loading=\"lazy\" decoding=\"async\" width=\"580\" height=\"386\" src=\"https:\/\/cdm-okna.pl\/wp-content\/uploads\/2021\/11\/LozaMasonska_03.jpeg\" class=\"attachment-large size-large wp-image-1194\" alt=\"Lo\u017ca maso\u0144ska w K\u0119trzynie \u2014 dwukondygnacyjny budynek z bia\u0142\u0105 elewacj\u0105 i oknami w czerwonych ramach, z naro\u017cnymi wie\u017cyczkami nadaj\u0105cymi mu wygl\u0105d przypominaj\u0105cy zamek. Przed budynkiem znak zakazu parkowania, w pobli\u017cu widoczne trzy osoby, otoczenie z drzewami, na niebie lekkie zachmurzenie.\" srcset=\"https:\/\/cdm-okna.pl\/wp-content\/uploads\/2021\/11\/LozaMasonska_03.jpeg 950w, https:\/\/cdm-okna.pl\/wp-content\/uploads\/2021\/11\/LozaMasonska_03-300x200.jpeg 300w, https:\/\/cdm-okna.pl\/wp-content\/uploads\/2021\/11\/LozaMasonska_03-768x512.jpeg 768w\" sizes=\"(max-width: 580px) 100vw, 580px\" \/>\t\t\t\t\t\t\t\t<\/a>\n\t\t\t\t\t\t\t\t\t\t\t\t\t\t\t<\/div>\n\t\t\t\t<\/div>\n\t\t\t\t<div class=\"elementor-element elementor-element-b01356d elementor-widget elementor-widget-text-editor\" data-id=\"b01356d\" data-element_type=\"widget\" data-widget_type=\"text-editor.default\">\n\t\t\t\t<div class=\"elementor-widget-container\">\n\t\t\t\t\t\t\t<p><a href=\"\/en\/monuments-and-objects\/ketrzyn-the-mason-lodge\/\">K\u0118TRZYN \u2013 THE MASON LODGE<\/a><\/p>\t\t\t\t\t\t<\/div>\n\t\t\t\t<\/div>\n\t\t\t\t\t<\/div>\n\t\t<\/div>\n\t\t\t\t<div class=\"elementor-column elementor-col-25 elementor-inner-column elementor-element elementor-element-6f0dbf1\" data-id=\"6f0dbf1\" data-element_type=\"column\">\n\t\t\t<div class=\"elementor-widget-wrap elementor-element-populated\">\n\t\t\t\t\t\t\t\t<div class=\"elementor-element elementor-element-2081601 elementor-widget elementor-widget-image\" data-id=\"2081601\" data-element_type=\"widget\" data-widget_type=\"image.default\">\n\t\t\t\t<div class=\"elementor-widget-container\">\n\t\t\t\t\t\t\t\t\t\t\t\t\t\t\t\t<a href=\"\/en\/monuments-and-objects\/ketrzyn-the-town-hall\/\">\n\t\t\t\t\t\t\t<img loading=\"lazy\" decoding=\"async\" width=\"580\" height=\"386\" src=\"https:\/\/cdm-okna.pl\/wp-content\/uploads\/2021\/12\/Ketrzyn_ratusz_01-1.jpeg\" class=\"attachment-large size-large wp-image-2849\" alt=\"Ceglany ratusz w K\u0119trzynie z wysokim, spadzistym dachem i wie\u017c\u0105 zegarow\u0105 ze strzelistym he\u0142mem. Budynek ma \u0142ukowe okna, a przed nim rosn\u0105 drzewa i zaparkowane s\u0105 samochody.\" srcset=\"https:\/\/cdm-okna.pl\/wp-content\/uploads\/2021\/12\/Ketrzyn_ratusz_01-1.jpeg 950w, https:\/\/cdm-okna.pl\/wp-content\/uploads\/2021\/12\/Ketrzyn_ratusz_01-1-300x200.jpeg 300w, https:\/\/cdm-okna.pl\/wp-content\/uploads\/2021\/12\/Ketrzyn_ratusz_01-1-768x512.jpeg 768w\" sizes=\"(max-width: 580px) 100vw, 580px\" \/>\t\t\t\t\t\t\t\t<\/a>\n\t\t\t\t\t\t\t\t\t\t\t\t\t\t\t<\/div>\n\t\t\t\t<\/div>\n\t\t\t\t<div class=\"elementor-element elementor-element-6436a41 elementor-widget elementor-widget-text-editor\" data-id=\"6436a41\" data-element_type=\"widget\" data-widget_type=\"text-editor.default\">\n\t\t\t\t<div class=\"elementor-widget-container\">\n\t\t\t\t\t\t\t<p><a href=\"\/en\/monuments-and-objects\/ketrzyn-the-town-hall\/\">K\u0118TRZYN \u2013 THE TOWN HALL<\/a><\/p>\t\t\t\t\t\t<\/div>\n\t\t\t\t<\/div>\n\t\t\t\t\t<\/div>\n\t\t<\/div>\n\t\t\t\t<div class=\"elementor-column elementor-col-25 elementor-inner-column elementor-element elementor-element-2dea889\" data-id=\"2dea889\" data-element_type=\"column\">\n\t\t\t<div class=\"elementor-widget-wrap elementor-element-populated\">\n\t\t\t\t\t\t\t\t<div class=\"elementor-element elementor-element-61ff837 elementor-widget elementor-widget-image\" data-id=\"61ff837\" data-element_type=\"widget\" data-widget_type=\"image.default\">\n\t\t\t\t<div class=\"elementor-widget-container\">\n\t\t\t\t\t\t\t\t\t\t\t\t\t\t\t\t<a href=\"\/en\/monuments-and-objects\/ketrzyn-the-county-office\/\">\n\t\t\t\t\t\t\t<img loading=\"lazy\" decoding=\"async\" width=\"580\" height=\"326\" src=\"https:\/\/cdm-okna.pl\/wp-content\/uploads\/2022\/06\/1-44-1024x576.jpg\" class=\"attachment-large size-large wp-image-8850\" alt=\"Starostwo w K\u0119trzynie \u2014 okaza\u0142y, zabytkowy budynek z czerwonej ceg\u0142y, z licznymi oknami, \u0142ukowymi wej\u015bciami i dekoracyjnymi wie\u017cyczkami na dachu. Przed budynkiem zaparkowane samochody, a wzd\u0142u\u017c chodnika ro\u015bnie rz\u0105d wysokich drzew iglastych. Na niebie cz\u0119\u015bciowe zachmurzenie z widocznymi przeja\u015bnieniami.\" srcset=\"https:\/\/cdm-okna.pl\/wp-content\/uploads\/2022\/06\/1-44-1024x576.jpg 1024w, https:\/\/cdm-okna.pl\/wp-content\/uploads\/2022\/06\/1-44-300x169.jpg 300w, https:\/\/cdm-okna.pl\/wp-content\/uploads\/2022\/06\/1-44-768x432.jpg 768w, https:\/\/cdm-okna.pl\/wp-content\/uploads\/2022\/06\/1-44-1536x864.jpg 1536w, https:\/\/cdm-okna.pl\/wp-content\/uploads\/2022\/06\/1-44-1200x675.jpg 1200w, https:\/\/cdm-okna.pl\/wp-content\/uploads\/2022\/06\/1-44.jpg 1920w\" sizes=\"(max-width: 580px) 100vw, 580px\" \/>\t\t\t\t\t\t\t\t<\/a>\n\t\t\t\t\t\t\t\t\t\t\t\t\t\t\t<\/div>\n\t\t\t\t<\/div>\n\t\t\t\t<div class=\"elementor-element elementor-element-7278bb7 elementor-widget elementor-widget-text-editor\" data-id=\"7278bb7\" data-element_type=\"widget\" data-widget_type=\"text-editor.default\">\n\t\t\t\t<div class=\"elementor-widget-container\">\n\t\t\t\t\t\t\t<p><a href=\"\/en\/monuments-and-objects\/ketrzyn-the-county-office\/\">K\u0118TRZYN \u2013 THE COUNTY OFFICE<\/a><\/p>\t\t\t\t\t\t<\/div>\n\t\t\t\t<\/div>\n\t\t\t\t\t<\/div>\n\t\t<\/div>\n\t\t\t\t<div class=\"elementor-column elementor-col-25 elementor-inner-column elementor-element elementor-element-1728350\" data-id=\"1728350\" data-element_type=\"column\">\n\t\t\t<div class=\"elementor-widget-wrap elementor-element-populated\">\n\t\t\t\t\t\t\t\t<div class=\"elementor-element elementor-element-29e10c8 elementor-widget elementor-widget-image\" data-id=\"29e10c8\" data-element_type=\"widget\" data-widget_type=\"image.default\">\n\t\t\t\t<div class=\"elementor-widget-container\">\n\t\t\t\t\t\t\t\t\t\t\t\t\t\t\t\t<a href=\"\/en\/monuments-and-objects\/sachaczew-kramnice\/\">\n\t\t\t\t\t\t\t<img loading=\"lazy\" decoding=\"async\" width=\"580\" height=\"386\" src=\"https:\/\/cdm-okna.pl\/wp-content\/uploads\/2021\/12\/sochaczew_01-1.jpeg\" class=\"attachment-large size-large wp-image-2835\" alt=\"Jasnoniebieski budynek z bia\u0142ymi akcentami i arkadami na parterze. Na fasadzie znajduje si\u0119 zegar, a przed budynkiem widoczne s\u0105 znaki przej\u015bcia dla pieszych i sygnalizacja \u015bwietlna.\" srcset=\"https:\/\/cdm-okna.pl\/wp-content\/uploads\/2021\/12\/sochaczew_01-1.jpeg 950w, https:\/\/cdm-okna.pl\/wp-content\/uploads\/2021\/12\/sochaczew_01-1-300x200.jpeg 300w, https:\/\/cdm-okna.pl\/wp-content\/uploads\/2021\/12\/sochaczew_01-1-768x512.jpeg 768w\" sizes=\"(max-width: 580px) 100vw, 580px\" \/>\t\t\t\t\t\t\t\t<\/a>\n\t\t\t\t\t\t\t\t\t\t\t\t\t\t\t<\/div>\n\t\t\t\t<\/div>\n\t\t\t\t<div class=\"elementor-element elementor-element-a14fb1a elementor-widget elementor-widget-text-editor\" data-id=\"a14fb1a\" data-element_type=\"widget\" data-widget_type=\"text-editor.default\">\n\t\t\t\t<div class=\"elementor-widget-container\">\n\t\t\t\t\t\t\t<p><a href=\"\/en\/monuments-and-objects\/sachaczew-kramnice\/\">SACHACZEW &#8211; KRAMNICE<\/a><\/p>\t\t\t\t\t\t<\/div>\n\t\t\t\t<\/div>\n\t\t\t\t\t<\/div>\n\t\t<\/div>\n\t\t\t\t\t\t\t<\/div>\n\t\t<\/section>\n\t\t\t\t<section class=\"elementor-section elementor-inner-section elementor-element elementor-element-02e2778 animated-slow elementor-section-boxed elementor-section-height-default elementor-section-height-default elementor-invisible\" data-id=\"02e2778\" data-element_type=\"section\" data-settings=\"{&quot;animation&quot;:&quot;fadeIn&quot;,&quot;animation_delay&quot;:800}\">\n\t\t\t\t\t\t<div class=\"elementor-container elementor-column-gap-default\">\n\t\t\t\t\t<div class=\"elementor-column elementor-col-25 elementor-inner-column elementor-element elementor-element-5b33bff\" data-id=\"5b33bff\" data-element_type=\"column\">\n\t\t\t<div class=\"elementor-widget-wrap elementor-element-populated\">\n\t\t\t\t\t\t\t\t<div class=\"elementor-element elementor-element-91c6d15 elementor-widget elementor-widget-image\" data-id=\"91c6d15\" data-element_type=\"widget\" data-widget_type=\"image.default\">\n\t\t\t\t<div class=\"elementor-widget-container\">\n\t\t\t\t\t\t\t\t\t\t\t\t\t\t\t\t<a href=\"\/en\/monuments-and-objects\/spala-the-water-tower\/\">\n\t\t\t\t\t\t\t<img loading=\"lazy\" decoding=\"async\" width=\"580\" height=\"580\" src=\"https:\/\/cdm-okna.pl\/wp-content\/uploads\/2022\/06\/1-2-1024x1024.jpg\" class=\"attachment-large size-large wp-image-8276\" alt=\"Wysoka, cylindryczna wie\u017ca ci\u015bnie\u0144 z ceg\u0142y, z bia\u0142\u0105 g\u00f3rn\u0105 cz\u0119\u015bci\u0105, otoczona drzewami; w pobli\u017cu budynek z czerwonym dachem, znaki drogowe, latarnia i parasole; w tle niebieskie niebo z chmurami.\" srcset=\"https:\/\/cdm-okna.pl\/wp-content\/uploads\/2022\/06\/1-2-1024x1024.jpg 1024w, https:\/\/cdm-okna.pl\/wp-content\/uploads\/2022\/06\/1-2-300x300.jpg 300w, https:\/\/cdm-okna.pl\/wp-content\/uploads\/2022\/06\/1-2-150x150.jpg 150w, https:\/\/cdm-okna.pl\/wp-content\/uploads\/2022\/06\/1-2-768x768.jpg 768w, https:\/\/cdm-okna.pl\/wp-content\/uploads\/2022\/06\/1-2-1536x1536.jpg 1536w, https:\/\/cdm-okna.pl\/wp-content\/uploads\/2022\/06\/1-2-2048x2048.jpg 2048w, https:\/\/cdm-okna.pl\/wp-content\/uploads\/2022\/06\/1-2-1200x1200.jpg 1200w, https:\/\/cdm-okna.pl\/wp-content\/uploads\/2022\/06\/1-2-1980x1980.jpg 1980w\" sizes=\"(max-width: 580px) 100vw, 580px\" \/>\t\t\t\t\t\t\t\t<\/a>\n\t\t\t\t\t\t\t\t\t\t\t\t\t\t\t<\/div>\n\t\t\t\t<\/div>\n\t\t\t\t<div class=\"elementor-element elementor-element-1a74a1f elementor-widget elementor-widget-text-editor\" data-id=\"1a74a1f\" data-element_type=\"widget\" data-widget_type=\"text-editor.default\">\n\t\t\t\t<div class=\"elementor-widget-container\">\n\t\t\t\t\t\t\t<p><a href=\"\/en\/monuments-and-objects\/spala-the-water-tower\/\">SPA\u0141A \u2013 THE WATER TOWER<\/a><\/p>\t\t\t\t\t\t<\/div>\n\t\t\t\t<\/div>\n\t\t\t\t\t<\/div>\n\t\t<\/div>\n\t\t\t\t<div class=\"elementor-column elementor-col-25 elementor-inner-column elementor-element elementor-element-3096132\" data-id=\"3096132\" data-element_type=\"column\">\n\t\t\t<div class=\"elementor-widget-wrap elementor-element-populated\">\n\t\t\t\t\t\t\t\t<div class=\"elementor-element elementor-element-521ad9c elementor-widget elementor-widget-image\" data-id=\"521ad9c\" data-element_type=\"widget\" data-widget_type=\"image.default\">\n\t\t\t\t<div class=\"elementor-widget-container\">\n\t\t\t\t\t\t\t\t\t\t\t\t\t\t\t\t<a href=\"\/en\/monuments-and-objects\/sulejowek-church-of-john-paul-ii\/\">\n\t\t\t\t\t\t\t<img loading=\"lazy\" decoding=\"async\" width=\"580\" height=\"386\" src=\"https:\/\/cdm-okna.pl\/wp-content\/uploads\/2021\/11\/sulejowek_01.jpeg\" class=\"attachment-large size-large wp-image-1182\" alt=\"Ko\u015bci\u00f3\u0142 b\u0142. Jana Paw\u0142a II w Sulej\u00f3wku \u2014 budynek z tr\u00f3jk\u0105tnym dachem zwie\u0144czonym krzy\u017cem, z du\u017cymi drewnianymi drzwiami wej\u015bciowymi, otoczony drzewami, na tle b\u0142\u0119kitnego nieba.\" srcset=\"https:\/\/cdm-okna.pl\/wp-content\/uploads\/2021\/11\/sulejowek_01.jpeg 950w, https:\/\/cdm-okna.pl\/wp-content\/uploads\/2021\/11\/sulejowek_01-300x200.jpeg 300w, https:\/\/cdm-okna.pl\/wp-content\/uploads\/2021\/11\/sulejowek_01-768x512.jpeg 768w\" sizes=\"(max-width: 580px) 100vw, 580px\" \/>\t\t\t\t\t\t\t\t<\/a>\n\t\t\t\t\t\t\t\t\t\t\t\t\t\t\t<\/div>\n\t\t\t\t<\/div>\n\t\t\t\t<div class=\"elementor-element elementor-element-ef2e02f elementor-widget elementor-widget-text-editor\" data-id=\"ef2e02f\" data-element_type=\"widget\" data-widget_type=\"text-editor.default\">\n\t\t\t\t<div class=\"elementor-widget-container\">\n\t\t\t\t\t\t\t<p><a href=\"\/en\/monuments-and-objects\/sulejowek-church-of-john-paul-ii\/\">SULEJ\u00d3WEK &#8211; CHURCH OF JOHN PAUL II<\/a><\/p>\t\t\t\t\t\t<\/div>\n\t\t\t\t<\/div>\n\t\t\t\t\t<\/div>\n\t\t<\/div>\n\t\t\t\t<div class=\"elementor-column elementor-col-25 elementor-inner-column elementor-element elementor-element-e34c295\" data-id=\"e34c295\" data-element_type=\"column\">\n\t\t\t<div class=\"elementor-widget-wrap elementor-element-populated\">\n\t\t\t\t\t\t\t\t<div class=\"elementor-element elementor-element-d4e000b elementor-widget elementor-widget-image\" data-id=\"d4e000b\" data-element_type=\"widget\" data-widget_type=\"image.default\">\n\t\t\t\t<div class=\"elementor-widget-container\">\n\t\t\t\t\t\t\t\t\t\t\t\t\t\t\t\t<a href=\"\/en\/monuments-and-objects\/suwalki-the-akwilon-hotel\/\">\n\t\t\t\t\t\t\t<img loading=\"lazy\" decoding=\"async\" width=\"580\" height=\"326\" src=\"https:\/\/cdm-okna.pl\/wp-content\/uploads\/2022\/06\/1-32-1024x576.jpg\" class=\"attachment-large size-large wp-image-8711\" alt=\"Budynek z jasn\u0105, \u017c\u00f3\u0142t\u0105 elewacj\u0105 i napisem \u201eHOTEL AKWILON\u201d, ze sko\u015bnym dachem, stolikami i krzes\u0142ami ustawionymi pod zielonymi parasolami \u201e\u017bywiec\u201d na brukowanym dziedzi\u0144cu, z donicami i drzewem po lewej stronie.\" srcset=\"https:\/\/cdm-okna.pl\/wp-content\/uploads\/2022\/06\/1-32-1024x576.jpg 1024w, https:\/\/cdm-okna.pl\/wp-content\/uploads\/2022\/06\/1-32-300x169.jpg 300w, https:\/\/cdm-okna.pl\/wp-content\/uploads\/2022\/06\/1-32-768x432.jpg 768w, https:\/\/cdm-okna.pl\/wp-content\/uploads\/2022\/06\/1-32-1536x864.jpg 1536w, https:\/\/cdm-okna.pl\/wp-content\/uploads\/2022\/06\/1-32-1200x675.jpg 1200w, https:\/\/cdm-okna.pl\/wp-content\/uploads\/2022\/06\/1-32.jpg 1920w\" sizes=\"(max-width: 580px) 100vw, 580px\" \/>\t\t\t\t\t\t\t\t<\/a>\n\t\t\t\t\t\t\t\t\t\t\t\t\t\t\t<\/div>\n\t\t\t\t<\/div>\n\t\t\t\t<div class=\"elementor-element elementor-element-bc1a0a0 elementor-widget elementor-widget-text-editor\" data-id=\"bc1a0a0\" data-element_type=\"widget\" data-widget_type=\"text-editor.default\">\n\t\t\t\t<div class=\"elementor-widget-container\">\n\t\t\t\t\t\t\t<p><a href=\"https:\/\/cdm-okna.pl\/en\/monuments-and-objects\/suwalki-the-akwilon-hotel\/\">SUWA\u0141KI \u2013 THE AKWILON HOTEL<\/a><\/p>\n\t\t\t\t\t\t<\/div>\n\t\t\t\t<\/div>\n\t\t\t\t\t<\/div>\n\t\t<\/div>\n\t\t\t\t<div class=\"elementor-column elementor-col-25 elementor-inner-column elementor-element elementor-element-4cc1d35\" data-id=\"4cc1d35\" data-element_type=\"column\">\n\t\t\t<div class=\"elementor-widget-wrap elementor-element-populated\">\n\t\t\t\t\t\t\t\t<div class=\"elementor-element elementor-element-501da35 elementor-widget elementor-widget-image\" data-id=\"501da35\" data-element_type=\"widget\" data-widget_type=\"image.default\">\n\t\t\t\t<div class=\"elementor-widget-container\">\n\t\t\t\t\t\t\t\t\t\t\t\t\t\t\t\t<a href=\"\/en\/monuments-and-objects\/warsaw-state-agricultural-bank\/\">\n\t\t\t\t\t\t\t<img loading=\"lazy\" decoding=\"async\" width=\"580\" height=\"386\" src=\"https:\/\/cdm-okna.pl\/wp-content\/uploads\/2021\/11\/Wawa_PBR_03.jpeg\" class=\"attachment-large size-large wp-image-1197\" alt=\"Zabytkowy budynek dawnego Pa\u0144stwowego Banku Rolnego w Warszawie z klasyczn\u0105 fasad\u0105, du\u017cymi \u0142ukowatymi oknami i kamiennymi kolumnami; przed budynkiem zaparkowane samochody.\" srcset=\"https:\/\/cdm-okna.pl\/wp-content\/uploads\/2021\/11\/Wawa_PBR_03.jpeg 950w, https:\/\/cdm-okna.pl\/wp-content\/uploads\/2021\/11\/Wawa_PBR_03-300x200.jpeg 300w, https:\/\/cdm-okna.pl\/wp-content\/uploads\/2021\/11\/Wawa_PBR_03-768x512.jpeg 768w\" sizes=\"(max-width: 580px) 100vw, 580px\" \/>\t\t\t\t\t\t\t\t<\/a>\n\t\t\t\t\t\t\t\t\t\t\t\t\t\t\t<\/div>\n\t\t\t\t<\/div>\n\t\t\t\t<div class=\"elementor-element elementor-element-881f64c elementor-widget elementor-widget-text-editor\" data-id=\"881f64c\" data-element_type=\"widget\" data-widget_type=\"text-editor.default\">\n\t\t\t\t<div class=\"elementor-widget-container\">\n\t\t\t\t\t\t\t<p><a href=\"https:\/\/cdm-okna.pl\/en\/monuments-and-objects\/warsaw-state-agricultural-bank\/\">WARSAW \u2013 STATE AGRICULTURAL BANK<\/a><\/p>\n\t\t\t\t\t\t<\/div>\n\t\t\t\t<\/div>\n\t\t\t\t\t<\/div>\n\t\t<\/div>\n\t\t\t\t\t\t\t<\/div>\n\t\t<\/section>\n\t\t\t\t<section class=\"elementor-section elementor-inner-section elementor-element elementor-element-5c4af8e animated-slow elementor-section-boxed elementor-section-height-default elementor-section-height-default elementor-invisible\" data-id=\"5c4af8e\" data-element_type=\"section\" data-settings=\"{&quot;animation&quot;:&quot;fadeIn&quot;,&quot;animation_delay&quot;:1000}\">\n\t\t\t\t\t\t<div class=\"elementor-container elementor-column-gap-default\">\n\t\t\t\t\t<div class=\"elementor-column elementor-col-25 elementor-inner-column elementor-element elementor-element-279727e\" data-id=\"279727e\" data-element_type=\"column\">\n\t\t\t<div class=\"elementor-widget-wrap elementor-element-populated\">\n\t\t\t\t\t\t\t\t<div class=\"elementor-element elementor-element-a1e92ec elementor-widget elementor-widget-image\" data-id=\"a1e92ec\" data-element_type=\"widget\" data-widget_type=\"image.default\">\n\t\t\t\t<div class=\"elementor-widget-container\">\n\t\t\t\t\t\t\t\t\t\t\t\t\t\t\t\t<a href=\"\/en\/monuments-and-objects\/wilanow-the-church-of-st-ann\/\">\n\t\t\t\t\t\t\t<img loading=\"lazy\" decoding=\"async\" width=\"580\" height=\"870\" src=\"https:\/\/cdm-okna.pl\/wp-content\/uploads\/2022\/06\/1-33-683x1024.jpg\" class=\"attachment-large size-large wp-image-8719\" alt=\"Ko\u015bci\u00f3\u0142 \u015bw. Anny w Wilanowie z bia\u0142\u0105 fasad\u0105, zielon\u0105 kopu\u0142\u0105 i klasycznymi detalami architektonicznymi. Otoczony drzewami i zadban\u0105 zieleni\u0105, z utwardzon\u0105 \u015bcie\u017ck\u0105 prowadz\u0105c\u0105 do wej\u015bcia.\" srcset=\"https:\/\/cdm-okna.pl\/wp-content\/uploads\/2022\/06\/1-33-683x1024.jpg 683w, https:\/\/cdm-okna.pl\/wp-content\/uploads\/2022\/06\/1-33-200x300.jpg 200w, https:\/\/cdm-okna.pl\/wp-content\/uploads\/2022\/06\/1-33-768x1152.jpg 768w, https:\/\/cdm-okna.pl\/wp-content\/uploads\/2022\/06\/1-33-1024x1536.jpg 1024w, https:\/\/cdm-okna.pl\/wp-content\/uploads\/2022\/06\/1-33-1365x2048.jpg 1365w, https:\/\/cdm-okna.pl\/wp-content\/uploads\/2022\/06\/1-33-1200x1800.jpg 1200w, https:\/\/cdm-okna.pl\/wp-content\/uploads\/2022\/06\/1-33-1980x2970.jpg 1980w, https:\/\/cdm-okna.pl\/wp-content\/uploads\/2022\/06\/1-33-scaled.jpg 1707w\" sizes=\"(max-width: 580px) 100vw, 580px\" \/>\t\t\t\t\t\t\t\t<\/a>\n\t\t\t\t\t\t\t\t\t\t\t\t\t\t\t<\/div>\n\t\t\t\t<\/div>\n\t\t\t\t<div class=\"elementor-element elementor-element-6e06f92 elementor-widget elementor-widget-text-editor\" data-id=\"6e06f92\" data-element_type=\"widget\" data-widget_type=\"text-editor.default\">\n\t\t\t\t<div class=\"elementor-widget-container\">\n\t\t\t\t\t\t\t<p><a href=\"https:\/\/cdm-okna.pl\/en\/monuments-and-objects\/wilanow-the-church-of-st-ann\/\">WILAN\u00d3W \u2013 THE CHURCH OF ST. ANN <\/a><\/p>\n\t\t\t\t\t\t<\/div>\n\t\t\t\t<\/div>\n\t\t\t\t\t<\/div>\n\t\t<\/div>\n\t\t\t\t<div class=\"elementor-column elementor-col-25 elementor-inner-column elementor-element elementor-element-430bfbe\" data-id=\"430bfbe\" data-element_type=\"column\">\n\t\t\t<div class=\"elementor-widget-wrap elementor-element-populated\">\n\t\t\t\t\t\t\t\t<div class=\"elementor-element elementor-element-9a829b1 elementor-widget elementor-widget-image\" data-id=\"9a829b1\" data-element_type=\"widget\" data-widget_type=\"image.default\">\n\t\t\t\t<div class=\"elementor-widget-container\">\n\t\t\t\t\t\t\t\t\t\t\t\t\t\t\t\t<a href=\"\/en\/monuments-and-objects\/warsaw-zabkowska\/\">\n\t\t\t\t\t\t\t<img loading=\"lazy\" decoding=\"async\" width=\"580\" height=\"326\" src=\"https:\/\/cdm-okna.pl\/wp-content\/uploads\/2022\/09\/1-3-1024x576.jpg\" class=\"attachment-large size-large wp-image-13896\" alt=\"Fasada wielopi\u0119trowego budynku o be\u017cowej elewacji z widocznymi przebarwieniami i \u015bladami zu\u017cycia; trzy kondygnacje z kilkoma oknami o bia\u0142ych ramach i podzia\u0142ach na mniejsze szyby; tradycyjny styl architektoniczny z dekoracyjnymi detalami wok\u00f3\u0142 okien i pod lini\u0105 dachu.\" srcset=\"https:\/\/cdm-okna.pl\/wp-content\/uploads\/2022\/09\/1-3-1024x576.jpg 1024w, https:\/\/cdm-okna.pl\/wp-content\/uploads\/2022\/09\/1-3-300x169.jpg 300w, https:\/\/cdm-okna.pl\/wp-content\/uploads\/2022\/09\/1-3-768x432.jpg 768w, https:\/\/cdm-okna.pl\/wp-content\/uploads\/2022\/09\/1-3-1536x864.jpg 1536w, https:\/\/cdm-okna.pl\/wp-content\/uploads\/2022\/09\/1-3-1200x675.jpg 1200w, https:\/\/cdm-okna.pl\/wp-content\/uploads\/2022\/09\/1-3.jpg 1920w\" sizes=\"(max-width: 580px) 100vw, 580px\" \/>\t\t\t\t\t\t\t\t<\/a>\n\t\t\t\t\t\t\t\t\t\t\t\t\t\t\t<\/div>\n\t\t\t\t<\/div>\n\t\t\t\t<div class=\"elementor-element elementor-element-76f60a2 elementor-widget elementor-widget-text-editor\" data-id=\"76f60a2\" data-element_type=\"widget\" data-widget_type=\"text-editor.default\">\n\t\t\t\t<div class=\"elementor-widget-container\">\n\t\t\t\t\t\t\t<p><a href=\"https:\/\/cdm-okna.pl\/en\/monuments-and-objects\/warsaw-zabkowska\/\">WARSAW \u2013 Z\u0104BKOWSKA<\/a><\/p>\n\t\t\t\t\t\t<\/div>\n\t\t\t\t<\/div>\n\t\t\t\t\t<\/div>\n\t\t<\/div>\n\t\t\t\t<div class=\"elementor-column elementor-col-25 elementor-inner-column elementor-element elementor-element-c8531b2\" data-id=\"c8531b2\" data-element_type=\"column\">\n\t\t\t<div class=\"elementor-widget-wrap elementor-element-populated\">\n\t\t\t\t\t\t\t\t<div class=\"elementor-element elementor-element-7b82714 elementor-widget elementor-widget-image\" data-id=\"7b82714\" data-element_type=\"widget\" data-widget_type=\"image.default\">\n\t\t\t\t<div class=\"elementor-widget-container\">\n\t\t\t\t\t\t\t\t\t\t\t\t\t\t\t\t<a href=\"\/en\/monuments-and-objects\/gizycko-secondary-school\/\">\n\t\t\t\t\t\t\t<img loading=\"lazy\" decoding=\"async\" width=\"580\" height=\"326\" src=\"https:\/\/cdm-okna.pl\/wp-content\/uploads\/2022\/06\/P6180004-1-1024x576.jpg\" class=\"attachment-large size-large wp-image-8265\" alt=\"Ceglany budynek z \u0142ukowatymi oknami i centralnym wej\u015bciem, nad kt\u00f3rym powiewa flaga; do drzwi prowadzi \u015bcie\u017cka otoczona przyci\u0119tymi \u017cywop\u0142otami, po bokach kt\u00f3rej stoj\u0105 dwa latarnie z kulistymi lampami.\" srcset=\"https:\/\/cdm-okna.pl\/wp-content\/uploads\/2022\/06\/P6180004-1-1024x576.jpg 1024w, https:\/\/cdm-okna.pl\/wp-content\/uploads\/2022\/06\/P6180004-1-300x169.jpg 300w, https:\/\/cdm-okna.pl\/wp-content\/uploads\/2022\/06\/P6180004-1-768x432.jpg 768w, https:\/\/cdm-okna.pl\/wp-content\/uploads\/2022\/06\/P6180004-1-1536x864.jpg 1536w, https:\/\/cdm-okna.pl\/wp-content\/uploads\/2022\/06\/P6180004-1-1200x675.jpg 1200w, https:\/\/cdm-okna.pl\/wp-content\/uploads\/2022\/06\/P6180004-1.jpg 1920w\" sizes=\"(max-width: 580px) 100vw, 580px\" \/>\t\t\t\t\t\t\t\t<\/a>\n\t\t\t\t\t\t\t\t\t\t\t\t\t\t\t<\/div>\n\t\t\t\t<\/div>\n\t\t\t\t<div class=\"elementor-element elementor-element-b628ee0 elementor-widget elementor-widget-text-editor\" data-id=\"b628ee0\" data-element_type=\"widget\" data-widget_type=\"text-editor.default\">\n\t\t\t\t<div class=\"elementor-widget-container\">\n\t\t\t\t\t\t\t<p><a href=\"https:\/\/cdm-okna.pl\/en\/monuments-and-objects\/gizycko-secondary-school\/\">GI\u017bYCKO \u2013 SECONDARY SCHOOL<\/a><\/p>\t\t\t\t\t\t<\/div>\n\t\t\t\t<\/div>\n\t\t\t\t\t<\/div>\n\t\t<\/div>\n\t\t\t\t<div class=\"elementor-column elementor-col-25 elementor-inner-column elementor-element elementor-element-1a52949\" data-id=\"1a52949\" data-element_type=\"column\">\n\t\t\t<div class=\"elementor-widget-wrap\">\n\t\t\t\t\t\t\t\t\t<\/div>\n\t\t<\/div>\n\t\t\t\t\t\t\t<\/div>\n\t\t<\/section>\n\t\t\t\t\t<\/div>\n\t\t<\/div>\n\t\t\t\t\t\t\t<\/div>\n\t\t<\/section>\n\t\t\t\t<section class=\"elementor-section elementor-top-section elementor-element elementor-element-b47c9e7 elementor-section-full_width elementor-section-height-default elementor-section-height-default\" data-id=\"b47c9e7\" data-element_type=\"section\">\n\t\t\t\t\t\t<div class=\"elementor-container elementor-column-gap-default\">\n\t\t\t\t\t<div class=\"elementor-column elementor-col-100 elementor-top-column elementor-element elementor-element-b354363\" data-id=\"b354363\" data-element_type=\"column\">\n\t\t\t<div class=\"elementor-widget-wrap elementor-element-populated\">\n\t\t\t\t\t\t\t\t<div class=\"elementor-element elementor-element-dc260fb elementor-widget elementor-widget-template\" data-id=\"dc260fb\" data-element_type=\"widget\" data-widget_type=\"template.default\">\n\t\t\t\t<div class=\"elementor-widget-container\">\n\t\t\t\t\t<div class=\"elementor-template\">\n\t\t\t\t\t<div data-elementor-type=\"section\" data-elementor-id=\"12335\" class=\"elementor elementor-12335 elementor-882\" data-elementor-post-type=\"elementor_library\">\n\t\t\t\t\t\t\t\t<section class=\"elementor-section elementor-top-section elementor-element elementor-element-44245a4 elementor-section-full_width elementor-section-stretched elementor-section-height-default elementor-section-height-default\" data-id=\"44245a4\" data-element_type=\"section\" data-settings=\"{&quot;background_background&quot;:&quot;classic&quot;,&quot;stretch_section&quot;:&quot;section-stretched&quot;}\">\n\t\t\t\t\t\t<div class=\"elementor-container elementor-column-gap-default\">\n\t\t\t\t\t<div class=\"elementor-column elementor-col-33 elementor-top-column elementor-element elementor-element-304e2864 elementor-hidden-mobile\" data-id=\"304e2864\" data-element_type=\"column\">\n\t\t\t<div class=\"elementor-widget-wrap elementor-element-populated\">\n\t\t\t\t\t\t\t\t<div class=\"elementor-element elementor-element-492e39bf elementor-widget elementor-widget-image\" data-id=\"492e39bf\" data-element_type=\"widget\" data-widget_type=\"image.default\">\n\t\t\t\t<div class=\"elementor-widget-container\">\n\t\t\t\t\t\t\t\t\t\t\t\t\t\t\t\t<a href=\"https:\/\/cdm-okna.pl\/en\/\">\n\t\t\t\t\t\t\t<img decoding=\"async\" src=\"https:\/\/cdm-okna.pl\/wp-content\/uploads\/2021\/11\/logo_CDM_2021W.svg\" title=\"logo_CDM_2021W\" alt=\"Bia\u0142e logo firmy CDM\" loading=\"lazy\" \/>\t\t\t\t\t\t\t\t<\/a>\n\t\t\t\t\t\t\t\t\t\t\t\t\t\t\t<\/div>\n\t\t\t\t<\/div>\n\t\t\t\t<div class=\"elementor-element elementor-element-594d4254 elementor-widget elementor-widget-text-editor\" data-id=\"594d4254\" data-element_type=\"widget\" data-widget_type=\"text-editor.default\">\n\t\t\t\t<div class=\"elementor-widget-container\">\n\t\t\t\t\t\t\t<p>We have been producing wooden doors and windows for over 20 years. We use modern technologies to make our wooden joinery of the highest quality. We execute orders that are typical and those that are extremely demanding. All that for the love of wood.<\/p><p>\u00a9 CDM Drewno.<br \/>All rights reserved<br \/><span style=\"color: #ffffff;\"><a style=\"color: #ffffff;\" href=\"https:\/\/cdm-okna.pl\/en\/privacy-policy\/\">Privacy policy<\/a><\/span><\/p>\t\t\t\t\t\t<\/div>\n\t\t\t\t<\/div>\n\t\t\t\t\t<\/div>\n\t\t<\/div>\n\t\t\t\t<div class=\"elementor-column elementor-col-33 elementor-top-column elementor-element elementor-element-f9a6141\" data-id=\"f9a6141\" data-element_type=\"column\">\n\t\t\t<div class=\"elementor-widget-wrap elementor-element-populated\">\n\t\t\t\t\t\t\t\t<div class=\"elementor-element elementor-element-29a27b5 elementor-widget elementor-widget-heading\" data-id=\"29a27b5\" data-element_type=\"widget\" data-widget_type=\"heading.default\">\n\t\t\t\t<div class=\"elementor-widget-container\">\n\t\t\t<h2 class=\"elementor-heading-title elementor-size-default\">Shortcuts<\/h2>\t\t<\/div>\n\t\t\t\t<\/div>\n\t\t\t\t<div class=\"elementor-element elementor-element-a40c20e elementor-nav-menu__text-align-aside elementor-widget elementor-widget-nav-menu\" data-id=\"a40c20e\" data-element_type=\"widget\" data-settings=\"{&quot;layout&quot;:&quot;dropdown&quot;,&quot;submenu_icon&quot;:{&quot;value&quot;:&quot;&lt;i class=\\&quot;fas fa-caret-down\\&quot;&gt;&lt;\\\/i&gt;&quot;,&quot;library&quot;:&quot;fa-solid&quot;}}\" data-widget_type=\"nav-menu.default\">\n\t\t\t\t<div class=\"elementor-widget-container\">\n\t\t\t\t\t\t<nav class=\"elementor-nav-menu--dropdown elementor-nav-menu__container\" aria-hidden=\"true\">\n\t\t\t\t<ul id=\"menu-2-a40c20e\" class=\"elementor-nav-menu\"><li class=\"menu-item menu-item-type-post_type menu-item-object-page menu-item-17152\"><a href=\"https:\/\/cdm-okna.pl\/smart-line\/\" class=\"elementor-item\" tabindex=\"-1\">SMART LINE<\/a><\/li>\n<li class=\"menu-item menu-item-type-post_type menu-item-object-page menu-item-864\"><a href=\"https:\/\/cdm-okna.pl\/okna_thermlight\/\" class=\"elementor-item\" tabindex=\"-1\">ThermlighT Windows<\/a><\/li>\n<li class=\"menu-item menu-item-type-post_type menu-item-object-page menu-item-1141\"><a href=\"https:\/\/cdm-okna.pl\/okna_drewniane\/\" class=\"elementor-item\" tabindex=\"-1\">Wooden windows<\/a><\/li>\n<li class=\"menu-item menu-item-type-post_type menu-item-object-page menu-item-17595\"><a href=\"https:\/\/cdm-okna.pl\/okna-drewniano-aluminiowe-slim-line\/\" class=\"elementor-item\" tabindex=\"-1\">SLIM-LINE wooden-aluminum windows<\/a><\/li>\n<li class=\"menu-item menu-item-type-post_type menu-item-object-page menu-item-1140\"><a href=\"https:\/\/cdm-okna.pl\/okna-drewniano-aluminiowe\/\" class=\"elementor-item\" tabindex=\"-1\">Wooden-aluminium windows<\/a><\/li>\n<li class=\"menu-item menu-item-type-post_type menu-item-object-page menu-item-17596\"><a href=\"https:\/\/cdm-okna.pl\/okna-skrzynkowe\/\" class=\"elementor-item\" tabindex=\"-1\">Box windows<\/a><\/li>\n<li class=\"menu-item menu-item-type-post_type menu-item-object-page menu-item-1139\"><a href=\"https:\/\/cdm-okna.pl\/okna_dzwiekoizolacyjne\/\" class=\"elementor-item\" tabindex=\"-1\">Soundproof windows<\/a><\/li>\n<li class=\"menu-item menu-item-type-post_type menu-item-object-page menu-item-1138\"><a href=\"https:\/\/cdm-okna.pl\/okna-przesuwane-i-skladane\/\" class=\"elementor-item\" tabindex=\"-1\">Sliding and folding windows<\/a><\/li>\n<li class=\"menu-item menu-item-type-post_type menu-item-object-page menu-item-1870\"><a href=\"https:\/\/cdm-okna.pl\/okna-angielskie\/\" class=\"elementor-item\" tabindex=\"-1\">English windows<\/a><\/li>\n<li class=\"menu-item menu-item-type-post_type menu-item-object-page menu-item-1855\"><a href=\"https:\/\/cdm-okna.pl\/drzwi\/\" class=\"elementor-item\" tabindex=\"-1\">Exterior doors<\/a><\/li>\n<\/ul>\t\t\t<\/nav>\n\t\t\t\t<\/div>\n\t\t\t\t<\/div>\n\t\t\t\t\t<\/div>\n\t\t<\/div>\n\t\t\t\t<div class=\"elementor-column elementor-col-33 elementor-top-column elementor-element elementor-element-4e3b19a4 footer_heading\" data-id=\"4e3b19a4\" data-element_type=\"column\">\n\t\t\t<div class=\"elementor-widget-wrap elementor-element-populated\">\n\t\t\t\t\t\t\t\t<div class=\"elementor-element elementor-element-7b3961ec elementor-widget elementor-widget-heading\" data-id=\"7b3961ec\" data-element_type=\"widget\" data-widget_type=\"heading.default\">\n\t\t\t\t<div class=\"elementor-widget-container\">\n\t\t\t<h3 class=\"elementor-heading-title elementor-size-default\">Contact<\/h3>\t\t<\/div>\n\t\t\t\t<\/div>\n\t\t\t\t<div class=\"elementor-element elementor-element-65f36579 elementor-align-left elementor-icon-list--layout-inline elementor-mobile-align-left elementor-list-item-link-full_width elementor-widget elementor-widget-icon-list\" data-id=\"65f36579\" data-element_type=\"widget\" data-widget_type=\"icon-list.default\">\n\t\t\t\t<div class=\"elementor-widget-container\">\n\t\t\t<link rel=\"stylesheet\" href=\"https:\/\/cdm-okna.pl\/wp-content\/plugins\/elementor\/assets\/css\/widget-icon-list.min.css\">\t\t<ul class=\"elementor-icon-list-items elementor-inline-items\">\n\t\t\t\t\t\t\t<li class=\"elementor-icon-list-item elementor-inline-item\">\n\t\t\t\t\t\t\t\t\t\t<span class=\"elementor-icon-list-text\">112A Wojska Polskiego Street<\/span>\n\t\t\t\t\t\t\t\t\t<\/li>\n\t\t\t\t\t\t\t\t<li class=\"elementor-icon-list-item elementor-inline-item\">\n\t\t\t\t\t\t\t\t\t\t<span class=\"elementor-icon-list-text\">Suwa\u0142ki, 16-400<\/span>\n\t\t\t\t\t\t\t\t\t<\/li>\n\t\t\t\t\t\t\t\t<li class=\"elementor-icon-list-item elementor-inline-item\">\n\t\t\t\t\t\t\t\t\t\t\t<a href=\"tel:+48875653645\">\n\n\t\t\t\t\t\t\t\t\t\t\t<span class=\"elementor-icon-list-text\">phone. +48 87 565 36 45<\/span>\n\t\t\t\t\t\t\t\t\t\t\t<\/a>\n\t\t\t\t\t\t\t\t\t<\/li>\n\t\t\t\t\t\t\t\t<li class=\"elementor-icon-list-item elementor-inline-item\">\n\t\t\t\t\t\t\t\t\t\t\t<a href=\"mailto:cdm@cdm-drewno.pl\">\n\n\t\t\t\t\t\t\t\t\t\t\t\t<span class=\"elementor-icon-list-icon\">\n\t\t\t\t\t\t\t<i aria-hidden=\"true\" class=\"fas fa-check\"><\/i>\t\t\t\t\t\t<\/span>\n\t\t\t\t\t\t\t\t\t\t<span class=\"elementor-icon-list-text\">cdm@cdm-drewno.pl<\/span>\n\t\t\t\t\t\t\t\t\t\t\t<\/a>\n\t\t\t\t\t\t\t\t\t<\/li>\n\t\t\t\t\t\t\t\t<li class=\"elementor-icon-list-item elementor-inline-item\">\n\t\t\t\t\t\t\t\t\t\t\t<a href=\"mailto:cdm@cdm-okna.pl\">\n\n\t\t\t\t\t\t\t\t\t\t\t\t<span class=\"elementor-icon-list-icon\">\n\t\t\t\t\t\t\t<i aria-hidden=\"true\" class=\"fas fa-check\"><\/i>\t\t\t\t\t\t<\/span>\n\t\t\t\t\t\t\t\t\t\t<span class=\"elementor-icon-list-text\">cdm@cdm-okna.pl<\/span>\n\t\t\t\t\t\t\t\t\t\t\t<\/a>\n\t\t\t\t\t\t\t\t\t<\/li>\n\t\t\t\t\t\t<\/ul>\n\t\t\t\t<\/div>\n\t\t\t\t<\/div>\n\t\t\t\t<div class=\"elementor-element elementor-element-60fcc7d e-grid-align-left e-grid-align-mobile-center elementor-shape-circle elementor-grid-0 elementor-widget elementor-widget-social-icons\" data-id=\"60fcc7d\" data-element_type=\"widget\" data-widget_type=\"social-icons.default\">\n\t\t\t\t<div class=\"elementor-widget-container\">\n\t\t\t<style>\/*! elementor - v3.18.0 - 20-12-2023 *\/\n.elementor-widget-social-icons.elementor-grid-0 .elementor-widget-container,.elementor-widget-social-icons.elementor-grid-mobile-0 .elementor-widget-container,.elementor-widget-social-icons.elementor-grid-tablet-0 .elementor-widget-container{line-height:1;font-size:0}.elementor-widget-social-icons:not(.elementor-grid-0):not(.elementor-grid-tablet-0):not(.elementor-grid-mobile-0) .elementor-grid{display:inline-grid}.elementor-widget-social-icons .elementor-grid{grid-column-gap:var(--grid-column-gap,5px);grid-row-gap:var(--grid-row-gap,5px);grid-template-columns:var(--grid-template-columns);justify-content:var(--justify-content,center);justify-items:var(--justify-content,center)}.elementor-icon.elementor-social-icon{font-size:var(--icon-size,25px);line-height:var(--icon-size,25px);width:calc(var(--icon-size, 25px) + 2 * var(--icon-padding, .5em));height:calc(var(--icon-size, 25px) + 2 * var(--icon-padding, .5em))}.elementor-social-icon{--e-social-icon-icon-color:#fff;display:inline-flex;background-color:#69727d;align-items:center;justify-content:center;text-align:center;cursor:pointer}.elementor-social-icon i{color:var(--e-social-icon-icon-color)}.elementor-social-icon svg{fill:var(--e-social-icon-icon-color)}.elementor-social-icon:last-child{margin:0}.elementor-social-icon:hover{opacity:.9;color:#fff}.elementor-social-icon-android{background-color:#a4c639}.elementor-social-icon-apple{background-color:#999}.elementor-social-icon-behance{background-color:#1769ff}.elementor-social-icon-bitbucket{background-color:#205081}.elementor-social-icon-codepen{background-color:#000}.elementor-social-icon-delicious{background-color:#39f}.elementor-social-icon-deviantart{background-color:#05cc47}.elementor-social-icon-digg{background-color:#005be2}.elementor-social-icon-dribbble{background-color:#ea4c89}.elementor-social-icon-elementor{background-color:#d30c5c}.elementor-social-icon-envelope{background-color:#ea4335}.elementor-social-icon-facebook,.elementor-social-icon-facebook-f{background-color:#3b5998}.elementor-social-icon-flickr{background-color:#0063dc}.elementor-social-icon-foursquare{background-color:#2d5be3}.elementor-social-icon-free-code-camp,.elementor-social-icon-freecodecamp{background-color:#006400}.elementor-social-icon-github{background-color:#333}.elementor-social-icon-gitlab{background-color:#e24329}.elementor-social-icon-globe{background-color:#69727d}.elementor-social-icon-google-plus,.elementor-social-icon-google-plus-g{background-color:#dd4b39}.elementor-social-icon-houzz{background-color:#7ac142}.elementor-social-icon-instagram{background-color:#262626}.elementor-social-icon-jsfiddle{background-color:#487aa2}.elementor-social-icon-link{background-color:#818a91}.elementor-social-icon-linkedin,.elementor-social-icon-linkedin-in{background-color:#0077b5}.elementor-social-icon-medium{background-color:#00ab6b}.elementor-social-icon-meetup{background-color:#ec1c40}.elementor-social-icon-mixcloud{background-color:#273a4b}.elementor-social-icon-odnoklassniki{background-color:#f4731c}.elementor-social-icon-pinterest{background-color:#bd081c}.elementor-social-icon-product-hunt{background-color:#da552f}.elementor-social-icon-reddit{background-color:#ff4500}.elementor-social-icon-rss{background-color:#f26522}.elementor-social-icon-shopping-cart{background-color:#4caf50}.elementor-social-icon-skype{background-color:#00aff0}.elementor-social-icon-slideshare{background-color:#0077b5}.elementor-social-icon-snapchat{background-color:#fffc00}.elementor-social-icon-soundcloud{background-color:#f80}.elementor-social-icon-spotify{background-color:#2ebd59}.elementor-social-icon-stack-overflow{background-color:#fe7a15}.elementor-social-icon-steam{background-color:#00adee}.elementor-social-icon-stumbleupon{background-color:#eb4924}.elementor-social-icon-telegram{background-color:#2ca5e0}.elementor-social-icon-thumb-tack{background-color:#1aa1d8}.elementor-social-icon-tripadvisor{background-color:#589442}.elementor-social-icon-tumblr{background-color:#35465c}.elementor-social-icon-twitch{background-color:#6441a5}.elementor-social-icon-twitter{background-color:#1da1f2}.elementor-social-icon-viber{background-color:#665cac}.elementor-social-icon-vimeo{background-color:#1ab7ea}.elementor-social-icon-vk{background-color:#45668e}.elementor-social-icon-weibo{background-color:#dd2430}.elementor-social-icon-weixin{background-color:#31a918}.elementor-social-icon-whatsapp{background-color:#25d366}.elementor-social-icon-wordpress{background-color:#21759b}.elementor-social-icon-xing{background-color:#026466}.elementor-social-icon-yelp{background-color:#af0606}.elementor-social-icon-youtube{background-color:#cd201f}.elementor-social-icon-500px{background-color:#0099e5}.elementor-shape-rounded .elementor-icon.elementor-social-icon{border-radius:10%}.elementor-shape-circle .elementor-icon.elementor-social-icon{border-radius:50%}<\/style>\t\t<div class=\"elementor-social-icons-wrapper elementor-grid\">\n\t\t\t\t\t\t\t<span class=\"elementor-grid-item\">\n\t\t\t\t\t<a class=\"elementor-icon elementor-social-icon elementor-social-icon-facebook-f elementor-repeater-item-0267196\" href=\"https:\/\/www.facebook.com\/cdmproducentokienidrzwi\/\" target=\"_blank\">\n\t\t\t\t\t\t<span class=\"elementor-screen-only\">Facebook-f<\/span>\n\t\t\t\t\t\t<i class=\"fab fa-facebook-f\"><\/i>\t\t\t\t\t<\/a>\n\t\t\t\t<\/span>\n\t\t\t\t\t<\/div>\n\t\t\t\t<\/div>\n\t\t\t\t<\/div>\n\t\t\t\t\t<\/div>\n\t\t<\/div>\n\t\t\t\t\t\t\t<\/div>\n\t\t<\/section>\n\t\t\t\t\t\t<\/div>\n\t\t\t\t<\/div>\n\t\t\t\t<\/div>\n\t\t\t\t<\/div>\n\t\t\t\t\t<\/div>\n\t\t<\/div>\n\t\t\t\t\t\t\t<\/div>\n\t\t<\/section>\n\t\t\t\t\t\t\t<\/div>\n\t\t","protected":false},"excerpt":{"rendered":"<p>Monuments and religious buildings https:\/\/cdm-okna.pl\/wp-content\/uploads\/2022\/10\/Serock-Dom-Picassa_zmiaana.mp4https:\/\/cdm-okna.pl\/wp-content\/uploads\/2022\/10\/Pensjonat-Abrama-Gurewicza-w-Otwocku_zmiana.mp4 PALACE IN TRZEBIECH\u00d3W WARSAW \u2013 THE PALACE OF CULTURE AND SCIENCE SANNIKI \u2013 THE PALACE OTWOCK \u2013 THE GUREWICZ SANATORIUM K\u0118TRZYN \u2013 THE COMMUNITY CENTRE CIECHOCINEK \u2013 THE TARGON HOTEL FRANCE BIA\u0141YSTOK \u2013 THE BECKER PALACE K\u0118TRZYN \u2013 THE MASON LODGE K\u0118TRZYN \u2013 THE TOWN HALL K\u0118TRZYN \u2013 THE COUNTY [&hellip;]<\/p>\n","protected":false},"author":4,"featured_media":0,"parent":0,"menu_order":0,"comment_status":"closed","ping_status":"closed","template":"elementor_canvas","meta":{"_acf_changed":false,"footnotes":""},"class_list":["post-16100","page","type-page","status-publish","hentry"],"acf":[],"_links":{"self":[{"href":"https:\/\/cdm-okna.pl\/en\/wp-json\/wp\/v2\/pages\/16100","targetHints":{"allow":["GET"]}}],"collection":[{"href":"https:\/\/cdm-okna.pl\/en\/wp-json\/wp\/v2\/pages"}],"about":[{"href":"https:\/\/cdm-okna.pl\/en\/wp-json\/wp\/v2\/types\/page"}],"author":[{"embeddable":true,"href":"https:\/\/cdm-okna.pl\/en\/wp-json\/wp\/v2\/users\/4"}],"replies":[{"embeddable":true,"href":"https:\/\/cdm-okna.pl\/en\/wp-json\/wp\/v2\/comments?post=16100"}],"version-history":[{"count":12,"href":"https:\/\/cdm-okna.pl\/en\/wp-json\/wp\/v2\/pages\/16100\/revisions"}],"predecessor-version":[{"id":18141,"href":"https:\/\/cdm-okna.pl\/en\/wp-json\/wp\/v2\/pages\/16100\/revisions\/18141"}],"wp:attachment":[{"href":"https:\/\/cdm-okna.pl\/en\/wp-json\/wp\/v2\/media?parent=16100"}],"curies":[{"name":"wp","href":"https:\/\/api.w.org\/{rel}","templated":true}]}}